{"id":63752,"date":"2025-07-17T13:32:58","date_gmt":"2025-07-17T11:32:58","guid":{"rendered":"https:\/\/www.anika-net.de\/event\/folkloria-2025\/"},"modified":"2025-07-17T13:33:00","modified_gmt":"2025-07-17T11:33:00","slug":"folkloria-2025","status":"publish","type":"event","link":"https:\/\/www.anika-net.de\/pl\/event\/folkloria-2025\/","title":{"rendered":"FOLKLORIA 2025"},"content":{"rendered":"<p data-start=\"62\" data-end=\"244\">Folk\u00adlo\u00adria 2025 \u2014 od <strong data-start=\"67\" data-end=\"95\">12 do 14 wrze\u00ad\u015bnia<\/strong> sto\u00adwa\u00adrzy\u00adsze\u00adnie kul\u00adtu\u00adral\u00adne <strong data-start=\"122\" data-end=\"140\">wirk\u00adstatt e.V.<\/strong> ponow\u00adnie powi\u00adta odwie\u00addza\u00adj\u0105\u00adcych w <strong data-start=\"177\" data-end=\"204\">\u201c\u015awie\u00adcie folk\u00adlo\u00adru\u201d<\/strong> w samym <strong data-start=\"221\" data-end=\"243\">cen\u00adtrum Karls\u00adru\u00adhe<\/strong>.<\/p>\n<p data-start=\"246\" data-end=\"540\">Na pi\u0119k\u00adnie o\u015bwie\u00adtlo\u00adnych sce\u00adnach do ta\u0144\u00adca, muzy\u00adki i inte\u00adrak\u00adtyw\u00adnych do\u015bwiad\u00adcze\u0144 publicz\u00adno\u015b\u0107 mo\u017ce spo\u00addzie\u00adwa\u0107 si\u0119 <strong data-start=\"354\" data-end=\"382\">r\u00f3\u017c\u00adno\u00adrod\u00adne\u00adgo pro\u00adgra\u00admu festi\u00adwa\u00adlo\u00adwe\u00adgo<\/strong> z udzia\u00ad\u0142em ponad <strong data-start=\"403\" data-end=\"435\">20 grup tanecz\u00adnych i folk\u00adlo\u00adry\u00adstycz\u00adnych<\/strong> z ca\u0142ej Euro\u00adpy \u2014 w tym Alba\u00adnii, Arme\u00adnii, Ukra\u00adiny, Bu\u0142\u00adga\u00adrii, Rumu\u00adnii, Sycy\u00adlii, Fran\u00adcji i Serbii.<\/p>\n<p data-start=\"542\" data-end=\"640\"><strong data-start=\"545\" data-end=\"589\">Nie\u00adza\u00adpo\u00admnia\u00adne, mi\u0119\u00addzy\u00adkul\u00adtu\u00adro\u00adwe do\u015bwiad\u00adcze\u00adnie<\/strong> po\u0142\u0105\u00adczo\u00adne wsp\u00f3l\u00adn\u0105 pasj\u0105 do ta\u0144\u00adca i folkloru.<\/p>\n<p>Prze\u00ad\u017cyj eks\u00adcy\u00adtu\u00adj\u0105\u00adce wyst\u0119\u00adpy, warsz\u00adta\u00adty tanecz\u00adne i skosz\u00adtuj mi\u0119\u00addzy\u00adna\u00adro\u00addo\u00adwych przy\u00adsma\u00adk\u00f3w pod\u00adczas trzech festi\u00adwa\u00adlo\u00adwych&nbsp;dni.<\/p>\n\n<p>\ud83d\udcc6 <strong>12 \u2014 14 wrze\u00ad\u015bnia 2025&nbsp;r.<\/strong><\/p>\n\n<p>\ud83d\udccd Frie\u00addrich\u00adsplatz, Erb\u00adprin\u00adzen\u00adstra\u00df , 76133 Karls\u00adru\u00adhe, Niemcy<\/p>\n\n<p>\ud83d\udcce<strong><a href=\"https:\/\/folkloria.de\/\" rel=\"noopener\">Pro\u00adgram<\/a><\/strong><\/p>\n","protected":false},"author":12,"featured_media":63740,"template":"","class_list":["post-63752","event","type-event","status-publish","has-post-thumbnail","hentry","event_category-rekreacja"],"acf":{"event-recurring":false,"event-category":184,"event-is-language-course":false,"event-recurring-still-active":true,"event-display-details":true,"event-schedules-recurring":null,"event-schedules-calendar":[{"event-calendar-day":"20250912","event-calendar-time":"","event-calendar-time-text":"Ganztags"},{"event-calendar-day":"20250913","event-calendar-time":"","event-calendar-time-text":"Ganztags"},{"event-calendar-day":"20250914","event-calendar-time":"","event-calendar-time-text":""}],"event-is-online":false,"event-online-url":"","event-location-building":"Friedrichsplatz","event-location-street":"Erbprinzenstra\u00dfe","event-location-zip":"76133","event-location-city":"Karlsruhe","event-location-contact-person":"","event-location-phone":"0721378075","event-location-phone-2":"","event-location-mail":"buero@wirkstatt.com","event-location-mail-2":"","event-location-website":"https:\/\/wirkstatt.com\/","event-target-group":[{"target-group":"all"}],"event-target-group-comment":"","event-free":true,"event-organiser":[26036],"event-header-copyright-overlay":true,"event-copyright-note-description-end":false},"featured_image_urls_v2":{"full":["https:\/\/www.anika-net.de\/wp-content\/uploads\/2022\/08\/Wayra.png",1099,530,false],"thumbnail":["https:\/\/www.anika-net.de\/wp-content\/uploads\/2022\/08\/Wayra-150x150.png",150,150,true],"medium":["https:\/\/www.anika-net.de\/wp-content\/uploads\/2022\/08\/Wayra-300x145.png",300,145,true],"medium_large":["https:\/\/www.anika-net.de\/wp-content\/uploads\/2022\/08\/Wayra-768x370.png",640,308,true],"large":["https:\/\/www.anika-net.de\/wp-content\/uploads\/2022\/08\/Wayra-1024x494.png",640,309,true],"1536x1536":["https:\/\/www.anika-net.de\/wp-content\/uploads\/2022\/08\/Wayra.png",1099,530,false],"2048x2048":["https:\/\/www.anika-net.de\/wp-content\/uploads\/2022\/08\/Wayra.png",1099,530,false],"event-overview":["https:\/\/www.anika-net.de\/wp-content\/uploads\/2022\/08\/Wayra-960x530.png",960,530,true],"event-archive-thumb":["https:\/\/www.anika-net.de\/wp-content\/uploads\/2022\/08\/Wayra-480x231.png",480,231,true],"grid-item-thumbnail":["https:\/\/www.anika-net.de\/wp-content\/uploads\/2022\/08\/Wayra-360x200.png",360,200,true],"network-partner-icon":["https:\/\/www.anika-net.de\/wp-content\/uploads\/2022\/08\/Wayra-100x100.png",100,100,true],"organiser-icon":["https:\/\/www.anika-net.de\/wp-content\/uploads\/2022\/08\/Wayra-200x200.png",200,200,true],"gform-image-choice-sm":["https:\/\/www.anika-net.de\/wp-content\/uploads\/2022\/08\/Wayra.png",300,145,false],"gform-image-choice-md":["https:\/\/www.anika-net.de\/wp-content\/uploads\/2022\/08\/Wayra.png",400,193,false],"gform-image-choice-lg":["https:\/\/www.anika-net.de\/wp-content\/uploads\/2022\/08\/Wayra.png",600,289,false]},"post_excerpt_stackable_v2":"<p>Folk\u00adlo\u00adria 2025 \u2014 od 12 do 14 wrze\u00ad\u015bnia sto\u00adwa\u00adrzy\u00adsze\u00adnie kul\u00adtu\u00adral\u00adne wirk\u00adstatt e.V. ponow\u00adnie powi\u00adta odwie\u00addza\u00adj\u0105\u00adcych w \u201c\u015awie\u00adcie folk\u00adlo\u00adru\u201d w samym cen\u00adtrum Karls\u00adru\u00adhe. Na pi\u0119k\u00adnie o\u015bwie\u00adtlo\u00adnych sce\u00adnach do ta\u0144\u00adca, muzy\u00adki i inte\u00adrak\u00adtyw\u00adnych do\u015bwiad\u00adcze\u0144 publicz\u00adno\u015b\u0107 mo\u017ce spo\u00addzie\u00adwa\u0107 si\u0119 r\u00f3\u017c\u00adno\u00adrod\u00adne\u00adgo pro\u00adgra\u00admu festi\u00adwa\u00adlo\u00adwe\u00adgo z udzia\u00ad\u0142em ponad 20 grup tanecz\u00adnych i folk\u00adlo\u00adry\u00adstycz\u00adnych z ca\u0142ej Euro\u00adpy \u2014 w tym Alba\u00adnii, Arme\u00adnii, Ukra\u00adiny, Bu\u0142\u00adga\u00adrii, Rumu\u00adnii, Sycy\u00adlii, Fran\u00adcji i Ser\u00adbii. Nie\u00adza\u00adpo\u00admnia\u00adne, mi\u0119\u00addzy\u00adkul\u00adtu\u00adro\u00adwe do\u015bwiad\u00adcze\u00adnie po\u0142\u0105\u00adczo\u00adne wsp\u00f3l\u00adn\u0105 pasj\u0105 do ta\u0144\u00adca i folk\u00adlo\u00adru. Prze\u00ad\u017cyj eks\u00adcy\u00adtu\u00adj\u0105\u00adce wyst\u0119\u00adpy, warsz\u00adta\u00adty tanecz\u00adne i skosz\u00adtuj mi\u0119\u00addzy\u00adna\u00adro\u00addo\u00adwych przy\u00adsma\u00adk\u00f3w pod\u00adczas trzech festi\u00adwa\u00adlo\u00adwych&nbsp;dni. \ud83d\udcc6 12 \u2014 14 wrze\u00ad\u015bnia 2025&nbsp;r. \ud83d\udccd Frie\u00addrich\u00adsplatz, Erb\u00adprin\u00adzen\u00adstra\u00df , 76133 Karls\u00adru\u00adhe, Niem\u00adcy \ud83d\udccePro\u00adgram<\/p>\n","category_list_v2":"","author_info_v2":{"name":"Andrea Ramirez","url":"https:\/\/www.anika-net.de\/pl\/author\/andrea-ramirez\/"},"comments_num_v2":"0 comments","uagb_featured_image_src":{"full":["https:\/\/www.anika-net.de\/wp-content\/uploads\/2022\/08\/Wayra.png",1099,530,false],"thumbnail":["https:\/\/www.anika-net.de\/wp-content\/uploads\/2022\/08\/Wayra-150x150.png",150,150,true],"medium":["https:\/\/www.anika-net.de\/wp-content\/uploads\/2022\/08\/Wayra-300x145.png",300,145,true],"medium_large":["https:\/\/www.anika-net.de\/wp-content\/uploads\/2022\/08\/Wayra-768x370.png",640,308,true],"large":["https:\/\/www.anika-net.de\/wp-content\/uploads\/2022\/08\/Wayra-1024x494.png",640,309,true],"1536x1536":["https:\/\/www.anika-net.de\/wp-content\/uploads\/2022\/08\/Wayra.png",1099,530,false],"2048x2048":["https:\/\/www.anika-net.de\/wp-content\/uploads\/2022\/08\/Wayra.png",1099,530,false],"event-overview":["https:\/\/www.anika-net.de\/wp-content\/uploads\/2022\/08\/Wayra-960x530.png",960,530,true],"event-archive-thumb":["https:\/\/www.anika-net.de\/wp-content\/uploads\/2022\/08\/Wayra-480x231.png",480,231,true],"grid-item-thumbnail":["https:\/\/www.anika-net.de\/wp-content\/uploads\/2022\/08\/Wayra-360x200.png",360,200,true],"network-partner-icon":["https:\/\/www.anika-net.de\/wp-content\/uploads\/2022\/08\/Wayra-100x100.png",100,100,true],"organiser-icon":["https:\/\/www.anika-net.de\/wp-content\/uploads\/2022\/08\/Wayra-200x200.png",200,200,true],"gform-image-choice-sm":["https:\/\/www.anika-net.de\/wp-content\/uploads\/2022\/08\/Wayra.png",300,145,false],"gform-image-choice-md":["https:\/\/www.anika-net.de\/wp-content\/uploads\/2022\/08\/Wayra.png",400,193,false],"gform-image-choice-lg":["https:\/\/www.anika-net.de\/wp-content\/uploads\/2022\/08\/Wayra.png",600,289,false]},"uagb_author_info":{"display_name":"Andrea Ramirez","author_link":"https:\/\/www.anika-net.de\/pl\/author\/andrea-ramirez\/"},"uagb_comment_info":0,"uagb_excerpt":"Folk\u00adlo\u00adria 2025 \u2014 od 12 do 14 wrze\u00ad\u015bnia sto\u00adwa\u00adrzy\u00adsze\u00adnie kul\u00adtu\u00adral\u00adne wirk\u00adstatt e.V. ponow\u00adnie powi\u00adta odwie\u00addza\u00adj\u0105\u00adcych w \u201c\u015awie\u00adcie folk\u00adlo\u00adru\u201d w samym cen\u00adtrum Karls\u00adru\u00adhe. Na pi\u0119k\u00adnie o\u015bwie\u00adtlo\u00adnych sce\u00adnach do ta\u0144\u00adca, muzy\u00adki i&nbsp;czytaj wi\u0119cej","_links":{"self":[{"href":"https:\/\/www.anika-net.de\/pl\/wp-json\/wp\/v2\/event\/63752","targetHints":{"allow":["GET"]}}],"collection":[{"href":"https:\/\/www.anika-net.de\/pl\/wp-json\/wp\/v2\/event"}],"about":[{"href":"https:\/\/www.anika-net.de\/pl\/wp-json\/wp\/v2\/types\/event"}],"author":[{"embeddable":true,"href":"https:\/\/www.anika-net.de\/pl\/wp-json\/wp\/v2\/users\/12"}],"version-history":[{"count":1,"href":"https:\/\/www.anika-net.de\/pl\/wp-json\/wp\/v2\/event\/63752\/revisions"}],"predecessor-version":[{"id":63753,"href":"https:\/\/www.anika-net.de\/pl\/wp-json\/wp\/v2\/event\/63752\/revisions\/63753"}],"acf:post":[{"embeddable":true,"href":"https:\/\/www.anika-net.de\/pl\/wp-json\/wp\/v2\/organiser\/26036"}],"acf:term":[{"embeddable":true,"taxonomy":"event_category","href":"https:\/\/www.anika-net.de\/pl\/wp-json\/wp\/v2\/event_category\/184"}],"wp:featuredmedia":[{"embeddable":true,"href":"https:\/\/www.anika-net.de\/pl\/wp-json\/wp\/v2\/media\/63740"}],"wp:attachment":[{"href":"https:\/\/www.anika-net.de\/pl\/wp-json\/wp\/v2\/media?parent=63752"}],"curies":[{"name":"wp","href":"https:\/\/api.w.org\/{rel}","templated":true}]}}