{"id":62853,"date":"2025-06-25T11:45:45","date_gmt":"2025-06-25T09:45:45","guid":{"rendered":"https:\/\/www.anika-net.de\/event\/mentoring-w-karlsruhe-uzyskaj-wsparcie-ucz-sie-nawiazuj-kontakty\/"},"modified":"2025-06-25T11:45:45","modified_gmt":"2025-06-25T09:45:45","slug":"mentoring-w-karlsruhe-uzyskaj-wsparcie-ucz-sie-nawiazuj-kontakty","status":"publish","type":"event","link":"https:\/\/www.anika-net.de\/pl\/event\/mentoring-w-karlsruhe-uzyskaj-wsparcie-ucz-sie-nawiazuj-kontakty\/","title":{"rendered":"Men\u00adto\u00adring w Karls\u00adru\u00adhe \u2014 Uzy\u00adskaj wspar\u00adcie, ucz si\u0119, nawi\u0105\u00adzuj kontakty"},"content":{"rendered":"<blockquote>\n<h3><em><span style=\"color: #666699;\">Szu\u00adkasz wska\u00adz\u00f3\u00adwek, wspar\u00adcia lub kogo\u015b, kto pomo\u00ad\u017ce Ci odna\u00adle\u017a\u0107 si\u0119 w Karlsruhe?<\/span><\/em><\/h3>\n<\/blockquote>\n<h1><span style=\"color: #ffcc00;\">Men\u00adto\u00adring w Karls\u00adru\u00adhe <span style=\"color: #008080;\">- Uzy\u00adskaj wspar\u00adcie, ucz si\u0119, nawi\u0105\u00adzuj kontakty<\/span><\/span><\/h1>\n<h3 data-start=\"295\" data-end=\"337\">Pomoc w zado\u00admo\u00adwie\u00adniu si\u0119, nauce i rozwoju<\/h3>\n<p data-start=\"339\" data-end=\"539\">Czy jeste\u015b nowy w Karls\u00adru\u00adhe i szu\u00adkasz wspar\u00adcia, wska\u00adz\u00f3\u00adwek lub po\u0142\u0105\u00adcze\u00adnia?<br data-start=\"413\" data-end=\"416\"><strong>Pro\u00adgra\u00admy<\/strong> men\u00adtor\u00adskie mog\u0105 pom\u00f3c Ci poczu\u0107 si\u0119 jak w domu, nauczy\u0107 si\u0119 j\u0119zy\u00adka, budo\u00adwa\u0107 przy\u00adja\u017a\u00adnie i roz\u00adwi\u00adja\u0107 si\u0119 zawo\u00addo\u00adwo lub osobi\u015bcie.<\/p>\n<p data-start=\"541\" data-end=\"737\">Na tej stro\u00adnie znaj\u00addziesz prze\u00adgl\u0105d ini\u00adcja\u00adtyw men\u00adtor\u00adskich ofe\u00adro\u00adwa\u00adnych przez r\u00f3\u017c\u00adne orga\u00adni\u00adza\u00adcje w Karls\u00adru\u00adhe \u2014 dla stu\u00adden\u00adt\u00f3w, nowo\u00adprzy\u00adby\u00ad\u0142ych, migran\u00adt\u00f3w i ka\u017c\u00adde\u00adgo, kto chce wspie\u00adra\u0107 lub by\u0107 wspieranym.<\/p>\n<h2 data-start=\"541\" data-end=\"737\"><span style=\"color: #666699;\"><strong>Pro\u00adgra\u00admy men\u00adtor\u00adskie<\/strong> <span style=\"color: #008080;\"><strong>w Karls\u00adru\u00adhe<\/strong><\/span><\/span><\/h2>\n<h3 data-start=\"164\" data-end=\"219\"><strong data-start=\"168\" data-end=\"219\">\ud83d\udcd8 <span style=\"color: #008080;\">Indy\u00adwi\u00addu\u00adal\u00adne wspar\u00adcie w nauce j\u0119zy\u00adka niemieckiego<\/span><\/strong><\/h3>\n<ul>\n<li data-start=\"223\" data-end=\"310\"><strong data-start=\"223\" data-end=\"240\">Dla kogo:<\/strong> Oso\u00adby, kt\u00f3\u00adre maj\u0105 trud\u00adno\u00ad\u015bci z efek\u00adtyw\u00adn\u0105 nauk\u0105 na stan\u00addar\u00addo\u00adwych kur\u00adsach j\u0119zykowych<\/li>\n<li data-start=\"223\" data-end=\"310\"><strong data-start=\"313\" data-end=\"332\">Co ofe\u00adru\u00adje:<\/strong> Lek\u00adcje nie\u00admiec\u00adkie\u00adgo jeden na jeden lub w ma\u0142ych gru\u00adpach dosto\u00adso\u00adwa\u00adne do Two\u00adich potrzeb<\/li>\n<li data-start=\"223\" data-end=\"310\"><strong data-start=\"399\" data-end=\"413\">Orga\u00adni\u00adza\u00adtor:<\/strong> <strong data-start=\"600\" data-end=\"614\"><a href=\"https:\/\/www.awo-karlsruhe.de\/mitmachen\/ehrenamt\/\" rel=\"noopener\">AWO Karls\u00adru\u00adhe<\/a><\/strong><\/li>\n<li data-start=\"223\" data-end=\"310\"><strong data-start=\"430\" data-end=\"444\">Finan\u00adso\u00adwa\u00adne przez:<\/strong> BfI<\/li>\n<li data-start=\"223\" data-end=\"310\"><strong data-start=\"451\" data-end=\"470\">Oso\u00adba kon\u00adtak\u00adto\u00adwa:<\/strong> Espe\u00adran\u00adza Del Real<br data-start=\"493\" data-end=\"496\">\ud83d\udcde 0721 35 007 \u2014 144<br data-start=\"518\" data-end=\"521\">\ud83d\udce7 <a class=\"cursor-pointer\" rel=\"noopener\" data-start=\"526\" data-end=\"560\">fluechtlingshilfe@awo-karlsruhe.de<\/a>&nbsp;<\/li>\n<li>\ud83d\udd17 <a href=\"https:\/\/www.anika-net.de\/pl\/event\/indywidualne-wsparcie-w-nauce-jezyka-niemieckiego\/\"><strong>Wi\u0119\u00adcej informacji<\/strong><\/a><\/li>\n<\/ul>\n<hr>\n<h3 data-start=\"123\" data-end=\"182\"><strong data-start=\"127\" data-end=\"182\">\ud83d\udde3\ufe0f <span style=\"color: #008080;\">Lan\u00adgu\u00adage Tan\u00addem <span style=\"color: #666699;\">- Ucz si\u0119 j\u0119zy\u00adk\u00f3w w \u0142atwy spos\u00f3b!<\/span><\/span><\/strong><\/h3>\n<ul data-start=\"184\" data-end=\"587\">\n<li data-start=\"184\" data-end=\"272\">\n<p data-start=\"186\" data-end=\"272\"><strong data-start=\"186\" data-end=\"203\">Dla kogo:<\/strong> Stu\u00adden\u00adci, kt\u00f3\u00adrzy chc\u0105 uczy\u0107 si\u0119 lub dosko\u00adna\u00adli\u0107 j\u0119zyk nie\u00admiec\u00adki lub jaki\u00adkol\u00adwiek inny&nbsp;j\u0119zyk<\/p>\n<\/li>\n<li data-start=\"184\" data-end=\"272\">\n<p data-start=\"186\" data-end=\"272\"><strong data-start=\"275\" data-end=\"294\">Co ofe\u00adru\u00adje:<\/strong> Znajd\u017a part\u00adne\u00adra j\u0119zy\u00adko\u00adwe\u00adgo do wsp\u00f3l\u00adnej nauki \u2014 szyb\u00adko, za dar\u00admo i ela\u00adstycz\u00adnie!<br data-start=\"366\" data-end=\"369\">Mo\u017cesz prze\u00adgl\u0105\u00adda\u0107 aktu\u00adal\u00adne ofer\u00adty tan\u00adde\u00adm\u00f3w lub zamie\u00ad\u015bci\u0107 w\u0142a\u00adsne og\u0142oszenie.<\/p>\n<\/li>\n<li data-start=\"184\" data-end=\"272\">\n<p data-start=\"186\" data-end=\"272\"><strong data-start=\"432\" data-end=\"446\">Orga\u00adni\u00adza\u00adtor: <\/strong>Mi\u0119\u00addzy\u00adna\u00adro\u00addo\u00adwe Cen\u00adtrum Stu\u00addenc\u00adkie <strong data-start=\"600\" data-end=\"614\">-<\/strong> <a href=\"https:\/\/www.sw-ka.de\/de\/international\/tandem\/\" rel=\"noopener\"><strong>Stu\u00addie\u00adren\u00adden\u00adwerk<\/strong><\/a><\/p>\n<\/li>\n<li data-start=\"184\" data-end=\"272\">\n<p data-start=\"186\" data-end=\"272\"><strong data-start=\"523\" data-end=\"542\">Oso\u00adba kon\u00adtak\u00adto\u00adwa:<\/strong> Lau\u00adra Liefke<br>\n\ud83d\udcde 0721 6909\u2013203<br data-start=\"576\" data-end=\"579\">\ud83d\udce7 l<a class=\"cursor-pointer\" rel=\"noopener\" data-start=\"584\" data-end=\"605\">aura.li<\/a>efke@sw-ka.de<\/p>\n<hr>\n<\/li>\n<\/ul>\n<h3 data-start=\"90\" data-end=\"146\"><strong data-start=\"94\" data-end=\"146\">\ud83c\udf0d <span style=\"color: #008080;\">Per\u00adspek\u00adty\u00adwa teraz! <span style=\"color: #666699;\">- Ucz si\u0119 nie\u00admiec\u00adkie\u00adgo i uzy\u00adskaj wsparcie<\/span><\/span><\/strong><\/h3>\n<ul data-start=\"148\" data-end=\"614\">\n<li data-start=\"148\" data-end=\"204\">\n<p data-start=\"150\" data-end=\"204\"><strong data-start=\"150\" data-end=\"167\">Dla kogo:<\/strong> M\u0142o\u00addzi ludzie z ca\u0142e\u00adgo \u015bwiata<\/p>\n<\/li>\n<li data-start=\"148\" data-end=\"204\">\n<p data-start=\"150\" data-end=\"204\"><strong data-start=\"207\" data-end=\"226\">Co ofe\u00adru\u00adje:<\/strong> Nauk\u0119 nie\u00admiec\u00adkie\u00adgo w tan\u00adde\u00admie lub w gru\u00adpie, a tak\u00ad\u017ce wspar\u00adcie w szko\u00adle, szko\u00adle\u00adniach i codzien\u00adnych pytaniach.<\/p>\n<\/li>\n<li data-start=\"331\" data-end=\"368\">\n<p data-start=\"333\" data-end=\"368\"><strong data-start=\"333\" data-end=\"342\">Kie\u00addy:<\/strong> \u015aro\u00addy, 16:00\u201318:00<\/p>\n<\/li>\n<li data-start=\"369\" data-end=\"409\">\n<p data-start=\"371\" data-end=\"409\"><strong data-start=\"371\" data-end=\"385\">Orga\u00adni\u00adza\u00adtor:<\/strong> Per\u00adspek\u00adti\u00adve Now \u2014&nbsp;ibz<br>\n<strong data-start=\"412\" data-end=\"426\">Finan\u00adso\u00adwa\u00adne przez:<\/strong> Mia\u00adsto Karlsruhe<\/p>\n<\/li>\n<li data-start=\"447\" data-end=\"545\">\n<p data-start=\"449\" data-end=\"545\"><strong data-start=\"449\" data-end=\"468\">Oso\u00adba kon\u00adtak\u00adto\u00adwa:<\/strong> Anni\u00adka Her\u00adtel<br data-start=\"482\" data-end=\"485\">\ud83d\udcde 0157 38182177<br data-start=\"503\" data-end=\"506\">\ud83d\udce7 <a class=\"cursor-pointer\" rel=\"noopener\" data-start=\"511\" data-end=\"543\">perspektive-now@ibz-karlsruhe.de<\/a><\/p>\n<\/li>\n<li data-start=\"546\" data-end=\"614\">\n<p data-start=\"548\" data-end=\"614\">\ud83d\udd17 <strong><a class href=\"https:\/\/www.anika-net.de\/pl\/event\/perspektywa-teraz-plus\/\" target=\"_new\" rel=\"noopener\" data-start=\"551\" data-end=\"614\">Wi\u0119\u00adcej informacji<\/a><\/strong><\/p>\n<hr>\n<\/li>\n<\/ul>\n<h3 data-start=\"130\" data-end=\"193\"><strong data-start=\"134\" data-end=\"193\">\ud83e\udd1d <span style=\"color: #800080;\">Mi\u0119\u00addzy\u00adna\u00adro\u00addo\u00adwy Pro\u00adgram Kum\u00adpel\u00adski <span style=\"color: #666699;\">- Poznaj, Po\u0142\u0105cz, Wspieraj<\/span><\/span><\/strong><\/h3>\n<ul data-start=\"195\" data-end=\"665\">\n<li data-start=\"195\" data-end=\"250\">\n<p data-start=\"197\" data-end=\"250\"><strong data-start=\"197\" data-end=\"214\">Dla kogo:<\/strong> Nowi stu\u00adden\u00adci zagra\u00adnicz\u00adni w&nbsp;KIT<\/p>\n<\/li>\n<li data-start=\"251\" data-end=\"450\">\n<p data-start=\"253\" data-end=\"450\"><strong data-start=\"253\" data-end=\"272\">Co ofe\u00adru\u00adje:<\/strong> Plat\u00adfor\u00adma do nawi\u0105\u00adzy\u00adwa\u00adnia kon\u00adtak\u00adt\u00f3w z do\u015bwiad\u00adczo\u00adny\u00admi stu\u00adden\u00adta\u00admi KIT.<br data-start=\"325\" data-end=\"328\">Zbu\u00adduj swo\u00adj\u0105 sie\u0107 spo\u00ad\u0142ecz\u00adn\u0105, roz\u00adwi\u00adjaj umie\u00adj\u0119t\u00adno\u00ad\u015bci mi\u0119\u00addzy\u00adkul\u00adtu\u00adro\u00adwe i wspie\u00adraj si\u0119 nawza\u00adjem poprzez dzie\u00adle\u00adnie si\u0119 wie\u00addz\u0105 i do\u015bwiadczeniem.<\/p>\n<\/li>\n<li data-start=\"452\" data-end=\"497\">\n<p data-start=\"454\" data-end=\"497\"><strong data-start=\"454\" data-end=\"468\">Orga\u00adni\u00adza\u00adtor: <\/strong> <a href=\"https:\/\/www.intl.kit.edu\/istudent\/10402.php\" rel=\"noopener\"><strong>Biu\u00adro Mi\u0119\u00addzy\u00adna\u00adro\u00addo\u00adwe \u2014&nbsp;KIT<\/strong><\/a><\/p>\n<\/li>\n<li data-start=\"498\" data-end=\"520\"><strong data-start=\"523\" data-end=\"542\">Oso\u00adba do kon\u00adtak\u00adtu:<\/strong> Annet\u00adte Seiter (koor\u00addy\u00adna\u00adtor)<br data-start=\"571\" data-end=\"574\">\ud83d\udce7 <a class=\"cursor-pointer\" rel=\"noopener\" data-start=\"579\" data-end=\"601\">annette.seiter@kit.edu<\/a><\/li>\n<li data-start=\"604\" data-end=\"665\">\n<p data-start=\"606\" data-end=\"665\">\ud83d\udd17 <a class href=\"https:\/\/www.intl.kit.edu\/istudent\/10402.php\" target=\"_new\" rel=\"noopener\" data-start=\"609\" data-end=\"665\"><strong>Wi\u0119\u00adcej informacji<\/strong><\/a><\/p>\n<\/li>\n<\/ul>\n<hr>\n<h3 data-start=\"129\" data-end=\"185\"><strong data-start=\"133\" data-end=\"185\">\ud83e\udded <span style=\"color: #800080;\">Bud\u00addy Sup\u00adport <span style=\"color: #666699;\">- Znajd\u017a lokal\u00adne\u00adgo prze\u00adwod\u00adni\u00adka w Niemczech<\/span><\/span><\/strong><\/h3>\n<ul data-start=\"187\" data-end=\"670\">\n<li data-start=\"187\" data-end=\"280\">\n<p data-start=\"189\" data-end=\"280\"><strong data-start=\"189\" data-end=\"206\">Dla kogo:<\/strong> Nowo\u00adprzy\u00adby\u00adli szu\u00adka\u00adj\u0105\u00adcy oso\u00adbi\u00adstych wska\u00adz\u00f3\u00adwek pod\u00adczas sta\u00adwia\u00adnia pierw\u00adszych kro\u00adk\u00f3w w Niemczech.<\/p>\n<\/li>\n<li data-start=\"281\" data-end=\"452\">\n<p data-start=\"283\" data-end=\"452\"><strong data-start=\"283\" data-end=\"302\">Co ofe\u00adru\u00adje:<\/strong> Wsp\u00f3\u0142\u00adpra\u00adca z lokal\u00adnym \u201ekum\u00adplem\u201d, kt\u00f3\u00adry poma\u00adga w codzien\u00adnych wyzwa\u00adniach, towa\u00adrzy\u00adszy w spo\u00adtka\u00adniach i wspie\u00adra w przy\u00adsto\u00adso\u00adwa\u00adniu si\u0119 do nowe\u00adgo&nbsp;\u017cycia.<\/p>\n<\/li>\n<li data-start=\"454\" data-end=\"520\">\n<p data-start=\"456\" data-end=\"520\"><strong data-start=\"456\" data-end=\"470\">Orga\u00adni\u00adza\u00adtor:<\/strong> Mi\u0119\u00addzy\u00adna\u00adro\u00addo\u00adwe Cen\u00adtrum Stu\u00addenc\u00adkie <strong data-start=\"600\" data-end=\"614\">-<\/strong> <a href=\"https:\/\/www.sw-ka.de\/de\/international\/paten\/\" rel=\"noopener\"><strong>Stu\u00addie\u00adren\u00adden\u00adwerk<\/strong><\/a><\/p>\n<\/li>\n<li data-start=\"521\" data-end=\"607\">\n<p data-start=\"523\" data-end=\"607\"><strong data-start=\"523\" data-end=\"542\">Oso\u00adba kon\u00adtak\u00adto\u00adwa:<\/strong> Lau\u00adra Lief\u00adke<br data-start=\"555\" data-end=\"558\">\ud83d\udcde 0721 6909\u2013203<br data-start=\"576\" data-end=\"579\">\ud83d\udce7 l<a class=\"cursor-pointer\" rel=\"noopener\" data-start=\"584\" data-end=\"605\">aura.li<\/a>efke@sw-ka.de<\/p>\n<\/li>\n<\/ul>\n<hr>\n<h3 data-start=\"146\" data-end=\"197\"><strong data-start=\"150\" data-end=\"197\">\ud83d\udc6d <span style=\"color: #800080;\">Patin\u00adnen\u00adPro\u00adjekt<\/span> <span style=\"color: #666699;\">- Kobie\u00adty wspie\u00adra\u00adj\u0105\u00adce kobiety<\/span><\/strong><\/h3>\n<ul data-start=\"199\" data-end=\"769\">\n<li data-start=\"199\" data-end=\"291\">\n<p data-start=\"201\" data-end=\"291\"><strong data-start=\"201\" data-end=\"218\">Dla kogo:<\/strong> Migrant\u00adki i miej\u00adsco\u00adwe kobie\u00adty zain\u00adte\u00adre\u00adso\u00adwa\u00adne wymia\u00adn\u0105 kul\u00adtu\u00adro\u00adw\u0105 i nawi\u0105\u00adzy\u00adwa\u00adniem kontakt\u00f3w.<\/p>\n<\/li>\n<li data-start=\"292\" data-end=\"481\">\n<p data-start=\"294\" data-end=\"481\"><strong data-start=\"294\" data-end=\"313\">Co ofe\u00adru\u00adje:<\/strong> Bez\u00adpiecz\u00adn\u0105 prze\u00adstrze\u0144 dla przy\u00adja\u017a\u00adni i wza\u00adjem\u00adne\u00adgo ucze\u00adnia si\u0119 poprzez tan\u00adde\u00admy i regu\u00adlar\u00adne spo\u00adtka\u00adnia gru\u00adpo\u00adwe.<br data-start=\"405\" data-end=\"408\">Pozna\u00adwa\u00adnie sty\u00adl\u00f3w \u017cycia innych os\u00f3b i budo\u00adwa\u00adnie wspie\u00adra\u00adj\u0105\u00adcych relacji.<\/p>\n<\/li>\n<li data-start=\"483\" data-end=\"519\">\n<p data-start=\"485\" data-end=\"519\"><strong data-start=\"485\" data-end=\"494\">Kie\u00addy:<\/strong> Czwart\u00adki, 15:30\u201317:30<\/p>\n<\/li>\n<li data-start=\"520\" data-end=\"560\">\n<p data-start=\"522\" data-end=\"560\"><strong data-start=\"522\" data-end=\"536\">Orga\u00adni\u00adza\u00adtor:<\/strong> Patin\u00adnen\u00adPro\u00adjekt \u2014&nbsp;ibz<br>\n<strong data-start=\"563\" data-end=\"577\">Finan\u00adso\u00adwa\u00adne przez:<\/strong> Mia\u00adsto Karlsruhe<\/p>\n<\/li>\n<li data-start=\"598\" data-end=\"700\">\n<p data-start=\"600\" data-end=\"700\"><strong data-start=\"600\" data-end=\"619\">Oso\u00adba kon\u00adtak\u00adto\u00adwa:<\/strong> Andrea Ben\u00adgert<br data-start=\"634\" data-end=\"637\">\ud83d\udcde 0721 89 33 37 13<br data-start=\"658\" data-end=\"661\">\ud83d\udce7 <a class=\"cursor-pointer\" rel=\"noopener\" data-start=\"666\" data-end=\"698\">patinnenprojekt@ibz-karlsruhe.de<\/a><\/p>\n<\/li>\n<li data-start=\"701\" data-end=\"769\">\n<p data-start=\"703\" data-end=\"769\">\ud83d\udd17 <strong><a class href=\"https:\/\/www.anika-net.de\/de\/event\/patinnenprojekt\/\" target=\"_new\" rel=\"noopener\" data-start=\"706\" data-end=\"769\">Wi\u0119\u00adcej informacji<\/a><\/strong><\/p>\n<\/li>\n<\/ul>\n<hr>\n<h3 data-start=\"132\" data-end=\"198\"><strong data-start=\"136\" data-end=\"198\">\ud83d\udcbb<span style=\"color: #ff9900;\"> Edu\u00adRef Men\u00adto\u00adring <span style=\"color: #666699;\">- Naucz si\u0119 kodo\u00adwa\u0107 z oso\u00adbi\u00adstym mentorem<\/span><\/span><\/strong><\/h3>\n<ul>\n<li data-start=\"200\" data-end=\"289\">\n<p data-start=\"202\" data-end=\"289\"><strong data-start=\"202\" data-end=\"219\">Dla kogo:<\/strong> Ka\u017c\u00addy zain\u00adte\u00adre\u00adso\u00adwa\u00adny pog\u0142\u0119\u00adbie\u00adniem swo\u00adich umie\u00adj\u0119t\u00adno\u00ad\u015bci w zakre\u00adsie two\u00adrze\u00adnia oprogramowania<\/p>\n<\/li>\n<li data-start=\"290\" data-end=\"471\">\n<p data-start=\"292\" data-end=\"471\"><strong data-start=\"292\" data-end=\"311\">Co ofe\u00adru\u00adje:<\/strong> 6\u2011miesi\u0119czny sper\u00adso\u00adna\u00adli\u00adzo\u00adwa\u00adny pro\u00adgram men\u00adtor\u00adski z coty\u00adgo\u00addnio\u00adwy\u00admi sesja\u00admi i nie\u00adza\u00adle\u017c\u00adn\u0105 pra\u00adc\u0105 nad pro\u00adjek\u00adta\u00admi w mi\u0119\u00addzy\u00adcza\u00adsie.<br data-start=\"414\" data-end=\"417\">Tem\u00adpo, tre\u015b\u0107 i kon\u00adcen\u00adtra\u00adcja s\u0105 dosto\u00adso\u00adwa\u00adne do Two\u00adich&nbsp;cel\u00f3w.<\/p>\n<\/li>\n<li data-start=\"473\" data-end=\"596\">\n<p data-start=\"475\" data-end=\"596\"><strong data-start=\"475\" data-end=\"503\">Mo\u017c\u00adli\u00adwe tema\u00adty pro\u00adjek\u00adt\u00f3w:<\/strong><br data-start=\"503\" data-end=\"506\">- W\u0142a\u00adsna stro\u00adna inter\u00adne\u00adto\u00adwa<br data-start=\"526\" data-end=\"529\">- Apli\u00adka\u00adcja mobil\u00adna<br data-start=\"545\" data-end=\"548\">- Gra wideo<br data-start=\"564\" data-end=\"567\" data-is-only-node>- Sztucz\u00adna inteligencja<\/p>\n<\/li>\n<li data-start=\"598\" data-end=\"623\">\n<p data-start=\"600\" data-end=\"623\"><strong data-start=\"600\" data-end=\"614\">Orga\u00adni\u00adza\u00adtor: <a href=\"https:\/\/www.eduref.eu\/\" rel=\"noopener\">Edu\u00adRef<\/a><\/strong><\/p>\n<\/li>\n<li><strong data-start=\"626\" data-end=\"645\">Oso\u00adba kon\u00adtak\u00adto\u00adwa:<\/strong> Yan\u00adnick Nocus<br data-start=\"659\" data-end=\"662\">\ud83d\udce7 <a class=\"cursor-pointer\" rel=\"noopener\" data-start=\"667\" data-end=\"681\">info@eduref.eu\n<p><\/p><\/a><\/li>\n<li>\ud83d\udd17 <strong><a class href=\"https:\/\/www.eduref.eu\/mentoring\" target=\"_new\" rel=\"noopener\" data-start=\"689\" data-end=\"733\">Wi\u0119\u00adcej informacji<\/a><\/strong><\/li>\n<\/ul>\n<hr>\n<h2 style=\"text-align: center;\" data-start=\"128\" data-end=\"407\"><span style=\"color: #008080;\"><strong data-start=\"128\" data-end=\"178\">Czy ofe\u00adru\u00adje\u00adcie pro\u00adgram men\u00adtor\u00adski w Karlsruhe?<\/strong><\/span><\/h2>\n<p style=\"text-align: center;\" data-start=\"128\" data-end=\"407\">Je\u015bli tw\u00f3j pro\u00adgram jest skie\u00adro\u00adwa\u00adny do<strong> mi\u0119\u00addzy\u00adna\u00adro\u00addo\u00adwej publicz\u00adno\u00ad\u015bci<\/strong> i jest <strong>bez\u00adp\u0142at\u00adny<\/strong>, chcie\u00adli\u00adby\u00ad\u015bmy us\u0142y\u00adsze\u0107 od cie\u00adbie!<br data-start=\"285\" data-end=\"288\">Po pro\u00adstu wype\u0142\u00adnij <strong data-start=\"600\" data-end=\"614\">ten<\/strong> <a href=\"https:\/\/docs.google.com\/forms\/d\/e\/1FAIpQLSc5gnLGoQjAsCr3UyiIxWPokWLyHopaEWd43vUP1cWp9AcyIA\/viewform?usp=sf_link\" rel=\"noopener\"><strong>kr\u00f3t\u00adki for\u00admu\u00adlarz<\/strong><\/a> \u2014 zaj\u00admie to tyl\u00adko 2 minu\u00adty, a my opu\u00adbli\u00adku\u00adje\u00admy Tw\u00f3j pro\u00adgram men\u00adtor\u00adski lub tan\u00adde\u00admo\u00adwy za&nbsp;darmo.<\/p>\n","protected":false},"author":12,"featured_media":63264,"template":"","class_list":["post-62853","event","type-event","status-publish","has-post-thumbnail","hentry","event_category-pomoc-pl"],"acf":{"event-recurring":true,"event-category":185,"event-is-language-course":false,"event-recurring-still-active":true,"event-display-details":true,"event-schedules-recurring":null,"event-schedules-calendar":null,"event-is-online":false,"event-online-url":"","event-location-building":"","event-location-street":"","event-location-zip":"","event-location-city":"Karlsruhe","event-location-contact-person":"","event-location-phone":"","event-location-phone-2":"","event-location-mail":"","event-location-mail-2":"","event-location-website":"","event-target-group":null,"event-target-group-comment":"Migranci, nowo przybyli i wolontariusze","event-free":true,"event-organiser":[63994],"event-header-copyright-overlay":true,"event-copyright-note-description-end":false},"featured_image_urls_v2":{"full":["https:\/\/www.anika-net.de\/wp-content\/uploads\/2025\/06\/AdobeStock_1241585829-scaled.jpeg",2560,1152,false],"thumbnail":["https:\/\/www.anika-net.de\/wp-content\/uploads\/2025\/06\/AdobeStock_1241585829-150x150.jpeg",150,150,true],"medium":["https:\/\/www.anika-net.de\/wp-content\/uploads\/2025\/06\/AdobeStock_1241585829-300x135.jpeg",300,135,true],"medium_large":["https:\/\/www.anika-net.de\/wp-content\/uploads\/2025\/06\/AdobeStock_1241585829-768x346.jpeg",640,288,true],"large":["https:\/\/www.anika-net.de\/wp-content\/uploads\/2025\/06\/AdobeStock_1241585829-1024x461.jpeg",640,288,true],"1536x1536":["https:\/\/www.anika-net.de\/wp-content\/uploads\/2025\/06\/AdobeStock_1241585829-1536x691.jpeg",1536,691,true],"2048x2048":["https:\/\/www.anika-net.de\/wp-content\/uploads\/2025\/06\/AdobeStock_1241585829-2048x922.jpeg",2048,922,true],"event-overview":["https:\/\/www.anika-net.de\/wp-content\/uploads\/2025\/06\/AdobeStock_1241585829-960x640.jpeg",960,640,true],"event-archive-thumb":["https:\/\/www.anika-net.de\/wp-content\/uploads\/2025\/06\/AdobeStock_1241585829-480x216.jpeg",480,216,true],"grid-item-thumbnail":["https:\/\/www.anika-net.de\/wp-content\/uploads\/2025\/06\/AdobeStock_1241585829-360x200.jpeg",360,200,true],"network-partner-icon":["https:\/\/www.anika-net.de\/wp-content\/uploads\/2025\/06\/AdobeStock_1241585829-100x100.jpeg",100,100,true],"organiser-icon":["https:\/\/www.anika-net.de\/wp-content\/uploads\/2025\/06\/AdobeStock_1241585829-200x200.jpeg",200,200,true],"gform-image-choice-sm":["https:\/\/www.anika-net.de\/wp-content\/uploads\/2025\/06\/AdobeStock_1241585829-scaled.jpeg",300,135,false],"gform-image-choice-md":["https:\/\/www.anika-net.de\/wp-content\/uploads\/2025\/06\/AdobeStock_1241585829-scaled.jpeg",400,180,false],"gform-image-choice-lg":["https:\/\/www.anika-net.de\/wp-content\/uploads\/2025\/06\/AdobeStock_1241585829-scaled.jpeg",600,270,false]},"post_excerpt_stackable_v2":"<p>Szu\u00adkasz wska\u00adz\u00f3\u00adwek, wspar\u00adcia lub kogo\u015b, kto pomo\u00ad\u017ce Ci odna\u00adle\u017a\u0107 si\u0119 w Karls\u00adru\u00adhe? Men\u00adto\u00adring w Karls\u00adru\u00adhe \u2014 Uzy\u00adskaj wspar\u00adcie, ucz si\u0119, nawi\u0105\u00adzuj kon\u00adtak\u00adty Pomoc w zado\u00admo\u00adwie\u00adniu si\u0119, nauce i roz\u00adwo\u00adju Czy jeste\u015b nowy w Karls\u00adru\u00adhe i szu\u00adkasz wspar\u00adcia, wska\u00adz\u00f3\u00adwek lub po\u0142\u0105\u00adcze\u00adnia?Pro\u00adgra\u00admy men\u00adtor\u00adskie mog\u0105 pom\u00f3c Ci poczu\u0107 si\u0119 jak w domu, nauczy\u0107 si\u0119 j\u0119zy\u00adka, budo\u00adwa\u0107 przy\u00adja\u017a\u00adnie i roz\u00adwi\u00adja\u0107 si\u0119 zawo\u00addo\u00adwo lub oso\u00adbi\u00ad\u015bcie. Na tej stro\u00adnie znaj\u00addziesz prze\u00adgl\u0105d ini\u00adcja\u00adtyw men\u00adtor\u00adskich ofe\u00adro\u00adwa\u00adnych przez r\u00f3\u017c\u00adne orga\u00adni\u00adza\u00adcje w Karls\u00adru\u00adhe \u2014 dla stu\u00adden\u00adt\u00f3w, nowo\u00adprzy\u00adby\u00ad\u0142ych, migran\u00adt\u00f3w i ka\u017c\u00adde\u00adgo, kto chce wspie\u00adra\u0107 lub by\u0107 wspie\u00adra\u00adnym. Pro\u00adgra\u00admy men\u00adtor\u00adskie w Karls\u00adru\u00adhe \ud83d\udcd8 Indy\u00adwi\u00addu\u00adal\u00adne wspar\u00adcie w nauce j\u0119zy\u00adka nie\u00admiec\u00adkie\u00adgo Dla kogo:&nbsp;Osoby,\u2026<\/p>\n","category_list_v2":"","author_info_v2":{"name":"Andrea Ramirez","url":"https:\/\/www.anika-net.de\/pl\/author\/andrea-ramirez\/"},"comments_num_v2":"0 comments","uagb_featured_image_src":{"full":["https:\/\/www.anika-net.de\/wp-content\/uploads\/2025\/06\/AdobeStock_1241585829-scaled.jpeg",2560,1152,false],"thumbnail":["https:\/\/www.anika-net.de\/wp-content\/uploads\/2025\/06\/AdobeStock_1241585829-150x150.jpeg",150,150,true],"medium":["https:\/\/www.anika-net.de\/wp-content\/uploads\/2025\/06\/AdobeStock_1241585829-300x135.jpeg",300,135,true],"medium_large":["https:\/\/www.anika-net.de\/wp-content\/uploads\/2025\/06\/AdobeStock_1241585829-768x346.jpeg",640,288,true],"large":["https:\/\/www.anika-net.de\/wp-content\/uploads\/2025\/06\/AdobeStock_1241585829-1024x461.jpeg",640,288,true],"1536x1536":["https:\/\/www.anika-net.de\/wp-content\/uploads\/2025\/06\/AdobeStock_1241585829-1536x691.jpeg",1536,691,true],"2048x2048":["https:\/\/www.anika-net.de\/wp-content\/uploads\/2025\/06\/AdobeStock_1241585829-2048x922.jpeg",2048,922,true],"event-overview":["https:\/\/www.anika-net.de\/wp-content\/uploads\/2025\/06\/AdobeStock_1241585829-960x640.jpeg",960,640,true],"event-archive-thumb":["https:\/\/www.anika-net.de\/wp-content\/uploads\/2025\/06\/AdobeStock_1241585829-480x216.jpeg",480,216,true],"grid-item-thumbnail":["https:\/\/www.anika-net.de\/wp-content\/uploads\/2025\/06\/AdobeStock_1241585829-360x200.jpeg",360,200,true],"network-partner-icon":["https:\/\/www.anika-net.de\/wp-content\/uploads\/2025\/06\/AdobeStock_1241585829-100x100.jpeg",100,100,true],"organiser-icon":["https:\/\/www.anika-net.de\/wp-content\/uploads\/2025\/06\/AdobeStock_1241585829-200x200.jpeg",200,200,true],"gform-image-choice-sm":["https:\/\/www.anika-net.de\/wp-content\/uploads\/2025\/06\/AdobeStock_1241585829-scaled.jpeg",300,135,false],"gform-image-choice-md":["https:\/\/www.anika-net.de\/wp-content\/uploads\/2025\/06\/AdobeStock_1241585829-scaled.jpeg",400,180,false],"gform-image-choice-lg":["https:\/\/www.anika-net.de\/wp-content\/uploads\/2025\/06\/AdobeStock_1241585829-scaled.jpeg",600,270,false]},"uagb_author_info":{"display_name":"Andrea Ramirez","author_link":"https:\/\/www.anika-net.de\/pl\/author\/andrea-ramirez\/"},"uagb_comment_info":0,"uagb_excerpt":"Szu\u00adkasz wska\u00adz\u00f3\u00adwek, wspar\u00adcia lub kogo\u015b, kto pomo\u00ad\u017ce Ci odna\u00adle\u017a\u0107 si\u0119 w Karlsruhe? Men\u00adto\u00adring w Karls\u00adru\u00adhe - Uzy\u00adskaj wspar\u00adcie, ucz si\u0119, nawi\u0105\u00adzuj kontakty Pomoc w zado\u00admo\u00adwie\u00adniu si\u0119, nauce i rozwoju Czy&nbsp;czytaj wi\u0119cej","_links":{"self":[{"href":"https:\/\/www.anika-net.de\/pl\/wp-json\/wp\/v2\/event\/62853","targetHints":{"allow":["GET"]}}],"collection":[{"href":"https:\/\/www.anika-net.de\/pl\/wp-json\/wp\/v2\/event"}],"about":[{"href":"https:\/\/www.anika-net.de\/pl\/wp-json\/wp\/v2\/types\/event"}],"author":[{"embeddable":true,"href":"https:\/\/www.anika-net.de\/pl\/wp-json\/wp\/v2\/users\/12"}],"version-history":[{"count":0,"href":"https:\/\/www.anika-net.de\/pl\/wp-json\/wp\/v2\/event\/62853\/revisions"}],"acf:post":[{"embeddable":true,"href":"https:\/\/www.anika-net.de\/pl\/wp-json\/wp\/v2\/organiser\/63994"}],"acf:term":[{"embeddable":true,"taxonomy":"event_category","href":"https:\/\/www.anika-net.de\/pl\/wp-json\/wp\/v2\/event_category\/185"}],"wp:featuredmedia":[{"embeddable":true,"href":"https:\/\/www.anika-net.de\/pl\/wp-json\/wp\/v2\/media\/63264"}],"wp:attachment":[{"href":"https:\/\/www.anika-net.de\/pl\/wp-json\/wp\/v2\/media?parent=62853"}],"curies":[{"name":"wp","href":"https:\/\/api.w.org\/{rel}","templated":true}]}}