{"id":61521,"date":"2025-05-20T12:17:54","date_gmt":"2025-05-20T10:17:54","guid":{"rendered":"https:\/\/www.anika-net.de\/event\/przygotowanie-do-porodu-od-brzucha-do-brzucha-dla-nastolatek-w-ciazy\/"},"modified":"2025-05-20T12:17:54","modified_gmt":"2025-05-20T10:17:54","slug":"przygotowanie-do-porodu-od-brzucha-do-brzucha-dla-nastolatek-w-ciazy","status":"publish","type":"event","link":"https:\/\/www.anika-net.de\/pl\/event\/przygotowanie-do-porodu-od-brzucha-do-brzucha-dla-nastolatek-w-ciazy\/","title":{"rendered":"Przy\u00adgo\u00adto\u00adwa\u00adnie do poro\u00addu \u201cod brzu\u00adcha do brzu\u00adcha\u201d dla nasto\u00adla\u00adtek w&nbsp;ci\u0105\u017cy"},"content":{"rendered":"<h3><span style=\"color: #666699;\">pro fami\u00adlia<\/span><\/h3>\n<h1><span style=\"color: #ffcc00;\">Przy\u00adgo\u00adto\u00adwa\u00adnie do poro\u00addu \u201cod brzu\u00adcha do brzu\u00adcha\u201d dla nasto\u00adla\u00adtek w&nbsp;ci\u0105\u017cy<br>\n<\/span><\/h1>\n<p>Kurs <strong>\u201cBel\u00adly to Bel\u00adly\u201d<\/strong> jest ofe\u00adro\u00adwa\u00adny szcze\u00adg\u00f3l\u00adnie m\u0142o\u00addym kobie\u00adtom w ci\u0105\u00ad\u017cy, kt\u00f3\u00adre chcia\u00ad\u0142y\u00adby, aby towa\u00adrzy\u00adszy\u0142 im i wspie\u00adra\u0142 je pod\u00adczas&nbsp;ci\u0105\u017cy.<br>\nChce\u00admy inten\u00adsyw\u00adnie przy\u00adgo\u00adto\u00adwa\u0107 si\u0119 do poro\u00addu, ale tak\u00ad\u017ce wzi\u0105\u0107 pod uwa\u00adg\u0119 szcze\u00adg\u00f3l\u00adn\u0105 sytu\u00adacj\u0119 nastolatk\u00f3w.<\/p>\n<p><strong>Kurs jest pro\u00adwa\u00addzo\u00adny przez po\u0142o\u017c\u00adn\u0105 i pra\u00adcow\u00adni\u00adka edu\u00adka\u00adcji spo\u0142ecznej.<\/strong><\/p>\n<p><strong><span style=\"color: #008080;\">Przy\u00adgo\u00adto\u00adwa\u00adnie do poro\u00addu obejmuje<\/span><\/strong><\/p>\n<ul>\n<li>Infor\u00adma\u00adcje o porodzie<\/li>\n<li>Meto\u00addy relaksacji<\/li>\n<li>Tech\u00adni\u00adki oddychania<\/li>\n<li>Roz\u00adpo\u00adzna\u00adwa\u00adnie sygna\u00ad\u0142\u00f3w&nbsp;cia\u0142a<\/li>\n<li>Opie\u00adka nad dzieckiem<\/li>\n<\/ul>\n<p><span style=\"color: #008080;\"><strong>Inne wa\u017c\u00adne tematy:<\/strong><\/span><\/p>\n<ul>\n<li>  Pyta\u00adnia doty\u00adcz\u0105\u00adce opieki<\/li>\n<li>Pomoc finan\u00adso\u00adwa<\/li>\n<li>Pra\u00adwa i obo\u00adwi\u0105z\u00adki przy\u00adsz\u0142e\u00adgo&nbsp;ojca<\/li>\n<li>Wp\u0142yw na rela\u00adcje (part\u00adne\u00adrzy, rodzice)<\/li>\n<li>\u201cJak postrze\u00adgam sie\u00adbie jako&nbsp;matk\u0119?\u201d.<\/li>\n<\/ul>\n","protected":false},"author":12,"featured_media":61501,"template":"","class_list":["post-61521","event","type-event","status-publish","has-post-thumbnail","hentry","event_category-pomoc-pl"],"acf":{"event-recurring":false,"event-category":185,"event-is-language-course":false,"event-recurring-still-active":true,"event-display-details":true,"event-schedules-recurring":null,"event-schedules-calendar":[{"event-calendar-day":"20250714","event-calendar-time":"16:00 \u2013 18:00","event-calendar-time-text":""},{"event-calendar-day":"20250721","event-calendar-time":"16:00 \u2013 18:00","event-calendar-time-text":""},{"event-calendar-day":"20250728","event-calendar-time":"16:00 \u2013 18:00","event-calendar-time-text":""},{"event-calendar-day":"20250804","event-calendar-time":"16:00 \u2013 18:00","event-calendar-time-text":""},{"event-calendar-day":"20250811","event-calendar-time":"16:00 \u2013 18:00","event-calendar-time-text":""},{"event-calendar-day":"20250818","event-calendar-time":"16:00 \u2013 18:00","event-calendar-time-text":""},{"event-calendar-day":"20250825","event-calendar-time":"16:00 \u2013 18:00","event-calendar-time-text":""}],"event-is-online":false,"event-online-url":"","event-location-building":"Pro familia","event-location-street":" Leopoldstr. 5","event-location-zip":"76133","event-location-city":"Karlsruhe","event-location-contact-person":"Familienhebamme Birgit Kr\u00e4nzler-Haas \/ Sabine Wei\u00df","event-location-phone":"01575 1059005","event-location-phone-2":"","event-location-mail":"birgit.kraenzler-haas@profamilia.de","event-location-mail-2":"sabine.weiss@profamilia.de","event-location-website":"https:\/\/www.profamilia.de\/angebote-vor-ort\/baden-wuerttemberg\/beratungsstelle-karlsruhe","event-target-group":null,"event-target-group-comment":"dla nastoletnich kobiet w ci\u0105\u017cy","event-free":true,"event-organiser":[28047],"event-header-copyright-overlay":true,"event-copyright-note-description-end":false},"featured_image_urls_v2":{"full":["https:\/\/www.anika-net.de\/wp-content\/uploads\/2025\/05\/bauch-an-bauch.png",461,395,false],"thumbnail":["https:\/\/www.anika-net.de\/wp-content\/uploads\/2025\/05\/bauch-an-bauch-150x150.png",150,150,true],"medium":["https:\/\/www.anika-net.de\/wp-content\/uploads\/2025\/05\/bauch-an-bauch-300x257.png",300,257,true],"medium_large":["https:\/\/www.anika-net.de\/wp-content\/uploads\/2025\/05\/bauch-an-bauch.png",461,395,false],"large":["https:\/\/www.anika-net.de\/wp-content\/uploads\/2025\/05\/bauch-an-bauch.png",461,395,false],"1536x1536":["https:\/\/www.anika-net.de\/wp-content\/uploads\/2025\/05\/bauch-an-bauch.png",461,395,false],"2048x2048":["https:\/\/www.anika-net.de\/wp-content\/uploads\/2025\/05\/bauch-an-bauch.png",461,395,false],"event-overview":["https:\/\/www.anika-net.de\/wp-content\/uploads\/2025\/05\/bauch-an-bauch.png",461,395,false],"event-archive-thumb":["https:\/\/www.anika-net.de\/wp-content\/uploads\/2025\/05\/bauch-an-bauch.png",461,395,false],"grid-item-thumbnail":["https:\/\/www.anika-net.de\/wp-content\/uploads\/2025\/05\/bauch-an-bauch-360x200.png",360,200,true],"network-partner-icon":["https:\/\/www.anika-net.de\/wp-content\/uploads\/2025\/05\/bauch-an-bauch-100x100.png",100,100,true],"organiser-icon":["https:\/\/www.anika-net.de\/wp-content\/uploads\/2025\/05\/bauch-an-bauch-200x200.png",200,200,true],"gform-image-choice-sm":["https:\/\/www.anika-net.de\/wp-content\/uploads\/2025\/05\/bauch-an-bauch.png",300,257,false],"gform-image-choice-md":["https:\/\/www.anika-net.de\/wp-content\/uploads\/2025\/05\/bauch-an-bauch.png",400,343,false],"gform-image-choice-lg":["https:\/\/www.anika-net.de\/wp-content\/uploads\/2025\/05\/bauch-an-bauch.png",461,395,false]},"post_excerpt_stackable_v2":"<p>pro fami\u00adlia Przy\u00adgo\u00adto\u00adwa\u00adnie do poro\u00addu \u201cod brzu\u00adcha do brzu\u00adcha\u201d dla nasto\u00adla\u00adtek w&nbsp;ci\u0105\u00ad\u017cy Kurs \u201cBel\u00adly to Bel\u00adly\u201d jest ofe\u00adro\u00adwa\u00adny szcze\u00adg\u00f3l\u00adnie m\u0142o\u00addym kobie\u00adtom w ci\u0105\u00ad\u017cy, kt\u00f3\u00adre chcia\u00ad\u0142y\u00adby, aby towa\u00adrzy\u00adszy\u0142 im i wspie\u00adra\u0142 je pod\u00adczas&nbsp;ci\u0105\u00ad\u017cy. Chce\u00admy inten\u00adsyw\u00adnie przy\u00adgo\u00adto\u00adwa\u0107 si\u0119 do poro\u00addu, ale tak\u00ad\u017ce wzi\u0105\u0107 pod uwa\u00adg\u0119 szcze\u00adg\u00f3l\u00adn\u0105 sytu\u00adacj\u0119 nasto\u00adlat\u00adk\u00f3w. Kurs jest pro\u00adwa\u00addzo\u00adny przez po\u0142o\u017c\u00adn\u0105 i pra\u00adcow\u00adni\u00adka edu\u00adka\u00adcji spo\u00ad\u0142ecz\u00adnej. Przy\u00adgo\u00adto\u00adwa\u00adnie do poro\u00addu obej\u00admu\u00adje Infor\u00adma\u00adcje o poro\u00addzie Meto\u00addy relak\u00adsa\u00adcji Tech\u00adni\u00adki oddy\u00adcha\u00adnia Roz\u00adpo\u00adzna\u00adwa\u00adnie sygna\u00ad\u0142\u00f3w&nbsp;cia\u00ad\u0142a Opie\u00adka nad dziec\u00adkiem Inne wa\u017c\u00adne tema\u00adty: Pyta\u00adnia doty\u00adcz\u0105\u00adce opie\u00adki Pomoc finan\u00adso\u00adwa Pra\u00adwa i obo\u00adwi\u0105z\u00adki przy\u00adsz\u0142e\u00adgo&nbsp;ojca Wp\u0142yw na rela\u00adcje (part\u00adne\u00adrzy, rodzi\u00adce) \u201cJak postrze\u00adgam sie\u00adbie jako&nbsp;matk\u0119?\u201d.<\/p>\n","category_list_v2":"","author_info_v2":{"name":"Andrea Ramirez","url":"https:\/\/www.anika-net.de\/pl\/author\/andrea-ramirez\/"},"comments_num_v2":"0 comments","uagb_featured_image_src":{"full":["https:\/\/www.anika-net.de\/wp-content\/uploads\/2025\/05\/bauch-an-bauch.png",461,395,false],"thumbnail":["https:\/\/www.anika-net.de\/wp-content\/uploads\/2025\/05\/bauch-an-bauch-150x150.png",150,150,true],"medium":["https:\/\/www.anika-net.de\/wp-content\/uploads\/2025\/05\/bauch-an-bauch-300x257.png",300,257,true],"medium_large":["https:\/\/www.anika-net.de\/wp-content\/uploads\/2025\/05\/bauch-an-bauch.png",461,395,false],"large":["https:\/\/www.anika-net.de\/wp-content\/uploads\/2025\/05\/bauch-an-bauch.png",461,395,false],"1536x1536":["https:\/\/www.anika-net.de\/wp-content\/uploads\/2025\/05\/bauch-an-bauch.png",461,395,false],"2048x2048":["https:\/\/www.anika-net.de\/wp-content\/uploads\/2025\/05\/bauch-an-bauch.png",461,395,false],"event-overview":["https:\/\/www.anika-net.de\/wp-content\/uploads\/2025\/05\/bauch-an-bauch.png",461,395,false],"event-archive-thumb":["https:\/\/www.anika-net.de\/wp-content\/uploads\/2025\/05\/bauch-an-bauch.png",461,395,false],"grid-item-thumbnail":["https:\/\/www.anika-net.de\/wp-content\/uploads\/2025\/05\/bauch-an-bauch-360x200.png",360,200,true],"network-partner-icon":["https:\/\/www.anika-net.de\/wp-content\/uploads\/2025\/05\/bauch-an-bauch-100x100.png",100,100,true],"organiser-icon":["https:\/\/www.anika-net.de\/wp-content\/uploads\/2025\/05\/bauch-an-bauch-200x200.png",200,200,true],"gform-image-choice-sm":["https:\/\/www.anika-net.de\/wp-content\/uploads\/2025\/05\/bauch-an-bauch.png",300,257,false],"gform-image-choice-md":["https:\/\/www.anika-net.de\/wp-content\/uploads\/2025\/05\/bauch-an-bauch.png",400,343,false],"gform-image-choice-lg":["https:\/\/www.anika-net.de\/wp-content\/uploads\/2025\/05\/bauch-an-bauch.png",461,395,false]},"uagb_author_info":{"display_name":"Andrea Ramirez","author_link":"https:\/\/www.anika-net.de\/pl\/author\/andrea-ramirez\/"},"uagb_comment_info":0,"uagb_excerpt":"pro fami\u00adlia Przy\u00adgo\u00adto\u00adwa\u00adnie do poro\u00addu \u201cod brzu\u00adcha do brzu\u00adcha\u201d dla nasto\u00adla\u00adtek w&nbsp;ci\u0105\u017cy Kurs \u201cBel\u00adly to Bel\u00adly\u201d jest ofe\u00adro\u00adwa\u00adny szcze\u00adg\u00f3l\u00adnie m\u0142o\u00addym kobie\u00adtom w ci\u0105\u00ad\u017cy, kt\u00f3\u00adre chcia\u00ad\u0142y\u00adby, aby towa\u00adrzy\u00adszy\u0142 im i wspie\u00adra\u0142&nbsp;czytaj wi\u0119cej","_links":{"self":[{"href":"https:\/\/www.anika-net.de\/pl\/wp-json\/wp\/v2\/event\/61521","targetHints":{"allow":["GET"]}}],"collection":[{"href":"https:\/\/www.anika-net.de\/pl\/wp-json\/wp\/v2\/event"}],"about":[{"href":"https:\/\/www.anika-net.de\/pl\/wp-json\/wp\/v2\/types\/event"}],"author":[{"embeddable":true,"href":"https:\/\/www.anika-net.de\/pl\/wp-json\/wp\/v2\/users\/12"}],"version-history":[{"count":0,"href":"https:\/\/www.anika-net.de\/pl\/wp-json\/wp\/v2\/event\/61521\/revisions"}],"acf:post":[{"embeddable":true,"href":"https:\/\/www.anika-net.de\/pl\/wp-json\/wp\/v2\/organiser\/28047"}],"acf:term":[{"embeddable":true,"taxonomy":"event_category","href":"https:\/\/www.anika-net.de\/pl\/wp-json\/wp\/v2\/event_category\/185"}],"wp:featuredmedia":[{"embeddable":true,"href":"https:\/\/www.anika-net.de\/pl\/wp-json\/wp\/v2\/media\/61501"}],"wp:attachment":[{"href":"https:\/\/www.anika-net.de\/pl\/wp-json\/wp\/v2\/media?parent=61521"}],"curies":[{"name":"wp","href":"https:\/\/api.w.org\/{rel}","templated":true}]}}