{"id":61296,"date":"2025-05-15T11:42:29","date_gmt":"2025-05-15T09:42:29","guid":{"rendered":"https:\/\/www.anika-net.de\/event\/szybkie-i-latwe-niemcy\/"},"modified":"2025-05-15T11:42:29","modified_gmt":"2025-05-15T09:42:29","slug":"szybkie-i-latwe-niemcy","status":"publish","type":"event","link":"https:\/\/www.anika-net.de\/pl\/event\/szybkie-i-latwe-niemcy\/","title":{"rendered":"Szyb\u00adkie i \u0142atwe Niemcy"},"content":{"rendered":"<h3><span style=\"color: #666699;\">Zro\u00adzu\u00admie\u0107 Niem\u00adcy: Mi\u0119\u00addzy\u00adkul\u00adtu\u00adro\u00adwe aspek\u00adty \u017cycia i pra\u00adcy w Niemczech<\/span><\/h3>\n<h1><span style=\"color: #ffcc00;\">Szyb\u00adkie i \u0142atwe Niemcy<\/span><\/h1>\n<p>To Think\u00adcen\u00adter ofe\u00adru\u00adje prak\u00adtycz\u00adne i inte\u00adrak\u00adtyw\u00adne wpro\u00adwa\u00addze\u00adnie do tema\u00adtu \u201c\u017bycie i przy\u00adjazd do Nie\u00admiec\u201d. Przyj\u00adrzy\u00admy si\u0119 pokr\u00f3t\u00adce fun\u00adda\u00admen\u00adtal\u00adne\u00admu pyta\u00adniu: <strong>Czym jest kul\u00adtu\u00adra<\/strong> \u2014 i w jaki spo\u00ads\u00f3b kszta\u0142\u00adtu\u00adje ona nasze my\u015bli, dzia\u00ad\u0142a\u00adnia i ocze\u00adki\u00adwa\u00adnia? W tym kon\u00adtek\u00ad\u015bcie przyj\u00adrzy\u00admy si\u0119 r\u00f3w\u00adnie\u017c typo\u00adwym cechom, kt\u00f3\u00adre cz\u0119\u00adsto koja\u00adrzo\u00adne s\u0105 z \u201cNiem\u00adca\u00admi\u201d. Celem jest wst\u0119p\u00adne zro\u00adzu\u00admie\u00adnie r\u00f3\u017c\u00adnic i podo\u00adbie\u0144stw kulturowych.&nbsp;<\/p>\n<p>Nast\u0119p\u00adnie uczest\u00adni\u00adcy b\u0119d\u0105 mie\u00adli mo\u017c\u00adli\u00adwo\u015b\u0107 zasta\u00adno\u00adwie\u00adnia si\u0119 nad w\u0142a\u00adsny\u00admi do\u015bwiad\u00adcze\u00adnia\u00admi mi\u0119\u00addzy\u00adkul\u00adtu\u00adro\u00adwy\u00admi w ma\u0142ych gru\u00adpach. Kt\u00f3\u00adre spo\u00adtka\u00adnia by\u0142y szcze\u00adg\u00f3l\u00adnie kszta\u0142\u00adtu\u00adj\u0105\u00adce?   <strong>Co spra\u00adwi\u00ad\u0142o, \u017ce by\u0142y one pozy\u00adtyw\u00adne lub sta\u00adno\u00adwi\u00ad\u0142y wyzwa\u00adnie?<\/strong>  Wymia\u00adna s\u0142u\u00ad\u017cy posze\u00adrze\u00adniu oso\u00adbi\u00adstych per\u00adspek\u00adtyw i ucze\u00adniu si\u0119 od sie\u00adbie nawzajem.<\/p>\n<p>Kolej\u00adnym tema\u00adtem wyk\u0142a\u00addu b\u0119dzie poszu\u00adki\u00adwa\u00adnie pra\u00adcy w Niem\u00adczech. W szcze\u00adg\u00f3l\u00adno\u00ad\u015bci skon\u00adcen\u00adtru\u00adje si\u0119 na ocze\u00adki\u00adwa\u00adniach nie\u00admiec\u00adkich rekru\u00adte\u00adr\u00f3w i mi\u0119\u00addzy\u00adkul\u00adtu\u00adro\u00adwych szcze\u00adg\u00f3\u00ad\u0142ach pod\u00adczas roz\u00adm\u00f3w kwa\u00adli\u00adfi\u00adka\u00adcyj\u00adnych. Uczest\u00adni\u00adcy otrzy\u00adma\u00adj\u0105 pomoc\u00adne wska\u00adz\u00f3w\u00adki, jak przy\u00adgo\u00adto\u00adwa\u0107 si\u0119 do sytu\u00adacji ubie\u00adga\u00adnia si\u0119 o pra\u00adc\u0119 w nie\u00admiec\u00adkim \u015bro\u00addo\u00adwi\u00adsku&nbsp;pracy.&nbsp;<\/p>\n<p>Kolej\u00adny blok tema\u00adtycz\u00adny doty\u00adczy \u017cycia towa\u00adrzy\u00adskie\u00adgo:<strong> Jak mo\u017c\u00adna zaprzy\u00adja\u017a\u00adni\u0107 si\u0119 w Niem\u00adczech oraz nawi\u0105\u00adza\u0107 i utrzy\u00adma\u0107 kon\u00adtak\u00adty towa\u00adrzy\u00adskie?<\/strong> Jak\u0105 rol\u0119 w codzien\u00adnym \u017cyciu odgry\u00adwa\u00adj\u0105 zaj\u0119\u00adcia rekre\u00adacyj\u00adne, zapro\u00adsze\u00adnia i wymia\u00adny? Ponad\u00adto zapre\u00adzen\u00adto\u00adwa\u00adne zosta\u00adn\u0105 kon\u00adkret\u00adne ofer\u00adty z regio\u00adnu Karls\u00adru\u00adhe \u2014 w tym klu\u00adby, wyda\u00adrze\u00adnia i festi\u00adwa\u00adle \u2014 kt\u00f3\u00adre mog\u0105 s\u0142u\u00ad\u017cy\u0107 jako punk\u00adty wyj\u00ad\u015bcia do nowych spotka\u0144.&nbsp;<\/p>\n<h4><span style=\"color: #008080;\"><strong>\ud83d\udca1 Wa\u017c\u00adne<\/strong><\/span><\/h4>\n<p><strong>Pod\u00adczas reje\u00adstra\u00adcji w polu \u201cWarum neh\u00admen Sie an der Veran\u00adstal\u00adtung teil?\u201d nale\u00ad\u017cy zazna\u00adczy\u0107, czy okr\u0105\u00adg\u0142y st\u00f3\u0142 ma si\u0119 odby\u0107 w j\u0119zy\u00adku angiel\u00adskim czy niemieckim.<\/strong><\/p>\n<h4><strong>\ud83c\udfa4 <\/strong><span style=\"color: #008080;\"><strong>G\u0142o\u00ad\u015bnik <\/strong><\/span> <\/h4>\n<p>Elke M\u00fcl\u00adler jest w\u0142a\u00ad\u015bci\u00adciel\u00adk\u0105 com\u00adpass inter\u00adna\u00adtio\u00adnal gmbh w Stut\u00adt\u00adgar\u00adcie, eko\u00adno\u00admist\u00adk\u0105 spe\u00adcja\u00adli\u00adzu\u00adj\u0105\u00adc\u0105 si\u0119 w zarz\u0105\u00addza\u00adniu zaso\u00adba\u00admi ludz\u00adki\u00admi. Jako tre\u00adner, jej g\u0142\u00f3w\u00adny\u00admi tema\u00adta\u00admi s\u0105 uwra\u017c\u00adli\u00adwie\u00adnie mi\u0119\u00addzy\u00adkul\u00adtu\u00adro\u00adwe, warsz\u00adta\u00adty z zakre\u00adsu prze\u00adciw\u00addzia\u00ad\u0142a\u00adnia dys\u00adkry\u00admi\u00adna\u00adcji lub uwra\u017c\u00adli\u00adwie\u00adnie na r\u00f3\u017c\u00adno\u00adrod\u00adno\u015b\u0107 \u2014 g\u0142\u00f3w\u00adnie dla mene\u00add\u017ce\u00adr\u00f3w lub zr\u00f3\u017c\u00adni\u00adco\u00adwa\u00adnych zespo\u00ad\u0142\u00f3w. Jako kon\u00adsul\u00adtant\u00adka zaj\u00admu\u00adje si\u0119 taki\u00admi tema\u00adta\u00admi jak inter\u00adna\u00adcjo\u00adna\u00adli\u00adza\u00adcja w sek\u00adto\u00adrze HR, wpro\u00adwa\u00addza\u00adnie i wdra\u00ad\u017ca\u00adnie pro\u00adjek\u00adt\u00f3w doty\u00adcz\u0105\u00adcych r\u00f3\u017c\u00adno\u00adrod\u00adno\u00ad\u015bci i inte\u00adgra\u00adcji, a tak\u00ad\u017ce stra\u00adte\u00adgicz\u00adne wdra\u00ad\u017ca\u00adnie mi\u0119\u00addzy\u00adna\u00adro\u00addo\u00adwych pracownik\u00f3w.&nbsp;<\/p>\n<h2>\ud83d\udc49\ud83c\udffd <span style=\"color: #800080;\"><a style=\"color: #800080;\" href=\"https:\/\/www.cyberforum.de\/veranstaltungen\/anmeldung?tx_wrcyberforumevents_register%5Baction%5D=login&amp;tx_wrcyberforumevents_register%5Bcontroller%5D=Registration&amp;tx_wrcyberforumevents_register%5Bevent%5D=9689&amp;cHash=24a78d60c41712fc13dc0738b42d1cf2\" rel=\"noopener\">Reje\u00adstra\u00adcja<\/a><\/span><\/h2>\n","protected":false},"author":12,"featured_media":59096,"template":"","class_list":["post-61296","event","type-event","status-publish","has-post-thumbnail","hentry","event_category-pomoc-pl"],"acf":{"event-recurring":false,"event-category":185,"event-is-language-course":false,"event-recurring-still-active":true,"event-display-details":true,"event-schedules-recurring":null,"event-schedules-calendar":[{"event-calendar-day":"20250605","event-calendar-time":"09:00 - 11:00","event-calendar-time-text":""}],"event-is-online":true,"event-online-url":"","event-location-building":"","event-location-street":"","event-location-zip":"","event-location-city":"","event-location-contact-person":"","event-location-phone":"","event-location-phone-2":"","event-location-mail":"","event-location-mail-2":"","event-location-website":"https:\/\/www.cyberforum.de\/veranstaltungen\/quickn-easy-germany-05-06-2025","event-target-group":null,"event-target-group-comment":"RoundTable jest skierowany przede wszystkim do mi\u0119dzynarodowych profesjonalist\u00f3w, ale tak\u017ce do cz\u0142onk\u00f3w ich rodzin lub partner\u00f3w.","event-free":true,"event-organiser":[8966],"event-header-copyright-overlay":true,"event-copyright-note-description-end":false},"featured_image_urls_v2":{"full":["https:\/\/www.anika-net.de\/wp-content\/uploads\/2025\/02\/webinar-links-seo-hand-cyberspace-concept-scaled.jpg",2560,2560,false],"thumbnail":["https:\/\/www.anika-net.de\/wp-content\/uploads\/2025\/02\/webinar-links-seo-hand-cyberspace-concept-150x150.jpg",150,150,true],"medium":["https:\/\/www.anika-net.de\/wp-content\/uploads\/2025\/02\/webinar-links-seo-hand-cyberspace-concept-300x300.jpg",300,300,true],"medium_large":["https:\/\/www.anika-net.de\/wp-content\/uploads\/2025\/02\/webinar-links-seo-hand-cyberspace-concept-768x768.jpg",640,640,true],"large":["https:\/\/www.anika-net.de\/wp-content\/uploads\/2025\/02\/webinar-links-seo-hand-cyberspace-concept-1024x1024.jpg",640,640,true],"1536x1536":["https:\/\/www.anika-net.de\/wp-content\/uploads\/2025\/02\/webinar-links-seo-hand-cyberspace-concept-1536x1536.jpg",1536,1536,true],"2048x2048":["https:\/\/www.anika-net.de\/wp-content\/uploads\/2025\/02\/webinar-links-seo-hand-cyberspace-concept-2048x2048.jpg",2048,2048,true],"event-overview":["https:\/\/www.anika-net.de\/wp-content\/uploads\/2025\/02\/webinar-links-seo-hand-cyberspace-concept-960x640.jpg",960,640,true],"event-archive-thumb":["https:\/\/www.anika-net.de\/wp-content\/uploads\/2025\/02\/webinar-links-seo-hand-cyberspace-concept-480x480.jpg",480,480,true],"grid-item-thumbnail":["https:\/\/www.anika-net.de\/wp-content\/uploads\/2025\/02\/webinar-links-seo-hand-cyberspace-concept-360x200.jpg",360,200,true],"network-partner-icon":["https:\/\/www.anika-net.de\/wp-content\/uploads\/2025\/02\/webinar-links-seo-hand-cyberspace-concept-100x100.jpg",100,100,true],"organiser-icon":["https:\/\/www.anika-net.de\/wp-content\/uploads\/2025\/02\/webinar-links-seo-hand-cyberspace-concept-200x200.jpg",200,200,true],"gform-image-choice-sm":["https:\/\/www.anika-net.de\/wp-content\/uploads\/2025\/02\/webinar-links-seo-hand-cyberspace-concept-scaled.jpg",300,300,false],"gform-image-choice-md":["https:\/\/www.anika-net.de\/wp-content\/uploads\/2025\/02\/webinar-links-seo-hand-cyberspace-concept-scaled.jpg",400,400,false],"gform-image-choice-lg":["https:\/\/www.anika-net.de\/wp-content\/uploads\/2025\/02\/webinar-links-seo-hand-cyberspace-concept-scaled.jpg",600,600,false]},"post_excerpt_stackable_v2":"<p>Zro\u00adzu\u00admie\u0107 Niem\u00adcy: Mi\u0119\u00addzy\u00adkul\u00adtu\u00adro\u00adwe aspek\u00adty \u017cycia i pra\u00adcy w Niem\u00adczech Szyb\u00adkie i \u0142atwe Niem\u00adcy To Think\u00adcen\u00adter ofe\u00adru\u00adje prak\u00adtycz\u00adne i inte\u00adrak\u00adtyw\u00adne wpro\u00adwa\u00addze\u00adnie do tema\u00adtu \u201c\u017bycie i przy\u00adjazd do Nie\u00admiec\u201d. Przyj\u00adrzy\u00admy si\u0119 pokr\u00f3t\u00adce fun\u00adda\u00admen\u00adtal\u00adne\u00admu pyta\u00adniu: Czym jest kul\u00adtu\u00adra \u2014 i w jaki spo\u00ads\u00f3b kszta\u0142\u00adtu\u00adje ona nasze my\u015bli, dzia\u00ad\u0142a\u00adnia i ocze\u00adki\u00adwa\u00adnia? W tym kon\u00adtek\u00ad\u015bcie przyj\u00adrzy\u00admy si\u0119 r\u00f3w\u00adnie\u017c typo\u00adwym cechom, kt\u00f3\u00adre cz\u0119\u00adsto koja\u00adrzo\u00adne s\u0105 z \u201cNiem\u00adca\u00admi\u201d. Celem jest wst\u0119p\u00adne zro\u00adzu\u00admie\u00adnie r\u00f3\u017c\u00adnic i podo\u00adbie\u0144stw kul\u00adtu\u00adro\u00adwych.&nbsp; Nast\u0119p\u00adnie uczest\u00adni\u00adcy b\u0119d\u0105 mie\u00adli mo\u017c\u00adli\u00adwo\u015b\u0107 zasta\u00adno\u00adwie\u00adnia si\u0119 nad w\u0142a\u00adsny\u00admi do\u015bwiad\u00adcze\u00adnia\u00admi mi\u0119\u00addzy\u00adkul\u00adtu\u00adro\u00adwy\u00admi w ma\u0142ych gru\u00adpach. Kt\u00f3\u00adre spo\u00adtka\u00adnia by\u0142y szcze\u00adg\u00f3l\u00adnie kszta\u0142\u00adtu\u00adj\u0105\u00adce? Co spra\u00adwi\u00ad\u0142o, \u017ce by\u0142y one pozy\u00adtyw\u00adne lub sta\u00adno\u00adwi\u00ad\u0142y wyzwa\u00adnie? Wymia\u00adna s\u0142u\u00ad\u017cy poszerzeniu\u2026<\/p>\n","category_list_v2":"","author_info_v2":{"name":"Andrea Ramirez","url":"https:\/\/www.anika-net.de\/pl\/author\/andrea-ramirez\/"},"comments_num_v2":"0 comments","uagb_featured_image_src":{"full":["https:\/\/www.anika-net.de\/wp-content\/uploads\/2025\/02\/webinar-links-seo-hand-cyberspace-concept-scaled.jpg",2560,2560,false],"thumbnail":["https:\/\/www.anika-net.de\/wp-content\/uploads\/2025\/02\/webinar-links-seo-hand-cyberspace-concept-150x150.jpg",150,150,true],"medium":["https:\/\/www.anika-net.de\/wp-content\/uploads\/2025\/02\/webinar-links-seo-hand-cyberspace-concept-300x300.jpg",300,300,true],"medium_large":["https:\/\/www.anika-net.de\/wp-content\/uploads\/2025\/02\/webinar-links-seo-hand-cyberspace-concept-768x768.jpg",640,640,true],"large":["https:\/\/www.anika-net.de\/wp-content\/uploads\/2025\/02\/webinar-links-seo-hand-cyberspace-concept-1024x1024.jpg",640,640,true],"1536x1536":["https:\/\/www.anika-net.de\/wp-content\/uploads\/2025\/02\/webinar-links-seo-hand-cyberspace-concept-1536x1536.jpg",1536,1536,true],"2048x2048":["https:\/\/www.anika-net.de\/wp-content\/uploads\/2025\/02\/webinar-links-seo-hand-cyberspace-concept-2048x2048.jpg",2048,2048,true],"event-overview":["https:\/\/www.anika-net.de\/wp-content\/uploads\/2025\/02\/webinar-links-seo-hand-cyberspace-concept-960x640.jpg",960,640,true],"event-archive-thumb":["https:\/\/www.anika-net.de\/wp-content\/uploads\/2025\/02\/webinar-links-seo-hand-cyberspace-concept-480x480.jpg",480,480,true],"grid-item-thumbnail":["https:\/\/www.anika-net.de\/wp-content\/uploads\/2025\/02\/webinar-links-seo-hand-cyberspace-concept-360x200.jpg",360,200,true],"network-partner-icon":["https:\/\/www.anika-net.de\/wp-content\/uploads\/2025\/02\/webinar-links-seo-hand-cyberspace-concept-100x100.jpg",100,100,true],"organiser-icon":["https:\/\/www.anika-net.de\/wp-content\/uploads\/2025\/02\/webinar-links-seo-hand-cyberspace-concept-200x200.jpg",200,200,true],"gform-image-choice-sm":["https:\/\/www.anika-net.de\/wp-content\/uploads\/2025\/02\/webinar-links-seo-hand-cyberspace-concept-scaled.jpg",300,300,false],"gform-image-choice-md":["https:\/\/www.anika-net.de\/wp-content\/uploads\/2025\/02\/webinar-links-seo-hand-cyberspace-concept-scaled.jpg",400,400,false],"gform-image-choice-lg":["https:\/\/www.anika-net.de\/wp-content\/uploads\/2025\/02\/webinar-links-seo-hand-cyberspace-concept-scaled.jpg",600,600,false]},"uagb_author_info":{"display_name":"Andrea Ramirez","author_link":"https:\/\/www.anika-net.de\/pl\/author\/andrea-ramirez\/"},"uagb_comment_info":0,"uagb_excerpt":"Zro\u00adzu\u00admie\u0107 Niem\u00adcy: Mi\u0119\u00addzy\u00adkul\u00adtu\u00adro\u00adwe aspek\u00adty \u017cycia i pra\u00adcy w Niemczech Szyb\u00adkie i \u0142atwe Niemcy To Think\u00adcen\u00adter ofe\u00adru\u00adje prak\u00adtycz\u00adne i inte\u00adrak\u00adtyw\u00adne wpro\u00adwa\u00addze\u00adnie do tema\u00adtu \u201c\u017bycie i przy\u00adjazd do Nie\u00admiec\u201d. Przyj\u00adrzy\u00admy si\u0119 pokr\u00f3t\u00adce&nbsp;czytaj wi\u0119cej","_links":{"self":[{"href":"https:\/\/www.anika-net.de\/pl\/wp-json\/wp\/v2\/event\/61296","targetHints":{"allow":["GET"]}}],"collection":[{"href":"https:\/\/www.anika-net.de\/pl\/wp-json\/wp\/v2\/event"}],"about":[{"href":"https:\/\/www.anika-net.de\/pl\/wp-json\/wp\/v2\/types\/event"}],"author":[{"embeddable":true,"href":"https:\/\/www.anika-net.de\/pl\/wp-json\/wp\/v2\/users\/12"}],"version-history":[{"count":0,"href":"https:\/\/www.anika-net.de\/pl\/wp-json\/wp\/v2\/event\/61296\/revisions"}],"acf:post":[{"embeddable":true,"href":"https:\/\/www.anika-net.de\/pl\/wp-json\/wp\/v2\/organiser\/8966"}],"acf:term":[{"embeddable":true,"taxonomy":"event_category","href":"https:\/\/www.anika-net.de\/pl\/wp-json\/wp\/v2\/event_category\/185"}],"wp:featuredmedia":[{"embeddable":true,"href":"https:\/\/www.anika-net.de\/pl\/wp-json\/wp\/v2\/media\/59096"}],"wp:attachment":[{"href":"https:\/\/www.anika-net.de\/pl\/wp-json\/wp\/v2\/media?parent=61296"}],"curies":[{"name":"wp","href":"https:\/\/api.w.org\/{rel}","templated":true}]}}