{"id":61218,"date":"2025-05-14T10:46:18","date_gmt":"2025-05-14T08:46:18","guid":{"rendered":"https:\/\/www.anika-net.de\/event\/bezplatne-kursy-jazdy-na-rolkach-2025\/"},"modified":"2025-05-14T10:59:39","modified_gmt":"2025-05-14T08:59:39","slug":"bezplatne-kursy-jazdy-na-rolkach-2025","status":"publish","type":"event","link":"https:\/\/www.anika-net.de\/pl\/event\/bezplatne-kursy-jazdy-na-rolkach-2025\/","title":{"rendered":"Bez\u00adp\u0142at\u00adne kur\u00adsy jaz\u00addy na rol\u00adkach&nbsp;2025"},"content":{"rendered":"<h4><span style=\"color: #808080;\">Kur\u00adsy z prze\u00adwod\u00adni\u00adkiem dla pocz\u0105t\u00adku\u00adj\u0105\u00adcych i zaawan\u00adso\u00adwa\u00adnych rolkarzy<\/span><\/h4>\n<h1><span style=\"color: #333399;\">Bez\u00adp\u0142at\u00adne kur\u00adsy jaz\u00addy na rol\u00adkach&nbsp;2025<\/span><\/h1>\n<blockquote>\n<h3><span style=\"color: #800080;\">Bez\u00adp\u0142at\u00adny tre\u00adning Inli\u00adne dla dzie\u00adci w wie\u00adku od ok. 5 do 10 lat. Bezp\u0142atnie.<br>\nW ramach pro\u00adgra\u00admu \u201cPro\u00adgram spo\u00ad\u0142ecz\u00adny poprzez sport\u201d we wsp\u00f3\u0142\u00adpra\u00adcy z \u201cCaros Inli\u00adne Academy\u201d.&nbsp;<\/span><\/h3>\n<\/blockquote>\n<p>Bez\u00adp\u0142at\u00adne kur\u00adsy jaz\u00addy na rol\u00adkach 2025 odby\u00adwa\u00adj\u0105 si\u0119 w pi\u0119\u00adciu ska\u00adte\u00adpar\u00adkach w r\u00f3\u017c\u00adnych cz\u0119\u00ad\u015bciach mia\u00adsta. Tutaj pocz\u0105t\u00adku\u00adj\u0105\u00adcy ucz\u0105 si\u0119 jaz\u00addy na rol\u00adkach w zabaw\u00adny spo\u00ads\u00f3b. Zaawan\u00adso\u00adwa\u00adni rol\u00adka\u00adrze maj\u0105 oka\u00adzj\u0119 popra\u00adwi\u0107 swo\u00adje bez\u00adpie\u00adcze\u0144\u00adstwo i tech\u00adni\u00adk\u0119, a\u017c do jaz\u00addy na r\u00f3\u017c\u00adnych rampach.&nbsp;<\/p>\n<p><strong>\ud83d\udd52 Kur\u00adsy odby\u00adwa\u00adj\u0105 si\u0119 w godzi\u00adnach od 15:00 do 17:00<\/strong><\/p>\n<p><span style=\"color: #008080;\"><strong>Nale\u00ad\u017cy zabra\u0107 ze&nbsp;sob\u0105:<\/strong><\/span><br>\n\ud83d\udefc \u0141y\u017c\u00adwo\u00adrol\u00adki, kask, ochra\u00adnia\u00adcze na kola\u00adna, \u0142ok\u00adcie i nad\u00adgarst\u00adki. Bra\u00adku\u00adj\u0105\u00adcy sprz\u0119t mo\u017c\u00adna wypo\u00ad\u017cy\u00adczy\u0107 bez\u00adp\u0142at\u00adnie za kau\u00adcj\u0105 (na miejscu).<\/p>\n<p>\u2757 Uczest\u00adnic\u00adtwo bez pe\u0142\u00adne\u00adgo wypo\u00adsa\u00ad\u017ce\u00adnia ochron\u00adne\u00adgo nie jest mo\u017cliwe!<br>\n<strong>\u2705 Reje\u00adstra\u00adcja<\/strong> na kurs <strong>nie jest konieczna.<br>\n\ud83d\udefc Je\u015bli potrze\u00adbu\u00adjesz sprz\u0119\u00adtu<\/strong>, wy\u015blij e\u2011mail na adres: <strong>sport@sus.karlsruhe.de<\/strong><br>\n W przy\u00adpad\u00adku desz\u00adczu kurs si\u0119 nie odb\u0119dzie!\u2614&nbsp;<\/p>\n<p>Pro\u00adfe\u00adsjo\u00adna\u00adli\u00adsta inli\u00adne nauczy Ci\u0119 pierw\u00adszych kro\u00adk\u00f3w inli\u00adne, po\u0107wi\u00adczy bez\u00adbo\u00adle\u00adsne upad\u00adki, bez\u00adpiecz\u00adne hamo\u00adwa\u00adnie i jaz\u00add\u0119 po rampach.<br>\n<span style=\"color: #008080;\"><em>Znaj\u00addu\u00adj\u0105 si\u0119 tu r\u00f3w\u00adnie\u017c pora\u00addy i tri\u00adki doty\u00adcz\u0105\u00adce rolek i jaz\u00addy na&nbsp;nich.<\/em><\/span><\/p>\n","protected":false},"author":12,"featured_media":49385,"template":"","class_list":["post-61218","event","type-event","status-publish","has-post-thumbnail","hentry","event_category-rekreacja"],"acf":{"event-recurring":false,"event-category":184,"event-is-language-course":false,"event-recurring-still-active":true,"event-display-details":true,"event-schedules-recurring":null,"event-schedules-calendar":[{"event-calendar-day":"20260521","event-calendar-time":"","event-calendar-time-text":"Skateplatz Durlach-Aue (Killisfeld, Fiduciastra\u00dfe)"},{"event-calendar-day":"20260528","event-calendar-time":"","event-calendar-time-text":"Skateplatz Daxlanden (Vorderstra\u00dfe, Daxlander Stra\u00dfe)"},{"event-calendar-day":"20260608","event-calendar-time":"","event-calendar-time-text":"Skateplatz Oberrreut (am Badeniaplatz)"},{"event-calendar-day":"20260618","event-calendar-time":"","event-calendar-time-text":"Skateplatz Gr\u00fcnwettersbach (Th\u00fcringer Stra\u00dfe)"},{"event-calendar-day":"20260623","event-calendar-time":"","event-calendar-time-text":"Skateplatz Europahalle (Vorplatz)"}],"event-is-online":false,"event-online-url":"","event-location-building":"Various locations","event-location-street":"","event-location-zip":"","event-location-city":"Karlsruhe","event-location-contact-person":"Schul- und Sportamt - Stadt Karlsruhe","event-location-phone":"0721\/ 133-41 68","event-location-phone-2":"","event-location-mail":"sport@sus.karlsruhe.de","event-location-mail-2":"","event-location-website":"https:\/\/www.karlsruhe.de\/kultur-freizeit\/sport-in-karlsruhe","event-target-group":[{"target-group":"children"}],"event-target-group-comment":"dla dzieci w wieku od 5 do 10 lat","event-free":true,"event-organiser":[10720],"event-header-copyright-overlay":true,"event-copyright-note-description-end":false},"featured_image_urls_v2":{"full":["https:\/\/www.anika-net.de\/wp-content\/uploads\/2024\/05\/defocused-side-view-roller-blades-scaled.jpg",2560,1707,false],"thumbnail":["https:\/\/www.anika-net.de\/wp-content\/uploads\/2024\/05\/defocused-side-view-roller-blades-150x150.jpg",150,150,true],"medium":["https:\/\/www.anika-net.de\/wp-content\/uploads\/2024\/05\/defocused-side-view-roller-blades-300x200.jpg",300,200,true],"medium_large":["https:\/\/www.anika-net.de\/wp-content\/uploads\/2024\/05\/defocused-side-view-roller-blades-768x512.jpg",640,427,true],"large":["https:\/\/www.anika-net.de\/wp-content\/uploads\/2024\/05\/defocused-side-view-roller-blades-1024x683.jpg",640,427,true],"1536x1536":["https:\/\/www.anika-net.de\/wp-content\/uploads\/2024\/05\/defocused-side-view-roller-blades-1536x1024.jpg",1536,1024,true],"2048x2048":["https:\/\/www.anika-net.de\/wp-content\/uploads\/2024\/05\/defocused-side-view-roller-blades-2048x1365.jpg",2048,1365,true],"event-overview":["https:\/\/www.anika-net.de\/wp-content\/uploads\/2024\/05\/defocused-side-view-roller-blades-960x640.jpg",960,640,true],"event-archive-thumb":["https:\/\/www.anika-net.de\/wp-content\/uploads\/2024\/05\/defocused-side-view-roller-blades-480x320.jpg",480,320,true],"grid-item-thumbnail":["https:\/\/www.anika-net.de\/wp-content\/uploads\/2024\/05\/defocused-side-view-roller-blades-360x200.jpg",360,200,true],"network-partner-icon":["https:\/\/www.anika-net.de\/wp-content\/uploads\/2024\/05\/defocused-side-view-roller-blades-100x100.jpg",100,100,true],"organiser-icon":["https:\/\/www.anika-net.de\/wp-content\/uploads\/2024\/05\/defocused-side-view-roller-blades-200x200.jpg",200,200,true],"gform-image-choice-sm":["https:\/\/www.anika-net.de\/wp-content\/uploads\/2024\/05\/defocused-side-view-roller-blades-scaled.jpg",300,200,false],"gform-image-choice-md":["https:\/\/www.anika-net.de\/wp-content\/uploads\/2024\/05\/defocused-side-view-roller-blades-scaled.jpg",400,267,false],"gform-image-choice-lg":["https:\/\/www.anika-net.de\/wp-content\/uploads\/2024\/05\/defocused-side-view-roller-blades-scaled.jpg",600,400,false]},"post_excerpt_stackable_v2":"<p>Kur\u00adsy z prze\u00adwod\u00adni\u00adkiem dla pocz\u0105t\u00adku\u00adj\u0105\u00adcych i zaawan\u00adso\u00adwa\u00adnych rol\u00adka\u00adrzy Bez\u00adp\u0142at\u00adne kur\u00adsy jaz\u00addy na rol\u00adkach&nbsp;2025 Bez\u00adp\u0142at\u00adny tre\u00adning Inli\u00adne dla dzie\u00adci w wie\u00adku od ok. 5 do 10 lat. Bez\u00adp\u0142at\u00adnie. W ramach pro\u00adgra\u00admu \u201cPro\u00adgram spo\u00ad\u0142ecz\u00adny poprzez sport\u201d we wsp\u00f3\u0142\u00adpra\u00adcy z \u201cCaros Inli\u00adne Aca\u00adde\u00admy\u201d.&nbsp; Bez\u00adp\u0142at\u00adne kur\u00adsy jaz\u00addy na rol\u00adkach 2025 odby\u00adwa\u00adj\u0105 si\u0119 w pi\u0119\u00adciu ska\u00adte\u00adpar\u00adkach w r\u00f3\u017c\u00adnych cz\u0119\u00ad\u015bciach mia\u00adsta. Tutaj pocz\u0105t\u00adku\u00adj\u0105\u00adcy ucz\u0105 si\u0119 jaz\u00addy na rol\u00adkach w zabaw\u00adny spo\u00ads\u00f3b. Zaawan\u00adso\u00adwa\u00adni rol\u00adka\u00adrze maj\u0105 oka\u00adzj\u0119 popra\u00adwi\u0107 swo\u00adje bez\u00adpie\u00adcze\u0144\u00adstwo i tech\u00adni\u00adk\u0119, a\u017c do jaz\u00addy na r\u00f3\u017c\u00adnych ram\u00adpach.&nbsp; \ud83d\udd52 Kur\u00adsy odby\u00adwa\u00adj\u0105 si\u0119 w godzi\u00adnach od 15:00 do 17:00 Nale\u00ad\u017cy zabra\u0107 ze&nbsp;sob\u0105: \ud83d\udefc \u0141y\u017c\u00adwo\u00adrol\u00adki, kask, ochra\u00adnia\u00adcze na kola\u00adna, \u0142okcie\u2026<\/p>\n","category_list_v2":"","author_info_v2":{"name":"Andrea Ramirez","url":"https:\/\/www.anika-net.de\/pl\/author\/andrea-ramirez\/"},"comments_num_v2":"0 comments","uagb_featured_image_src":{"full":["https:\/\/www.anika-net.de\/wp-content\/uploads\/2024\/05\/defocused-side-view-roller-blades-scaled.jpg",2560,1707,false],"thumbnail":["https:\/\/www.anika-net.de\/wp-content\/uploads\/2024\/05\/defocused-side-view-roller-blades-150x150.jpg",150,150,true],"medium":["https:\/\/www.anika-net.de\/wp-content\/uploads\/2024\/05\/defocused-side-view-roller-blades-300x200.jpg",300,200,true],"medium_large":["https:\/\/www.anika-net.de\/wp-content\/uploads\/2024\/05\/defocused-side-view-roller-blades-768x512.jpg",640,427,true],"large":["https:\/\/www.anika-net.de\/wp-content\/uploads\/2024\/05\/defocused-side-view-roller-blades-1024x683.jpg",640,427,true],"1536x1536":["https:\/\/www.anika-net.de\/wp-content\/uploads\/2024\/05\/defocused-side-view-roller-blades-1536x1024.jpg",1536,1024,true],"2048x2048":["https:\/\/www.anika-net.de\/wp-content\/uploads\/2024\/05\/defocused-side-view-roller-blades-2048x1365.jpg",2048,1365,true],"event-overview":["https:\/\/www.anika-net.de\/wp-content\/uploads\/2024\/05\/defocused-side-view-roller-blades-960x640.jpg",960,640,true],"event-archive-thumb":["https:\/\/www.anika-net.de\/wp-content\/uploads\/2024\/05\/defocused-side-view-roller-blades-480x320.jpg",480,320,true],"grid-item-thumbnail":["https:\/\/www.anika-net.de\/wp-content\/uploads\/2024\/05\/defocused-side-view-roller-blades-360x200.jpg",360,200,true],"network-partner-icon":["https:\/\/www.anika-net.de\/wp-content\/uploads\/2024\/05\/defocused-side-view-roller-blades-100x100.jpg",100,100,true],"organiser-icon":["https:\/\/www.anika-net.de\/wp-content\/uploads\/2024\/05\/defocused-side-view-roller-blades-200x200.jpg",200,200,true],"gform-image-choice-sm":["https:\/\/www.anika-net.de\/wp-content\/uploads\/2024\/05\/defocused-side-view-roller-blades-scaled.jpg",300,200,false],"gform-image-choice-md":["https:\/\/www.anika-net.de\/wp-content\/uploads\/2024\/05\/defocused-side-view-roller-blades-scaled.jpg",400,267,false],"gform-image-choice-lg":["https:\/\/www.anika-net.de\/wp-content\/uploads\/2024\/05\/defocused-side-view-roller-blades-scaled.jpg",600,400,false]},"uagb_author_info":{"display_name":"Andrea Ramirez","author_link":"https:\/\/www.anika-net.de\/pl\/author\/andrea-ramirez\/"},"uagb_comment_info":0,"uagb_excerpt":"Kur\u00adsy z prze\u00adwod\u00adni\u00adkiem dla pocz\u0105t\u00adku\u00adj\u0105\u00adcych i zaawan\u00adso\u00adwa\u00adnych rolkarzy Bez\u00adp\u0142at\u00adne kur\u00adsy jaz\u00addy na rol\u00adkach&nbsp;2025 Bez\u00adp\u0142at\u00adny tre\u00adning Inli\u00adne dla dzie\u00adci w wie\u00adku od ok. 5 do 10 lat. Bezp\u0142atnie. W ramach pro\u00adgra\u00admu&nbsp;czytaj wi\u0119cej","_links":{"self":[{"href":"https:\/\/www.anika-net.de\/pl\/wp-json\/wp\/v2\/event\/61218","targetHints":{"allow":["GET"]}}],"collection":[{"href":"https:\/\/www.anika-net.de\/pl\/wp-json\/wp\/v2\/event"}],"about":[{"href":"https:\/\/www.anika-net.de\/pl\/wp-json\/wp\/v2\/types\/event"}],"author":[{"embeddable":true,"href":"https:\/\/www.anika-net.de\/pl\/wp-json\/wp\/v2\/users\/12"}],"version-history":[{"count":1,"href":"https:\/\/www.anika-net.de\/pl\/wp-json\/wp\/v2\/event\/61218\/revisions"}],"predecessor-version":[{"id":61231,"href":"https:\/\/www.anika-net.de\/pl\/wp-json\/wp\/v2\/event\/61218\/revisions\/61231"}],"acf:post":[{"embeddable":true,"href":"https:\/\/www.anika-net.de\/pl\/wp-json\/wp\/v2\/organiser\/10720"}],"acf:term":[{"embeddable":true,"taxonomy":"event_category","href":"https:\/\/www.anika-net.de\/pl\/wp-json\/wp\/v2\/event_category\/184"}],"wp:featuredmedia":[{"embeddable":true,"href":"https:\/\/www.anika-net.de\/pl\/wp-json\/wp\/v2\/media\/49385"}],"wp:attachment":[{"href":"https:\/\/www.anika-net.de\/pl\/wp-json\/wp\/v2\/media?parent=61218"}],"curies":[{"name":"wp","href":"https:\/\/api.w.org\/{rel}","templated":true}]}}