{"id":59271,"date":"2025-03-04T10:17:15","date_gmt":"2025-03-04T09:17:15","guid":{"rendered":"https:\/\/www.anika-net.de\/event\/kurs-jezyka-niemieckiego-prowadzony-przez-asta-kit-2025\/"},"modified":"2025-04-17T15:34:57","modified_gmt":"2025-04-17T13:34:57","slug":"kurs-jezyka-niemieckiego-prowadzony-przez-asta-kit-2025","status":"publish","type":"event","link":"https:\/\/www.anika-net.de\/pl\/event\/kurs-jezyka-niemieckiego-prowadzony-przez-asta-kit-2025\/","title":{"rendered":"Kurs j\u0119zy\u00adka nie\u00admiec\u00adkie\u00adgo pro\u00adwa\u00addzo\u00adny przez AStA \u2014 KIT&nbsp;2025"},"content":{"rendered":"<h1><span style=\"color: #ffcc00;\">Kurs j\u0119zy\u00adka nie\u00admiec\u00adkie\u00adgo pro\u00adwa\u00addzo\u00adny przez AStA&nbsp;2025<\/span><\/h1>\n<div><strong>Jeste\u015b zain\u00adte\u00adre\u00adso\u00adwa\u00adny pod\u00adj\u0119\u00adciem stu\u00addi\u00f3w w Niemczech?<\/strong><br>\nJe\u015bli Tw\u00f3j poziom j\u0119zy\u00adka jest wy\u017c\u00adszy ni\u017c A2, mo\u017cesz zare\u00adje\u00adstro\u00adwa\u0107 si\u0119 na nasz kurs j\u0119zy\u00adka niemieckiego.<\/div>\n<div><\/div>\n<div><strong>Gru\u00adpa doce\u00adlo\u00adwa:<\/strong> Nasze kur\u00adsy s\u0105 skie\u00adro\u00adwa\u00adne do zapi\u00adsa\u00adnych stu\u00adden\u00adt\u00f3w i os\u00f3b nie\u00adb\u0119\u00add\u0105\u00adcych stu\u00adden\u00adta\u00admi, kt\u00f3\u00adrzy chc\u0105 stu\u00addio\u00adwa\u0107 w Niem\u00adczech na p\u00f3\u017a\u00adniej\u00adszym etapie.<\/div>\n<h3><strong><a href=\"https:\/\/www.asta-kit.de\/de\/angebote\/deutschkurs\/aktuelle-kurse\" rel=\"noopener\">Daty i ceny kurs\u00f3w<\/a><\/strong><\/h3>\n<p>\ud83d\udcc6 <span style=\"color: #808080;\"><strong> Data kur\u00adsu:<\/strong><\/span> <strong>05.05.2025<\/strong> <strong>do pocz\u0105t\u00adku sierpnia<\/strong><\/p>\n<p><span style=\"color: #666699;\"><strong>Test kwa\u00adli\u00adfi\u00adka\u00adcyj\u00adny: 29.04.2025 (pisem\u00adny)<\/strong><\/span><\/p>\n<p>\ud83d\udcc6<span style=\"color: #808080;\"><strong> Data kur\u00adsu: <\/strong><\/span><strong>16.09.2025 do po\u0142o\u00adwy grudnia<\/strong><br>\n<span style=\"color: #666699;\"><strong>Test kwa\u00adli\u00adfi\u00adka\u00adcyj\u00adny:<\/strong><\/span> 10.09.2025 (pisem\u00adny)<\/p>\n<p><a href=\"https:\/\/www.asta-kit.de\/de\/angebote\/deutschkurs\/anmeldung\" rel=\"noopener\"><strong>Zasto\u00adso\u00adwa\u00adnie<\/strong><\/a><\/p>\n<div>\n<h3><span style=\"color: #008080;\"><strong>Sys\u00adtem kurs\u00f3w<\/strong><\/span><\/h3>\n<p>Stu\u00adden\u00adci zagra\u00adnicz\u00adni musz\u0105 przed\u00adsta\u00adwi\u0107 dow\u00f3d kwa\u00adli\u00adfi\u00adka\u00adcji wst\u0119p\u00adnych na uni\u00adwer\u00adsy\u00adtet, aby m\u00f3c roz\u00adpo\u00adcz\u0105\u0107 stu\u00addia w Niemczech.<\/p>\n<p>Po pomy\u015bl\u00adnym zda\u00adniu <strong>testu DSH2 lub DAF TDN<\/strong> 4 mog\u0105 zosta\u0107 zarejestrowani.<br>\n<strong>Inten\u00adsyw\u00adnie ich do tego przygotowujemy.<\/strong><\/p>\n<p><span style=\"color: #666699;\"><strong>Kur\u00adsy trwa\u00adj\u0105 12 tygo\u00addni i obej\u00admu\u00adj\u0105 240 jed\u00adno\u00adstek dydak\u00adtycz\u00adnych&nbsp;ka\u017cdy<\/strong><\/span><\/p>\n<ul>\n<li>Lek\u00adcje odby\u00adwa\u00adj\u0105 si\u0119 od ponie\u00addzia\u0142\u00adku do pi\u0105tku<\/li>\n<li>Czas trwa\u00adnia kur\u00adsu to 4 jed\u00adnost\u00adki dydak\u00adtycz\u00adne dziennie<\/li>\n<li>Pra\u00adcu\u00adje\u00admy z gra\u00adma\u00adty\u00adk\u0105 \u0107wi\u00adcze\u0144 opu\u00adbli\u00adko\u00adwa\u00adn\u0105 przez Lie\u00adbaug-Dart\u00admann Verlag<\/li>\n<li>Tre\u00adning dla LV, HV i s\u0142ow\u00adnic\u00adtwa jest \u0107wi\u00adczo\u00adny z odpo\u00adwied\u00adni\u00admi kopiami<\/li>\n<\/ul>\n<p><strong><a href=\"https:\/\/www.asta-kit.de\/de\/angebote\/deutschkurs\/kursinhalt\" rel=\"noopener\">Tre\u015b\u0107 kur\u00adsu<\/a><\/strong><\/p>\n<\/div>\n","protected":false},"author":12,"featured_media":59250,"template":"","class_list":["post-59271","event","type-event","status-publish","has-post-thumbnail","hentry","event_category-edukacja"],"acf":{"event-recurring":false,"event-category":182,"event-is-language-course":false,"event-recurring-still-active":true,"event-display-details":true,"event-schedules-recurring":[{"event-recurring-week-day":"3","event-recurring-time":"10:00 - 12:00","event-recurring-time-text":""}],"event-schedules-calendar":[{"event-calendar-day":"20250910","event-calendar-time":"","event-calendar-time-text":""}],"event-is-online":false,"event-online-url":"","event-location-building":"AStA am KIT","event-location-street":"Adenauerring 7","event-location-zip":"76131","event-location-city":"Karlsruhe","event-location-contact-person":"Beat Nizam","event-location-phone":"0721 18123800","event-location-phone-2":"","event-location-mail":"deutschkurse@asta-kit.de","event-location-mail-2":"","event-location-website":"https:\/\/www.asta-kit.de\/angebote\/deutschkurs","event-target-group":[{"target-group":"students"}],"event-target-group-comment":"","event-free":false,"event-organiser":[59239],"event-header-copyright-overlay":true,"event-copyright-note-description-end":false},"featured_image_urls_v2":{"full":["https:\/\/www.anika-net.de\/wp-content\/uploads\/2025\/03\/Asta_kit.png",300,300,false],"thumbnail":["https:\/\/www.anika-net.de\/wp-content\/uploads\/2025\/03\/Asta_kit-150x150.png",150,150,true],"medium":["https:\/\/www.anika-net.de\/wp-content\/uploads\/2025\/03\/Asta_kit.png",300,300,false],"medium_large":["https:\/\/www.anika-net.de\/wp-content\/uploads\/2025\/03\/Asta_kit.png",300,300,false],"large":["https:\/\/www.anika-net.de\/wp-content\/uploads\/2025\/03\/Asta_kit.png",300,300,false],"1536x1536":["https:\/\/www.anika-net.de\/wp-content\/uploads\/2025\/03\/Asta_kit.png",300,300,false],"2048x2048":["https:\/\/www.anika-net.de\/wp-content\/uploads\/2025\/03\/Asta_kit.png",300,300,false],"event-overview":["https:\/\/www.anika-net.de\/wp-content\/uploads\/2025\/03\/Asta_kit.png",300,300,false],"event-archive-thumb":["https:\/\/www.anika-net.de\/wp-content\/uploads\/2025\/03\/Asta_kit.png",300,300,false],"grid-item-thumbnail":["https:\/\/www.anika-net.de\/wp-content\/uploads\/2025\/03\/Asta_kit-300x200.png",300,200,true],"network-partner-icon":["https:\/\/www.anika-net.de\/wp-content\/uploads\/2025\/03\/Asta_kit-100x100.png",100,100,true],"organiser-icon":["https:\/\/www.anika-net.de\/wp-content\/uploads\/2025\/03\/Asta_kit-200x200.png",200,200,true],"gform-image-choice-sm":["https:\/\/www.anika-net.de\/wp-content\/uploads\/2025\/03\/Asta_kit.png",300,300,false],"gform-image-choice-md":["https:\/\/www.anika-net.de\/wp-content\/uploads\/2025\/03\/Asta_kit.png",300,300,false],"gform-image-choice-lg":["https:\/\/www.anika-net.de\/wp-content\/uploads\/2025\/03\/Asta_kit.png",300,300,false]},"post_excerpt_stackable_v2":"<p>Kurs j\u0119zy\u00adka nie\u00admiec\u00adkie\u00adgo pro\u00adwa\u00addzo\u00adny przez AStA&nbsp;2025 Jeste\u015b zain\u00adte\u00adre\u00adso\u00adwa\u00adny pod\u00adj\u0119\u00adciem stu\u00addi\u00f3w w Niem\u00adczech? Je\u015bli Tw\u00f3j poziom j\u0119zy\u00adka jest wy\u017c\u00adszy ni\u017c A2, mo\u017cesz zare\u00adje\u00adstro\u00adwa\u0107 si\u0119 na nasz kurs j\u0119zy\u00adka nie\u00admiec\u00adkie\u00adgo. Gru\u00adpa doce\u00adlo\u00adwa: Nasze kur\u00adsy s\u0105 skie\u00adro\u00adwa\u00adne do zapi\u00adsa\u00adnych stu\u00adden\u00adt\u00f3w i os\u00f3b nie\u00adb\u0119\u00add\u0105\u00adcych stu\u00adden\u00adta\u00admi, kt\u00f3\u00adrzy chc\u0105 stu\u00addio\u00adwa\u0107 w Niem\u00adczech na p\u00f3\u017a\u00adniej\u00adszym eta\u00adpie. Daty i ceny kur\u00ads\u00f3w \ud83d\udcc6 Data kur\u00adsu: 05.05.2025 do pocz\u0105t\u00adku sierp\u00adnia Test kwa\u00adli\u00adfi\u00adka\u00adcyj\u00adny: 29.04.2025 (pisem\u00adny) \ud83d\udcc6 Data kur\u00adsu: 16.09.2025 do po\u0142o\u00adwy grud\u00adnia Test kwa\u00adli\u00adfi\u00adka\u00adcyj\u00adny: 10.09.2025 (pisem\u00adny) Zasto\u00adso\u00adwa\u00adnie Sys\u00adtem kur\u00ads\u00f3w Stu\u00adden\u00adci zagra\u00adnicz\u00adni musz\u0105 przed\u00adsta\u00adwi\u0107 dow\u00f3d kwa\u00adli\u00adfi\u00adka\u00adcji wst\u0119p\u00adnych na uni\u00adwer\u00adsy\u00adtet, aby m\u00f3c roz\u00adpo\u00adcz\u0105\u0107 stu\u00addia w Niem\u00adczech. Po pomy\u015bl\u00adnym zda\u00adniu testu DSH2 lub&nbsp;DAF\u2026<\/p>\n","category_list_v2":"","author_info_v2":{"name":"Andrea Ramirez","url":"https:\/\/www.anika-net.de\/pl\/author\/andrea-ramirez\/"},"comments_num_v2":"0 comments","uagb_featured_image_src":{"full":["https:\/\/www.anika-net.de\/wp-content\/uploads\/2025\/03\/Asta_kit.png",300,300,false],"thumbnail":["https:\/\/www.anika-net.de\/wp-content\/uploads\/2025\/03\/Asta_kit-150x150.png",150,150,true],"medium":["https:\/\/www.anika-net.de\/wp-content\/uploads\/2025\/03\/Asta_kit.png",300,300,false],"medium_large":["https:\/\/www.anika-net.de\/wp-content\/uploads\/2025\/03\/Asta_kit.png",300,300,false],"large":["https:\/\/www.anika-net.de\/wp-content\/uploads\/2025\/03\/Asta_kit.png",300,300,false],"1536x1536":["https:\/\/www.anika-net.de\/wp-content\/uploads\/2025\/03\/Asta_kit.png",300,300,false],"2048x2048":["https:\/\/www.anika-net.de\/wp-content\/uploads\/2025\/03\/Asta_kit.png",300,300,false],"event-overview":["https:\/\/www.anika-net.de\/wp-content\/uploads\/2025\/03\/Asta_kit.png",300,300,false],"event-archive-thumb":["https:\/\/www.anika-net.de\/wp-content\/uploads\/2025\/03\/Asta_kit.png",300,300,false],"grid-item-thumbnail":["https:\/\/www.anika-net.de\/wp-content\/uploads\/2025\/03\/Asta_kit-300x200.png",300,200,true],"network-partner-icon":["https:\/\/www.anika-net.de\/wp-content\/uploads\/2025\/03\/Asta_kit-100x100.png",100,100,true],"organiser-icon":["https:\/\/www.anika-net.de\/wp-content\/uploads\/2025\/03\/Asta_kit-200x200.png",200,200,true],"gform-image-choice-sm":["https:\/\/www.anika-net.de\/wp-content\/uploads\/2025\/03\/Asta_kit.png",300,300,false],"gform-image-choice-md":["https:\/\/www.anika-net.de\/wp-content\/uploads\/2025\/03\/Asta_kit.png",300,300,false],"gform-image-choice-lg":["https:\/\/www.anika-net.de\/wp-content\/uploads\/2025\/03\/Asta_kit.png",300,300,false]},"uagb_author_info":{"display_name":"Andrea Ramirez","author_link":"https:\/\/www.anika-net.de\/pl\/author\/andrea-ramirez\/"},"uagb_comment_info":0,"uagb_excerpt":"Kurs j\u0119zy\u00adka nie\u00admiec\u00adkie\u00adgo pro\u00adwa\u00addzo\u00adny przez AStA&nbsp;2025 Jeste\u015b zain\u00adte\u00adre\u00adso\u00adwa\u00adny pod\u00adj\u0119\u00adciem stu\u00addi\u00f3w w Niemczech? Je\u015bli Tw\u00f3j poziom j\u0119zy\u00adka jest wy\u017c\u00adszy ni\u017c A2, mo\u017cesz zare\u00adje\u00adstro\u00adwa\u0107 si\u0119 na nasz kurs j\u0119zy\u00adka niemieckiego. Gru\u00adpa doce\u00adlo\u00adwa:&nbsp;czytaj wi\u0119cej","_links":{"self":[{"href":"https:\/\/www.anika-net.de\/pl\/wp-json\/wp\/v2\/event\/59271","targetHints":{"allow":["GET"]}}],"collection":[{"href":"https:\/\/www.anika-net.de\/pl\/wp-json\/wp\/v2\/event"}],"about":[{"href":"https:\/\/www.anika-net.de\/pl\/wp-json\/wp\/v2\/types\/event"}],"author":[{"embeddable":true,"href":"https:\/\/www.anika-net.de\/pl\/wp-json\/wp\/v2\/users\/12"}],"version-history":[{"count":1,"href":"https:\/\/www.anika-net.de\/pl\/wp-json\/wp\/v2\/event\/59271\/revisions"}],"predecessor-version":[{"id":60826,"href":"https:\/\/www.anika-net.de\/pl\/wp-json\/wp\/v2\/event\/59271\/revisions\/60826"}],"acf:post":[{"embeddable":true,"href":"https:\/\/www.anika-net.de\/pl\/wp-json\/wp\/v2\/organiser\/59239"}],"acf:term":[{"embeddable":true,"taxonomy":"event_category","href":"https:\/\/www.anika-net.de\/pl\/wp-json\/wp\/v2\/event_category\/182"}],"wp:featuredmedia":[{"embeddable":true,"href":"https:\/\/www.anika-net.de\/pl\/wp-json\/wp\/v2\/media\/59250"}],"wp:attachment":[{"href":"https:\/\/www.anika-net.de\/pl\/wp-json\/wp\/v2\/media?parent=59271"}],"curies":[{"name":"wp","href":"https:\/\/api.w.org\/{rel}","templated":true}]}}