{"id":59219,"date":"2025-03-03T13:21:48","date_gmt":"2025-03-03T12:21:48","guid":{"rendered":"https:\/\/www.anika-net.de\/event\/doradztwo-i-wsparcie-ze-strony-freunde-fur-fremde-e-v\/"},"modified":"2025-04-17T15:34:52","modified_gmt":"2025-04-17T13:34:52","slug":"doradztwo-i-wsparcie-ze-strony-freunde-fur-fremde-e-v","status":"publish","type":"event","link":"https:\/\/www.anika-net.de\/pl\/event\/doradztwo-i-wsparcie-ze-strony-freunde-fur-fremde-e-v\/","title":{"rendered":"Doradz\u00adtwo i wspar\u00adcie ze stro\u00adny Freun\u00adde f\u00fcr Frem\u00adde e.V."},"content":{"rendered":"<h3><span style=\"color: #666699;\"><em>Wspar\u00adcie w kwe\u00adstiach imi\u00adgra\u00adcyj\u00adnych, kon\u00adtak\u00adtach z w\u0142a\u00addza\u00admi, zna\u00adle\u00adzie\u00adniu pra\u00adcy i zakwa\u00adte\u00adro\u00adwa\u00adnia oraz part\u00adner\u00adstwach mi\u0119dzykulturowych.<\/em><\/span><\/h3>\n<h1><span style=\"color: #ffcc00;\">Doradz\u00adtwo i wspar\u00adcie ze stro\u00adny Freun\u00adde f\u00fcr Frem\u00adde e.V.<\/span><\/h1>\n<p>Sto\u00adwa\u00adrzy\u00adsze\u00adnie <em>Freun\u00adde f\u00fcr Frem\u00adde e.V.<\/em> w Karls\u00adru\u00adhe pro\u00admu\u00adje spo\u00adtka\u00adnia mi\u0119\u00addzy Niem\u00adca\u00admi i lud\u017a\u00admi z innych kul\u00adtur w celu u\u0142a\u00adtwie\u00adnia dobre\u00adgo wsp\u00f3\u0142istnienia.<\/p>\n<h4><strong>Nasza pra\u00adca obej\u00admu\u00adje nast\u0119\u00adpu\u00adj\u0105\u00adce g\u0142\u00f3w\u00adne obszary:<\/strong><\/h4>\n<p><span style=\"color: #008080;\"><strong>1. kon\u00adsul\u00adta\u00adcje w sprawie:<\/strong><\/span><\/p>\n<ul>\n<li>Kwe\u00adstie praw\u00adne doty\u00adcz\u0105\u00adce cudzoziemc\u00f3w<\/li>\n<li>Post\u0119\u00adpo\u00adwa\u00adnie z w\u0142adzami<\/li>\n<li>Zna\u00adle\u00adzie\u00adnie pra\u00adcy lub zakwaterowania<\/li>\n<li>Kwe\u00adstie part\u00adner\u00adstwa dwu\u00adkul\u00adtu\u00adro\u00adwe\u00adgo lub inne pro\u00adble\u00admy, kt\u00f3\u00adre mog\u0105 si\u0119 pojawi\u0107<\/li>\n<\/ul>\n<p><strong>Spo\u00adtka\u00adnia:<\/strong><br>\n\ud83d\udcc6 Czwar\u00adtek 10:00 \u2014 13:00 oraz po wcze\u00ad\u015bniej\u00adszym um\u00f3\u00adwie\u00adniu telefonicznym&nbsp;\ud83d\udcde<\/p>\n<hr>\n<p><span style=\"color: #008080;\"><strong>2. Lek\u00adcje j\u0119zy\u00adka niemieckiego<\/strong><\/span><br>\nOfe\u00adru\u00adje\u00admy lek\u00adcje indy\u00adwi\u00addu\u00adal\u00adne i gru\u00adpo\u00adwe dla&nbsp;os\u00f3b:<\/p>\n<ul>\n<li>kt\u00f3\u00adrzy nie s\u0105 upraw\u00adnie\u00adni do kur\u00adsu integracyjnego,<\/li>\n<li>nie s\u0105 w sta\u00adnie uczest\u00adni\u00adczy\u0107 ze wzgl\u0119\u00addu na swo\u00adj\u0105 sytu\u00adacj\u0119 oso\u00adbi\u00adst\u0105&nbsp;lub<\/li>\n<li>cze\u00adka\u00adj\u0105 na kurs j\u0119zy\u00adka niemieckiego.<\/li>\n<\/ul>\n<p><strong>Reje\u00adstra\u00adcja:<\/strong><br>\n\ud83d\udcc6 Ponie\u00addzia\u0142\u00adki o 10&nbsp;rano.<\/p>\n<hr>\n<p><strong><span style=\"color: #008080;\">3. Wpro\u00adwa\u00addze\u00adnie do ryn\u00adku&nbsp;pracy<\/span><\/strong><\/p>\n<p>Otrzy\u00admasz spe\u00adcjal\u00adne infor\u00adma\u00adcje i wspar\u00adcie w zakre\u00adsie wpro\u00adwa\u00addze\u00adnia na rynek pra\u00adcy i do sek\u00adto\u00adra szkoleniowego.<\/p>\n<hr>\n<p><span style=\"color: #008080;\"><strong>4. Wspar\u00adcie dla os\u00f3b r\u00f3w\u00adno\u00adle\u00adgle do szkolenia<\/strong><\/span><\/p>\n<p>Je\u015bli potrze\u00adbu\u00adjesz kore\u00adpe\u00adty\u00adcji w szko\u00adle zawo\u00addo\u00adwej lub w celu przy\u00adgo\u00adto\u00adwa\u00adnia si\u0119 do egza\u00admi\u00adn\u00f3w, skon\u00adtak\u00adtuj si\u0119 z&nbsp;nami.<\/p>\n<hr>\n<p><span style=\"color: #008080;\"><strong>5. Pora\u00addy zdrowotne<\/strong><\/span><\/p>\n<p>Dla wie\u00adlu os\u00f3b sys\u00adtem opie\u00adki zdro\u00adwot\u00adnej w Niem\u00adczech jest nowy i trud\u00adny do zro\u00adzu\u00admie\u00adnia. Wspie\u00adra\u00admy Ci\u0119 w kwe\u00adstiach medycznych.<\/p>\n<p><strong>Mo\u017ce\u00admy udzie\u00adli\u0107 odpo\u00adwie\u00addzi na te pytania:<\/strong><\/p>\n<ul>\n<li>Pyta\u00adnia doty\u00adcz\u0105\u00adce sys\u00adte\u00admu opie\u00adki zdrowotnej<\/li>\n<li>Kt\u00f3\u00adrzy leka\u00adrze s\u0105 za co odpowiedzialni?<\/li>\n<li>Jak zna\u00adle\u017a\u0107 odpo\u00adwied\u00adnie\u00adgo lekarza?<\/li>\n<\/ul>\n<p>Lekarz, cz\u0142o\u00adnek nasze\u00adgo sto\u00adwa\u00adrzy\u00adsze\u00adnia Freun\u00adde f\u00fcr Frem\u00adde e.V., odpo\u00adwie na Two\u00adje pytania.<\/p>\n<p>Kon\u00adsul\u00adta\u00adcja jest bez\u00adp\u0142at\u00adna, a ubez\u00adpie\u00adcze\u00adnie zdro\u00adwot\u00adne nie jest wymagane.<\/p>\n<p><strong>Wizy\u00adty po wcze\u00ad\u015bniej\u00adszej rejestracji:<\/strong><br>\n\ud83d\udcc6 Od ponie\u00addzia\u0142\u00adku do pi\u0105t\u00adku w godzi\u00adnach 9:00 \u2014 12:00<\/p>\n","protected":false},"author":12,"featured_media":26512,"template":"","class_list":["post-59219","event","type-event","status-publish","has-post-thumbnail","hentry","event_category-pomoc-pl"],"acf":{"event-recurring":true,"event-category":185,"event-is-language-course":false,"event-recurring-still-active":true,"event-display-details":true,"event-schedules-recurring":[{"event-recurring-week-day":"1","event-recurring-time":"15:30 - 17:00","event-recurring-time-text":""},{"event-recurring-week-day":"3","event-recurring-time":"10:00 - 13:00","event-recurring-time-text":""}],"event-schedules-calendar":null,"event-is-online":false,"event-online-url":"","event-location-building":"ibz, 1st floor","event-location-street":"Kaiserallee 12 d","event-location-zip":"76133","event-location-city":"Karlsruhe","event-location-contact-person":"","event-location-phone":"0721\/ 84 53 41","event-location-phone-2":"","event-location-mail":"freunde.fuer.fremde@gmx.de","event-location-mail-2":"","event-location-website":"https:\/\/freunde-fuer-fremde.de\/arbeitsbereiche","event-target-group":[{"target-group":"all"}],"event-target-group-comment":"","event-free":true,"event-organiser":[8120],"event-header-copyright-overlay":true,"event-copyright-note-description-end":false},"featured_image_urls_v2":{"full":["https:\/\/www.anika-net.de\/wp-content\/uploads\/2022\/09\/freunde-fuer-fremde-quadrat.png",368,368,false],"thumbnail":["https:\/\/www.anika-net.de\/wp-content\/uploads\/2022\/09\/freunde-fuer-fremde-quadrat-150x150.png",150,150,true],"medium":["https:\/\/www.anika-net.de\/wp-content\/uploads\/2022\/09\/freunde-fuer-fremde-quadrat-300x300.png",300,300,true],"medium_large":["https:\/\/www.anika-net.de\/wp-content\/uploads\/2022\/09\/freunde-fuer-fremde-quadrat.png",368,368,false],"large":["https:\/\/www.anika-net.de\/wp-content\/uploads\/2022\/09\/freunde-fuer-fremde-quadrat.png",368,368,false],"1536x1536":["https:\/\/www.anika-net.de\/wp-content\/uploads\/2022\/09\/freunde-fuer-fremde-quadrat.png",368,368,false],"2048x2048":["https:\/\/www.anika-net.de\/wp-content\/uploads\/2022\/09\/freunde-fuer-fremde-quadrat.png",368,368,false],"event-overview":["https:\/\/www.anika-net.de\/wp-content\/uploads\/2022\/09\/freunde-fuer-fremde-quadrat.png",368,368,false],"event-archive-thumb":["https:\/\/www.anika-net.de\/wp-content\/uploads\/2022\/09\/freunde-fuer-fremde-quadrat.png",368,368,false],"grid-item-thumbnail":["https:\/\/www.anika-net.de\/wp-content\/uploads\/2022\/09\/freunde-fuer-fremde-quadrat-360x200.png",360,200,true],"network-partner-icon":["https:\/\/www.anika-net.de\/wp-content\/uploads\/2022\/09\/freunde-fuer-fremde-quadrat-100x100.png",100,100,true],"organiser-icon":["https:\/\/www.anika-net.de\/wp-content\/uploads\/2022\/09\/freunde-fuer-fremde-quadrat-200x200.png",200,200,true],"gform-image-choice-sm":["https:\/\/www.anika-net.de\/wp-content\/uploads\/2022\/09\/freunde-fuer-fremde-quadrat.png",300,300,false],"gform-image-choice-md":["https:\/\/www.anika-net.de\/wp-content\/uploads\/2022\/09\/freunde-fuer-fremde-quadrat.png",368,368,false],"gform-image-choice-lg":["https:\/\/www.anika-net.de\/wp-content\/uploads\/2022\/09\/freunde-fuer-fremde-quadrat.png",368,368,false]},"post_excerpt_stackable_v2":"<p>Wspar\u00adcie w kwe\u00adstiach imi\u00adgra\u00adcyj\u00adnych, kon\u00adtak\u00adtach z w\u0142a\u00addza\u00admi, zna\u00adle\u00adzie\u00adniu pra\u00adcy i zakwa\u00adte\u00adro\u00adwa\u00adnia oraz part\u00adner\u00adstwach mi\u0119\u00addzy\u00adkul\u00adtu\u00adro\u00adwych. Doradz\u00adtwo i wspar\u00adcie ze stro\u00adny Freun\u00adde f\u00fcr Frem\u00adde e.V. Sto\u00adwa\u00adrzy\u00adsze\u00adnie Freun\u00adde f\u00fcr Frem\u00adde e.V. w Karls\u00adru\u00adhe pro\u00admu\u00adje spo\u00adtka\u00adnia mi\u0119\u00addzy Niem\u00adca\u00admi i lud\u017a\u00admi z innych kul\u00adtur w celu u\u0142a\u00adtwie\u00adnia dobre\u00adgo wsp\u00f3\u0142\u00adist\u00adnie\u00adnia. Nasza pra\u00adca obej\u00admu\u00adje nast\u0119\u00adpu\u00adj\u0105\u00adce g\u0142\u00f3w\u00adne obsza\u00adry: 1. kon\u00adsul\u00adta\u00adcje w spra\u00adwie: Kwe\u00adstie praw\u00adne doty\u00adcz\u0105\u00adce cudzo\u00adziem\u00adc\u00f3w Post\u0119\u00adpo\u00adwa\u00adnie z w\u0142a\u00addza\u00admi Zna\u00adle\u00adzie\u00adnie pra\u00adcy lub zakwa\u00adte\u00adro\u00adwa\u00adnia Kwe\u00adstie part\u00adner\u00adstwa dwu\u00adkul\u00adtu\u00adro\u00adwe\u00adgo lub inne pro\u00adble\u00admy, kt\u00f3\u00adre mog\u0105 si\u0119 poja\u00adwi\u0107 Spo\u00adtka\u00adnia: \ud83d\udcc6 Czwar\u00adtek 10:00 \u2014 13:00 oraz po wcze\u00ad\u015bniej\u00adszym um\u00f3\u00adwie\u00adniu tele\u00adfo\u00adnicz\u00adnym&nbsp;\ud83d\udcde 2. Lek\u00adcje j\u0119zy\u00adka nie\u00admiec\u00adkie\u00adgo Ofe\u00adru\u00adje\u00admy lek\u00adcje indy\u00adwi\u00addu\u00adal\u00adne i gru\u00adpo\u00adwe dla&nbsp;os\u00f3b: kt\u00f3\u00adrzy nie s\u0105 uprawnieni\u2026<\/p>\n","category_list_v2":"","author_info_v2":{"name":"Andrea Ramirez","url":"https:\/\/www.anika-net.de\/pl\/author\/andrea-ramirez\/"},"comments_num_v2":"0 comments","uagb_featured_image_src":{"full":["https:\/\/www.anika-net.de\/wp-content\/uploads\/2022\/09\/freunde-fuer-fremde-quadrat.png",368,368,false],"thumbnail":["https:\/\/www.anika-net.de\/wp-content\/uploads\/2022\/09\/freunde-fuer-fremde-quadrat-150x150.png",150,150,true],"medium":["https:\/\/www.anika-net.de\/wp-content\/uploads\/2022\/09\/freunde-fuer-fremde-quadrat-300x300.png",300,300,true],"medium_large":["https:\/\/www.anika-net.de\/wp-content\/uploads\/2022\/09\/freunde-fuer-fremde-quadrat.png",368,368,false],"large":["https:\/\/www.anika-net.de\/wp-content\/uploads\/2022\/09\/freunde-fuer-fremde-quadrat.png",368,368,false],"1536x1536":["https:\/\/www.anika-net.de\/wp-content\/uploads\/2022\/09\/freunde-fuer-fremde-quadrat.png",368,368,false],"2048x2048":["https:\/\/www.anika-net.de\/wp-content\/uploads\/2022\/09\/freunde-fuer-fremde-quadrat.png",368,368,false],"event-overview":["https:\/\/www.anika-net.de\/wp-content\/uploads\/2022\/09\/freunde-fuer-fremde-quadrat.png",368,368,false],"event-archive-thumb":["https:\/\/www.anika-net.de\/wp-content\/uploads\/2022\/09\/freunde-fuer-fremde-quadrat.png",368,368,false],"grid-item-thumbnail":["https:\/\/www.anika-net.de\/wp-content\/uploads\/2022\/09\/freunde-fuer-fremde-quadrat-360x200.png",360,200,true],"network-partner-icon":["https:\/\/www.anika-net.de\/wp-content\/uploads\/2022\/09\/freunde-fuer-fremde-quadrat-100x100.png",100,100,true],"organiser-icon":["https:\/\/www.anika-net.de\/wp-content\/uploads\/2022\/09\/freunde-fuer-fremde-quadrat-200x200.png",200,200,true],"gform-image-choice-sm":["https:\/\/www.anika-net.de\/wp-content\/uploads\/2022\/09\/freunde-fuer-fremde-quadrat.png",300,300,false],"gform-image-choice-md":["https:\/\/www.anika-net.de\/wp-content\/uploads\/2022\/09\/freunde-fuer-fremde-quadrat.png",368,368,false],"gform-image-choice-lg":["https:\/\/www.anika-net.de\/wp-content\/uploads\/2022\/09\/freunde-fuer-fremde-quadrat.png",368,368,false]},"uagb_author_info":{"display_name":"Andrea Ramirez","author_link":"https:\/\/www.anika-net.de\/pl\/author\/andrea-ramirez\/"},"uagb_comment_info":0,"uagb_excerpt":"Wspar\u00adcie w kwe\u00adstiach imi\u00adgra\u00adcyj\u00adnych, kon\u00adtak\u00adtach z w\u0142a\u00addza\u00admi, zna\u00adle\u00adzie\u00adniu pra\u00adcy i zakwa\u00adte\u00adro\u00adwa\u00adnia oraz part\u00adner\u00adstwach mi\u0119dzykulturowych. Doradz\u00adtwo i wspar\u00adcie ze stro\u00adny Freun\u00adde f\u00fcr Frem\u00adde e.V. Sto\u00adwa\u00adrzy\u00adsze\u00adnie Freun\u00adde f\u00fcr Frem\u00adde e.V. w Karls\u00adru\u00adhe&nbsp;czytaj wi\u0119cej","_links":{"self":[{"href":"https:\/\/www.anika-net.de\/pl\/wp-json\/wp\/v2\/event\/59219","targetHints":{"allow":["GET"]}}],"collection":[{"href":"https:\/\/www.anika-net.de\/pl\/wp-json\/wp\/v2\/event"}],"about":[{"href":"https:\/\/www.anika-net.de\/pl\/wp-json\/wp\/v2\/types\/event"}],"author":[{"embeddable":true,"href":"https:\/\/www.anika-net.de\/pl\/wp-json\/wp\/v2\/users\/12"}],"version-history":[{"count":2,"href":"https:\/\/www.anika-net.de\/pl\/wp-json\/wp\/v2\/event\/59219\/revisions"}],"predecessor-version":[{"id":60829,"href":"https:\/\/www.anika-net.de\/pl\/wp-json\/wp\/v2\/event\/59219\/revisions\/60829"}],"acf:post":[{"embeddable":true,"href":"https:\/\/www.anika-net.de\/pl\/wp-json\/wp\/v2\/organiser\/8120"}],"acf:term":[{"embeddable":true,"taxonomy":"event_category","href":"https:\/\/www.anika-net.de\/pl\/wp-json\/wp\/v2\/event_category\/185"}],"wp:featuredmedia":[{"embeddable":true,"href":"https:\/\/www.anika-net.de\/pl\/wp-json\/wp\/v2\/media\/26512"}],"wp:attachment":[{"href":"https:\/\/www.anika-net.de\/pl\/wp-json\/wp\/v2\/media?parent=59219"}],"curies":[{"name":"wp","href":"https:\/\/api.w.org\/{rel}","templated":true}]}}