{"id":57865,"date":"2025-01-30T10:56:39","date_gmt":"2025-01-30T09:56:39","guid":{"rendered":"https:\/\/www.anika-net.de\/event\/plywanie-w-adolf-ehrmann-bad\/"},"modified":"2025-05-12T14:00:07","modified_gmt":"2025-05-12T12:00:07","slug":"plywanie-w-adolf-ehrmann-bad","status":"publish","type":"event","link":"https:\/\/www.anika-net.de\/pl\/event\/plywanie-w-adolf-ehrmann-bad\/","title":{"rendered":"P\u0142y\u00adwa\u00adnie we Fre\u00adibad R\u00fcppurr"},"content":{"rendered":"<h3><span style=\"color: #008080;\">Inte\u00adrak\u00adcje spo\u00ad\u0142ecz\u00adne poprzez sport \u2014 Stadt Karlsruhe<br>\n<\/span><\/h3>\n<h1><span style=\"color: #800080;\">P\u0142y\u00adwa\u00adnie we Fre\u00adibad R\u00fcppurr<\/span><\/h1>\n<p>\ud83c\udfca\ud83c\udffc\u200d\u2640\ufe0f W <strong>ka\u017c\u00addy czwar\u00adtek<\/strong> mia\u00adsto Karls\u00adru\u00adhe ofe\u00adru\u00adje wyda\u00adrze\u00adnie   <strong>Inte\u00adrak\u00adcje spo\u00ad\u0142ecz\u00adne poprzez sport: P\u0142y\u00adwa\u00adnie we Fre\u00adibad R\u00fcppurr.<\/strong><\/p>\n<p><strong><span style=\"color: #008080;\">TIMES<\/span><\/strong>:<br>\n<strong>Miej\u00adsce spo\u00adtka\u00adnia<\/strong> znaj\u00addu\u00adje si\u0119 przed wej\u00ad\u015bciem na basen<strong> o godzi\u00adnie 16:<\/strong>45.<strong><br>\n Wej\u00ad\u015bcie na basen do godzi\u00adny 17:20 (lub po wcze\u00ad\u015bniej\u00adszym um\u00f3\u00adwie\u00adniu).<\/strong> <strong><br>\nCzas p\u0142y\u00adwa\u00adnia do 19:45.<br>\n<\/strong><\/p>\n<p><strong><span style=\"color: #008080;\">KOSZT<\/span><br>\nWst\u0119p: 1,5 \u20ac<br>\n<\/strong>Dzie\u00adci do <strong>6 lat bez\u00adp\u0142at\u00adnie<\/strong> <strong><br>\n<\/strong><\/p>\n<p>Wst\u0119p dla dzie\u00adci poni\u00ad\u017cej 10. roku \u017cycia i os\u00f3b nie\u00adumie\u00adj\u0105\u00adcych p\u0142y\u00adwa\u0107 wy\u0142\u0105cz\u00adnie w towa\u00adrzy\u00adstwie doro\u00ads\u0142e\u00adgo opiekuna.<br>\nOfer\u00adta bez nadzoru!<\/p>\n<blockquote>\n<h3><span style=\"color: #008080;\">\ud83d\udccd P\u0142y\u00adwa\u00adnie odby\u00adwa si\u0119 w Fre\u00adibad R\u00fcppurr.<\/span><\/h3>\n<\/blockquote>\n","protected":false},"author":12,"featured_media":61142,"template":"","class_list":["post-57865","event","type-event","status-publish","has-post-thumbnail","hentry","event_category-rekreacja"],"acf":{"event-recurring":false,"event-category":184,"event-is-language-course":false,"event-recurring-still-active":true,"event-display-details":true,"event-schedules-recurring":null,"event-schedules-calendar":[{"event-calendar-day":"20250619","event-calendar-time":" ","event-calendar-time-text":"16:45 Miejsce spotkania"},{"event-calendar-day":"20250626","event-calendar-time":"","event-calendar-time-text":"16:45 Miejsce spotkania"},{"event-calendar-day":"20250703","event-calendar-time":"","event-calendar-time-text":"16:45 Miejsce spotkania"},{"event-calendar-day":"20250710","event-calendar-time":"","event-calendar-time-text":"16:45 Miejsce spotkania"},{"event-calendar-day":"20250717","event-calendar-time":"","event-calendar-time-text":"16:45 Miejsce spotkania"},{"event-calendar-day":"20250724","event-calendar-time":"","event-calendar-time-text":"16:45 Miejsce spotkania"},{"event-calendar-day":"20250731","event-calendar-time":"","event-calendar-time-text":"16:45 Miejsce spotkania"}],"event-is-online":false,"event-online-url":"","event-location-building":"Freibad R\u00fcppurr","event-location-street":"Heidelbergstra\u00dfe 1 \/ Tramway line S1, S11 \/ Train station \"Schloss R\u00fcppurr\"","event-location-zip":"76199","event-location-city":"Karlsruhe (R\u00fcpurr)","event-location-contact-person":"Schul- und Sportamt - Stadt Karlsruhe","event-location-phone":"0721 133-4168","event-location-phone-2":"","event-location-mail":"sport@sus.karlsruhe.de","event-location-mail-2":"","event-location-website":"","event-target-group":[{"target-group":"children"},{"target-group":"teens"},{"target-group":"adults"}],"event-target-group-comment":"","event-free":false,"event-organiser":[10720],"event-header-copyright-overlay":true,"event-copyright-note-description-end":true},"featured_image_urls_v2":{"full":["https:\/\/www.anika-net.de\/wp-content\/uploads\/2023\/02\/swimming-pool-382139_1280.jpg",1280,960,false],"thumbnail":["https:\/\/www.anika-net.de\/wp-content\/uploads\/2023\/02\/swimming-pool-382139_1280-150x150.jpg",150,150,true],"medium":["https:\/\/www.anika-net.de\/wp-content\/uploads\/2023\/02\/swimming-pool-382139_1280-300x225.jpg",300,225,true],"medium_large":["https:\/\/www.anika-net.de\/wp-content\/uploads\/2023\/02\/swimming-pool-382139_1280-768x576.jpg",640,480,true],"large":["https:\/\/www.anika-net.de\/wp-content\/uploads\/2023\/02\/swimming-pool-382139_1280-1024x768.jpg",640,480,true],"1536x1536":["https:\/\/www.anika-net.de\/wp-content\/uploads\/2023\/02\/swimming-pool-382139_1280.jpg",1280,960,false],"2048x2048":["https:\/\/www.anika-net.de\/wp-content\/uploads\/2023\/02\/swimming-pool-382139_1280.jpg",1280,960,false],"event-overview":["https:\/\/www.anika-net.de\/wp-content\/uploads\/2023\/02\/swimming-pool-382139_1280-960x640.jpg",960,640,true],"event-archive-thumb":["https:\/\/www.anika-net.de\/wp-content\/uploads\/2023\/02\/swimming-pool-382139_1280-480x360.jpg",480,360,true],"grid-item-thumbnail":["https:\/\/www.anika-net.de\/wp-content\/uploads\/2023\/02\/swimming-pool-382139_1280-360x200.jpg",360,200,true],"network-partner-icon":["https:\/\/www.anika-net.de\/wp-content\/uploads\/2023\/02\/swimming-pool-382139_1280-100x100.jpg",100,100,true],"organiser-icon":["https:\/\/www.anika-net.de\/wp-content\/uploads\/2023\/02\/swimming-pool-382139_1280-200x200.jpg",200,200,true],"gform-image-choice-sm":["https:\/\/www.anika-net.de\/wp-content\/uploads\/2023\/02\/swimming-pool-382139_1280.jpg",300,225,false],"gform-image-choice-md":["https:\/\/www.anika-net.de\/wp-content\/uploads\/2023\/02\/swimming-pool-382139_1280.jpg",400,300,false],"gform-image-choice-lg":["https:\/\/www.anika-net.de\/wp-content\/uploads\/2023\/02\/swimming-pool-382139_1280.jpg",600,450,false]},"post_excerpt_stackable_v2":"<p>Inte\u00adrak\u00adcje spo\u00ad\u0142ecz\u00adne poprzez sport \u2014 Stadt Karls\u00adru\u00adhe P\u0142y\u00adwa\u00adnie we Fre\u00adibad R\u00fcp\u00adpurr \ud83c\udfca\ud83c\udffc\u200d\u2640\ufe0f W ka\u017c\u00addy czwar\u00adtek mia\u00adsto Karls\u00adru\u00adhe ofe\u00adru\u00adje wyda\u00adrze\u00adnie Inte\u00adrak\u00adcje spo\u00ad\u0142ecz\u00adne poprzez sport: P\u0142y\u00adwa\u00adnie we Fre\u00adibad R\u00fcp\u00adpurr. TIMES: Miej\u00adsce spo\u00adtka\u00adnia znaj\u00addu\u00adje si\u0119 przed wej\u00ad\u015bciem na basen o godzi\u00adnie 16:45. Wej\u00ad\u015bcie na basen do godzi\u00adny 17:20 (lub po wcze\u00ad\u015bniej\u00adszym um\u00f3\u00adwie\u00adniu). Czas p\u0142y\u00adwa\u00adnia do 19:45. KOSZT Wst\u0119p: 1,5 \u20ac Dzie\u00adci do 6 lat bez\u00adp\u0142at\u00adnie Wst\u0119p dla dzie\u00adci poni\u00ad\u017cej 10. roku \u017cycia i os\u00f3b nie\u00adumie\u00adj\u0105\u00adcych p\u0142y\u00adwa\u0107 wy\u0142\u0105cz\u00adnie w towa\u00adrzy\u00adstwie doro\u00ads\u0142e\u00adgo opie\u00adku\u00adna. Ofer\u00adta bez nad\u00adzo\u00adru! \ud83d\udccd P\u0142y\u00adwa\u00adnie odby\u00adwa si\u0119 w Fre\u00adibad R\u00fcppurr.<\/p>\n","category_list_v2":"","author_info_v2":{"name":"Andrea Ramirez","url":"https:\/\/www.anika-net.de\/pl\/author\/andrea-ramirez\/"},"comments_num_v2":"0 comments","uagb_featured_image_src":{"full":["https:\/\/www.anika-net.de\/wp-content\/uploads\/2023\/02\/swimming-pool-382139_1280.jpg",1280,960,false],"thumbnail":["https:\/\/www.anika-net.de\/wp-content\/uploads\/2023\/02\/swimming-pool-382139_1280-150x150.jpg",150,150,true],"medium":["https:\/\/www.anika-net.de\/wp-content\/uploads\/2023\/02\/swimming-pool-382139_1280-300x225.jpg",300,225,true],"medium_large":["https:\/\/www.anika-net.de\/wp-content\/uploads\/2023\/02\/swimming-pool-382139_1280-768x576.jpg",640,480,true],"large":["https:\/\/www.anika-net.de\/wp-content\/uploads\/2023\/02\/swimming-pool-382139_1280-1024x768.jpg",640,480,true],"1536x1536":["https:\/\/www.anika-net.de\/wp-content\/uploads\/2023\/02\/swimming-pool-382139_1280.jpg",1280,960,false],"2048x2048":["https:\/\/www.anika-net.de\/wp-content\/uploads\/2023\/02\/swimming-pool-382139_1280.jpg",1280,960,false],"event-overview":["https:\/\/www.anika-net.de\/wp-content\/uploads\/2023\/02\/swimming-pool-382139_1280-960x640.jpg",960,640,true],"event-archive-thumb":["https:\/\/www.anika-net.de\/wp-content\/uploads\/2023\/02\/swimming-pool-382139_1280-480x360.jpg",480,360,true],"grid-item-thumbnail":["https:\/\/www.anika-net.de\/wp-content\/uploads\/2023\/02\/swimming-pool-382139_1280-360x200.jpg",360,200,true],"network-partner-icon":["https:\/\/www.anika-net.de\/wp-content\/uploads\/2023\/02\/swimming-pool-382139_1280-100x100.jpg",100,100,true],"organiser-icon":["https:\/\/www.anika-net.de\/wp-content\/uploads\/2023\/02\/swimming-pool-382139_1280-200x200.jpg",200,200,true],"gform-image-choice-sm":["https:\/\/www.anika-net.de\/wp-content\/uploads\/2023\/02\/swimming-pool-382139_1280.jpg",300,225,false],"gform-image-choice-md":["https:\/\/www.anika-net.de\/wp-content\/uploads\/2023\/02\/swimming-pool-382139_1280.jpg",400,300,false],"gform-image-choice-lg":["https:\/\/www.anika-net.de\/wp-content\/uploads\/2023\/02\/swimming-pool-382139_1280.jpg",600,450,false]},"uagb_author_info":{"display_name":"Andrea Ramirez","author_link":"https:\/\/www.anika-net.de\/pl\/author\/andrea-ramirez\/"},"uagb_comment_info":0,"uagb_excerpt":"Inte\u00adrak\u00adcje spo\u00ad\u0142ecz\u00adne poprzez sport \u2014 Stadt Karlsruhe P\u0142y\u00adwa\u00adnie we Fre\u00adibad R\u00fcppurr \ud83c\udfca\ud83c\udffc\u200d\u2640\ufe0f W ka\u017c\u00addy czwar\u00adtek mia\u00adsto Karls\u00adru\u00adhe ofe\u00adru\u00adje wyda\u00adrze\u00adnie Inte\u00adrak\u00adcje spo\u00ad\u0142ecz\u00adne poprzez sport: P\u0142y\u00adwa\u00adnie we Fre\u00adibad R\u00fcppurr. TIMES: Miej\u00adsce spo\u00adtka\u00adnia&nbsp;czytaj wi\u0119cej","_links":{"self":[{"href":"https:\/\/www.anika-net.de\/pl\/wp-json\/wp\/v2\/event\/57865","targetHints":{"allow":["GET"]}}],"collection":[{"href":"https:\/\/www.anika-net.de\/pl\/wp-json\/wp\/v2\/event"}],"about":[{"href":"https:\/\/www.anika-net.de\/pl\/wp-json\/wp\/v2\/types\/event"}],"author":[{"embeddable":true,"href":"https:\/\/www.anika-net.de\/pl\/wp-json\/wp\/v2\/users\/12"}],"version-history":[{"count":2,"href":"https:\/\/www.anika-net.de\/pl\/wp-json\/wp\/v2\/event\/57865\/revisions"}],"predecessor-version":[{"id":61157,"href":"https:\/\/www.anika-net.de\/pl\/wp-json\/wp\/v2\/event\/57865\/revisions\/61157"}],"acf:post":[{"embeddable":true,"href":"https:\/\/www.anika-net.de\/pl\/wp-json\/wp\/v2\/organiser\/10720"}],"acf:term":[{"embeddable":true,"taxonomy":"event_category","href":"https:\/\/www.anika-net.de\/pl\/wp-json\/wp\/v2\/event_category\/184"}],"wp:featuredmedia":[{"embeddable":true,"href":"https:\/\/www.anika-net.de\/pl\/wp-json\/wp\/v2\/media\/61142"}],"wp:attachment":[{"href":"https:\/\/www.anika-net.de\/pl\/wp-json\/wp\/v2\/media?parent=57865"}],"curies":[{"name":"wp","href":"https:\/\/api.w.org\/{rel}","templated":true}]}}