{"id":57722,"date":"2025-01-21T17:46:50","date_gmt":"2025-01-21T16:46:50","guid":{"rendered":"https:\/\/www.anika-net.de\/event\/komitet-integracyjny-w-karlsruhe\/"},"modified":"2025-06-11T12:35:32","modified_gmt":"2025-06-11T10:35:32","slug":"komitet-integracyjny-w-karlsruhe","status":"publish","type":"event","link":"https:\/\/www.anika-net.de\/pl\/event\/komitet-integracyjny-w-karlsruhe\/","title":{"rendered":"Komi\u00adtet Inte\u00adgra\u00adcyj\u00adny w Karlsruhe"},"content":{"rendered":"<h2><span style=\"color: #ffcc00;\"><strong>Komi\u00adtet Inte\u00adgra\u00adcyj\u00adny Mia\u00adsta Karlsruhe<\/strong><\/span><\/h2>\n<blockquote>\n<h3><em><span style=\"color: #666699;\">Ludzie z r\u00f3\u017c\u00adny\u00admi do\u015bwiad\u00adcze\u00adnia\u00admi (migra\u00adcyj\u00adny\u00admi) i wp\u0142y\u00adwa\u00admi kul\u00adtu\u00adro\u00adwy\u00admi, reli\u00adgij\u00adny\u00admi i inny\u00admi \u015bro\u00addo\u00adwi\u00adska\u00admi spo\u00ad\u0142ecz\u00adny\u00admi nazy\u00adwa\u00adj\u0105 Karls\u00adru\u00adhe swo\u00adim domem i codzien\u00adnie wzbo\u00adga\u00adca\u00adj\u0105 spo\u00ad\u0142e\u00adcze\u0144\u00adstwo miasta.<\/span><\/em><\/h3>\n<\/blockquote>\n<p data-start=\"174\" data-end=\"393\">Aby zapew\u00adni\u0107 r\u00f3w\u00adne szan\u00adse wszyst\u00adkim miesz\u00adka\u0144\u00adcom Karls\u00adru\u00adhe oraz pod\u00adkre\u00ad\u015bli\u0107 inte\u00adre\u00adsy i poten\u00adcja\u0142 os\u00f3b ze \u015bro\u00addo\u00adwisk migra\u00adcyj\u00adnych, mia\u00adsto Karls\u00adru\u00adhe utwo\u00adrzy\u00ad\u0142o <strong data-start=\"361\" data-end=\"392\">Komi\u00adtet Inte\u00adgra\u00adcyj\u00adny (InA)<\/strong>.<\/p>\n<p data-start=\"395\" data-end=\"609\">Komi\u00adtet dora\u00addza radzie mia\u00adsta w kwe\u00adstiach poli\u00adty\u00adki inte\u00adgra\u00adcyj\u00adnej i opo\u00adwia\u00adda si\u0119 za r\u00f3w\u00adnym udzia\u00ad\u0142em wszyst\u00adkich os\u00f3b \u2014 z do\u015bwiad\u00adcze\u00adniem migra\u00adcyj\u00adnym lub bez \u2014 w spo\u00ad\u0142e\u00adcze\u0144\u00adstwie, poli\u00adty\u00adce, kul\u00adtu\u00adrze i gospodarce.<\/p>\n<p data-start=\"611\" data-end=\"938\">Cz\u0142on\u00adko\u00adwie Komi\u00adte\u00adtu Inte\u00adgra\u00adcyj\u00adne\u00adgo daj\u0105 g\u0142os r\u00f3\u017c\u00adno\u00adrod\u00adno\u00ad\u015bci kul\u00adtu\u00adro\u00adwej Karls\u00adru\u00adhe. Budu\u00adj\u0105 sie\u00adci mi\u0119\u00addzy sto\u00adwa\u00adrzy\u00adsze\u00adnia\u00admi migran\u00adt\u00f3w, ini\u00adcja\u00adty\u00adwa\u00admi, orga\u00adni\u00adza\u00adcja\u00admi i insty\u00adtu\u00adcja\u00admi miej\u00adski\u00admi. W ten spo\u00ads\u00f3b pro\u00admu\u00adj\u0105 wymia\u00adn\u0119, wzmac\u00adnia\u00adj\u0105 demo\u00adkra\u00adtycz\u00adne uczest\u00adnic\u00adtwo i aktyw\u00adnie wspie\u00adra\u00adj\u0105 pro\u00adces mi\u0119\u00addzy\u00adkul\u00adtu\u00adro\u00adwej otwarto\u015bci.&nbsp;<\/p>\n<p data-start=\"940\" data-end=\"1086\">Posie\u00addze\u00adnia Komi\u00adte\u00adtu Inte\u00adgra\u00adcyj\u00adne\u00adgo s\u0105 zazwy\u00adczaj otwar\u00adte dla publicz\u00adno\u00ad\u015bci, a wszy\u00adscy miesz\u00adka\u0144\u00adcy Karls\u00adru\u00adhe s\u0105 ser\u00addecz\u00adnie zapro\u00adsze\u00adni do udzia\u00ad\u0142u w nich w cha\u00adrak\u00adte\u00adrze widz\u00f3w.<\/p>\n<p>&nbsp;<\/p>\n<hr>\n<h3 data-start=\"1093\" data-end=\"1112\"><span style=\"color: #808080;\"><strong data-start=\"1097\" data-end=\"1112\">Sk\u0142ad<\/strong><\/span><\/h3>\n<p data-start=\"1114\" data-end=\"1264\">Komi\u00adtet Inte\u00adgra\u00adcyj\u00adny sk\u0142a\u00adda si\u0119 z dzie\u00adsi\u0119\u00adciu miesz\u00adka\u0144\u00adc\u00f3w-eks\u00adper\u00adt\u00f3w i jede\u00adna\u00adstu cz\u0142on\u00adk\u00f3w rady mia\u00adsta.<br data-start=\"1212\" data-end=\"1215\">Ka\u017c\u00addy miesz\u00adka\u00adniec-eks\u00adpert ma wyzna\u00adczo\u00adne\u00adgo zast\u0119pc\u0119.<\/p>\n<p data-start=\"1266\" data-end=\"1436\">Powo\u00ad\u0142a\u00adnie eks\u00adper\u00adt\u00f3w-rezy\u00adden\u00adt\u00f3w i ich zast\u0119p\u00adc\u00f3w do Komi\u00adte\u00adtu Inte\u00adgra\u00adcyj\u00adne\u00adgo odby\u00adwa si\u0119 co pi\u0119\u0107 lat.<br data-start=\"1382\" data-end=\"1385\">Ostat\u00adnie wybo\u00adry odby\u00ad\u0142y si\u0119 w grud\u00adniu 2024&nbsp;roku.<\/p>\n<p data-start=\"1438\" data-end=\"1529\">Ka\u017c\u00addy z rezy\u00adden\u00adt\u00f3w-eks\u00adper\u00adt\u00f3w odpo\u00adwia\u00adda za jeden z pi\u0119\u00adciu obsza\u00adr\u00f3w tema\u00adtycz\u00adnych, pra\u00adcu\u00adj\u0105c w parach.<\/p>\n<h3><span style=\"color: #808080;\"><strong>Obsza\u00adry tematyczne<\/strong><\/span><\/h3>\n<ol data-start=\"1560\" data-end=\"1731\">\n<li data-start=\"1560\" data-end=\"1587\">\n<p data-start=\"1563\" data-end=\"1587\"><strong><span style=\"color: #008080;\">J\u0119zyk i edukacja<\/span><\/strong><\/p>\n<\/li>\n<li data-start=\"1588\" data-end=\"1623\">\n<p data-start=\"1591\" data-end=\"1623\"><strong><span style=\"color: #008080;\">Inte\u00adgra\u00adcja praw\u00adna i gospodarcza<\/span><\/strong><\/p>\n<\/li>\n<li data-start=\"1624\" data-end=\"1660\">\n<p data-start=\"1627\" data-end=\"1660\"><strong><span style=\"color: #008080;\">Kul\u00adtu\u00adra i dia\u00adlog mi\u0119dzywyznaniowy<\/span><\/strong><\/p>\n<\/li>\n<li data-start=\"1661\" data-end=\"1700\">\n<p data-start=\"1664\" data-end=\"1700\"><strong><span style=\"color: #008080;\">Mi\u0119\u00addzy\u00adkul\u00adtu\u00adro\u00adwa otwar\u00adto\u015b\u0107 i mieszkalnictwo<\/span><\/strong><\/p>\n<\/li>\n<li data-start=\"1701\" data-end=\"1731\">\n<p data-start=\"1704\" data-end=\"1731\"><strong><span style=\"color: #008080;\">Zdro\u00adwie, senio\u00adrzy i&nbsp;sport<\/span><\/strong><\/p>\n<\/li>\n<\/ol>\n<p><span style=\"color: #808080;\">Obsza\u00adry tema\u00adtycz\u00adne Komi\u00adte\u00adtu Inte\u00adgra\u00adcji opie\u00adra\u00adj\u0105 si\u0119 na obsza\u00adrach dzia\u00ad\u0142a\u00adnia okre\u00ad\u015blo\u00adnych w doku\u00admen\u00adcie <\/span><strong> <a href=\"https:\/\/www.karlsruhe.de\/bildung-soziales\/integration-chancengerechtigkeit\/integration-in-karlsruhe#c26098\" rel=\"noopener\"><span style=\"color: #808080;\"><strong data-start=\"1826\" data-end=\"1856\">Pla\u00adnie Inte\u00adgra\u00adcji Karls\u00adru\u00adhe<\/strong>.<\/span><\/a><\/strong><\/p>\n<hr>\n<h4><strong><span style=\"color: #008080;\">Przy\u00adsz\u0142e spo\u00adtka\u00adnia mo\u017c\u00adna zna\u00adle\u017a\u0107 na stronie:<\/span><\/strong><br>\n<a href=\"https:\/\/sitzungskalender.karlsruhe.de\/db\/ratsinformation\/organisation-gr-39759\" rel=\"noopener\">Kalen\u00addarz spo\u00adtka\u0144 Mia\u00adsto Karlsruhe<\/a><\/h4>\n<p>&nbsp;<\/p>\n","protected":false},"author":12,"featured_media":44015,"template":"","class_list":["post-57722","event","type-event","status-publish","has-post-thumbnail","hentry","event_category-pomoc-pl"],"acf":{"event-recurring":true,"event-category":185,"event-is-language-course":false,"event-recurring-still-active":true,"event-display-details":true,"event-schedules-recurring":null,"event-schedules-calendar":null,"event-is-online":false,"event-online-url":"","event-location-building":"B\u00fcro f\u00fcr Integration \/ Arbeitskreis Integrationsasusschuss","event-location-street":"Kaiserstra\u00dfe 235","event-location-zip":"76133","event-location-city":"Karlsruhe","event-location-contact-person":"","event-location-phone":"0721 133-5761","event-location-phone-2":"","event-location-mail":"ak-integrationsausschuss@sjb.karlsruhe.de","event-location-mail-2":"","event-location-website":"https:\/\/www.karlsruhe.de\/bildung-soziales\/integration-chancengerechtigkeit\/integration-in-karlsruhe","event-target-group":[{"target-group":"all"}],"event-target-group-comment":"","event-free":true,"event-organiser":[10692],"event-header-copyright-overlay":true,"event-copyright-note-description-end":false},"featured_image_urls_v2":{"full":["https:\/\/www.anika-net.de\/wp-content\/uploads\/2019\/02\/Integration.jpeg",720,720,false],"thumbnail":["https:\/\/www.anika-net.de\/wp-content\/uploads\/2019\/02\/Integration-150x150.jpeg",150,150,true],"medium":["https:\/\/www.anika-net.de\/wp-content\/uploads\/2019\/02\/Integration-300x300.jpeg",300,300,true],"medium_large":["https:\/\/www.anika-net.de\/wp-content\/uploads\/2019\/02\/Integration.jpeg",640,640,false],"large":["https:\/\/www.anika-net.de\/wp-content\/uploads\/2019\/02\/Integration.jpeg",640,640,false],"1536x1536":["https:\/\/www.anika-net.de\/wp-content\/uploads\/2019\/02\/Integration.jpeg",720,720,false],"2048x2048":["https:\/\/www.anika-net.de\/wp-content\/uploads\/2019\/02\/Integration.jpeg",720,720,false],"event-overview":["https:\/\/www.anika-net.de\/wp-content\/uploads\/2019\/02\/Integration-720x640.jpeg",720,640,true],"event-archive-thumb":["https:\/\/www.anika-net.de\/wp-content\/uploads\/2019\/02\/Integration-480x480.jpeg",480,480,true],"grid-item-thumbnail":["https:\/\/www.anika-net.de\/wp-content\/uploads\/2019\/02\/Integration-360x200.jpeg",360,200,true],"network-partner-icon":["https:\/\/www.anika-net.de\/wp-content\/uploads\/2019\/02\/Integration-100x100.jpeg",100,100,true],"organiser-icon":["https:\/\/www.anika-net.de\/wp-content\/uploads\/2019\/02\/Integration-200x200.jpeg",200,200,true],"gform-image-choice-sm":["https:\/\/www.anika-net.de\/wp-content\/uploads\/2019\/02\/Integration.jpeg",300,300,false],"gform-image-choice-md":["https:\/\/www.anika-net.de\/wp-content\/uploads\/2019\/02\/Integration.jpeg",400,400,false],"gform-image-choice-lg":["https:\/\/www.anika-net.de\/wp-content\/uploads\/2019\/02\/Integration.jpeg",600,600,false]},"post_excerpt_stackable_v2":"<p>Komi\u00adtet Inte\u00adgra\u00adcyj\u00adny Mia\u00adsta Karls\u00adru\u00adhe Ludzie z r\u00f3\u017c\u00adny\u00admi do\u015bwiad\u00adcze\u00adnia\u00admi (migra\u00adcyj\u00adny\u00admi) i wp\u0142y\u00adwa\u00admi kul\u00adtu\u00adro\u00adwy\u00admi, reli\u00adgij\u00adny\u00admi i inny\u00admi \u015bro\u00addo\u00adwi\u00adska\u00admi spo\u00ad\u0142ecz\u00adny\u00admi nazy\u00adwa\u00adj\u0105 Karls\u00adru\u00adhe swo\u00adim domem i codzien\u00adnie wzbo\u00adga\u00adca\u00adj\u0105 spo\u00ad\u0142e\u00adcze\u0144\u00adstwo mia\u00adsta. Aby zapew\u00adni\u0107 r\u00f3w\u00adne szan\u00adse wszyst\u00adkim miesz\u00adka\u0144\u00adcom Karls\u00adru\u00adhe oraz pod\u00adkre\u00ad\u015bli\u0107 inte\u00adre\u00adsy i poten\u00adcja\u0142 os\u00f3b ze \u015bro\u00addo\u00adwisk migra\u00adcyj\u00adnych, mia\u00adsto Karls\u00adru\u00adhe utwo\u00adrzy\u00ad\u0142o Komi\u00adtet Inte\u00adgra\u00adcyj\u00adny (InA). Komi\u00adtet dora\u00addza radzie mia\u00adsta w kwe\u00adstiach poli\u00adty\u00adki inte\u00adgra\u00adcyj\u00adnej i opo\u00adwia\u00adda si\u0119 za r\u00f3w\u00adnym udzia\u00ad\u0142em wszyst\u00adkich os\u00f3b \u2014 z do\u015bwiad\u00adcze\u00adniem migra\u00adcyj\u00adnym lub bez \u2014 w spo\u00ad\u0142e\u00adcze\u0144\u00adstwie, poli\u00adty\u00adce, kul\u00adtu\u00adrze i gospo\u00addar\u00adce. Cz\u0142on\u00adko\u00adwie Komi\u00adte\u00adtu Inte\u00adgra\u00adcyj\u00adne\u00adgo daj\u0105 g\u0142os r\u00f3\u017c\u00adno\u00adrod\u00adno\u00ad\u015bci kul\u00adtu\u00adro\u00adwej Karls\u00adru\u00adhe. Budu\u00adj\u0105 sie\u00adci mi\u0119\u00addzy sto\u00adwa\u00adrzy\u00adsze\u00adnia\u00admi migran\u00adt\u00f3w, ini\u00adcja\u00adty\u00adwa\u00admi, orga\u00adni\u00adza\u00adcja\u00admi i insty\u00adtu\u00adcja\u00admi miej\u00adski\u00admi. W ten spo\u00ads\u00f3b pro\u00admu\u00adj\u0105 wymian\u0119,\u2026<\/p>\n","category_list_v2":"","author_info_v2":{"name":"Andrea Ramirez","url":"https:\/\/www.anika-net.de\/pl\/author\/andrea-ramirez\/"},"comments_num_v2":"0 comments","uagb_featured_image_src":{"full":["https:\/\/www.anika-net.de\/wp-content\/uploads\/2019\/02\/Integration.jpeg",720,720,false],"thumbnail":["https:\/\/www.anika-net.de\/wp-content\/uploads\/2019\/02\/Integration-150x150.jpeg",150,150,true],"medium":["https:\/\/www.anika-net.de\/wp-content\/uploads\/2019\/02\/Integration-300x300.jpeg",300,300,true],"medium_large":["https:\/\/www.anika-net.de\/wp-content\/uploads\/2019\/02\/Integration.jpeg",640,640,false],"large":["https:\/\/www.anika-net.de\/wp-content\/uploads\/2019\/02\/Integration.jpeg",640,640,false],"1536x1536":["https:\/\/www.anika-net.de\/wp-content\/uploads\/2019\/02\/Integration.jpeg",720,720,false],"2048x2048":["https:\/\/www.anika-net.de\/wp-content\/uploads\/2019\/02\/Integration.jpeg",720,720,false],"event-overview":["https:\/\/www.anika-net.de\/wp-content\/uploads\/2019\/02\/Integration-720x640.jpeg",720,640,true],"event-archive-thumb":["https:\/\/www.anika-net.de\/wp-content\/uploads\/2019\/02\/Integration-480x480.jpeg",480,480,true],"grid-item-thumbnail":["https:\/\/www.anika-net.de\/wp-content\/uploads\/2019\/02\/Integration-360x200.jpeg",360,200,true],"network-partner-icon":["https:\/\/www.anika-net.de\/wp-content\/uploads\/2019\/02\/Integration-100x100.jpeg",100,100,true],"organiser-icon":["https:\/\/www.anika-net.de\/wp-content\/uploads\/2019\/02\/Integration-200x200.jpeg",200,200,true],"gform-image-choice-sm":["https:\/\/www.anika-net.de\/wp-content\/uploads\/2019\/02\/Integration.jpeg",300,300,false],"gform-image-choice-md":["https:\/\/www.anika-net.de\/wp-content\/uploads\/2019\/02\/Integration.jpeg",400,400,false],"gform-image-choice-lg":["https:\/\/www.anika-net.de\/wp-content\/uploads\/2019\/02\/Integration.jpeg",600,600,false]},"uagb_author_info":{"display_name":"Andrea Ramirez","author_link":"https:\/\/www.anika-net.de\/pl\/author\/andrea-ramirez\/"},"uagb_comment_info":0,"uagb_excerpt":"Komi\u00adtet Inte\u00adgra\u00adcyj\u00adny Mia\u00adsta Karlsruhe Ludzie z r\u00f3\u017c\u00adny\u00admi do\u015bwiad\u00adcze\u00adnia\u00admi (migra\u00adcyj\u00adny\u00admi) i wp\u0142y\u00adwa\u00admi kul\u00adtu\u00adro\u00adwy\u00admi, reli\u00adgij\u00adny\u00admi i inny\u00admi \u015bro\u00addo\u00adwi\u00adska\u00admi spo\u00ad\u0142ecz\u00adny\u00admi nazy\u00adwa\u00adj\u0105 Karls\u00adru\u00adhe swo\u00adim domem i codzien\u00adnie wzbo\u00adga\u00adca\u00adj\u0105 spo\u00ad\u0142e\u00adcze\u0144\u00adstwo miasta. Aby zapew\u00adni\u0107 r\u00f3w\u00adne szan\u00adse&nbsp;czytaj wi\u0119cej","_links":{"self":[{"href":"https:\/\/www.anika-net.de\/pl\/wp-json\/wp\/v2\/event\/57722","targetHints":{"allow":["GET"]}}],"collection":[{"href":"https:\/\/www.anika-net.de\/pl\/wp-json\/wp\/v2\/event"}],"about":[{"href":"https:\/\/www.anika-net.de\/pl\/wp-json\/wp\/v2\/types\/event"}],"author":[{"embeddable":true,"href":"https:\/\/www.anika-net.de\/pl\/wp-json\/wp\/v2\/users\/12"}],"version-history":[{"count":1,"href":"https:\/\/www.anika-net.de\/pl\/wp-json\/wp\/v2\/event\/57722\/revisions"}],"predecessor-version":[{"id":62247,"href":"https:\/\/www.anika-net.de\/pl\/wp-json\/wp\/v2\/event\/57722\/revisions\/62247"}],"acf:post":[{"embeddable":true,"href":"https:\/\/www.anika-net.de\/pl\/wp-json\/wp\/v2\/organiser\/10692"}],"acf:term":[{"embeddable":true,"taxonomy":"event_category","href":"https:\/\/www.anika-net.de\/pl\/wp-json\/wp\/v2\/event_category\/185"}],"wp:featuredmedia":[{"embeddable":true,"href":"https:\/\/www.anika-net.de\/pl\/wp-json\/wp\/v2\/media\/44015"}],"wp:attachment":[{"href":"https:\/\/www.anika-net.de\/pl\/wp-json\/wp\/v2\/media?parent=57722"}],"curies":[{"name":"wp","href":"https:\/\/api.w.org\/{rel}","templated":true}]}}