{"id":57477,"date":"2025-01-13T14:50:51","date_gmt":"2025-01-13T13:50:51","guid":{"rendered":"https:\/\/www.anika-net.de\/event\/przemoc-wobec-kobiet\/"},"modified":"2025-04-17T15:33:33","modified_gmt":"2025-04-17T13:33:33","slug":"przemoc-wobec-kobiet","status":"publish","type":"event","link":"https:\/\/www.anika-net.de\/pl\/event\/przemoc-wobec-kobiet\/","title":{"rendered":"Prze\u00admoc wobec kobiet"},"content":{"rendered":"<h3><em><span style=\"color: #008080;\">Czy jeste\u015b dotkni\u0119\u00adty przemoc\u0105?<br>\nWalcz! Nie b\u00f3j si\u0119 szu\u00adka\u0107 pomo\u00adcy i wsparcia&nbsp;<\/span><\/em><\/h3>\n<h1><span style=\"color: #ffcc00;\">Prze\u00admoc wobec kobiet \u2014 ochro\u00adna i wspar\u00adcie w Karlsruhe<br>\n<\/span><\/h1>\n<p><strong>Prze\u00admoc wobec kobiet zda\u00adrza si\u0119 codzien\u00adnie i na r\u00f3\u017c\u00adne sposoby:<\/strong><\/p>\n<ul>\n<li>Prze\u00admo\u00adc\u0105 jest, gdy m\u0105\u017c zamy\u00adka \u017con\u0119, gro\u00adzi, bije, rani lub gwa\u0142\u00adci&nbsp;\u017con\u0119.<\/li>\n<li>Jest to prze\u00admoc, gdy cz\u0142on\u00adko\u00adwie rodzi\u00adny, zna\u00adjo\u00admi lub nie\u00adzna\u00adjo\u00admi, dziew\u00adcz\u0119\u00adta lub kobie\u00adty chc\u0105 narzu\u00adci\u0107 spo\u00ads\u00f3b&nbsp;\u017cycia<br>\n, kt\u00f3\u00adre\u00adgo nie&nbsp;chc\u0105.<\/li>\n<li>Prze\u00admo\u00adc\u0105 jest, gdy zna\u00adjo\u00admi, kole\u00addzy, prze\u00ad\u0142o\u00ad\u017ce\u00adni lub nie\u00adzna\u00adjo\u00admi n\u0119ka\u00adj\u0105, prze\u00ad\u015bla\u00addu\u00adj\u0105 lub gwa\u0142\u00adc\u0105 kobiet\u0119.<\/li>\n<li>Prze\u00admo\u00adc\u0105 jest zmu\u00adsza\u00adnie kobiet do pro\u00adsty\u00adtu\u00adcji lub ma\u0142\u017ce\u0144stwa.<\/li>\n<li>Jest to prze\u00admoc, gdy m\u0119\u017c\u00adczy\u017a\u00adni z rodzi\u00adny, s\u0105siedz\u00adtwa lub kr\u0119\u00adgu zna\u00adjo\u00admych wymu\u00adsza\u00adj\u0105 akty sek\u00adsu\u00adal\u00adne na dziew\u00adcz\u0119\u00adtach lub ch\u0142opcach.<\/li>\n<li>Prze\u00admo\u00adc\u0105 jest sytu\u00adacja, w kt\u00f3\u00adrej ludzie wyko\u00adrzy\u00adstu\u00adj\u0105 zale\u017c\u00adno\u015b\u0107 lub bez\u00adbron\u00adno\u015b\u0107 kobiet i dziew\u00adcz\u0105t lub j\u0105 two\u00adrz\u0105 (np. poprzez nokaut).<\/li>\n<li>Prze\u00admo\u00adc\u0105 jest zmu\u00adsza\u00adnie kobiet i dziew\u00adcz\u0105t do ogl\u0105\u00adda\u00adnia zdj\u0119\u0107 lub fil\u00adm\u00f3w o mizo\u00adgi\u00adnicz\u00adnej tre\u015bci.<\/li>\n<\/ul>\n<pre><\/pre>\n<h2><span style=\"color: #008080;\">Czy jeste\u015b dotkni\u0119\u00adty prze\u00admo\u00adc\u0105 domo\u00adw\u0105 lub znasz kogo\u015b, kto jest ni\u0105 dotkni\u0119ty?<\/span><\/h2>\n<h2><strong>Kobie\u00adty<\/strong><\/h2>\n<p><strong><span style=\"color: #800000;\">Nume\u00adry alarmowe<\/span><br>\n<\/strong>W przy\u00adpad\u00adku powa\u017c\u00adne\u00adgo zagro\u00ad\u017ce\u00adnia nale\u00ad\u017cy wybra\u0107 jeden z nume\u00adr\u00f3w alarmowych.<\/p>\n<p><strong>Poli\u00adcja:<\/strong> 110<br>\n<strong>Schro\u00adni\u00adsko dla kobiet Karls\u00adru\u00adhe:<\/strong> 0721 56 78&nbsp;24<br>\n<strong>Schro\u00adni\u00adsko dla kobiet SkF Karls\u00adru\u00adhe:<\/strong> 0721 82 44&nbsp;66<\/p>\n<p><!--more--><\/p>\n<h2><strong>M\u0119\u017c\u00adczy\u017a\u00adni<br>\n<\/strong><\/h2>\n<p>M\u0119\u017c\u00adczy\u017a\u00adni r\u00f3w\u00adnie\u017c mog\u0105 by\u0107 dotkni\u0119\u00adci prze\u00admo\u00adc\u0105 domow\u0105.<strong><span style=\"color: #800000;\"><br>\nNumer alarmowy<\/span><\/strong><\/p>\n<p><strong>Poli\u00adcja:<\/strong> 110<br>\n\ud83d\udcde<a class=\"link-style phone-link\" title=\"Telefonnummer anrufen\" href=\"tel:+498001239900\"> 0800 1239900<\/a><br>\n<a class=\"email-popup link-style popover-mod\" title=\"Wysy\u0142anie wiadomo\u015bci e-mail\">\ud83d\udce7 beratung@maennerhilfetelefon.de<\/a><br>\n\ud83c\udf10 <a class=\"external-link link-style\" title=\"Link do strony\" href=\"https:\/\/www.maennerhilfetelefon.de\/\" target=\"_blank\" rel=\"noopener noreferrer\">www.maennerhilfetelefon.de<\/a><\/p>\n<pre><strong>The nationwide \u201cViolence against women\u201d helpline<\/strong> offers advice for victims and their families\nIt is available around the clock, 365 days a year. \nCalls can be made <strong>in 17 languages<\/strong>, <strong>anonymously and free<\/strong> of charge.\n\n\ud83d\udcde <strong>08000 116 016\n<\/strong><\/pre>\n<h3><span style=\"color: #008080;\">Bro\u00adszu\u00adra<\/span><\/h3>\n<h4>\ud83d\udcce<a href=\"https:\/\/www.karlsruhe.de\/securedl\/sdl-eyJ0eXAiOiJKV1QiLCJhbGciOiJIUzI1NiJ9.eyJpYXQiOjE3NDA0NzU2MzcsImV4cCI6MzMyMTc2MjY0NTYsInVzZXIiOjAsImdyb3VwcyI6WzAsLTFdLCJmaWxlIjoiZmlsZWFkbWluL3VzZXJfdXBsb2FkLzAyX0JpbGR1bmdfU296aWFsZXMvMDI0X1NjaHV0el91bmRfUHJhZXZlbnRpb24vR2V3YWx0L0hpbGZlX2JlaV9oYWV1c2xpY2hlcl91bmRfc2V4dWVsbGVyX0dld2FsdF9pbl9LYXJsc3J1aGVfU3RhZHRfS0FfMDItMjAyNS5wZGYiLCJwYWdlIjoyNDMzfQ.FWoGp6dSejTCfOefsHW4zvxEIEPPZYK44bZJqQ7okh4\/Hilfe_bei_haeuslicher_und_sexueller_Gewalt_in_Karlsruhe_Stadt_KA_02-2025.pdf\" rel=\"noopener\"><strong>Bro\u00adszu\u00adra Prze\u00admoc domo\u00adwa i prze\u00admoc sek\u00adsu\u00adal\u00adna \u2014 ochro\u00adna i pomoc w Karlsruhe<\/strong><\/a><br>\n\ud83d\udcce<a href=\"https:\/\/www.karlsruhe.de\/securedl\/sdl-eyJ0eXAiOiJKV1QiLCJhbGciOiJIUzI1NiJ9.eyJpYXQiOjE3NDA0NzU2MzcsImV4cCI6MzMyMTc2MjY0NTYsInVzZXIiOjAsImdyb3VwcyI6WzAsLTFdLCJmaWxlIjoiZmlsZWFkbWluL3VzZXJfdXBsb2FkLzAyX0JpbGR1bmdfU296aWFsZXMvMDI0X1NjaHV0el91bmRfUHJhZXZlbnRpb24vR2V3YWx0L0ZhbHRibGF0dF9IaWxmZV9iZWlfR2V3YWx0X0RpZ2l0YWx2ZXJzaW9uXzI0LTAyNTAucGRmIiwicGFnZSI6MjQzM30.OHLJBnq-PUYmatTOYtJUwlUoejI_hJKCYRvj7v350tk\/Faltblatt_Hilfe_bei_Gewalt_Digitalversion_24-0250.pdf\" rel=\"noopener\"><strong>Bro\u00adszu\u00adra Prze\u00admoc domo\u00adwa i prze\u00admoc sek\u00adsu\u00adal\u00adna \u2014 ochro\u00adna i pomoc w Karlsruhe<\/strong><\/a><br>\n<strong>\ud83d\udcce<a href=\"https:\/\/www.karlsruhe.de\/securedl\/sdl-eyJ0eXAiOiJKV1QiLCJhbGciOiJIUzI1NiJ9.eyJpYXQiOjE3MzY3NjkxOTIsImV4cCI6MzMyMTc2MjY0NTYsInVzZXIiOjAsImdyb3VwcyI6WzAsLTFdLCJmaWxlIjoiZmlsZWFkbWluL3VzZXJfdXBsb2FkL0Jyb3NjaHVlcmVfR2V3YWx0X2dlZ2VuX0ZyYXVlbl9lbmdsaXNjaF8xOC0wMDQ0LnBkZiIsInBhZ2UiOjI0MzN9.QPs3SiHUt0-fqOtisjT0oMfN933RemSKs9dpeqkMIBk\/Broschuere_Gewalt_gegen_Frauen_englisch_18-0044.pdf\" rel=\"noopener\">Prze\u00admoc wobec kobiet \u2014 pora\u00addy i pomoc dla kobiet w potrzebie<\/a><\/strong><\/h4>\n<h1><span style=\"color: #008080;\">Ochro\u00adna przed przemoc\u0105<\/span><\/h1>\n<div><strong><strong><a href=\"https:\/\/www.anika-net.de\/event\/letter-of-protection-against-female-genital-mutilation\/\">List ochron\u00adny przed oka\u00adle\u00adcza\u00adniem \u017ce\u0144\u00adskich narz\u0105\u00add\u00f3w p\u0142ciowych<\/a><br>\n<\/strong><\/strong>\n<div><strong><a href=\"https:\/\/www.anika-net.de\/event\/help-for-victims-of-violence-or-sexual-crimes\/\"><strong>Pomoc dla ofiar prze\u00admo\u00adcy lub prze\u00adst\u0119pstw seksualnych<\/strong><\/a><\/strong><\/div>\n<div><strong><a href=\"https:\/\/www.anika-net.de\/event\/support-for-children-facing-sexual-violence\/\"><strong>Wspar\u00adcie dla dzie\u00adci do\u015bwiad\u00adcza\u00adj\u0105\u00adcych prze\u00admo\u00adcy seksualnej<\/strong><\/a><\/strong><br>\n<strong> <a href=\"https:\/\/www.karlsruhe.de\/bildung-soziales\/schutz-praevention\/schutz-vor-gewalt\/schutz-vor-haeuslicher-gewalt\" rel=\"noopener\"><strong>Ochro\u00adna przed prze\u00admo\u00adc\u0105 domow\u0105<\/strong><\/a><\/strong><br>\n<strong><a href=\"https:\/\/www.karlsruhe.de\/bildung-soziales\/schutz-praevention\/schutz-vor-gewalt\/schutz-vor-sexueller-gewalt\" rel=\"noopener\">Ochro\u00adna przed prze\u00admo\u00adc\u0105 seksualn\u0105<\/a><\/strong><br>\n<strong><a href=\"https:\/\/www.karlsruhe.de\/bildung-soziales\/schutz-praevention\/schutz-vor-gewalt\/schutz-vor-digitaler-gewalt\" rel=\"noopener\">Ochro\u00adna przed prze\u00admo\u00adc\u0105 cyfrow\u0105<\/a><br>\n<a href=\"https:\/\/www.karlsruhe.de\/bildung-soziales\/schutz-praevention\/schutz-vor-gewalt\/schutz-vor-stalking\" rel=\"noopener\">Ochro\u00adna przed stalkingiem<\/a><br>\n<a href=\"https:\/\/www.karlsruhe.de\/bildung-soziales\/schutz-praevention\/schutz-vor-gewalt\/schutz-vor-sexualiserter-gewalt-am-arbeitsplatz\" rel=\"noopener\">Ochro\u00adna przed prze\u00admo\u00adc\u0105 sek\u00adsu\u00adal\u00adn\u0105 w miej\u00adscu&nbsp;pracy<\/a><br>\n<a href=\"https:\/\/www.karlsruhe.de\/bildung-soziales\/schutz-praevention\/schutz-vor-gewalt\/schutz-vor-gewalt-im-namen-der-ehre-und-zwangsheirat\" rel=\"noopener\">Ochro\u00adna przed prze\u00admo\u00adc\u0105 w imi\u0119 \u201chono\u00adru\u201d i przy\u00admu\u00adso\u00adwy\u00admi ma\u0142\u017ce\u0144stwami<\/a><br>\n<\/strong><\/div>\n<div><strong> <a href=\"https:\/\/www.karlsruhe.de\/bildung-soziales\/schutz-praevention\/schutz-vor-gewalt\/schutz-vor-menschenhandel-und-zwangsprostitution\" rel=\"noopener\"><strong>Ochro\u00adna przed han\u00addlem lud\u017a\u00admi i przy\u00admu\u00adso\u00adw\u0105 prostytucj\u0105<\/strong><\/a><\/strong><\/div>\n<\/div>\n<div><\/div>\n<div><\/div>\n<div><\/div>\n<div><\/div>\n<div><\/div>\n<div><\/div>\n","protected":false},"author":12,"featured_media":57442,"template":"","class_list":["post-57477","event","type-event","status-publish","has-post-thumbnail","hentry","event_category-pomoc-pl"],"acf":{"event-recurring":true,"event-category":185,"event-is-language-course":false,"event-recurring-still-active":true,"event-display-details":true,"event-schedules-recurring":null,"event-schedules-calendar":null,"event-is-online":false,"event-online-url":"","event-location-building":"Gleichstellungsbeauftragte - Rathaus am Marktplatz","event-location-street":"Karl-Friedrich-Stra\u00dfe 10","event-location-zip":"76133","event-location-city":"Karlsruhe","event-location-contact-person":"","event-location-phone":"0721 133 30 62","event-location-phone-2":"","event-location-mail":"gb@karlsruhe.de","event-location-mail-2":"","event-location-website":"https:\/\/www.karlsruhe.de\/bildung-soziales\/schutz-praevention\/schutz-vor-gewalt\/schutz-vor-haeuslicher-gewalt","event-target-group":[{"target-group":"all"}],"event-target-group-comment":"","event-free":true,"event-organiser":[10687],"event-header-copyright-overlay":true,"event-copyright-note-description-end":false},"featured_image_urls_v2":{"full":["https:\/\/www.anika-net.de\/wp-content\/uploads\/2025\/01\/violence-against-woman.png",637,361,false],"thumbnail":["https:\/\/www.anika-net.de\/wp-content\/uploads\/2025\/01\/violence-against-woman-150x150.png",150,150,true],"medium":["https:\/\/www.anika-net.de\/wp-content\/uploads\/2025\/01\/violence-against-woman-300x170.png",300,170,true],"medium_large":["https:\/\/www.anika-net.de\/wp-content\/uploads\/2025\/01\/violence-against-woman.png",637,361,false],"large":["https:\/\/www.anika-net.de\/wp-content\/uploads\/2025\/01\/violence-against-woman.png",637,361,false],"1536x1536":["https:\/\/www.anika-net.de\/wp-content\/uploads\/2025\/01\/violence-against-woman.png",637,361,false],"2048x2048":["https:\/\/www.anika-net.de\/wp-content\/uploads\/2025\/01\/violence-against-woman.png",637,361,false],"event-overview":["https:\/\/www.anika-net.de\/wp-content\/uploads\/2025\/01\/violence-against-woman.png",637,361,false],"event-archive-thumb":["https:\/\/www.anika-net.de\/wp-content\/uploads\/2025\/01\/violence-against-woman-480x272.png",480,272,true],"grid-item-thumbnail":["https:\/\/www.anika-net.de\/wp-content\/uploads\/2025\/01\/violence-against-woman-360x200.png",360,200,true],"network-partner-icon":["https:\/\/www.anika-net.de\/wp-content\/uploads\/2025\/01\/violence-against-woman-100x100.png",100,100,true],"organiser-icon":["https:\/\/www.anika-net.de\/wp-content\/uploads\/2025\/01\/violence-against-woman-200x200.png",200,200,true],"gform-image-choice-sm":["https:\/\/www.anika-net.de\/wp-content\/uploads\/2025\/01\/violence-against-woman-300x300.png",300,300,true],"gform-image-choice-md":["https:\/\/www.anika-net.de\/wp-content\/uploads\/2025\/01\/violence-against-woman-400x361.png",400,361,true],"gform-image-choice-lg":["https:\/\/www.anika-net.de\/wp-content\/uploads\/2025\/01\/violence-against-woman-600x361.png",600,361,true]},"post_excerpt_stackable_v2":"<p>Czy jeste\u015b dotkni\u0119\u00adty prze\u00admo\u00adc\u0105? Walcz! Nie b\u00f3j si\u0119 szu\u00adka\u0107 pomo\u00adcy i wspar\u00adcia&nbsp; Prze\u00admoc wobec kobiet \u2014 ochro\u00adna i wspar\u00adcie w Karls\u00adru\u00adhe Prze\u00admoc wobec kobiet zda\u00adrza si\u0119 codzien\u00adnie i na r\u00f3\u017c\u00adne spo\u00adso\u00adby: Prze\u00admo\u00adc\u0105 jest, gdy m\u0105\u017c zamy\u00adka \u017con\u0119, gro\u00adzi, bije, rani lub gwa\u0142\u00adci&nbsp;\u017con\u0119. Jest to prze\u00admoc, gdy cz\u0142on\u00adko\u00adwie rodzi\u00adny, zna\u00adjo\u00admi lub nie\u00adzna\u00adjo\u00admi, dziew\u00adcz\u0119\u00adta lub kobie\u00adty chc\u0105 narzu\u00adci\u0107 spo\u00ads\u00f3b&nbsp;\u017cycia , kt\u00f3\u00adre\u00adgo nie&nbsp;chc\u0105. Prze\u00admo\u00adc\u0105 jest, gdy zna\u00adjo\u00admi, kole\u00addzy, prze\u00ad\u0142o\u00ad\u017ce\u00adni lub nie\u00adzna\u00adjo\u00admi n\u0119ka\u00adj\u0105, prze\u00ad\u015bla\u00addu\u00adj\u0105 lub gwa\u0142\u00adc\u0105 kobie\u00adt\u0119. Prze\u00admo\u00adc\u0105 jest zmu\u00adsza\u00adnie kobiet do pro\u00adsty\u00adtu\u00adcji lub ma\u0142\u00ad\u017ce\u0144\u00adstwa. Jest to prze\u00admoc, gdy m\u0119\u017c\u00adczy\u017a\u00adni z rodzi\u00adny, s\u0105siedz\u00adtwa lub kr\u0119\u00adgu zna\u00adjo\u00admych wymu\u00adsza\u00adj\u0105 akty sek\u00adsu\u00adal\u00adne na dziew\u00adcz\u0119\u00adtach lub ch\u0142op\u00adcach. Przemoc\u0105\u2026<\/p>\n","category_list_v2":"","author_info_v2":{"name":"Andrea Ramirez","url":"https:\/\/www.anika-net.de\/pl\/author\/andrea-ramirez\/"},"comments_num_v2":"0 comments","uagb_featured_image_src":{"full":["https:\/\/www.anika-net.de\/wp-content\/uploads\/2025\/01\/violence-against-woman.png",637,361,false],"thumbnail":["https:\/\/www.anika-net.de\/wp-content\/uploads\/2025\/01\/violence-against-woman-150x150.png",150,150,true],"medium":["https:\/\/www.anika-net.de\/wp-content\/uploads\/2025\/01\/violence-against-woman-300x170.png",300,170,true],"medium_large":["https:\/\/www.anika-net.de\/wp-content\/uploads\/2025\/01\/violence-against-woman.png",637,361,false],"large":["https:\/\/www.anika-net.de\/wp-content\/uploads\/2025\/01\/violence-against-woman.png",637,361,false],"1536x1536":["https:\/\/www.anika-net.de\/wp-content\/uploads\/2025\/01\/violence-against-woman.png",637,361,false],"2048x2048":["https:\/\/www.anika-net.de\/wp-content\/uploads\/2025\/01\/violence-against-woman.png",637,361,false],"event-overview":["https:\/\/www.anika-net.de\/wp-content\/uploads\/2025\/01\/violence-against-woman.png",637,361,false],"event-archive-thumb":["https:\/\/www.anika-net.de\/wp-content\/uploads\/2025\/01\/violence-against-woman-480x272.png",480,272,true],"grid-item-thumbnail":["https:\/\/www.anika-net.de\/wp-content\/uploads\/2025\/01\/violence-against-woman-360x200.png",360,200,true],"network-partner-icon":["https:\/\/www.anika-net.de\/wp-content\/uploads\/2025\/01\/violence-against-woman-100x100.png",100,100,true],"organiser-icon":["https:\/\/www.anika-net.de\/wp-content\/uploads\/2025\/01\/violence-against-woman-200x200.png",200,200,true],"gform-image-choice-sm":["https:\/\/www.anika-net.de\/wp-content\/uploads\/2025\/01\/violence-against-woman-300x300.png",300,300,true],"gform-image-choice-md":["https:\/\/www.anika-net.de\/wp-content\/uploads\/2025\/01\/violence-against-woman-400x361.png",400,361,true],"gform-image-choice-lg":["https:\/\/www.anika-net.de\/wp-content\/uploads\/2025\/01\/violence-against-woman-600x361.png",600,361,true]},"uagb_author_info":{"display_name":"Andrea Ramirez","author_link":"https:\/\/www.anika-net.de\/pl\/author\/andrea-ramirez\/"},"uagb_comment_info":0,"uagb_excerpt":"Czy jeste\u015b dotkni\u0119\u00adty przemoc\u0105? Walcz! Nie b\u00f3j si\u0119 szu\u00adka\u0107 pomo\u00adcy i wsparcia&nbsp; Prze\u00admoc wobec kobiet \u2014 ochro\u00adna i wspar\u00adcie w Karlsruhe Prze\u00admoc wobec kobiet zda\u00adrza si\u0119 codzien\u00adnie i na r\u00f3\u017c\u00adne&nbsp;czytaj wi\u0119cej","_links":{"self":[{"href":"https:\/\/www.anika-net.de\/pl\/wp-json\/wp\/v2\/event\/57477","targetHints":{"allow":["GET"]}}],"collection":[{"href":"https:\/\/www.anika-net.de\/pl\/wp-json\/wp\/v2\/event"}],"about":[{"href":"https:\/\/www.anika-net.de\/pl\/wp-json\/wp\/v2\/types\/event"}],"author":[{"embeddable":true,"href":"https:\/\/www.anika-net.de\/pl\/wp-json\/wp\/v2\/users\/12"}],"version-history":[{"count":1,"href":"https:\/\/www.anika-net.de\/pl\/wp-json\/wp\/v2\/event\/57477\/revisions"}],"predecessor-version":[{"id":59015,"href":"https:\/\/www.anika-net.de\/pl\/wp-json\/wp\/v2\/event\/57477\/revisions\/59015"}],"acf:post":[{"embeddable":true,"href":"https:\/\/www.anika-net.de\/pl\/wp-json\/wp\/v2\/organiser\/10687"}],"acf:term":[{"embeddable":true,"taxonomy":"event_category","href":"https:\/\/www.anika-net.de\/pl\/wp-json\/wp\/v2\/event_category\/185"}],"wp:featuredmedia":[{"embeddable":true,"href":"https:\/\/www.anika-net.de\/pl\/wp-json\/wp\/v2\/media\/57442"}],"wp:attachment":[{"href":"https:\/\/www.anika-net.de\/pl\/wp-json\/wp\/v2\/media?parent=57477"}],"curies":[{"name":"wp","href":"https:\/\/api.w.org\/{rel}","templated":true}]}}