{"id":56956,"date":"2024-12-10T13:53:22","date_gmt":"2024-12-10T12:53:22","guid":{"rendered":"https:\/\/www.anika-net.de\/event\/welcome-center-technologieregion-karlsruhe\/"},"modified":"2025-04-17T15:39:30","modified_gmt":"2025-04-17T13:39:30","slug":"welcome-center-technologieregion-karlsruhe","status":"publish","type":"event","link":"https:\/\/www.anika-net.de\/pl\/event\/welcome-center-technologieregion-karlsruhe\/","title":{"rendered":"Welco\u00adme Cen\u00adter Tech\u00adno\u00adlo\u00adgie\u00adRe\u00adgion Karlsruhe"},"content":{"rendered":"<h2><span style=\"color: #666699;\">My \u2014 Cen\u00adtrum<\/span><span style=\"color: #008080;\"><strong> Welco\u00adme Cen\u00adter Tech\u00adno\u00adlo\u00adgie\u00adRe\u00adgion Karls\u00adru\u00adhe<\/strong>.<\/span> <span style=\"color: #666699;\">dora\u00addza\u00admy mi\u0119\u00addzy\u00adna\u00adro\u00addo\u00adwym pro\u00adfe\u00adsjo\u00adna\u00adli\u00adstom i m\u0142o\u00addym pro\u00adfe\u00adsjo\u00adna\u00adli\u00adstom, kt\u00f3\u00adrzy chc\u0105 pra\u00adco\u00adwa\u0107 i miesz\u00adka\u0107 w TechnologieRegion.<\/span><\/h2>\n<p><strong>Czy posia\u00addasz kwa\u00adli\u00adfi\u00adka\u00adcje zawo\u00addo\u00adwe?<\/strong> <strong>Czy chcia\u0142\u00adby\u015b nauczy\u0107 si\u0119 zawo\u00addu?<\/strong> <strong>Szu\u00adkasz pra\u00adcy, kt\u00f3\u00adra odpo\u00adwia\u00adda Two\u00adim kwa\u00adli\u00adfi\u00adka\u00adcjom?<\/strong> Poin\u00adfor\u00admu\u00adje\u00admy Ci\u0119 o wyma\u00adga\u00adniach regio\u00adnal\u00adne\u00adgo ryn\u00adku szko\u00adle\u0144 i pra\u00adcy oraz o pro\u00adce\u00adsie apli\u00adka\u00adcyj\u00adnym. Ponad\u00adto jeste\u00ad\u015bmy dost\u0119p\u00adni, aby pom\u00f3c Tobie i cz\u0142on\u00adkom Two\u00adjej rodzi\u00adny w wie\u00adlu kwe\u00adstiach zwi\u0105\u00adza\u00adnych z przy\u00adjaz\u00addem i osie\u00addle\u00adniem si\u0119 w naszym regio\u00adnie. Od A dla pozwo\u00adle\u00adnia na pobyt do Z dla domu. Jeste\u00ad\u015bmy cen\u00adtral\u00adnym punk\u00adtem kon\u00adtak\u00adto\u00adwym z funk\u00adcj\u0105 pilo\u00adta\u00ad\u017co\u00adw\u0105, co ozna\u00adcza, \u017ce \u015bci\u00ad\u015ble wsp\u00f3\u0142\u00adpra\u00adcu\u00adje\u00admy z wie\u00adlo\u00adma lokal\u00adny\u00admi, regio\u00adnal\u00adny\u00admi i mi\u0119\u00addzy\u00adna\u00adro\u00addo\u00adwy\u00admi pod\u00admio\u00adta\u00admi (cen\u00adtra dorad\u00adcze, insty\u00adtu\u00adcje us\u0142u\u00adgo\u00adwe, w\u0142a\u00addze, sto\u00adwa\u00adrzy\u00adsze\u00adnia). Ponie\u00adwa\u017c jeste\u00ad\u015bmy finan\u00adso\u00adwa\u00adni m.in. przez Mini\u00adster\u00adstwo Gospo\u00addar\u00adki, Pra\u00adcy i Tury\u00adsty\u00adki Bade\u00adnii-Wir\u00adtem\u00adber\u00adgii, wszyst\u00adkie nasze us\u0142u\u00adgi s\u0105 bezp\u0142atne.<br>\nCh\u0119t\u00adnie udzie\u00adli\u00admy bez\u00adp\u0142at\u00adnych kon\u00adsul\u00adta\u00adcji tele\u00adfo\u00adnicz\u00adnych, wir\u00adtu\u00adal\u00adnych, mailo\u00adwych lub w Welco\u00adme Center.<\/p>\n<p><span style=\"color: #008080;\"><strong>Gru\u00adpa docelowa<\/strong><\/span><\/p>\n<p>Mi\u0119\u00addzy\u00adna\u00adro\u00addo\u00adwi pro\u00adfe\u00adsjo\u00adna\u00adli\u00ad\u015bci, stu\u00adden\u00adci i sta\u00ad\u017cy\u00ad\u015bci wszyst\u00adkich zawo\u00add\u00f3w i bran\u017c oraz cz\u0142on\u00adko\u00adwie ich rodzin:<\/p>\n<ul>\n<li>Kt\u00f3\u00adrzy s\u0105 zain\u00adte\u00adre\u00adso\u00adwa\u00adni Tech\u00adno\u00adlo\u00adgie\u00adRe\u00adgion Karls\u00adru\u00adhe i nadal miesz\u00adka\u00adj\u0105 za granic\u0105<\/li>\n<li>Kim s\u0105 nowi przy\u00adby\u00adsze z zagra\u00adni\u00adcy roz\u00adpo\u00adczy\u00adna\u00adj\u0105\u00adcy&nbsp;prac\u0119?<\/li>\n<li>kt\u00f3\u00adrzy miesz\u00adka\u00adj\u0105 w Tech\u00adno\u00adlo\u00adgie\u00adRe\u00adgion Karls\u00adru\u00adhe od kil\u00adku lat i chcie\u00adli\u00adby zmie\u00adni\u0107&nbsp;zaw\u00f3d<\/li>\n<\/ul>\n","protected":false},"author":12,"featured_media":56946,"template":"","class_list":["post-56956","event","type-event","status-publish","has-post-thumbnail","hentry","event_category-praca"],"acf":{"event-recurring":true,"event-category":263,"event-is-language-course":false,"event-recurring-still-active":true,"event-display-details":true,"event-schedules-recurring":null,"event-schedules-calendar":null,"event-is-online":false,"event-online-url":"","event-location-building":"Welcome Center TechnologieRegion Karlsruhe","event-location-street":"Emmy-Noether-Stra\u00dfe 11","event-location-zip":"76131","event-location-city":"Karlsruhe","event-location-contact-person":"Petra Bender \/ Sin\u00e9ad O\u2018Brien","event-location-phone":"0721 402 44-713","event-location-phone-2":"","event-location-mail":"welcome@trk.de","event-location-mail-2":"","event-location-website":"https:\/\/trk.de\/wcc\/","event-target-group":[{"target-group":"adults"}],"event-target-group-comment":"","event-free":true,"event-organiser":[56973,56974,56992,57028],"event-header-copyright-overlay":false,"event-copyright-note-description-end":false},"featured_image_urls_v2":{"full":["https:\/\/www.anika-net.de\/wp-content\/uploads\/2019\/01\/logo-wcc_positive.png",386,128,false],"thumbnail":["https:\/\/www.anika-net.de\/wp-content\/uploads\/2019\/01\/logo-wcc_positive-150x128.png",150,128,true],"medium":["https:\/\/www.anika-net.de\/wp-content\/uploads\/2019\/01\/logo-wcc_positive-300x99.png",300,99,true],"medium_large":["https:\/\/www.anika-net.de\/wp-content\/uploads\/2019\/01\/logo-wcc_positive.png",386,128,false],"large":["https:\/\/www.anika-net.de\/wp-content\/uploads\/2019\/01\/logo-wcc_positive.png",386,128,false],"1536x1536":["https:\/\/www.anika-net.de\/wp-content\/uploads\/2019\/01\/logo-wcc_positive.png",386,128,false],"2048x2048":["https:\/\/www.anika-net.de\/wp-content\/uploads\/2019\/01\/logo-wcc_positive.png",386,128,false],"event-overview":["https:\/\/www.anika-net.de\/wp-content\/uploads\/2019\/01\/logo-wcc_positive.png",386,128,false],"event-archive-thumb":["https:\/\/www.anika-net.de\/wp-content\/uploads\/2019\/01\/logo-wcc_positive.png",386,128,false],"grid-item-thumbnail":["https:\/\/www.anika-net.de\/wp-content\/uploads\/2019\/01\/logo-wcc_positive-360x128.png",360,128,true],"network-partner-icon":["https:\/\/www.anika-net.de\/wp-content\/uploads\/2019\/01\/logo-wcc_positive-100x100.png",100,100,true],"organiser-icon":["https:\/\/www.anika-net.de\/wp-content\/uploads\/2019\/01\/logo-wcc_positive-200x128.png",200,128,true],"gform-image-choice-sm":["https:\/\/www.anika-net.de\/wp-content\/uploads\/2019\/01\/logo-wcc_positive-300x128.png",300,128,true],"gform-image-choice-md":["https:\/\/www.anika-net.de\/wp-content\/uploads\/2019\/01\/logo-wcc_positive.png",386,128,false],"gform-image-choice-lg":["https:\/\/www.anika-net.de\/wp-content\/uploads\/2019\/01\/logo-wcc_positive.png",386,128,false]},"post_excerpt_stackable_v2":"<p>My \u2014 Cen\u00adtrum Welco\u00adme Cen\u00adter Tech\u00adno\u00adlo\u00adgie\u00adRe\u00adgion Karls\u00adru\u00adhe. dora\u00addza\u00admy mi\u0119\u00addzy\u00adna\u00adro\u00addo\u00adwym pro\u00adfe\u00adsjo\u00adna\u00adli\u00adstom i m\u0142o\u00addym pro\u00adfe\u00adsjo\u00adna\u00adli\u00adstom, kt\u00f3\u00adrzy chc\u0105 pra\u00adco\u00adwa\u0107 i miesz\u00adka\u0107 w Tech\u00adno\u00adlo\u00adgie\u00adRe\u00adgion. Czy posia\u00addasz kwa\u00adli\u00adfi\u00adka\u00adcje zawo\u00addo\u00adwe? Czy chcia\u0142\u00adby\u015b nauczy\u0107 si\u0119 zawo\u00addu? Szu\u00adkasz pra\u00adcy, kt\u00f3\u00adra odpo\u00adwia\u00adda Two\u00adim kwa\u00adli\u00adfi\u00adka\u00adcjom? Poin\u00adfor\u00admu\u00adje\u00admy Ci\u0119 o wyma\u00adga\u00adniach regio\u00adnal\u00adne\u00adgo ryn\u00adku szko\u00adle\u0144 i pra\u00adcy oraz o pro\u00adce\u00adsie apli\u00adka\u00adcyj\u00adnym. Ponad\u00adto jeste\u00ad\u015bmy dost\u0119p\u00adni, aby pom\u00f3c Tobie i cz\u0142on\u00adkom Two\u00adjej rodzi\u00adny w wie\u00adlu kwe\u00adstiach zwi\u0105\u00adza\u00adnych z przy\u00adjaz\u00addem i osie\u00addle\u00adniem si\u0119 w naszym regio\u00adnie. Od A dla pozwo\u00adle\u00adnia na pobyt do Z dla domu. Jeste\u00ad\u015bmy cen\u00adtral\u00adnym punk\u00adtem kon\u00adtak\u00adto\u00adwym z funk\u00adcj\u0105 pilo\u00adta\u00ad\u017co\u00adw\u0105, co ozna\u00adcza, \u017ce \u015bci\u00ad\u015ble wsp\u00f3\u0142\u00adpra\u00adcu\u00adje\u00admy z wie\u00adlo\u00adma lokal\u00adny\u00admi, regio\u00adnal\u00adny\u00admi i mi\u0119\u00addzy\u00adna\u00adro\u00addo\u00adwy\u00admi pod\u00admio\u00adta\u00admi (cen\u00adtra\u2026<\/p>\n","category_list_v2":"","author_info_v2":{"name":"Andrea Ramirez","url":"https:\/\/www.anika-net.de\/pl\/author\/andrea-ramirez\/"},"comments_num_v2":"0 comments","uagb_featured_image_src":{"full":["https:\/\/www.anika-net.de\/wp-content\/uploads\/2019\/01\/logo-wcc_positive.png",386,128,false],"thumbnail":["https:\/\/www.anika-net.de\/wp-content\/uploads\/2019\/01\/logo-wcc_positive-150x128.png",150,128,true],"medium":["https:\/\/www.anika-net.de\/wp-content\/uploads\/2019\/01\/logo-wcc_positive-300x99.png",300,99,true],"medium_large":["https:\/\/www.anika-net.de\/wp-content\/uploads\/2019\/01\/logo-wcc_positive.png",386,128,false],"large":["https:\/\/www.anika-net.de\/wp-content\/uploads\/2019\/01\/logo-wcc_positive.png",386,128,false],"1536x1536":["https:\/\/www.anika-net.de\/wp-content\/uploads\/2019\/01\/logo-wcc_positive.png",386,128,false],"2048x2048":["https:\/\/www.anika-net.de\/wp-content\/uploads\/2019\/01\/logo-wcc_positive.png",386,128,false],"event-overview":["https:\/\/www.anika-net.de\/wp-content\/uploads\/2019\/01\/logo-wcc_positive.png",386,128,false],"event-archive-thumb":["https:\/\/www.anika-net.de\/wp-content\/uploads\/2019\/01\/logo-wcc_positive.png",386,128,false],"grid-item-thumbnail":["https:\/\/www.anika-net.de\/wp-content\/uploads\/2019\/01\/logo-wcc_positive-360x128.png",360,128,true],"network-partner-icon":["https:\/\/www.anika-net.de\/wp-content\/uploads\/2019\/01\/logo-wcc_positive-100x100.png",100,100,true],"organiser-icon":["https:\/\/www.anika-net.de\/wp-content\/uploads\/2019\/01\/logo-wcc_positive-200x128.png",200,128,true],"gform-image-choice-sm":["https:\/\/www.anika-net.de\/wp-content\/uploads\/2019\/01\/logo-wcc_positive-300x128.png",300,128,true],"gform-image-choice-md":["https:\/\/www.anika-net.de\/wp-content\/uploads\/2019\/01\/logo-wcc_positive.png",386,128,false],"gform-image-choice-lg":["https:\/\/www.anika-net.de\/wp-content\/uploads\/2019\/01\/logo-wcc_positive.png",386,128,false]},"uagb_author_info":{"display_name":"Andrea Ramirez","author_link":"https:\/\/www.anika-net.de\/pl\/author\/andrea-ramirez\/"},"uagb_comment_info":0,"uagb_excerpt":"My \u2014 Cen\u00adtrum Welco\u00adme Cen\u00adter Tech\u00adno\u00adlo\u00adgie\u00adRe\u00adgion Karls\u00adru\u00adhe. dora\u00addza\u00admy mi\u0119\u00addzy\u00adna\u00adro\u00addo\u00adwym pro\u00adfe\u00adsjo\u00adna\u00adli\u00adstom i m\u0142o\u00addym pro\u00adfe\u00adsjo\u00adna\u00adli\u00adstom, kt\u00f3\u00adrzy chc\u0105 pra\u00adco\u00adwa\u0107 i miesz\u00adka\u0107 w TechnologieRegion. Czy posia\u00addasz kwa\u00adli\u00adfi\u00adka\u00adcje zawo\u00addo\u00adwe? Czy chcia\u0142\u00adby\u015b nauczy\u0107 si\u0119 zawo\u00addu? Szu\u00adkasz&nbsp;czytaj wi\u0119cej","_links":{"self":[{"href":"https:\/\/www.anika-net.de\/pl\/wp-json\/wp\/v2\/event\/56956","targetHints":{"allow":["GET"]}}],"collection":[{"href":"https:\/\/www.anika-net.de\/pl\/wp-json\/wp\/v2\/event"}],"about":[{"href":"https:\/\/www.anika-net.de\/pl\/wp-json\/wp\/v2\/types\/event"}],"author":[{"embeddable":true,"href":"https:\/\/www.anika-net.de\/pl\/wp-json\/wp\/v2\/users\/12"}],"version-history":[{"count":1,"href":"https:\/\/www.anika-net.de\/pl\/wp-json\/wp\/v2\/event\/56956\/revisions"}],"predecessor-version":[{"id":60845,"href":"https:\/\/www.anika-net.de\/pl\/wp-json\/wp\/v2\/event\/56956\/revisions\/60845"}],"acf:post":[{"embeddable":true,"href":"https:\/\/www.anika-net.de\/pl\/wp-json\/wp\/v2\/organiser\/57028"},{"embeddable":true,"href":"https:\/\/www.anika-net.de\/pl\/wp-json\/wp\/v2\/organiser\/56992"},{"embeddable":true,"href":"https:\/\/www.anika-net.de\/pl\/wp-json\/wp\/v2\/organiser\/56974"},{"embeddable":true,"href":"https:\/\/www.anika-net.de\/pl\/wp-json\/wp\/v2\/organiser\/56973"}],"acf:term":[{"embeddable":true,"taxonomy":"event_category","href":"https:\/\/www.anika-net.de\/pl\/wp-json\/wp\/v2\/event_category\/263"}],"wp:featuredmedia":[{"embeddable":true,"href":"https:\/\/www.anika-net.de\/pl\/wp-json\/wp\/v2\/media\/56946"}],"wp:attachment":[{"href":"https:\/\/www.anika-net.de\/pl\/wp-json\/wp\/v2\/media?parent=56956"}],"curies":[{"name":"wp","href":"https:\/\/api.w.org\/{rel}","templated":true}]}}