{"id":55577,"date":"2024-11-21T11:17:46","date_gmt":"2024-11-21T10:17:46","guid":{"rendered":"https:\/\/www.anika-net.de\/event\/waldklassenzimmer\/"},"modified":"2025-04-17T15:33:13","modified_gmt":"2025-04-17T13:33:13","slug":"waldklassenzimmer","status":"publish","type":"event","link":"https:\/\/www.anika-net.de\/pl\/event\/waldklassenzimmer\/","title":{"rendered":"Wald\u00adklas\u00adsen\u00adzim\u00admer"},"content":{"rendered":"<p>The <a href=\"https:\/\/www.waldpaedagogik-karlsruhe.de\/aktuelles\/\" rel=\"noopener\"><em><strong><span style=\"color: #008080;\">Wald\u00adklas\u00adsen\u00adzim\u00admer<\/span> <\/strong><\/em><\/a>(kla\u00adsa le\u015bna) jest wyko\u00adrzy\u00adsty\u00adwa\u00adna jako punkt kon\u00adtak\u00adto\u00adwy dla wyda\u00adrze\u0144 zwi\u0105\u00adza\u00adnych z edu\u00adka\u00adcj\u0105 le\u015bn\u0105 od 1996&nbsp;r.<br>\nMo\u017c\u00adna z niej korzy\u00adsta\u0107 tyl\u00adko po wcze\u00ad\u015bniej\u00adszym um\u00f3\u00adwie\u00adniu lub w dniach odkry\u00adwa\u00adnia i rze\u00admio\u00ads\u0142a w rocz\u00adnym pro\u00adgra\u00admie. <span style=\"color: #666699;\"><strong>Obszar aktyw\u00adno\u00ad\u015bci:<\/strong><\/span> Tutaj dzie\u00adci mog\u0105 zaspo\u00adko\u00adi\u0107 swo\u00adj\u0105 natu\u00adral\u00adn\u0105 potrze\u00adb\u0119 ruchu i wspi\u00adna\u0107 si\u0119, balan\u00adso\u00adwa\u0107, bie\u00adga\u0107, sza\u00adle\u0107 i roz\u00adwi\u00adja\u0107 swo\u00adje umie\u00adj\u0119t\u00adno\u00ad\u015bci moto\u00adrycz\u00adne. Nie\u00adza\u00adle\u017c\u00adnie od tego, czy jest to labi\u00adrynt na drze\u00adwie, kr\u00f3\u00adli\u00adcza nora, tor przy\u00adgo\u00addo\u00adwy czy domek na drze\u00adwie \u2014 dzie\u00adci szyb\u00adko opra\u00adco\u00adwu\u00adj\u0105 pomy\u00ads\u0142y, zaj\u0119\u00adcia i gry fabu\u00adlar\u00adne, kt\u00f3\u00adre nie s\u0105 z g\u00f3ry okre\u00ad\u015blo\u00adne, ale opra\u00adco\u00adwa\u00adne na pod\u00adsta\u00adwie ich w\u0142a\u00adsnej wyobra\u017a\u00adni. <strong><span style=\"color: #666699;\">Obszar sen\u00adso\u00adrycz\u00adny:<\/span><\/strong> W le\u015bnej kla\u00adsie przy\u00adro\u00addy do\u015bwiad\u00adcza si\u0119 nie tyl\u00adko poznaw\u00adczo, ale tak\u00ad\u017ce wszyst\u00adki\u00admi zmy\u00ads\u0142a\u00admi. Zapra\u00adsza\u00adj\u0105 do tego \u015bcie\u017c\u00adka bosych st\u00f3p, cha\u00adta d\u017awi\u0119\u00adko\u00adwa i \u015bcie\u017c\u00adka sen\u00adso\u00adrycz\u00adna. <strong><span style=\"color: #666699;\">Obszar bio\u00adto\u00adpu:<\/span> <\/strong>Obszar bio\u00adto\u00adpu obej\u00admu\u00adje mi\u0119\u00addzy inny\u00admi: Staw, \u0142\u0105ka w sadzie, suchy kamien\u00adny mur lub ogr\u00f3d (pro\u00adjekt wsp\u00f3\u0142\u00adpra\u00adcy z&nbsp;BUND).<br>\nSie\u00addli\u00adska te nada\u00adj\u0105 si\u0119 do por\u00f3w\u00adna\u00adnia z eko\u00adsys\u00adte\u00admem le\u015bnym. Za pomo\u00adc\u0105 \u015bcia\u00adny dzi\u00adkich psz\u00adcz\u00f3\u0142 lub Tier-WG przed\u00adsta\u00adwio\u00adno \u015brod\u00adki sto\u00adso\u00adwa\u00adne w celu ochro\u00adny gatunk\u00f3w.<\/p>\n<h3><strong><span style=\"color: #008080;\">Pro\u00adgram rocz\u00adny \u2014 Waldklassenzimmer<br>\n<\/span><\/strong><\/h3>\n<p>Pro\u00adgram <a href=\"https:\/\/www.waldpaedagogik-karlsruhe.de\/jahresprogramm\/\" rel=\"noopener\"><strong>corocz\u00adny pro\u00adgram<\/strong><\/a> jest skie\u00adro\u00adwa\u00adny do rodzin i doro\u00ads\u0142ych, kt\u00f3\u00adrzy w wol\u00adnym cza\u00adsie inte\u00adre\u00adsu\u00adj\u0105 si\u0119 lasem, przy\u00adro\u00add\u0105 i kwe\u00adstia\u00admi \u015bro\u00addo\u00adwi\u00adsko\u00adwy\u00admi oraz lubi\u0105 wsp\u00f3l\u00adne do\u015bwiad\u00adcze\u00adnia w gru\u00adpie. W naszym pro\u00adgra\u00admie mamy kil\u00adka zaj\u0119\u0107 waka\u00adcyj\u00adnych dla dzieci.<\/p>\n<h3><span style=\"color: #800080;\">Rodzi\u00adny sp\u0119\u00addza\u00adj\u0105\u00adce czas w&nbsp;lesie<\/span><\/h3>\n<p>Tutaj znaj\u00addziesz <strong><a href=\"https:\/\/www.waldpaedagogik-karlsruhe.de\/weitere-angebote\/auf-eigene-faust-im-wald-unterwegs\/\" rel=\"noopener\">r\u00f3\u017c\u00adne aktyw\u00adno\u00ad\u015bci dla rodzin<\/a><\/strong> kt\u00f3\u00adre mo\u017c\u00adna wyko\u00adny\u00adwa\u0107 samo\u00addziel\u00adnie, bez wska\u00adz\u00f3\u00adwek. Zapo\u00adznasz si\u0119 z le\u015bny\u00admi pla\u00adca\u00admi zabaw i le\u015bny\u00admi szla\u00adka\u00admi przy\u00adgo\u00addo\u00adwy\u00admi w oko\u00adli\u00adcy. Zapro\u00adjek\u00adto\u00adwa\u00adli\u00ad\u015bmy dla Cie\u00adbie r\u00f3w\u00adnie\u017c r\u00f3\u017c\u00adne&nbsp;rajdy.<\/p>\n<h4><span style=\"color: #008080;\">Kie\u00adrun\u00adki<\/span><\/h4>\n<p>Le\u015bna kla\u00adsa znaj\u00addu\u00adje si\u0119 w \u015brod\u00adku lasu Hard\u00adtwald na Kanal\u00adweg mi\u0119\u00addzy Lin\u00adken\u00adhe\u00adimer Allee i Gra\u00adbe\u00adner Allee. S\u0105sied\u00adnie cen\u00adtrum le\u015bne znaj\u00addu\u00adje si\u0119 oko\u00ad\u0142o 200 metr\u00f3w dalej i mo\u017c\u00adna do nie\u00adgo dotrze\u0107 pie\u00adszo przez R\u00e4t\u00adsel\u00adwald. <strong><a href=\"https:\/\/www.waldpaedagogik-karlsruhe.de\/home\/kontakt\/\" rel=\"noopener\">Plan obiek\u00adtu<\/a><\/strong><\/p>\n","protected":false},"author":12,"featured_media":55555,"template":"","class_list":["post-55577","event","type-event","status-publish","has-post-thumbnail","hentry","event_category-rekreacja"],"acf":{"event-recurring":true,"event-category":184,"event-is-language-course":false,"event-recurring-still-active":true,"event-display-details":true,"event-schedules-recurring":[{"event-recurring-week-day":"0","event-recurring-time":"9:00 - 11:00","event-recurring-time-text":""},{"event-recurring-week-day":"1","event-recurring-time":"14:00 - 16:00","event-recurring-time-text":""},{"event-recurring-week-day":"2","event-recurring-time":"14:00 - 16:00","event-recurring-time-text":""}],"event-schedules-calendar":null,"event-is-online":false,"event-online-url":"","event-location-building":"Waldklassenzimmer","event-location-street":"Linkenheimer Allee 10","event-location-zip":"76131","event-location-city":"Karlsruhe","event-location-contact-person":"","event-location-phone":"0721\/ 1337354","event-location-phone-2":"","event-location-mail":"waldpaedagogik@fa.karlsruhe.de","event-location-mail-2":"","event-location-website":"","event-target-group":[{"target-group":"families"},{"target-group":"teens"},{"target-group":"children"}],"event-target-group-comment":"","event-free":false,"event-organiser":[55526],"event-header-copyright-overlay":true,"event-copyright-note-description-end":false},"featured_image_urls_v2":{"full":["https:\/\/www.anika-net.de\/wp-content\/uploads\/2024\/11\/Waldklassenzimmer-Karlsruhe-scaled.jpg",2560,1707,false],"thumbnail":["https:\/\/www.anika-net.de\/wp-content\/uploads\/2024\/11\/Waldklassenzimmer-Karlsruhe-150x150.jpg",150,150,true],"medium":["https:\/\/www.anika-net.de\/wp-content\/uploads\/2024\/11\/Waldklassenzimmer-Karlsruhe-300x200.jpg",300,200,true],"medium_large":["https:\/\/www.anika-net.de\/wp-content\/uploads\/2024\/11\/Waldklassenzimmer-Karlsruhe-768x512.jpg",640,427,true],"large":["https:\/\/www.anika-net.de\/wp-content\/uploads\/2024\/11\/Waldklassenzimmer-Karlsruhe-1024x683.jpg",640,427,true],"1536x1536":["https:\/\/www.anika-net.de\/wp-content\/uploads\/2024\/11\/Waldklassenzimmer-Karlsruhe-1536x1024.jpg",1536,1024,true],"2048x2048":["https:\/\/www.anika-net.de\/wp-content\/uploads\/2024\/11\/Waldklassenzimmer-Karlsruhe-2048x1365.jpg",2048,1365,true],"event-overview":["https:\/\/www.anika-net.de\/wp-content\/uploads\/2024\/11\/Waldklassenzimmer-Karlsruhe-960x640.jpg",960,640,true],"event-archive-thumb":["https:\/\/www.anika-net.de\/wp-content\/uploads\/2024\/11\/Waldklassenzimmer-Karlsruhe-480x320.jpg",480,320,true],"grid-item-thumbnail":["https:\/\/www.anika-net.de\/wp-content\/uploads\/2024\/11\/Waldklassenzimmer-Karlsruhe-360x200.jpg",360,200,true],"network-partner-icon":["https:\/\/www.anika-net.de\/wp-content\/uploads\/2024\/11\/Waldklassenzimmer-Karlsruhe-100x100.jpg",100,100,true],"organiser-icon":["https:\/\/www.anika-net.de\/wp-content\/uploads\/2024\/11\/Waldklassenzimmer-Karlsruhe-200x200.jpg",200,200,true],"gform-image-choice-sm":["https:\/\/www.anika-net.de\/wp-content\/uploads\/2024\/11\/Waldklassenzimmer-Karlsruhe-300x300.jpg",300,300,true],"gform-image-choice-md":["https:\/\/www.anika-net.de\/wp-content\/uploads\/2024\/11\/Waldklassenzimmer-Karlsruhe-400x400.jpg",400,400,true],"gform-image-choice-lg":["https:\/\/www.anika-net.de\/wp-content\/uploads\/2024\/11\/Waldklassenzimmer-Karlsruhe-600x600.jpg",600,600,true]},"post_excerpt_stackable_v2":"<p>The Wald\u00adklas\u00adsen\u00adzim\u00admer (kla\u00adsa le\u015bna) jest wyko\u00adrzy\u00adsty\u00adwa\u00adna jako punkt kon\u00adtak\u00adto\u00adwy dla wyda\u00adrze\u0144 zwi\u0105\u00adza\u00adnych z edu\u00adka\u00adcj\u0105 le\u015bn\u0105 od 1996&nbsp;r. Mo\u017c\u00adna z niej korzy\u00adsta\u0107 tyl\u00adko po wcze\u00ad\u015bniej\u00adszym um\u00f3\u00adwie\u00adniu lub w dniach odkry\u00adwa\u00adnia i rze\u00admio\u00ads\u0142a w rocz\u00adnym pro\u00adgra\u00admie. Obszar aktyw\u00adno\u00ad\u015bci: Tutaj dzie\u00adci mog\u0105 zaspo\u00adko\u00adi\u0107 swo\u00adj\u0105 natu\u00adral\u00adn\u0105 potrze\u00adb\u0119 ruchu i wspi\u00adna\u0107 si\u0119, balan\u00adso\u00adwa\u0107, bie\u00adga\u0107, sza\u00adle\u0107 i roz\u00adwi\u00adja\u0107 swo\u00adje umie\u00adj\u0119t\u00adno\u00ad\u015bci moto\u00adrycz\u00adne. Nie\u00adza\u00adle\u017c\u00adnie od tego, czy jest to labi\u00adrynt na drze\u00adwie, kr\u00f3\u00adli\u00adcza nora, tor przy\u00adgo\u00addo\u00adwy czy domek na drze\u00adwie \u2014 dzie\u00adci szyb\u00adko opra\u00adco\u00adwu\u00adj\u0105 pomy\u00ads\u0142y, zaj\u0119\u00adcia i gry fabu\u00adlar\u00adne, kt\u00f3\u00adre nie s\u0105 z g\u00f3ry okre\u00ad\u015blo\u00adne, ale opra\u00adco\u00adwa\u00adne na pod\u00adsta\u00adwie ich w\u0142a\u00adsnej wyobra\u017a\u00adni. Obszar sen\u00adso\u00adrycz\u00adny: W le\u015bnej kla\u00adsie przyrody\u2026<\/p>\n","category_list_v2":"","author_info_v2":{"name":"Andrea Ramirez","url":"https:\/\/www.anika-net.de\/pl\/author\/andrea-ramirez\/"},"comments_num_v2":"0 comments","uagb_featured_image_src":{"full":["https:\/\/www.anika-net.de\/wp-content\/uploads\/2024\/11\/Waldklassenzimmer-Karlsruhe-scaled.jpg",2560,1707,false],"thumbnail":["https:\/\/www.anika-net.de\/wp-content\/uploads\/2024\/11\/Waldklassenzimmer-Karlsruhe-150x150.jpg",150,150,true],"medium":["https:\/\/www.anika-net.de\/wp-content\/uploads\/2024\/11\/Waldklassenzimmer-Karlsruhe-300x200.jpg",300,200,true],"medium_large":["https:\/\/www.anika-net.de\/wp-content\/uploads\/2024\/11\/Waldklassenzimmer-Karlsruhe-768x512.jpg",640,427,true],"large":["https:\/\/www.anika-net.de\/wp-content\/uploads\/2024\/11\/Waldklassenzimmer-Karlsruhe-1024x683.jpg",640,427,true],"1536x1536":["https:\/\/www.anika-net.de\/wp-content\/uploads\/2024\/11\/Waldklassenzimmer-Karlsruhe-1536x1024.jpg",1536,1024,true],"2048x2048":["https:\/\/www.anika-net.de\/wp-content\/uploads\/2024\/11\/Waldklassenzimmer-Karlsruhe-2048x1365.jpg",2048,1365,true],"event-overview":["https:\/\/www.anika-net.de\/wp-content\/uploads\/2024\/11\/Waldklassenzimmer-Karlsruhe-960x640.jpg",960,640,true],"event-archive-thumb":["https:\/\/www.anika-net.de\/wp-content\/uploads\/2024\/11\/Waldklassenzimmer-Karlsruhe-480x320.jpg",480,320,true],"grid-item-thumbnail":["https:\/\/www.anika-net.de\/wp-content\/uploads\/2024\/11\/Waldklassenzimmer-Karlsruhe-360x200.jpg",360,200,true],"network-partner-icon":["https:\/\/www.anika-net.de\/wp-content\/uploads\/2024\/11\/Waldklassenzimmer-Karlsruhe-100x100.jpg",100,100,true],"organiser-icon":["https:\/\/www.anika-net.de\/wp-content\/uploads\/2024\/11\/Waldklassenzimmer-Karlsruhe-200x200.jpg",200,200,true],"gform-image-choice-sm":["https:\/\/www.anika-net.de\/wp-content\/uploads\/2024\/11\/Waldklassenzimmer-Karlsruhe-300x300.jpg",300,300,true],"gform-image-choice-md":["https:\/\/www.anika-net.de\/wp-content\/uploads\/2024\/11\/Waldklassenzimmer-Karlsruhe-400x400.jpg",400,400,true],"gform-image-choice-lg":["https:\/\/www.anika-net.de\/wp-content\/uploads\/2024\/11\/Waldklassenzimmer-Karlsruhe-600x600.jpg",600,600,true]},"uagb_author_info":{"display_name":"Andrea Ramirez","author_link":"https:\/\/www.anika-net.de\/pl\/author\/andrea-ramirez\/"},"uagb_comment_info":0,"uagb_excerpt":"The Wald\u00adklas\u00adsen\u00adzim\u00admer (kla\u00adsa le\u015bna) jest wyko\u00adrzy\u00adsty\u00adwa\u00adna jako punkt kon\u00adtak\u00adto\u00adwy dla wyda\u00adrze\u0144 zwi\u0105\u00adza\u00adnych z edu\u00adka\u00adcj\u0105 le\u015bn\u0105 od 1996&nbsp;r. Mo\u017c\u00adna z niej korzy\u00adsta\u0107 tyl\u00adko po wcze\u00ad\u015bniej\u00adszym um\u00f3\u00adwie\u00adniu lub w dniach odkry\u00adwa\u00adnia i&nbsp;czytaj wi\u0119cej","_links":{"self":[{"href":"https:\/\/www.anika-net.de\/pl\/wp-json\/wp\/v2\/event\/55577","targetHints":{"allow":["GET"]}}],"collection":[{"href":"https:\/\/www.anika-net.de\/pl\/wp-json\/wp\/v2\/event"}],"about":[{"href":"https:\/\/www.anika-net.de\/pl\/wp-json\/wp\/v2\/types\/event"}],"author":[{"embeddable":true,"href":"https:\/\/www.anika-net.de\/pl\/wp-json\/wp\/v2\/users\/12"}],"version-history":[{"count":2,"href":"https:\/\/www.anika-net.de\/pl\/wp-json\/wp\/v2\/event\/55577\/revisions"}],"predecessor-version":[{"id":60811,"href":"https:\/\/www.anika-net.de\/pl\/wp-json\/wp\/v2\/event\/55577\/revisions\/60811"}],"acf:post":[{"embeddable":true,"href":"https:\/\/www.anika-net.de\/pl\/wp-json\/wp\/v2\/organiser\/55526"}],"acf:term":[{"embeddable":true,"taxonomy":"event_category","href":"https:\/\/www.anika-net.de\/pl\/wp-json\/wp\/v2\/event_category\/184"}],"wp:featuredmedia":[{"embeddable":true,"href":"https:\/\/www.anika-net.de\/pl\/wp-json\/wp\/v2\/media\/55555"}],"wp:attachment":[{"href":"https:\/\/www.anika-net.de\/pl\/wp-json\/wp\/v2\/media?parent=55577"}],"curies":[{"name":"wp","href":"https:\/\/api.w.org\/{rel}","templated":true}]}}