{"id":55309,"date":"2024-11-13T12:19:50","date_gmt":"2024-11-13T11:19:50","guid":{"rendered":"https:\/\/www.anika-net.de\/event\/karlsruhe-pass-kids-pass-60-plus\/"},"modified":"2025-04-17T15:32:08","modified_gmt":"2025-04-17T13:32:08","slug":"karlsruhe-pass-kids-pass-60-plus","status":"publish","type":"event","link":"https:\/\/www.anika-net.de\/pl\/event\/karlsruhe-pass-kids-pass-60-plus\/","title":{"rendered":"Karls\u00adru\u00adhe Pass \u2014 Kids Pass \u2014 60&nbsp;Plus"},"content":{"rendered":"<h1><span style=\"color: #800080;\">Karls\u00adru\u00adhe Pass \u2014 Kids Pass \u2014 60&nbsp;Plus<\/span><\/h1>\n<blockquote>\n<h3><span style=\"color: #666699;\"><em>Zasto\u00adsuj raz i u\u017cy\u00adwaj przez&nbsp;rok<\/em><\/span><\/h3>\n<\/blockquote>\n<p>Karls\u00adru\u00adhe Pass mo\u017c\u00adna uzy\u00adska\u0107 w gmi\u00adnach uczest\u00adni\u00adcz\u0105\u00adcych w pro\u00adgra\u00admie Ofer\u00adty Karls\u00adru\u00adhe Pass \ud83c\udfab s\u0105 bar\u00addzo zr\u00f3\u017c\u00adni\u00adco\u00adwa\u00adne. \ud83d\ude8aMobil\u00adno\u015b\u0107 \u2014 \ud83d\udeb4\ud83c\udffc\u200d\u2642\ufe0fSport \u2014 \u2600\ufe0f Wypo\u00adczy\u00adnek \u2014 \ud83c\udfb6Muzy\u00adka \u2014 \ud83c\udfad Teatr \u2014 \ud83d\udcdaEdu\u00adka\u00adcja \u2014 \ud83d\udc5c Zaku\u00adpy \u2014 \ud83e\udd68 Jedzenie<\/p>\n<blockquote>\n<h3><span style=\"color: #999999;\">\ud83d\udc49\ud83c\udffd <a href=\"https:\/\/karlsruher-pass.de\/angebote\/#\/\" rel=\"noopener\">Ofer\u00adty w regio\u00adnie Karlsruhe<\/a><\/span><\/h3>\n<\/blockquote>\n<h2><span style=\"color: #008080;\">Prze\u00ad\u0142\u0119cz Karlsruhe<\/span><\/h2>\n<p>Karls\u00adru\u00adhe Pass obej\u00admu\u00adje r\u00f3\u017c\u00adne korzy\u00ad\u015bci w posta\u00adci zni\u00ad\u017cek na sze\u00adro\u00adki <a href=\"https:\/\/karlsruher-pass.de\/angebote\/\" rel=\"noopener\">zakres ofert<\/a> w dzie\u00addzi\u00adnie rekre\u00adacji, spor\u00adtu, kul\u00adtu\u00adry, edu\u00adka\u00adcji i mobilno\u015bci.<\/p>\n<h4><strong>Kto mo\u017ce ubie\u00adga\u0107 si\u0119 o przepustk\u0119?<\/strong><\/h4>\n<ul>\n<li>Oby\u00adwa\u00adte\u00adle, kt\u00f3\u00adrzy otrzy\u00admu\u00adj\u0105 ALG II (SGB II), pomoc spo\u00ad\u0142ecz\u00adn\u0105 (SGB XII), zasi\u00ad\u0142ek miesz\u00adka\u00adnio\u00adwy, \u015bwiad\u00adcze\u00adnia w ramach Asyl\u00adbLG lub doda\u00adtek na dziec\u00adko lub miesz\u00adka\u00adj\u0105 w nad\u00adzo\u00adro\u00adwa\u00adnej for\u00admie zakwa\u00adte\u00adro\u00adwa\u00adnia zgod\u00adnie z SGB VIII lub maj\u0105 niskie dochody.<\/li>\n<li>W przy\u00adpad\u00adku os\u00f3b o niskich docho\u00addach, kt\u00f3\u00adre <u>nie otrzy\u00admu\u00adj\u0105<\/u> \u015bwiad\u00adcze\u0144 socjal\u00adnych, upraw\u00adnie\u00adnie do Karls\u00adru\u00adhe Pass jest obli\u00adcza\u00adne bez\u00adpo\u00ad\u015bred\u00adnio w biu\u00adrze wyda\u00adj\u0105\u00adcym. Do obli\u00adcze\u0144 wyma\u00adga\u00adne s\u0105 doku\u00admen\u00adty doty\u00adcz\u0105\u00adce docho\u00add\u00f3w, wyci\u0105\u00adgi ban\u00adko\u00adwe i ewen\u00adtu\u00adal\u00adnie inne dokumenty.<\/li>\n<\/ul>\n<h2><span style=\"color: #ff9900;\">Kids Pass \ud83c\udfab<br>\n<\/span><\/h2>\n<p>Karls\u00adru\u00adhe Kids Pass jest dost\u0119p\u00adny dla dzie\u00adci i m\u0142o\u00addzie\u00ad\u017cy w gmi\u00adnach uczest\u00adni\u00adcz\u0105\u00adcych w pro\u00adgra\u00admie i mo\u017ce by\u0107 prze\u00add\u0142u\u00ad\u017co\u00adny do 18 roku&nbsp;\u017cycia.<\/p>\n<h4>Kto mo\u017ce ubie\u00adga\u0107 si\u0119 o przepustk\u0119?<\/h4>\n<ul>\n<li>Dzie\u00adci rodzi\u00adc\u00f3w, kt\u00f3\u00adrzy otrzy\u00admu\u00adj\u0105 ALG II (SBG II), pomoc spo\u00ad\u0142ecz\u00adn\u0105 (SGB XII), zasi\u00ad\u0142ek miesz\u00adka\u00adnio\u00adwy lub doda\u00adtek na dziec\u00adko lub maj\u0105 niskie dochody.<\/li>\n<li>Dzie\u00adci z orze\u00adcze\u00adniem o znacz\u00adnym stop\u00adniu nie\u00adpe\u0142\u00adno\u00adspraw\u00adno\u00ad\u015bci oraz dzie\u00adci ze znacz\u00adnym stop\u00adniem nie\u00adpe\u0142\u00adno\u00adspraw\u00adno\u00ad\u015bci, kt\u00f3\u00adre otrzy\u00admu\u00adj\u0105 pomoc integracyjn\u0105.<\/li>\n<li>Dzie\u00adci w pie\u00adczy zast\u0119p\u00adczej oraz dzie\u00adci i m\u0142o\u00addzie\u017c prze\u00adby\u00adwa\u00adj\u0105\u00adce w pla\u00adc\u00f3w\u00adkach opie\u00adku\u0144\u00adczo-wycho\u00adwaw\u00adczych zgod\u00adnie z SGB&nbsp;VIII.<\/li>\n<li>Dzie\u00adci z rodzin z co naj\u00admniej pi\u0119\u00adcior\u00adgiem nie\u00adpe\u0142\u00adno\u00adlet\u00adnich dzie\u00adci (pro\u00adsi\u00admy o przy\u00adnie\u00adsie\u00adnie akt\u00f3w uro\u00addze\u00adnia, za\u015bwiad\u00adcze\u0144 o zamel\u00addo\u00adwa\u00adniu lub reje\u00adstru rodzinnego)<\/li>\n<li>W przy\u00adpad\u00adku rodzin o niskich docho\u00addach, kt\u00f3\u00adre <u>nie otrzy\u00admu\u00adj\u0105<\/u> \u015bwiad\u00adcze\u0144 socjal\u00adnych, upraw\u00adnie\u00adnie do Karls\u00adru\u00adhe Chil\u00addre\u00adn\u2019s Pass jest obli\u00adcza\u00adne bez\u00adpo\u00ad\u015bred\u00adnio w biu\u00adrze wyda\u00adj\u0105\u00adcym. Do obli\u00adcze\u0144 wyma\u00adga\u00adne s\u0105 doku\u00admen\u00adty doty\u00adcz\u0105\u00adce docho\u00add\u00f3w, wyci\u0105\u00adgi ban\u00adko\u00adwe i ewen\u00adtu\u00adal\u00adnie inne dokumenty.<\/li>\n<\/ul>\n<h2><span style=\"color: #666699;\">Karls\u00adru\u00adhe Pass 60Plus<\/span><\/h2>\n<h4>Kto mo\u017ce ubie\u00adga\u0107 si\u0119 o przepustk\u0119?<\/h4>\n<ul>\n<li>Oby\u00adwa\u00adte\u00adle, kt\u00f3\u00adrzy otrzy\u00admu\u00adj\u0105 ALG II (SBG II), pod\u00adsta\u00adwo\u00adwe wspar\u00adcie docho\u00addu (SGB XII) lub zasi\u00ad\u0142ek miesz\u00adka\u00adnio\u00adwy lub maj\u0105 niski doch\u00f3d lub nisk\u0105 emerytur\u0119.<\/li>\n<li>W przy\u00adpad\u00adku os\u00f3b o niskich docho\u00addach, kt\u00f3\u00adre <u>nie otrzy\u00admu\u00adj\u0105<\/u> \u015bwiad\u00adcze\u0144 socjal\u00adnych, upraw\u00adnie\u00adnie do Karls\u00adru\u00adhe Pass jest obli\u00adcza\u00adne indy\u00adwi\u00addu\u00adal\u00adnie w biu\u00adrze wyda\u00adj\u0105\u00adcym. W takim przy\u00adpad\u00adku nale\u00ad\u017cy przy\u00adnie\u015b\u0107 ze sob\u0105 nast\u0119\u00adpu\u00adj\u0105\u00adce <a href=\"https:\/\/karlsruher-pass.de\/wp-content\/uploads\/2019\/12\/Notwendige_Berechnungsunterlagen.pdf\" rel=\"noopener\">doku\u00admen\u00adty<\/a> <a href=\"https:\/\/karlsruher-pass.de\/wp-content\/uploads\/2019\/12\/Notwendige_Berechnungsunterlagen.pdf\" rel=\"noopener\">w celu doko\u00adna\u00adnia obli\u00adcze\u0144<\/a>.<\/li>\n<\/ul>\n<p>&nbsp;<\/p>\n","protected":false},"author":12,"featured_media":55301,"template":"","class_list":["post-55309","event","type-event","status-publish","has-post-thumbnail","hentry","event_category-rekreacja"],"acf":{"event-recurring":true,"event-category":184,"event-is-language-course":false,"event-recurring-still-active":true,"event-display-details":true,"event-schedules-recurring":null,"event-schedules-calendar":null,"event-is-online":false,"event-online-url":"","event-location-building":"Jugendfreizeit- und Bildungswerk","event-location-street":"B\u00fcrgerstr. 16","event-location-zip":"76133","event-location-city":"Karlsruhe","event-location-contact-person":"","event-location-phone":"0721 133-5671","event-location-phone-2":"","event-location-mail":"jfbw@stja.de","event-location-mail-2":"","event-location-website":"https:\/\/karlsruher-pass.de\/","event-target-group":null,"event-target-group-comment":"Dla os\u00f3b o niskich dochodach","event-free":true,"event-organiser":[8665,47100],"event-header-copyright-overlay":true,"event-copyright-note-description-end":false},"featured_image_urls_v2":{"full":["https:\/\/www.anika-net.de\/wp-content\/uploads\/2024\/02\/Karlsruher-Pass.png",470,329,false],"thumbnail":["https:\/\/www.anika-net.de\/wp-content\/uploads\/2024\/02\/Karlsruher-Pass-150x150.png",150,150,true],"medium":["https:\/\/www.anika-net.de\/wp-content\/uploads\/2024\/02\/Karlsruher-Pass-300x210.png",300,210,true],"medium_large":["https:\/\/www.anika-net.de\/wp-content\/uploads\/2024\/02\/Karlsruher-Pass.png",470,329,false],"large":["https:\/\/www.anika-net.de\/wp-content\/uploads\/2024\/02\/Karlsruher-Pass.png",470,329,false],"1536x1536":["https:\/\/www.anika-net.de\/wp-content\/uploads\/2024\/02\/Karlsruher-Pass.png",470,329,false],"2048x2048":["https:\/\/www.anika-net.de\/wp-content\/uploads\/2024\/02\/Karlsruher-Pass.png",470,329,false],"event-overview":["https:\/\/www.anika-net.de\/wp-content\/uploads\/2024\/02\/Karlsruher-Pass.png",470,329,false],"event-archive-thumb":["https:\/\/www.anika-net.de\/wp-content\/uploads\/2024\/02\/Karlsruher-Pass.png",470,329,false],"grid-item-thumbnail":["https:\/\/www.anika-net.de\/wp-content\/uploads\/2024\/02\/Karlsruher-Pass-360x200.png",360,200,true],"network-partner-icon":["https:\/\/www.anika-net.de\/wp-content\/uploads\/2024\/02\/Karlsruher-Pass-100x100.png",100,100,true],"organiser-icon":["https:\/\/www.anika-net.de\/wp-content\/uploads\/2024\/02\/Karlsruher-Pass-200x200.png",200,200,true],"gform-image-choice-sm":["https:\/\/www.anika-net.de\/wp-content\/uploads\/2024\/02\/Karlsruher-Pass.png",300,210,false],"gform-image-choice-md":["https:\/\/www.anika-net.de\/wp-content\/uploads\/2024\/02\/Karlsruher-Pass.png",400,280,false],"gform-image-choice-lg":["https:\/\/www.anika-net.de\/wp-content\/uploads\/2024\/02\/Karlsruher-Pass.png",470,329,false]},"post_excerpt_stackable_v2":"<p>Karls\u00adru\u00adhe Pass \u2014 Kids Pass \u2014 60&nbsp;Plus Zasto\u00adsuj raz i u\u017cy\u00adwaj przez&nbsp;rok Karls\u00adru\u00adhe Pass mo\u017c\u00adna uzy\u00adska\u0107 w gmi\u00adnach uczest\u00adni\u00adcz\u0105\u00adcych w pro\u00adgra\u00admie Ofer\u00adty Karls\u00adru\u00adhe Pass \ud83c\udfab s\u0105 bar\u00addzo zr\u00f3\u017c\u00adni\u00adco\u00adwa\u00adne. \ud83d\ude8aMobil\u00adno\u015b\u0107 \u2014 \ud83d\udeb4\ud83c\udffc\u200d\u2642\ufe0fSport \u2014 \u2600\ufe0f Wypo\u00adczy\u00adnek \u2014 \ud83c\udfb6Muzy\u00adka \u2014 \ud83c\udfad Teatr \u2014 \ud83d\udcdaEdu\u00adka\u00adcja \u2014 \ud83d\udc5c Zaku\u00adpy \u2014 \ud83e\udd68 Jedze\u00adnie \ud83d\udc49\ud83c\udffd Ofer\u00adty w regio\u00adnie Karls\u00adru\u00adhe Prze\u00ad\u0142\u0119cz Karls\u00adru\u00adhe Karls\u00adru\u00adhe Pass obej\u00admu\u00adje r\u00f3\u017c\u00adne korzy\u00ad\u015bci w posta\u00adci zni\u00ad\u017cek na sze\u00adro\u00adki zakres ofert w dzie\u00addzi\u00adnie rekre\u00adacji, spor\u00adtu, kul\u00adtu\u00adry, edu\u00adka\u00adcji i mobil\u00adno\u00ad\u015bci. Kto mo\u017ce ubie\u00adga\u0107 si\u0119 o prze\u00adpust\u00adk\u0119? Oby\u00adwa\u00adte\u00adle, kt\u00f3\u00adrzy otrzy\u00admu\u00adj\u0105 ALG II (SGB II), pomoc spo\u00ad\u0142ecz\u00adn\u0105 (SGB XII), zasi\u00ad\u0142ek miesz\u00adka\u00adnio\u00adwy, \u015bwiad\u00adcze\u00adnia w ramach Asyl\u00adbLG lub doda\u00adtek&nbsp;na\u2026<\/p>\n","category_list_v2":"","author_info_v2":{"name":"Andrea Ramirez","url":"https:\/\/www.anika-net.de\/pl\/author\/andrea-ramirez\/"},"comments_num_v2":"0 comments","uagb_featured_image_src":{"full":["https:\/\/www.anika-net.de\/wp-content\/uploads\/2024\/02\/Karlsruher-Pass.png",470,329,false],"thumbnail":["https:\/\/www.anika-net.de\/wp-content\/uploads\/2024\/02\/Karlsruher-Pass-150x150.png",150,150,true],"medium":["https:\/\/www.anika-net.de\/wp-content\/uploads\/2024\/02\/Karlsruher-Pass-300x210.png",300,210,true],"medium_large":["https:\/\/www.anika-net.de\/wp-content\/uploads\/2024\/02\/Karlsruher-Pass.png",470,329,false],"large":["https:\/\/www.anika-net.de\/wp-content\/uploads\/2024\/02\/Karlsruher-Pass.png",470,329,false],"1536x1536":["https:\/\/www.anika-net.de\/wp-content\/uploads\/2024\/02\/Karlsruher-Pass.png",470,329,false],"2048x2048":["https:\/\/www.anika-net.de\/wp-content\/uploads\/2024\/02\/Karlsruher-Pass.png",470,329,false],"event-overview":["https:\/\/www.anika-net.de\/wp-content\/uploads\/2024\/02\/Karlsruher-Pass.png",470,329,false],"event-archive-thumb":["https:\/\/www.anika-net.de\/wp-content\/uploads\/2024\/02\/Karlsruher-Pass.png",470,329,false],"grid-item-thumbnail":["https:\/\/www.anika-net.de\/wp-content\/uploads\/2024\/02\/Karlsruher-Pass-360x200.png",360,200,true],"network-partner-icon":["https:\/\/www.anika-net.de\/wp-content\/uploads\/2024\/02\/Karlsruher-Pass-100x100.png",100,100,true],"organiser-icon":["https:\/\/www.anika-net.de\/wp-content\/uploads\/2024\/02\/Karlsruher-Pass-200x200.png",200,200,true],"gform-image-choice-sm":["https:\/\/www.anika-net.de\/wp-content\/uploads\/2024\/02\/Karlsruher-Pass.png",300,210,false],"gform-image-choice-md":["https:\/\/www.anika-net.de\/wp-content\/uploads\/2024\/02\/Karlsruher-Pass.png",400,280,false],"gform-image-choice-lg":["https:\/\/www.anika-net.de\/wp-content\/uploads\/2024\/02\/Karlsruher-Pass.png",470,329,false]},"uagb_author_info":{"display_name":"Andrea Ramirez","author_link":"https:\/\/www.anika-net.de\/pl\/author\/andrea-ramirez\/"},"uagb_comment_info":0,"uagb_excerpt":"Karls\u00adru\u00adhe Pass \u2014 Kids Pass \u2014 60&nbsp;Plus Zasto\u00adsuj raz i u\u017cy\u00adwaj przez&nbsp;rok Karls\u00adru\u00adhe Pass mo\u017c\u00adna uzy\u00adska\u0107 w gmi\u00adnach uczest\u00adni\u00adcz\u0105\u00adcych w pro\u00adgra\u00admie Ofer\u00adty Karls\u00adru\u00adhe Pass \ud83c\udfab s\u0105 bar\u00addzo zr\u00f3\u017c\u00adni\u00adco\u00adwa\u00adne. \ud83d\ude8aMobil\u00adno\u015b\u0107 \u2014&nbsp;czytaj wi\u0119cej","_links":{"self":[{"href":"https:\/\/www.anika-net.de\/pl\/wp-json\/wp\/v2\/event\/55309","targetHints":{"allow":["GET"]}}],"collection":[{"href":"https:\/\/www.anika-net.de\/pl\/wp-json\/wp\/v2\/event"}],"about":[{"href":"https:\/\/www.anika-net.de\/pl\/wp-json\/wp\/v2\/types\/event"}],"author":[{"embeddable":true,"href":"https:\/\/www.anika-net.de\/pl\/wp-json\/wp\/v2\/users\/12"}],"version-history":[{"count":1,"href":"https:\/\/www.anika-net.de\/pl\/wp-json\/wp\/v2\/event\/55309\/revisions"}],"predecessor-version":[{"id":60799,"href":"https:\/\/www.anika-net.de\/pl\/wp-json\/wp\/v2\/event\/55309\/revisions\/60799"}],"acf:post":[{"embeddable":true,"href":"https:\/\/www.anika-net.de\/pl\/wp-json\/wp\/v2\/organiser\/47100"},{"embeddable":true,"href":"https:\/\/www.anika-net.de\/pl\/wp-json\/wp\/v2\/organiser\/8665"}],"acf:term":[{"embeddable":true,"taxonomy":"event_category","href":"https:\/\/www.anika-net.de\/pl\/wp-json\/wp\/v2\/event_category\/184"}],"wp:featuredmedia":[{"embeddable":true,"href":"https:\/\/www.anika-net.de\/pl\/wp-json\/wp\/v2\/media\/55301"}],"wp:attachment":[{"href":"https:\/\/www.anika-net.de\/pl\/wp-json\/wp\/v2\/media?parent=55309"}],"curies":[{"name":"wp","href":"https:\/\/api.w.org\/{rel}","templated":true}]}}