{"id":55055,"date":"2024-11-07T15:05:46","date_gmt":"2024-11-07T14:05:46","guid":{"rendered":"https:\/\/www.anika-net.de\/event\/uznawanie-zagranicznych-kwalifikacji-zawodowych\/"},"modified":"2026-01-07T13:20:11","modified_gmt":"2026-01-07T12:20:11","slug":"uznawanie-zagranicznych-kwalifikacji-zawodowych","status":"publish","type":"event","link":"https:\/\/www.anika-net.de\/pl\/event\/uznawanie-zagranicznych-kwalifikacji-zawodowych\/","title":{"rendered":"Uzna\u00adwa\u00adnie zagra\u00adnicz\u00adnych kwa\u00adli\u00adfi\u00adka\u00adcji zawodowych"},"content":{"rendered":"<blockquote>\n<h2><span style=\"color: #ffcc00;\"><em>Posia\u00addasz kwa\u00adli\u00adfi\u00adka\u00adcje zawo\u00addo\u00adwe, \u015bwia\u00addec\u00adtwo uko\u0144\u00adcze\u00adnia szko\u00ad\u0142y lub dyplom uko\u0144\u00adcze\u00adnia stu\u00addi\u00f3w za gra\u00adni\u00adc\u0105? Potrze\u00adbu\u00adjesz uzna\u00adnia zagra\u00adnicz\u00adnych kwa\u00adli\u00adfi\u00adka\u00adcji zawodowych?<br>\n<\/em><\/span><\/h2>\n<h3><span style=\"color: #666699;\"><em>Poin\u00adfor\u00admu\u00adje\u00admy Ci\u0119 o mo\u017c\u00adli\u00adwo\u00ad\u015bciach uzna\u00adnia Two\u00adich kwa\u00adli\u00adfi\u00adka\u00adcji zawo\u00addo\u00adwych lub aka\u00adde\u00admic\u00adkich w Niemczech.<\/em><\/span><\/h3>\n<\/blockquote>\n<p><strong>Refu\u00adgee Cen\u00adter Karls\u00adru\u00adhe<\/strong> zapew\u00adnia pora\u00addy, wska\u00adz\u00f3w\u00adki i wspar\u00adcie w zakre\u00adsie uzna\u00adwa\u00adnia kwa\u00adli\u00adfi\u00adka\u00adcji szkol\u00adnych, zawo\u00addo\u00adwych i zagra\u00adnicz\u00adnych kwa\u00adli\u00adfi\u00adka\u00adcji zawo\u00addo\u00adwych dla uchod\u017a\u00adc\u00f3w w Karls\u00adru\u00adhe, spon\u00adso\u00adro\u00adwa\u00adnych przez Mini\u00adster\u00adstwo Spraw Spo\u00ad\u0142ecz\u00adnych, Zdro\u00adwia i Inte\u00adgra\u00adcji. Finan\u00adso\u00adwa\u00adne z fun\u00addu\u00adszy pa\u0144\u00adstwo\u00adwych zatwier\u00addzo\u00adnych przez par\u00adla\u00adment krajowy.<\/p>\n<p><span style=\"color: #800080;\"><strong>Nasze us\u0142u\u00adgi dorad\u00adcze s\u0105 pouf\u00adne i bezp\u0142atne!<\/strong><\/span><\/p>\n<p><span style=\"color: #008080;\"><strong>Nasza gru\u00adpa doce\u00adlo\u00adwa<\/strong>:<\/span><\/p>\n<ul>\n<li>Oso\u00adby ubie\u00adga\u00adj\u0105\u00adce si\u0119 o azyl i uchod\u017a\u00adcy nie\u00adza\u00adle\u017c\u00adnie od sta\u00adtu\u00adsu poby\u00adtu <span style=\"color: #808080;\">(od wcze\u00adsnej fazy poby\u00adtu)<\/span>.<\/li>\n<li>Mno\u017c\u00adni\u00adki i part\u00adne\u00adrzy do wsp\u00f3\u0142\u00adpra\u00adcy: w tym insty\u00adtu\u00adcje edu\u00adka\u00adcyj\u00adne, pra\u00adcow\u00adni\u00adcy Fede\u00adral\u00adnej Agen\u00adcji Pra\u00adcy i inne oso\u00adby poszu\u00adku\u00adj\u0105\u00adce porady.<\/li>\n<\/ul>\n<p><span style=\"color: #008080;\"><strong>Nasza ofer\u00adta<\/strong>:<\/span><br>\nDora\u00addza\u00admy oso\u00adbom miesz\u00adka\u00adj\u0105\u00adcym w okr\u0119\u00adgach miej\u00adskich i wiej\u00adskich <strong>Karls\u00adru\u00adhe<\/strong>, Rastatt, Baden-Baden, Pforz\u00adhe\u00adim, Enz\u00adkre\u00adis, Calw i Freu\u00adden\u00adstadt. Dora\u00addza\u00admy w kwe\u00adstiach inte\u00adgra\u00adcji zawo\u00addo\u00adwej, w szcze\u00adg\u00f3l\u00adno\u00ad\u015bci w zakre\u00adsie uzna\u00adwa\u00adnia wykszta\u0142\u00adce\u00adnia i kwa\u00adli\u00adfi\u00adka\u00adcji zawo\u00addo\u00adwych: Okre\u00ad\u015ble\u00adnie zawo\u00add\u00f3w refe\u00adren\u00adcyj\u00adnych, wspar\u00adcie w pro\u00adce\u00adsie uzna\u00adwa\u00adnia, wyja\u00ad\u015bnie\u00adnie mo\u017c\u00adli\u00adwo\u00ad\u015bci finan\u00adso\u00adwa\u00adnia i dofi\u00adnan\u00adso\u00adwa\u00adnia itp. <span style=\"color: #008080;\"><strong>\ud83d\udcd1 <\/strong><\/span><a href=\"https:\/\/www.dw-karlsruhe.de\/unsere-angebote\/migration-und-integration\/fachstelle-fuer-berufliche-integration-von-gefluechteten-beratungsstelle-zur-anerkennung-auslaendischer-berufsqualifikationen-3\/\" rel=\"noopener\"><span style=\"color: #008080;\"><strong>For\u00admu\u00adlarz doradz\u00adtwa w zakre\u00adsie uzna\u00adwa\u00adnia kwalifikacji<\/strong><\/span><\/a><\/p>\n<p><strong><span style=\"color: #008080;\"><a href=\"https:\/\/www.dw-karlsruhe.de\/media\/download\/variant\/370239\/flyer_fabif_2023.pdf\" rel=\"noopener\">Ulot\u00adka<\/a><\/span><\/strong><\/p>\n","protected":false},"author":12,"featured_media":55026,"template":"","class_list":["post-55055","event","type-event","status-publish","has-post-thumbnail","hentry","event_category-praca"],"acf":{"event-recurring":true,"event-category":263,"event-is-language-course":false,"event-recurring-still-active":true,"event-display-details":true,"event-schedules-recurring":null,"event-schedules-calendar":null,"event-is-online":false,"event-online-url":"https:\/\/www.dw-karlsruhe.de","event-location-building":"Diakonisches Werk Karlsruhe ","event-location-street":"Karlstra\u00dfe 56 - Haltestelle: Karlstor\/Bundesgerichtshof and Mathystra\u00dfe - 7th floor, room 7.04","event-location-zip":"76133","event-location-city":"Karlsruhe","event-location-contact-person":"Elli Reichert \/ Dominique Kirchg\u00e4ssner \/ Angela Markevich","event-location-phone":"Frau Reichert: 0721 20397 133 \/ Frau Kirchg\u00e4ssner: 0721 20397 203 ","event-location-phone-2":"Frau Markevich: 0721 20397 204","event-location-mail":"anerkennungsberatung@dw-karlsruhe.de","event-location-mail-2":"","event-location-website":"https:\/\/shorturl.at\/cwF07","event-target-group":[{"target-group":"all"}],"event-target-group-comment":"Osoby ubiegaj\u0105ce si\u0119 o azyl i uchod\u017acy bez wzgl\u0119du na status pobytu","event-free":true,"event-organiser":[5667,8191,55034],"event-header-copyright-overlay":true,"event-copyright-note-description-end":true},"featured_image_urls_v2":{"full":["https:\/\/www.anika-net.de\/wp-content\/uploads\/2017\/05\/Logo-FF.jpg",1682,528,false],"thumbnail":["https:\/\/www.anika-net.de\/wp-content\/uploads\/2017\/05\/Logo-FF-150x150.jpg",150,150,true],"medium":["https:\/\/www.anika-net.de\/wp-content\/uploads\/2017\/05\/Logo-FF-300x94.jpg",300,94,true],"medium_large":["https:\/\/www.anika-net.de\/wp-content\/uploads\/2017\/05\/Logo-FF-768x241.jpg",640,201,true],"large":["https:\/\/www.anika-net.de\/wp-content\/uploads\/2017\/05\/Logo-FF-1024x321.jpg",640,201,true],"1536x1536":["https:\/\/www.anika-net.de\/wp-content\/uploads\/2017\/05\/Logo-FF-1536x482.jpg",1536,482,true],"2048x2048":["https:\/\/www.anika-net.de\/wp-content\/uploads\/2017\/05\/Logo-FF.jpg",1682,528,false],"event-overview":["https:\/\/www.anika-net.de\/wp-content\/uploads\/2017\/05\/Logo-FF-960x528.jpg",960,528,true],"event-archive-thumb":["https:\/\/www.anika-net.de\/wp-content\/uploads\/2017\/05\/Logo-FF-480x151.jpg",480,151,true],"grid-item-thumbnail":["https:\/\/www.anika-net.de\/wp-content\/uploads\/2017\/05\/Logo-FF-360x200.jpg",360,200,true],"network-partner-icon":["https:\/\/www.anika-net.de\/wp-content\/uploads\/2017\/05\/Logo-FF-100x100.jpg",100,100,true],"organiser-icon":["https:\/\/www.anika-net.de\/wp-content\/uploads\/2017\/05\/Logo-FF-200x200.jpg",200,200,true],"gform-image-choice-sm":["https:\/\/www.anika-net.de\/wp-content\/uploads\/2017\/05\/Logo-FF.jpg",300,94,false],"gform-image-choice-md":["https:\/\/www.anika-net.de\/wp-content\/uploads\/2017\/05\/Logo-FF.jpg",400,126,false],"gform-image-choice-lg":["https:\/\/www.anika-net.de\/wp-content\/uploads\/2017\/05\/Logo-FF.jpg",600,188,false]},"post_excerpt_stackable_v2":"<p>Posia\u00addasz kwa\u00adli\u00adfi\u00adka\u00adcje zawo\u00addo\u00adwe, \u015bwia\u00addec\u00adtwo uko\u0144\u00adcze\u00adnia szko\u00ad\u0142y lub dyplom uko\u0144\u00adcze\u00adnia stu\u00addi\u00f3w za gra\u00adni\u00adc\u0105? Potrze\u00adbu\u00adjesz uzna\u00adnia zagra\u00adnicz\u00adnych kwa\u00adli\u00adfi\u00adka\u00adcji zawo\u00addo\u00adwych? Poin\u00adfor\u00admu\u00adje\u00admy Ci\u0119 o mo\u017c\u00adli\u00adwo\u00ad\u015bciach uzna\u00adnia Two\u00adich kwa\u00adli\u00adfi\u00adka\u00adcji zawo\u00addo\u00adwych lub aka\u00adde\u00admic\u00adkich w Niem\u00adczech. Refu\u00adgee Cen\u00adter Karls\u00adru\u00adhe zapew\u00adnia pora\u00addy, wska\u00adz\u00f3w\u00adki i wspar\u00adcie w zakre\u00adsie uzna\u00adwa\u00adnia kwa\u00adli\u00adfi\u00adka\u00adcji szkol\u00adnych, zawo\u00addo\u00adwych i zagra\u00adnicz\u00adnych kwa\u00adli\u00adfi\u00adka\u00adcji zawo\u00addo\u00adwych dla uchod\u017a\u00adc\u00f3w w Karls\u00adru\u00adhe, spon\u00adso\u00adro\u00adwa\u00adnych przez Mini\u00adster\u00adstwo Spraw Spo\u00ad\u0142ecz\u00adnych, Zdro\u00adwia i Inte\u00adgra\u00adcji. Finan\u00adso\u00adwa\u00adne z fun\u00addu\u00adszy pa\u0144\u00adstwo\u00adwych zatwier\u00addzo\u00adnych przez par\u00adla\u00adment kra\u00adjo\u00adwy. Nasze us\u0142u\u00adgi dorad\u00adcze s\u0105 pouf\u00adne i bez\u00adp\u0142at\u00adne! Nasza gru\u00adpa doce\u00adlo\u00adwa: Oso\u00adby ubie\u00adga\u00adj\u0105\u00adce si\u0119 o azyl i uchod\u017a\u00adcy nie\u00adza\u00adle\u017c\u00adnie od sta\u00adtu\u00adsu poby\u00adtu (od wcze\u00adsnej fazy poby\u00adtu). Mno\u017c\u00adni\u00adki i part\u00adne\u00adrzy do wsp\u00f3\u0142\u00adpra\u00adcy: w tym instytucje\u2026<\/p>\n","category_list_v2":"","author_info_v2":{"name":"Andrea Ramirez","url":"https:\/\/www.anika-net.de\/pl\/author\/andrea-ramirez\/"},"comments_num_v2":"0 comments","uagb_featured_image_src":{"full":["https:\/\/www.anika-net.de\/wp-content\/uploads\/2017\/05\/Logo-FF.jpg",1682,528,false],"thumbnail":["https:\/\/www.anika-net.de\/wp-content\/uploads\/2017\/05\/Logo-FF-150x150.jpg",150,150,true],"medium":["https:\/\/www.anika-net.de\/wp-content\/uploads\/2017\/05\/Logo-FF-300x94.jpg",300,94,true],"medium_large":["https:\/\/www.anika-net.de\/wp-content\/uploads\/2017\/05\/Logo-FF-768x241.jpg",640,201,true],"large":["https:\/\/www.anika-net.de\/wp-content\/uploads\/2017\/05\/Logo-FF-1024x321.jpg",640,201,true],"1536x1536":["https:\/\/www.anika-net.de\/wp-content\/uploads\/2017\/05\/Logo-FF-1536x482.jpg",1536,482,true],"2048x2048":["https:\/\/www.anika-net.de\/wp-content\/uploads\/2017\/05\/Logo-FF.jpg",1682,528,false],"event-overview":["https:\/\/www.anika-net.de\/wp-content\/uploads\/2017\/05\/Logo-FF-960x528.jpg",960,528,true],"event-archive-thumb":["https:\/\/www.anika-net.de\/wp-content\/uploads\/2017\/05\/Logo-FF-480x151.jpg",480,151,true],"grid-item-thumbnail":["https:\/\/www.anika-net.de\/wp-content\/uploads\/2017\/05\/Logo-FF-360x200.jpg",360,200,true],"network-partner-icon":["https:\/\/www.anika-net.de\/wp-content\/uploads\/2017\/05\/Logo-FF-100x100.jpg",100,100,true],"organiser-icon":["https:\/\/www.anika-net.de\/wp-content\/uploads\/2017\/05\/Logo-FF-200x200.jpg",200,200,true],"gform-image-choice-sm":["https:\/\/www.anika-net.de\/wp-content\/uploads\/2017\/05\/Logo-FF.jpg",300,94,false],"gform-image-choice-md":["https:\/\/www.anika-net.de\/wp-content\/uploads\/2017\/05\/Logo-FF.jpg",400,126,false],"gform-image-choice-lg":["https:\/\/www.anika-net.de\/wp-content\/uploads\/2017\/05\/Logo-FF.jpg",600,188,false]},"uagb_author_info":{"display_name":"Andrea Ramirez","author_link":"https:\/\/www.anika-net.de\/pl\/author\/andrea-ramirez\/"},"uagb_comment_info":0,"uagb_excerpt":"Posia\u00addasz kwa\u00adli\u00adfi\u00adka\u00adcje zawo\u00addo\u00adwe, \u015bwia\u00addec\u00adtwo uko\u0144\u00adcze\u00adnia szko\u00ad\u0142y lub dyplom uko\u0144\u00adcze\u00adnia stu\u00addi\u00f3w za gra\u00adni\u00adc\u0105? Potrze\u00adbu\u00adjesz uzna\u00adnia zagra\u00adnicz\u00adnych kwa\u00adli\u00adfi\u00adka\u00adcji zawodowych? Poin\u00adfor\u00admu\u00adje\u00admy Ci\u0119 o mo\u017c\u00adli\u00adwo\u00ad\u015bciach uzna\u00adnia Two\u00adich kwa\u00adli\u00adfi\u00adka\u00adcji zawo\u00addo\u00adwych lub aka\u00adde\u00admic\u00adkich w Niemczech. Refu\u00adgee&nbsp;czytaj wi\u0119cej","_links":{"self":[{"href":"https:\/\/www.anika-net.de\/pl\/wp-json\/wp\/v2\/event\/55055","targetHints":{"allow":["GET"]}}],"collection":[{"href":"https:\/\/www.anika-net.de\/pl\/wp-json\/wp\/v2\/event"}],"about":[{"href":"https:\/\/www.anika-net.de\/pl\/wp-json\/wp\/v2\/types\/event"}],"author":[{"embeddable":true,"href":"https:\/\/www.anika-net.de\/pl\/wp-json\/wp\/v2\/users\/12"}],"version-history":[{"count":1,"href":"https:\/\/www.anika-net.de\/pl\/wp-json\/wp\/v2\/event\/55055\/revisions"}],"predecessor-version":[{"id":60841,"href":"https:\/\/www.anika-net.de\/pl\/wp-json\/wp\/v2\/event\/55055\/revisions\/60841"}],"acf:post":[{"embeddable":true,"href":"https:\/\/www.anika-net.de\/pl\/wp-json\/wp\/v2\/organiser\/55034"},{"embeddable":true,"href":"https:\/\/www.anika-net.de\/pl\/wp-json\/wp\/v2\/organiser\/8191"},{"embeddable":true,"href":"https:\/\/www.anika-net.de\/pl\/wp-json\/wp\/v2\/organiser\/5667"}],"acf:term":[{"embeddable":true,"taxonomy":"event_category","href":"https:\/\/www.anika-net.de\/pl\/wp-json\/wp\/v2\/event_category\/263"}],"wp:featuredmedia":[{"embeddable":true,"href":"https:\/\/www.anika-net.de\/pl\/wp-json\/wp\/v2\/media\/55026"}],"wp:attachment":[{"href":"https:\/\/www.anika-net.de\/pl\/wp-json\/wp\/v2\/media?parent=55055"}],"curies":[{"name":"wp","href":"https:\/\/api.w.org\/{rel}","templated":true}]}}