{"id":35022,"date":"2023-03-08T19:09:00","date_gmt":"2023-03-08T18:09:00","guid":{"rendered":"https:\/\/www.anika-net.de\/event\/doradztwo-w-zakresie-powrotow-pomoc-w-zakresie-powrotow-caritas\/"},"modified":"2025-04-17T15:38:21","modified_gmt":"2025-04-17T13:38:21","slug":"doradztwo-w-zakresie-powrotow-pomoc-w-zakresie-powrotow-caritas","status":"publish","type":"event","link":"https:\/\/www.anika-net.de\/pl\/event\/doradztwo-w-zakresie-powrotow-pomoc-w-zakresie-powrotow-caritas\/","title":{"rendered":"Doradz\u00adtwo w zakre\u00adsie powro\u00adt\u00f3w Pomoc w zakre\u00adsie powro\u00adt\u00f3w \u2014 Caritas"},"content":{"rendered":"<h3>Doradz\u00adtwo w zakre\u00adsie powro\u00adtu Pomoc w powro\u00adcie \u2014 pomoc ludziom w roz\u00adpo\u00adcz\u0119\u00adciu nowe\u00adgo \u017cycia w kra\u00adju ojczystym<\/h3>\n<p>Godzi\u00adny pra\u00adcy biu\u00adra: Spo\u00adtka\u00adnia po uzgod\u00adnie\u00adniu telefonicznym<\/p>\n<p><strong>Jeste\u00ad\u015bmy tu dla ciebie.<\/strong><\/p>\n<p>- je\u015bli masz ch\u0119\u0107 powro\u00adtu do swo\u00adje\u00adgo&nbsp;kraju<br>\n\u2014 je\u015bli jeste\u015b nie\u00adpew\u00adny i nie wiesz cze\u00adgo si\u0119 tam spo\u00addzie\u00adwa\u0107 w tej chwili<br>\n\u2014 je\u015bli potrze\u00adbu\u00adjesz pora\u00addy i wspar\u00adcia finan\u00adso\u00adwe\u00adgo przy powro\u00adcie do&nbsp;kraju<\/p>\n<p><strong>Doradz\u00adtwo skie\u00adro\u00adwa\u00adne jest&nbsp;do:<\/strong><\/p>\n<p>- Uzna\u00adni i tole\u00adro\u00adwa\u00adni uchod\u017acy<br>\n\u2014 Oso\u00adby ubie\u00adga\u00adj\u0105\u00adce si\u0119 o&nbsp;azyl<br>\n\u2014 Oso\u00adby bez zezwo\u00adle\u00adnia na pobyt&nbsp;oraz<br>\ncudzo\u00adziem\u00adcy korzy\u00adsta\u00adj\u0105\u00adcy z pomo\u00adcy spo\u0142ecznej<\/p>\n<p><strong>Nasza ofer\u00adta<\/strong><\/p>\n<p>Wspar\u00adcie w orga\u00adni\u00adza\u00adcji podr\u00f3\u00ad\u017cy powrotnej<br>\nBada\u00adnia doty\u00adcz\u0105\u00adce aktu\u00adal\u00adnej sytu\u00adacji poli\u00adtycz\u00adnej i gospo\u00addar\u00adczej w kra\u00adju ojczystym<br>\nDoradz\u00adtwo w zakre\u00adsie dost\u0119p\u00adnych pro\u00adgra\u00adm\u00f3w wsparcia<br>\nOpra\u00adco\u00adwa\u00adnie indy\u00adwi\u00addu\u00adal\u00adnej kon\u00adcep\u00adcji powro\u00adtu w zakre\u00adsie mo\u017c\u00adli\u00adwo\u00ad\u015bci miesz\u00adka\u00adnio\u00adwych i zatrud\u00adnie\u00adnia, zapew\u00adnie\u00adnia \u015brod\u00adk\u00f3w do \u017cycia, nie\u00adzb\u0119d\u00adnej opie\u00adki medycz\u00adnej oraz mo\u017c\u00adli\u00adwo\u00ad\u015bci edu\u00adka\u00adcyj\u00adnych i zawo\u00addo\u00adwych dla dzieci<br>\nSkie\u00adro\u00adwa\u00adnie do orga\u00adni\u00adza\u00adcji w kra\u00adju pocho\u00addze\u00adnia, kt\u00f3\u00adre b\u0119d\u0105 nadal towa\u00adrzy\u00adszy\u0107 i wspie\u00adra\u0107 pro\u00adces rein\u00adte\u00adgra\u00adcji na miejscu<\/p>\n<p><strong>Naszym celem&nbsp;jest<\/strong><\/p>\n<p>Aby ch\u0119t\u00adni do powro\u00adtu mogli bez\u00adpiecz\u00adnie i z per\u00adspek\u00adty\u00adw\u0105 wr\u00f3\u00adci\u0107 do&nbsp;kraju.<\/p>\n<p>Us\u0142u\u00adga dorad\u00adcza jest dobro\u00adwol\u00adna i ma cha\u00adrak\u00adter otwar\u00adty. Tre\u015b\u0107 roz\u00adm\u00f3w jest poufna.<\/p>\n","protected":false},"author":12,"featured_media":34984,"template":"","class_list":["post-35022","event","type-event","status-publish","has-post-thumbnail","hentry","event_category-pomoc-pl"],"acf":{"event-recurring":true,"event-category":185,"event-is-language-course":false,"event-recurring-still-active":true,"event-display-details":true,"event-schedules-recurring":[{"event-recurring-week-day":"0","event-recurring-time":"","event-recurring-time-text":""},{"event-recurring-week-day":"1","event-recurring-time":"","event-recurring-time-text":""},{"event-recurring-week-day":"2","event-recurring-time":"","event-recurring-time-text":""},{"event-recurring-week-day":"3","event-recurring-time":"","event-recurring-time-text":""},{"event-recurring-week-day":"4","event-recurring-time":"","event-recurring-time-text":""}],"event-schedules-calendar":null,"event-is-online":false,"event-online-url":"","event-location-building":"Beratungs- und Familienzentrum Caritashaus","event-location-street":"Sophienstra\u00dfe  33","event-location-zip":"76133","event-location-city":"Karlsruhe","event-location-contact-person":"Tamara Hillens","event-location-phone":"+49 721 91243-16","event-location-phone-2":"","event-location-mail":"sekretariat-oemd@caritas-karlsruhe.de","event-location-mail-2":"","event-location-website":"https:\/\/www.caritas-karlsruhe.de\/oemd","event-target-group":[{"target-group":"adults"}],"event-target-group-comment":"","event-free":true,"event-organiser":[6691],"event-header-copyright-overlay":true,"event-copyright-note-description-end":false},"featured_image_urls_v2":{"full":["https:\/\/www.anika-net.de\/wp-content\/uploads\/2019\/03\/Caritas-und-Diakonie.jpg",1181,709,false],"thumbnail":["https:\/\/www.anika-net.de\/wp-content\/uploads\/2019\/03\/Caritas-und-Diakonie-150x150.jpg",150,150,true],"medium":["https:\/\/www.anika-net.de\/wp-content\/uploads\/2019\/03\/Caritas-und-Diakonie-300x180.jpg",300,180,true],"medium_large":["https:\/\/www.anika-net.de\/wp-content\/uploads\/2019\/03\/Caritas-und-Diakonie-768x461.jpg",640,384,true],"large":["https:\/\/www.anika-net.de\/wp-content\/uploads\/2019\/03\/Caritas-und-Diakonie-1024x615.jpg",640,384,true],"1536x1536":["https:\/\/www.anika-net.de\/wp-content\/uploads\/2019\/03\/Caritas-und-Diakonie.jpg",1181,709,false],"2048x2048":["https:\/\/www.anika-net.de\/wp-content\/uploads\/2019\/03\/Caritas-und-Diakonie.jpg",1181,709,false],"event-overview":["https:\/\/www.anika-net.de\/wp-content\/uploads\/2019\/03\/Caritas-und-Diakonie-960x640.jpg",960,640,true],"event-archive-thumb":["https:\/\/www.anika-net.de\/wp-content\/uploads\/2019\/03\/Caritas-und-Diakonie-480x288.jpg",480,288,true],"grid-item-thumbnail":["https:\/\/www.anika-net.de\/wp-content\/uploads\/2019\/03\/Caritas-und-Diakonie-360x200.jpg",360,200,true],"network-partner-icon":["https:\/\/www.anika-net.de\/wp-content\/uploads\/2019\/03\/Caritas-und-Diakonie-100x100.jpg",100,100,true],"organiser-icon":["https:\/\/www.anika-net.de\/wp-content\/uploads\/2019\/03\/Caritas-und-Diakonie-200x200.jpg",200,200,true],"gform-image-choice-sm":["https:\/\/www.anika-net.de\/wp-content\/uploads\/2019\/03\/Caritas-und-Diakonie.jpg",300,180,false],"gform-image-choice-md":["https:\/\/www.anika-net.de\/wp-content\/uploads\/2019\/03\/Caritas-und-Diakonie.jpg",400,240,false],"gform-image-choice-lg":["https:\/\/www.anika-net.de\/wp-content\/uploads\/2019\/03\/Caritas-und-Diakonie.jpg",600,360,false]},"post_excerpt_stackable_v2":"<p>Doradz\u00adtwo w zakre\u00adsie powro\u00adtu Pomoc w powro\u00adcie \u2014 pomoc ludziom w roz\u00adpo\u00adcz\u0119\u00adciu nowe\u00adgo \u017cycia w kra\u00adju ojczy\u00adstym Godzi\u00adny pra\u00adcy biu\u00adra: Spo\u00adtka\u00adnia po uzgod\u00adnie\u00adniu tele\u00adfo\u00adnicz\u00adnym Jeste\u00ad\u015bmy tu dla cie\u00adbie. \u2014 je\u015bli masz ch\u0119\u0107 powro\u00adtu do swo\u00adje\u00adgo&nbsp;kra\u00adju \u2014 je\u015bli jeste\u015b nie\u00adpew\u00adny i nie wiesz cze\u00adgo si\u0119 tam spo\u00addzie\u00adwa\u0107 w tej chwi\u00adli \u2014 je\u015bli potrze\u00adbu\u00adjesz pora\u00addy i wspar\u00adcia finan\u00adso\u00adwe\u00adgo przy powro\u00adcie do&nbsp;kra\u00adju Doradz\u00adtwo skie\u00adro\u00adwa\u00adne jest&nbsp;do: \u2014 Uzna\u00adni i tole\u00adro\u00adwa\u00adni uchod\u017a\u00adcy \u2014 Oso\u00adby ubie\u00adga\u00adj\u0105\u00adce si\u0119 o&nbsp;azyl \u2014 Oso\u00adby bez zezwo\u00adle\u00adnia na pobyt&nbsp;oraz cudzo\u00adziem\u00adcy korzy\u00adsta\u00adj\u0105\u00adcy z pomo\u00adcy spo\u00ad\u0142ecz\u00adnej Nasza ofer\u00adta Wspar\u00adcie w orga\u00adni\u00adza\u00adcji podr\u00f3\u00ad\u017cy powrot\u00adnej Bada\u00adnia doty\u00adcz\u0105\u00adce aktu\u00adal\u00adnej sytu\u00adacji poli\u00adtycz\u00adnej i gospo\u00addar\u00adczej w kra\u00adju ojczystym\u2026<\/p>\n","category_list_v2":"","author_info_v2":{"name":"Andrea Ramirez","url":"https:\/\/www.anika-net.de\/pl\/author\/andrea-ramirez\/"},"comments_num_v2":"0 comments","uagb_featured_image_src":{"full":["https:\/\/www.anika-net.de\/wp-content\/uploads\/2019\/03\/Caritas-und-Diakonie.jpg",1181,709,false],"thumbnail":["https:\/\/www.anika-net.de\/wp-content\/uploads\/2019\/03\/Caritas-und-Diakonie-150x150.jpg",150,150,true],"medium":["https:\/\/www.anika-net.de\/wp-content\/uploads\/2019\/03\/Caritas-und-Diakonie-300x180.jpg",300,180,true],"medium_large":["https:\/\/www.anika-net.de\/wp-content\/uploads\/2019\/03\/Caritas-und-Diakonie-768x461.jpg",640,384,true],"large":["https:\/\/www.anika-net.de\/wp-content\/uploads\/2019\/03\/Caritas-und-Diakonie-1024x615.jpg",640,384,true],"1536x1536":["https:\/\/www.anika-net.de\/wp-content\/uploads\/2019\/03\/Caritas-und-Diakonie.jpg",1181,709,false],"2048x2048":["https:\/\/www.anika-net.de\/wp-content\/uploads\/2019\/03\/Caritas-und-Diakonie.jpg",1181,709,false],"event-overview":["https:\/\/www.anika-net.de\/wp-content\/uploads\/2019\/03\/Caritas-und-Diakonie-960x640.jpg",960,640,true],"event-archive-thumb":["https:\/\/www.anika-net.de\/wp-content\/uploads\/2019\/03\/Caritas-und-Diakonie-480x288.jpg",480,288,true],"grid-item-thumbnail":["https:\/\/www.anika-net.de\/wp-content\/uploads\/2019\/03\/Caritas-und-Diakonie-360x200.jpg",360,200,true],"network-partner-icon":["https:\/\/www.anika-net.de\/wp-content\/uploads\/2019\/03\/Caritas-und-Diakonie-100x100.jpg",100,100,true],"organiser-icon":["https:\/\/www.anika-net.de\/wp-content\/uploads\/2019\/03\/Caritas-und-Diakonie-200x200.jpg",200,200,true],"gform-image-choice-sm":["https:\/\/www.anika-net.de\/wp-content\/uploads\/2019\/03\/Caritas-und-Diakonie.jpg",300,180,false],"gform-image-choice-md":["https:\/\/www.anika-net.de\/wp-content\/uploads\/2019\/03\/Caritas-und-Diakonie.jpg",400,240,false],"gform-image-choice-lg":["https:\/\/www.anika-net.de\/wp-content\/uploads\/2019\/03\/Caritas-und-Diakonie.jpg",600,360,false]},"uagb_author_info":{"display_name":"Andrea Ramirez","author_link":"https:\/\/www.anika-net.de\/pl\/author\/andrea-ramirez\/"},"uagb_comment_info":0,"uagb_excerpt":"Doradz\u00adtwo w zakre\u00adsie powro\u00adtu Pomoc w powro\u00adcie \u2014 pomoc ludziom w roz\u00adpo\u00adcz\u0119\u00adciu nowe\u00adgo \u017cycia w kra\u00adju ojczystym Godzi\u00adny pra\u00adcy biu\u00adra: Spo\u00adtka\u00adnia po uzgod\u00adnie\u00adniu telefonicznym Jeste\u00ad\u015bmy tu dla ciebie. - je\u015bli&nbsp;czytaj wi\u0119cej","_links":{"self":[{"href":"https:\/\/www.anika-net.de\/pl\/wp-json\/wp\/v2\/event\/35022","targetHints":{"allow":["GET"]}}],"collection":[{"href":"https:\/\/www.anika-net.de\/pl\/wp-json\/wp\/v2\/event"}],"about":[{"href":"https:\/\/www.anika-net.de\/pl\/wp-json\/wp\/v2\/types\/event"}],"author":[{"embeddable":true,"href":"https:\/\/www.anika-net.de\/pl\/wp-json\/wp\/v2\/users\/12"}],"version-history":[{"count":1,"href":"https:\/\/www.anika-net.de\/pl\/wp-json\/wp\/v2\/event\/35022\/revisions"}],"predecessor-version":[{"id":60835,"href":"https:\/\/www.anika-net.de\/pl\/wp-json\/wp\/v2\/event\/35022\/revisions\/60835"}],"acf:post":[{"embeddable":true,"href":"https:\/\/www.anika-net.de\/pl\/wp-json\/wp\/v2\/organiser\/6691"}],"acf:term":[{"embeddable":true,"taxonomy":"event_category","href":"https:\/\/www.anika-net.de\/pl\/wp-json\/wp\/v2\/event_category\/185"}],"wp:featuredmedia":[{"embeddable":true,"href":"https:\/\/www.anika-net.de\/pl\/wp-json\/wp\/v2\/media\/34984"}],"wp:attachment":[{"href":"https:\/\/www.anika-net.de\/pl\/wp-json\/wp\/v2\/media?parent=35022"}],"curies":[{"name":"wp","href":"https:\/\/api.w.org\/{rel}","templated":true}]}}