{"id":35012,"date":"2023-03-08T18:52:22","date_gmt":"2023-03-08T17:52:22","guid":{"rendered":"https:\/\/www.anika-net.de\/event\/integracjazarzadzanie\/"},"modified":"2025-04-17T15:37:24","modified_gmt":"2025-04-17T13:37:24","slug":"integracjazarzadzanie","status":"publish","type":"event","link":"https:\/\/www.anika-net.de\/pl\/event\/integracjazarzadzanie\/","title":{"rendered":"Inte\u00adgra\u00adcja\u00adZa\u00adrz\u0105\u00addza\u00adnie"},"content":{"rendered":"<h3>Zarz\u0105\u00addza\u00adnie inte\u00adgra\u00adcj\u0105 \u2014 Trwa\u00ad\u0142a inte\u00adgra\u00adcja uchod\u017a\u00adc\u00f3w miesz\u00adka\u00adj\u0105\u00adcych w Karlsruhe<\/h3>\n<p>Uchod\u017a\u00adcy miesz\u00adka\u00adj\u0105\u00adcy w Karls\u00adru\u00adhe w miesz\u00adka\u00adniach zast\u0119p\u00adczych s\u0105 wspie\u00adra\u00adni w celu zbu\u00addo\u00adwa\u00adnia samo\u00addziel\u00adne\u00adgo \u017cycia. Mo\u017c\u00adna to osi\u0105\u00adgn\u0105\u0107 na d\u0142u\u017c\u00adsz\u0105 met\u0119 dopie\u00adro wte\u00addy, gdy ludzie b\u0119d\u0105&nbsp;mieli<\/p>\n<ul>\n<li>naby\u00ad\u0142y umie\u00adj\u0119t\u00adno\u00ad\u015bci pos\u0142u\u00adgi\u00adwa\u00adnia si\u0119 j\u0119zy\u00adkiem niemieckim<\/li>\n<li>maj\u0105 pra\u00adc\u0119, z kt\u00f3\u00adrej mog\u0105 utrzy\u00adma\u0107 sie\u00adbie i swo\u00adj\u0105 rodzin\u0119<\/li>\n<li>maj\u0105 dost\u0119p do odpo\u00adwied\u00adnich mieszka\u0144<\/li>\n<li>potra\u00adfi zarz\u0105\u00addza\u0107 swo\u00adimi obo\u00adwi\u0105z\u00adka\u00admi rodzi\u00adciel\u00adski\u00admi, je\u015bli ma dzie\u00adci. (Doty\u00adczy to m.in. ucz\u0119sz\u00adcza\u00adnia do \u015bwie\u00adtli\u00adcy, szko\u00ad\u0142y lub zdo\u00adby\u00adwa\u00adnia wykszta\u0142\u00adce\u00adnia pozaszkolnego)<\/li>\n<li>mie\u0107 udzia\u0142 w spo\u00ad\u0142ecz\u00adno\u00ad\u015bci poprzez inte\u00adgra\u00adcj\u0119 spo\u0142eczn\u0105<\/li>\n<\/ul>\n<p>Zarz\u0105\u00addza\u00adnie inte\u00adgra\u00adcj\u0105 zapew\u00adnia pomoc, towa\u00adrzy\u00adszy i wspie\u00adra ludzi w uda\u00adnej inte\u00adgra\u00adcji ze spo\u00ad\u0142e\u00adcze\u0144\u00adstwem. Typo\u00adwe zada\u00adnia dla reali\u00adza\u00adcji cel\u00f3w to m.in.<\/p>\n<ul>\n<li>wsp\u00f3l\u00adne stwo\u00adrze\u00adnie indy\u00adwi\u00addu\u00adal\u00adne\u00adgo pla\u00adnu wspar\u00adcia z cela\u00admi czasowymi<\/li>\n<li>kie\u00adro\u00adwa\u00adnie do pla\u00adc\u00f3\u00adwek spe\u00adcja\u00adli\u00adstycz\u00adnych w przy\u00adpad\u00adku wyst\u0105\u00adpie\u00adnia pro\u00adble\u00adm\u00f3w psychospo\u0142ecznych<\/li>\n<li>doradz\u00adtwo dla rodzi\u00adc\u00f3w w spra\u00adwach wycho\u00adwaw\u00adczych i edukacyjnych<\/li>\n<li>Po\u015bred\u00adnic\u00adtwo w sk\u0142a\u00adda\u00adniu ofert na naby\u00adcie umie\u00adj\u0119t\u00adno\u00ad\u015bci pos\u0142u\u00adgi\u00adwa\u00adnia si\u0119 j\u0119zy\u00adkiem niemieckim<\/li>\n<li>Po\u015bred\u00adni\u00adcze\u00adnie w ofer\u00adtach edu\u00adka\u00adcyj\u00adnych w zakre\u00adsie dosko\u00adna\u00adle\u00adnia zawodowego<\/li>\n<li>Wspie\u00adra\u00adnie os\u00f3b w ich sta\u00adra\u00adniach na ryn\u00adku&nbsp;pracy<\/li>\n<li>Po\u015bred\u00adnic\u00adtwo w ofer\u00adcie sp\u0119\u00addza\u00adnia cza\u00adsu wol\u00adne\u00adgo (klu\u00adby, ofer\u00adty kul\u00adtu\u00adral\u00adne&nbsp;itp.)<\/li>\n<li>Doradz\u00adtwo w zakre\u00adsie pra\u00adwa azy\u00adlo\u00adwe\u00adgo i pra\u00adwa poby\u00adtu, jak r\u00f3w\u00adnie\u017c w kwe\u00adstiach zwi\u0105\u00adza\u00adnych z \u0142\u0105cze\u00adniem rodzin<\/li>\n<li>Roz\u00adbu\u00addo\u00adwa komu\u00adni\u00adka\u00adcji mi\u0119\u00addzy\u00adkul\u00adtu\u00adro\u00adwej i miejsc spotka\u0144<\/li>\n<\/ul>\n<p>&nbsp;<\/p>\n<p>Godzi\u00adny pra\u00adcy biu\u00adra: Spo\u00adtka\u00adnia po uzgod\u00adnie\u00adniu telefonicznym<\/p>\n<p><strong>Dost\u0119p\u00adno\u015b\u0107 pod nume\u00adrem telefonu:<\/strong><\/p>\n<p>Od ponie\u00addzia\u0142\u00adku do pi\u0105t\u00adku: od 8:30 do 12:30.<\/p>\n<p>Od ponie\u00addzia\u0142\u00adku do czwart\u00adku: od 13:30 do 16:00<\/p>\n<p>Uma\u00adwia\u00adnie spo\u00adtka\u0144 przez telefon<\/p>\n<p>&nbsp;<\/p>\n<p>Ulot\u00adka do <a href=\"https:\/\/www.anika-net.de\/wp-content\/uploads\/2022\/01\/OMD_4_Integrationsmanagement_2021-12.pdf\" target=\"_blank\" rel=\"noopener\">pobra\u00adnia<\/a><\/p>\n<p>&nbsp;<\/p>\n<p>Wspar\u00adcie&nbsp;przez<\/p>\n<p>&nbsp;<\/p>\n<p><img decoding=\"async\" class=\" wp-image-6982\" src=\"https:\/\/www.anika-net.de\/wp-content\/uploads\/2021\/10\/karlsruhe-logo-black-v3.png\" alt width=\"107\" height=\"120\"> <img decoding=\"async\" class=\"alignnone wp-image-6988\" src=\"https:\/\/www.anika-net.de\/wp-content\/uploads\/2021\/10\/Baden-Wuerttenberg.png\" alt width=\"242\" height=\"105\"><\/p>\n","protected":false},"author":12,"featured_media":34984,"template":"","class_list":["post-35012","event","type-event","status-publish","has-post-thumbnail","hentry","event_category-pomoc-pl"],"acf":{"event-recurring":true,"event-category":185,"event-is-language-course":false,"event-recurring-still-active":true,"event-display-details":true,"event-schedules-recurring":[{"event-recurring-week-day":"0","event-recurring-time":"09.00 - 12.00 \/ 14.00 - 16.00","event-recurring-time-text":""},{"event-recurring-week-day":"1","event-recurring-time":"09.00 - 12.00 ","event-recurring-time-text":""},{"event-recurring-week-day":"2","event-recurring-time":"09.00 - 12.00 ","event-recurring-time-text":""},{"event-recurring-week-day":"3","event-recurring-time":"09.00 - 12.00 \/ 14.00 - 16.00","event-recurring-time-text":""},{"event-recurring-week-day":"4","event-recurring-time":"09.00 - 12.00 ","event-recurring-time-text":""}],"event-schedules-calendar":null,"event-is-online":false,"event-online-url":"","event-location-building":"Beratungs- und Familienzentrum Caritashaus","event-location-street":"Sophienstra\u00dfe  33","event-location-zip":"76133","event-location-city":"Karlsruhe","event-location-contact-person":"Tamara Hillens","event-location-phone":"+49 721 91243-16","event-location-phone-2":"+49 721 91243-99","event-location-mail":"sekretariat-oemd@caritas-karlsruhe.de","event-location-mail-2":"","event-location-website":"https:\/\/www.caritas-karlsruhe.de\/oemd","event-target-group":[{"target-group":"adults"}],"event-target-group-comment":"dla wszystkich p\u0142ci i wszystkich grup wiekowych","event-free":true,"event-organiser":[6691,5667],"event-header-copyright-overlay":true,"event-copyright-note-description-end":false},"featured_image_urls_v2":{"full":["https:\/\/www.anika-net.de\/wp-content\/uploads\/2019\/03\/Caritas-und-Diakonie.jpg",1181,709,false],"thumbnail":["https:\/\/www.anika-net.de\/wp-content\/uploads\/2019\/03\/Caritas-und-Diakonie-150x150.jpg",150,150,true],"medium":["https:\/\/www.anika-net.de\/wp-content\/uploads\/2019\/03\/Caritas-und-Diakonie-300x180.jpg",300,180,true],"medium_large":["https:\/\/www.anika-net.de\/wp-content\/uploads\/2019\/03\/Caritas-und-Diakonie-768x461.jpg",640,384,true],"large":["https:\/\/www.anika-net.de\/wp-content\/uploads\/2019\/03\/Caritas-und-Diakonie-1024x615.jpg",640,384,true],"1536x1536":["https:\/\/www.anika-net.de\/wp-content\/uploads\/2019\/03\/Caritas-und-Diakonie.jpg",1181,709,false],"2048x2048":["https:\/\/www.anika-net.de\/wp-content\/uploads\/2019\/03\/Caritas-und-Diakonie.jpg",1181,709,false],"event-overview":["https:\/\/www.anika-net.de\/wp-content\/uploads\/2019\/03\/Caritas-und-Diakonie-960x640.jpg",960,640,true],"event-archive-thumb":["https:\/\/www.anika-net.de\/wp-content\/uploads\/2019\/03\/Caritas-und-Diakonie-480x288.jpg",480,288,true],"grid-item-thumbnail":["https:\/\/www.anika-net.de\/wp-content\/uploads\/2019\/03\/Caritas-und-Diakonie-360x200.jpg",360,200,true],"network-partner-icon":["https:\/\/www.anika-net.de\/wp-content\/uploads\/2019\/03\/Caritas-und-Diakonie-100x100.jpg",100,100,true],"organiser-icon":["https:\/\/www.anika-net.de\/wp-content\/uploads\/2019\/03\/Caritas-und-Diakonie-200x200.jpg",200,200,true],"gform-image-choice-sm":["https:\/\/www.anika-net.de\/wp-content\/uploads\/2019\/03\/Caritas-und-Diakonie.jpg",300,180,false],"gform-image-choice-md":["https:\/\/www.anika-net.de\/wp-content\/uploads\/2019\/03\/Caritas-und-Diakonie.jpg",400,240,false],"gform-image-choice-lg":["https:\/\/www.anika-net.de\/wp-content\/uploads\/2019\/03\/Caritas-und-Diakonie.jpg",600,360,false]},"post_excerpt_stackable_v2":"<p>Zarz\u0105\u00addza\u00adnie inte\u00adgra\u00adcj\u0105 \u2014 Trwa\u00ad\u0142a inte\u00adgra\u00adcja uchod\u017a\u00adc\u00f3w miesz\u00adka\u00adj\u0105\u00adcych w Karls\u00adru\u00adhe Uchod\u017a\u00adcy miesz\u00adka\u00adj\u0105\u00adcy w Karls\u00adru\u00adhe w miesz\u00adka\u00adniach zast\u0119p\u00adczych s\u0105 wspie\u00adra\u00adni w celu zbu\u00addo\u00adwa\u00adnia samo\u00addziel\u00adne\u00adgo \u017cycia. Mo\u017c\u00adna to osi\u0105\u00adgn\u0105\u0107 na d\u0142u\u017c\u00adsz\u0105 met\u0119 dopie\u00adro wte\u00addy, gdy ludzie b\u0119d\u0105&nbsp;mie\u00adli naby\u00ad\u0142y umie\u00adj\u0119t\u00adno\u00ad\u015bci pos\u0142u\u00adgi\u00adwa\u00adnia si\u0119 j\u0119zy\u00adkiem nie\u00admiec\u00adkim maj\u0105 pra\u00adc\u0119, z kt\u00f3\u00adrej mog\u0105 utrzy\u00adma\u0107 sie\u00adbie i swo\u00adj\u0105 rodzi\u00adn\u0119 maj\u0105 dost\u0119p do odpo\u00adwied\u00adnich miesz\u00adka\u0144 potra\u00adfi zarz\u0105\u00addza\u0107 swo\u00adimi obo\u00adwi\u0105z\u00adka\u00admi rodzi\u00adciel\u00adski\u00admi, je\u015bli ma dzie\u00adci. (Doty\u00adczy to m.in. ucz\u0119sz\u00adcza\u00adnia do \u015bwie\u00adtli\u00adcy, szko\u00ad\u0142y lub zdo\u00adby\u00adwa\u00adnia wykszta\u0142\u00adce\u00adnia pozasz\u00adkol\u00adne\u00adgo) mie\u0107 udzia\u0142 w spo\u00ad\u0142ecz\u00adno\u00ad\u015bci poprzez inte\u00adgra\u00adcj\u0119 spo\u00ad\u0142ecz\u00adn\u0105 Zarz\u0105\u00addza\u00adnie inte\u00adgra\u00adcj\u0105 zapew\u00adnia pomoc, towa\u00adrzy\u00adszy i wspie\u00adra ludzi w uda\u00adnej inte\u00adgra\u00adcji ze spo\u00ad\u0142e\u00adcze\u0144\u00adstwem. Typo\u00adwe zada\u00adnia dla reali\u00adza\u00adcji cel\u00f3w&nbsp;to\u2026<\/p>\n","category_list_v2":"","author_info_v2":{"name":"Andrea Ramirez","url":"https:\/\/www.anika-net.de\/pl\/author\/andrea-ramirez\/"},"comments_num_v2":"0 comments","uagb_featured_image_src":{"full":["https:\/\/www.anika-net.de\/wp-content\/uploads\/2019\/03\/Caritas-und-Diakonie.jpg",1181,709,false],"thumbnail":["https:\/\/www.anika-net.de\/wp-content\/uploads\/2019\/03\/Caritas-und-Diakonie-150x150.jpg",150,150,true],"medium":["https:\/\/www.anika-net.de\/wp-content\/uploads\/2019\/03\/Caritas-und-Diakonie-300x180.jpg",300,180,true],"medium_large":["https:\/\/www.anika-net.de\/wp-content\/uploads\/2019\/03\/Caritas-und-Diakonie-768x461.jpg",640,384,true],"large":["https:\/\/www.anika-net.de\/wp-content\/uploads\/2019\/03\/Caritas-und-Diakonie-1024x615.jpg",640,384,true],"1536x1536":["https:\/\/www.anika-net.de\/wp-content\/uploads\/2019\/03\/Caritas-und-Diakonie.jpg",1181,709,false],"2048x2048":["https:\/\/www.anika-net.de\/wp-content\/uploads\/2019\/03\/Caritas-und-Diakonie.jpg",1181,709,false],"event-overview":["https:\/\/www.anika-net.de\/wp-content\/uploads\/2019\/03\/Caritas-und-Diakonie-960x640.jpg",960,640,true],"event-archive-thumb":["https:\/\/www.anika-net.de\/wp-content\/uploads\/2019\/03\/Caritas-und-Diakonie-480x288.jpg",480,288,true],"grid-item-thumbnail":["https:\/\/www.anika-net.de\/wp-content\/uploads\/2019\/03\/Caritas-und-Diakonie-360x200.jpg",360,200,true],"network-partner-icon":["https:\/\/www.anika-net.de\/wp-content\/uploads\/2019\/03\/Caritas-und-Diakonie-100x100.jpg",100,100,true],"organiser-icon":["https:\/\/www.anika-net.de\/wp-content\/uploads\/2019\/03\/Caritas-und-Diakonie-200x200.jpg",200,200,true],"gform-image-choice-sm":["https:\/\/www.anika-net.de\/wp-content\/uploads\/2019\/03\/Caritas-und-Diakonie.jpg",300,180,false],"gform-image-choice-md":["https:\/\/www.anika-net.de\/wp-content\/uploads\/2019\/03\/Caritas-und-Diakonie.jpg",400,240,false],"gform-image-choice-lg":["https:\/\/www.anika-net.de\/wp-content\/uploads\/2019\/03\/Caritas-und-Diakonie.jpg",600,360,false]},"uagb_author_info":{"display_name":"Andrea Ramirez","author_link":"https:\/\/www.anika-net.de\/pl\/author\/andrea-ramirez\/"},"uagb_comment_info":0,"uagb_excerpt":"Zarz\u0105\u00addza\u00adnie inte\u00adgra\u00adcj\u0105 \u2014 Trwa\u00ad\u0142a inte\u00adgra\u00adcja uchod\u017a\u00adc\u00f3w miesz\u00adka\u00adj\u0105\u00adcych w Karlsruhe Uchod\u017a\u00adcy miesz\u00adka\u00adj\u0105\u00adcy w Karls\u00adru\u00adhe w miesz\u00adka\u00adniach zast\u0119p\u00adczych s\u0105 wspie\u00adra\u00adni w celu zbu\u00addo\u00adwa\u00adnia samo\u00addziel\u00adne\u00adgo \u017cycia. Mo\u017c\u00adna to osi\u0105\u00adgn\u0105\u0107 na d\u0142u\u017c\u00adsz\u0105 met\u0119 dopie\u00adro&nbsp;czytaj wi\u0119cej","_links":{"self":[{"href":"https:\/\/www.anika-net.de\/pl\/wp-json\/wp\/v2\/event\/35012","targetHints":{"allow":["GET"]}}],"collection":[{"href":"https:\/\/www.anika-net.de\/pl\/wp-json\/wp\/v2\/event"}],"about":[{"href":"https:\/\/www.anika-net.de\/pl\/wp-json\/wp\/v2\/types\/event"}],"author":[{"embeddable":true,"href":"https:\/\/www.anika-net.de\/pl\/wp-json\/wp\/v2\/users\/12"}],"version-history":[{"count":2,"href":"https:\/\/www.anika-net.de\/pl\/wp-json\/wp\/v2\/event\/35012\/revisions"}],"predecessor-version":[{"id":60834,"href":"https:\/\/www.anika-net.de\/pl\/wp-json\/wp\/v2\/event\/35012\/revisions\/60834"}],"acf:post":[{"embeddable":true,"href":"https:\/\/www.anika-net.de\/pl\/wp-json\/wp\/v2\/organiser\/5667"},{"embeddable":true,"href":"https:\/\/www.anika-net.de\/pl\/wp-json\/wp\/v2\/organiser\/6691"}],"acf:term":[{"embeddable":true,"taxonomy":"event_category","href":"https:\/\/www.anika-net.de\/pl\/wp-json\/wp\/v2\/event_category\/185"}],"wp:featuredmedia":[{"embeddable":true,"href":"https:\/\/www.anika-net.de\/pl\/wp-json\/wp\/v2\/media\/34984"}],"wp:attachment":[{"href":"https:\/\/www.anika-net.de\/pl\/wp-json\/wp\/v2\/media?parent=35012"}],"curies":[{"name":"wp","href":"https:\/\/api.w.org\/{rel}","templated":true}]}}