{"id":121154,"date":"2026-04-21T10:54:56","date_gmt":"2026-04-21T08:54:56","guid":{"rendered":"https:\/\/www.anika-net.de\/event\/zycie-za-pomoc-w-karlsruhe\/"},"modified":"2026-04-21T10:54:58","modified_gmt":"2026-04-21T08:54:58","slug":"zycie-za-pomoc-w-karlsruhe","status":"publish","type":"event","link":"https:\/\/www.anika-net.de\/pl\/event\/zycie-za-pomoc-w-karlsruhe\/","title":{"rendered":"\u017bycie za pomoc w Karlsruhe"},"content":{"rendered":"\n<h2 class=\"wp-block-heading\"><em><span style=\"color: #6358a3;\" class=\"stk-highlight\">Model wsp\u00f3l\u00adne\u00adgo \u017cycia opar\u00adty na wspar\u00adciu i spo\u0142eczno\u015bci<\/span><\/em><\/h2>\n\n<p>Szu\u00adkasz nie\u00addro\u00adgie\u00adgo miesz\u00adka\u00adnia w Karls\u00adru\u00adhe? A mo\u017ce masz pok\u00f3j do zaofe\u00adro\u00adwa\u00adnia i potrze\u00adbu\u00adjesz wspar\u00adcia w codzien\u00adnym&nbsp;\u017cyciu?&nbsp;<\/p>\n\n<p><strong>\u201cMiesz\u00adka\u00adnie za pomoc\u201d (Woh\u00adnen f\u00fcr Hil\u00adfe)<\/strong> \u0142\u0105czy ludzi, kt\u00f3\u00adrzy maj\u0105 wol\u00adn\u0105 prze\u00adstrze\u0144 miesz\u00adkal\u00adn\u0105 z tymi, kt\u00f3\u00adrzy szu\u00adka\u00adj\u0105 zakwa\u00adte\u00adro\u00adwa\u00adnia i s\u0105 goto\u00adwi pom\u00f3c w zamian.<br><br><strong>\u201cLiving for Help\u201d jest teraz otwar\u00adty dla wszyst\u00adkich poszu\u00adku\u00adj\u0105\u00adcych miesz\u00adka\u00adnia w Karls\u00adru\u00adhe<\/strong>, nie tyl\u00adko stu\u00adden\u00adt\u00f3w (np. sta\u00ad\u017cy\u00adst\u00f3w, pro\u00adfe\u00adsjo\u00adna\u00adli\u00adst\u00f3w, eme\u00adry\u00adt\u00f3w).<br><strong>Celem<\/strong> jest zmniej\u00adsze\u00adnie nie\u00addo\u00adbo\u00adr\u00f3w miesz\u00adka\u00adnio\u00adwych, bar\u00addziej efek\u00adtyw\u00adne wyko\u00adrzy\u00adsta\u00adnie prze\u00adstrze\u00adni \u017cycio\u00adwej i wzmoc\u00adnie\u00adnie wi\u0119\u00adzi spo\u00ad\u0142ecz\u00adnych. Koor\u00addy\u00adna\u00adto\u00adrzy pro\u00adjek\u00adtu wspie\u00adra\u00adj\u0105 i pro\u00adwa\u00addz\u0105 uczest\u00adni\u00adk\u00f3w przez ca\u0142y proces.&nbsp;<\/p>\n\n<h3 class=\"wp-block-heading\">Jak to dzia\u0142a?<\/h3>\n\n<p><strong><span style=\"color: #0b8b7d;\" class=\"stk-highlight\">Zamiast p\u0142a\u00adci\u0107 czynsz, miesz\u00adka\u0144\u00adcy ofe\u00adru\u00adj\u0105 sw\u00f3j czas i wspar\u00adcie.<\/span><\/strong><br>Og\u00f3l\u00adne wytycz\u00adne:<br>\ud83d\udc49 <strong>1 godzi\u00adna pomo\u00adcy mie\u00adsi\u0119cz\u00adnie na ka\u017c\u00addy metr kwa\u00addra\u00adto\u00adwy powierzch\u00adni miesz\u00adkal\u00adnej<\/strong>.<\/p>\n\n<p>Wspar\u00adcie to mo\u017ce obejmowa\u0107:<\/p>\n\n<ul class=\"wp-block-list\">\n<li>pomoc w pra\u00adcach domowych<\/li>\n\n\n\n<li>zaku\u00adpy spo\u017cywcze<\/li>\n\n\n\n<li>ogrod\u00adnic\u00adtwo<\/li>\n\n\n\n<li>towa\u00adrzy\u00adstwo i zaj\u0119\u00adcia rekreacyjne<\/li>\n<\/ul>\n\n<p>\u26a0\ufe0f <em><strong>Uwa\u00adga:<\/strong> nie jest to us\u0142u\u00adga opie\u00adku\u0144\u00adcza ani piel\u0119gniarska.<\/em><\/p>\n\n<p>Miesz\u00adka\u0144\u00adcy pono\u00adsz\u0105 jedy\u00adnie <strong>kosz\u00adty medi\u00f3w (np. ener\u00adgii elek\u00adtrycz\u00adnej, wody, ogrze\u00adwa\u00adnia)<\/strong>.<\/p>\n\n<h3 class=\"wp-block-heading\">Dla kogo jest przeznaczony?<\/h3>\n\n<h2 class=\"wp-block-heading\"><strong>Pier\u00adwot\u00adnie stwo\u00adrzo\u00adny dla stu\u00adden\u00adt\u00f3w<\/strong>, pro\u00adjekt <strong>jest teraz otwar\u00adty dla szer\u00adszej&nbsp;grupy:<\/strong><\/h2>\n\n<ul class=\"wp-block-list\">\n<li>stu\u00adden\u00adci<\/li>\n\n\n\n<li>sta\u00ad\u017cy\u00ad\u015bci (prak\u00adty\u00adkan\u00adci)<\/li>\n\n\n\n<li>pra\u00adcu\u00adj\u0105\u00adcy profesjonali\u015bci<\/li>\n\n\n\n<li>eme\u00adry\u00adci<\/li>\n\n\n\n<li>ka\u017c\u00addy, kto szu\u00adka miesz\u00adka\u00adnia i chce si\u0119 zaanga\u017cowa\u0107<\/li>\n<\/ul>\n\n<p>Oso\u00adby ofe\u00adru\u00adj\u0105\u00adce zakwa\u00adte\u00adro\u00adwa\u00adnie mog\u0105 obejmowa\u0107:<\/p>\n\n<ul class=\"wp-block-list\">\n<li>star\u00adsi doro\u015bli<\/li>\n\n\n\n<li>rodzi\u00adny<\/li>\n\n\n\n<li>oso\u00adby niepe\u0142nosprawne<\/li>\n\n\n\n<li>oso\u00adby, kt\u00f3\u00adre potrze\u00adbu\u00adj\u0105 wspar\u00adcia w codzien\u00adnym&nbsp;\u017cyciu<\/li>\n<\/ul>\n\n<p><strong> <strong><a href=\"https:\/\/www.paritaet-ka.de\/wp-content\/uploads\/2022\/09\/Wohnen-fuer-Hilfe-Flyer.pdf\" rel=\"noopener\">Pobierz ulot\u00adk\u0119<\/a><\/strong><\/strong><\/p>\n\n<hr class=\"wp-block-separator has-alpha-channel-opacity\">\n\n<h3 class=\"wp-block-heading\">Dla\u00adcze\u00adgo war\u00adto do\u0142\u0105czy\u0107?<\/h3>\n\n<p>\u201c\u017bycie za pomoc\u201d promuje:<\/p>\n\n<ul class=\"wp-block-list\">\n<li>wi\u0119\u00adcej przy\u00adst\u0119p\u00adnych ceno\u00adwo opcji mieszkaniowych<\/li>\n\n\n\n<li>lep\u00adsze wyko\u00adrzy\u00adsta\u00adnie dost\u0119p\u00adnej prze\u00adstrze\u00adni \u017cyciowej<\/li>\n\n\n\n<li>wi\u0119\u00adzi spo\u00ad\u0142ecz\u00adne i wza\u00adjem\u00adne wsparcie<\/li>\n<\/ul>\n\n<p>Pro\u00adjekt jest pro\u00adwa\u00addzo\u00adny przez <strong>Pari\u00adt\u00e4ti\u00adsche Sozial\u00addien\u00adste Karls\u00adru\u00adhe<\/strong> we wsp\u00f3\u0142\u00adpra\u00adcy ze <strong>Stu\u00addie\u00adren\u00adden\u00adwerk Karls\u00adru\u00adhe<\/strong>, pod patro\u00adna\u00adtem bur\u00admi\u00adstrza Karlsruhe.<\/p>\n\n<hr class=\"wp-block-separator has-alpha-channel-opacity\">\n\n<h3 class=\"wp-block-heading\">Krok po&nbsp;kroku<\/h3>\n\n<ol class=\"wp-block-list\">\n<li>Apli\u00adkuj jako <strong>dostaw\u00adca<\/strong> lub <strong>oso\u00adba poszukuj\u0105ca<\/strong><\/li>\n\n\n\n<li>We\u017a udzia\u0142 w <strong>oso\u00adbi\u00adstej konsultacji<\/strong><\/li>\n\n\n\n<li>Otrzy\u00adma\u00adnie <strong>pro\u00adpo\u00adzy\u00adcji dopasowania<\/strong><\/li>\n\n\n\n<li>Pod\u00adpi\u00adsa\u0107 <strong>umo\u00adw\u0119<\/strong><\/li>\n\n\n\n<li>Roz\u00adpocz\u00adnij <strong>wsp\u00f3\u0142\u00addzie\u00adle\u00adnie mieszkania<\/strong><\/li>\n<\/ol>\n\n<hr class=\"wp-block-separator has-alpha-channel-opacity\">\n\n<p>W ca\u0142ym pro\u00adce\u00adsie wspie\u00adra\u00adj\u0105 Ci\u0119 koor\u00addy\u00adna\u00adto\u00adrzy pro\u00adjek\u00adtu, kt\u00f3\u00adrzy pro\u00adwa\u00addz\u0105 i dora\u00addza\u00adj\u0105 obu stronom.<\/p>\n\n<hr class=\"wp-block-separator has-alpha-channel-opacity\">\n\n<p>Je\u015bli jeste\u015b zain\u00adte\u00adre\u00adso\u00adwa\u00adny <strong>nie\u00addro\u00adgi\u00admi miesz\u00adka\u00adnia\u00admi i zna\u00adcz\u0105\u00adc\u0105 wymia\u00adn\u0105<\/strong>, \u201cLiving for Help\u201d mo\u017ce by\u0107 dla Cie\u00adbie odpo\u00adwied\u00adni\u0105 okazj\u0105&nbsp;\ud83c\udf31<\/p>\n","protected":false},"author":12,"featured_media":121153,"template":"","class_list":["post-121154","event","type-event","status-publish","has-post-thumbnail","hentry","event_category-zakwaterowanie"],"acf":{"event-recurring":true,"event-category":265,"event-is-language-course":false,"event-recurring-still-active":true,"event-display-details":true,"event-schedules-recurring":[{"event-recurring-week-day":false,"event-recurring-time":"","event-recurring-time-text":""},{"event-recurring-week-day":"2","event-recurring-time":"","event-recurring-time-text":"08:00 - 15:00 | Dost\u0119pno\u015b\u0107 telefoniczna"}],"event-schedules-calendar":null,"event-is-online":false,"event-online-url":"","event-location-building":"Parit\u00e4tische Sozialdienste ","event-location-street":"Kanalweg 40\/42","event-location-zip":"76149 ","event-location-city":"Karlsruhe","event-location-contact-person":"Maike Sommer, Panajoti Ko\u00e7a & Tanja Henkenhaf","event-location-phone":"0721 91230-70","event-location-phone-2":"","event-location-mail":"wohnen@paritaet-ka.de","event-location-mail-2":"","event-location-website":"https:\/\/www.paritaet-ka.de\/fuer-seniorinnen\/wohnen-fuer-hilfe-wohnpartnerschaften\/","event-target-group":null,"event-target-group-comment":"  wszystkie osoby poszukuj\u0105ce mieszkania w Karlsruhe","event-free":false,"event-organiser":[121068,6782],"event-header-copyright-overlay":true,"event-copyright-note-description-end":false},"featured_image_urls_v2":{"full":["https:\/\/www.anika-net.de\/wp-content\/uploads\/2026\/04\/Paritten_Karlsruhe.png",1500,474,false],"thumbnail":["https:\/\/www.anika-net.de\/wp-content\/uploads\/2026\/04\/Paritten_Karlsruhe-150x150.png",150,150,true],"medium":["https:\/\/www.anika-net.de\/wp-content\/uploads\/2026\/04\/Paritten_Karlsruhe-300x95.png",300,95,true],"medium_large":["https:\/\/www.anika-net.de\/wp-content\/uploads\/2026\/04\/Paritten_Karlsruhe-768x243.png",640,203,true],"large":["https:\/\/www.anika-net.de\/wp-content\/uploads\/2026\/04\/Paritten_Karlsruhe-1024x324.png",640,203,true],"1536x1536":["https:\/\/www.anika-net.de\/wp-content\/uploads\/2026\/04\/Paritten_Karlsruhe.png",1500,474,false],"2048x2048":["https:\/\/www.anika-net.de\/wp-content\/uploads\/2026\/04\/Paritten_Karlsruhe.png",1500,474,false],"event-overview":["https:\/\/www.anika-net.de\/wp-content\/uploads\/2026\/04\/Paritten_Karlsruhe-960x474.png",960,474,true],"event-archive-thumb":["https:\/\/www.anika-net.de\/wp-content\/uploads\/2026\/04\/Paritten_Karlsruhe-480x152.png",480,152,true],"grid-item-thumbnail":["https:\/\/www.anika-net.de\/wp-content\/uploads\/2026\/04\/Paritten_Karlsruhe-360x200.png",360,200,true],"network-partner-icon":["https:\/\/www.anika-net.de\/wp-content\/uploads\/2026\/04\/Paritten_Karlsruhe-100x100.png",100,100,true],"organiser-icon":["https:\/\/www.anika-net.de\/wp-content\/uploads\/2026\/04\/Paritten_Karlsruhe-200x200.png",200,200,true],"gform-image-choice-sm":["https:\/\/www.anika-net.de\/wp-content\/uploads\/2026\/04\/Paritten_Karlsruhe.png",300,95,false],"gform-image-choice-md":["https:\/\/www.anika-net.de\/wp-content\/uploads\/2026\/04\/Paritten_Karlsruhe.png",400,126,false],"gform-image-choice-lg":["https:\/\/www.anika-net.de\/wp-content\/uploads\/2026\/04\/Paritten_Karlsruhe.png",600,190,false]},"post_excerpt_stackable_v2":"<p>Model wsp\u00f3l\u00adne\u00adgo \u017cycia opar\u00adty na wspar\u00adciu i spo\u00ad\u0142ecz\u00adno\u00ad\u015bci Szu\u00adkasz nie\u00addro\u00adgie\u00adgo miesz\u00adka\u00adnia w Karls\u00adru\u00adhe? A mo\u017ce masz pok\u00f3j do zaofe\u00adro\u00adwa\u00adnia i potrze\u00adbu\u00adjesz wspar\u00adcia w codzien\u00adnym&nbsp;\u017cyciu?&nbsp; \u201cMiesz\u00adka\u00adnie za pomoc\u201d (Woh\u00adnen f\u00fcr Hil\u00adfe) \u0142\u0105czy ludzi, kt\u00f3\u00adrzy maj\u0105 wol\u00adn\u0105 prze\u00adstrze\u0144 miesz\u00adkal\u00adn\u0105 z tymi, kt\u00f3\u00adrzy szu\u00adka\u00adj\u0105 zakwa\u00adte\u00adro\u00adwa\u00adnia i s\u0105 goto\u00adwi pom\u00f3c w zamian.\u201cLiving for Help\u201d jest teraz otwar\u00adty dla wszyst\u00adkich poszu\u00adku\u00adj\u0105\u00adcych miesz\u00adka\u00adnia w Karls\u00adru\u00adhe, nie tyl\u00adko stu\u00adden\u00adt\u00f3w (np. sta\u00ad\u017cy\u00adst\u00f3w, pro\u00adfe\u00adsjo\u00adna\u00adli\u00adst\u00f3w, eme\u00adry\u00adt\u00f3w).Celem jest zmniej\u00adsze\u00adnie nie\u00addo\u00adbo\u00adr\u00f3w miesz\u00adka\u00adnio\u00adwych, bar\u00addziej efek\u00adtyw\u00adne wyko\u00adrzy\u00adsta\u00adnie prze\u00adstrze\u00adni \u017cycio\u00adwej i wzmoc\u00adnie\u00adnie wi\u0119\u00adzi spo\u00ad\u0142ecz\u00adnych. Koor\u00addy\u00adna\u00adto\u00adrzy pro\u00adjek\u00adtu wspie\u00adra\u00adj\u0105 i pro\u00adwa\u00addz\u0105 uczest\u00adni\u00adk\u00f3w przez ca\u0142y pro\u00adces.&nbsp; Jak to dzia\u00ad\u0142a? Zamiast p\u0142a\u00adci\u0107 czynsz, miesz\u00adka\u0144\u00adcy ofe\u00adru\u00adj\u0105 sw\u00f3j czas i wspar\u00adcie.Og\u00f3l\u00adne\u2026<\/p>\n","category_list_v2":"","author_info_v2":{"name":"Andrea Ramirez","url":"https:\/\/www.anika-net.de\/pl\/author\/andrea-ramirez\/"},"comments_num_v2":"0 comments","uagb_featured_image_src":{"full":["https:\/\/www.anika-net.de\/wp-content\/uploads\/2026\/04\/Paritten_Karlsruhe.png",1500,474,false],"thumbnail":["https:\/\/www.anika-net.de\/wp-content\/uploads\/2026\/04\/Paritten_Karlsruhe-150x150.png",150,150,true],"medium":["https:\/\/www.anika-net.de\/wp-content\/uploads\/2026\/04\/Paritten_Karlsruhe-300x95.png",300,95,true],"medium_large":["https:\/\/www.anika-net.de\/wp-content\/uploads\/2026\/04\/Paritten_Karlsruhe-768x243.png",640,203,true],"large":["https:\/\/www.anika-net.de\/wp-content\/uploads\/2026\/04\/Paritten_Karlsruhe-1024x324.png",640,203,true],"1536x1536":["https:\/\/www.anika-net.de\/wp-content\/uploads\/2026\/04\/Paritten_Karlsruhe.png",1500,474,false],"2048x2048":["https:\/\/www.anika-net.de\/wp-content\/uploads\/2026\/04\/Paritten_Karlsruhe.png",1500,474,false],"event-overview":["https:\/\/www.anika-net.de\/wp-content\/uploads\/2026\/04\/Paritten_Karlsruhe-960x474.png",960,474,true],"event-archive-thumb":["https:\/\/www.anika-net.de\/wp-content\/uploads\/2026\/04\/Paritten_Karlsruhe-480x152.png",480,152,true],"grid-item-thumbnail":["https:\/\/www.anika-net.de\/wp-content\/uploads\/2026\/04\/Paritten_Karlsruhe-360x200.png",360,200,true],"network-partner-icon":["https:\/\/www.anika-net.de\/wp-content\/uploads\/2026\/04\/Paritten_Karlsruhe-100x100.png",100,100,true],"organiser-icon":["https:\/\/www.anika-net.de\/wp-content\/uploads\/2026\/04\/Paritten_Karlsruhe-200x200.png",200,200,true],"gform-image-choice-sm":["https:\/\/www.anika-net.de\/wp-content\/uploads\/2026\/04\/Paritten_Karlsruhe.png",300,95,false],"gform-image-choice-md":["https:\/\/www.anika-net.de\/wp-content\/uploads\/2026\/04\/Paritten_Karlsruhe.png",400,126,false],"gform-image-choice-lg":["https:\/\/www.anika-net.de\/wp-content\/uploads\/2026\/04\/Paritten_Karlsruhe.png",600,190,false]},"uagb_author_info":{"display_name":"Andrea Ramirez","author_link":"https:\/\/www.anika-net.de\/pl\/author\/andrea-ramirez\/"},"uagb_comment_info":0,"uagb_excerpt":"Model wsp\u00f3l\u00adne\u00adgo \u017cycia opar\u00adty na wspar\u00adciu i spo\u0142eczno\u015bci Szu\u00adkasz nie\u00addro\u00adgie\u00adgo miesz\u00adka\u00adnia w Karls\u00adru\u00adhe? A mo\u017ce masz pok\u00f3j do zaofe\u00adro\u00adwa\u00adnia i potrze\u00adbu\u00adjesz wspar\u00adcia w codzien\u00adnym&nbsp;\u017cyciu?&nbsp; \u201cMiesz\u00adka\u00adnie za pomoc\u201d (Woh\u00adnen f\u00fcr Hil\u00adfe)&nbsp;czytaj wi\u0119cej","_links":{"self":[{"href":"https:\/\/www.anika-net.de\/pl\/wp-json\/wp\/v2\/event\/121154","targetHints":{"allow":["GET"]}}],"collection":[{"href":"https:\/\/www.anika-net.de\/pl\/wp-json\/wp\/v2\/event"}],"about":[{"href":"https:\/\/www.anika-net.de\/pl\/wp-json\/wp\/v2\/types\/event"}],"author":[{"embeddable":true,"href":"https:\/\/www.anika-net.de\/pl\/wp-json\/wp\/v2\/users\/12"}],"version-history":[{"count":1,"href":"https:\/\/www.anika-net.de\/pl\/wp-json\/wp\/v2\/event\/121154\/revisions"}],"predecessor-version":[{"id":121156,"href":"https:\/\/www.anika-net.de\/pl\/wp-json\/wp\/v2\/event\/121154\/revisions\/121156"}],"acf:post":[{"embeddable":true,"href":"https:\/\/www.anika-net.de\/pl\/wp-json\/wp\/v2\/organiser\/6782"},{"embeddable":true,"href":"https:\/\/www.anika-net.de\/pl\/wp-json\/wp\/v2\/organiser\/121068"}],"acf:term":[{"embeddable":true,"taxonomy":"event_category","href":"https:\/\/www.anika-net.de\/pl\/wp-json\/wp\/v2\/event_category\/265"}],"wp:featuredmedia":[{"embeddable":true,"href":"https:\/\/www.anika-net.de\/pl\/wp-json\/wp\/v2\/media\/121153"}],"wp:attachment":[{"href":"https:\/\/www.anika-net.de\/pl\/wp-json\/wp\/v2\/media?parent=121154"}],"curies":[{"name":"wp","href":"https:\/\/api.w.org\/{rel}","templated":true}]}}