{"id":120597,"date":"2026-04-13T10:44:33","date_gmt":"2026-04-13T08:44:33","guid":{"rendered":"https:\/\/www.anika-net.de\/event\/dzien-informacyjny-dla-rodzin-informacje-i-porady\/"},"modified":"2026-04-13T10:59:12","modified_gmt":"2026-04-13T08:59:12","slug":"dzien-informacyjny-dla-rodzin-informacje-i-porady","status":"publish","type":"event","link":"https:\/\/www.anika-net.de\/pl\/event\/dzien-informacyjny-dla-rodzin-informacje-i-porady\/","title":{"rendered":"Dzie\u0144 infor\u00adma\u00adcyj\u00adny dla rodzin \u2014 infor\u00adma\u00adcje i porady"},"content":{"rendered":"\n<h3 class=\"wp-block-heading\"><span style=\"color: #3d52a0;\" class=\"stk-highlight\">Infor\u00adma\u00adcje i pora\u00addy doty\u00adcz\u0105\u00adce per\u00adspek\u00adtyw karie\u00adry, pomo\u00adcy finan\u00adso\u00adwej i regio\u00adnal\u00adnych us\u0142ug wsparcia.<\/span><\/h3>\n\n<h1 class=\"wp-block-heading\">Rodzin\u00adny Dzie\u0144 Infor\u00adma\u00adcyj\u00adny orga\u00adni\u00adzo\u00adwa\u00adny przez Cen\u00adtrum Infor\u00adma\u00adcji o Karie\u00adrze (BIZ)<\/h1>\n\n<p>Dzie\u0144 Infor\u00adma\u00adcji Rodzin\u00adnej to wsp\u00f3l\u00adne wyda\u00adrze\u00adnie orga\u00adni\u00adzo\u00adwa\u00adne przez Biu\u00adro \u015awiad\u00adcze\u0144 Rodzin\u00adnych, Urz\u0105d Pra\u00adcy dla Mia\u00adsta i Powia\u00adtu Karls\u00adru\u00adhe oraz Agen\u00adcj\u0119 Zatrudnienia.<\/p>\n\n<p><strong>Dost\u0119p\u00adne s\u0105 nast\u0119\u00adpu\u00adj\u0105\u00adce us\u0142u\u00adgi i tematy:<\/strong><\/p>\n\n<h4 class=\"wp-block-heading\"><span style=\"color: #3d52a0;\" class=\"stk-highlight\"><strong>\u015awiad\u00adcze\u00adnia rodzinne:<\/strong><\/span><\/h4>\n\n<ul class=\"wp-block-list\">\n<li>Zasi\u00ad\u0142ek na dziec\u00adko i doda\u00adtek do zasi\u0142\u00adku na dziecko<\/li>\n\n\n\n<li>Korzy\u00ad\u015bci z urz\u0119\u00addu&nbsp;pracy<\/li>\n\n\n\n<li>Zasi\u0142\u00adki dla bezrobotnych<\/li>\n\n\n\n<li>Edu\u00adka\u00adcja i uczestnictwo<\/li>\n\n\n\n<li>Dota\u00adcje na opie\u00adk\u0119 nad dzie\u0107mi<\/li>\n\n\n\n<li>Doradz\u00adtwo w zakre\u00adsie zad\u0142u\u017cenia<\/li>\n\n\n\n<li>Pen\u00adsjo\u00adnat<\/li>\n<\/ul>\n\n<h4 class=\"wp-block-heading\"><span style=\"color: #3d52a0;\" class=\"stk-highlight\"><strong>Porad\u00adnic\u00adtwo zawo\u00addo\u00adwe i per\u00adspek\u00adty\u00adwy kariery:<\/strong><\/span><\/h4>\n\n<ul class=\"wp-block-list\">\n<li>Powr\u00f3t do&nbsp;pracy<\/li>\n\n\n\n<li>Per\u00adspek\u00adty\u00adwy karie\u00adry i szkolenia<\/li>\n\n\n\n<li>Mo\u017c\u00adli\u00adwo\u00ad\u015bci pra\u00adcy i szko\u00adle\u0144 w naszym regionie<\/li>\n\n\n\n<li>Rodzi\u00adce jako klu\u00adczo\u00adwi part\u00adne\u00adrzy w pro\u00adce\u00adsie wybo\u00adru karie\u00adry zawodowej<\/li>\n\n\n\n<li>Dowiedz si\u0119 wi\u0119\u00adcej o agen\u00adcji zatrud\u00adnie\u00adnia, urz\u0119\u00addach pra\u00adcy i biu\u00adrze \u015bwiad\u00adcze\u0144 rodzin\u00adnych jako pracodawcach<\/li>\n<\/ul>\n\n<h4 class=\"wp-block-heading\"><strong><span style=\"color: #3d52a0;\" class=\"stk-highlight\">Us\u0142u\u00adgi wspar\u00adcia dla rodzin:<\/span><\/strong><\/h4>\n\n<ul class=\"wp-block-list\">\n<li>Opcje opie\u00adki nad dzie\u0107mi<\/li>\n\n\n\n<li>Zaj\u0119\u00adcia rekre\u00adacyj\u00adne dla dzieci<\/li>\n\n\n\n<li>Zdro\u00adwie i edukacja<\/li>\n\n\n\n<li>Doradz\u00adtwo prenatalne<\/li>\n\n\n\n<li>Korzy\u00ad\u015bci z opie\u00adki nad cz\u0142on\u00adka\u00admi rodziny<\/li>\n\n\n\n<li>Wspar\u00adcie dla imigrant\u00f3w<\/li>\n<\/ul>\n\n<h4 class=\"wp-block-heading\"><strong><span style=\"color: #3d52a0;\" class=\"stk-highlight\">Ofer\u00adta&nbsp;us\u0142ug:<\/span><\/strong><\/h4>\n\n<p>Dzi\u0119\u00adki naszym e\u2011us\u0142ugom mo\u017cesz \u0142atwo, szyb\u00adko i bez\u00adpiecz\u00adnie zaspo\u00adko\u00adi\u0107 swo\u00adje potrze\u00adby, w tym ubie\u00adga\u0107 si\u0119 o \u015bwiad\u00adcze\u00adnia, prze\u00adsy\u00ad\u0142a\u0107 doku\u00admen\u00adty lub pla\u00adno\u00adwa\u0107 spo\u00adtka\u00adnia.<br>Poznaj lepiej swo\u00adje kon\u00adto u\u017cyt\u00adkow\u00adni\u00adka i dowiedz si\u0119, jak z nie\u00adgo korzysta\u0107.<\/p>\n\n<h4 class=\"wp-block-heading\"><strong><span style=\"color: #3d52a0;\" class=\"stk-highlight\">Us\u0142u\u00adgi dodatkowe:<\/span><\/strong><\/h4>\n\n<ul class=\"wp-block-list\">\n<li>Prze\u00adgl\u0105d&nbsp;CV<\/li>\n\n\n\n<li>Infor\u00adma\u00adcje na temat 3 eta\u00adp\u00f3w roz\u00admo\u00adwy kwalifikacyjnej.<\/li>\n<\/ul>\n\n<p><strong>Reje\u00adstra\u00adcja:<\/strong> nie jest wyma\u00adga\u00adna<br><strong>Ulot\u00adka Fami\u00adly Info Day: <\/strong><a href=\"https:\/\/www.anika-net.de\/wp-content\/uploads\/2026\/04\/260421_Plakat_Familien-Info-Tag-2026.pdf\">tutaj pobierz<\/a><\/p>\n\n<p><\/p>\n","protected":false},"author":12,"featured_media":39921,"template":"","class_list":["post-120597","event","type-event","status-publish","has-post-thumbnail","hentry","event_category-pomoc-pl"],"acf":{"event-recurring":false,"event-category":185,"event-is-language-course":false,"event-recurring-still-active":true,"event-display-details":true,"event-schedules-recurring":null,"event-schedules-calendar":[{"event-calendar-day":"20260421","event-calendar-time":"09:00 - 12:00","event-calendar-time-text":""}],"event-is-online":false,"event-online-url":"","event-location-building":"BerufsInformationszentrum (Rundbau) der Agentur f\u00fcr Arbeit","event-location-street":"Brauerstr. 10","event-location-zip":"76135 ","event-location-city":"Karlsruhe","event-location-contact-person":"Frau Petri ","event-location-phone":"0721 82 333 44","event-location-phone-2":"","event-location-mail":"karlsruhe-rastatt.bca@arbeitsagentur.de","event-location-mail-2":"","event-location-website":"https:\/\/web.arbeitsagentur.de\/portal\/metasuche\/suche\/veranstaltungen\/10000-2001669913-V","event-target-group":[{"target-group":"families"}],"event-target-group-comment":"","event-free":true,"event-organiser":[34902],"event-header-copyright-overlay":true,"event-copyright-note-description-end":false},"featured_image_urls_v2":{"full":["https:\/\/www.anika-net.de\/wp-content\/uploads\/2023\/06\/family-gd0bc856b7_1280.jpg",1280,860,false],"thumbnail":["https:\/\/www.anika-net.de\/wp-content\/uploads\/2023\/06\/family-gd0bc856b7_1280-150x150.jpg",150,150,true],"medium":["https:\/\/www.anika-net.de\/wp-content\/uploads\/2023\/06\/family-gd0bc856b7_1280-300x202.jpg",300,202,true],"medium_large":["https:\/\/www.anika-net.de\/wp-content\/uploads\/2023\/06\/family-gd0bc856b7_1280-768x516.jpg",640,430,true],"large":["https:\/\/www.anika-net.de\/wp-content\/uploads\/2023\/06\/family-gd0bc856b7_1280-1024x688.jpg",640,430,true],"1536x1536":["https:\/\/www.anika-net.de\/wp-content\/uploads\/2023\/06\/family-gd0bc856b7_1280.jpg",1280,860,false],"2048x2048":["https:\/\/www.anika-net.de\/wp-content\/uploads\/2023\/06\/family-gd0bc856b7_1280.jpg",1280,860,false],"event-overview":["https:\/\/www.anika-net.de\/wp-content\/uploads\/2023\/06\/family-gd0bc856b7_1280-960x640.jpg",960,640,true],"event-archive-thumb":["https:\/\/www.anika-net.de\/wp-content\/uploads\/2023\/06\/family-gd0bc856b7_1280-480x323.jpg",480,323,true],"grid-item-thumbnail":["https:\/\/www.anika-net.de\/wp-content\/uploads\/2023\/06\/family-gd0bc856b7_1280-360x200.jpg",360,200,true],"network-partner-icon":["https:\/\/www.anika-net.de\/wp-content\/uploads\/2023\/06\/family-gd0bc856b7_1280-100x100.jpg",100,100,true],"organiser-icon":["https:\/\/www.anika-net.de\/wp-content\/uploads\/2023\/06\/family-gd0bc856b7_1280-200x200.jpg",200,200,true],"gform-image-choice-sm":["https:\/\/www.anika-net.de\/wp-content\/uploads\/2023\/06\/family-gd0bc856b7_1280.jpg",300,202,false],"gform-image-choice-md":["https:\/\/www.anika-net.de\/wp-content\/uploads\/2023\/06\/family-gd0bc856b7_1280.jpg",400,269,false],"gform-image-choice-lg":["https:\/\/www.anika-net.de\/wp-content\/uploads\/2023\/06\/family-gd0bc856b7_1280.jpg",600,403,false]},"post_excerpt_stackable_v2":"<p>Infor\u00adma\u00adcje i pora\u00addy doty\u00adcz\u0105\u00adce per\u00adspek\u00adtyw karie\u00adry, pomo\u00adcy finan\u00adso\u00adwej i regio\u00adnal\u00adnych us\u0142ug wspar\u00adcia. Rodzin\u00adny Dzie\u0144 Infor\u00adma\u00adcyj\u00adny orga\u00adni\u00adzo\u00adwa\u00adny przez Cen\u00adtrum Infor\u00adma\u00adcji o Karie\u00adrze (BIZ) Dzie\u0144 Infor\u00adma\u00adcji Rodzin\u00adnej to wsp\u00f3l\u00adne wyda\u00adrze\u00adnie orga\u00adni\u00adzo\u00adwa\u00adne przez Biu\u00adro \u015awiad\u00adcze\u0144 Rodzin\u00adnych, Urz\u0105d Pra\u00adcy dla Mia\u00adsta i Powia\u00adtu Karls\u00adru\u00adhe oraz Agen\u00adcj\u0119 Zatrud\u00adnie\u00adnia. Dost\u0119p\u00adne s\u0105 nast\u0119\u00adpu\u00adj\u0105\u00adce us\u0142u\u00adgi i tema\u00adty: \u015awiad\u00adcze\u00adnia rodzin\u00adne: Zasi\u00ad\u0142ek na dziec\u00adko i doda\u00adtek do zasi\u0142\u00adku na dziec\u00adko Korzy\u00ad\u015bci z urz\u0119\u00addu&nbsp;pra\u00adcy Zasi\u0142\u00adki dla bez\u00adro\u00adbot\u00adnych Edu\u00adka\u00adcja i uczest\u00adnic\u00adtwo Dota\u00adcje na opie\u00adk\u0119 nad dzie\u0107\u00admi Doradz\u00adtwo w zakre\u00adsie zad\u0142u\u00ad\u017ce\u00adnia Pen\u00adsjo\u00adnat Porad\u00adnic\u00adtwo zawo\u00addo\u00adwe i per\u00adspek\u00adty\u00adwy karie\u00adry: Powr\u00f3t do&nbsp;pra\u00adcy Per\u00adspek\u00adty\u00adwy karie\u00adry i szko\u00adle\u00adnia Mo\u017c\u00adli\u00adwo\u00ad\u015bci pra\u00adcy i szko\u00adle\u0144 w naszym regio\u00adnie Rodzi\u00adce jako kluczowi\u2026<\/p>\n","category_list_v2":"","author_info_v2":{"name":"Andrea Ramirez","url":"https:\/\/www.anika-net.de\/pl\/author\/andrea-ramirez\/"},"comments_num_v2":"0 comments","uagb_featured_image_src":{"full":["https:\/\/www.anika-net.de\/wp-content\/uploads\/2023\/06\/family-gd0bc856b7_1280.jpg",1280,860,false],"thumbnail":["https:\/\/www.anika-net.de\/wp-content\/uploads\/2023\/06\/family-gd0bc856b7_1280-150x150.jpg",150,150,true],"medium":["https:\/\/www.anika-net.de\/wp-content\/uploads\/2023\/06\/family-gd0bc856b7_1280-300x202.jpg",300,202,true],"medium_large":["https:\/\/www.anika-net.de\/wp-content\/uploads\/2023\/06\/family-gd0bc856b7_1280-768x516.jpg",640,430,true],"large":["https:\/\/www.anika-net.de\/wp-content\/uploads\/2023\/06\/family-gd0bc856b7_1280-1024x688.jpg",640,430,true],"1536x1536":["https:\/\/www.anika-net.de\/wp-content\/uploads\/2023\/06\/family-gd0bc856b7_1280.jpg",1280,860,false],"2048x2048":["https:\/\/www.anika-net.de\/wp-content\/uploads\/2023\/06\/family-gd0bc856b7_1280.jpg",1280,860,false],"event-overview":["https:\/\/www.anika-net.de\/wp-content\/uploads\/2023\/06\/family-gd0bc856b7_1280-960x640.jpg",960,640,true],"event-archive-thumb":["https:\/\/www.anika-net.de\/wp-content\/uploads\/2023\/06\/family-gd0bc856b7_1280-480x323.jpg",480,323,true],"grid-item-thumbnail":["https:\/\/www.anika-net.de\/wp-content\/uploads\/2023\/06\/family-gd0bc856b7_1280-360x200.jpg",360,200,true],"network-partner-icon":["https:\/\/www.anika-net.de\/wp-content\/uploads\/2023\/06\/family-gd0bc856b7_1280-100x100.jpg",100,100,true],"organiser-icon":["https:\/\/www.anika-net.de\/wp-content\/uploads\/2023\/06\/family-gd0bc856b7_1280-200x200.jpg",200,200,true],"gform-image-choice-sm":["https:\/\/www.anika-net.de\/wp-content\/uploads\/2023\/06\/family-gd0bc856b7_1280.jpg",300,202,false],"gform-image-choice-md":["https:\/\/www.anika-net.de\/wp-content\/uploads\/2023\/06\/family-gd0bc856b7_1280.jpg",400,269,false],"gform-image-choice-lg":["https:\/\/www.anika-net.de\/wp-content\/uploads\/2023\/06\/family-gd0bc856b7_1280.jpg",600,403,false]},"uagb_author_info":{"display_name":"Andrea Ramirez","author_link":"https:\/\/www.anika-net.de\/pl\/author\/andrea-ramirez\/"},"uagb_comment_info":0,"uagb_excerpt":"Infor\u00adma\u00adcje i pora\u00addy doty\u00adcz\u0105\u00adce per\u00adspek\u00adtyw karie\u00adry, pomo\u00adcy finan\u00adso\u00adwej i regio\u00adnal\u00adnych us\u0142ug wsparcia. Rodzin\u00adny Dzie\u0144 Infor\u00adma\u00adcyj\u00adny orga\u00adni\u00adzo\u00adwa\u00adny przez Cen\u00adtrum Infor\u00adma\u00adcji o Karie\u00adrze (BIZ) Dzie\u0144 Infor\u00adma\u00adcji Rodzin\u00adnej to wsp\u00f3l\u00adne wyda\u00adrze\u00adnie orga\u00adni\u00adzo\u00adwa\u00adne przez&nbsp;czytaj wi\u0119cej","_links":{"self":[{"href":"https:\/\/www.anika-net.de\/pl\/wp-json\/wp\/v2\/event\/120597","targetHints":{"allow":["GET"]}}],"collection":[{"href":"https:\/\/www.anika-net.de\/pl\/wp-json\/wp\/v2\/event"}],"about":[{"href":"https:\/\/www.anika-net.de\/pl\/wp-json\/wp\/v2\/types\/event"}],"author":[{"embeddable":true,"href":"https:\/\/www.anika-net.de\/pl\/wp-json\/wp\/v2\/users\/12"}],"version-history":[{"count":1,"href":"https:\/\/www.anika-net.de\/pl\/wp-json\/wp\/v2\/event\/120597\/revisions"}],"predecessor-version":[{"id":120598,"href":"https:\/\/www.anika-net.de\/pl\/wp-json\/wp\/v2\/event\/120597\/revisions\/120598"}],"acf:post":[{"embeddable":true,"href":"https:\/\/www.anika-net.de\/pl\/wp-json\/wp\/v2\/organiser\/34902"}],"acf:term":[{"embeddable":true,"taxonomy":"event_category","href":"https:\/\/www.anika-net.de\/pl\/wp-json\/wp\/v2\/event_category\/185"}],"wp:featuredmedia":[{"embeddable":true,"href":"https:\/\/www.anika-net.de\/pl\/wp-json\/wp\/v2\/media\/39921"}],"wp:attachment":[{"href":"https:\/\/www.anika-net.de\/pl\/wp-json\/wp\/v2\/media?parent=120597"}],"curies":[{"name":"wp","href":"https:\/\/api.w.org\/{rel}","templated":true}]}}