{"id":119436,"date":"2026-02-23T12:14:50","date_gmt":"2026-02-23T11:14:50","guid":{"rendered":"https:\/\/www.anika-net.de\/event\/uznawanie-zagranicznych-kwalifikacji-zawodowych-2\/"},"modified":"2026-02-23T12:14:51","modified_gmt":"2026-02-23T11:14:51","slug":"uznawanie-zagranicznych-kwalifikacji-zawodowych-2","status":"publish","type":"event","link":"https:\/\/www.anika-net.de\/pl\/event\/uznawanie-zagranicznych-kwalifikacji-zawodowych-2\/","title":{"rendered":"Uzna\u00adwa\u00adnie zagra\u00adnicz\u00adnych kwa\u00adli\u00adfi\u00adka\u00adcji zawodowych"},"content":{"rendered":"<h3><span style=\"color: #000000;\"><strong>iku\u00adbiz<\/strong><\/span><\/h3>\n<h2><span style=\"color: #008080;\">Uzna\u00adwa\u00adnie zagra\u00adnicz\u00adnych kwa\u00adli\u00adfi\u00adka\u00adcji zawodowych<\/span><\/h2>\n<p>Wie\u00adlu migran\u00adt\u00f3w z zagra\u00adnicz\u00adny\u00admi kwa\u00adli\u00adfi\u00adka\u00adcja\u00admi nie wie, jak mog\u0105 pra\u00adco\u00adwa\u0107 w swo\u00adim zawo\u00addzie, ponie\u00adwa\u017c bra\u00adku\u00adje im infor\u00adma\u00adcji na temat pro\u00adce\u00addu\u00adry uzna\u00adwa\u00adnia kwa\u00adli\u00adfi\u00adka\u00adcji. Nasza us\u0142u\u00adga doradz\u00adtwa w zakre\u00adsie uzna\u00adwa\u00adnia kwa\u00adli\u00adfi\u00adka\u00adcji w iku\u00adbiz ofe\u00adru\u00adje bez\u00adp\u0142at\u00adne pora\u00addy i infor\u00adma\u00adcje na temat pro\u00adce\u00addu\u00adry uzna\u00adwa\u00adnia kwa\u00adli\u00adfi\u00adka\u00adcji.<br>Udzie\u00adla\u00admy porad nie tyl\u00adko w Man\u00adn\u00adhe\u00adim, ale tak\u00ad\u017ce w Heidel\u00adber\u00adgu, <strong>Karls\u00adru\u00adhe<\/strong>, Pforz\u00adhe\u00adim i Mosbach.&nbsp;<\/p>\n<p><span style=\"color: #008080;\"><strong>Nasze us\u0142u\u00adgi dla Ciebie<\/strong><\/span><\/p>\n<ul>\n<li>Dora\u00addza\u00admy w zakre\u00adsie pro\u00adce\u00adsu uzna\u00adwa\u00adnia kwa\u00adli\u00adfi\u00adka\u00adcji. Wyja\u00ad\u015bnia\u00admy pro\u00adce\u00addu\u00adr\u0119 uzna\u00adnia i szu\u00adka\u00admy odpo\u00adwied\u00adnie\u00adgo biu\u00adra uznania.&nbsp;<\/li>\n<li>Ofe\u00adru\u00adje\u00admy pora\u00addy przez e\u2011mail, wideo, tele\u00adfon lub oso\u00adbi\u00ad\u015bcie. Kon\u00adsul\u00adta\u00adcje s\u0105 mo\u017c\u00adli\u00adwe tyl\u00adko po wcze\u00ad\u015bniej\u00adszym um\u00f3\u00adwie\u00adniu. Pro\u00adsi\u00admy o zare\u00adje\u00adstro\u00adwa\u00adnie si\u0119 na kon\u00adsul\u00adta\u00adcj\u0119 za po\u015bred\u00adnic\u00adtwem apli\u00adka\u00adcji inter\u00adne\u00adto\u00adwej. Je\u015bli nie jest to mo\u017c\u00adli\u00adwe, mo\u017cesz r\u00f3w\u00adnie\u017c skon\u00adtak\u00adto\u00adwa\u0107 si\u0119 z nami przez e\u2011mail lub tele\u00adfon. Dane kon\u00adtak\u00adto\u00adwe znaj\u00addu\u00adj\u0105 si\u0119 poni\u017cej.&nbsp;<\/li>\n<li>Do kon\u00adsul\u00adta\u00adcji potrze\u00adbu\u00adje\u00admy (je\u015bli s\u0105 dost\u0119p\u00adne) dyplo\u00admy, listy przed\u00admio\u00adt\u00f3w, refe\u00adren\u00adcje z pra\u00adcy, CV. Je\u015bli posia\u00addasz ju\u017c t\u0142u\u00adma\u00adcze\u00adnia na j\u0119zyk nie\u00admiec\u00adki, mo\u017cesz je prze\u00ads\u0142a\u0107. W prze\u00adciw\u00adnym razie pro\u00adsi\u00admy o nie wyko\u00adny\u00adwa\u00adnie t\u0142u\u00adma\u00adcze\u0144 przed spotkaniem.&nbsp;<\/li>\n<\/ul>\n<p><span style=\"color: #008080;\"><strong>J\u0119zy\u00adki<\/strong><\/span><br>W Karls\u00adru\u00adhe ofe\u00adru\u00adje\u00admy <strong>j\u0119zyk angiel\u00adski, nie\u00admiec\u00adki, hisz\u00adpa\u0144\u00adski i rosyj\u00adski<\/strong>.<\/p>\n\n<div class=\"wp-block-stackable-divider stk-block-divider stk-block stk-e78deea\" data-block-id=\"e78deea\"><hr class=\"stk-block-divider__hr\"><\/div>\n\n<p><strong>Spo\u00adtka\u00adnia wy\u0142\u0105cz\u00adnie po wcze\u00ad\u015bniej\u00adszym uzgodnieniu<\/strong><\/p>\n\n<h3 class=\"wp-block-heading\"><strong>Um\u00f3w si\u0119 <a href=\"https:\/\/www.iq-webapp.de\/anmeldung-bw\" rel=\"noopener\">na spo\u00adtka\u00adnie<\/a><\/strong><br><a href=\"https:\/\/www.iq-webapp.de\/anmeldung-bw\" rel=\"noopener\">https:\/\/www.iq-webapp.de\/anmeldung-bw<\/a><\/h3>\n\n<div class=\"wp-block-stackable-divider stk-block-divider stk-block stk-a7e5fff\" data-block-id=\"a7e5fff\"><hr class=\"stk-block-divider__hr\"><\/div>\n\n<p><strong>Gdzie<\/strong><br><strong>Agen\u00adcja Pra\u00adcy Karls\u00adru\u00adhe-Rastatt, Cen\u00adtrum Infor\u00adma\u00adcji Zawo\u00addo\u00adwej (BiZ)<\/strong><br>Rund\u00adbau Room 110 (1st flo\u00ador)<br>Brau\u00aderstr. 10, 76135 Karlsruhe&nbsp;<\/p>\n\n<p><strong>Mi\u0119\u00addzy\u00adna\u00adro\u00addo\u00adwe Cen\u00adtrum Spo\u00adtka\u0144 (ibz)<\/strong><br>2 pi\u0119\u00adtro, po lewej<br>Kaise\u00adral\u00adlee 12 d, 76133 Karlsruhe<\/p>\n\n<p><strong>Bie\u00ad\u017c\u0105\u00adce informacje<\/strong><\/p>\n\n<blockquote class=\"wp-block-quote is-layout-flow wp-block-quote-is-layout-flow\">\n<p>Ze wzgl\u0119\u00addu na du\u017c\u0105 licz\u00adb\u0119 zapy\u00adta\u0144, mo\u017ce to nie\u00adste\u00adty potrwa\u0107 d\u0142u\u00ad\u017cej.  <strong>czas ocze\u00adki\u00adwa\u00adnia na wizy\u00adt\u0119 wyno\u00adsi ok. 3 mie\u00adsi\u0119\u00adcy <\/strong>  jest dost\u0119pny.<\/p>\n<\/blockquote>\n\n<p><strong><a href=\"https:\/\/www.anika-net.de\/wp-content\/uploads\/2026\/02\/2025_BZ-Flyer-engl_ikubiz_2025-05-15_web.pdf\">\ud83d\udcceFly\u00ader<\/a><\/strong><\/p>\n\n<p><\/p>\n","protected":false},"author":12,"featured_media":119434,"template":"","class_list":["post-119436","event","type-event","status-publish","has-post-thumbnail","hentry","event_category-praca"],"acf":{"event-recurring":true,"event-category":263,"event-is-language-course":false,"event-recurring-still-active":true,"event-display-details":true,"event-schedules-recurring":[{"event-recurring-week-day":"3","event-recurring-time":"","event-recurring-time-text":"10:00 - 16:00 tylko po wcze\u015bniejszym um\u00f3wieniu si\u0119"},{"event-recurring-week-day":false,"event-recurring-time":"","event-recurring-time-text":""}],"event-schedules-calendar":null,"event-is-online":false,"event-online-url":"","event-location-building":"ibz, 2. OG, links","event-location-street":"Kaiserallee 12 d","event-location-zip":"76133","event-location-city":"Karlsruhe","event-location-contact-person":"Fra Ghaderi - Frau Laura Karl","event-location-phone":"0621\/ 400 712 13 (Frau Ghaderi)","event-location-phone-2":"0621\/ 437 731 13 (Frau Karl)","event-location-mail":"anerkennung@ikubiz.de","event-location-mail-2":"","event-location-website":"https:\/\/www.iq-webapp.de\/anmeldung-bw","event-target-group":[{"target-group":"all"}],"event-target-group-comment":"Migranci z zagranicznymi kwalifikacjami zawodowymi i\/lub szkolnymi","event-free":true,"event-organiser":[9310,9375,34902],"event-header-copyright-overlay":true,"event-copyright-note-description-end":false},"featured_image_urls_v2":{"full":["https:\/\/www.anika-net.de\/wp-content\/uploads\/2023\/12\/IQ_RGB_L.jpg",638,164,false],"thumbnail":["https:\/\/www.anika-net.de\/wp-content\/uploads\/2023\/12\/IQ_RGB_L-150x150.jpg",150,150,true],"medium":["https:\/\/www.anika-net.de\/wp-content\/uploads\/2023\/12\/IQ_RGB_L-300x77.jpg",300,77,true],"medium_large":["https:\/\/www.anika-net.de\/wp-content\/uploads\/2023\/12\/IQ_RGB_L.jpg",638,164,false],"large":["https:\/\/www.anika-net.de\/wp-content\/uploads\/2023\/12\/IQ_RGB_L.jpg",638,164,false],"1536x1536":["https:\/\/www.anika-net.de\/wp-content\/uploads\/2023\/12\/IQ_RGB_L.jpg",638,164,false],"2048x2048":["https:\/\/www.anika-net.de\/wp-content\/uploads\/2023\/12\/IQ_RGB_L.jpg",638,164,false],"event-overview":["https:\/\/www.anika-net.de\/wp-content\/uploads\/2023\/12\/IQ_RGB_L.jpg",638,164,false],"event-archive-thumb":["https:\/\/www.anika-net.de\/wp-content\/uploads\/2023\/12\/IQ_RGB_L-480x123.jpg",480,123,true],"grid-item-thumbnail":["https:\/\/www.anika-net.de\/wp-content\/uploads\/2023\/12\/IQ_RGB_L-360x164.jpg",360,164,true],"network-partner-icon":["https:\/\/www.anika-net.de\/wp-content\/uploads\/2023\/12\/IQ_RGB_L-100x100.jpg",100,100,true],"organiser-icon":["https:\/\/www.anika-net.de\/wp-content\/uploads\/2023\/12\/IQ_RGB_L-200x164.jpg",200,164,true],"gform-image-choice-sm":["https:\/\/www.anika-net.de\/wp-content\/uploads\/2023\/12\/IQ_RGB_L.jpg",300,77,false],"gform-image-choice-md":["https:\/\/www.anika-net.de\/wp-content\/uploads\/2023\/12\/IQ_RGB_L.jpg",400,103,false],"gform-image-choice-lg":["https:\/\/www.anika-net.de\/wp-content\/uploads\/2023\/12\/IQ_RGB_L.jpg",600,154,false]},"post_excerpt_stackable_v2":"<p>iku\u00adbiz Uzna\u00adwa\u00adnie zagra\u00adnicz\u00adnych kwa\u00adli\u00adfi\u00adka\u00adcji zawo\u00addo\u00adwych Wie\u00adlu migran\u00adt\u00f3w z zagra\u00adnicz\u00adny\u00admi kwa\u00adli\u00adfi\u00adka\u00adcja\u00admi nie wie, jak mog\u0105 pra\u00adco\u00adwa\u0107 w swo\u00adim zawo\u00addzie, ponie\u00adwa\u017c bra\u00adku\u00adje im infor\u00adma\u00adcji na temat pro\u00adce\u00addu\u00adry uzna\u00adwa\u00adnia kwa\u00adli\u00adfi\u00adka\u00adcji. Nasza us\u0142u\u00adga doradz\u00adtwa w zakre\u00adsie uzna\u00adwa\u00adnia kwa\u00adli\u00adfi\u00adka\u00adcji w iku\u00adbiz ofe\u00adru\u00adje bez\u00adp\u0142at\u00adne pora\u00addy i infor\u00adma\u00adcje na temat pro\u00adce\u00addu\u00adry uzna\u00adwa\u00adnia kwa\u00adli\u00adfi\u00adka\u00adcji.Udzie\u00adla\u00admy porad nie tyl\u00adko w Man\u00adn\u00adhe\u00adim, ale tak\u00ad\u017ce w Heidel\u00adber\u00adgu, Karls\u00adru\u00adhe, Pforz\u00adhe\u00adim i Mos\u00adbach.&nbsp; Nasze us\u0142u\u00adgi dla Cie\u00adbie Dora\u00addza\u00admy w zakre\u00adsie pro\u00adce\u00adsu uzna\u00adwa\u00adnia kwa\u00adli\u00adfi\u00adka\u00adcji. Wyja\u00ad\u015bnia\u00admy pro\u00adce\u00addu\u00adr\u0119 uzna\u00adnia i szu\u00adka\u00admy odpo\u00adwied\u00adnie\u00adgo biu\u00adra uzna\u00adnia.&nbsp; Ofe\u00adru\u00adje\u00admy pora\u00addy przez e\u2011mail, wideo, tele\u00adfon lub oso\u00adbi\u00ad\u015bcie. Kon\u00adsul\u00adta\u00adcje s\u0105 mo\u017c\u00adli\u00adwe tyl\u00adko po wcze\u00ad\u015bniej\u00adszym um\u00f3\u00adwie\u00adniu. Pro\u00adsi\u00admy o zare\u00adje\u00adstro\u00adwa\u00adnie si\u0119 na kon\u00adsul\u00adta\u00adcj\u0119 za po\u015brednictwem\u2026<\/p>\n","category_list_v2":"","author_info_v2":{"name":"Andrea Ramirez","url":"https:\/\/www.anika-net.de\/pl\/author\/andrea-ramirez\/"},"comments_num_v2":"0 comments","uagb_featured_image_src":{"full":["https:\/\/www.anika-net.de\/wp-content\/uploads\/2023\/12\/IQ_RGB_L.jpg",638,164,false],"thumbnail":["https:\/\/www.anika-net.de\/wp-content\/uploads\/2023\/12\/IQ_RGB_L-150x150.jpg",150,150,true],"medium":["https:\/\/www.anika-net.de\/wp-content\/uploads\/2023\/12\/IQ_RGB_L-300x77.jpg",300,77,true],"medium_large":["https:\/\/www.anika-net.de\/wp-content\/uploads\/2023\/12\/IQ_RGB_L.jpg",638,164,false],"large":["https:\/\/www.anika-net.de\/wp-content\/uploads\/2023\/12\/IQ_RGB_L.jpg",638,164,false],"1536x1536":["https:\/\/www.anika-net.de\/wp-content\/uploads\/2023\/12\/IQ_RGB_L.jpg",638,164,false],"2048x2048":["https:\/\/www.anika-net.de\/wp-content\/uploads\/2023\/12\/IQ_RGB_L.jpg",638,164,false],"event-overview":["https:\/\/www.anika-net.de\/wp-content\/uploads\/2023\/12\/IQ_RGB_L.jpg",638,164,false],"event-archive-thumb":["https:\/\/www.anika-net.de\/wp-content\/uploads\/2023\/12\/IQ_RGB_L-480x123.jpg",480,123,true],"grid-item-thumbnail":["https:\/\/www.anika-net.de\/wp-content\/uploads\/2023\/12\/IQ_RGB_L-360x164.jpg",360,164,true],"network-partner-icon":["https:\/\/www.anika-net.de\/wp-content\/uploads\/2023\/12\/IQ_RGB_L-100x100.jpg",100,100,true],"organiser-icon":["https:\/\/www.anika-net.de\/wp-content\/uploads\/2023\/12\/IQ_RGB_L-200x164.jpg",200,164,true],"gform-image-choice-sm":["https:\/\/www.anika-net.de\/wp-content\/uploads\/2023\/12\/IQ_RGB_L.jpg",300,77,false],"gform-image-choice-md":["https:\/\/www.anika-net.de\/wp-content\/uploads\/2023\/12\/IQ_RGB_L.jpg",400,103,false],"gform-image-choice-lg":["https:\/\/www.anika-net.de\/wp-content\/uploads\/2023\/12\/IQ_RGB_L.jpg",600,154,false]},"uagb_author_info":{"display_name":"Andrea Ramirez","author_link":"https:\/\/www.anika-net.de\/pl\/author\/andrea-ramirez\/"},"uagb_comment_info":0,"uagb_excerpt":"iku\u00adbiz Uzna\u00adwa\u00adnie zagra\u00adnicz\u00adnych kwa\u00adli\u00adfi\u00adka\u00adcji zawodowych Wie\u00adlu migran\u00adt\u00f3w z zagra\u00adnicz\u00adny\u00admi kwa\u00adli\u00adfi\u00adka\u00adcja\u00admi nie wie, jak mog\u0105 pra\u00adco\u00adwa\u0107 w swo\u00adim zawo\u00addzie, ponie\u00adwa\u017c bra\u00adku\u00adje im infor\u00adma\u00adcji na temat pro\u00adce\u00addu\u00adry uzna\u00adwa\u00adnia kwa\u00adli\u00adfi\u00adka\u00adcji. Nasza us\u0142u\u00adga doradz\u00adtwa&nbsp;czytaj wi\u0119cej","_links":{"self":[{"href":"https:\/\/www.anika-net.de\/pl\/wp-json\/wp\/v2\/event\/119436","targetHints":{"allow":["GET"]}}],"collection":[{"href":"https:\/\/www.anika-net.de\/pl\/wp-json\/wp\/v2\/event"}],"about":[{"href":"https:\/\/www.anika-net.de\/pl\/wp-json\/wp\/v2\/types\/event"}],"author":[{"embeddable":true,"href":"https:\/\/www.anika-net.de\/pl\/wp-json\/wp\/v2\/users\/12"}],"version-history":[{"count":1,"href":"https:\/\/www.anika-net.de\/pl\/wp-json\/wp\/v2\/event\/119436\/revisions"}],"predecessor-version":[{"id":119437,"href":"https:\/\/www.anika-net.de\/pl\/wp-json\/wp\/v2\/event\/119436\/revisions\/119437"}],"acf:post":[{"embeddable":true,"href":"https:\/\/www.anika-net.de\/pl\/wp-json\/wp\/v2\/organiser\/34902"},{"embeddable":true,"href":"https:\/\/www.anika-net.de\/pl\/wp-json\/wp\/v2\/organiser\/9375"},{"embeddable":true,"href":"https:\/\/www.anika-net.de\/pl\/wp-json\/wp\/v2\/organiser\/9310"}],"acf:term":[{"embeddable":true,"taxonomy":"event_category","href":"https:\/\/www.anika-net.de\/pl\/wp-json\/wp\/v2\/event_category\/263"}],"wp:featuredmedia":[{"embeddable":true,"href":"https:\/\/www.anika-net.de\/pl\/wp-json\/wp\/v2\/media\/119434"}],"wp:attachment":[{"href":"https:\/\/www.anika-net.de\/pl\/wp-json\/wp\/v2\/media?parent=119436"}],"curies":[{"name":"wp","href":"https:\/\/api.w.org\/{rel}","templated":true}]}}