{"id":118472,"date":"2026-01-28T19:08:06","date_gmt":"2026-01-28T18:08:06","guid":{"rendered":"https:\/\/www.anika-net.de\/event\/kawiarenka-jezykowa-dla-kobiet-z-doswiadczeniem-migracyjnym\/"},"modified":"2026-01-28T19:08:08","modified_gmt":"2026-01-28T18:08:08","slug":"kawiarenka-jezykowa-dla-kobiet-z-doswiadczeniem-migracyjnym","status":"publish","type":"event","link":"https:\/\/www.anika-net.de\/pl\/event\/kawiarenka-jezykowa-dla-kobiet-z-doswiadczeniem-migracyjnym\/","title":{"rendered":"Kawia\u00adren\u00adka j\u0119zy\u00adko\u00adwa dla kobiet z do\u015bwiad\u00adcze\u00adniem migracyjnym"},"content":{"rendered":"\n<p>W ka\u017c\u00add\u0105 <strong>dru\u00adg\u0105 \u015bro\u00add\u0119 po po\u0142u\u00addniu<\/strong> <em>Freun\u00adde\u00adskre\u00adis Asyl Karls\u00adru\u00adhe e.V.<\/em> orga\u00adni\u00adzu\u00adje <strong>kawiar\u00adni\u0119 j\u0119zy\u00adko\u00adw\u0105 dla kobiet z do\u015bwiad\u00adcze\u00adniem migra\u00adcyj\u00adnym<\/strong>.<br>Udzia\u0142 jest <strong>bez\u00adp\u0142at\u00adny<\/strong>.<\/p>\n\n<p>Czy chcesz:<\/p>\n\n<ul class=\"wp-block-list\">\n<li>\u0107wi\u00adczy\u0107 m\u00f3wie\u00adnie po nie\u00admiec\u00adku, ale bra\u00adku\u00adje ku temu okazji?<\/li>\n\n\n\n<li>m\u00f3wi\u0107 po nie\u00admiec\u00adku w swo\u00adbod\u00adnej atmos\u00adfe\u00adrze, ponie\u00adwa\u017c na kur\u00adsach j\u0119zy\u00adko\u00adwych jest ma\u0142o&nbsp;czasu?<\/li>\n\n\n\n<li>popra\u00adwi\u0107 sw\u00f3j nie\u00admiec\u00adki, nawet je\u015bli nie mo\u017cesz uczest\u00adni\u00adczy\u0107 w (innym) kur\u00adsie j\u0119zykowym?<\/li>\n\n\n\n<li>pozna\u0107 inne kobie\u00adty i nawi\u0105\u00adza\u0107 nowe znajomo\u015bci?<\/li>\n<\/ul>\n\n<p>W takim razie nasza <strong>kawiar\u00adnia j\u0119zy\u00adko\u00adwa<\/strong> jest w\u0142a\u00ad\u015bci\u00adwym miej\u00adscem dla Ciebie&nbsp;\ud83d\udcd5\u2615<\/p>\n\n<p>Kawiar\u00adnia j\u0119zy\u00adko\u00adwa jest otwar\u00adta dla <strong>wszyst\u00adkich kobiet z do\u015bwiad\u00adcze\u00adniem migra\u00adcyj\u00adnym<\/strong>, kt\u00f3\u00adre rozu\u00admie\u00adj\u0105 ju\u017c tro\u00adch\u0119 nie\u00admiec\u00adki i chcia\u00ad\u0142y\u00adby po\u0107wi\u00adczy\u0107 m\u00f3wie\u00adnie \u2014 nie\u00adza\u00adle\u017c\u00adnie od tego, czy uko\u0144\u00adczy\u00ad\u0142y kurs j\u0119zy\u00adko\u00adwy.<br>\ud83d\udc49 <strong>Cer\u00adty\u00adfi\u00adkat j\u0119zy\u00adko\u00adwy nie jest <\/strong>wyma\u00adga\u00adny.<\/p>\n\n<p>Spo\u00adty\u00adka\u00admy si\u0119 w przy\u00adja\u00adznym i nie\u00adfor\u00admal\u00adnym oto\u00adcze\u00adniu, aby wsp\u00f3l\u00adnie wypi\u0107 kaw\u0119, pozna\u0107 si\u0119 i poroz\u00adma\u00adwia\u0107 na codzien\u00adne tema\u00adty.<br>\ud83d\udc49 <strong>Reje\u00adstra\u00adcja nie jest <\/strong>wyma\u00adga\u00adna.<\/p>\n\n<p><\/p>\n","protected":false},"author":12,"featured_media":118471,"template":"","class_list":["post-118472","event","type-event","status-publish","has-post-thumbnail","hentry","event_category-edukacja"],"acf":{"event-recurring":false,"event-category":182,"event-is-language-course":false,"event-recurring-still-active":true,"event-display-details":true,"event-schedules-recurring":null,"event-schedules-calendar":[{"event-calendar-day":"20260204","event-calendar-time":"","event-calendar-time-text":""},{"event-calendar-day":"20260218","event-calendar-time":"","event-calendar-time-text":""},{"event-calendar-day":"20260304","event-calendar-time":"","event-calendar-time-text":""},{"event-calendar-day":"20260318","event-calendar-time":"14:30 - 16:30","event-calendar-time-text":""}],"event-is-online":false,"event-online-url":"","event-location-building":"","event-location-street":"Kronenplatz 1","event-location-zip":"76133","event-location-city":"Karlsruhe","event-location-contact-person":"Yassmin Dawallu-P\u00f6hler \/ Sophie Burkart","event-location-phone":"0176 4229 7070","event-location-phone-2":"0160 147 0188","event-location-mail":"yassmin.dawallu-poehler@fka-ka.de","event-location-mail-2":"sophie.burkart@fka-ka.de","event-location-website":"https:\/\/fka-ka.de\/sprachcafe-fuer-frauen-mit-migrationserfahrung\/","event-target-group":[{"target-group":"women"}],"event-target-group-comment":"","event-free":true,"event-organiser":[6908],"event-header-copyright-overlay":true,"event-copyright-note-description-end":false},"featured_image_urls_v2":{"full":["https:\/\/www.anika-net.de\/wp-content\/uploads\/2026\/01\/sprachcafe.jpg",1082,395,false],"thumbnail":["https:\/\/www.anika-net.de\/wp-content\/uploads\/2026\/01\/sprachcafe-150x150.jpg",150,150,true],"medium":["https:\/\/www.anika-net.de\/wp-content\/uploads\/2026\/01\/sprachcafe-300x110.jpg",300,110,true],"medium_large":["https:\/\/www.anika-net.de\/wp-content\/uploads\/2026\/01\/sprachcafe-768x280.jpg",640,233,true],"large":["https:\/\/www.anika-net.de\/wp-content\/uploads\/2026\/01\/sprachcafe-1024x374.jpg",640,234,true],"1536x1536":["https:\/\/www.anika-net.de\/wp-content\/uploads\/2026\/01\/sprachcafe.jpg",1082,395,false],"2048x2048":["https:\/\/www.anika-net.de\/wp-content\/uploads\/2026\/01\/sprachcafe.jpg",1082,395,false],"event-overview":["https:\/\/www.anika-net.de\/wp-content\/uploads\/2026\/01\/sprachcafe-960x395.jpg",960,395,true],"event-archive-thumb":["https:\/\/www.anika-net.de\/wp-content\/uploads\/2026\/01\/sprachcafe-480x175.jpg",480,175,true],"grid-item-thumbnail":["https:\/\/www.anika-net.de\/wp-content\/uploads\/2026\/01\/sprachcafe-360x200.jpg",360,200,true],"network-partner-icon":["https:\/\/www.anika-net.de\/wp-content\/uploads\/2026\/01\/sprachcafe-100x100.jpg",100,100,true],"organiser-icon":["https:\/\/www.anika-net.de\/wp-content\/uploads\/2026\/01\/sprachcafe-200x200.jpg",200,200,true],"gform-image-choice-sm":["https:\/\/www.anika-net.de\/wp-content\/uploads\/2026\/01\/sprachcafe.jpg",300,110,false],"gform-image-choice-md":["https:\/\/www.anika-net.de\/wp-content\/uploads\/2026\/01\/sprachcafe.jpg",400,146,false],"gform-image-choice-lg":["https:\/\/www.anika-net.de\/wp-content\/uploads\/2026\/01\/sprachcafe.jpg",600,219,false]},"post_excerpt_stackable_v2":"<p>W ka\u017c\u00add\u0105 dru\u00adg\u0105 \u015bro\u00add\u0119 po po\u0142u\u00addniu Freun\u00adde\u00adskre\u00adis Asyl Karls\u00adru\u00adhe e.V. orga\u00adni\u00adzu\u00adje kawiar\u00adni\u0119 j\u0119zy\u00adko\u00adw\u0105 dla kobiet z do\u015bwiad\u00adcze\u00adniem migra\u00adcyj\u00adnym.Udzia\u0142 jest bez\u00adp\u0142at\u00adny. Czy chcesz: \u0107wi\u00adczy\u0107 m\u00f3wie\u00adnie po nie\u00admiec\u00adku, ale bra\u00adku\u00adje ku temu oka\u00adzji? m\u00f3wi\u0107 po nie\u00admiec\u00adku w swo\u00adbod\u00adnej atmos\u00adfe\u00adrze, ponie\u00adwa\u017c na kur\u00adsach j\u0119zy\u00adko\u00adwych jest ma\u0142o&nbsp;cza\u00adsu? popra\u00adwi\u0107 sw\u00f3j nie\u00admiec\u00adki, nawet je\u015bli nie mo\u017cesz uczest\u00adni\u00adczy\u0107 w (innym) kur\u00adsie j\u0119zy\u00adko\u00adwym? pozna\u0107 inne kobie\u00adty i nawi\u0105\u00adza\u0107 nowe zna\u00adjo\u00admo\u00ad\u015bci? W takim razie nasza kawiar\u00adnia j\u0119zy\u00adko\u00adwa jest w\u0142a\u00ad\u015bci\u00adwym miej\u00adscem dla Cie\u00adbie&nbsp;\ud83d\udcd5\u2615 Kawiar\u00adnia j\u0119zy\u00adko\u00adwa jest otwar\u00adta dla wszyst\u00adkich kobiet z do\u015bwiad\u00adcze\u00adniem migra\u00adcyj\u00adnym, kt\u00f3\u00adre rozu\u00admie\u00adj\u0105 ju\u017c tro\u00adch\u0119 nie\u00admiec\u00adki i chcia\u00ad\u0142y\u00adby po\u0107wi\u00adczy\u0107 m\u00f3wie\u00adnie \u2014 nie\u00adza\u00adle\u017c\u00adnie od tego, czy uko\u0144\u00adczy\u00ad\u0142y kurs j\u0119zykowy.\ud83d\udc49\u2026<\/p>\n","category_list_v2":"","author_info_v2":{"name":"Andrea Ramirez","url":"https:\/\/www.anika-net.de\/pl\/author\/andrea-ramirez\/"},"comments_num_v2":"0 comments","uagb_featured_image_src":{"full":["https:\/\/www.anika-net.de\/wp-content\/uploads\/2026\/01\/sprachcafe.jpg",1082,395,false],"thumbnail":["https:\/\/www.anika-net.de\/wp-content\/uploads\/2026\/01\/sprachcafe-150x150.jpg",150,150,true],"medium":["https:\/\/www.anika-net.de\/wp-content\/uploads\/2026\/01\/sprachcafe-300x110.jpg",300,110,true],"medium_large":["https:\/\/www.anika-net.de\/wp-content\/uploads\/2026\/01\/sprachcafe-768x280.jpg",640,233,true],"large":["https:\/\/www.anika-net.de\/wp-content\/uploads\/2026\/01\/sprachcafe-1024x374.jpg",640,234,true],"1536x1536":["https:\/\/www.anika-net.de\/wp-content\/uploads\/2026\/01\/sprachcafe.jpg",1082,395,false],"2048x2048":["https:\/\/www.anika-net.de\/wp-content\/uploads\/2026\/01\/sprachcafe.jpg",1082,395,false],"event-overview":["https:\/\/www.anika-net.de\/wp-content\/uploads\/2026\/01\/sprachcafe-960x395.jpg",960,395,true],"event-archive-thumb":["https:\/\/www.anika-net.de\/wp-content\/uploads\/2026\/01\/sprachcafe-480x175.jpg",480,175,true],"grid-item-thumbnail":["https:\/\/www.anika-net.de\/wp-content\/uploads\/2026\/01\/sprachcafe-360x200.jpg",360,200,true],"network-partner-icon":["https:\/\/www.anika-net.de\/wp-content\/uploads\/2026\/01\/sprachcafe-100x100.jpg",100,100,true],"organiser-icon":["https:\/\/www.anika-net.de\/wp-content\/uploads\/2026\/01\/sprachcafe-200x200.jpg",200,200,true],"gform-image-choice-sm":["https:\/\/www.anika-net.de\/wp-content\/uploads\/2026\/01\/sprachcafe.jpg",300,110,false],"gform-image-choice-md":["https:\/\/www.anika-net.de\/wp-content\/uploads\/2026\/01\/sprachcafe.jpg",400,146,false],"gform-image-choice-lg":["https:\/\/www.anika-net.de\/wp-content\/uploads\/2026\/01\/sprachcafe.jpg",600,219,false]},"uagb_author_info":{"display_name":"Andrea Ramirez","author_link":"https:\/\/www.anika-net.de\/pl\/author\/andrea-ramirez\/"},"uagb_comment_info":0,"uagb_excerpt":"W ka\u017c\u00add\u0105 dru\u00adg\u0105 \u015bro\u00add\u0119 po po\u0142u\u00addniu Freun\u00adde\u00adskre\u00adis Asyl Karls\u00adru\u00adhe e.V. orga\u00adni\u00adzu\u00adje kawiar\u00adni\u0119 j\u0119zy\u00adko\u00adw\u0105 dla kobiet z do\u015bwiad\u00adcze\u00adniem migra\u00adcyj\u00adnym.Udzia\u0142 jest bez\u00adp\u0142at\u00adny. Czy chcesz: W takim razie nasza kawiar\u00adnia j\u0119zy\u00adko\u00adwa jest w\u0142a\u00ad\u015bci\u00adwym&nbsp;czytaj wi\u0119cej","_links":{"self":[{"href":"https:\/\/www.anika-net.de\/pl\/wp-json\/wp\/v2\/event\/118472","targetHints":{"allow":["GET"]}}],"collection":[{"href":"https:\/\/www.anika-net.de\/pl\/wp-json\/wp\/v2\/event"}],"about":[{"href":"https:\/\/www.anika-net.de\/pl\/wp-json\/wp\/v2\/types\/event"}],"author":[{"embeddable":true,"href":"https:\/\/www.anika-net.de\/pl\/wp-json\/wp\/v2\/users\/12"}],"version-history":[{"count":1,"href":"https:\/\/www.anika-net.de\/pl\/wp-json\/wp\/v2\/event\/118472\/revisions"}],"predecessor-version":[{"id":118473,"href":"https:\/\/www.anika-net.de\/pl\/wp-json\/wp\/v2\/event\/118472\/revisions\/118473"}],"acf:post":[{"embeddable":true,"href":"https:\/\/www.anika-net.de\/pl\/wp-json\/wp\/v2\/organiser\/6908"}],"acf:term":[{"embeddable":true,"taxonomy":"event_category","href":"https:\/\/www.anika-net.de\/pl\/wp-json\/wp\/v2\/event_category\/182"}],"wp:featuredmedia":[{"embeddable":true,"href":"https:\/\/www.anika-net.de\/pl\/wp-json\/wp\/v2\/media\/118471"}],"wp:attachment":[{"href":"https:\/\/www.anika-net.de\/pl\/wp-json\/wp\/v2\/media?parent=118472"}],"curies":[{"name":"wp","href":"https:\/\/api.w.org\/{rel}","templated":true}]}}