{"id":118321,"date":"2026-01-28T11:31:09","date_gmt":"2026-01-28T10:31:09","guid":{"rendered":"https:\/\/www.anika-net.de\/event\/moja-kolej-kobiety-i-praca\/"},"modified":"2026-01-28T11:31:11","modified_gmt":"2026-01-28T10:31:11","slug":"moja-kolej-kobiety-i-praca","status":"publish","type":"event","link":"https:\/\/www.anika-net.de\/pl\/event\/moja-kolej-kobiety-i-praca\/","title":{"rendered":"Moja kolej \u2014 kobie\u00adty i&nbsp;praca"},"content":{"rendered":"\n<h2 class=\"wp-block-heading\">Wspar\u00adcie karie\u00adry dla migran\u00adtek w Karlsruhe<\/h2>\n\n<p><strong>My Turn \u2014 Women and Work<\/strong> to pro\u00adgram wspar\u00adcia karie\u00adry dla migran\u00adtek z Karls\u00adru\u00adhe i oko\u00adlic, kt\u00f3\u00adre chc\u0105 (ponow\u00adnie) wej\u015b\u0107 na rynek pra\u00adcy w Niemczech.<\/p>\n\n<p>Czy jeste\u015b kobie\u00adt\u0105, kt\u00f3\u00adra uro\u00addzi\u00ad\u0142a si\u0119 w innym kra\u00adju i przy\u00adje\u00adcha\u00ad\u0142a do Nie\u00admiec?<br>Czy chcia\u0142\u00adby\u015b uzy\u00adska\u0107 pro\u00adfe\u00adsjo\u00adnal\u00adne wska\u00adz\u00f3w\u00adki i d\u0142u\u00adgo\u00adter\u00admi\u00adno\u00adwe wspar\u00adcie w budo\u00adwa\u00adniu swo\u00adjej kariery?<\/p>\n\n<p>Mo\u017cesz chcie\u0107:<\/p>\n\n<ul class=\"wp-block-list\">\n<li>popra\u00adwi\u0107 swo\u00adje umie\u00adj\u0119t\u00adno\u00ad\u015bci j\u0119zykowe<\/li>\n\n\n\n<li>roz\u00adpo\u00adcz\u0105\u0107 szko\u00adle\u00adnie zawo\u00addo\u00adwe lub dal\u00adsz\u0105 edukacj\u0119<\/li>\n\n\n\n<li>zna\u00adle\u017a\u0107 pra\u00adc\u0119, kt\u00f3\u00adra odpo\u00adwia\u00adda Two\u00adim umie\u00adj\u0119t\u00adno\u00ad\u015bciom i zainteresowaniom<\/li>\n\n\n\n<li>Zara\u00adbia\u0107 na w\u0142a\u00adsny rachu\u00adnek, zacho\u00adwu\u00adj\u0105c r\u00f3w\u00adno\u00adwa\u00adg\u0119 mi\u0119\u00addzy pra\u00adc\u0105 a \u017cyciem rodzinnym<\/li>\n<\/ul>\n\n<p>Wspie\u00adra\u00admy migrant\u00adki w zakresie:<\/p>\n\n<ul class=\"wp-block-list\">\n<li>uzna\u00adwa\u00adnie zagra\u00adnicz\u00adnych cer\u00adty\u00adfi\u00adka\u00adt\u00f3w i kwalifikacji<\/li>\n\n\n\n<li>Zna\u00adle\u00adzie\u00adnie odpo\u00adwied\u00adnie\u00adgo kur\u00adsu j\u0119zy\u00adka niemieckiego<\/li>\n\n\n\n<li>okre\u00ad\u015ble\u00adnie odpo\u00adwied\u00adnie\u00adgo zawo\u00addu lub szko\u00adle\u00adnia zawodowego<\/li>\n\n\n\n<li>pisa\u00adnie CV i poda\u0144 o&nbsp;prac\u0119<\/li>\n\n\n\n<li>R\u00f3w\u00adno\u00adwa\u00ad\u017ce\u00adnie obo\u00adwi\u0105z\u00adk\u00f3w rodzin\u00adnych i \u017cycia zawodowego<\/li>\n<\/ul>\n\n<h3 class=\"wp-block-heading\">Co ofe\u00adru\u00adje\u00admy  <\/h3>\n\n<ul class=\"wp-block-list\">\n<li>oso\u00adbi\u00adsta oso\u00adba kon\u00adtak\u00adto\u00adwa p\u0142ci \u017ce\u0144skiej<\/li>\n\n\n\n<li>regu\u00adlar\u00adne sesje doradz\u00adtwa indywidualnego<\/li>\n\n\n\n<li>warsz\u00adta\u00adty gru\u00adpo\u00adwe na tema\u00adty zwi\u0105\u00adza\u00adne z karier\u0105<\/li>\n\n\n\n<li>d\u0142u\u00adgo\u00adter\u00admi\u00adno\u00adwe wspar\u00adcie do <strong>grud\u00adnia 2028<\/strong> r.<\/li>\n\n\n\n<li>trwa\u00ad\u0142a inte\u00adgra\u00adcja z ryn\u00adkiem&nbsp;pracy<\/li>\n\n\n\n<li>skie\u00adro\u00adwa\u00adnia do dodat\u00adko\u00adwych us\u0142ug wspar\u00adcia \u015bwiad\u00adczo\u00adnych przez FKA, takich jak kur\u00adsy j\u0119zy\u00adko\u00adwe, tera\u00adpia dla uchod\u017a\u00adc\u00f3w i spe\u00adcja\u00adli\u00adstycz\u00adne doradztwo<\/li>\n<\/ul>\n\n<h3 class=\"wp-block-heading\">Dla kogo prze\u00adzna\u00adczo\u00adny jest pro\u00adjekt My&nbsp;Turn?<\/h3>\n\n<p>Pro\u00adjekt <strong>My Turn \u2014 Women and Work<\/strong> skie\u00adro\u00adwa\u00adny jest do migran\u00adtek z Karls\u00adru\u00adhe i oko\u00adlic, kt\u00f3\u00adre chc\u0105 pod\u00adj\u0105\u0107 lub ponow\u00adnie pod\u00adj\u0105\u0107 zatrudnienie.<\/p>\n\n<p>Finan\u00adso\u00adwa\u00adny z <strong>pro\u00adgra\u00admu EFS Plus \u201cMY TURN \u2014 Women with Migra\u00adtion Expe\u00adrien\u00adce Get Star\u00adted\u201d<\/strong> pro\u00adjekt wspie\u00adra kobie\u00adty w roz\u00adwi\u00adja\u00adniu przy\u00adsz\u0142o\u00ad\u015bci zawo\u00addo\u00adwej w opar\u00adciu o ich indy\u00adwi\u00addu\u00adal\u00adne moc\u00adne stro\u00adny, umie\u00adj\u0119t\u00adno\u00ad\u015bci i&nbsp;cele.<\/p>\n\n<p>Nasza gru\u00adpa doce\u00adlo\u00adwa obej\u00admu\u00adje w szcze\u00adg\u00f3l\u00adno\u00ad\u015bci nowo przy\u00adby\u00ad\u0142e kobie\u00adty,&nbsp;kt\u00f3re:<\/p>\n\n<ul class=\"wp-block-list\">\n<li>posia\u00adda\u0107 bez\u00adpiecz\u00adny sta\u00adtus pobytu<\/li>\n\n\n\n<li>posia\u00adda\u0107 wystar\u00adcza\u00adj\u0105\u00adc\u0105 zna\u00adjo\u00admo\u015b\u0107 j\u0119zy\u00adka niemieckiego<\/li>\n\n\n\n<li>nie posia\u00adda\u00adj\u0105 jesz\u00adcze uzna\u00adnych kwa\u00adli\u00adfi\u00adka\u00adcji zawo\u00addo\u00adwych w Niemczech<\/li>\n\n\n\n<li>lub nie byli zatrud\u00adnie\u00adni przez co naj\u00admniej czte\u00adry&nbsp;lata<\/li>\n<\/ul>\n\n<p>Poprzez indy\u00adwi\u00addu\u00adal\u00adne doradz\u00adtwo i warsz\u00adta\u00adty gru\u00adpo\u00adwe pro\u00admu\u00adje\u00admy <strong>d\u0142u\u00adgo\u00adter\u00admi\u00adno\u00adw\u0105 inte\u00adgra\u00adcj\u0119 z nie\u00admiec\u00adkim ryn\u00adkiem pra\u00adcy<\/strong>.<\/p>\n\n<h3 class=\"wp-block-heading\">Porad\u00adnic\u00adtwo dla migru\u00adj\u0105\u00adcych kobiet<\/h3>\n\n<p>Mo\u017c\u00adli\u00adwe tema\u00adty porad i warsz\u00adta\u00adt\u00f3w obejmuj\u0105:<\/p>\n\n<ul class=\"wp-block-list\">\n<li>zna\u00adle\u00adzie\u00adnie zaawan\u00adso\u00adwa\u00adnych kur\u00ads\u00f3w j\u0119zykowych<\/li>\n\n\n\n<li>Pisa\u00adnie CV i poda\u0144 o&nbsp;prac\u0119<\/li>\n\n\n\n<li>doradz\u00adtwo w zakre\u00adsie r\u00f3w\u00adno\u00adwa\u00adgi mi\u0119\u00addzy pra\u00adc\u0105 a rodzin\u0105<\/li>\n\n\n\n<li>warsz\u00adta\u00adty wzmac\u00adnia\u00adj\u0105\u00adce i budu\u00adj\u0105\u00adce pew\u00adno\u015b\u0107 siebie<\/li>\n\n\n\n<li>sta\u017c<\/li>\n\n\n\n<li>uzna\u00adwa\u00adnie zagra\u00adnicz\u00adnych kwalifikacji<\/li>\n\n\n\n<li>infor\u00adma\u00adcje o mo\u017c\u00adli\u00adwo\u00ad\u015bciach karie\u00adry i szkole\u0144<\/li>\n\n\n\n<li>ana\u00adli\u00adza umie\u00adj\u0119t\u00adno\u00ad\u015bci i potencja\u0142u<\/li>\n\n\n\n<li>szko\u00adle\u00adnie w zakre\u00adsie ubie\u00adga\u00adnia si\u0119 o&nbsp;prac\u0119<\/li>\n<\/ul>\n\n<h3 class=\"wp-block-heading\">Warsz\u00adta\u00adty: Pisa\u00adnie CV i poda\u0144 o&nbsp;prac\u0119<\/h3>\n\n<p>Obec\u00adnie <strong>co mie\u00adsi\u0105c ofe\u00adru\u00adje\u00admy kil\u00adku\u00addnio\u00adwe warsz\u00adta\u00adty<\/strong> na temat <strong>pisa\u00adnia CV i poda\u0144 o pra\u00adc\u0119<\/strong>.<br>Uczest\u00adnic\u00adtwo jest mo\u017c\u00adli\u00adwe <strong>nie\u00adza\u00adle\u017c\u00adnie od indy\u00adwi\u00addu\u00adal\u00adne\u00adgo doradz\u00adtwa<\/strong>.<\/p>\n\n<p><strong>Skon\u00adtak\u00adtuj si\u0119 z nami, aby uzy\u00adska\u0107 wi\u0119\u00adcej infor\u00adma\u00adcji lub zare\u00adje\u00adstro\u00adwa\u0107&nbsp;si\u0119<\/strong><\/p>\n","protected":false},"author":12,"featured_media":118320,"template":"","class_list":["post-118321","event","type-event","status-publish","has-post-thumbnail","hentry","event_category-praca"],"acf":{"event-recurring":false,"event-category":263,"event-is-language-course":false,"event-recurring-still-active":true,"event-display-details":true,"event-schedules-recurring":null,"event-schedules-calendar":null,"event-is-online":false,"event-online-url":"","event-location-building":"fka - Freundeskreis Asyl Karlsruhe e.V. ","event-location-street":"Alter Schlachthof 59","event-location-zip":"76131","event-location-city":"Karlruhe","event-location-contact-person":"Yassmin Dawallu-P\u00f6hler \/ Sophie Burkart","event-location-phone":"0176 \u2013 4229 7070","event-location-phone-2":"0160 \u2013 147 01 88","event-location-mail":"yassmin.dawallu-poehler@fka-ka.de","event-location-mail-2":"sophie.burkart@fka-ka.de","event-location-website":"https:\/\/fka-ka.de\/my-turn-frau-und-beruf\/","event-target-group":[{"target-group":"women"}],"event-target-group-comment":"","event-free":true,"event-organiser":[6908],"event-header-copyright-overlay":true,"event-copyright-note-description-end":false},"featured_image_urls_v2":{"full":["https:\/\/www.anika-net.de\/wp-content\/uploads\/2026\/01\/My-Turn.jpg",748,382,false],"thumbnail":["https:\/\/www.anika-net.de\/wp-content\/uploads\/2026\/01\/My-Turn-150x150.jpg",150,150,true],"medium":["https:\/\/www.anika-net.de\/wp-content\/uploads\/2026\/01\/My-Turn-300x153.jpg",300,153,true],"medium_large":["https:\/\/www.anika-net.de\/wp-content\/uploads\/2026\/01\/My-Turn.jpg",640,327,false],"large":["https:\/\/www.anika-net.de\/wp-content\/uploads\/2026\/01\/My-Turn.jpg",640,327,false],"1536x1536":["https:\/\/www.anika-net.de\/wp-content\/uploads\/2026\/01\/My-Turn.jpg",748,382,false],"2048x2048":["https:\/\/www.anika-net.de\/wp-content\/uploads\/2026\/01\/My-Turn.jpg",748,382,false],"event-overview":["https:\/\/www.anika-net.de\/wp-content\/uploads\/2026\/01\/My-Turn.jpg",748,382,false],"event-archive-thumb":["https:\/\/www.anika-net.de\/wp-content\/uploads\/2026\/01\/My-Turn-480x245.jpg",480,245,true],"grid-item-thumbnail":["https:\/\/www.anika-net.de\/wp-content\/uploads\/2026\/01\/My-Turn-360x200.jpg",360,200,true],"network-partner-icon":["https:\/\/www.anika-net.de\/wp-content\/uploads\/2026\/01\/My-Turn-100x100.jpg",100,100,true],"organiser-icon":["https:\/\/www.anika-net.de\/wp-content\/uploads\/2026\/01\/My-Turn-200x200.jpg",200,200,true],"gform-image-choice-sm":["https:\/\/www.anika-net.de\/wp-content\/uploads\/2026\/01\/My-Turn.jpg",300,153,false],"gform-image-choice-md":["https:\/\/www.anika-net.de\/wp-content\/uploads\/2026\/01\/My-Turn.jpg",400,204,false],"gform-image-choice-lg":["https:\/\/www.anika-net.de\/wp-content\/uploads\/2026\/01\/My-Turn.jpg",600,306,false]},"post_excerpt_stackable_v2":"<p>Wspar\u00adcie karie\u00adry dla migran\u00adtek w Karls\u00adru\u00adhe My Turn \u2014 Women and Work to pro\u00adgram wspar\u00adcia karie\u00adry dla migran\u00adtek z Karls\u00adru\u00adhe i oko\u00adlic, kt\u00f3\u00adre chc\u0105 (ponow\u00adnie) wej\u015b\u0107 na rynek pra\u00adcy w Niem\u00adczech. Czy jeste\u015b kobie\u00adt\u0105, kt\u00f3\u00adra uro\u00addzi\u00ad\u0142a si\u0119 w innym kra\u00adju i przy\u00adje\u00adcha\u00ad\u0142a do Nie\u00admiec?Czy chcia\u0142\u00adby\u015b uzy\u00adska\u0107 pro\u00adfe\u00adsjo\u00adnal\u00adne wska\u00adz\u00f3w\u00adki i d\u0142u\u00adgo\u00adter\u00admi\u00adno\u00adwe wspar\u00adcie w budo\u00adwa\u00adniu swo\u00adjej karie\u00adry? Mo\u017cesz chcie\u0107: popra\u00adwi\u0107 swo\u00adje umie\u00adj\u0119t\u00adno\u00ad\u015bci j\u0119zy\u00adko\u00adwe roz\u00adpo\u00adcz\u0105\u0107 szko\u00adle\u00adnie zawo\u00addo\u00adwe lub dal\u00adsz\u0105 edu\u00adka\u00adcj\u0119 zna\u00adle\u017a\u0107 pra\u00adc\u0119, kt\u00f3\u00adra odpo\u00adwia\u00adda Two\u00adim umie\u00adj\u0119t\u00adno\u00ad\u015bciom i zain\u00adte\u00adre\u00adso\u00adwa\u00adniom Zara\u00adbia\u0107 na w\u0142a\u00adsny rachu\u00adnek, zacho\u00adwu\u00adj\u0105c r\u00f3w\u00adno\u00adwa\u00adg\u0119 mi\u0119\u00addzy pra\u00adc\u0105 a \u017cyciem rodzin\u00adnym Wspie\u00adra\u00admy migrant\u00adki w zakre\u00adsie: uzna\u00adwa\u00adnie zagra\u00adnicz\u00adnych cer\u00adty\u00adfi\u00adka\u00adt\u00f3w i kwa\u00adli\u00adfi\u00adka\u00adcji Zna\u00adle\u00adzie\u00adnie odpo\u00adwied\u00adnie\u00adgo kur\u00adsu j\u0119zy\u00adka niemieckiego\u2026<\/p>\n","category_list_v2":"","author_info_v2":{"name":"Andrea Ramirez","url":"https:\/\/www.anika-net.de\/pl\/author\/andrea-ramirez\/"},"comments_num_v2":"0 comments","uagb_featured_image_src":{"full":["https:\/\/www.anika-net.de\/wp-content\/uploads\/2026\/01\/My-Turn.jpg",748,382,false],"thumbnail":["https:\/\/www.anika-net.de\/wp-content\/uploads\/2026\/01\/My-Turn-150x150.jpg",150,150,true],"medium":["https:\/\/www.anika-net.de\/wp-content\/uploads\/2026\/01\/My-Turn-300x153.jpg",300,153,true],"medium_large":["https:\/\/www.anika-net.de\/wp-content\/uploads\/2026\/01\/My-Turn.jpg",640,327,false],"large":["https:\/\/www.anika-net.de\/wp-content\/uploads\/2026\/01\/My-Turn.jpg",640,327,false],"1536x1536":["https:\/\/www.anika-net.de\/wp-content\/uploads\/2026\/01\/My-Turn.jpg",748,382,false],"2048x2048":["https:\/\/www.anika-net.de\/wp-content\/uploads\/2026\/01\/My-Turn.jpg",748,382,false],"event-overview":["https:\/\/www.anika-net.de\/wp-content\/uploads\/2026\/01\/My-Turn.jpg",748,382,false],"event-archive-thumb":["https:\/\/www.anika-net.de\/wp-content\/uploads\/2026\/01\/My-Turn-480x245.jpg",480,245,true],"grid-item-thumbnail":["https:\/\/www.anika-net.de\/wp-content\/uploads\/2026\/01\/My-Turn-360x200.jpg",360,200,true],"network-partner-icon":["https:\/\/www.anika-net.de\/wp-content\/uploads\/2026\/01\/My-Turn-100x100.jpg",100,100,true],"organiser-icon":["https:\/\/www.anika-net.de\/wp-content\/uploads\/2026\/01\/My-Turn-200x200.jpg",200,200,true],"gform-image-choice-sm":["https:\/\/www.anika-net.de\/wp-content\/uploads\/2026\/01\/My-Turn.jpg",300,153,false],"gform-image-choice-md":["https:\/\/www.anika-net.de\/wp-content\/uploads\/2026\/01\/My-Turn.jpg",400,204,false],"gform-image-choice-lg":["https:\/\/www.anika-net.de\/wp-content\/uploads\/2026\/01\/My-Turn.jpg",600,306,false]},"uagb_author_info":{"display_name":"Andrea Ramirez","author_link":"https:\/\/www.anika-net.de\/pl\/author\/andrea-ramirez\/"},"uagb_comment_info":0,"uagb_excerpt":"Wspar\u00adcie karie\u00adry dla migran\u00adtek w Karlsruhe My Turn \u2014 Women and Work to pro\u00adgram wspar\u00adcia karie\u00adry dla migran\u00adtek z Karls\u00adru\u00adhe i oko\u00adlic, kt\u00f3\u00adre chc\u0105 (ponow\u00adnie) wej\u015b\u0107 na rynek pra\u00adcy w&nbsp;czytaj wi\u0119cej","_links":{"self":[{"href":"https:\/\/www.anika-net.de\/pl\/wp-json\/wp\/v2\/event\/118321","targetHints":{"allow":["GET"]}}],"collection":[{"href":"https:\/\/www.anika-net.de\/pl\/wp-json\/wp\/v2\/event"}],"about":[{"href":"https:\/\/www.anika-net.de\/pl\/wp-json\/wp\/v2\/types\/event"}],"author":[{"embeddable":true,"href":"https:\/\/www.anika-net.de\/pl\/wp-json\/wp\/v2\/users\/12"}],"version-history":[{"count":1,"href":"https:\/\/www.anika-net.de\/pl\/wp-json\/wp\/v2\/event\/118321\/revisions"}],"predecessor-version":[{"id":118322,"href":"https:\/\/www.anika-net.de\/pl\/wp-json\/wp\/v2\/event\/118321\/revisions\/118322"}],"acf:post":[{"embeddable":true,"href":"https:\/\/www.anika-net.de\/pl\/wp-json\/wp\/v2\/organiser\/6908"}],"acf:term":[{"embeddable":true,"taxonomy":"event_category","href":"https:\/\/www.anika-net.de\/pl\/wp-json\/wp\/v2\/event_category\/263"}],"wp:featuredmedia":[{"embeddable":true,"href":"https:\/\/www.anika-net.de\/pl\/wp-json\/wp\/v2\/media\/118320"}],"wp:attachment":[{"href":"https:\/\/www.anika-net.de\/pl\/wp-json\/wp\/v2\/media?parent=118321"}],"curies":[{"name":"wp","href":"https:\/\/api.w.org\/{rel}","templated":true}]}}