{"id":117842,"date":"2026-01-07T12:16:08","date_gmt":"2026-01-07T11:16:08","guid":{"rendered":"https:\/\/www.anika-net.de\/event\/lernbox-welcome-cafe-fluchtlingshilfe-karlsruhe\/"},"modified":"2026-01-07T12:16:11","modified_gmt":"2026-01-07T11:16:11","slug":"lernbox-welcome-cafe-fluchtlingshilfe-karlsruhe","status":"publish","type":"event","link":"https:\/\/www.anika-net.de\/pl\/event\/lernbox-welcome-cafe-fluchtlingshilfe-karlsruhe\/","title":{"rendered":"LERNBOX &amp; Welco\u00adme Caf\u00e9 \u2014 Fl\u00fcch\u00adtling\u00adshil\u00adfe Karlsruhe"},"content":{"rendered":"<h1><span style=\"color: #ffcc00;\">LERNBOX i kawiar\u00adnia powi\u00adtal\u00adna -<span style=\"color: #666699;\"><strong> Fl\u00fcch\u00adtling\u00adshil\u00adfe Karls\u00adru\u00adhe e.V.<\/strong><\/span><\/span><\/h1>\n<p>Obec\u00adnie pro\u00adjek\u00adty <strong>LERNBOX<\/strong> i <strong>Welco\u00adme Caf\u00e9<\/strong> <strong>SALON RESOURCE<\/strong> orga\u00adni\u00adza\u00adcji Fl\u00fcch\u00adtling\u00adshil\u00adfe Karls\u00adru\u00adhe e.V. odby\u00adwa\u00adj\u0105 si\u0119 ka\u017c\u00adde\u00adgo popo\u00ad\u0142u\u00addnia od <strong>ponie\u00addzia\u0142\u00adku do czwart\u00adku w godzi\u00adnach od 15:00 do 18:00 <\/strong>w domu Alter Schlach\u00adthof 11 w Karlsruhe.<\/p>\n<p>Tutaj we Fl\u00fcch\u00adtling\u00adshil\u00adfe Karls\u00adru\u00adhe e.V. mo\u017c\u00adna uczy\u0107 si\u0119 nie\u00admiec\u00adkie\u00adgo, pozna\u00adwa\u0107 innych ludzi i wie\u00adle wi\u0119\u00adcej, co wspie\u00adra uchod\u017a\u00adc\u00f3w i umo\u017c\u00adli\u00adwia im uczest\u00adnic\u00adtwo w naszym spo\u0142ecze\u0144stwie.<\/p>\n\n<p><strong>\ud83d\udc41\ufe0f\u200d\ud83d\udde8\ufe0fPle\u00adase&nbsp;Uwaga<\/strong><\/p>\n\n<p><strong>Wyma\u00adga\u00adna jest reje\u00adstra\u00adcja:<\/strong><br>\ud83d\udce7 info@fluechtlingshilfe-karlsruhe.de<br>\ud83d\udcde 0170\u201329219 99&nbsp;<\/p>\n\n<h3 class=\"wp-block-heading\"><strong><em>Jeste\u00ad\u015bmy bar\u00addzo podekscytowani!<\/em><\/strong><\/h3>\n\n<div class=\"wp-block-stackable-tabs stk-block-tabs stk-block stk-f4b655b\" data-initial-tab=\"1\" data-block-id=\"f4b655b\"><style>.stk-f4b655b .stk-block-tab-content .stk-block-content .stk-block-column[hidden]{display:none !important;}<\/style><div class=\"stk-row stk-inner-blocks stk-block-content stk-block-tabs--horizontal stk-block-tabs--fade stk-content-align stk-f4b655b-column\">\n<div class=\"wp-block-stackable-tab-labels stk-block-tab-labels stk-block stk-b206f62\" data-block-id=\"b206f62\"><style>.stk-b206f62 .stk-block-tabs__tab{color:#999999 !important;background:transparent !important;border-style:solid !important;border-color:transparent !important;border-top-width:0px !important;border-right-width:0px !important;border-bottom-width:2px !important;border-left-width:0px !important;}.stk-b206f62 .stk-block-tabs__tab.stk-block-tabs__tab--active .stk-block-tab-labels__text{color:#000000 !important;}.stk-b206f62 {box-shadow:inset 0px -1px 0px 0px #0000001a !important;}.stk-b206f62 .stk-block-tab-labels__text{color:#999999 !important;}.stk-b206f62 .stk-block-tabs__tab .stk--inner-svg svg:last-child, .stk-b206f62 .stk-block-tabs__tab .stk--inner-svg svg:last-child :is(g, path, rect, polygon, ellipse){fill:#909090 !important;}.stk-b206f62 .stk-block-tabs__tab:not(.stk-block-tabs__tab--active):hover .stk--inner-svg svg:last-child, .stk-b206f62 .stk-block-tabs__tab:not(.stk-block-tabs__tab--active):hover .stk--inner-svg svg:last-child :is(g, path, rect, polygon, ellipse){fill:#909090 !important;}.stk-b206f62 .stk-block-tabs__tab.stk-block-tabs__tab--active{border-color:#000000 !important;}.stk-b206f62 .stk-block-tabs__tab.stk-block-tabs__tab--active .stk--inner-svg svg:last-child, .stk-b206f62 .stk-block-tabs__tab.stk-block-tabs__tab--active .stk--inner-svg svg:last-child :is(g, path, rect, polygon, ellipse){fill:#000000 !important;}.stk-b206f62 .stk-block-tabs__tab.stk-block-tabs__tab--active:hover .stk--inner-svg svg:last-child, .stk-b206f62 .stk-block-tabs__tab.stk-block-tabs__tab--active:hover .stk--inner-svg svg:last-child :is(g, path, rect, polygon, ellipse){fill:#000000 !important;}<\/style><div class=\"stk-block-tab-labels__wrapper\" role=\"tablist\"><button class=\"stk-block-tabs__tab\" role=\"tab\"><div class=\"stk-block-tab-labels__text\"><span>Przez biurokratyczn\u0105 d\u017cungl\u0119<\/span><\/div><\/button><button class=\"stk-block-tabs__tab\" role=\"tab\"><div class=\"stk-block-tab-labels__text\"><span>Nauka tandem\u00f3w<\/span><\/div><\/button><\/div><\/div>\n\n\n\n<div class=\"wp-block-stackable-tab-content stk-block-tab-content stk-block stk-08a1b1e\" data-block-id=\"08a1b1e\"><div class=\"stk-row stk-inner-blocks stk-block-content stk-content-align stk-08a1b1e-column\">\n<div class=\"wp-block-stackable-column stk-block-column stk-column stk-block stk-e13bfbb\" data-v=\"4\" role=\"tabpanel\" data-block-id=\"e13bfbb\"><div class=\"stk-column-wrapper stk-block-column__content stk-container stk-e13bfbb-container stk--no-background stk--no-padding\"><div class=\"stk-block-content stk-inner-blocks stk-e13bfbb-inner-blocks\">\n<p>W skrzyn\u00adce pocz\u00adto\u00adwej poja\u00adwia si\u0119 ofi\u00adcjal\u00adne pismo, kt\u00f3\u00adre\u00adgo nie spo\u00ads\u00f3b zro\u00adzu\u00admie\u0107.  <br>Job\u00adcen\u00adter wysy\u00ad\u0142a for\u00admu\u00adla\u00adrze, kt\u00f3\u00adre nale\u00ad\u017cy wype\u0142\u00adni\u0107. A jak napi\u00adsa\u0107 poda\u00adnie o sta\u017c? Dla wie\u00adlu uchod\u017a\u00adc\u00f3w kon\u00adtakt z urz\u0119\u00adda\u00admi jest praw\u00addzi\u00adwym wyzwa\u00adniem. <br>We <strong>Fl\u00fcch\u00adtling\u00adshil\u00adfe Karls\u00adru\u00adhe<\/strong> ofe\u00adru\u00adje\u00admy wspar\u00adcie: poma\u00adga\u00admy w czy\u00adta\u00adniu poda\u0144, odbie\u00adra\u00admy tele\u00adfon, by zadzwo\u00adni\u0107 do Job\u00adcen\u00adter lub wyja\u00ad\u015bnia\u00admy ofi\u00adcjal\u00adne dokumenty.&nbsp;<\/p>\n<\/div><\/div><\/div>\n\n\n\n<div class=\"wp-block-stackable-column stk-block-column stk-column stk-block stk-85d0879\" data-v=\"4\" role=\"tabpanel\" data-block-id=\"85d0879\"><div class=\"stk-column-wrapper stk-block-column__content stk-container stk-85d0879-container stk--no-background stk--no-padding\"><div class=\"stk-block-content stk-inner-blocks stk-85d0879-inner-blocks\">\n<p>Nie\u00admiec\u00adki, angiel\u00adski czy che\u00admia \u2014 uchod\u017a\u00adcy, kt\u00f3\u00adrzy do nas tra\u00adfia\u00adj\u0105, maj\u0105 bar\u00addzo indy\u00adwi\u00addu\u00adal\u00adne potrze\u00adby w zakre\u00adsie kore\u00adpe\u00adty\u00adcji. Nie\u00adkt\u00f3\u00adrzy ucz\u0119sz\u00adcza\u00adj\u0105 do szko\u00ad\u0142y, inni odby\u00adwa\u00adj\u0105 szko\u00adle\u00adnie zawo\u00addo\u00adwe, a jesz\u00adcze inni stu\u00addiu\u00adj\u0105 na uni\u00adwer\u00adsy\u00adte\u00adcie. W\u0142a\u00ad\u015bnie dla\u00adte\u00adgo nasza ofer\u00adta kore\u00adpe\u00adty\u00adcji jest tak sze\u00adro\u00adka.  <br><br>Je\u015bli czu\u00adjesz si\u0119 pew\u00adnie w kon\u00adkret\u00adnym tema\u00adcie, poszu\u00adka\u00admy odpo\u00adwied\u00adniej oso\u00adby, kt\u00f3\u00adra mog\u0142a\u00adby sko\u00adrzy\u00adsta\u0107 z Two\u00adje\u00adgo wspar\u00adcia. Sesje odby\u00adwa\u00adj\u0105 si\u0119 w naszej prze\u00adstrze\u00adni w <strong>Alter Schlach\u00adthof<\/strong> lub <strong>onli\u00adne<\/strong>. Nasz koor\u00addy\u00adna\u00adtor b\u0119dzie Two\u00adim g\u0142\u00f3w\u00adnym kon\u00adtak\u00adtem i b\u0119dzie wspie\u00adra\u0142 Tw\u00f3j tan\u00addem. Orga\u00adni\u00adzu\u00adje\u00admy r\u00f3w\u00adnie\u017c regu\u00adlar\u00adne spo\u00adtka\u00adnia zespo\u00ad\u0142u, pod\u00adczas kt\u00f3\u00adrych wszy\u00adscy mog\u0105 wymie\u00adnia\u0107 si\u0119 pomy\u00ads\u0142a\u00admi i do\u015bwiadczeniami.&nbsp;<\/p>\n<\/div><\/div><\/div>\n<\/div><\/div>\n<\/div><\/div>\n\n<div class=\"wp-block-stackable-divider stk-block-divider stk-block stk-b6705fd\" data-block-id=\"b6705fd\"><hr class=\"stk-block-divider__hr\"><\/div>\n\n<p><strong><span style=\"color: #abb8c3;\" class=\"stk-highlight\">Inne pro\u00adjek\u00adty Fl\u00fcch\u00adtling\u00adshil\u00adfe Karls\u00adru\u00adhe e.V.<\/span><\/strong><br>\ufe0f <strong><a href=\"https:\/\/www.anika-net.de\/pl\/event\/stadtpiraten-karlsruhe-projekt-dla-dzieci\/\">Stadt\u00adpi\u00adra\u00adten Karls\u00adru\u00adhe \u2014 Pro\u00adjekt dla dzieci<\/a><\/strong><\/p>\n\n<div class=\"wp-block-stackable-spacer stk-block-spacer stk--no-padding stk-block stk-068aa03\" data-block-id=\"068aa03\"><\/div>\n","protected":false},"author":12,"featured_media":117841,"template":"","class_list":["post-117842","event","type-event","status-publish","has-post-thumbnail","hentry","event_category-pomoc-pl"],"acf":{"event-recurring":true,"event-category":185,"event-is-language-course":false,"event-recurring-still-active":true,"event-display-details":true,"event-schedules-recurring":[{"event-recurring-week-day":false,"event-recurring-time":"15:00 - 18:00","event-recurring-time-text":""},{"event-recurring-week-day":"1","event-recurring-time":"15:00 - 18:00","event-recurring-time-text":""},{"event-recurring-week-day":"2","event-recurring-time":"15:00 - 18:00","event-recurring-time-text":""},{"event-recurring-week-day":"3","event-recurring-time":"15:00 - 18:00","event-recurring-time-text":""}],"event-schedules-calendar":null,"event-is-online":false,"event-online-url":"","event-location-building":"Fl\u00fcchtlingshilfe Karlsruhe e.V.","event-location-street":"Alter Schlachthof 11 (Haltestelle Tullastr.)","event-location-zip":"76131","event-location-city":"Karlsruhe","event-location-contact-person":"Gertrud Weber (Coodinator)","event-location-phone":"0170\/ 29219 99","event-location-phone-2":"","event-location-mail":"info@fluechtlingshilfe-karlsruhe.de","event-location-mail-2":"","event-location-website":"https:\/\/fluechtlingshilfe-karlsruhe.de\/","event-target-group":[{"target-group":""}],"event-target-group-comment":"Dla ka\u017cdego, kto chce nauczy\u0107 si\u0119 niemieckiego, w tym dla os\u00f3b, kt\u00f3re (jeszcze) nie mog\u0105 ucz\u0119szcza\u0107 na kursy j\u0119zykowe lub integracyjne","event-free":true,"event-organiser":[6810],"event-header-copyright-overlay":true,"event-copyright-note-description-end":true},"featured_image_urls_v2":{"full":["https:\/\/www.anika-net.de\/wp-content\/uploads\/2020\/02\/Fluechtlingshilfe-KA.jpeg",1380,1602,false],"thumbnail":["https:\/\/www.anika-net.de\/wp-content\/uploads\/2020\/02\/Fluechtlingshilfe-KA-150x150.jpeg",150,150,true],"medium":["https:\/\/www.anika-net.de\/wp-content\/uploads\/2020\/02\/Fluechtlingshilfe-KA-258x300.jpeg",258,300,true],"medium_large":["https:\/\/www.anika-net.de\/wp-content\/uploads\/2020\/02\/Fluechtlingshilfe-KA-768x892.jpeg",640,743,true],"large":["https:\/\/www.anika-net.de\/wp-content\/uploads\/2020\/02\/Fluechtlingshilfe-KA-882x1024.jpeg",640,743,true],"1536x1536":["https:\/\/www.anika-net.de\/wp-content\/uploads\/2020\/02\/Fluechtlingshilfe-KA-1323x1536.jpeg",1323,1536,true],"2048x2048":["https:\/\/www.anika-net.de\/wp-content\/uploads\/2020\/02\/Fluechtlingshilfe-KA.jpeg",1380,1602,false],"event-overview":["https:\/\/www.anika-net.de\/wp-content\/uploads\/2020\/02\/Fluechtlingshilfe-KA-960x640.jpeg",960,640,true],"event-archive-thumb":["https:\/\/www.anika-net.de\/wp-content\/uploads\/2020\/02\/Fluechtlingshilfe-KA-480x557.jpeg",480,557,true],"grid-item-thumbnail":["https:\/\/www.anika-net.de\/wp-content\/uploads\/2020\/02\/Fluechtlingshilfe-KA-360x200.jpeg",360,200,true],"network-partner-icon":["https:\/\/www.anika-net.de\/wp-content\/uploads\/2020\/02\/Fluechtlingshilfe-KA-100x100.jpeg",100,100,true],"organiser-icon":["https:\/\/www.anika-net.de\/wp-content\/uploads\/2020\/02\/Fluechtlingshilfe-KA-200x200.jpeg",200,200,true],"gform-image-choice-sm":["https:\/\/www.anika-net.de\/wp-content\/uploads\/2020\/02\/Fluechtlingshilfe-KA.jpeg",258,300,false],"gform-image-choice-md":["https:\/\/www.anika-net.de\/wp-content\/uploads\/2020\/02\/Fluechtlingshilfe-KA.jpeg",345,400,false],"gform-image-choice-lg":["https:\/\/www.anika-net.de\/wp-content\/uploads\/2020\/02\/Fluechtlingshilfe-KA.jpeg",517,600,false]},"post_excerpt_stackable_v2":"<p>LERNBOX i kawiar\u00adnia powi\u00adtal\u00adna \u2014 Fl\u00fcch\u00adtling\u00adshil\u00adfe Karls\u00adru\u00adhe e.V. Obec\u00adnie pro\u00adjek\u00adty LERNBOX i Welco\u00adme Caf\u00e9 SALON RESOURCE orga\u00adni\u00adza\u00adcji Fl\u00fcch\u00adtling\u00adshil\u00adfe Karls\u00adru\u00adhe e.V. odby\u00adwa\u00adj\u0105 si\u0119 ka\u017c\u00adde\u00adgo popo\u00ad\u0142u\u00addnia od ponie\u00addzia\u0142\u00adku do czwart\u00adku w godzi\u00adnach od 15:00 do 18:00 w domu Alter Schlach\u00adthof 11 w Karls\u00adru\u00adhe. Tutaj we Fl\u00fcch\u00adtling\u00adshil\u00adfe Karls\u00adru\u00adhe e.V. mo\u017c\u00adna uczy\u0107 si\u0119 nie\u00admiec\u00adkie\u00adgo, pozna\u00adwa\u0107 innych ludzi i wie\u00adle wi\u0119\u00adcej, co wspie\u00adra uchod\u017a\u00adc\u00f3w i umo\u017c\u00adli\u00adwia im uczest\u00adnic\u00adtwo w naszym spo\u00ad\u0142e\u00adcze\u0144\u00adstwie. \ud83d\udc41\ufe0f\u200d\ud83d\udde8\ufe0fPle\u00adase&nbsp;Uwa\u00adga Wyma\u00adga\u00adna jest reje\u00adstra\u00adcja:\ud83d\udce7 info@fluechtlingshilfe-karlsruhe.de\ud83d\udcde 0170\u201329219 99&nbsp; Jeste\u00ad\u015bmy bar\u00addzo pod\u00adeks\u00adcy\u00adto\u00adwa\u00adni! Przez biu\u00adro\u00adkra\u00adtycz\u00adn\u0105 d\u017cun\u00adgl\u0119\u00adNau\u00adka tan\u00adde\u00adm\u00f3w W skrzyn\u00adce pocz\u00adto\u00adwej poja\u00adwia si\u0119 ofi\u00adcjal\u00adne pismo, kt\u00f3\u00adre\u00adgo nie spo\u00ads\u00f3b zro\u00adzu\u00admie\u0107. Job\u00adcen\u00adter wysy\u00ad\u0142a for\u00admu\u00adla\u00adrze, kt\u00f3\u00adre nale\u00ad\u017cy wype\u0142\u00adni\u0107. A jak napisa\u0107\u2026<\/p>\n","category_list_v2":"","author_info_v2":{"name":"Andrea Ramirez","url":"https:\/\/www.anika-net.de\/pl\/author\/andrea-ramirez\/"},"comments_num_v2":"0 comments","uagb_featured_image_src":{"full":["https:\/\/www.anika-net.de\/wp-content\/uploads\/2020\/02\/Fluechtlingshilfe-KA.jpeg",1380,1602,false],"thumbnail":["https:\/\/www.anika-net.de\/wp-content\/uploads\/2020\/02\/Fluechtlingshilfe-KA-150x150.jpeg",150,150,true],"medium":["https:\/\/www.anika-net.de\/wp-content\/uploads\/2020\/02\/Fluechtlingshilfe-KA-258x300.jpeg",258,300,true],"medium_large":["https:\/\/www.anika-net.de\/wp-content\/uploads\/2020\/02\/Fluechtlingshilfe-KA-768x892.jpeg",640,743,true],"large":["https:\/\/www.anika-net.de\/wp-content\/uploads\/2020\/02\/Fluechtlingshilfe-KA-882x1024.jpeg",640,743,true],"1536x1536":["https:\/\/www.anika-net.de\/wp-content\/uploads\/2020\/02\/Fluechtlingshilfe-KA-1323x1536.jpeg",1323,1536,true],"2048x2048":["https:\/\/www.anika-net.de\/wp-content\/uploads\/2020\/02\/Fluechtlingshilfe-KA.jpeg",1380,1602,false],"event-overview":["https:\/\/www.anika-net.de\/wp-content\/uploads\/2020\/02\/Fluechtlingshilfe-KA-960x640.jpeg",960,640,true],"event-archive-thumb":["https:\/\/www.anika-net.de\/wp-content\/uploads\/2020\/02\/Fluechtlingshilfe-KA-480x557.jpeg",480,557,true],"grid-item-thumbnail":["https:\/\/www.anika-net.de\/wp-content\/uploads\/2020\/02\/Fluechtlingshilfe-KA-360x200.jpeg",360,200,true],"network-partner-icon":["https:\/\/www.anika-net.de\/wp-content\/uploads\/2020\/02\/Fluechtlingshilfe-KA-100x100.jpeg",100,100,true],"organiser-icon":["https:\/\/www.anika-net.de\/wp-content\/uploads\/2020\/02\/Fluechtlingshilfe-KA-200x200.jpeg",200,200,true],"gform-image-choice-sm":["https:\/\/www.anika-net.de\/wp-content\/uploads\/2020\/02\/Fluechtlingshilfe-KA.jpeg",258,300,false],"gform-image-choice-md":["https:\/\/www.anika-net.de\/wp-content\/uploads\/2020\/02\/Fluechtlingshilfe-KA.jpeg",345,400,false],"gform-image-choice-lg":["https:\/\/www.anika-net.de\/wp-content\/uploads\/2020\/02\/Fluechtlingshilfe-KA.jpeg",517,600,false]},"uagb_author_info":{"display_name":"Andrea Ramirez","author_link":"https:\/\/www.anika-net.de\/pl\/author\/andrea-ramirez\/"},"uagb_comment_info":0,"uagb_excerpt":"LERNBOX i kawiar\u00adnia powi\u00adtal\u00adna - Fl\u00fcch\u00adtling\u00adshil\u00adfe Karls\u00adru\u00adhe e.V. Obec\u00adnie pro\u00adjek\u00adty LERNBOX i Welco\u00adme Caf\u00e9 SALON RESOURCE orga\u00adni\u00adza\u00adcji Fl\u00fcch\u00adtling\u00adshil\u00adfe Karls\u00adru\u00adhe e.V. odby\u00adwa\u00adj\u0105 si\u0119 ka\u017c\u00adde\u00adgo popo\u00ad\u0142u\u00addnia od ponie\u00addzia\u0142\u00adku do czwart\u00adku w godzi\u00adnach&nbsp;czytaj wi\u0119cej","_links":{"self":[{"href":"https:\/\/www.anika-net.de\/pl\/wp-json\/wp\/v2\/event\/117842","targetHints":{"allow":["GET"]}}],"collection":[{"href":"https:\/\/www.anika-net.de\/pl\/wp-json\/wp\/v2\/event"}],"about":[{"href":"https:\/\/www.anika-net.de\/pl\/wp-json\/wp\/v2\/types\/event"}],"author":[{"embeddable":true,"href":"https:\/\/www.anika-net.de\/pl\/wp-json\/wp\/v2\/users\/12"}],"version-history":[{"count":1,"href":"https:\/\/www.anika-net.de\/pl\/wp-json\/wp\/v2\/event\/117842\/revisions"}],"predecessor-version":[{"id":117843,"href":"https:\/\/www.anika-net.de\/pl\/wp-json\/wp\/v2\/event\/117842\/revisions\/117843"}],"acf:post":[{"embeddable":true,"href":"https:\/\/www.anika-net.de\/pl\/wp-json\/wp\/v2\/organiser\/6810"}],"acf:term":[{"embeddable":true,"taxonomy":"event_category","href":"https:\/\/www.anika-net.de\/pl\/wp-json\/wp\/v2\/event_category\/185"}],"wp:featuredmedia":[{"embeddable":true,"href":"https:\/\/www.anika-net.de\/pl\/wp-json\/wp\/v2\/media\/117841"}],"wp:attachment":[{"href":"https:\/\/www.anika-net.de\/pl\/wp-json\/wp\/v2\/media?parent=117842"}],"curies":[{"name":"wp","href":"https:\/\/api.w.org\/{rel}","templated":true}]}}