{"id":32319,"date":"2023-02-08T16:52:04","date_gmt":"2023-02-08T15:52:04","guid":{"rendered":"https:\/\/www.anika-net.de\/primi-passi\/bambini-e-famiglia\/registrazione-del-bambino-presso-una-scuola\/"},"modified":"2025-02-10T11:57:59","modified_gmt":"2025-02-10T10:57:59","slug":"iscrivere-a-scuola-i-bambini","status":"publish","type":"page","link":"https:\/\/www.anika-net.de\/it\/primi-passi\/bambini-e-famiglia\/iscrivere-a-scuola-i-bambini\/","title":{"rendered":"Come fac\u00adcio a iscri\u00adve\u00adre mio figlio a una scuola?"},"content":{"rendered":"\n<p class=\"has-text-color\" style=\"color:#124e71\">Il tuo bam\u00adbi\u00adno pu\u00f2 anda\u00adre a scuo\u00adla e devi iscri\u00adver\u00adlo a una scuo\u00adla entro sei mesi dal suo arri\u00advo in Ger\u00adma\u00adnia. La fre\u00adquen\u00adza sco\u00adla\u00adsti\u00adca \u00e8 obbli\u00adga\u00adto\u00adria.<br>Visi\u00adta il muni\u00adci\u00adpio loca\u00adle per cono\u00adsce\u00adre le opzio\u00adni sco\u00adla\u00adsti\u00adche di tuo figlio. Sono dispo\u00adni\u00adbi\u00adli cor\u00adsi per aiu\u00adta\u00adre tuo figlio a impa\u00adra\u00adre il tede\u00adsco. Puoi tro\u00adva\u00adre mag\u00adgio\u00adri infor\u00adma\u00adzio\u00adni <strong><a href=\"https:\/\/ka.schulamt-bw.de\/,Lde\/Startseite\/Unterstuetzung+_+Beratung\/Vorbereitungsklassen\" rel=\"noopener\">qui<\/a>.<\/strong>   <\/p>\n\n<details class=\"wp-block-stackable-accordion stk-block-accordion stk-inner-blocks stk-block-content stk-block stk-7616f47 is-style-default\" data-block-id=\"7616f47\">\n<summary class=\"wp-block-stackable-column stk-block-column stk-column stk-block stk-fba073a stk--container-small stk-block-accordion__heading\" data-v=\"4\" data-block-id=\"fba073a\"><div class=\"stk-column-wrapper stk-block-column__content stk-container stk-fba073a-container stk-hover-parent\"><div class=\"stk-block-content stk-inner-blocks stk-fba073a-inner-blocks\">\n<div class=\"wp-block-stackable-icon-label stk-block-icon-label stk-block stk-590bcb4\" data-block-id=\"590bcb4\"><div class=\"stk-row stk-inner-blocks stk-block-content\">\n<div class=\"wp-block-stackable-heading stk-block-heading stk-block-heading--v2 stk-block stk-ab7d1d1\" id=\"t\" data-block-id=\"ab7d1d1\"><h4 class=\"stk-block-heading__text\">Date di iscri\u00adzio\u00adne alle scuo\u00adle primarie<\/h4><\/div>\n\n\n\n<div class=\"wp-block-stackable-icon stk-block-icon stk-block stk-1114f9c\" data-block-id=\"1114f9c\"><span class=\"stk--svg-wrapper\"><div class=\"stk--inner-svg\"><svg style=\"height:0;width:0\"><defs><linearGradient id=\"linear-gradient-1114f9c\" x1=\"0\" x2=\"100%\" y1=\"0\" y2=\"0\"><stop offset=\"0%\" style=\"stop-opacity:1;stop-color:var(--linear-gradient-1114-f-9-c-color-1)\" \/><stop offset=\"100%\" style=\"stop-opacity:1;stop-color:var(--linear-gradient-1114-f-9-c-color-2)\" \/><\/linearGradient><\/defs><\/svg><svg data-prefix=\"fas\" data-icon=\"chevron-down\" class=\"svg-inline--fa fa-chevron-down fa-w-14\" viewBox=\"0 0 448 512\" aria-hidden=\"true\" width=\"32\" height=\"32\"><path fill=\"currentColor\" d=\"M207.029 381.476L12.686 187.132c-9.373-9.373-9.373-24.569 0-33.941l22.667-22.667c9.357-9.357 24.522-9.375 33.901-.04L224 284.505l154.745-154.021c9.379-9.335 24.544-9.317 33.901.04l22.667 22.667c9.373 9.373 9.373 24.569 0 33.941L240.971 381.476c-9.373 9.372-24.569 9.372-33.942 0z\" \/><\/svg><\/div><\/span><\/div>\n<\/div><\/div>\n<\/div><\/div><\/summary>\n\n\n\n<div class=\"wp-block-stackable-column stk-block-column stk-column stk-block stk-7645d33 stk-block-accordion__content\" data-v=\"4\" data-block-id=\"7645d33\"><div class=\"stk-column-wrapper stk-block-column__content stk-container stk-7645d33-container stk--no-background stk--no-padding\"><div class=\"stk-block-content stk-inner-blocks stk-7645d33-inner-blocks\">\n<div class=\"wp-block-stackable-text stk-block-text stk-block stk-bdf61ab\" data-block-id=\"bdf61ab\"><p class=\"stk-block-text__text\">Sca\u00adden\u00adza: <strong>30 giu\u00adgno <\/strong>(il bam\u00adbi\u00adno deve aver com\u00adpiu\u00adto 6 anni entro que\u00adsta data)<br>Rice\u00adve\u00adrai una let\u00adte\u00adra dal\u00adla scuo\u00adla. Se non l\u2019hai rice\u00advu\u00adta, iscri\u00advi\u00adti pres\u00adso la scuo\u00adla del\u00adla tua zona.<br>Iscri\u00adzio\u00adni: <strong>15 set\u00adtem\u00adbre 2025<\/strong> <br><br>Infor\u00adma\u00adzio\u00adni sul\u00adl\u2019i\u00adscri\u00adzio\u00adne a scuo\u00adla (scuo\u00adla pri\u00adma\u00adria) <strong><a href=\"https:\/\/www.grundschulen.net\/2623-checkliste-einschulung.html\" rel=\"noopener\">qui<\/a><\/strong><\/p><\/div>\n<\/div><\/div><\/div>\n<\/details>\n\n<details class=\"wp-block-stackable-accordion stk-block-accordion stk-inner-blocks stk-block-content stk-block stk-dc82e38 is-style-default\" data-block-id=\"dc82e38\">\n<summary class=\"wp-block-stackable-column stk-block-column stk-column stk-block stk-b848cf8 stk--container-small stk-block-accordion__heading\" data-v=\"4\" data-block-id=\"b848cf8\"><div class=\"stk-column-wrapper stk-block-column__content stk-container stk-b848cf8-container stk-hover-parent\"><div class=\"stk-block-content stk-inner-blocks stk-b848cf8-inner-blocks\">\n<div class=\"wp-block-stackable-icon-label stk-block-icon-label stk-block stk-f2f5bd9\" data-block-id=\"f2f5bd9\"><div class=\"stk-row stk-inner-blocks stk-block-content\">\n<div class=\"wp-block-stackable-heading stk-block-heading stk-block-heading--v2 stk-block stk-d4fb30c\" id=\"strong-egistration-dates-for-other-schools-secondary-schools-strong\" data-block-id=\"d4fb30c\"><h4 class=\"stk-block-heading__text\">Date di iscri\u00adzio\u00adne per altre scuo\u00adle (scuo\u00adle secondarie)<\/h4><\/div>\n\n\n\n<div class=\"wp-block-stackable-icon stk-block-icon stk-block stk-4b4a05c\" data-block-id=\"4b4a05c\"><span class=\"stk--svg-wrapper\"><div class=\"stk--inner-svg\"><svg style=\"height:0;width:0\"><defs><linearGradient id=\"linear-gradient-4b4a05c\" x1=\"0\" x2=\"100%\" y1=\"0\" y2=\"0\"><stop offset=\"0%\" style=\"stop-opacity:1;stop-color:var(--linear-gradient-4-b-4-a-05-c-color-1)\" \/><stop offset=\"100%\" style=\"stop-opacity:1;stop-color:var(--linear-gradient-4-b-4-a-05-c-color-2)\" \/><\/linearGradient><\/defs><\/svg><svg data-prefix=\"fas\" data-icon=\"chevron-down\" class=\"svg-inline--fa fa-chevron-down fa-w-14\" viewBox=\"0 0 448 512\" aria-hidden=\"true\" width=\"32\" height=\"32\"><path fill=\"currentColor\" d=\"M207.029 381.476L12.686 187.132c-9.373-9.373-9.373-24.569 0-33.941l22.667-22.667c9.357-9.357 24.522-9.375 33.901-.04L224 284.505l154.745-154.021c9.379-9.335 24.544-9.317 33.901.04l22.667 22.667c9.373 9.373 9.373 24.569 0 33.941L240.971 381.476c-9.373 9.372-24.569 9.372-33.942 0z\" \/><\/svg><\/div><\/span><\/div>\n<\/div><\/div>\n<\/div><\/div><\/summary>\n\n\n\n<div class=\"wp-block-stackable-column stk-block-column stk-column stk-block stk-68bb8db stk-block-accordion__content\" data-v=\"4\" data-block-id=\"68bb8db\"><div class=\"stk-column-wrapper stk-block-column__content stk-container stk-68bb8db-container stk--no-background stk--no-padding\"><div class=\"stk-block-content stk-inner-blocks stk-68bb8db-inner-blocks\">\n<ul class=\"wp-block-list\">\n<li>Le date di iscri\u00adzio\u00adne sono dal <strong>10 al 13 mar\u00adzo 2025.<\/strong> Infor\u00adma\u00adti pres\u00adso la scuo\u00adla alcu\u00adne set\u00adti\u00adma\u00adne o mesi pri\u00adma di que\u00adsta&nbsp;data.<\/li>\n\n\n\n<li>\ud83d\udca1 Le <strong>scuo\u00adle pro\u00adfes\u00adsio\u00adna\u00adli<\/strong> han\u00adno una <strong><a href=\"https:\/\/www.landkreis-karlsruhe.de\/vaboanmeldung\" rel=\"noopener\">piat\u00adta\u00adfor\u00adma cen\u00adtra\u00adle di regi\u00adstra\u00adzio\u00adne onli\u00adne<\/a> <br><\/strong>Rice\u00adve\u00adrai ulte\u00adrio\u00adri infor\u00adma\u00adzio\u00adni dopo la registrazione.<\/li>\n<\/ul>\n<\/div><\/div><\/div>\n<\/details>\n\n<details class=\"wp-block-stackable-accordion stk-block-accordion stk-inner-blocks stk-block-content stk-block stk-ab3a5f3 is-style-default\" data-block-id=\"ab3a5f3\">\n<summary class=\"wp-block-stackable-column stk-block-column stk-column stk-block stk-4464c93 stk--container-small stk-block-accordion__heading\" data-v=\"4\" data-block-id=\"4464c93\"><div class=\"stk-column-wrapper stk-block-column__content stk-container stk-4464c93-container stk-hover-parent\"><div class=\"stk-block-content stk-inner-blocks stk-4464c93-inner-blocks\">\n<div class=\"wp-block-stackable-icon-label stk-block-icon-label stk-block stk-2def0de\" data-block-id=\"2def0de\"><div class=\"stk-row stk-inner-blocks stk-block-content\">\n<div class=\"wp-block-stackable-heading stk-block-heading stk-block-heading--v2 stk-block stk-ce8f103\" id=\"span-style-color-128-b-81-class-stk-highlight-what-do-the-different-educational-qualifications-mean-span\" data-block-id=\"ce8f103\"><h4 class=\"stk-block-heading__text\"><span style=\"color: #128b81;\" class=\"stk-highlight\">Cosa signi\u00adfi\u00adca\u00adno i diver\u00adsi tito\u00adli di studio?<\/span><\/h4><\/div>\n\n\n\n<div class=\"wp-block-stackable-icon stk-block-icon stk-block stk-49e853a\" data-block-id=\"49e853a\"><span class=\"stk--svg-wrapper\"><div class=\"stk--inner-svg\"><svg style=\"height:0;width:0\"><defs><linearGradient id=\"linear-gradient-49e853a\" x1=\"0\" x2=\"100%\" y1=\"0\" y2=\"0\"><stop offset=\"0%\" style=\"stop-opacity:1;stop-color:var(--linear-gradient-49-e-853-a-color-1)\" \/><stop offset=\"100%\" style=\"stop-opacity:1;stop-color:var(--linear-gradient-49-e-853-a-color-2)\" \/><\/linearGradient><\/defs><\/svg><svg data-prefix=\"fas\" data-icon=\"chevron-down\" class=\"svg-inline--fa fa-chevron-down fa-w-14\" viewBox=\"0 0 448 512\" aria-hidden=\"true\" width=\"32\" height=\"32\"><path fill=\"currentColor\" d=\"M207.029 381.476L12.686 187.132c-9.373-9.373-9.373-24.569 0-33.941l22.667-22.667c9.357-9.357 24.522-9.375 33.901-.04L224 284.505l154.745-154.021c9.379-9.335 24.544-9.317 33.901.04l22.667 22.667c9.373 9.373 9.373 24.569 0 33.941L240.971 381.476c-9.373 9.372-24.569 9.372-33.942 0z\" \/><\/svg><\/div><\/span><\/div>\n<\/div><\/div>\n<\/div><\/div><\/summary>\n\n\n\n<div class=\"wp-block-stackable-column stk-block-column stk-column stk-block stk-670e816 stk-block-accordion__content\" data-v=\"4\" data-block-id=\"670e816\"><div class=\"stk-column-wrapper stk-block-column__content stk-container stk-670e816-container stk--no-background stk--no-padding\"><div class=\"stk-block-content stk-inner-blocks stk-670e816-inner-blocks\">\n<div class=\"wp-block-stackable-text stk-block-text stk-block stk-61bc9c1\" data-block-id=\"61bc9c1\"><p class=\"stk-block-text__text\">Esi\u00adsto\u00adno diver\u00adsi diplo\u00admi di matu\u00adri\u00adt\u00e0. Pi\u00f9 alto \u00e8 il diplo\u00adma di matu\u00adri\u00adt\u00e0, pi\u00f9 opzio\u00adni hai nel\u00adla scel\u00adta del\u00adla car\u00adrie\u00adra. Ma devi anche fre\u00adquen\u00adta\u00adre la scuo\u00adla per pi\u00f9 tem\u00adpo. Con un diplo\u00adma secon\u00adda\u00adrio <strong><em>Haup\u00adtschu\u00adlab\u00adschluss<\/em> <\/strong>(diplo\u00adma di matu\u00adri\u00adt\u00e0 \u2014 dopo il<sup>9\u00b0<\/sup> anno di scuo\u00adla) o un <em><strong>Mit\u00adtle\u00adrer Bil\u00addung\u00adsab\u00adschluss<\/strong><\/em> (diplo\u00adma di scuo\u00adla media \u2014 dopo il 10\u00b0 anno) puoi acce\u00adde\u00adre alla for\u00adma\u00adzio\u00adne pro\u00adfes\u00adsio\u00adna\u00adle.     <br><br>\u00c8 neces\u00adsa\u00adrio l\u2019A\u00adbi\u00adtur <em><strong>Abi\u00adtur<\/strong><\/em> o tito\u00adlo di ammis\u00adsio\u00adne all\u2019u\u00adni\u00adver\u00adsi\u00adt\u00e0 (dopo il<sup>12\u00b0<\/sup> o<sup> 13\u00b0<\/sup> anno di et\u00e0) <strong>per stu\u00addia\u00adre all\u2019u\u00adni\u00adver\u00adsi\u00adt\u00e0<\/strong>. Dopo aver supe\u00adra\u00adto ogni esa\u00adme, puoi con\u00adti\u00adnua\u00adre gli stu\u00addi per otte\u00adne\u00adre una qua\u00adli\u00adfi\u00adca di livel\u00adlo supe\u00adrio\u00adre. Anche se hai abban\u00addo\u00adna\u00adto la scuo\u00adla, puoi recu\u00adpe\u00adra\u00adre la tua qua\u00adli\u00adfi\u00adca in segui\u00adto. Puoi far\u00adlo, ad esem\u00adpio, in una scuo\u00adla pro\u00adfes\u00adsio\u00adna\u00adle.     <br><br><strong>I diver\u00adsi tipi di scuo\u00adla<\/strong><br>Il Bil\u00addung\u00adsna\u00advi Baden W\u00fcrt\u00adtem\u00adberg mostra le pos\u00adsi\u00adbi\u00adli\u00adt\u00e0 e spie\u00adga i diver\u00adsi tipi di scuo\u00adla: <a href=\"http:\/\/bildungsnavi-bw.de\" target=\"_blank\" rel=\"noreferrer noopener\">http:\/\/bildungsnavi-bw.de<\/a><\/p><\/div>\n<\/div><\/div><\/div>\n<\/details>\n\n<h2 class=\"wp-block-heading has-text-color\" id=\"my-child-doesn-t-speak-german-where-can-they-go-to-school\" style=\"color:#124e71\">Mio figlio non par\u00adla tede\u00adsco. Dove pos\u00adso\u00adno anda\u00adre a scuola?&nbsp;<\/h2>\n\n<p><strong><span style=\"color: #970773;\" class=\"stk-highlight\">Scuo\u00adla pri\u00adma\u00adria<\/span><\/strong><br><strong>I bam\u00adbi\u00adni che non par\u00adla\u00adno anco\u00adra il tede\u00adsco<\/strong> ven\u00adgo\u00adno inse\u00adri\u00adti in una <em><strong>Vor\u00adbe\u00adrei\u00adtung\u00adsklas\u00adse<\/strong><\/em> (clas\u00adse pre\u00adpa\u00adra\u00adto\u00adria) per impa\u00adra\u00adre la lin\u00adgua. Il vostro bam\u00adbi\u00adno fre\u00adquen\u00adte\u00adr\u00e0 la scuo\u00adla pri\u00adma\u00adria loca\u00adle. Que\u00adsto dipen\u00adde da dove vivi. <br><strong><a href=\"https:\/\/www.karlsruhe.de\/bildung-soziales\/liste-schulen\" rel=\"noopener\">Scuo\u00adle a Karlsruhe<\/a><\/strong><\/p>\n\n<h3 class=\"wp-block-heading\"><span style=\"color: #09928a;\" class=\"stk-highlight\">Come fac\u00adcio a iscri\u00adve\u00adre mio figlio a una scuola?<\/span><\/h3>\n\n<p><strong>Regi\u00adstra\u00adte il vostro bam\u00adbi\u00adno diret\u00adta\u00admen\u00adte pres\u00adso la scuo\u00adla.<\/strong>  Fis\u00adsa un appun\u00adta\u00admen\u00adto per l\u2019i\u00adscri\u00adzio\u00adne pres\u00adso la segre\u00adte\u00adria del\u00adla scuo\u00adla e por\u00adta tuo figlio di per\u00adso\u00adna all\u2019appuntamento.<\/p>\n\n<p><strong><span style=\"color: #820979;\" class=\"stk-highlight\">Scuo\u00adla secon\u00adda\u00adria<\/span><\/strong><br>Se tuo figlio ha tra gli <strong>11 e i 15 anni<\/strong> ma non par\u00adla anco\u00adra tede\u00adsco, puoi iscri\u00adver\u00adlo a una <strong><em>Vor\u00adbe\u00adrei\u00adtung\u00adsklas\u00adse<\/em> (clas\u00adse pre\u00adpa\u00adra\u00adto\u00adria, VKL) <\/strong>pres\u00adso una scuo\u00adla secon\u00adda\u00adria. A tal fine, si pre\u00adga di con\u00adtat\u00adta\u00adre una del\u00adle scuo\u00adle indi\u00adca\u00adte di segui\u00adto. Il bam\u00adbi\u00adno ver\u00adr\u00e0 quin\u00addi iscrit\u00adto a una scuo\u00adla adeguata.<\/p>\n\n<div class=\"wp-block-ugb-columns ugb-columns ugb-37bbe50 ugb-columns--design-plain ugb-columns--columns-2 ugb-main-block\"><div class=\"ugb-inner-block\"><div class=\"ugb-block-content\"><div class=\"ugb-columns__item ugb-37bbe50-content-wrapper\">\n<div class=\"wp-block-ugb-column ugb-column ugb-2a29cd7 ugb-column--design-plain ugb-main-block\"><div class=\"ugb-inner-block\"><div class=\"ugb-block-content\"><div class=\"ugb-column__item ugb-2a29cd7-column-wrapper\"><div class=\"ugb-column__content-wrapper\">\n<p class=\"has-text-align-left\"><strong>Guten\u00adberg\u00adschu\u00adle (GWRS)<\/strong><br>\ud83d\udccd Goe\u00adthe\u00adstra\u00dfe 34<br>76135 Karl\u00adsru\u00adhe<br>\ud83d\udce7 <a href=\"mailto:info@gutenbergschulekarlsruhe.de\">info@gutenbergschulekarlsruhe.de<\/a><br>\ud83d\udcde +49 (0)721 (0)133 \u20114674<\/p>\n<\/div><\/div><\/div><\/div><\/div>\n\n\n\n<div class=\"wp-block-ugb-column ugb-column ugb-83bfdc6 ugb-column--design-plain ugb-main-block\"><div class=\"ugb-inner-block\"><div class=\"ugb-block-content\"><div class=\"ugb-column__item ugb-83bfdc6-column-wrapper\"><div class=\"ugb-column__content-wrapper\">\n<p><strong>Pesta\u00adloz\u00adzi\u00adschu\u00adle (GWRS)<\/strong><br>\ud83d\udccd Chri\u00adstof\u00adstra\u00dfe 23<br>76227 Karl\u00adsru\u00adhe<br>\ud83d\udce7 <a href=\"mailto:poststelle@pestalozzischule-ka.schule.bwl.de\">poststelle@pestalozzischule-ka.schule.bwl.de<\/a><br>\ud83d\udcde +49 (0)721 (0)133 \u20114707<\/p>\n<\/div><\/div><\/div><\/div><\/div>\n<\/div><\/div><\/div><\/div>\n\n<p><strong>Gio\u00adva\u00adni a par\u00adti\u00adre da 16 anni<\/strong><br>I gio\u00adva\u00adni a par\u00adti\u00adre da 16 anni pos\u00adso\u00adno esse\u00adre iscrit\u00adti \u2014 o iscri\u00adver\u00adsi \u2014 a una <em><strong>Vor\u00adbe\u00adrei\u00adtung\u00adsklas\u00adse<\/strong><\/em> (clas\u00adse pre\u00adpa\u00adra\u00adto\u00adria, VABO) pres\u00adso un isti\u00adtu\u00adto pro\u00adfes\u00adsio\u00adna\u00adle. I cor\u00adsi VABO pre\u00adpa\u00adra\u00adno i gio\u00adva\u00adni agli esa\u00admi di lin\u00adgua tede\u00adsca di livel\u00adlo A2-B1. Puoi iscri\u00adver\u00adti a un cor\u00adso VABO onli\u00adne <a href=\"https:\/\/wes.karlsruhe.de\/anmeldung\/\" rel=\"noopener\"><strong>qui<\/strong><\/a> <\/p>\n\n<p>Dopo il cor\u00adso VABO, \u00e8 pos\u00adsi\u00adbi\u00adle pre\u00adpa\u00adrar\u00adsi a con\u00adse\u00adgui\u00adre il diplo\u00adma di matu\u00adri\u00adt\u00e0 tede\u00adsca. Gli isti\u00adtu\u00adti pro\u00adfes\u00adsio\u00adna\u00adli offro\u00adno cer\u00adti\u00adfi\u00adca\u00adti di matu\u00adri\u00adt\u00e0 in diver\u00adse materie.&nbsp;<\/p>\n\n<div class=\"wp-block-ugb-spacer ugb-spacer ugb-6644542 ugb-spacer--v2 ugb-main-block\"><div class=\"ugb-inner-block\"><div class=\"ugb-block-content\"><div class=\"ugb-spacer--inner\"><\/div><\/div><\/div><\/div>\n\n<h2 class=\"wp-block-heading has-text-color\" id=\"my-child-already-speaks-german-where-can-they-go-to-school\" style=\"color:#124e71\">Mio figlio par\u00adla gi\u00e0 il tede\u00adsco. Dove pos\u00adso\u00adno anda\u00adre a scuola?&nbsp;<\/h2>\n\n<p>Se tuo figlio par\u00adla tede\u00adsco e pu\u00f2 fre\u00adquen\u00adta\u00adre una scuo\u00adla nor\u00adma\u00adle, <strong>puoi con\u00adtat\u00adta\u00adre diret\u00adta\u00admen\u00adte una scuo\u00adla<\/strong>. Sare\u00adte avvi\u00adsa\u00adti dal\u00adla dire\u00adzio\u00adne del\u00adla scuo\u00adla. Puoi tro\u00adva\u00adre un elen\u00adco di scuo\u00adle pub\u00adbli\u00adche e pri\u00adva\u00adte a Karl\u00adsru\u00adhe <strong><a href=\"https:\/\/www.karlsruhe.de\/bildung-soziales\/schulstadt-karlsruhe\" rel=\"noopener\">qui<\/a><\/strong> <\/p>\n\n<p><strong>\ud83d\udca1<\/strong> A Karl\u00adsru\u00adhe ci sono anche <strong>scuo\u00adle con clas\u00adsi bilin\u00adgue<\/strong> e una Scuo\u00adla Euro\u00adpea con lezio\u00adni rego\u00adla\u00adri in tede\u00adsco, ingle\u00adse o francese.<\/p>\n\n<h3 class=\"wp-block-heading has-text-color\" id=\"what-documents-should-i-take-with-me-when-i-register\" style=\"color:#124e71\">Qua\u00adli docu\u00admen\u00adti devo por\u00adta\u00adre con me quan\u00addo mi registro?<\/h3>\n\n<ul class=\"wp-block-list\">\n<li>Il cer\u00adti\u00adfi\u00adca\u00adto di nasci\u00adta del bambino<\/li>\n\n\n\n<li>Il pas\u00adsa\u00adpor\u00adto del bambino<\/li>\n\n\n\n<li>Il pro\u00adprio passaporto<\/li>\n\n\n\n<li>pagel\u00adle sco\u00adla\u00adsti\u00adche (se dispo\u00adni\u00adbi\u00adli) per l\u2019i\u00adscri\u00adzio\u00adne a una scuo\u00adla secon\u00adda\u00adria di secon\u00addo&nbsp;grado<\/li>\n<\/ul>\n","protected":false},"excerpt":{"rendered":"<p>Il tuo bam\u00adbi\u00adno pu\u00f2 anda\u00adre a scuo\u00adla e devi iscri\u00adver\u00adlo a una scuo\u00adla entro sei mesi dal suo arri\u00advo in Ger\u00adma\u00adnia. La fre\u00adquen\u00adza sco\u00adla\u00adsti\u00adca \u00e8 obbli\u00adga\u00adto\u00adria.Visi\u00adta il muni\u00adci\u00adpio loca\u00adle per&nbsp;<a class=\"moretag\" href=\"https:\/\/www.anika-net.de\/it\/primi-passi\/bambini-e-famiglia\/iscrivere-a-scuola-i-bambini\/\">leg\u00adgi&nbsp;tutto<\/a><\/p>\n","protected":false},"author":12,"featured_media":0,"parent":32288,"menu_order":11,"comment_status":"closed","ping_status":"closed","template":"","meta":{"_acf_changed":false,"inline_featured_image":false,"_uag_custom_page_level_css":"","wp_typography_post_enhancements_disabled":false,"footnotes":""},"class_list":["post-32319","page","type-page","status-publish","hentry"],"acf":[],"featured_image_urls_v2":{"full":"","thumbnail":"","medium":"","medium_large":"","large":"","1536x1536":"","2048x2048":"","event-overview":"","event-archive-thumb":"","grid-item-thumbnail":"","network-partner-icon":"","organiser-icon":"","gform-image-choice-sm":"","gform-image-choice-md":"","gform-image-choice-lg":""},"post_excerpt_stackable_v2":"<p>Il tuo bam\u00adbi\u00adno pu\u00f2 anda\u00adre a scuo\u00adla e devi iscri\u00adver\u00adlo a una scuo\u00adla entro sei mesi dal suo arri\u00advo in Ger\u00adma\u00adnia. La fre\u00adquen\u00adza sco\u00adla\u00adsti\u00adca \u00e8 obbli\u00adga\u00adto\u00adria.Visi\u00adta il muni\u00adci\u00adpio loca\u00adle per cono\u00adsce\u00adre le opzio\u00adni sco\u00adla\u00adsti\u00adche di tuo figlio. Sono dispo\u00adni\u00adbi\u00adli cor\u00adsi per aiu\u00adta\u00adre tuo figlio a impa\u00adra\u00adre il tede\u00adsco. Puoi tro\u00adva\u00adre mag\u00adgio\u00adri infor\u00adma\u00adzio\u00adni qui. Date di iscri\u00adzio\u00adne alle scuo\u00adle pri\u00adma\u00adrie Sca\u00adden\u00adza: 30 giu\u00adgno (il bam\u00adbi\u00adno deve aver com\u00adpiu\u00adto 6 anni entro que\u00adsta data)Rice\u00adve\u00adrai una let\u00adte\u00adra dal\u00adla scuo\u00adla. Se non l\u2019hai rice\u00advu\u00adta, iscri\u00advi\u00adti pres\u00adso la scuo\u00adla del\u00adla tua zona.Iscri\u00adzio\u00adni: 15 set\u00adtem\u00adbre 2025 Infor\u00adma\u00adzio\u00adni sul\u00adl\u2019i\u00adscri\u00adzio\u00adne a scuo\u00adla (scuo\u00adla pri\u00adma\u00adria) qui Date di iscrizione\u2026<\/p>\n","category_list_v2":"","author_info_v2":{"name":"Andrea Ramirez","url":"https:\/\/www.anika-net.de\/it\/author\/andrea-ramirez\/"},"comments_num_v2":"0 commenti","uagb_featured_image_src":{"full":false,"thumbnail":false,"medium":false,"medium_large":false,"large":false,"1536x1536":false,"2048x2048":false,"event-overview":false,"event-archive-thumb":false,"grid-item-thumbnail":false,"network-partner-icon":false,"organiser-icon":false,"gform-image-choice-sm":false,"gform-image-choice-md":false,"gform-image-choice-lg":false},"uagb_author_info":{"display_name":"Andrea Ramirez","author_link":"https:\/\/www.anika-net.de\/it\/author\/andrea-ramirez\/"},"uagb_comment_info":0,"uagb_excerpt":"Il tuo bam\u00adbi\u00adno pu\u00f2 anda\u00adre a scuo\u00adla e devi iscri\u00adver\u00adlo a una scuo\u00adla entro sei mesi dal suo arri\u00advo in Ger\u00adma\u00adnia. La fre\u00adquen\u00adza sco\u00adla\u00adsti\u00adca \u00e8 obbli\u00adga\u00adto\u00adria.Visi\u00adta il muni\u00adci\u00adpio loca\u00adle per&nbsp;leggi tutto","_links":{"self":[{"href":"https:\/\/www.anika-net.de\/it\/wp-json\/wp\/v2\/pages\/32319","targetHints":{"allow":["GET"]}}],"collection":[{"href":"https:\/\/www.anika-net.de\/it\/wp-json\/wp\/v2\/pages"}],"about":[{"href":"https:\/\/www.anika-net.de\/it\/wp-json\/wp\/v2\/types\/page"}],"author":[{"embeddable":true,"href":"https:\/\/www.anika-net.de\/it\/wp-json\/wp\/v2\/users\/12"}],"replies":[{"embeddable":true,"href":"https:\/\/www.anika-net.de\/it\/wp-json\/wp\/v2\/comments?post=32319"}],"version-history":[{"count":2,"href":"https:\/\/www.anika-net.de\/it\/wp-json\/wp\/v2\/pages\/32319\/revisions"}],"predecessor-version":[{"id":58272,"href":"https:\/\/www.anika-net.de\/it\/wp-json\/wp\/v2\/pages\/32319\/revisions\/58272"}],"up":[{"embeddable":true,"href":"https:\/\/www.anika-net.de\/it\/wp-json\/wp\/v2\/pages\/32288"}],"wp:attachment":[{"href":"https:\/\/www.anika-net.de\/it\/wp-json\/wp\/v2\/media?parent=32319"}],"curies":[{"name":"wp","href":"https:\/\/api.w.org\/{rel}","templated":true}]}}