{"id":62849,"date":"2025-06-25T11:40:54","date_gmt":"2025-06-25T09:40:54","guid":{"rendered":"https:\/\/www.anika-net.de\/event\/mentorstvo-u-karlsruheu-zatrazite-podrsku-ucite-povezite-se\/"},"modified":"2025-06-25T11:40:54","modified_gmt":"2025-06-25T09:40:54","slug":"mentorstvo-u-karlsruheu-zatrazite-podrsku-ucite-povezite-se","status":"publish","type":"event","link":"https:\/\/www.anika-net.de\/hr\/event\/mentorstvo-u-karlsruheu-zatrazite-podrsku-ucite-povezite-se\/","title":{"rendered":"Men\u00adtor\u00adstvo u Kar\u00adl\u00adsru\u00adheu \u2013 Zatra\u00ad\u017ei\u00adte podr\u00ad\u0161ku, u\u010di\u00adte, pove\u00ad\u017ei\u00adte&nbsp;se"},"content":{"rendered":"<blockquote>\n<h3><em><span style=\"color: #666699;\">Tra\u00ad\u017ei\u00adte smjer\u00adni\u00adce, podr\u00ad\u0161ku ili neko\u00adga tko vam mo\u017ee pomo\u00ad\u0107i da se sna\u00ad\u0111e\u00adte u Karlsruheu?<\/span><\/em><\/h3>\n<\/blockquote>\n<h1><span style=\"color: #ffcc00;\">Men\u00adtor\u00adstvo u Kar\u00adl\u00adsru\u00adheu <span style=\"color: #008080;\">\u2013 Zatra\u00ad\u017ei\u00adte podr\u00ad\u0161ku, u\u010di\u00adte, pove\u00ad\u017ei\u00adte&nbsp;se<\/span><\/span><\/h1>\n<h3 data-start=\"295\" data-end=\"337\">Poma\u00ad\u017ee\u00admo vam da se smjes\u00adti\u00adte, u\u010di\u00adte i rastete<\/h3>\n<p data-start=\"339\" data-end=\"539\">Jes\u00adte li novi u Kar\u00adl\u00adsru\u00adheu i tra\u00ad\u017ei\u00adte podr\u00ad\u0161ku, smjer\u00adni\u00adce ili kon\u00adtakt?<br data-start=\"413\" data-end=\"416\"> <strong>Men\u00adtor\u00adski pro\u00adgra\u00admi<\/strong> mogu vam pomo\u00ad\u0107i da se osje\u00ad\u0107a\u00adte kao kod ku\u0107e, nau\u010di\u00adte jezik, izgra\u00addi\u00adte pri\u00adja\u00adtelj\u00adstva i ras\u00adte\u00adte pro\u00adfe\u00adsi\u00adonal\u00adno ili osobno.<\/p>\n<p data-start=\"541\" data-end=\"737\">Na ovoj stra\u00adni\u00adci pro\u00adna\u00ad\u0107i \u0107ete pre\u00adgled men\u00adtor\u00adskih ini\u00adci\u00adja\u00adti\u00adva koje nude raz\u00adli\u00ad\u010di\u00adte orga\u00adni\u00adza\u00adci\u00adje u Kar\u00adl\u00adsru\u00adheu \u2013 za stu\u00adden\u00adte, novo\u00adpri\u00addo\u0161\u00adle, migran\u00adte i sve koji \u017eele podr\u00ad\u017ea\u00adti ili biti podr\u017eani.<\/p>\n<h2 data-start=\"541\" data-end=\"737\"><span style=\"color: #666699;\"><strong>Men\u00adtor\u00adski pro\u00adgra\u00admi<\/strong> <span style=\"color: #008080;\"><strong>u Kar\u00adl\u00adsru\u00adheu<\/strong><\/span><\/span><\/h2>\n<h3 data-start=\"164\" data-end=\"219\"><strong data-start=\"168\" data-end=\"219\">\ud83d\udcd8 <span style=\"color: #008080;\">Indi\u00advi\u00addu\u00adal\u00adna podr\u00ad\u0161ka za u\u010de\u00adnje nje\u00adma\u010d\u00adkog jezika<\/span><\/strong><\/h3>\n<ul>\n<li data-start=\"223\" data-end=\"310\"><strong data-start=\"223\" data-end=\"240\">Za koga je nami\u00adje\u00adnje\u00adno:<\/strong> Lju\u00addi\u00adma koji ima\u00adju pote\u00ad\u0161ko\u00ad\u0107a s u\u010din\u00adko\u00advi\u00adtim u\u010de\u00adnjem na stan\u00addard\u00adnim jezi\u010d\u00adnim te\u010dajevima<\/li>\n<li data-start=\"223\" data-end=\"310\"><strong data-start=\"313\" data-end=\"332\">\u0160to nudi:<\/strong> Indi\u00advi\u00addu\u00adal\u00adne ili grup\u00adne lek\u00adci\u00adje nje\u00adma\u010d\u00adkog jezi\u00adka pri\u00adla\u00adgo\u00ad\u0111e\u00adne va\u0161im potrebama<\/li>\n<li data-start=\"223\" data-end=\"310\"><strong data-start=\"399\" data-end=\"413\">Orga\u00adni\u00adza\u00adtor:<\/strong> <strong data-start=\"600\" data-end=\"614\">\u2197 <a href=\"https:\/\/www.awo-karlsruhe.de\/mitmachen\/ehrenamt\/\" rel=\"noopener\">AWO Kar\u00adl\u00adsru\u00adhe<\/a><\/strong><\/li>\n<li data-start=\"223\" data-end=\"310\"><strong data-start=\"430\" data-end=\"444\">Finan\u00adci\u00adra:<\/strong> BfI<\/li>\n<li data-start=\"223\" data-end=\"310\"><strong data-start=\"451\" data-end=\"470\">Kon\u00adtakt oso\u00adba:<\/strong> Espe\u00adran\u00adza Del Real<br data-start=\"493\" data-end=\"496\"> \ud83d\udcde 0721 35 007 \u2013 144<br data-start=\"518\" data-end=\"521\"> \ud83d\udce7 <a class=\"cursor-pointer\" rel=\"noopener\" data-start=\"526\" data-end=\"560\">fluechtlingshilfe@awo-karlsruhe.de<\/a>&nbsp;<\/li>\n<li>\ud83d\udd17 <a href=\"https:\/\/www.anika-net.de\/hr\/event\/individualna-podrska-za-ucenje-njemackog-jezika\/\"><strong>Vi\u0161e infor\u00adma\u00adci\u00adja<\/strong><\/a><\/li>\n<\/ul>\n<hr>\n<h3 data-start=\"123\" data-end=\"182\"><strong data-start=\"127\" data-end=\"182\">\ud83d\udde3\ufe0f <span style=\"color: #008080;\">Jezi\u010d\u00adni tan\u00addem <span style=\"color: #666699;\">\u2013 U\u010di\u00adte jezi\u00adke na jed\u00adnos\u00adta\u00advan&nbsp;na\u010din!<\/span><\/span><\/strong><\/h3>\n<ul data-start=\"184\" data-end=\"587\">\n<li data-start=\"184\" data-end=\"272\">\n<p data-start=\"186\" data-end=\"272\"><strong data-start=\"186\" data-end=\"203\">Za koga je nami\u00adje\u00adnje\u00adno:<\/strong> Stu\u00adden\u00adti\u00adma koji \u017eele nau\u010di\u00adti ili usa\u00advr\u00ad\u0161i\u00adti nje\u00adma\u010d\u00adki ili bilo koji dru\u00adgi&nbsp;jezik<\/p>\n<\/li>\n<li data-start=\"184\" data-end=\"272\">\n<p data-start=\"186\" data-end=\"272\"><strong data-start=\"275\" data-end=\"294\">\u0160to nudi:<\/strong> Pro\u00adna\u00ad\u0111i\u00adte jezi\u010d\u00adnog part\u00adne\u00adra za me\u0111u\u00adsob\u00adno u\u010de\u00adnje \u2013 brzo, bes\u00adplat\u00adno i flek\u00adsi\u00adbil\u00adno!<br data-start=\"366\" data-end=\"369\">Mo\u017ee\u00adte pre\u00adgle\u00adda\u00adti tre\u00adnut\u00adne ponu\u00adde za tan\u00adde\u00adme ili obja\u00advi\u00adti vlas\u00adti\u00adti&nbsp;oglas.<\/p>\n<\/li>\n<li data-start=\"184\" data-end=\"272\">\n<p data-start=\"186\" data-end=\"272\"><strong data-start=\"432\" data-end=\"446\">Orga\u00adni\u00adza\u00adtor:<\/strong> Me\u0111u\u00adna\u00adrod\u00adni stu\u00addent\u00adski cen\u00adtar \u2014 <strong data-start=\"600\" data-end=\"614\">\u2197<\/strong> <a href=\"https:\/\/www.sw-ka.de\/de\/international\/tandem\/\" rel=\"noopener\"><strong>Stu\u00addij\u00adski centar<\/strong><\/a><\/p>\n<\/li>\n<li data-start=\"184\" data-end=\"272\">\n<p data-start=\"186\" data-end=\"272\"><strong data-start=\"523\" data-end=\"542\">Kon\u00adtakt oso\u00adba:<\/strong> Laura Liefke<br>\n \ud83d\udcde 0721 6909\u2013203<br data-start=\"576\" data-end=\"579\">\ud83d\udce7 l <a class=\"cursor-pointer\" rel=\"noopener\" data-start=\"584\" data-end=\"605\">aura.liefke@sw-ka.de<\/a><\/p>\n<hr>\n<\/li>\n<\/ul>\n<h3 data-start=\"90\" data-end=\"146\"><strong data-start=\"94\" data-end=\"146\">\ud83c\udf0d <span style=\"color: #008080;\">Per\u00ads\u00adpek\u00adti\u00adva sada! <span style=\"color: #666699;\">\u2013 Nau\u010di\u00adte nje\u00adma\u010d\u00adki i potra\u00ad\u017ei\u00adte podr\u0161ku<\/span><\/span><\/strong><\/h3>\n<ul data-start=\"148\" data-end=\"614\">\n<li data-start=\"148\" data-end=\"204\">\n<p data-start=\"150\" data-end=\"204\"><strong data-start=\"150\" data-end=\"167\">Za koga je nami\u00adje\u00adnje\u00adno:<\/strong> Mla\u00addi\u00adma iz cije\u00adlog svijeta<\/p>\n<\/li>\n<li data-start=\"148\" data-end=\"204\">\n<p data-start=\"150\" data-end=\"204\"><strong data-start=\"207\" data-end=\"226\">\u0160to nudi:<\/strong> U\u010de\u00adnje nje\u00adma\u010d\u00adkog jezi\u00adka u tan\u00adde\u00admu ili gru\u00adpi, uz podr\u00ad\u0161ku za \u0161ko\u00adlu, obu\u00adku i sva\u00adkod\u00adnev\u00adna pitanja<\/p>\n<\/li>\n<li data-start=\"331\" data-end=\"368\">\n<p data-start=\"333\" data-end=\"368\"><strong data-start=\"333\" data-end=\"342\">Kada:<\/strong> sri\u00adje\u00addom, 16:00\u201318:00<\/p>\n<\/li>\n<li data-start=\"369\" data-end=\"409\">\n<p data-start=\"371\" data-end=\"409\"><strong data-start=\"371\" data-end=\"385\">Orga\u00adni\u00adza\u00adtor:<\/strong> Per\u00ads\u00adpek\u00adti\u00adve Now \u2013&nbsp;ibz<br>\n <strong data-start=\"412\" data-end=\"426\">Finan\u00adci\u00adra:<\/strong> Grad Karlsruhe<\/p>\n<\/li>\n<li data-start=\"447\" data-end=\"545\">\n<p data-start=\"449\" data-end=\"545\"><strong data-start=\"449\" data-end=\"468\">Kon\u00adtakt oso\u00adba:<\/strong> Anni\u00adka Her\u00adtel<br data-start=\"482\" data-end=\"485\">\ud83d\udcde 0157 38182177<br data-start=\"503\" data-end=\"506\">\ud83d\udce7 <a class=\"cursor-pointer\" rel=\"noopener\" data-start=\"511\" data-end=\"543\">perspektiva-now@ibz-karlsruhe.de<\/a><\/p>\n<\/li>\n<li data-start=\"546\" data-end=\"614\">\n<p data-start=\"548\" data-end=\"614\">\ud83d\udd17 <strong><a class href=\"https:\/\/www.anika-net.de\/hr\/event\/perspektiva-sada-plus\/\" target=\"_new\" rel=\"noopener\" data-start=\"551\" data-end=\"614\">Vi\u0161e infor\u00adma\u00adci\u00adja<\/a><\/strong><\/p>\n<hr>\n<\/li>\n<\/ul>\n<h3 data-start=\"130\" data-end=\"193\"><strong data-start=\"134\" data-end=\"193\">\ud83e\udd1d <span style=\"color: #800080;\">Me\u0111u\u00adna\u00adrod\u00adni pro\u00adgram pri\u00adja\u00adtelj\u00adstva <span style=\"color: #666699;\">\u2013 Upoz\u00adnaj\u00adte se, pove\u00ad\u017ei\u00adte se, podr\u017eite<\/span><\/span><\/strong><\/h3>\n<ul data-start=\"195\" data-end=\"665\">\n<li data-start=\"195\" data-end=\"250\">\n<p data-start=\"197\" data-end=\"250\"><strong data-start=\"197\" data-end=\"214\">Za koga je nami\u00adje\u00adnje\u00adno:<\/strong> Novi me\u0111u\u00adna\u00adrod\u00adni stu\u00adden\u00adti na KIT\u2011u<\/p>\n<\/li>\n<li data-start=\"251\" data-end=\"450\">\n<p data-start=\"253\" data-end=\"450\"><strong data-start=\"253\" data-end=\"272\">\u0160to nudi:<\/strong> Plat\u00adfor\u00adma za pove\u00adzi\u00adva\u00adnje s iskus\u00adnim KIT stu\u00adden\u00adti\u00adma.<br data-start=\"325\" data-end=\"328\">Izgra\u00addi\u00adte svo\u00adju dru\u0161\u00adtve\u00adnu mre\u00ad\u017eu, razvij\u00adte inter\u00adkul\u00adtu\u00adral\u00adne vje\u00ad\u0161ti\u00adne i podr\u00ad\u017ea\u00advaj\u00adte se kroz dije\u00adlje\u00adnje zna\u00adnja i iskustva.<\/p>\n<\/li>\n<li data-start=\"452\" data-end=\"497\">\n<p data-start=\"454\" data-end=\"497\"><strong data-start=\"454\" data-end=\"468\">Orga\u00adni\u00adza\u00adtor: \u2197<\/strong> <a href=\"https:\/\/www.intl.kit.edu\/istudent\/10402.php\" rel=\"noopener\"><strong>Me\u0111u\u00adna\u00adrod\u00adni ured \u2013&nbsp;KIT<\/strong><\/a><\/p>\n<\/li>\n<li data-start=\"498\" data-end=\"520\"><strong data-start=\"523\" data-end=\"542\">Kon\u00adtakt oso\u00adba:<\/strong> Annet\u00adte Seiter (koor\u00addi\u00adna\u00adto\u00adri\u00adca)<br data-start=\"571\" data-end=\"574\"> \ud83d\udce7 <a class=\"cursor-pointer\" rel=\"noopener\" data-start=\"579\" data-end=\"601\">annette.seiter@kit.edu<\/a><\/li>\n<li data-start=\"604\" data-end=\"665\">\n<p data-start=\"606\" data-end=\"665\">\ud83d\udd17 <a class href=\"https:\/\/www.intl.kit.edu\/istudent\/10402.php\" target=\"_new\" rel=\"noopener\" data-start=\"609\" data-end=\"665\"><strong>Vi\u0161e infor\u00adma\u00adci\u00adja<\/strong><\/a><\/p>\n<\/li>\n<\/ul>\n<hr>\n<h3 data-start=\"129\" data-end=\"185\"><strong data-start=\"133\" data-end=\"185\">\ud83e\udded <span style=\"color: #800080;\">Podr\u00ad\u0161ka pri\u00adja\u00adte\u00adlja <span style=\"color: #666699;\">\u2013 Pro\u00adna\u00ad\u0111i\u00adte lokal\u00adnog vodi\u00ad\u010da u Njema\u010dkoj<\/span><\/span><\/strong><\/h3>\n<ul data-start=\"187\" data-end=\"670\">\n<li data-start=\"187\" data-end=\"280\">\n<p data-start=\"189\" data-end=\"280\"><strong data-start=\"189\" data-end=\"206\">Za koga je nami\u00adje\u00adnje\u00adno:<\/strong> Novo\u00adpri\u00addo\u0161\u00adli\u00adma koji tra\u00ad\u017ee osob\u00adno vod\u00adstvo u svo\u00adjim prvim kora\u00adci\u00adma u Njema\u010dkoj<\/p>\n<\/li>\n<li data-start=\"281\" data-end=\"452\">\n<p data-start=\"283\" data-end=\"452\"><strong data-start=\"283\" data-end=\"302\">\u0160to nudi:<\/strong> Upa\u00adri\u00adte se s lokal\u00adnim \u201epri\u00adja\u00adte\u00adljem\u201d koji vam poma\u00ad\u017ee s dnev\u00adnim iza\u00adzo\u00advi\u00adma, pra\u00adti vas na sas\u00adtan\u00adke i podr\u00ad\u017ea\u00adva vas u pri\u00adla\u00adgod\u00adbi na novi&nbsp;\u017eivot.<\/p>\n<\/li>\n<li data-start=\"454\" data-end=\"520\">\n<p data-start=\"456\" data-end=\"520\"><strong data-start=\"456\" data-end=\"470\">Orga\u00adni\u00adza\u00adtor:<\/strong> Me\u0111u\u00adna\u00adrod\u00adni stu\u00addent\u00adski cen\u00adtar \u2013 <strong data-start=\"600\" data-end=\"614\">\u2197<\/strong> <a href=\"https:\/\/www.sw-ka.de\/de\/international\/paten\/\" rel=\"noopener\"><strong>Stu\u00addi\u00aderen\u00addenwerk<\/strong><\/a><\/p>\n<\/li>\n<li data-start=\"521\" data-end=\"607\">\n<p data-start=\"523\" data-end=\"607\"><strong data-start=\"523\" data-end=\"542\">Kon\u00adtakt oso\u00adba:<\/strong> Laura Lief\u00adke<br data-start=\"555\" data-end=\"558\">\ud83d\udcde 0721 6909\u2013203<br data-start=\"576\" data-end=\"579\">\ud83d\udce7 l <a class=\"cursor-pointer\" rel=\"noopener\" data-start=\"584\" data-end=\"605\">aura.liefke@sw-ka.de<\/a><\/p>\n<\/li>\n<\/ul>\n<hr>\n<h3 data-start=\"146\" data-end=\"197\"><strong data-start=\"150\" data-end=\"197\">\ud83d\udc6d <span style=\"color: #800080;\">Patin\u00adnen\u00adPro\u00adjekt<\/span> <span style=\"color: #666699;\">\u2013 \u017dene podr\u00ad\u017ea\u00adva\u00adju&nbsp;\u017eene<\/span><\/strong><\/h3>\n<ul data-start=\"199\" data-end=\"769\">\n<li data-start=\"199\" data-end=\"291\">\n<p data-start=\"201\" data-end=\"291\"><strong data-start=\"201\" data-end=\"218\">Za koga je nami\u00adje\u00adnje\u00adno:<\/strong> Migran\u00adt\u00adki\u00adnje i lokal\u00adno sta\u00adnov\u00adni\u0161\u00adtvo zain\u00adte\u00adre\u00adsi\u00adra\u00adne za kul\u00adtur\u00adnu raz\u00admje\u00adnu i povezivanje<\/p>\n<\/li>\n<li data-start=\"292\" data-end=\"481\">\n<p data-start=\"294\" data-end=\"481\"><strong data-start=\"294\" data-end=\"313\">\u0160to nudi:<\/strong> Sigu\u00adran pros\u00adtor za pri\u00adja\u00adtelj\u00adstvo i me\u0111u\u00adsob\u00adno u\u010de\u00adnje kroz tan\u00adde\u00adme i redo\u00advi\u00adte grup\u00adne sas\u00adtan\u00adke.<br data-start=\"405\" data-end=\"408\">Upoz\u00adnaj\u00adte me\u0111u\u00adsob\u00adne na\u010di\u00adne \u017eivo\u00adta i izgra\u00addi\u00adte podr\u00ad\u017ea\u00adva\u00adju\u00ad\u0107e odnose.<\/p>\n<\/li>\n<li data-start=\"483\" data-end=\"519\">\n<p data-start=\"485\" data-end=\"519\"><strong data-start=\"485\" data-end=\"494\">Kada:<\/strong> \u010det\u00advrt\u00adkom, 15:30\u201317:30<\/p>\n<\/li>\n<li data-start=\"520\" data-end=\"560\">\n<p data-start=\"522\" data-end=\"560\"><strong data-start=\"522\" data-end=\"536\">Orga\u00adni\u00adza\u00adtor:<\/strong> Patin\u00adnen\u00adPro\u00adjekt \u2013&nbsp;ibz<br>\n <strong data-start=\"563\" data-end=\"577\">Finan\u00adci\u00adra:<\/strong> Grad Karlsruhe<\/p>\n<\/li>\n<li data-start=\"598\" data-end=\"700\">\n<p data-start=\"600\" data-end=\"700\"><strong data-start=\"600\" data-end=\"619\">Kon\u00adtakt oso\u00adba:<\/strong> Andrea Ben\u00adgert<br data-start=\"634\" data-end=\"637\">\ud83d\udcde 0721 89 33 37 13<br data-start=\"658\" data-end=\"661\">\ud83d\udce7 <a class=\"cursor-pointer\" rel=\"noopener\" data-start=\"666\" data-end=\"698\">patinnenprojekt@ibz-karlsruhe.de<\/a><\/p>\n<\/li>\n<li data-start=\"701\" data-end=\"769\">\n<p data-start=\"703\" data-end=\"769\">\ud83d\udd17 <strong><a class href=\"https:\/\/www.anika-net.de\/hr\/event\/patinnenprojekt-projekt-kume\/\" target=\"_new\" rel=\"noopener\" data-start=\"706\" data-end=\"769\">Vi\u0161e infor\u00adma\u00adci\u00adja<\/a><\/strong><\/p>\n<\/li>\n<\/ul>\n<hr>\n<h3 data-start=\"132\" data-end=\"198\"><strong data-start=\"136\" data-end=\"198\">\ud83d\udcbb <span style=\"color: #ff9900;\">Edu\u00adRef men\u00adtor\u00adstvo <span style=\"color: #666699;\">\u2013 Nau\u010di\u00adte pro\u00adgra\u00admi\u00adra\u00adti s osob\u00adnim mentorom<\/span><\/span><\/strong><\/h3>\n<ul>\n<li data-start=\"200\" data-end=\"289\">\n<p data-start=\"202\" data-end=\"289\"><strong data-start=\"202\" data-end=\"219\">Za koga je nami\u00adje\u00adnje\u00adno:<\/strong> Svi\u00adma koji su zain\u00adte\u00adre\u00adsi\u00adra\u00adni za pro\u00addub\u00adlji\u00adva\u00adnje svo\u00adjih vje\u00ad\u0161ti\u00adna u razvo\u00adju softvera<\/p>\n<\/li>\n<li data-start=\"290\" data-end=\"471\">\n<p data-start=\"292\" data-end=\"471\"><strong data-start=\"292\" data-end=\"311\">\u0160to nudi:<\/strong> \u0160es\u00adto\u00admje\u00adse\u010d\u00adni per\u00adso\u00adna\u00adli\u00adzi\u00adra\u00adni men\u00adtor\u00adski pro\u00adgram s tjed\u00adnim sesi\u00adja\u00adma i samos\u00adtal\u00adnim radom na pro\u00adjek\u00adti\u00adma izme\u00ad\u0111u.<br data-start=\"414\" data-end=\"417\">Tem\u00adpo, sadr\u00ad\u017eaj i fokus pri\u00adla\u00adgo\u00ad\u0111e\u00adni su va\u0161im ciljevima.<\/p>\n<\/li>\n<li data-start=\"473\" data-end=\"596\">\n<p data-start=\"475\" data-end=\"596\"><strong data-start=\"475\" data-end=\"503\">Mogu\u00ad\u0107e teme pro\u00adjek\u00adta:<\/strong><br data-start=\"503\" data-end=\"506\">\u2022 Va\u0161a vlas\u00adti\u00adta web stra\u00adni\u00adca<br data-start=\"526\" data-end=\"529\">\u2022 Mobil\u00adna apli\u00adka\u00adci\u00adja<br data-start=\"545\" data-end=\"548\">\u2022 Vide\u00adoigra <br data-start=\"564\" data-end=\"567\" data-is-only-node> \u2022 Umjet\u00adna inteligencija<\/p>\n<\/li>\n<li data-start=\"598\" data-end=\"623\">\n<p data-start=\"600\" data-end=\"623\"><strong data-start=\"600\" data-end=\"614\">Orga\u00adni\u00adza\u00adtor: \u2197 <a href=\"https:\/\/www.eduref.eu\/\" rel=\"noopener\">Edu\u00adRef<\/a><\/strong><\/p>\n<\/li>\n<li><strong data-start=\"626\" data-end=\"645\">Kon\u00adtakt oso\u00adba:<\/strong> Yan\u00adnick Nocus<br data-start=\"659\" data-end=\"662\"> \ud83d\udce7 <a class=\"cursor-pointer\" rel=\"noopener\" data-start=\"667\" data-end=\"681\">info@eduref.eu\n<p><\/p><\/a><\/li>\n<li>\ud83d\udd17 <strong><a class href=\"https:\/\/www.eduref.eu\/mentoring\" target=\"_new\" rel=\"noopener\" data-start=\"689\" data-end=\"733\">Vi\u0161e infor\u00adma\u00adci\u00adja<\/a><\/strong><\/li>\n<\/ul>\n<hr>\n<h2 style=\"text-align: center;\" data-start=\"128\" data-end=\"407\"><span style=\"color: #008080;\"><strong data-start=\"128\" data-end=\"178\">Nudi\u00adte li men\u00adtor\u00adski pro\u00adgram u Karlsruheu?<\/strong><\/span><\/h2>\n<p style=\"text-align: center;\" data-start=\"128\" data-end=\"407\">Ako je va\u0161 pro\u00adgram nami\u00adje\u00adnjen <strong>me\u0111u\u00adna\u00adrod\u00adnoj publi\u00adci<\/strong> i <strong>bes\u00adpla\u00adtan<\/strong> je, volje\u00adli bismo \u010duti va\u0161e mi\u0161\u00adlje\u00adnje!<br data-start=\"285\" data-end=\"288\"> Jed\u00adnos\u00adtav\u00adno ispu\u00adni\u00adte ovaj <strong data-start=\"600\" data-end=\"614\">\u2197<\/strong> <a href=\"https:\/\/docs.google.com\/forms\/d\/e\/1FAIpQLSc5gnLGoQjAsCr3UyiIxWPokWLyHopaEWd43vUP1cWp9AcyIA\/viewform?usp=sf_link\" rel=\"noopener\"><strong>krat\u00adki obra\u00adzac<\/strong><\/a> \u2014 potreb\u00adno je samo 2 minu\u00adte, a mi \u0107emo bes\u00adplat\u00adno obja\u00advi\u00adti va\u0161 men\u00adtor\u00adski ili tan\u00addem program.<\/p>\n","protected":false},"author":12,"featured_media":63258,"template":"","class_list":["post-62849","event","type-event","status-publish","has-post-thumbnail","hentry","event_category-pomoc"],"acf":{"event-recurring":true,"event-category":140,"event-is-language-course":false,"event-recurring-still-active":true,"event-display-details":true,"event-schedules-recurring":null,"event-schedules-calendar":null,"event-is-online":false,"event-online-url":"","event-location-building":"","event-location-street":"","event-location-zip":"","event-location-city":"Karlsruhe","event-location-contact-person":"","event-location-phone":"","event-location-phone-2":"","event-location-mail":"","event-location-mail-2":"","event-location-website":"","event-target-group":null,"event-target-group-comment":"Migranti, novoprido\u0161li i volonteri","event-free":true,"event-organiser":[63994],"event-header-copyright-overlay":true,"event-copyright-note-description-end":false},"featured_image_urls_v2":{"full":["https:\/\/www.anika-net.de\/wp-content\/uploads\/2025\/06\/AdobeStock_1241585829-scaled.jpeg",2560,1152,false],"thumbnail":["https:\/\/www.anika-net.de\/wp-content\/uploads\/2025\/06\/AdobeStock_1241585829-150x150.jpeg",150,150,true],"medium":["https:\/\/www.anika-net.de\/wp-content\/uploads\/2025\/06\/AdobeStock_1241585829-300x135.jpeg",300,135,true],"medium_large":["https:\/\/www.anika-net.de\/wp-content\/uploads\/2025\/06\/AdobeStock_1241585829-768x346.jpeg",640,288,true],"large":["https:\/\/www.anika-net.de\/wp-content\/uploads\/2025\/06\/AdobeStock_1241585829-1024x461.jpeg",640,288,true],"1536x1536":["https:\/\/www.anika-net.de\/wp-content\/uploads\/2025\/06\/AdobeStock_1241585829-1536x691.jpeg",1536,691,true],"2048x2048":["https:\/\/www.anika-net.de\/wp-content\/uploads\/2025\/06\/AdobeStock_1241585829-2048x922.jpeg",2048,922,true],"event-overview":["https:\/\/www.anika-net.de\/wp-content\/uploads\/2025\/06\/AdobeStock_1241585829-960x640.jpeg",960,640,true],"event-archive-thumb":["https:\/\/www.anika-net.de\/wp-content\/uploads\/2025\/06\/AdobeStock_1241585829-480x216.jpeg",480,216,true],"grid-item-thumbnail":["https:\/\/www.anika-net.de\/wp-content\/uploads\/2025\/06\/AdobeStock_1241585829-360x200.jpeg",360,200,true],"network-partner-icon":["https:\/\/www.anika-net.de\/wp-content\/uploads\/2025\/06\/AdobeStock_1241585829-100x100.jpeg",100,100,true],"organiser-icon":["https:\/\/www.anika-net.de\/wp-content\/uploads\/2025\/06\/AdobeStock_1241585829-200x200.jpeg",200,200,true],"gform-image-choice-sm":["https:\/\/www.anika-net.de\/wp-content\/uploads\/2025\/06\/AdobeStock_1241585829-scaled.jpeg",300,135,false],"gform-image-choice-md":["https:\/\/www.anika-net.de\/wp-content\/uploads\/2025\/06\/AdobeStock_1241585829-scaled.jpeg",400,180,false],"gform-image-choice-lg":["https:\/\/www.anika-net.de\/wp-content\/uploads\/2025\/06\/AdobeStock_1241585829-scaled.jpeg",600,270,false]},"post_excerpt_stackable_v2":"<p>Tra\u00ad\u017ei\u00adte smjer\u00adni\u00adce, podr\u00ad\u0161ku ili neko\u00adga tko vam mo\u017ee pomo\u00ad\u0107i da se sna\u00ad\u0111e\u00adte u Kar\u00adl\u00adsru\u00adheu? Men\u00adtor\u00adstvo u Kar\u00adl\u00adsru\u00adheu \u2013 Zatra\u00ad\u017ei\u00adte podr\u00ad\u0161ku, u\u010di\u00adte, pove\u00ad\u017ei\u00adte&nbsp;se Poma\u00ad\u017ee\u00admo vam da se smjes\u00adti\u00adte, u\u010di\u00adte i ras\u00adte\u00adte Jes\u00adte li novi u Kar\u00adl\u00adsru\u00adheu i tra\u00ad\u017ei\u00adte podr\u00ad\u0161ku, smjer\u00adni\u00adce ili kon\u00adtakt? Men\u00adtor\u00adski pro\u00adgra\u00admi mogu vam pomo\u00ad\u0107i da se osje\u00ad\u0107a\u00adte kao kod ku\u0107e, nau\u010di\u00adte jezik, izgra\u00addi\u00adte pri\u00adja\u00adtelj\u00adstva i ras\u00adte\u00adte pro\u00adfe\u00adsi\u00adonal\u00adno ili osob\u00adno. Na ovoj stra\u00adni\u00adci pro\u00adna\u00ad\u0107i \u0107ete pre\u00adgled men\u00adtor\u00adskih ini\u00adci\u00adja\u00adti\u00adva koje nude raz\u00adli\u00ad\u010di\u00adte orga\u00adni\u00adza\u00adci\u00adje u Kar\u00adl\u00adsru\u00adheu \u2013 za stu\u00adden\u00adte, novo\u00adpri\u00addo\u0161\u00adle, migran\u00adte i sve koji \u017eele podr\u00ad\u017ea\u00adti ili biti podr\u00ad\u017ea\u00adni. Men\u00adtor\u00adski pro\u00adgra\u00admi u Kar\u00adl\u00adsru\u00adheu \ud83d\udcd8 Indi\u00advi\u00addu\u00adal\u00adna podr\u00ad\u0161ka za u\u010de\u00adnje nje\u00adma\u010d\u00adkog jezi\u00adka&nbsp;Za\u2026<\/p>\n","category_list_v2":"","author_info_v2":{"name":"Andrea Ramirez","url":"https:\/\/www.anika-net.de\/hr\/author\/andrea-ramirez\/"},"comments_num_v2":"0 comments","uagb_featured_image_src":{"full":["https:\/\/www.anika-net.de\/wp-content\/uploads\/2025\/06\/AdobeStock_1241585829-scaled.jpeg",2560,1152,false],"thumbnail":["https:\/\/www.anika-net.de\/wp-content\/uploads\/2025\/06\/AdobeStock_1241585829-150x150.jpeg",150,150,true],"medium":["https:\/\/www.anika-net.de\/wp-content\/uploads\/2025\/06\/AdobeStock_1241585829-300x135.jpeg",300,135,true],"medium_large":["https:\/\/www.anika-net.de\/wp-content\/uploads\/2025\/06\/AdobeStock_1241585829-768x346.jpeg",640,288,true],"large":["https:\/\/www.anika-net.de\/wp-content\/uploads\/2025\/06\/AdobeStock_1241585829-1024x461.jpeg",640,288,true],"1536x1536":["https:\/\/www.anika-net.de\/wp-content\/uploads\/2025\/06\/AdobeStock_1241585829-1536x691.jpeg",1536,691,true],"2048x2048":["https:\/\/www.anika-net.de\/wp-content\/uploads\/2025\/06\/AdobeStock_1241585829-2048x922.jpeg",2048,922,true],"event-overview":["https:\/\/www.anika-net.de\/wp-content\/uploads\/2025\/06\/AdobeStock_1241585829-960x640.jpeg",960,640,true],"event-archive-thumb":["https:\/\/www.anika-net.de\/wp-content\/uploads\/2025\/06\/AdobeStock_1241585829-480x216.jpeg",480,216,true],"grid-item-thumbnail":["https:\/\/www.anika-net.de\/wp-content\/uploads\/2025\/06\/AdobeStock_1241585829-360x200.jpeg",360,200,true],"network-partner-icon":["https:\/\/www.anika-net.de\/wp-content\/uploads\/2025\/06\/AdobeStock_1241585829-100x100.jpeg",100,100,true],"organiser-icon":["https:\/\/www.anika-net.de\/wp-content\/uploads\/2025\/06\/AdobeStock_1241585829-200x200.jpeg",200,200,true],"gform-image-choice-sm":["https:\/\/www.anika-net.de\/wp-content\/uploads\/2025\/06\/AdobeStock_1241585829-scaled.jpeg",300,135,false],"gform-image-choice-md":["https:\/\/www.anika-net.de\/wp-content\/uploads\/2025\/06\/AdobeStock_1241585829-scaled.jpeg",400,180,false],"gform-image-choice-lg":["https:\/\/www.anika-net.de\/wp-content\/uploads\/2025\/06\/AdobeStock_1241585829-scaled.jpeg",600,270,false]},"uagb_author_info":{"display_name":"Andrea Ramirez","author_link":"https:\/\/www.anika-net.de\/hr\/author\/andrea-ramirez\/"},"uagb_comment_info":0,"uagb_excerpt":"Tra\u00ad\u017ei\u00adte smjer\u00adni\u00adce, podr\u00ad\u0161ku ili neko\u00adga tko vam mo\u017ee pomo\u00ad\u0107i da se sna\u00ad\u0111e\u00adte u Karlsruheu? Men\u00adtor\u00adstvo u Kar\u00adl\u00adsru\u00adheu \u2013 Zatra\u00ad\u017ei\u00adte podr\u00ad\u0161ku, u\u010di\u00adte, pove\u00ad\u017ei\u00adte&nbsp;se Poma\u00ad\u017ee\u00admo vam da se smjes\u00adti\u00adte, u\u010di\u00adte i rastete&nbsp;vidi vi\u0161e","_links":{"self":[{"href":"https:\/\/www.anika-net.de\/hr\/wp-json\/wp\/v2\/event\/62849","targetHints":{"allow":["GET"]}}],"collection":[{"href":"https:\/\/www.anika-net.de\/hr\/wp-json\/wp\/v2\/event"}],"about":[{"href":"https:\/\/www.anika-net.de\/hr\/wp-json\/wp\/v2\/types\/event"}],"author":[{"embeddable":true,"href":"https:\/\/www.anika-net.de\/hr\/wp-json\/wp\/v2\/users\/12"}],"version-history":[{"count":0,"href":"https:\/\/www.anika-net.de\/hr\/wp-json\/wp\/v2\/event\/62849\/revisions"}],"acf:post":[{"embeddable":true,"href":"https:\/\/www.anika-net.de\/hr\/wp-json\/wp\/v2\/organiser\/63994"}],"acf:term":[{"embeddable":true,"taxonomy":"event_category","href":"https:\/\/www.anika-net.de\/hr\/wp-json\/wp\/v2\/event_category\/140"}],"wp:featuredmedia":[{"embeddable":true,"href":"https:\/\/www.anika-net.de\/hr\/wp-json\/wp\/v2\/media\/63258"}],"wp:attachment":[{"href":"https:\/\/www.anika-net.de\/hr\/wp-json\/wp\/v2\/media?parent=62849"}],"curies":[{"name":"wp","href":"https:\/\/api.w.org\/{rel}","templated":true}]}}