{"id":61294,"date":"2025-05-15T10:49:37","date_gmt":"2025-05-15T08:49:37","guid":{"rendered":"https:\/\/www.anika-net.de\/event\/brzo-i-jednostavno-njemacka\/"},"modified":"2025-05-15T10:49:37","modified_gmt":"2025-05-15T08:49:37","slug":"brzo-i-jednostavno-njemacka","status":"publish","type":"event","link":"https:\/\/www.anika-net.de\/hr\/event\/brzo-i-jednostavno-njemacka\/","title":{"rendered":"Brzo i jed\u00adnos\u00adtav\u00adno Njema\u010dka"},"content":{"rendered":"<h3><span style=\"color: #666699;\">Razu\u00admi\u00adje\u00adva\u00adnje Nje\u00adma\u010d\u00adke: Inter\u00adkul\u00adtu\u00adral\u00adni aspek\u00adti za \u017eivot i rad u Njema\u010dkoj<\/span><\/h3>\n<h1><span style=\"color: #ffcc00;\">Brzo i jed\u00adnos\u00adtav\u00adno Njema\u010dka<\/span><\/h1>\n<p>Ovaj Think\u00adcen\u00adter nudi prak\u00adti\u00ad\u010dan i inte\u00adrak\u00adti\u00advan uvod u temu \u201e\u017divot i dola\u00adzak u Nje\u00adma\u010d\u00adku\u201c. Ukrat\u00adko \u0107emo se osvr\u00adnu\u00adti na temelj\u00adno pita\u00adnje: <strong>\u0160to je kul\u00adtu\u00adra<\/strong> \u2014 i kako ona obli\u00adku\u00adje na\u0161e mis\u00adli, pos\u00adtup\u00adke i o\u010de\u00adki\u00adva\u00adnja? U tom kon\u00adtek\u00ads\u00adtu, tako\u00ad\u0111er \u0107emo se osvr\u00adnu\u00adti na tipi\u010d\u00adne karak\u00adte\u00adris\u00adti\u00adke koje se \u010des\u00adto pove\u00adzu\u00adju s \u201eNijem\u00adci\u00adma\u201c. Cilj je stvo\u00adri\u00adti po\u010det\u00adno razu\u00admi\u00adje\u00adva\u00adnje kul\u00adtur\u00adnih raz\u00adli\u00adka i sli\u010dnosti.&nbsp;<\/p>\n<p>Sudi\u00adoni\u00adci \u0107e zatim ima\u00adti pri\u00adli\u00adku raz\u00admis\u00adli\u00adti o vlas\u00adti\u00adtim inter\u00adkul\u00adtu\u00adral\u00adnim iskus\u00adtvi\u00adma u malim gru\u00adpa\u00adma. Koji su susre\u00adti bili poseb\u00adno for\u00adma\u00adtiv\u00adni?   <strong>\u0160to ih je u\u010di\u00adni\u00adlo pozi\u00adtiv\u00adni\u00adma ili iza\u00adzov\u00adni\u00adma?<\/strong>  Raz\u00admje\u00adna slu\u00ad\u017ei pro\u00ad\u0161i\u00adre\u00adnju osob\u00adnih per\u00ads\u00adpek\u00adti\u00adva i u\u010de\u00adnju jed\u00adnih od drugih.<\/p>\n<p>Dru\u00adgi fokus pre\u00adda\u00adva\u00adnja bit \u0107e na temi pro\u00adna\u00adla\u00adska pos\u00adla u Nje\u00adma\u010d\u00adkoj. Poseb\u00adno \u0107e se usre\u00addo\u00adto\u00ad\u010di\u00adti na o\u010de\u00adki\u00adva\u00adnja nje\u00adma\u010d\u00adkih regru\u00adte\u00adra i me\u0111u\u00adkul\u00adtur\u00adne poseb\u00adnos\u00adti tije\u00adkom raz\u00adgo\u00advo\u00adra za posao. Sudi\u00adoni\u00adci \u0107e dobi\u00adti koris\u00adne savje\u00adte o tome kako se pri\u00adpre\u00admi\u00adti za situ\u00adaci\u00adje pri\u00adja\u00adve za posao u nje\u00adma\u010d\u00adkom rad\u00adnom okru\u017eenju.&nbsp;<\/p>\n<p>Slje\u00adde\u00ad\u0107i temat\u00adski blok bavi se dru\u0161\u00adtve\u00adnim \u017eivo\u00adtom: <strong>Kako mo\u017ee\u00adte ste\u00ad\u0107i pri\u00adja\u00adte\u00adlje u Nje\u00adma\u010d\u00adkoj te uspos\u00adta\u00advi\u00adti i odr\u00ad\u017ea\u00adva\u00adti dru\u0161\u00adtve\u00adne kon\u00adtak\u00adte?<\/strong> Kak\u00advu ulo\u00adgu u sva\u00adkod\u00adnev\u00adnom \u017eivo\u00adtu ima\u00adju aktiv\u00adnos\u00adti u slo\u00adbod\u00adno vri\u00adje\u00adme, pozi\u00advi i raz\u00admje\u00adne? Osim toga, bit \u0107e pred\u00adstav\u00adlje\u00adne spe\u00adci\u00adfi\u010d\u00adne ponu\u00adde iz regi\u00adje Kar\u00adl\u00adsru\u00adhe \u2014 uklju\u00ad\u010du\u00adju\u00ad\u0107i klu\u00adbo\u00adve, doga\u00ad\u0111a\u00adje i fes\u00adti\u00adva\u00adle \u2014 koje mogu pos\u00adlu\u00ad\u017ei\u00adti kao polaz\u00adne to\u010d\u00adke za nove susrete.&nbsp;<\/p>\n<h4><span style=\"color: #008080;\"><strong>\ud83d\udca1 Va\u017e\u00adno<\/strong><\/span><\/h4>\n<p><strong>Pri\u00adli\u00adkom regis\u00adtra\u00adci\u00adje moli\u00admo da u polje \u201cWarum neh\u00admen Sie an der Verans\u00adtal\u00adtung teil?\u201d upi\u00ad\u0161e\u00adte \u017eeli\u00adte li Okru\u00adgli stol na engle\u00adskom ili nje\u00adma\u010d\u00adkom jeziku.<\/strong><\/p>\n<h4><strong>\ud83c\udfa4<\/strong> <span style=\"color: #008080;\"><strong>Zvu\u010d\u00adnik<\/strong><\/span> <\/h4>\n<p>Elke M\u00fcl\u00adler je vlas\u00adni\u00adca tvrt\u00adke com\u00adpass inter\u00adna\u00adti\u00adonal gmbh u Stut\u00adt\u00adgar\u00adtu, pos\u00adlov\u00adna eko\u00adno\u00admis\u00adti\u00adca spe\u00adci\u00adja\u00adli\u00adzi\u00adra\u00adna za uprav\u00adlja\u00adnje ljud\u00adskim resur\u00adsi\u00adma. Kao tre\u00adne\u00adri\u00adca, nje\u00adzi\u00adne glav\u00adne teme su inter\u00adkul\u00adtu\u00adral\u00adna sen\u00adzi\u00adbi\u00adli\u00adza\u00adci\u00adja, radi\u00adoni\u00adce na podru\u00ad\u010dju anti\u00addis\u00adkri\u00admi\u00adna\u00adci\u00adje ili sen\u00adzi\u00adbi\u00adli\u00adza\u00adci\u00adja za raz\u00adno\u00adli\u00adkost \u2014 uglav\u00adnom za mena\u00add\u017ee\u00adre ili raz\u00adno\u00adli\u00adke timo\u00adve. Kao kon\u00adzul\u00adtan\u00adti\u00adca, zas\u00adtu\u00adpa teme poput inter\u00adna\u00adci\u00adona\u00adli\u00adza\u00adci\u00adje u HR sek\u00adto\u00adru, uvo\u00ad\u0111e\u00adnja i pro\u00adved\u00adbe pro\u00adje\u00adka\u00adta raz\u00adno\u00adli\u00adkos\u00adti i uklju\u00ad\u010di\u00advos\u00adti, kao i stra\u00adte\u00ad\u0161kog uvo\u00ad\u0111e\u00adnja me\u0111u\u00adna\u00adrod\u00adnih zaposlenika.&nbsp;<\/p>\n<h2>\ud83d\udc49\ud83c\udffd <span style=\"color: #800080;\"><a style=\"color: #800080;\" href=\"https:\/\/www.cyberforum.de\/veranstaltungen\/anmeldung?tx_wrcyberforumevents_register%5Baction%5D=login&amp;tx_wrcyberforumevents_register%5Bcontroller%5D=Registration&amp;tx_wrcyberforumevents_register%5Bevent%5D=9689&amp;cHash=24a78d60c41712fc13dc0738b42d1cf2\" rel=\"noopener\">Regis\u00adtra\u00adci\u00adja<\/a><\/span><\/h2>\n","protected":false},"author":12,"featured_media":59053,"template":"","class_list":["post-61294","event","type-event","status-publish","has-post-thumbnail","hentry","event_category-pomoc"],"acf":{"event-recurring":false,"event-category":140,"event-is-language-course":false,"event-recurring-still-active":true,"event-display-details":true,"event-schedules-recurring":null,"event-schedules-calendar":[{"event-calendar-day":"20250605","event-calendar-time":"09:00 - 11:00","event-calendar-time-text":""}],"event-is-online":true,"event-online-url":"","event-location-building":"","event-location-street":"","event-location-zip":"","event-location-city":"","event-location-contact-person":"","event-location-phone":"","event-location-phone-2":"","event-location-mail":"","event-location-mail-2":"","event-location-website":"https:\/\/www.cyberforum.de\/veranstaltungen\/quickn-easy-germany-05-06-2025","event-target-group":null,"event-target-group-comment":"Okrugli stol prvenstveno je namijenjen me\u0111unarodnim stru\u010dnjacima, ali i \u010dlanovima njihovih obitelji ili partnerima.","event-free":true,"event-organiser":[15999],"event-header-copyright-overlay":true,"event-copyright-note-description-end":false},"featured_image_urls_v2":{"full":["https:\/\/www.anika-net.de\/wp-content\/uploads\/2025\/02\/webinar-links-seo-hand-cyberspace-concept-scaled.jpg",2560,2560,false],"thumbnail":["https:\/\/www.anika-net.de\/wp-content\/uploads\/2025\/02\/webinar-links-seo-hand-cyberspace-concept-150x150.jpg",150,150,true],"medium":["https:\/\/www.anika-net.de\/wp-content\/uploads\/2025\/02\/webinar-links-seo-hand-cyberspace-concept-300x300.jpg",300,300,true],"medium_large":["https:\/\/www.anika-net.de\/wp-content\/uploads\/2025\/02\/webinar-links-seo-hand-cyberspace-concept-768x768.jpg",640,640,true],"large":["https:\/\/www.anika-net.de\/wp-content\/uploads\/2025\/02\/webinar-links-seo-hand-cyberspace-concept-1024x1024.jpg",640,640,true],"1536x1536":["https:\/\/www.anika-net.de\/wp-content\/uploads\/2025\/02\/webinar-links-seo-hand-cyberspace-concept-1536x1536.jpg",1536,1536,true],"2048x2048":["https:\/\/www.anika-net.de\/wp-content\/uploads\/2025\/02\/webinar-links-seo-hand-cyberspace-concept-2048x2048.jpg",2048,2048,true],"event-overview":["https:\/\/www.anika-net.de\/wp-content\/uploads\/2025\/02\/webinar-links-seo-hand-cyberspace-concept-960x640.jpg",960,640,true],"event-archive-thumb":["https:\/\/www.anika-net.de\/wp-content\/uploads\/2025\/02\/webinar-links-seo-hand-cyberspace-concept-480x480.jpg",480,480,true],"grid-item-thumbnail":["https:\/\/www.anika-net.de\/wp-content\/uploads\/2025\/02\/webinar-links-seo-hand-cyberspace-concept-360x200.jpg",360,200,true],"network-partner-icon":["https:\/\/www.anika-net.de\/wp-content\/uploads\/2025\/02\/webinar-links-seo-hand-cyberspace-concept-100x100.jpg",100,100,true],"organiser-icon":["https:\/\/www.anika-net.de\/wp-content\/uploads\/2025\/02\/webinar-links-seo-hand-cyberspace-concept-200x200.jpg",200,200,true],"gform-image-choice-sm":["https:\/\/www.anika-net.de\/wp-content\/uploads\/2025\/02\/webinar-links-seo-hand-cyberspace-concept-scaled.jpg",300,300,false],"gform-image-choice-md":["https:\/\/www.anika-net.de\/wp-content\/uploads\/2025\/02\/webinar-links-seo-hand-cyberspace-concept-scaled.jpg",400,400,false],"gform-image-choice-lg":["https:\/\/www.anika-net.de\/wp-content\/uploads\/2025\/02\/webinar-links-seo-hand-cyberspace-concept-scaled.jpg",600,600,false]},"post_excerpt_stackable_v2":"<p>Razu\u00admi\u00adje\u00adva\u00adnje Nje\u00adma\u010d\u00adke: Inter\u00adkul\u00adtu\u00adral\u00adni aspek\u00adti za \u017eivot i rad u Nje\u00adma\u010d\u00adkoj Brzo i jed\u00adnos\u00adtav\u00adno Nje\u00adma\u010d\u00adka Ovaj Think\u00adcen\u00adter nudi prak\u00adti\u00ad\u010dan i inte\u00adrak\u00adti\u00advan uvod u temu \u201e\u017divot i dola\u00adzak u Nje\u00adma\u010d\u00adku\u201c. Ukrat\u00adko \u0107emo se osvr\u00adnu\u00adti na temelj\u00adno pita\u00adnje: \u0160to je kul\u00adtu\u00adra \u2014 i kako ona obli\u00adku\u00adje na\u0161e mis\u00adli, pos\u00adtup\u00adke i o\u010de\u00adki\u00adva\u00adnja? U tom kon\u00adtek\u00ads\u00adtu, tako\u00ad\u0111er \u0107emo se osvr\u00adnu\u00adti na tipi\u010d\u00adne karak\u00adte\u00adris\u00adti\u00adke koje se \u010des\u00adto pove\u00adzu\u00adju s \u201eNijem\u00adci\u00adma\u201c. Cilj je stvo\u00adri\u00adti po\u010det\u00adno razu\u00admi\u00adje\u00adva\u00adnje kul\u00adtur\u00adnih raz\u00adli\u00adka i sli\u010d\u00adnos\u00adti.&nbsp; Sudi\u00adoni\u00adci \u0107e zatim ima\u00adti pri\u00adli\u00adku raz\u00admis\u00adli\u00adti o vlas\u00adti\u00adtim inter\u00adkul\u00adtu\u00adral\u00adnim iskus\u00adtvi\u00adma u malim gru\u00adpa\u00adma. Koji su susre\u00adti bili poseb\u00adno for\u00adma\u00adtiv\u00adni? \u0160to ih je u\u010di\u00adni\u00adlo pozi\u00adtiv\u00adni\u00adma ili iza\u00adzov\u00adni\u00adma? Razmjena\u2026<\/p>\n","category_list_v2":"","author_info_v2":{"name":"Andrea Ramirez","url":"https:\/\/www.anika-net.de\/hr\/author\/andrea-ramirez\/"},"comments_num_v2":"0 comments","uagb_featured_image_src":{"full":["https:\/\/www.anika-net.de\/wp-content\/uploads\/2025\/02\/webinar-links-seo-hand-cyberspace-concept-scaled.jpg",2560,2560,false],"thumbnail":["https:\/\/www.anika-net.de\/wp-content\/uploads\/2025\/02\/webinar-links-seo-hand-cyberspace-concept-150x150.jpg",150,150,true],"medium":["https:\/\/www.anika-net.de\/wp-content\/uploads\/2025\/02\/webinar-links-seo-hand-cyberspace-concept-300x300.jpg",300,300,true],"medium_large":["https:\/\/www.anika-net.de\/wp-content\/uploads\/2025\/02\/webinar-links-seo-hand-cyberspace-concept-768x768.jpg",640,640,true],"large":["https:\/\/www.anika-net.de\/wp-content\/uploads\/2025\/02\/webinar-links-seo-hand-cyberspace-concept-1024x1024.jpg",640,640,true],"1536x1536":["https:\/\/www.anika-net.de\/wp-content\/uploads\/2025\/02\/webinar-links-seo-hand-cyberspace-concept-1536x1536.jpg",1536,1536,true],"2048x2048":["https:\/\/www.anika-net.de\/wp-content\/uploads\/2025\/02\/webinar-links-seo-hand-cyberspace-concept-2048x2048.jpg",2048,2048,true],"event-overview":["https:\/\/www.anika-net.de\/wp-content\/uploads\/2025\/02\/webinar-links-seo-hand-cyberspace-concept-960x640.jpg",960,640,true],"event-archive-thumb":["https:\/\/www.anika-net.de\/wp-content\/uploads\/2025\/02\/webinar-links-seo-hand-cyberspace-concept-480x480.jpg",480,480,true],"grid-item-thumbnail":["https:\/\/www.anika-net.de\/wp-content\/uploads\/2025\/02\/webinar-links-seo-hand-cyberspace-concept-360x200.jpg",360,200,true],"network-partner-icon":["https:\/\/www.anika-net.de\/wp-content\/uploads\/2025\/02\/webinar-links-seo-hand-cyberspace-concept-100x100.jpg",100,100,true],"organiser-icon":["https:\/\/www.anika-net.de\/wp-content\/uploads\/2025\/02\/webinar-links-seo-hand-cyberspace-concept-200x200.jpg",200,200,true],"gform-image-choice-sm":["https:\/\/www.anika-net.de\/wp-content\/uploads\/2025\/02\/webinar-links-seo-hand-cyberspace-concept-scaled.jpg",300,300,false],"gform-image-choice-md":["https:\/\/www.anika-net.de\/wp-content\/uploads\/2025\/02\/webinar-links-seo-hand-cyberspace-concept-scaled.jpg",400,400,false],"gform-image-choice-lg":["https:\/\/www.anika-net.de\/wp-content\/uploads\/2025\/02\/webinar-links-seo-hand-cyberspace-concept-scaled.jpg",600,600,false]},"uagb_author_info":{"display_name":"Andrea Ramirez","author_link":"https:\/\/www.anika-net.de\/hr\/author\/andrea-ramirez\/"},"uagb_comment_info":0,"uagb_excerpt":"Razu\u00admi\u00adje\u00adva\u00adnje Nje\u00adma\u010d\u00adke: Inter\u00adkul\u00adtu\u00adral\u00adni aspek\u00adti za \u017eivot i rad u Njema\u010dkoj Brzo i jed\u00adnos\u00adtav\u00adno Njema\u010dka Ovaj Think\u00adcen\u00adter nudi prak\u00adti\u00ad\u010dan i inte\u00adrak\u00adti\u00advan uvod u temu \u201e\u017divot i dola\u00adzak u Nje\u00adma\u010d\u00adku\u201c. Ukrat\u00adko \u0107emo&nbsp;vidi vi\u0161e","_links":{"self":[{"href":"https:\/\/www.anika-net.de\/hr\/wp-json\/wp\/v2\/event\/61294","targetHints":{"allow":["GET"]}}],"collection":[{"href":"https:\/\/www.anika-net.de\/hr\/wp-json\/wp\/v2\/event"}],"about":[{"href":"https:\/\/www.anika-net.de\/hr\/wp-json\/wp\/v2\/types\/event"}],"author":[{"embeddable":true,"href":"https:\/\/www.anika-net.de\/hr\/wp-json\/wp\/v2\/users\/12"}],"version-history":[{"count":0,"href":"https:\/\/www.anika-net.de\/hr\/wp-json\/wp\/v2\/event\/61294\/revisions"}],"acf:post":[{"embeddable":true,"href":"https:\/\/www.anika-net.de\/hr\/wp-json\/wp\/v2\/organiser\/15999"}],"acf:term":[{"embeddable":true,"taxonomy":"event_category","href":"https:\/\/www.anika-net.de\/hr\/wp-json\/wp\/v2\/event_category\/140"}],"wp:featuredmedia":[{"embeddable":true,"href":"https:\/\/www.anika-net.de\/hr\/wp-json\/wp\/v2\/media\/59053"}],"wp:attachment":[{"href":"https:\/\/www.anika-net.de\/hr\/wp-json\/wp\/v2\/media?parent=61294"}],"curies":[{"name":"wp","href":"https:\/\/api.w.org\/{rel}","templated":true}]}}