{"id":59268,"date":"2025-03-04T09:56:32","date_gmt":"2025-03-04T08:56:32","guid":{"rendered":"https:\/\/www.anika-net.de\/event\/tecaj-njemackog-jezika-asta-kit-2025\/"},"modified":"2025-03-04T09:56:32","modified_gmt":"2025-03-04T08:56:32","slug":"tecaj-njemackog-jezika-asta-kit-2025","status":"publish","type":"event","link":"https:\/\/www.anika-net.de\/hr\/event\/tecaj-njemackog-jezika-asta-kit-2025\/","title":{"rendered":"Te\u010daj nje\u00adma\u010d\u00adkog jezi\u00adka AStA \u2014 KIT&nbsp;2025"},"content":{"rendered":"<h1><span style=\"color: #ffcc00;\">Te\u010daj nje\u00adma\u010d\u00adkog jezi\u00adka AStA&nbsp;2025<\/span><\/h1>\n<div><strong>Zain\u00adte\u00adre\u00adsi\u00adra\u00adni ste za pri\u00adja\u00advu na sve\u00adu\u010di\u00adli\u00ad\u0161te u Njema\u010dkoj?<\/strong><br>\nAko je va\u0161a razi\u00adna jezi\u00adka iznad A2, mo\u017ee\u00adte se pri\u00adja\u00advi\u00adti za na\u0161 te\u010daj nje\u00adma\u010d\u00adkog jezika.<\/div>\n<div><\/div>\n<div><strong>Cilj\u00adna sku\u00adpi\u00adna:<\/strong> Na\u0161i te\u010da\u00adje\u00advi usmje\u00adre\u00adni su na upi\u00adsa\u00adne stu\u00adden\u00adte i nes\u00adtu\u00adden\u00adte koji kas\u00adni\u00adje \u017eele stu\u00addi\u00adra\u00adti u Njema\u010dkoj.<\/div>\n<h3>\u2197 <strong><a href=\"https:\/\/www.asta-kit.de\/de\/angebote\/deutschkurs\/aktuelle-kurse\" rel=\"noopener\">Datu\u00admi i cije\u00adne te\u010dajeva<\/a><\/strong><\/h3>\n<p>\ud83d\udcc6 <span style=\"color: #808080;\"><strong>Ter\u00admin te\u010da\u00adja:<\/strong><\/span> <strong>05.05.2025<\/strong> <strong>do po\u010det\u00adka kolo\u00advo\u00adza<\/strong> <\/p>\n<p><span style=\"color: #666699;\"><strong>Raz\u00adred\u00adbe\u00adni ispit: 29.04.2025. (pisme\u00adni)<\/strong><\/span><\/p>\n<p>\ud83d\udcc6 <span style=\"color: #808080;\"><strong>Ter\u00admin te\u010da\u00adja:<\/strong><\/span> <strong>16.09.2025 do sre\u00addi\u00adne prosinca<\/strong><br>\n<span style=\"color: #666699;\"><strong>Raz\u00adred\u00adbe\u00adni ispit:<\/strong><\/span> 10.09.2025. (pisme\u00adni)<\/p>\n<p>\u2197 <a href=\"https:\/\/www.asta-kit.de\/de\/angebote\/deutschkurs\/anmeldung\" rel=\"noopener\"><strong>Pri\u00admje\u00adna<\/strong><\/a><\/p>\n<div>\n<h3><span style=\"color: #008080;\"><strong>Sus\u00adtav te\u010dajeva<\/strong><\/span><\/h3>\n<p>Me\u0111u\u00adna\u00adrod\u00adni stu\u00adden\u00adti mora\u00adju pru\u00ad\u017ei\u00adti dokaz o kva\u00adli\u00adfi\u00adka\u00adci\u00adji za upis na fakul\u00adtet kako bi mogli zapo\u00ad\u010de\u00adti stu\u00addi\u00adra\u00adti u Njema\u010dkoj.<\/p>\n<p>Nakon uspje\u0161\u00adnog pola\u00adga\u00adnja <strong>DSH2 ili DAF TDN 4 tes\u00adta<\/strong> , mogu se upisati.<br>\n<strong>Za to ih inten\u00adziv\u00adno pripremamo.<\/strong><\/p>\n<p><span style=\"color: #666699;\"><strong>Te\u010da\u00adje\u00advi tra\u00adju 12 tje\u00adda\u00adna i sas\u00adto\u00adje se od po 240 nas\u00adtav\u00adnih jedinica<\/strong><\/span><\/p>\n<ul>\n<li>Nas\u00adta\u00adva se odr\u00ad\u017ea\u00adva od pone\u00addjelj\u00adka do&nbsp;petka<\/li>\n<li>Tra\u00adja\u00adnje te\u010da\u00adja je 4 nas\u00adtav\u00adne jedi\u00adni\u00adce dnevno<\/li>\n<li>Radi\u00admo s gra\u00adma\u00adti\u00adkom vje\u017e\u00adbi koju je obja\u00advio Lieba\u00adug-Dart\u00admann Verlag<\/li>\n<li>Obu\u00adka za LV, HV i voka\u00adbu\u00adlar se vje\u017e\u00adba s odgo\u00adva\u00adra\u00adju\u00ad\u0107im primjercima<\/li>\n<\/ul>\n<p><strong>\u2197 <a href=\"https:\/\/www.asta-kit.de\/de\/angebote\/deutschkurs\/kursinhalt\" rel=\"noopener\">Sadr\u00ad\u017eaj predmeta<\/a><\/strong><\/p>\n<\/div>\n","protected":false},"author":12,"featured_media":59244,"template":"","class_list":["post-59268","event","type-event","status-publish","has-post-thumbnail","hentry","event_category-obrazovanje"],"acf":{"event-recurring":false,"event-category":141,"event-is-language-course":false,"event-recurring-still-active":true,"event-display-details":true,"event-schedules-recurring":[{"event-recurring-week-day":"3","event-recurring-time":"10:00 - 12:00","event-recurring-time-text":""}],"event-schedules-calendar":[{"event-calendar-day":"20250910","event-calendar-time":"","event-calendar-time-text":""}],"event-is-online":false,"event-online-url":"","event-location-building":"AStA am KIT","event-location-street":"Adenauerring 7","event-location-zip":"76131","event-location-city":"Karlsruhe","event-location-contact-person":"Beat Nizam","event-location-phone":"0721 18123800","event-location-phone-2":"","event-location-mail":"deutschkurse@asta-kit.de","event-location-mail-2":"","event-location-website":"https:\/\/www.asta-kit.de\/angebote\/deutschkurs","event-target-group":[{"target-group":"students"}],"event-target-group-comment":"","event-free":false,"event-organiser":[59239],"event-header-copyright-overlay":true,"event-copyright-note-description-end":false},"featured_image_urls_v2":{"full":["https:\/\/www.anika-net.de\/wp-content\/uploads\/2025\/03\/Asta_kit.png",300,300,false],"thumbnail":["https:\/\/www.anika-net.de\/wp-content\/uploads\/2025\/03\/Asta_kit-150x150.png",150,150,true],"medium":["https:\/\/www.anika-net.de\/wp-content\/uploads\/2025\/03\/Asta_kit.png",300,300,false],"medium_large":["https:\/\/www.anika-net.de\/wp-content\/uploads\/2025\/03\/Asta_kit.png",300,300,false],"large":["https:\/\/www.anika-net.de\/wp-content\/uploads\/2025\/03\/Asta_kit.png",300,300,false],"1536x1536":["https:\/\/www.anika-net.de\/wp-content\/uploads\/2025\/03\/Asta_kit.png",300,300,false],"2048x2048":["https:\/\/www.anika-net.de\/wp-content\/uploads\/2025\/03\/Asta_kit.png",300,300,false],"event-overview":["https:\/\/www.anika-net.de\/wp-content\/uploads\/2025\/03\/Asta_kit.png",300,300,false],"event-archive-thumb":["https:\/\/www.anika-net.de\/wp-content\/uploads\/2025\/03\/Asta_kit.png",300,300,false],"grid-item-thumbnail":["https:\/\/www.anika-net.de\/wp-content\/uploads\/2025\/03\/Asta_kit-300x200.png",300,200,true],"network-partner-icon":["https:\/\/www.anika-net.de\/wp-content\/uploads\/2025\/03\/Asta_kit-100x100.png",100,100,true],"organiser-icon":["https:\/\/www.anika-net.de\/wp-content\/uploads\/2025\/03\/Asta_kit-200x200.png",200,200,true],"gform-image-choice-sm":["https:\/\/www.anika-net.de\/wp-content\/uploads\/2025\/03\/Asta_kit.png",300,300,false],"gform-image-choice-md":["https:\/\/www.anika-net.de\/wp-content\/uploads\/2025\/03\/Asta_kit.png",300,300,false],"gform-image-choice-lg":["https:\/\/www.anika-net.de\/wp-content\/uploads\/2025\/03\/Asta_kit.png",300,300,false]},"post_excerpt_stackable_v2":"<p>Te\u010daj nje\u00adma\u010d\u00adkog jezi\u00adka AStA&nbsp;2025 Zain\u00adte\u00adre\u00adsi\u00adra\u00adni ste za pri\u00adja\u00advu na sve\u00adu\u010di\u00adli\u00ad\u0161te u Nje\u00adma\u010d\u00adkoj? Ako je va\u0161a razi\u00adna jezi\u00adka iznad A2, mo\u017ee\u00adte se pri\u00adja\u00advi\u00adti za na\u0161 te\u010daj nje\u00adma\u010d\u00adkog jezi\u00adka. Cilj\u00adna sku\u00adpi\u00adna: Na\u0161i te\u010da\u00adje\u00advi usmje\u00adre\u00adni su na upi\u00adsa\u00adne stu\u00adden\u00adte i nes\u00adtu\u00adden\u00adte koji kas\u00adni\u00adje \u017eele stu\u00addi\u00adra\u00adti u Nje\u00adma\u010d\u00adkoj. \u2197 Datu\u00admi i cije\u00adne te\u010da\u00adje\u00adva \ud83d\udcc6 Ter\u00admin te\u010da\u00adja: 05.05.2025 do po\u010det\u00adka kolo\u00advo\u00adza Raz\u00adred\u00adbe\u00adni ispit: 29.04.2025. (pisme\u00adni) \ud83d\udcc6 Ter\u00admin te\u010da\u00adja: 16.09.2025 do sre\u00addi\u00adne pro\u00adsin\u00adca Raz\u00adred\u00adbe\u00adni ispit: 10.09.2025. (pisme\u00adni) \u2197 Pri\u00admje\u00adna Sus\u00adtav te\u010da\u00adje\u00adva Me\u0111u\u00adna\u00adrod\u00adni stu\u00adden\u00adti mora\u00adju pru\u00ad\u017ei\u00adti dokaz o kva\u00adli\u00adfi\u00adka\u00adci\u00adji za upis na fakul\u00adtet kako bi mogli zapo\u00ad\u010de\u00adti stu\u00addi\u00adra\u00adti u Nje\u00adma\u010d\u00adkoj. Nakon uspje\u0161\u00adnog pola\u00adga\u00adnja DSH2 ili DAF&nbsp;TDN\u2026<\/p>\n","category_list_v2":"","author_info_v2":{"name":"Andrea Ramirez","url":"https:\/\/www.anika-net.de\/hr\/author\/andrea-ramirez\/"},"comments_num_v2":"0 comments","uagb_featured_image_src":{"full":["https:\/\/www.anika-net.de\/wp-content\/uploads\/2025\/03\/Asta_kit.png",300,300,false],"thumbnail":["https:\/\/www.anika-net.de\/wp-content\/uploads\/2025\/03\/Asta_kit-150x150.png",150,150,true],"medium":["https:\/\/www.anika-net.de\/wp-content\/uploads\/2025\/03\/Asta_kit.png",300,300,false],"medium_large":["https:\/\/www.anika-net.de\/wp-content\/uploads\/2025\/03\/Asta_kit.png",300,300,false],"large":["https:\/\/www.anika-net.de\/wp-content\/uploads\/2025\/03\/Asta_kit.png",300,300,false],"1536x1536":["https:\/\/www.anika-net.de\/wp-content\/uploads\/2025\/03\/Asta_kit.png",300,300,false],"2048x2048":["https:\/\/www.anika-net.de\/wp-content\/uploads\/2025\/03\/Asta_kit.png",300,300,false],"event-overview":["https:\/\/www.anika-net.de\/wp-content\/uploads\/2025\/03\/Asta_kit.png",300,300,false],"event-archive-thumb":["https:\/\/www.anika-net.de\/wp-content\/uploads\/2025\/03\/Asta_kit.png",300,300,false],"grid-item-thumbnail":["https:\/\/www.anika-net.de\/wp-content\/uploads\/2025\/03\/Asta_kit-300x200.png",300,200,true],"network-partner-icon":["https:\/\/www.anika-net.de\/wp-content\/uploads\/2025\/03\/Asta_kit-100x100.png",100,100,true],"organiser-icon":["https:\/\/www.anika-net.de\/wp-content\/uploads\/2025\/03\/Asta_kit-200x200.png",200,200,true],"gform-image-choice-sm":["https:\/\/www.anika-net.de\/wp-content\/uploads\/2025\/03\/Asta_kit.png",300,300,false],"gform-image-choice-md":["https:\/\/www.anika-net.de\/wp-content\/uploads\/2025\/03\/Asta_kit.png",300,300,false],"gform-image-choice-lg":["https:\/\/www.anika-net.de\/wp-content\/uploads\/2025\/03\/Asta_kit.png",300,300,false]},"uagb_author_info":{"display_name":"Andrea Ramirez","author_link":"https:\/\/www.anika-net.de\/hr\/author\/andrea-ramirez\/"},"uagb_comment_info":0,"uagb_excerpt":"Te\u010daj nje\u00adma\u010d\u00adkog jezi\u00adka AStA&nbsp;2025 Zain\u00adte\u00adre\u00adsi\u00adra\u00adni ste za pri\u00adja\u00advu na sve\u00adu\u010di\u00adli\u00ad\u0161te u Njema\u010dkoj? Ako je va\u0161a razi\u00adna jezi\u00adka iznad A2, mo\u017ee\u00adte se pri\u00adja\u00advi\u00adti za na\u0161 te\u010daj nje\u00adma\u010d\u00adkog jezika. Cilj\u00adna sku\u00adpi\u00adna: Na\u0161i&nbsp;vidi vi\u0161e","_links":{"self":[{"href":"https:\/\/www.anika-net.de\/hr\/wp-json\/wp\/v2\/event\/59268","targetHints":{"allow":["GET"]}}],"collection":[{"href":"https:\/\/www.anika-net.de\/hr\/wp-json\/wp\/v2\/event"}],"about":[{"href":"https:\/\/www.anika-net.de\/hr\/wp-json\/wp\/v2\/types\/event"}],"author":[{"embeddable":true,"href":"https:\/\/www.anika-net.de\/hr\/wp-json\/wp\/v2\/users\/12"}],"version-history":[{"count":0,"href":"https:\/\/www.anika-net.de\/hr\/wp-json\/wp\/v2\/event\/59268\/revisions"}],"acf:post":[{"embeddable":true,"href":"https:\/\/www.anika-net.de\/hr\/wp-json\/wp\/v2\/organiser\/59239"}],"acf:term":[{"embeddable":true,"taxonomy":"event_category","href":"https:\/\/www.anika-net.de\/hr\/wp-json\/wp\/v2\/event_category\/141"}],"wp:featuredmedia":[{"embeddable":true,"href":"https:\/\/www.anika-net.de\/hr\/wp-json\/wp\/v2\/media\/59244"}],"wp:attachment":[{"href":"https:\/\/www.anika-net.de\/hr\/wp-json\/wp\/v2\/media?parent=59268"}],"curies":[{"name":"wp","href":"https:\/\/api.w.org\/{rel}","templated":true}]}}