{"id":58170,"date":"2025-02-05T09:52:40","date_gmt":"2025-02-05T08:52:40","guid":{"rendered":"https:\/\/www.anika-net.de\/event\/zivjeti-uz-intenzivnu-individualnu-socio-obrazovnu-podrsku\/"},"modified":"2025-02-17T12:43:25","modified_gmt":"2025-02-17T11:43:25","slug":"podrska-mladim-zenama-pri-samostalnom-stanovanju","status":"publish","type":"event","link":"https:\/\/www.anika-net.de\/hr\/event\/podrska-mladim-zenama-pri-samostalnom-stanovanju\/","title":{"rendered":"Podr\u00ad\u0161ka mla\u00addim \u017eena\u00adma pri samos\u00adtal\u00adnom stanovanju&nbsp;"},"content":{"rendered":"<h1><span style=\"color: #800080;\"><b> Podr\u00ad\u0161ka mla\u00addim \u017eena\u00adma pri samos\u00adtal\u00adnom sta\u00adno\u00adva\u00adnju <span style=\"color: #666699;\">uz soci\u00adjal\u00adno-peda\u00adgo\u00ad\u0161ku indi\u00advi\u00addu\u00adal\u00adnu podr\u0161ku&nbsp;<\/span><\/b><\/span><\/h1>\n<p><strong>WisE<\/strong> <em>(\u017eivot s inten\u00adziv\u00adnom indi\u00advi\u00addu\u00adal\u00adnom socio-obra\u00adzov\u00adnom podr\u00ad\u0161kom)<\/em> uslu\u00adga je soci\u00adjal\u00adne skr\u00adbi za mla\u00adde <strong>za mla\u00adde \u017eene od 16 i vi\u0161e godi\u00adna<\/strong> koje \u017eele \u017eivje\u00adti same i \u017eele podr\u00ad\u0161ku u&nbsp;tome.<br>\nU poje\u00addi\u00adna\u010d\u00adnim slu\u00ad\u010da\u00adje\u00advi\u00adma mogu se pri\u00adhva\u00adti\u00adti i mla\u00addi dru\u00adgih spo\u00adlo\u00adva. <strong>Nudi\u00admo 1\u2011sobne stanove.<\/strong><\/p>\n<p>Soci\u00adjal\u00adna rad\u00adni\u00adca pra\u00adti mla\u00adde oso\u00adbe u svim aspek\u00adti\u00adma pre\u00adma sus\u00adta\u00advu pri\u00admar\u00adne&nbsp;skrbi.<br>\nIma oko 2\u20133 ter\u00admi\u00adna tjed\u00adno (omjer osob\u00adlja 1:4).<br>\nCilj je pomo\u00ad\u0107i mla\u00addi\u00adma da u \u0161to ve\u0107oj mje\u00adri izgra\u00adde samos\u00adta\u00adlan&nbsp;\u017eivot.<\/p>\n<p>Slo\u00adbod\u00adno s nama dogo\u00advo\u00adri\u00adte deta\u00adljan termin.<\/p>\n<p>\ud83d\udcce <strong><a href=\"file:\/\/\/C:\/Users\/ibz-k\/Downloads\/Flyer-WisE.pdf\">Letak<\/a><\/strong><\/p>\n<h2><span style=\"color: #008080;\">Mudra maj\u00adka-dije\u00adte<\/span><\/h2>\n<blockquote><p><em>\u017divot s inten\u00adziv\u00adnom indi\u00advi\u00addu\u00adal\u00adnom socio-obra\u00adzov\u00adnom podr\u00ad\u0161kom za majka-dijete<br>\n<\/em><\/p><\/blockquote>\n<p><strong>WisE Maj\u00adka-Dije\u00adte<\/strong> je slu\u017e\u00adba za soci\u00adjal\u00adnu skrb za mla\u00adde&nbsp;za mla\u00adde maj\u00adke od 18 i vi\u0161e godi\u00adna&nbsp;koje&nbsp;\u017eele \u017eivje\u00adti same sa svo\u00adjim djetetom\/djecom <strong>(0\u20136 godi\u00adna)<\/strong>&nbsp;i jo\u0161 uvi\u00adjek tre\u00adba\u00adju inten\u00adziv\u00adnu podr\u00ad\u0161ku da se osa\u00admos\u00adta\u00adle sa svo\u00adjim djetetom.<\/p>\n<p>Mla\u00adde maj\u00adke mora\u00adju pre\u00aduze\u00adti odgo\u00advor\u00adnost za sebe i svo\u00adje dije\u00adte do te mje\u00adre da su u sta\u00adnju potra\u00ad\u017ei\u00adti pomo\u0107 i pri\u00addr\u00ad\u017ea\u00adva\u00adti se dogovora.<br>\nMla\u00adde maj\u00adke mora\u00adju biti u sta\u00adnju pre\u00aduze\u00adti pot\u00adpu\u00adnu odgo\u00advor\u00adnost za dje\u00adcu, poseb\u00adno u podru\u00ad\u010dju osnov\u00adne bri\u00adge i nadzora.<\/p>\n<p>Opseg skr\u00adbi i teme u osno\u00advi su isti kao i kod WisE\u2011a. Osim toga, tu su i teme poput podr\u00ad\u0161ke u trud\u00adno\u00ad\u0107i, pri\u00adpre\u00adme za porod, ja\u010da\u00adnja maj\u00ad\u010din\u00adske ulo\u00adge, odgo\u00adja i zdrav\u00adlja dje\u00adce te dalj\u00adnjeg pla\u00adni\u00adra\u00adnja obitelji.<br>\nU poje\u00addi\u00adna\u010d\u00adnim slu\u00ad\u010da\u00adje\u00advi\u00adma mogu se pri\u00adhva\u00adti\u00adti i mla\u00addi&nbsp;o\u010devi.<\/p>\n","protected":false},"author":12,"featured_media":58188,"template":"","class_list":["post-58170","event","type-event","status-publish","has-post-thumbnail","hentry","event_category-smjestaj"],"acf":{"event-recurring":true,"event-category":139,"event-is-language-course":false,"event-recurring-still-active":true,"event-display-details":true,"event-schedules-recurring":[{"event-recurring-week-day":"0","event-recurring-time":"09:00 - 12:00 \/ 15:00 - 16:30","event-recurring-time-text":""},{"event-recurring-week-day":"1","event-recurring-time":"15:00 - 16:30","event-recurring-time-text":""},{"event-recurring-week-day":"2","event-recurring-time":"09:00 - 12:00 \/ 15:00 - 16:30","event-recurring-time-text":""},{"event-recurring-week-day":"3","event-recurring-time":"09:00 - 12:00 \/ 15:00 - 16:30","event-recurring-time-text":""},{"event-recurring-week-day":"4","event-recurring-time":"09:00 - 12:00 \/ 13:00 - 15:00","event-recurring-time-text":""}],"event-schedules-calendar":null,"event-is-online":false,"event-online-url":"","event-location-building":"SOZP\u00c4DAL","event-location-street":"Werderstr. 40-44","event-location-zip":"76137","event-location-city":"Karlsruhe","event-location-contact-person":"","event-location-phone":"0721 - 354 802 01","event-location-phone-2":"","event-location-mail":"wise@sozpaedal.de","event-location-mail-2":"","event-location-website":"https:\/\/www.sozpaedal.de\/wise.html","event-target-group":[{"target-group":"teens"},{"target-group":"women"}],"event-target-group-comment":"","event-free":true,"event-organiser":[16455],"event-header-copyright-overlay":true,"event-copyright-note-description-end":false},"featured_image_urls_v2":{"full":["https:\/\/www.anika-net.de\/wp-content\/uploads\/2025\/02\/freepik__expand__20737.png",1472,832,false],"thumbnail":["https:\/\/www.anika-net.de\/wp-content\/uploads\/2025\/02\/freepik__expand__20737-150x150.png",150,150,true],"medium":["https:\/\/www.anika-net.de\/wp-content\/uploads\/2025\/02\/freepik__expand__20737-300x170.png",300,170,true],"medium_large":["https:\/\/www.anika-net.de\/wp-content\/uploads\/2025\/02\/freepik__expand__20737-768x434.png",640,362,true],"large":["https:\/\/www.anika-net.de\/wp-content\/uploads\/2025\/02\/freepik__expand__20737-1024x579.png",640,362,true],"1536x1536":["https:\/\/www.anika-net.de\/wp-content\/uploads\/2025\/02\/freepik__expand__20737.png",1472,832,false],"2048x2048":["https:\/\/www.anika-net.de\/wp-content\/uploads\/2025\/02\/freepik__expand__20737.png",1472,832,false],"event-overview":["https:\/\/www.anika-net.de\/wp-content\/uploads\/2025\/02\/freepik__expand__20737-960x640.png",960,640,true],"event-archive-thumb":["https:\/\/www.anika-net.de\/wp-content\/uploads\/2025\/02\/freepik__expand__20737-480x271.png",480,271,true],"grid-item-thumbnail":["https:\/\/www.anika-net.de\/wp-content\/uploads\/2025\/02\/freepik__expand__20737-360x200.png",360,200,true],"network-partner-icon":["https:\/\/www.anika-net.de\/wp-content\/uploads\/2025\/02\/freepik__expand__20737-100x100.png",100,100,true],"organiser-icon":["https:\/\/www.anika-net.de\/wp-content\/uploads\/2025\/02\/freepik__expand__20737-200x200.png",200,200,true],"gform-image-choice-sm":["https:\/\/www.anika-net.de\/wp-content\/uploads\/2025\/02\/freepik__expand__20737-300x300.png",300,300,true],"gform-image-choice-md":["https:\/\/www.anika-net.de\/wp-content\/uploads\/2025\/02\/freepik__expand__20737-400x400.png",400,400,true],"gform-image-choice-lg":["https:\/\/www.anika-net.de\/wp-content\/uploads\/2025\/02\/freepik__expand__20737-600x600.png",600,600,true]},"post_excerpt_stackable_v2":"<p>Podr\u00ad\u0161ka mla\u00addim \u017eena\u00adma pri samos\u00adtal\u00adnom sta\u00adno\u00adva\u00adnju uz soci\u00adjal\u00adno-peda\u00adgo\u00ad\u00ad\u0161ku indi\u00advi\u00addu\u00adal\u00adnu podr\u00ad\u0161ku&nbsp; WisE (\u017eivot s inten\u00adziv\u00adnom indi\u00advi\u00addu\u00adal\u00adnom socio-obra\u00adzov\u00adnom podr\u00ad\u0161kom) uslu\u00adga je soci\u00adjal\u00adne skr\u00adbi za mla\u00adde za mla\u00adde \u017eene od 16 i vi\u0161e godi\u00adna koje \u017eele \u017eivje\u00adti same i \u017eele podr\u00ad\u0161ku u&nbsp;tome. U poje\u00addi\u00adna\u010d\u00adnim slu\u00ad\u010da\u00adje\u00advi\u00adma mogu se pri\u00adhva\u00adti\u00adti i mla\u00addi dru\u00adgih spo\u00adlo\u00adva. Nudi\u00admo 1\u2011sobne sta\u00adno\u00adve. Soci\u00adjal\u00adna rad\u00adni\u00adca pra\u00adti mla\u00adde oso\u00adbe u svim aspek\u00adti\u00adma pre\u00adma sus\u00adta\u00advu pri\u00admar\u00adne&nbsp;skr\u00adbi. Ima oko 2\u20133 ter\u00admi\u00adna tjed\u00adno (omjer osob\u00adlja 1:4). Cilj je pomo\u00ad\u0107i mla\u00addi\u00adma da u \u0161to ve\u0107oj mje\u00adri izgra\u00adde samos\u00adta\u00adlan&nbsp;\u017eivot. Slo\u00adbod\u00adno s nama dogo\u00advo\u00adri\u00adte deta\u00adljan ter\u00admin. \ud83d\udcce Letak Mudra maj\u00adka-dije\u00adte \u017divot s inten\u00adziv\u00adnom indi\u00advi\u00addu\u00adal\u00adnom socio-obra\u00adzov\u00adnom podr\u00ad\u0161kom za majka-dijete\u2026<\/p>\n","category_list_v2":"","author_info_v2":{"name":"Andrea Ramirez","url":"https:\/\/www.anika-net.de\/hr\/author\/andrea-ramirez\/"},"comments_num_v2":"0 comments","uagb_featured_image_src":{"full":["https:\/\/www.anika-net.de\/wp-content\/uploads\/2025\/02\/freepik__expand__20737.png",1472,832,false],"thumbnail":["https:\/\/www.anika-net.de\/wp-content\/uploads\/2025\/02\/freepik__expand__20737-150x150.png",150,150,true],"medium":["https:\/\/www.anika-net.de\/wp-content\/uploads\/2025\/02\/freepik__expand__20737-300x170.png",300,170,true],"medium_large":["https:\/\/www.anika-net.de\/wp-content\/uploads\/2025\/02\/freepik__expand__20737-768x434.png",640,362,true],"large":["https:\/\/www.anika-net.de\/wp-content\/uploads\/2025\/02\/freepik__expand__20737-1024x579.png",640,362,true],"1536x1536":["https:\/\/www.anika-net.de\/wp-content\/uploads\/2025\/02\/freepik__expand__20737.png",1472,832,false],"2048x2048":["https:\/\/www.anika-net.de\/wp-content\/uploads\/2025\/02\/freepik__expand__20737.png",1472,832,false],"event-overview":["https:\/\/www.anika-net.de\/wp-content\/uploads\/2025\/02\/freepik__expand__20737-960x640.png",960,640,true],"event-archive-thumb":["https:\/\/www.anika-net.de\/wp-content\/uploads\/2025\/02\/freepik__expand__20737-480x271.png",480,271,true],"grid-item-thumbnail":["https:\/\/www.anika-net.de\/wp-content\/uploads\/2025\/02\/freepik__expand__20737-360x200.png",360,200,true],"network-partner-icon":["https:\/\/www.anika-net.de\/wp-content\/uploads\/2025\/02\/freepik__expand__20737-100x100.png",100,100,true],"organiser-icon":["https:\/\/www.anika-net.de\/wp-content\/uploads\/2025\/02\/freepik__expand__20737-200x200.png",200,200,true],"gform-image-choice-sm":["https:\/\/www.anika-net.de\/wp-content\/uploads\/2025\/02\/freepik__expand__20737-300x300.png",300,300,true],"gform-image-choice-md":["https:\/\/www.anika-net.de\/wp-content\/uploads\/2025\/02\/freepik__expand__20737-400x400.png",400,400,true],"gform-image-choice-lg":["https:\/\/www.anika-net.de\/wp-content\/uploads\/2025\/02\/freepik__expand__20737-600x600.png",600,600,true]},"uagb_author_info":{"display_name":"Andrea Ramirez","author_link":"https:\/\/www.anika-net.de\/hr\/author\/andrea-ramirez\/"},"uagb_comment_info":0,"uagb_excerpt":"Podr\u00ad\u0161ka mla\u00addim \u017eena\u00adma pri samos\u00adtal\u00adnom sta\u00adno\u00adva\u00adnju uz soci\u00adjal\u00adno-peda\u00adgo\u00ad\u0161ku indi\u00advi\u00addu\u00adal\u00adnu podr\u0161ku&nbsp; WisE (\u017eivot s inten\u00adziv\u00adnom indi\u00advi\u00addu\u00adal\u00adnom socio-obra\u00adzov\u00adnom podr\u00ad\u0161kom) uslu\u00adga je soci\u00adjal\u00adne skr\u00adbi za mla\u00adde za mla\u00adde \u017eene od 16 i vi\u0161e&nbsp;vidi vi\u0161e","_links":{"self":[{"href":"https:\/\/www.anika-net.de\/hr\/wp-json\/wp\/v2\/event\/58170","targetHints":{"allow":["GET"]}}],"collection":[{"href":"https:\/\/www.anika-net.de\/hr\/wp-json\/wp\/v2\/event"}],"about":[{"href":"https:\/\/www.anika-net.de\/hr\/wp-json\/wp\/v2\/types\/event"}],"author":[{"embeddable":true,"href":"https:\/\/www.anika-net.de\/hr\/wp-json\/wp\/v2\/users\/12"}],"version-history":[{"count":5,"href":"https:\/\/www.anika-net.de\/hr\/wp-json\/wp\/v2\/event\/58170\/revisions"}],"predecessor-version":[{"id":58610,"href":"https:\/\/www.anika-net.de\/hr\/wp-json\/wp\/v2\/event\/58170\/revisions\/58610"}],"acf:post":[{"embeddable":true,"href":"https:\/\/www.anika-net.de\/hr\/wp-json\/wp\/v2\/organiser\/16455"}],"acf:term":[{"embeddable":true,"taxonomy":"event_category","href":"https:\/\/www.anika-net.de\/hr\/wp-json\/wp\/v2\/event_category\/139"}],"wp:featuredmedia":[{"embeddable":true,"href":"https:\/\/www.anika-net.de\/hr\/wp-json\/wp\/v2\/media\/58188"}],"wp:attachment":[{"href":"https:\/\/www.anika-net.de\/hr\/wp-json\/wp\/v2\/media?parent=58170"}],"curies":[{"name":"wp","href":"https:\/\/api.w.org\/{rel}","templated":true}]}}