{"id":44171,"date":"2023-12-04T14:17:56","date_gmt":"2023-12-04T13:17:56","guid":{"rendered":"https:\/\/www.anika-net.de\/event\/priznavanje-inozemnih-strucnih-kvalifikacija\/"},"modified":"2026-02-23T13:02:13","modified_gmt":"2026-02-23T12:02:13","slug":"priznavanje-inozemnih-strucnih-kvalifikacija","status":"publish","type":"event","link":"https:\/\/www.anika-net.de\/hr\/event\/priznavanje-inozemnih-strucnih-kvalifikacija\/","title":{"rendered":"Priz\u00adna\u00adva\u00adnje ino\u00adzem\u00adnih stru\u010d\u00adnih kvalifikacija"},"content":{"rendered":"<h3><span style=\"color: #000000;\"><strong>iku\u00adbiz<\/strong><\/span><\/h3>\n<h2><span style=\"color: #008080;\">Priz\u00adna\u00adva\u00adnje ino\u00adzem\u00adnih stru\u010d\u00adnih kvalifikacija<\/span><\/h2>\n<p>Mno\u00adgi migran\u00adti s ino\u00adzem\u00adnim kva\u00adli\u00adfi\u00adka\u00adci\u00adja\u00adma ne zna\u00adju kako mogu radi\u00adti u svo\u00adjoj stru\u00adci jer nema\u00adju infor\u00adma\u00adci\u00adja o pos\u00adtup\u00adku priz\u00adna\u00adva\u00adnja. Na\u0161a uslu\u00adga savje\u00adto\u00adva\u00adnja o priz\u00adna\u00adva\u00adnju u iku\u00adbi\u00adzu nudi bes\u00adplat\u00adne savje\u00adte i infor\u00adma\u00adci\u00adje o pos\u00adtup\u00adku priz\u00adna\u00adva\u00adnja. Savje\u00adtu\u00adje\u00admo ne samo u Man\u00adn\u00adhe\u00adimu, ve\u0107 i u Heidel\u00adber\u00adgu, Kar\u00adl\u00adsru\u00adheu, Pfor\u00adzhe\u00adimu i Mosbachu.<\/p>\n<p><span style=\"color: #008080;\"><strong>Na\u0161a uslu\u00adga za&nbsp;vas<\/strong><\/span><\/p>\n<ul>\n<li>Savje\u00adtu\u00adje\u00admo vas o pro\u00adce\u00adsu priz\u00adna\u00adva\u00adnja. Obja\u0161\u00adnja\u00adva\u00admo pos\u00adtu\u00adpak priz\u00adna\u00adva\u00adnja i tra\u00ad\u017ei\u00admo odgo\u00adva\u00adra\u00adju\u00ad\u0107i ured za priznavanje.<\/li>\n<li>Nudi\u00admo savje\u00adte putem e\u2011maila, videa, tele\u00adfo\u00adna ili osob\u00adno. Kon\u00adzul\u00adta\u00adci\u00adje su mogu\u00ad\u0107e samo po dogo\u00advo\u00adru. Pri\u00adja\u00advi\u00adte se za kon\u00adzul\u00adta\u00adci\u00adje putem web apli\u00adka\u00adci\u00adje. Uko\u00adli\u00adko to nije mogu\u00ad\u0107e, mo\u017ee\u00adte nas kon\u00adtak\u00adti\u00adra\u00adti i putem e\u2011maila ili tele\u00adfo\u00adna. U nas\u00adtav\u00adku \u0107ete pro\u00adna\u00ad\u0107i podat\u00adke za kontakt.<\/li>\n<li><strong>Za kon\u00adzul\u00adta\u00adci\u00adje su nam potreb\u00adne<\/strong> (ako su dos\u00adtup\u00adne) diplo\u00adme, popi\u00adsi pred\u00adme\u00adta, rad\u00adne refe\u00adren\u00adce, \u017eivo\u00adto\u00adpis. Ako ve\u0107 ima\u00adte pri\u00adje\u00advo\u00adde na nje\u00adma\u010d\u00adki, slo\u00adbod\u00adno nam ih po\u0161a\u00adlji\u00adte. U suprot\u00adnom, moli\u00admo da ne tra\u00ad\u017ei\u00adte pri\u00adje\u00advo\u00adde pri\u00adje dogo\u00advo\u00adre\u00adnog termina.<\/li>\n<\/ul>\n<p>&nbsp;<\/p>\n<p><strong><span style=\"color: #800080;\">\ud83d\udccc Ter\u00admi\u00adni samo uz pret\u00adhod\u00adni dogovor<\/span><\/strong><\/p>\n<p><strong><span style=\"color: #008080;\">Dogo\u00advo\u00adri\u00adti sas\u00adta\u00adnak<\/span><\/strong><br><a href=\"https:\/\/www.iq-webapp.de\/anmeldung-bw\" rel=\"noopener\">https:\/\/www.iq-webapp.de\/anmeldung-bw<\/a><\/p>\n<p><span style=\"color: #999999;\"><strong>Gdje<\/strong><\/span><br><strong>Agen\u00adci\u00adja za zapo\u0161\u00adlja\u00adva\u00adnje Kar\u00adl\u00adsru\u00adhe-Ras\u00adtatt, Cen\u00adtar za stru\u00adkov\u00adne infor\u00adma\u00adci\u00adje (BiZ)<\/strong><br>Run\u00add\u00adbau soba 110 (1. kat)<br>Bra\u00aduer\u00adstr. 10, 76135 Karlsruhe<\/p>\n<p><strong>Me\u0111u\u00adna\u00adrod\u00adni cen\u00adtar za sas\u00adtan\u00adke (ibz)<\/strong><br>2. kat, lije\u00advo<br>Kaise\u00adral\u00adlee 12 d, 76133 Karlsruhe<\/p>\n<p>&nbsp;<\/p>\n\n\n<p><strong>\ud83d\udce2 Aktu\u00adal\u00adne informacije<\/strong><\/p>\n\n\n\n<blockquote class=\"wp-block-quote is-layout-flow wp-block-quote-is-layout-flow\">\n<p>Zbog veli\u00adkog bro\u00adja upi\u00adta, na\u017ea\u00adlost mo\u017ee biti i du\u017ee <strong>\u010deka\u00adnja od cca. 3 mje\u00adse\u00adca do dogo\u00advo\u00adre\u00adnog ter\u00admi\u00adna<\/strong> dostupan.<\/p>\n<\/blockquote>\n\n\n\n<p><strong>\ud83d\udcce<a href=\"https:\/\/www.anika-net.de\/wp-content\/uploads\/2026\/02\/BZ-Flyer-2-ikubiz-sprachen_2025-09-02-Kroatisch_web.pdf\">Letak<\/a><\/strong><\/p>\n","protected":false},"author":12,"featured_media":119420,"template":"","class_list":["post-44171","event","type-event","status-publish","has-post-thumbnail","hentry","event_category-raditi"],"acf":{"event-recurring":true,"event-category":143,"event-is-language-course":false,"event-recurring-still-active":true,"event-display-details":true,"event-schedules-recurring":[{"event-recurring-week-day":"1","event-recurring-time":"","event-recurring-time-text":"09:30 - 17:00 BiZ"},{"event-recurring-week-day":"3","event-recurring-time":"","event-recurring-time-text":"10:00 - 16:00 ibz"}],"event-schedules-calendar":null,"event-is-online":false,"event-online-url":"","event-location-building":"ibz, 2. OG, links","event-location-street":"Kaiserallee 12 d","event-location-zip":"76133","event-location-city":"Karlsruhe","event-location-contact-person":"Fra Ghaderi - Frau Laura Karl","event-location-phone":"0621\/ 400 712 13 (Frau Ghaderi)","event-location-phone-2":"0621\/ 437 731 13 (Frau Karl)","event-location-mail":"anerkennung@ikubiz.de","event-location-mail-2":"","event-location-website":"https:\/\/www.iq-webapp.de\/anmeldung-bw","event-target-group":[{"target-group":"all"}],"event-target-group-comment":"Migranti sa stranim stru\u010dnim i\/ili \u0161kolskim kvalifikacijama","event-free":true,"event-organiser":[16231,16266,34902],"event-header-copyright-overlay":true,"event-copyright-note-description-end":false},"featured_image_urls_v2":{"full":["https:\/\/www.anika-net.de\/wp-content\/uploads\/2023\/12\/IQ_RGB_L.jpg",638,164,false],"thumbnail":["https:\/\/www.anika-net.de\/wp-content\/uploads\/2023\/12\/IQ_RGB_L-150x150.jpg",150,150,true],"medium":["https:\/\/www.anika-net.de\/wp-content\/uploads\/2023\/12\/IQ_RGB_L-300x77.jpg",300,77,true],"medium_large":["https:\/\/www.anika-net.de\/wp-content\/uploads\/2023\/12\/IQ_RGB_L.jpg",638,164,false],"large":["https:\/\/www.anika-net.de\/wp-content\/uploads\/2023\/12\/IQ_RGB_L.jpg",638,164,false],"1536x1536":["https:\/\/www.anika-net.de\/wp-content\/uploads\/2023\/12\/IQ_RGB_L.jpg",638,164,false],"2048x2048":["https:\/\/www.anika-net.de\/wp-content\/uploads\/2023\/12\/IQ_RGB_L.jpg",638,164,false],"event-overview":["https:\/\/www.anika-net.de\/wp-content\/uploads\/2023\/12\/IQ_RGB_L.jpg",638,164,false],"event-archive-thumb":["https:\/\/www.anika-net.de\/wp-content\/uploads\/2023\/12\/IQ_RGB_L-480x123.jpg",480,123,true],"grid-item-thumbnail":["https:\/\/www.anika-net.de\/wp-content\/uploads\/2023\/12\/IQ_RGB_L-360x164.jpg",360,164,true],"network-partner-icon":["https:\/\/www.anika-net.de\/wp-content\/uploads\/2023\/12\/IQ_RGB_L-100x100.jpg",100,100,true],"organiser-icon":["https:\/\/www.anika-net.de\/wp-content\/uploads\/2023\/12\/IQ_RGB_L-200x164.jpg",200,164,true],"gform-image-choice-sm":["https:\/\/www.anika-net.de\/wp-content\/uploads\/2023\/12\/IQ_RGB_L.jpg",300,77,false],"gform-image-choice-md":["https:\/\/www.anika-net.de\/wp-content\/uploads\/2023\/12\/IQ_RGB_L.jpg",400,103,false],"gform-image-choice-lg":["https:\/\/www.anika-net.de\/wp-content\/uploads\/2023\/12\/IQ_RGB_L.jpg",600,154,false]},"post_excerpt_stackable_v2":"<p>iku\u00adbiz Priz\u00adna\u00adva\u00adnje ino\u00adzem\u00adnih stru\u010d\u00adnih kva\u00adli\u00adfi\u00adka\u00adci\u00adja Mno\u00adgi migran\u00adti s ino\u00adzem\u00adnim kva\u00adli\u00adfi\u00adka\u00adci\u00adja\u00adma ne zna\u00adju kako mogu radi\u00adti u svo\u00adjoj stru\u00adci jer nema\u00adju infor\u00adma\u00adci\u00adja o pos\u00adtup\u00adku priz\u00adna\u00adva\u00adnja. Na\u0161a uslu\u00adga savje\u00adto\u00adva\u00adnja o priz\u00adna\u00adva\u00adnju u iku\u00adbi\u00adzu nudi bes\u00adplat\u00adne savje\u00adte i infor\u00adma\u00adci\u00adje o pos\u00adtup\u00adku priz\u00adna\u00adva\u00adnja. Savje\u00adtu\u00adje\u00admo ne samo u Man\u00adn\u00adhe\u00adimu, ve\u0107 i u Heidel\u00adber\u00adgu, Kar\u00adl\u00adsru\u00adheu, Pfor\u00adzhe\u00adimu i Mosbac\u00adhu. Na\u0161a uslu\u00adga za&nbsp;vas Savje\u00adtu\u00adje\u00admo vas o pro\u00adce\u00adsu priz\u00adna\u00adva\u00adnja. Obja\u0161\u00adnja\u00adva\u00admo pos\u00adtu\u00adpak priz\u00adna\u00adva\u00adnja i tra\u00ad\u017ei\u00admo odgo\u00adva\u00adra\u00adju\u00ad\u0107i ured za priz\u00adna\u00adva\u00adnje. Nudi\u00admo savje\u00adte putem e\u2011maila, videa, tele\u00adfo\u00adna ili osob\u00adno. Kon\u00adzul\u00adta\u00adci\u00adje su mogu\u00ad\u0107e samo po dogo\u00advo\u00adru. Pri\u00adja\u00advi\u00adte se za kon\u00adzul\u00adta\u00adci\u00adje putem web apli\u00adka\u00adci\u00adje. Uko\u00adli\u00adko to nije mogu\u00ad\u0107e, mo\u017ee\u00adte nas kon\u00adtak\u00adti\u00adra\u00adti i putem e\u2011maila\u2026<\/p>\n","category_list_v2":"","author_info_v2":{"name":"Andrea Ramirez","url":"https:\/\/www.anika-net.de\/hr\/author\/andrea-ramirez\/"},"comments_num_v2":"0 comments","uagb_featured_image_src":{"full":["https:\/\/www.anika-net.de\/wp-content\/uploads\/2023\/12\/IQ_RGB_L.jpg",638,164,false],"thumbnail":["https:\/\/www.anika-net.de\/wp-content\/uploads\/2023\/12\/IQ_RGB_L-150x150.jpg",150,150,true],"medium":["https:\/\/www.anika-net.de\/wp-content\/uploads\/2023\/12\/IQ_RGB_L-300x77.jpg",300,77,true],"medium_large":["https:\/\/www.anika-net.de\/wp-content\/uploads\/2023\/12\/IQ_RGB_L.jpg",638,164,false],"large":["https:\/\/www.anika-net.de\/wp-content\/uploads\/2023\/12\/IQ_RGB_L.jpg",638,164,false],"1536x1536":["https:\/\/www.anika-net.de\/wp-content\/uploads\/2023\/12\/IQ_RGB_L.jpg",638,164,false],"2048x2048":["https:\/\/www.anika-net.de\/wp-content\/uploads\/2023\/12\/IQ_RGB_L.jpg",638,164,false],"event-overview":["https:\/\/www.anika-net.de\/wp-content\/uploads\/2023\/12\/IQ_RGB_L.jpg",638,164,false],"event-archive-thumb":["https:\/\/www.anika-net.de\/wp-content\/uploads\/2023\/12\/IQ_RGB_L-480x123.jpg",480,123,true],"grid-item-thumbnail":["https:\/\/www.anika-net.de\/wp-content\/uploads\/2023\/12\/IQ_RGB_L-360x164.jpg",360,164,true],"network-partner-icon":["https:\/\/www.anika-net.de\/wp-content\/uploads\/2023\/12\/IQ_RGB_L-100x100.jpg",100,100,true],"organiser-icon":["https:\/\/www.anika-net.de\/wp-content\/uploads\/2023\/12\/IQ_RGB_L-200x164.jpg",200,164,true],"gform-image-choice-sm":["https:\/\/www.anika-net.de\/wp-content\/uploads\/2023\/12\/IQ_RGB_L.jpg",300,77,false],"gform-image-choice-md":["https:\/\/www.anika-net.de\/wp-content\/uploads\/2023\/12\/IQ_RGB_L.jpg",400,103,false],"gform-image-choice-lg":["https:\/\/www.anika-net.de\/wp-content\/uploads\/2023\/12\/IQ_RGB_L.jpg",600,154,false]},"uagb_author_info":{"display_name":"Andrea Ramirez","author_link":"https:\/\/www.anika-net.de\/hr\/author\/andrea-ramirez\/"},"uagb_comment_info":0,"uagb_excerpt":"iku\u00adbiz Priz\u00adna\u00adva\u00adnje ino\u00adzem\u00adnih stru\u010d\u00adnih kvalifikacija Mno\u00adgi migran\u00adti s ino\u00adzem\u00adnim kva\u00adli\u00adfi\u00adka\u00adci\u00adja\u00adma ne zna\u00adju kako mogu radi\u00adti u svo\u00adjoj stru\u00adci jer nema\u00adju infor\u00adma\u00adci\u00adja o pos\u00adtup\u00adku priz\u00adna\u00adva\u00adnja. Na\u0161a uslu\u00adga savje\u00adto\u00adva\u00adnja o priz\u00adna\u00adva\u00adnju u&nbsp;vidi vi\u0161e","_links":{"self":[{"href":"https:\/\/www.anika-net.de\/hr\/wp-json\/wp\/v2\/event\/44171","targetHints":{"allow":["GET"]}}],"collection":[{"href":"https:\/\/www.anika-net.de\/hr\/wp-json\/wp\/v2\/event"}],"about":[{"href":"https:\/\/www.anika-net.de\/hr\/wp-json\/wp\/v2\/types\/event"}],"author":[{"embeddable":true,"href":"https:\/\/www.anika-net.de\/hr\/wp-json\/wp\/v2\/users\/12"}],"version-history":[{"count":2,"href":"https:\/\/www.anika-net.de\/hr\/wp-json\/wp\/v2\/event\/44171\/revisions"}],"predecessor-version":[{"id":119464,"href":"https:\/\/www.anika-net.de\/hr\/wp-json\/wp\/v2\/event\/44171\/revisions\/119464"}],"acf:post":[{"embeddable":true,"href":"https:\/\/www.anika-net.de\/hr\/wp-json\/wp\/v2\/organiser\/34902"},{"embeddable":true,"href":"https:\/\/www.anika-net.de\/hr\/wp-json\/wp\/v2\/organiser\/16266"},{"embeddable":true,"href":"https:\/\/www.anika-net.de\/hr\/wp-json\/wp\/v2\/organiser\/16231"}],"acf:term":[{"embeddable":true,"taxonomy":"event_category","href":"https:\/\/www.anika-net.de\/hr\/wp-json\/wp\/v2\/event_category\/143"}],"wp:featuredmedia":[{"embeddable":true,"href":"https:\/\/www.anika-net.de\/hr\/wp-json\/wp\/v2\/media\/119420"}],"wp:attachment":[{"href":"https:\/\/www.anika-net.de\/hr\/wp-json\/wp\/v2\/media?parent=44171"}],"curies":[{"name":"wp","href":"https:\/\/api.w.org\/{rel}","templated":true}]}}