{"id":42942,"date":"2023-10-19T10:27:26","date_gmt":"2023-10-19T08:27:26","guid":{"rendered":"https:\/\/www.anika-net.de\/event\/radionica-stvorite-zapanjujuce-portrete-svojim-pametnim-telefonom\/"},"modified":"2023-10-19T10:27:26","modified_gmt":"2023-10-19T08:27:26","slug":"radionica-stvorite-zapanjujuce-portrete-svojim-pametnim-telefonom","status":"publish","type":"event","link":"https:\/\/www.anika-net.de\/hr\/event\/radionica-stvorite-zapanjujuce-portrete-svojim-pametnim-telefonom\/","title":{"rendered":"Radi\u00adoni\u00adca: Stvo\u00adri\u00adte zapa\u00adnju\u00adju\u00ad\u0107e por\u00adtre\u00adte svo\u00adjim pamet\u00adnim telefonom"},"content":{"rendered":"<h4><span style=\"color: #008080;\">Fin\u00adca Roas\u00adters Karlsruhe<\/span><\/h4>\n<h2><span style=\"color: #333399;\">Radi\u00adoni\u00adca: Stvo\u00adri\u00adte zapa\u00adnju\u00adju\u00ad\u0107e por\u00adtre\u00adte svo\u00adjim pamet\u00adnim telefonom<\/span><\/h2>\n<p><span style=\"color: #008080;\">Cije\u00adna: <strong>40 \u20ac \u2014 Pri\u00adja\u00adva <a href=\"https:\/\/emanuelanesko.com\/events-2\" rel=\"noopener\">ovdje<\/a><\/strong><\/span><\/p>\n<p>Na na\u0161oj <strong>dvo\u00adsat\u00adnoj radi\u00adoni\u00adci<\/strong> nau\u010dit \u0107ete sljede\u0107e:<br>\n\u25cf <strong>Svje\u00adtlo<\/strong> i nje\u00adgo\u00adva ulo\u00adga u por\u00adtret\u00adnoj foto\u00adgra\u00adfi\u00adji: raz\u00adgo\u00adva\u00adrat \u0107emo o tome kako u\u010din\u00adko\u00advi\u00adto koris\u00adti\u00adti svje\u00adtlo koje&nbsp;imate.<br>\n\u25cf <strong>Umjet\u00adnost per\u00ads\u00adpek\u00adti\u00adve<\/strong> : nau\u010di\u00adte kako oda\u00adbir pra\u00adve per\u00ads\u00adpek\u00adti\u00adve mo\u017ee pobolj\u00ad\u0161a\u00adti va\u0161e por\u00adtret\u00adne snimke<br>\n\u25cf <strong>Fokus<\/strong> po va\u0161em izbo\u00adru: Nau\u010dit \u0107ete kako odlu\u00ad\u010di\u00adti gdje bi tre\u00adbao biti fokus na va\u0161im por\u00adtre\u00adti\u00adma da bis\u00adte dobi\u00adli \u017eelje\u00adne rezultate.<br>\n\u25cf <strong>Laska\u00advo pozi\u00adci\u00adoni\u00adra\u00adnje<\/strong> : dobij\u00adte prak\u00adti\u010d\u00adne savje\u00adte i teh\u00adni\u00adke kako pos\u00adta\u00advi\u00adti lju\u00adde na svo\u00adjim por\u00adtre\u00adti\u00adma na laska\u00advi\u00adji&nbsp;na\u010din.<br>\n\u25cf Va\u0161 pamet\u00adni tele\u00adfon kao <strong>kre\u00adativ\u00adni alat<\/strong> : poka\u00adzat \u0107u vam kako koris\u00adti\u00adti zna\u00ad\u010daj\u00adke svog tele\u00adfo\u00adna i kako ih koris\u00adti\u00adti namjerno<br>\n\u25cf Pojed\u00adnos\u00adtav\u00adlje\u00adno <strong>ure\u00ad\u0111i\u00adva\u00adnje sli\u00adka<\/strong> : poka\u00adzat \u0107u vam kako jed\u00adnos\u00adtav\u00adno ure\u00addi\u00adti svo\u00adje foto\u00adgra\u00adfi\u00adje izrav\u00adno na pamet\u00adnom tele\u00adfo\u00adnu kako bis\u00adte mak\u00adsi\u00admal\u00adno isko\u00adris\u00adti\u00adli svo\u00adje portrete.<br>\nOsim toga, izvo\u00addit \u0107emo prak\u00adti\u010d\u00adne vje\u017e\u00adbe u koji\u00adma mo\u017ee\u00adte pri\u00admi\u00adje\u00adni\u00adti ono \u0161to ste nau\u010di\u00adli u prak\u00adsi. Do kra\u00adja radi\u00adoni\u00adce usa\u00advr\u00ad\u0161it \u0107ete svo\u00adje foto\u00adgraf\u00adske vje\u00ad\u0161ti\u00adne i mo\u0107i \u0107ete kre\u00adira\u00adti pre\u00adkras\u00adne por\u00adtre\u00adte svo\u00adjim pamet\u00adnim telefonom.<\/p>\n<p>Po zavr\u00ad\u0161et\u00adku radi\u00adoni\u00adce dobit \u0107ete i <strong>PDF koji sadr\u00ad\u017ei jasan sa\u017ee\u00adtak obra\u00ad\u0111e\u00adnih tema<\/strong> i vje\u017e\u00adbi koje mo\u017ee\u00adte dodat\u00adno istra\u00ad\u017ei\u00adti&nbsp;sami.<\/p>\n<p>&nbsp;<\/p>\n","protected":false},"author":12,"featured_media":42919,"template":"","class_list":["post-42942","event","type-event","status-publish","has-post-thumbnail","hentry","event_category-obrazovanje"],"acf":{"event-recurring":false,"event-category":141,"event-is-language-course":false,"event-recurring-still-active":true,"event-display-details":true,"event-schedules-recurring":null,"event-schedules-calendar":[{"event-calendar-day":"20231111","event-calendar-time":"16:00 ","event-calendar-time-text":""}],"event-is-online":false,"event-online-url":"","event-location-building":"fincaroasters","event-location-street":"Augartenstra\u00dfe 30A","event-location-zip":"76137","event-location-city":"Karlsruhe","event-location-contact-person":"Emanuela Nesko ","event-location-phone":"","event-location-phone-2":"","event-location-mail":"hello@emanuelanesko.com","event-location-mail-2":"","event-location-website":"https:\/\/emanuelanesko.com\/","event-target-group":[{"target-group":"all"}],"event-target-group-comment":"Fotografski entuzijasti, po\u010detnici","event-free":false,"event-organiser":[42483],"event-header-copyright-overlay":true,"event-copyright-note-description-end":false},"featured_image_urls_v2":{"full":["https:\/\/www.anika-net.de\/wp-content\/uploads\/2023\/10\/20230427-IMG_6422-Edit-scaled.jpg",1707,2560,false],"thumbnail":["https:\/\/www.anika-net.de\/wp-content\/uploads\/2023\/10\/20230427-IMG_6422-Edit-150x150.jpg",150,150,true],"medium":["https:\/\/www.anika-net.de\/wp-content\/uploads\/2023\/10\/20230427-IMG_6422-Edit-200x300.jpg",200,300,true],"medium_large":["https:\/\/www.anika-net.de\/wp-content\/uploads\/2023\/10\/20230427-IMG_6422-Edit-768x1152.jpg",640,960,true],"large":["https:\/\/www.anika-net.de\/wp-content\/uploads\/2023\/10\/20230427-IMG_6422-Edit-683x1024.jpg",640,960,true],"1536x1536":["https:\/\/www.anika-net.de\/wp-content\/uploads\/2023\/10\/20230427-IMG_6422-Edit-1024x1536.jpg",1024,1536,true],"2048x2048":["https:\/\/www.anika-net.de\/wp-content\/uploads\/2023\/10\/20230427-IMG_6422-Edit-1365x2048.jpg",1365,2048,true],"event-overview":["https:\/\/www.anika-net.de\/wp-content\/uploads\/2023\/10\/20230427-IMG_6422-Edit-960x640.jpg",960,640,true],"event-archive-thumb":["https:\/\/www.anika-net.de\/wp-content\/uploads\/2023\/10\/20230427-IMG_6422-Edit-480x720.jpg",480,720,true],"grid-item-thumbnail":["https:\/\/www.anika-net.de\/wp-content\/uploads\/2023\/10\/20230427-IMG_6422-Edit-360x200.jpg",360,200,true],"network-partner-icon":["https:\/\/www.anika-net.de\/wp-content\/uploads\/2023\/10\/20230427-IMG_6422-Edit-100x100.jpg",100,100,true],"organiser-icon":["https:\/\/www.anika-net.de\/wp-content\/uploads\/2023\/10\/20230427-IMG_6422-Edit-200x200.jpg",200,200,true],"gform-image-choice-sm":["https:\/\/www.anika-net.de\/wp-content\/uploads\/2023\/10\/20230427-IMG_6422-Edit-scaled.jpg",200,300,false],"gform-image-choice-md":["https:\/\/www.anika-net.de\/wp-content\/uploads\/2023\/10\/20230427-IMG_6422-Edit-scaled.jpg",267,400,false],"gform-image-choice-lg":["https:\/\/www.anika-net.de\/wp-content\/uploads\/2023\/10\/20230427-IMG_6422-Edit-scaled.jpg",400,600,false]},"post_excerpt_stackable_v2":"<p>Fin\u00adca Roas\u00adters Kar\u00adl\u00adsru\u00adhe Radi\u00adoni\u00adca: Stvo\u00adri\u00adte zapa\u00adnju\u00adju\u00ad\u0107e por\u00adtre\u00adte svo\u00adjim pamet\u00adnim tele\u00adfo\u00adnom Cije\u00adna: 40 \u20ac \u2014 Pri\u00adja\u00adva ovdje Na na\u0161oj dvo\u00adsat\u00adnoj radi\u00adoni\u00adci nau\u010dit \u0107ete slje\u00adde\u00ad\u0107e: \u25cf Svje\u00adtlo i nje\u00adgo\u00adva ulo\u00adga u por\u00adtret\u00adnoj foto\u00adgra\u00adfi\u00adji: raz\u00adgo\u00adva\u00adrat \u0107emo o tome kako u\u010din\u00adko\u00advi\u00adto koris\u00adti\u00adti svje\u00adtlo koje&nbsp;ima\u00adte. \u25cf Umjet\u00adnost per\u00ads\u00adpek\u00adti\u00adve : nau\u010di\u00adte kako oda\u00adbir pra\u00adve per\u00ads\u00adpek\u00adti\u00adve mo\u017ee pobolj\u00ad\u0161a\u00adti va\u0161e por\u00adtret\u00adne snim\u00adke \u25cf Fokus po va\u0161em izbo\u00adru: Nau\u010dit \u0107ete kako odlu\u00ad\u010di\u00adti gdje bi tre\u00adbao biti fokus na va\u0161im por\u00adtre\u00adti\u00adma da bis\u00adte dobi\u00adli \u017eelje\u00adne rezul\u00adta\u00adte. \u25cf Laska\u00advo pozi\u00adci\u00adoni\u00adra\u00adnje : dobij\u00adte prak\u00adti\u010d\u00adne savje\u00adte i teh\u00adni\u00adke kako pos\u00adta\u00advi\u00adti lju\u00adde na svo\u00adjim por\u00adtre\u00adti\u00adma na laska\u00advi\u00adji&nbsp;na\u010din. \u25cf Va\u0161 pamet\u00adni tele\u00adfon kao kre\u00adativ\u00adni&nbsp;alat\u2026<\/p>\n","category_list_v2":"","author_info_v2":{"name":"Andrea Ramirez","url":"https:\/\/www.anika-net.de\/hr\/author\/andrea-ramirez\/"},"comments_num_v2":"0 comments","uagb_featured_image_src":{"full":["https:\/\/www.anika-net.de\/wp-content\/uploads\/2023\/10\/20230427-IMG_6422-Edit-scaled.jpg",1707,2560,false],"thumbnail":["https:\/\/www.anika-net.de\/wp-content\/uploads\/2023\/10\/20230427-IMG_6422-Edit-150x150.jpg",150,150,true],"medium":["https:\/\/www.anika-net.de\/wp-content\/uploads\/2023\/10\/20230427-IMG_6422-Edit-200x300.jpg",200,300,true],"medium_large":["https:\/\/www.anika-net.de\/wp-content\/uploads\/2023\/10\/20230427-IMG_6422-Edit-768x1152.jpg",640,960,true],"large":["https:\/\/www.anika-net.de\/wp-content\/uploads\/2023\/10\/20230427-IMG_6422-Edit-683x1024.jpg",640,960,true],"1536x1536":["https:\/\/www.anika-net.de\/wp-content\/uploads\/2023\/10\/20230427-IMG_6422-Edit-1024x1536.jpg",1024,1536,true],"2048x2048":["https:\/\/www.anika-net.de\/wp-content\/uploads\/2023\/10\/20230427-IMG_6422-Edit-1365x2048.jpg",1365,2048,true],"event-overview":["https:\/\/www.anika-net.de\/wp-content\/uploads\/2023\/10\/20230427-IMG_6422-Edit-960x640.jpg",960,640,true],"event-archive-thumb":["https:\/\/www.anika-net.de\/wp-content\/uploads\/2023\/10\/20230427-IMG_6422-Edit-480x720.jpg",480,720,true],"grid-item-thumbnail":["https:\/\/www.anika-net.de\/wp-content\/uploads\/2023\/10\/20230427-IMG_6422-Edit-360x200.jpg",360,200,true],"network-partner-icon":["https:\/\/www.anika-net.de\/wp-content\/uploads\/2023\/10\/20230427-IMG_6422-Edit-100x100.jpg",100,100,true],"organiser-icon":["https:\/\/www.anika-net.de\/wp-content\/uploads\/2023\/10\/20230427-IMG_6422-Edit-200x200.jpg",200,200,true],"gform-image-choice-sm":["https:\/\/www.anika-net.de\/wp-content\/uploads\/2023\/10\/20230427-IMG_6422-Edit-scaled.jpg",200,300,false],"gform-image-choice-md":["https:\/\/www.anika-net.de\/wp-content\/uploads\/2023\/10\/20230427-IMG_6422-Edit-scaled.jpg",267,400,false],"gform-image-choice-lg":["https:\/\/www.anika-net.de\/wp-content\/uploads\/2023\/10\/20230427-IMG_6422-Edit-scaled.jpg",400,600,false]},"uagb_author_info":{"display_name":"Andrea Ramirez","author_link":"https:\/\/www.anika-net.de\/hr\/author\/andrea-ramirez\/"},"uagb_comment_info":0,"uagb_excerpt":"Fin\u00adca Roas\u00adters Karlsruhe Radi\u00adoni\u00adca: Stvo\u00adri\u00adte zapa\u00adnju\u00adju\u00ad\u0107e por\u00adtre\u00adte svo\u00adjim pamet\u00adnim telefonom Cije\u00adna: 40 \u20ac \u2014 Pri\u00adja\u00adva ovdje Na na\u0161oj dvo\u00adsat\u00adnoj radi\u00adoni\u00adci nau\u010dit \u0107ete sljede\u0107e: \u25cf Svje\u00adtlo i nje\u00adgo\u00adva ulo\u00adga u por\u00adtret\u00adnoj&nbsp;vidi vi\u0161e","_links":{"self":[{"href":"https:\/\/www.anika-net.de\/hr\/wp-json\/wp\/v2\/event\/42942","targetHints":{"allow":["GET"]}}],"collection":[{"href":"https:\/\/www.anika-net.de\/hr\/wp-json\/wp\/v2\/event"}],"about":[{"href":"https:\/\/www.anika-net.de\/hr\/wp-json\/wp\/v2\/types\/event"}],"author":[{"embeddable":true,"href":"https:\/\/www.anika-net.de\/hr\/wp-json\/wp\/v2\/users\/12"}],"version-history":[{"count":0,"href":"https:\/\/www.anika-net.de\/hr\/wp-json\/wp\/v2\/event\/42942\/revisions"}],"acf:post":[{"embeddable":true,"href":"https:\/\/www.anika-net.de\/hr\/wp-json\/wp\/v2\/organiser\/42483"}],"acf:term":[{"embeddable":true,"taxonomy":"event_category","href":"https:\/\/www.anika-net.de\/hr\/wp-json\/wp\/v2\/event_category\/141"}],"wp:featuredmedia":[{"embeddable":true,"href":"https:\/\/www.anika-net.de\/hr\/wp-json\/wp\/v2\/media\/42919"}],"wp:attachment":[{"href":"https:\/\/www.anika-net.de\/hr\/wp-json\/wp\/v2\/media?parent=42942"}],"curies":[{"name":"wp","href":"https:\/\/api.w.org\/{rel}","templated":true}]}}