{"id":17588,"date":"2022-03-14T10:39:31","date_gmt":"2022-03-14T09:39:31","guid":{"rendered":"https:\/\/www.anika-net.de\/event\/bios-victim-protection\/"},"modified":"2024-01-09T11:26:28","modified_gmt":"2024-01-09T10:26:28","slug":"bios-zastita-zrtava","status":"publish","type":"event","link":"https:\/\/www.anika-net.de\/hr\/event\/bios-zastita-zrtava\/","title":{"rendered":"Pomo\u0107 \u017ertva\u00adma nasi\u00adlja ili sek\u00adsu\u00adal\u00adnih zlo\u010dina"},"content":{"rendered":"<h3><span style=\"color: #008080;\"><strong>BIOS za\u0161ti\u00adta od \u017ertava<\/strong><\/span><\/h3>\n<h1><span style=\"color: #ffcc00;\"><strong>Pomo\u0107 \u017ertva\u00adma nasi\u00adlja ili sek\u00adsu\u00adal\u00adnih zlo\u010dina<\/strong><\/span><\/h1>\n<p><strong>Ini\u00adci\u00adja\u00adti\u00adva tret\u00adma\u00adna za za\u0161ti\u00adtu \u017erta\u00adva (BIOS-BW) e. V. je udru\u00adga suda\u00adca, dr\u017eav\u00adnih odvjet\u00adni\u00adka, odvjet\u00adni\u00adka, psi\u00adho\u00adlo\u00adga i dru\u00adgih zain\u00adte\u00adre\u00adsi\u00adra\u00adnih&nbsp;osoba.<br>\n<\/strong>BIOS-BW sli\u00adje\u00addi raz\u00adli\u00ad\u010di\u00adte pris\u00adtu\u00adpe kako bi stao uz \u017ertve kaz\u00adne\u00adnih dje\u00adla, pose\u00adbi\u00adce nasil\u00adnih i sek\u00adsu\u00adal\u00adnih, te raz\u00adbio i spri\u00adje\u00ad\u010dio cik\u00adlu\u00adse nasilja.<strong><br>\n<\/strong><\/p>\n<h3><strong>BIOS-BW ponu\u00adda:<\/strong><br>\n<span style=\"color: #008080;\"><strong>Izrav\u00adna podr\u00ad\u0161ka kroz tera\u00adpe\u00adut\u00adsku <a href=\"https:\/\/www.bios-bw.com\/betroffene\" rel=\"noopener\">pomo\u0107 za pogo\u00ad\u0111e\u00adne \/ traumatizirane<\/a><\/strong><\/span><\/h3>\n<p>To prvens\u00adtve\u00adno uklju\u00ad\u010du\u00adje skrb za \u017ertve sek\u00adsu\u00adal\u00adnih i nasil\u00adnih zlo\u00ad\u010di\u00adna u tra\u00aduma\u00adto\u00adlo\u00ad\u0161koj ambu\u00adlan\u00adti ili u nekom od na\u0161ih psi\u00adho\u00adso\u00adci\u00adjal\u00adnih cen\u00adta\u00adra. Ovo podru\u00ad\u010dje tako\u00ad\u0111er uklju\u00ad\u010du\u00adje uslu\u00adge tera\u00adpij\u00adske podr\u00ad\u0161ke dje\u00adci i mladima.<\/p>\n<p>\ud83d\udccc <span style=\"color: #808080;\">Od pone\u00addjelj\u00adka do pet\u00adka \/ 11:00 do 15:00&nbsp;sati<\/span><br>\n\u260e\ufe0f <span style=\"color: #808080;\">0721 669 82&nbsp;089<\/span><\/p>\n<p><strong>1. Ambu\u00adlan\u00adta za \u017ertve i tra\u00adume (OTA)<\/strong><br>\nAkut\u00adna tera\u00adpe\u00adut\u00adska skrb za \u017ertve nasi\u00adlja, sek\u00adsu\u00adal\u00adnog napa\u00adda, uho\u00ad\u0111e\u00adnja, zlos\u00adtav\u00adlja\u00adnja ili hit\u00adnih slu\u00ad\u010da\u00adje\u00adva nakon dru\u00adgih tra\u00adumat\u00adskih iskustava.<\/p>\n<p><strong>2. BIOS-Mla\u00addi\u00ad\u0107i<\/strong><br>\nAkut\u00adna tera\u00adpij\u00adska skrb za mla\u00adde \u017ertve nasi\u00adlja, sek\u00adsu\u00adal\u00adnog napa\u00adda, uho\u00ad\u0111e\u00adnja, mal\u00adtre\u00adti\u00adra\u00adnja&nbsp;itd.<\/p>\n<p><strong>3. Psi\u00adho\u00adso\u00adci\u00adjal\u00adni cen\u00adtar Nordbaden<\/strong><br>\nUsta\u00adno\u00adva za psi\u00adho\u00adte\u00adra\u00adpij\u00adsku, psi\u00adho\u00adso\u00adci\u00adjal\u00adnu skrb migra\u00adna\u00adta koji su do\u017ei\u00advje\u00adli&nbsp;bijeg.<\/p>\n<p><strong>4. Stva\u00adri&nbsp;srca<\/strong><br>\nTera\u00adpi\u00adja za dje\u00adcu i mla\u00adde izbje\u00adgle od&nbsp;rata.<\/p>\n<p><strong>5. Sat odvjet\u00adni\u010d\u00adkog savjetovanja<\/strong><br>\nBes\u00adplat\u00adni po\u010det\u00adni prav\u00adni savje\u00adti za \u017ertve nasil\u00adnih i sek\u00adsu\u00adal\u00adnih prijestupa.<br>\n\ud83d\udccc <span style=\"color: #808080;\">Sva\u00adke prve sri\u00adje\u00adde u mje\u00adse\u00adcu \/ od 16 do 19&nbsp;sati<\/span><br>\n\u260e\ufe0f <span style=\"color: #808080;\">0721 669 82 089 (zaka\u00ad\u017ei\u00adte termin)<\/span><\/p>\n<p><strong>6. BIOS <a href=\"https:\/\/www.hilfe-fuer-opfer.de\/_files\/ugd\/729e5c_0ab765fae86f4a819c2edb6bb99f12b0.pdf\" rel=\"noopener\">Vodi\u010d za za\u0161ti\u00adtu \u017ertava<\/a><\/strong><br>\nVodi\u010d za \u017ertve nasil\u00adnih i sek\u00adsu\u00adal\u00adnih pri\u00adjes\u00adtu\u00adpa. Od prvih kora\u00adka do tije\u00adka mogu\u00ad\u0107ih sud\u00adskih postupaka.<\/p>\n<blockquote>\n<h2><span style=\"color: #808080;\">Raz\u00adgo\u00advor o tome je prvi&nbsp;korak.<\/span><br>\n<span style=\"color: #808080;\">Raz\u00adgo\u00advor o tome mo\u017ee pomo\u0107i.<\/span><br>\n<span style=\"color: #808080;\">Raz\u00adgo\u00advor o tome mo\u017ee promijeniti.<\/span><\/h2>\n<\/blockquote>\n<p><strong>BIOS vam poma\u00ad\u017ee brzo i nebirokratski:<\/strong><\/p>\n<p><span style=\"color: #808080;\"><strong>NITKO<\/strong> se ne tre\u00adba sra\u00admi\u00adti tra\u00ad\u017ee\u00adnja pomo\u0107i.<\/span><br>\n<span style=\"color: #808080;\"><strong>ISKUSTVO<\/strong> i <strong>STRAHOVI<\/strong> u po\u010det\u00adku su fokus na\u0161ih rasprava.<\/span><br>\n<span style=\"color: #808080;\">Tra\u00aduma se zatim mora inte\u00adgri\u00adra\u00adti u <strong>sva\u00adkod\u00adnev\u00adni<\/strong> \u017eivot kako bis\u00adte ponov\u00adno stek\u00adli kon\u00adtro\u00adlu nad svo\u00adjim postupcima.<\/span><br>\n<span style=\"color: #808080;\">Pru\u00ad\u017ea\u00admo podr\u00ad\u0161ku <strong>SAMOPOMO\u0106I<\/strong> kako bi se ponov\u00adno pre\u00adpoz\u00adna\u00adle vlas\u00adti\u00adte sna\u00adge te da ne bi traj\u00adno pati\u00adla u sva\u00adkod\u00adnev\u00adnom \u017eivo\u00adtu zbog pro\u017eivljenog.<\/span><\/p>\n<h1><span style=\"color: #008080;\">Pre\u00adven\u00adci\u00adja i nak\u00adnad\u00adna&nbsp;njega<\/span><\/h1>\n<blockquote><p><em><span style=\"color: #808080;\">Sta\u00adni pri\u00adje nego se ne\u0161to dogodi<\/span><\/em><\/p><\/blockquote>\n<p><strong>1. Tera\u00adpi\u00adja za pri\u00adjes\u00adtup\u00adni\u00adke u Baden-W\u00fcrttembergu:<\/strong><br>\n\u260e\ufe0f 0721\/470 439 33 \/ 9:00 \u2014 16:00<br>\n\ud83d\udce7 info@fab-ka.de<br>\n\ud83c\udf10 <a href=\"https:\/\/www.bios-bw.com\/forensische-nachsorge\" rel=\"noopener\">Foren\u00adzi\u010d\u00adka ambu\u00adlan\u00adta Kar\u00adl\u00adsru\u00adhe (FAB)<\/a><\/p>\n<p><strong>2. Pro\u00adjek\u00adti za prijestupnike:<\/strong><br>\n\ud83c\udf10 <a href=\"https:\/\/www.bios-bw.com\/praevention\" rel=\"noopener\">\u201cNemoj\u00adte po\u010di\u00adni\u00adti nasi\u00adlan ili sek\u00adsu\u00adal\u00adni prijestup\u201d<\/a><\/p>\n<p>Aktiv\u00adno sudje\u00adlo\u00adva\u00adnje u odno\u00adsi\u00adma s jav\u00adno\u0161\u00ad\u0107u i prav\u00adnoj politici<br>\nOsi\u00adgu\u00adra\u00adnje kva\u00adli\u00adte\u00adte u kon\u00adtek\u00ads\u00adtu foren\u00adzi\u010d\u00adkih pro\u00adcje\u00adna <strong>(gru\u00adpa stru\u010dnjaka)<\/strong><\/p>\n","protected":false},"author":12,"featured_media":17307,"template":"","class_list":["post-17588","event","type-event","status-publish","has-post-thumbnail","hentry","event_category-pomoc"],"acf":{"event-recurring":true,"event-category":140,"event-is-language-course":false,"event-recurring-still-active":true,"event-display-details":true,"event-schedules-recurring":null,"event-schedules-calendar":null,"event-is-online":false,"event-online-url":"","event-location-building":"Bios","event-location-street":"Schlossplatz 23 ","event-location-zip":"76131 ","event-location-city":"Karlsruhe","event-location-contact-person":"","event-location-phone":" 0721 669 82 089","event-location-phone-2":"0721 470 439 35","event-location-mail":"info@bios-bw.de","event-location-mail-2":"","event-location-website":"https:\/\/www.bios-bw.com\/","event-target-group":[{"target-group":"all"}],"event-target-group-comment":"","event-free":true,"event-organiser":[17553],"event-header-copyright-overlay":true,"event-copyright-note-description-end":false},"featured_image_urls_v2":{"full":["https:\/\/www.anika-net.de\/wp-content\/uploads\/2022\/03\/BIOSlogo_freigestellt.webp",199,199,false],"thumbnail":["https:\/\/www.anika-net.de\/wp-content\/uploads\/2022\/03\/BIOSlogo_freigestellt-150x150.webp",150,150,true],"medium":["https:\/\/www.anika-net.de\/wp-content\/uploads\/2022\/03\/BIOSlogo_freigestellt.webp",199,199,false],"medium_large":["https:\/\/www.anika-net.de\/wp-content\/uploads\/2022\/03\/BIOSlogo_freigestellt.webp",199,199,false],"large":["https:\/\/www.anika-net.de\/wp-content\/uploads\/2022\/03\/BIOSlogo_freigestellt.webp",199,199,false],"1536x1536":["https:\/\/www.anika-net.de\/wp-content\/uploads\/2022\/03\/BIOSlogo_freigestellt.webp",199,199,false],"2048x2048":["https:\/\/www.anika-net.de\/wp-content\/uploads\/2022\/03\/BIOSlogo_freigestellt.webp",199,199,false],"event-overview":["https:\/\/www.anika-net.de\/wp-content\/uploads\/2022\/03\/BIOSlogo_freigestellt.webp",199,199,false],"event-archive-thumb":["https:\/\/www.anika-net.de\/wp-content\/uploads\/2022\/03\/BIOSlogo_freigestellt.webp",199,199,false],"grid-item-thumbnail":["https:\/\/www.anika-net.de\/wp-content\/uploads\/2022\/03\/BIOSlogo_freigestellt.webp",199,199,false],"network-partner-icon":["https:\/\/www.anika-net.de\/wp-content\/uploads\/2022\/03\/BIOSlogo_freigestellt-100x100.webp",100,100,true],"organiser-icon":["https:\/\/www.anika-net.de\/wp-content\/uploads\/2022\/03\/BIOSlogo_freigestellt.webp",199,199,false],"gform-image-choice-sm":["https:\/\/www.anika-net.de\/wp-content\/uploads\/2022\/03\/BIOSlogo_freigestellt.webp",199,199,false],"gform-image-choice-md":["https:\/\/www.anika-net.de\/wp-content\/uploads\/2022\/03\/BIOSlogo_freigestellt.webp",199,199,false],"gform-image-choice-lg":["https:\/\/www.anika-net.de\/wp-content\/uploads\/2022\/03\/BIOSlogo_freigestellt.webp",199,199,false]},"post_excerpt_stackable_v2":"<p>BIOS za\u0161ti\u00adta od \u017erta\u00adva Pomo\u0107 \u017ertva\u00adma nasi\u00adlja ili sek\u00adsu\u00adal\u00adnih zlo\u00ad\u010di\u00adna Ini\u00adci\u00adja\u00adti\u00adva tret\u00adma\u00adna za za\u0161ti\u00adtu \u017erta\u00adva (BIOS-BW) e. V. je udru\u00adga suda\u00adca, dr\u017eav\u00adnih odvjet\u00adni\u00adka, odvjet\u00adni\u00adka, psi\u00adho\u00adlo\u00adga i dru\u00adgih zain\u00adte\u00adre\u00adsi\u00adra\u00adnih&nbsp;oso\u00adba. BIOS-BW sli\u00adje\u00addi raz\u00adli\u00ad\u010di\u00adte pris\u00adtu\u00adpe kako bi stao uz \u017ertve kaz\u00adne\u00adnih dje\u00adla, pose\u00adbi\u00adce nasil\u00adnih i sek\u00adsu\u00adal\u00adnih, te raz\u00adbio i spri\u00adje\u00ad\u010dio cik\u00adlu\u00adse nasi\u00adlja. BIOS-BW ponu\u00adda: Izrav\u00adna podr\u00ad\u0161ka kroz tera\u00adpe\u00adut\u00adsku pomo\u0107 za pogo\u00ad\u0111e\u00adne \/ tra\u00aduma\u00adti\u00adzi\u00adra\u00adne To prvens\u00adtve\u00adno uklju\u00ad\u010du\u00adje skrb za \u017ertve sek\u00adsu\u00adal\u00adnih i nasil\u00adnih zlo\u00ad\u010di\u00adna u tra\u00aduma\u00adto\u00adlo\u00ad\u0161koj ambu\u00adlan\u00adti ili u nekom od na\u0161ih psi\u00adho\u00adso\u00adci\u00adjal\u00adnih cen\u00adta\u00adra. Ovo podru\u00ad\u010dje tako\u00ad\u0111er uklju\u00ad\u010du\u00adje uslu\u00adge tera\u00adpij\u00adske podr\u00ad\u0161ke dje\u00adci i mla\u00addi\u00adma. \ud83d\udccc Od pone\u00addjelj\u00adka do pet\u00adka \/ 11:00 do 15:00&nbsp;sati \u260e\ufe0f\u2026<\/p>\n","category_list_v2":"","author_info_v2":{"name":"Andrea Ramirez","url":"https:\/\/www.anika-net.de\/hr\/author\/andrea-ramirez\/"},"comments_num_v2":"0 comments","uagb_featured_image_src":{"full":["https:\/\/www.anika-net.de\/wp-content\/uploads\/2022\/03\/BIOSlogo_freigestellt.webp",199,199,false],"thumbnail":["https:\/\/www.anika-net.de\/wp-content\/uploads\/2022\/03\/BIOSlogo_freigestellt-150x150.webp",150,150,true],"medium":["https:\/\/www.anika-net.de\/wp-content\/uploads\/2022\/03\/BIOSlogo_freigestellt.webp",199,199,false],"medium_large":["https:\/\/www.anika-net.de\/wp-content\/uploads\/2022\/03\/BIOSlogo_freigestellt.webp",199,199,false],"large":["https:\/\/www.anika-net.de\/wp-content\/uploads\/2022\/03\/BIOSlogo_freigestellt.webp",199,199,false],"1536x1536":["https:\/\/www.anika-net.de\/wp-content\/uploads\/2022\/03\/BIOSlogo_freigestellt.webp",199,199,false],"2048x2048":["https:\/\/www.anika-net.de\/wp-content\/uploads\/2022\/03\/BIOSlogo_freigestellt.webp",199,199,false],"event-overview":["https:\/\/www.anika-net.de\/wp-content\/uploads\/2022\/03\/BIOSlogo_freigestellt.webp",199,199,false],"event-archive-thumb":["https:\/\/www.anika-net.de\/wp-content\/uploads\/2022\/03\/BIOSlogo_freigestellt.webp",199,199,false],"grid-item-thumbnail":["https:\/\/www.anika-net.de\/wp-content\/uploads\/2022\/03\/BIOSlogo_freigestellt.webp",199,199,false],"network-partner-icon":["https:\/\/www.anika-net.de\/wp-content\/uploads\/2022\/03\/BIOSlogo_freigestellt-100x100.webp",100,100,true],"organiser-icon":["https:\/\/www.anika-net.de\/wp-content\/uploads\/2022\/03\/BIOSlogo_freigestellt.webp",199,199,false],"gform-image-choice-sm":["https:\/\/www.anika-net.de\/wp-content\/uploads\/2022\/03\/BIOSlogo_freigestellt.webp",199,199,false],"gform-image-choice-md":["https:\/\/www.anika-net.de\/wp-content\/uploads\/2022\/03\/BIOSlogo_freigestellt.webp",199,199,false],"gform-image-choice-lg":["https:\/\/www.anika-net.de\/wp-content\/uploads\/2022\/03\/BIOSlogo_freigestellt.webp",199,199,false]},"uagb_author_info":{"display_name":"Andrea Ramirez","author_link":"https:\/\/www.anika-net.de\/hr\/author\/andrea-ramirez\/"},"uagb_comment_info":0,"uagb_excerpt":"BIOS za\u0161ti\u00adta od \u017ertava Pomo\u0107 \u017ertva\u00adma nasi\u00adlja ili sek\u00adsu\u00adal\u00adnih zlo\u010dina Ini\u00adci\u00adja\u00adti\u00adva tret\u00adma\u00adna za za\u0161ti\u00adtu \u017erta\u00adva (BIOS-BW) e. V. je udru\u00adga suda\u00adca, dr\u017eav\u00adnih odvjet\u00adni\u00adka, odvjet\u00adni\u00adka, psi\u00adho\u00adlo\u00adga i dru\u00adgih zain\u00adte\u00adre\u00adsi\u00adra\u00adnih&nbsp;osoba. BIOS-BW sli\u00adje\u00addi&nbsp;vidi vi\u0161e","_links":{"self":[{"href":"https:\/\/www.anika-net.de\/hr\/wp-json\/wp\/v2\/event\/17588","targetHints":{"allow":["GET"]}}],"collection":[{"href":"https:\/\/www.anika-net.de\/hr\/wp-json\/wp\/v2\/event"}],"about":[{"href":"https:\/\/www.anika-net.de\/hr\/wp-json\/wp\/v2\/types\/event"}],"author":[{"embeddable":true,"href":"https:\/\/www.anika-net.de\/hr\/wp-json\/wp\/v2\/users\/12"}],"version-history":[{"count":0,"href":"https:\/\/www.anika-net.de\/hr\/wp-json\/wp\/v2\/event\/17588\/revisions"}],"acf:post":[{"embeddable":true,"href":"https:\/\/www.anika-net.de\/hr\/wp-json\/wp\/v2\/organiser\/17553"}],"acf:term":[{"embeddable":true,"taxonomy":"event_category","href":"https:\/\/www.anika-net.de\/hr\/wp-json\/wp\/v2\/event_category\/140"}],"wp:featuredmedia":[{"embeddable":true,"href":"https:\/\/www.anika-net.de\/hr\/wp-json\/wp\/v2\/media\/17307"}],"wp:attachment":[{"href":"https:\/\/www.anika-net.de\/hr\/wp-json\/wp\/v2\/media?parent=17588"}],"curies":[{"name":"wp","href":"https:\/\/api.w.org\/{rel}","templated":true}]}}