{"id":121088,"date":"2026-04-20T14:07:20","date_gmt":"2026-04-20T12:07:20","guid":{"rendered":"https:\/\/www.anika-net.de\/event\/zivot-za-pomoc-u-karlsruheu\/"},"modified":"2026-04-20T14:07:22","modified_gmt":"2026-04-20T12:07:22","slug":"zivot-za-pomoc-u-karlsruheu","status":"publish","type":"event","link":"https:\/\/www.anika-net.de\/hr\/event\/zivot-za-pomoc-u-karlsruheu\/","title":{"rendered":"\u017divot za pomo\u0107 u Karlsruheu"},"content":{"rendered":"\n<h2 class=\"wp-block-heading\"><em><span style=\"color: #6358a3;\" class=\"stk-highlight\">Model zajed\u00adni\u010d\u00adkog \u017eivo\u00adta teme\u00adljen na podr\u00ad\u0161\u00adci i zajednici<\/span><\/em><\/h2>\n\n<p>Tra\u00ad\u017ei\u00adte li pris\u00adtu\u00adpa\u00ad\u010dan smje\u00ad\u0161taj u Kar\u00adl\u00adsru\u00adheu? Ili ima\u00adte sobu koju mo\u017ee\u00adte ponu\u00addi\u00adti i tre\u00adba\u00adte podr\u00ad\u0161ku u sva\u00adkod\u00adnev\u00adnom \u017eivotu?&nbsp;<\/p>\n\n<p><strong>\u201e\u017divot za pomo\u0107\u201c (Woh\u00adnen f\u00fcr Hil\u00adfe)<\/strong> pove\u00adzu\u00adje lju\u00adde koji ima\u00adju slo\u00adbo\u00addan \u017eivot\u00adni pros\u00adtor s oni\u00adma koji tra\u00ad\u017ee smje\u00ad\u0161taj i sprem\u00adni su pomo\u00ad\u0107i zauz\u00advrat.<br><br><strong>\u201e\u017divot za pomo\u0107\u201c sada je otvo\u00adren svi\u00adma koji tra\u00ad\u017ee smje\u00ad\u0161taj u Kar\u00adl\u00adsru\u00adheu<\/strong> , ne samo stu\u00adden\u00adti\u00adma (npr. pri\u00adprav\u00adni\u00adci\u00adma, stru\u010d\u00adnja\u00adci\u00adma, umi\u00adrov\u00adlje\u00adni\u00adci\u00adma).<br> <strong>Cilj<\/strong> je sma\u00adnji\u00adti nedos\u00adta\u00adtak stam\u00adbe\u00adnog pros\u00adto\u00adra, u\u010din\u00adko\u00advi\u00adti\u00adje koris\u00adti\u00adti \u017eivot\u00adni pros\u00adtor i oja\u00ad\u010da\u00adti dru\u0161\u00adtve\u00adne veze. Koor\u00addi\u00adna\u00adto\u00adri pro\u00adjek\u00adta podr\u00ad\u017ea\u00adva\u00adju i vode sudi\u00adoni\u00adke tije\u00adkom cije\u00adlog procesa.&nbsp;<\/p>\n\n<h3 class=\"wp-block-heading\">Kako to funkcionira?<\/h3>\n\n<p><strong><span style=\"color: #0b8b7d;\" class=\"stk-highlight\">Umjes\u00adto pla\u00ad\u0107a\u00adnja sta\u00adna\u00adri\u00adne, sta\u00adnov\u00adni\u00adci nude svo\u00adje vri\u00adje\u00adme i podr\u00ad\u0161ku.<\/span><\/strong><br> Kao op\u0107e\u00adni\u00adte smjer\u00adni\u00adce:<br> \ud83d\udc49 <strong>1 sat pomo\u00ad\u0107i mje\u00adse\u010d\u00adno za sva\u00adki kva\u00addrat\u00adni metar stam\u00adbe\u00adnog prostora<\/strong><\/p>\n\n<p>Ova podr\u00ad\u0161ka mo\u017ee uklju\u010divati:<\/p>\n\n<ul class=\"wp-block-list\">\n<li>pomo\u0107 s ku\u0107an\u00adskim poslovima<\/li>\n\n\n\n<li>kupo\u00advi\u00adna namirnica<\/li>\n\n\n\n<li>vrtlar\u00adstvo<\/li>\n\n\n\n<li>dru\u00ad\u017ee\u00adnje i aktiv\u00adnos\u00adti u slo\u00adbod\u00adno vrijeme<\/li>\n<\/ul>\n\n<p>\u26a0\ufe0f <em><strong>Napo\u00adme\u00adna:<\/strong> Ovo nije uslu\u00adga nje\u00adge ili medi\u00adcin\u00adske sestre.<\/em><\/p>\n\n<p>Sta\u00adna\u00adri pla\u00ad\u0107a\u00adju samo <strong>komu\u00adnal\u00adne tro\u00ad\u0161ko\u00adve (npr. stru\u00adju, vodu, gri\u00adja\u00adnje)<\/strong> .<\/p>\n\n<h3 class=\"wp-block-heading\">Za koga je&nbsp;to?<\/h3>\n\n<h2 class=\"wp-block-heading\">Pro\u00adjekt <strong>je izvor\u00adno osmi\u0161\u00adljen za stu\u00adden\u00adte<\/strong> , <strong>a sada je otvo\u00adren za \u0161iru skupinu:<\/strong><\/h2>\n\n<ul class=\"wp-block-list\">\n<li>u\u010de\u00adni\u00adci\u00adma<\/li>\n\n\n\n<li>pri\u00adprav\u00adni\u00adci (\u0161egr\u00adti)<\/li>\n\n\n\n<li>zapos\u00adle\u00adni profesionalci<\/li>\n\n\n\n<li>umi\u00adrov\u00adlje\u00adni\u00adci<\/li>\n\n\n\n<li>svi koji tra\u00ad\u017ee smje\u00ad\u0161taj i \u017eele se uklju\u010diti<\/li>\n<\/ul>\n\n<p>Oso\u00adbe koje nude smje\u00ad\u0161taj mogu uklju\u010divati:<\/p>\n\n<ul class=\"wp-block-list\">\n<li>sta\u00adri\u00adje odras\u00adle&nbsp;osobe<\/li>\n\n\n\n<li>obi\u00adte\u00adlji<\/li>\n\n\n\n<li>oso\u00adbe s invaliditetom<\/li>\n\n\n\n<li>oso\u00adbe koji\u00adma je potreb\u00adna podr\u00ad\u0161ka u sva\u00adkod\u00adnev\u00adnom \u017eivotu<\/li>\n<\/ul>\n\n<hr class=\"wp-block-separator has-alpha-channel-opacity\">\n\n<h3 class=\"wp-block-heading\">Za\u0161to se pridru\u017eiti?<\/h3>\n\n<p>\u201e\u017divje\u00adti za pomo\u0107\u201c promi\u010de:<\/p>\n\n<ul class=\"wp-block-list\">\n<li>pris\u00adtu\u00adpa\u010d\u00adni\u00adje opci\u00adje stanovanja<\/li>\n\n\n\n<li>bolje kori\u00ad\u0161te\u00adnje ras\u00adpo\u00adlo\u00ad\u017ei\u00advog \u017eivot\u00adnog prostora<\/li>\n\n\n\n<li>dru\u0161\u00adtve\u00adna pove\u00adza\u00adnost i me\u0111u\u00adsob\u00adna podr\u0161ka<\/li>\n<\/ul>\n\n<p>Pro\u00adjekt vodi <strong>Parit\u00e4tis\u00adc\u00adhe Sozi\u00adal\u00addi\u00adens\u00adte Kar\u00adl\u00adsru\u00adhe<\/strong> u surad\u00adnji sa <strong>Stu\u00addi\u00aderen\u00addenwerk Kar\u00adl\u00adsru\u00adhe<\/strong> , pod pokro\u00advi\u00adtelj\u00adstvom gra\u00addo\u00adna\u00ad\u010del\u00adni\u00adka Karlsruhea.<\/p>\n\n<hr class=\"wp-block-separator has-alpha-channel-opacity\">\n\n<h3 class=\"wp-block-heading\">Korak po&nbsp;korak<\/h3>\n\n<ol class=\"wp-block-list\">\n<li>Pri\u00adja\u00advi\u00adte se kao <strong>pru\u00ad\u017ea\u00adtelj uslu\u00adga<\/strong> ili <strong>tra\u00ad\u017ei\u00adtelj<\/strong><\/li>\n\n\n\n<li>Sudje\u00adluj\u00adte u <strong>osob\u00adnim konzultacijama<\/strong><\/li>\n\n\n\n<li>Pri\u00admi\u00adte <strong>pri\u00adjed\u00adlog za podudaranje<\/strong><\/li>\n\n\n\n<li>Pot\u00adpi\u00ad\u0161i\u00adte <strong>ugo\u00advor<\/strong><\/li>\n\n\n\n<li>Zapo\u010d\u00adni\u00adte svo\u00adje <strong>part\u00adner\u00adstvo za zajed\u00adni\u010d\u00adki&nbsp;\u017eivot<\/strong><\/li>\n<\/ol>\n\n<hr class=\"wp-block-separator has-alpha-channel-opacity\">\n\n<p>\ud83d\udc49 Tije\u00adkom cije\u00adlog pro\u00adce\u00adsa podr\u00ad\u017ea\u00adva\u00adju vas koor\u00addi\u00adna\u00adto\u00adri pro\u00adjek\u00adta koji vode i savje\u00adtu\u00adju obje strane.<\/p>\n\n<hr class=\"wp-block-separator has-alpha-channel-opacity\">\n\n<p>Ako ste zain\u00adte\u00adre\u00adsi\u00adra\u00adni za <strong>pris\u00adtu\u00adpa\u00ad\u010dan smje\u00ad\u0161taj i smis\u00adle\u00adnu raz\u00admje\u00adnu<\/strong> , \u201c\u017divot za pomo\u0107\u201d bi mogla biti pra\u00adva pri\u00adli\u00adka za&nbsp;vas&nbsp;\ud83c\udf31<\/p>\n","protected":false},"author":12,"featured_media":121087,"template":"","class_list":["post-121088","event","type-event","status-publish","has-post-thumbnail","hentry","event_category-smjestaj"],"acf":{"event-recurring":true,"event-category":139,"event-is-language-course":false,"event-recurring-still-active":true,"event-display-details":true,"event-schedules-recurring":[{"event-recurring-week-day":false,"event-recurring-time":"","event-recurring-time-text":""},{"event-recurring-week-day":"2","event-recurring-time":"","event-recurring-time-text":"08:00 - 15:00 | Dostupnost telefonom"}],"event-schedules-calendar":null,"event-is-online":false,"event-online-url":"","event-location-building":"Parit\u00e4tische Sozialdienste ","event-location-street":"Kanalweg 40\/42","event-location-zip":"76149 ","event-location-city":"Karlsruhe","event-location-contact-person":"Maike Sommer, Panajoti Ko\u00e7a & Tanja Henkenhaf","event-location-phone":"0721 91230-70","event-location-phone-2":"","event-location-mail":"wohnen@paritaet-ka.de","event-location-mail-2":"","event-location-website":"https:\/\/www.paritaet-ka.de\/fuer-seniorinnen\/wohnen-fuer-hilfe-wohnpartnerschaften\/","event-target-group":null,"event-target-group-comment":"  sve osobe koje tra\u017ee smje\u0161taj u Karlsruheu","event-free":false,"event-organiser":[121068,16581],"event-header-copyright-overlay":true,"event-copyright-note-description-end":false},"featured_image_urls_v2":{"full":["https:\/\/www.anika-net.de\/wp-content\/uploads\/2026\/04\/Paritten_Karlsruhe.png",1500,474,false],"thumbnail":["https:\/\/www.anika-net.de\/wp-content\/uploads\/2026\/04\/Paritten_Karlsruhe-150x150.png",150,150,true],"medium":["https:\/\/www.anika-net.de\/wp-content\/uploads\/2026\/04\/Paritten_Karlsruhe-300x95.png",300,95,true],"medium_large":["https:\/\/www.anika-net.de\/wp-content\/uploads\/2026\/04\/Paritten_Karlsruhe-768x243.png",640,203,true],"large":["https:\/\/www.anika-net.de\/wp-content\/uploads\/2026\/04\/Paritten_Karlsruhe-1024x324.png",640,203,true],"1536x1536":["https:\/\/www.anika-net.de\/wp-content\/uploads\/2026\/04\/Paritten_Karlsruhe.png",1500,474,false],"2048x2048":["https:\/\/www.anika-net.de\/wp-content\/uploads\/2026\/04\/Paritten_Karlsruhe.png",1500,474,false],"event-overview":["https:\/\/www.anika-net.de\/wp-content\/uploads\/2026\/04\/Paritten_Karlsruhe-960x474.png",960,474,true],"event-archive-thumb":["https:\/\/www.anika-net.de\/wp-content\/uploads\/2026\/04\/Paritten_Karlsruhe-480x152.png",480,152,true],"grid-item-thumbnail":["https:\/\/www.anika-net.de\/wp-content\/uploads\/2026\/04\/Paritten_Karlsruhe-360x200.png",360,200,true],"network-partner-icon":["https:\/\/www.anika-net.de\/wp-content\/uploads\/2026\/04\/Paritten_Karlsruhe-100x100.png",100,100,true],"organiser-icon":["https:\/\/www.anika-net.de\/wp-content\/uploads\/2026\/04\/Paritten_Karlsruhe-200x200.png",200,200,true],"gform-image-choice-sm":["https:\/\/www.anika-net.de\/wp-content\/uploads\/2026\/04\/Paritten_Karlsruhe.png",300,95,false],"gform-image-choice-md":["https:\/\/www.anika-net.de\/wp-content\/uploads\/2026\/04\/Paritten_Karlsruhe.png",400,126,false],"gform-image-choice-lg":["https:\/\/www.anika-net.de\/wp-content\/uploads\/2026\/04\/Paritten_Karlsruhe.png",600,190,false]},"post_excerpt_stackable_v2":"<p>Model zajed\u00adni\u010d\u00adkog \u017eivo\u00adta teme\u00adljen na podr\u00ad\u0161\u00adci i zajed\u00adni\u00adci Tra\u00ad\u017ei\u00adte li pris\u00adtu\u00adpa\u00ad\u010dan smje\u00ad\u0161taj u Kar\u00adl\u00adsru\u00adheu? Ili ima\u00adte sobu koju mo\u017ee\u00adte ponu\u00addi\u00adti i tre\u00adba\u00adte podr\u00ad\u0161ku u sva\u00adkod\u00adnev\u00adnom \u017eivo\u00adtu?&nbsp; \u201e\u017divot za pomo\u0107\u201c (Woh\u00adnen f\u00fcr Hil\u00adfe) pove\u00adzu\u00adje lju\u00adde koji ima\u00adju slo\u00adbo\u00addan \u017eivot\u00adni pros\u00adtor s oni\u00adma koji tra\u00ad\u017ee smje\u00ad\u0161taj i sprem\u00adni su pomo\u00ad\u0107i zauz\u00advrat.\u201e\u017divot za pomo\u0107\u201c sada je otvo\u00adren svi\u00adma koji tra\u00ad\u017ee smje\u00ad\u0161taj u Kar\u00adl\u00adsru\u00adheu , ne samo stu\u00adden\u00adti\u00adma (npr. pri\u00adprav\u00adni\u00adci\u00adma, stru\u010d\u00adnja\u00adci\u00adma, umi\u00adrov\u00adlje\u00adni\u00adci\u00adma). Cilj je sma\u00adnji\u00adti nedos\u00adta\u00adtak stam\u00adbe\u00adnog pros\u00adto\u00adra, u\u010din\u00adko\u00advi\u00adti\u00adje koris\u00adti\u00adti \u017eivot\u00adni pros\u00adtor i oja\u00ad\u010da\u00adti dru\u0161\u00adtve\u00adne veze. Koor\u00addi\u00adna\u00adto\u00adri pro\u00adjek\u00adta podr\u00ad\u017ea\u00adva\u00adju i vode sudi\u00adoni\u00adke tije\u00adkom cije\u00adlog pro\u00adce\u00adsa.&nbsp; Kako to funk\u00adci\u00adoni\u00adra? Umjes\u00adto pla\u00ad\u0107a\u00adnja sta\u00adna\u00adri\u00adne, sta\u00adnov\u00adni\u00adci nude&nbsp;svoje\u2026<\/p>\n","category_list_v2":"","author_info_v2":{"name":"Andrea Ramirez","url":"https:\/\/www.anika-net.de\/hr\/author\/andrea-ramirez\/"},"comments_num_v2":"0 comments","uagb_featured_image_src":{"full":["https:\/\/www.anika-net.de\/wp-content\/uploads\/2026\/04\/Paritten_Karlsruhe.png",1500,474,false],"thumbnail":["https:\/\/www.anika-net.de\/wp-content\/uploads\/2026\/04\/Paritten_Karlsruhe-150x150.png",150,150,true],"medium":["https:\/\/www.anika-net.de\/wp-content\/uploads\/2026\/04\/Paritten_Karlsruhe-300x95.png",300,95,true],"medium_large":["https:\/\/www.anika-net.de\/wp-content\/uploads\/2026\/04\/Paritten_Karlsruhe-768x243.png",640,203,true],"large":["https:\/\/www.anika-net.de\/wp-content\/uploads\/2026\/04\/Paritten_Karlsruhe-1024x324.png",640,203,true],"1536x1536":["https:\/\/www.anika-net.de\/wp-content\/uploads\/2026\/04\/Paritten_Karlsruhe.png",1500,474,false],"2048x2048":["https:\/\/www.anika-net.de\/wp-content\/uploads\/2026\/04\/Paritten_Karlsruhe.png",1500,474,false],"event-overview":["https:\/\/www.anika-net.de\/wp-content\/uploads\/2026\/04\/Paritten_Karlsruhe-960x474.png",960,474,true],"event-archive-thumb":["https:\/\/www.anika-net.de\/wp-content\/uploads\/2026\/04\/Paritten_Karlsruhe-480x152.png",480,152,true],"grid-item-thumbnail":["https:\/\/www.anika-net.de\/wp-content\/uploads\/2026\/04\/Paritten_Karlsruhe-360x200.png",360,200,true],"network-partner-icon":["https:\/\/www.anika-net.de\/wp-content\/uploads\/2026\/04\/Paritten_Karlsruhe-100x100.png",100,100,true],"organiser-icon":["https:\/\/www.anika-net.de\/wp-content\/uploads\/2026\/04\/Paritten_Karlsruhe-200x200.png",200,200,true],"gform-image-choice-sm":["https:\/\/www.anika-net.de\/wp-content\/uploads\/2026\/04\/Paritten_Karlsruhe.png",300,95,false],"gform-image-choice-md":["https:\/\/www.anika-net.de\/wp-content\/uploads\/2026\/04\/Paritten_Karlsruhe.png",400,126,false],"gform-image-choice-lg":["https:\/\/www.anika-net.de\/wp-content\/uploads\/2026\/04\/Paritten_Karlsruhe.png",600,190,false]},"uagb_author_info":{"display_name":"Andrea Ramirez","author_link":"https:\/\/www.anika-net.de\/hr\/author\/andrea-ramirez\/"},"uagb_comment_info":0,"uagb_excerpt":"Model zajed\u00adni\u010d\u00adkog \u017eivo\u00adta teme\u00adljen na podr\u00ad\u0161\u00adci i zajednici Tra\u00ad\u017ei\u00adte li pris\u00adtu\u00adpa\u00ad\u010dan smje\u00ad\u0161taj u Kar\u00adl\u00adsru\u00adheu? Ili ima\u00adte sobu koju mo\u017ee\u00adte ponu\u00addi\u00adti i tre\u00adba\u00adte podr\u00ad\u0161ku u sva\u00adkod\u00adnev\u00adnom \u017eivotu?&nbsp; \u201e\u017divot za pomo\u0107\u201c (Woh\u00adnen&nbsp;vidi vi\u0161e","_links":{"self":[{"href":"https:\/\/www.anika-net.de\/hr\/wp-json\/wp\/v2\/event\/121088","targetHints":{"allow":["GET"]}}],"collection":[{"href":"https:\/\/www.anika-net.de\/hr\/wp-json\/wp\/v2\/event"}],"about":[{"href":"https:\/\/www.anika-net.de\/hr\/wp-json\/wp\/v2\/types\/event"}],"author":[{"embeddable":true,"href":"https:\/\/www.anika-net.de\/hr\/wp-json\/wp\/v2\/users\/12"}],"version-history":[{"count":1,"href":"https:\/\/www.anika-net.de\/hr\/wp-json\/wp\/v2\/event\/121088\/revisions"}],"predecessor-version":[{"id":121089,"href":"https:\/\/www.anika-net.de\/hr\/wp-json\/wp\/v2\/event\/121088\/revisions\/121089"}],"acf:post":[{"embeddable":true,"href":"https:\/\/www.anika-net.de\/hr\/wp-json\/wp\/v2\/organiser\/16581"},{"embeddable":true,"href":"https:\/\/www.anika-net.de\/hr\/wp-json\/wp\/v2\/organiser\/121068"}],"acf:term":[{"embeddable":true,"taxonomy":"event_category","href":"https:\/\/www.anika-net.de\/hr\/wp-json\/wp\/v2\/event_category\/139"}],"wp:featuredmedia":[{"embeddable":true,"href":"https:\/\/www.anika-net.de\/hr\/wp-json\/wp\/v2\/media\/121087"}],"wp:attachment":[{"href":"https:\/\/www.anika-net.de\/hr\/wp-json\/wp\/v2\/media?parent=121088"}],"curies":[{"name":"wp","href":"https:\/\/api.w.org\/{rel}","templated":true}]}}