{"id":118299,"date":"2026-01-28T11:20:42","date_gmt":"2026-01-28T10:20:42","guid":{"rendered":"https:\/\/www.anika-net.de\/event\/moj-red-zene-i-rad\/"},"modified":"2026-01-28T11:20:43","modified_gmt":"2026-01-28T10:20:43","slug":"moj-red-zene-i-rad","status":"publish","type":"event","link":"https:\/\/www.anika-net.de\/hr\/event\/moj-red-zene-i-rad\/","title":{"rendered":"Moj red \u2013 \u017dene i&nbsp;rad"},"content":{"rendered":"\n<h2 class=\"wp-block-heading\">Kari\u00adjer\u00adna podr\u00ad\u0161ka za migran\u00adti\u00adce u Karlsruheu<\/h2>\n\n<p><strong>My Turn \u2013 \u017dene i rad<\/strong> je pro\u00adgram podr\u00ad\u0161ke u kari\u00adje\u00adri za migran\u00adti\u00adce u Kar\u00adl\u00adsru\u00adheu i oko\u00adli\u00adci koje \u017eele (ponov\u00adno) u\u0107i na tr\u017ei\u00ad\u0161te rada u Njema\u010dkoj.<\/p>\n\n<p>Jes\u00adte li \u017eena ro\u0111e\u00adna u dru\u00adgoj zem\u00adlji i do\u0161\u00adla u Nje\u00adma\u010d\u00adku?<br>\u017deli\u00adte li stru\u010d\u00adno vod\u00adstvo i dugo\u00adro\u010d\u00adnu podr\u00ad\u0161ku za izgrad\u00adnju svo\u00adje karijere?<\/p>\n\n<p>Mo\u017eda bis\u00adte \u017eeljeli:<\/p>\n\n<ul class=\"wp-block-list\">\n<li>pobolj\u00ad\u0161aj\u00adte svo\u00adje zna\u00adnje nje\u00adma\u010d\u00adkog jezika<\/li>\n\n\n\n<li>zapo\u00ad\u010de\u00adti stru\u00adkov\u00adno ospo\u00adsob\u00adlja\u00adva\u00adnje ili dalj\u00adnje obrazovanje<\/li>\n\n\n\n<li>pro\u00adna\u00ad\u0107i posao koji odgo\u00adva\u00adra va\u0161im vje\u00ad\u0161ti\u00adna\u00adma i interesima<\/li>\n\n\n\n<li>zara\u00ad\u0111uj\u00adte sami dok isto\u00advre\u00adme\u00adno uskla\u00ad\u0111u\u00adje\u00adte posao i obi\u00adtelj\u00adski&nbsp;\u017eivot<\/li>\n<\/ul>\n\n<p>Podr\u00ad\u017ea\u00adva\u00admo migran\u00adti\u00adce&nbsp;sa:<\/p>\n\n<ul class=\"wp-block-list\">\n<li>priz\u00adna\u00adva\u00adnje stra\u00adnih cer\u00adti\u00adfi\u00adka\u00adta i kvalifikacija<\/li>\n\n\n\n<li>pro\u00adna\u00ad\u0107i odgo\u00adva\u00adra\u00adju\u00ad\u0107i te\u010daj nje\u00adma\u010d\u00adkog jezika<\/li>\n\n\n\n<li>iden\u00adti\u00adfi\u00adci\u00adra\u00adnje pra\u00advog zani\u00adma\u00adnja ili stru\u00adkov\u00adnog obrazovanja<\/li>\n\n\n\n<li>pisa\u00adnje \u017eivo\u00adto\u00adpi\u00adsa i pri\u00adja\u00adva za&nbsp;posao<\/li>\n\n\n\n<li>uskla\u00ad\u0111i\u00adva\u00adnje obi\u00adtelj\u00adskih obve\u00adza i pro\u00adfe\u00adsi\u00adonal\u00adnog \u017eivota<\/li>\n<\/ul>\n\n<h3 class=\"wp-block-heading\">\u0160to nudi\u00admo  <\/h3>\n\n<ul class=\"wp-block-list\">\n<li>osob\u00adna kon\u00adtakt oso\u00adba za&nbsp;\u017eene<\/li>\n\n\n\n<li>redo\u00advi\u00adte indi\u00advi\u00addu\u00adal\u00adne savje\u00adto\u00addav\u00adne sesije<\/li>\n\n\n\n<li>grup\u00adne radi\u00adoni\u00adce o tema\u00adma veza\u00adnim uz karijeru<\/li>\n\n\n\n<li>dugo\u00adro\u010d\u00adna podr\u00ad\u0161ka do <strong>pro\u00adsin\u00adca&nbsp;2028.<\/strong><\/li>\n\n\n\n<li>odr\u00ad\u017ei\u00adva inte\u00adgra\u00adci\u00adja na tr\u017ei\u00ad\u0161te&nbsp;rada<\/li>\n\n\n\n<li>upu\u00ad\u0107i\u00adva\u00adnja na dodat\u00adne uslu\u00adge podr\u00ad\u0161ke koje pru\u00ad\u017ea FKA, kao \u0161to su jezi\u010d\u00adni te\u010da\u00adje\u00advi, tera\u00adpi\u00adja za izbje\u00adgli\u00adce i spe\u00adci\u00adja\u00adli\u00adzi\u00adra\u00adno savjetovanje<\/li>\n<\/ul>\n\n<h3 class=\"wp-block-heading\">Za koga je pro\u00adjekt Moj&nbsp;red?<\/h3>\n\n<p>Pro\u00adjekt <strong>My Turn \u2013 \u017dene i rad<\/strong> nami\u00adje\u00adnjen je migran\u00adti\u00adca\u00adma iz Kar\u00adl\u00adsru\u00adhea i okol\u00adne regi\u00adje koje \u017eele pro\u00adna\u00ad\u0107i ili ponov\u00adno pro\u00adna\u00ad\u0107i&nbsp;posao.<\/p>\n\n<p>Pro\u00adjekt, finan\u00adci\u00adran od stra\u00adne <strong>pro\u00adgra\u00adma ESF Plus \u201eMY TURN \u2013 \u017dene s iskus\u00adtvom migra\u00adci\u00adja, zapo\u010d\u00adni\u00adte\u201c<\/strong> , podr\u00ad\u017ea\u00adva \u017eene u razvo\u00adju pro\u00adfe\u00adsi\u00adonal\u00adne budu\u0107\u00adnos\u00adti na teme\u00adlju nji\u00adho\u00advih indi\u00advi\u00addu\u00adal\u00adnih sna\u00adga, vje\u00ad\u0161ti\u00adna i ciljeva.<\/p>\n\n<p>Na\u0161a cilj\u00adna sku\u00adpi\u00adna uklju\u00ad\u010du\u00adje poseb\u00adno novo\u00adpri\u00addo\u0161\u00adle \u017eene&nbsp;koje:<\/p>\n\n<ul class=\"wp-block-list\">\n<li>ima\u00adti sigu\u00adran sta\u00adtus boravka<\/li>\n\n\n\n<li>ima\u00adju dovolj\u00adno zna\u00adnja nje\u00adma\u010d\u00adkog jezika<\/li>\n\n\n\n<li>jo\u0161 nema\u00adte priz\u00adna\u00adtu stru\u00adkov\u00adnu kva\u00adli\u00adfi\u00adka\u00adci\u00adju u Njema\u010dkoj<\/li>\n\n\n\n<li>ili nisu bili zapos\u00adle\u00adni naj\u00adma\u00adnje \u010deti\u00adri godine<\/li>\n<\/ul>\n\n<p>Kroz indi\u00advi\u00addu\u00adal\u00adno savje\u00adto\u00adva\u00adnje i grup\u00adne radi\u00adoni\u00adce poti\u00ad\u010de\u00admo <strong>dugo\u00adro\u010d\u00adnu inte\u00adgra\u00adci\u00adju u nje\u00adma\u010d\u00adko tr\u017ei\u00ad\u0161te rada<\/strong> .<\/p>\n\n<h3 class=\"wp-block-heading\">Savje\u00adto\u00adva\u00adnje za migrantice<\/h3>\n\n<p>Mogu\u00ad\u0107e teme savje\u00adto\u00adva\u00adnja i radi\u00adoni\u00adca uklju\u010duju:<\/p>\n\n<ul class=\"wp-block-list\">\n<li>pro\u00adna\u00adla\u00ad\u017ee\u00adnje napred\u00adnih jezi\u010d\u00adnih te\u010dajeva<\/li>\n\n\n\n<li>Pisa\u00adnje \u017eivo\u00adto\u00adpi\u00adsa i pri\u00adja\u00adva za&nbsp;posao<\/li>\n\n\n\n<li>savje\u00adto\u00adva\u00adnje o rav\u00adno\u00adte\u00ad\u017ei izme\u00ad\u0111u pos\u00adlov\u00adnog i obi\u00adtelj\u00adskog \u017eivota<\/li>\n\n\n\n<li>radi\u00adoni\u00adce osna\u00ad\u017ei\u00adva\u00adnja i izgrad\u00adnje samopouzdanja<\/li>\n\n\n\n<li>sta\u00ad\u017ei\u00adra\u00adnje<\/li>\n\n\n\n<li>priz\u00adna\u00adva\u00adnje stra\u00adnih kvalifikacija<\/li>\n\n\n\n<li>infor\u00adma\u00adci\u00adje o mogu\u0107\u00adnos\u00adti\u00adma kari\u00adje\u00adre i usavr\u0161avanja<\/li>\n\n\n\n<li>ana\u00adli\u00adza vje\u00ad\u0161ti\u00adna i potencijala<\/li>\n\n\n\n<li>obu\u00adka za pri\u00adja\u00advu na&nbsp;posao<\/li>\n<\/ul>\n\n<h3 class=\"wp-block-heading\">Radi\u00adoni\u00adce: Pisa\u00adnje \u017eivo\u00adto\u00adpi\u00adsa i pri\u00adja\u00adva za&nbsp;posao<\/h3>\n\n<p>Tre\u00adnut\u00adno <strong>sva\u00adki mje\u00adsec nudi\u00admo vi\u0161ed\u00adnev\u00adnu radi\u00adoni\u00adcu<\/strong> o <strong>pisa\u00adnju \u017eivo\u00adto\u00adpi\u00adsa i pri\u00adja\u00adva za posao<\/strong> .<br> Sudje\u00adlo\u00adva\u00adnje je mogu\u00ad\u0107e <strong>neo\u00advis\u00adno o indi\u00advi\u00addu\u00adal\u00adnom savje\u00adto\u00adva\u00adnju<\/strong> .<\/p>\n\n<p>\ud83d\udce9 <strong>Kon\u00adtak\u00adti\u00adraj\u00adte nas za vi\u0161e infor\u00adma\u00adci\u00adja ili za registraciju<\/strong><\/p>\n","protected":false},"author":12,"featured_media":118298,"template":"","class_list":["post-118299","event","type-event","status-publish","has-post-thumbnail","hentry","event_category-raditi"],"acf":{"event-recurring":false,"event-category":143,"event-is-language-course":false,"event-recurring-still-active":true,"event-display-details":true,"event-schedules-recurring":null,"event-schedules-calendar":null,"event-is-online":false,"event-online-url":"","event-location-building":"fka - Freundeskreis Asyl Karlsruhe e.V. ","event-location-street":"Alter Schlachthof 59","event-location-zip":"76131","event-location-city":"Karlruhe","event-location-contact-person":"Yassmin Dawallu-P\u00f6hler \/ Sophie Burkart","event-location-phone":"0176 \u2013 4229 7070","event-location-phone-2":"0160 \u2013 147 01 88","event-location-mail":"yassmin.dawallu-poehler@fka-ka.de","event-location-mail-2":"sophie.burkart@fka-ka.de","event-location-website":"https:\/\/fka-ka.de\/my-turn-frau-und-beruf\/","event-target-group":[{"target-group":"women"}],"event-target-group-comment":"","event-free":true,"event-organiser":[16109],"event-header-copyright-overlay":true,"event-copyright-note-description-end":false},"featured_image_urls_v2":{"full":["https:\/\/www.anika-net.de\/wp-content\/uploads\/2026\/01\/My-Turn.jpg",748,382,false],"thumbnail":["https:\/\/www.anika-net.de\/wp-content\/uploads\/2026\/01\/My-Turn-150x150.jpg",150,150,true],"medium":["https:\/\/www.anika-net.de\/wp-content\/uploads\/2026\/01\/My-Turn-300x153.jpg",300,153,true],"medium_large":["https:\/\/www.anika-net.de\/wp-content\/uploads\/2026\/01\/My-Turn.jpg",640,327,false],"large":["https:\/\/www.anika-net.de\/wp-content\/uploads\/2026\/01\/My-Turn.jpg",640,327,false],"1536x1536":["https:\/\/www.anika-net.de\/wp-content\/uploads\/2026\/01\/My-Turn.jpg",748,382,false],"2048x2048":["https:\/\/www.anika-net.de\/wp-content\/uploads\/2026\/01\/My-Turn.jpg",748,382,false],"event-overview":["https:\/\/www.anika-net.de\/wp-content\/uploads\/2026\/01\/My-Turn.jpg",748,382,false],"event-archive-thumb":["https:\/\/www.anika-net.de\/wp-content\/uploads\/2026\/01\/My-Turn-480x245.jpg",480,245,true],"grid-item-thumbnail":["https:\/\/www.anika-net.de\/wp-content\/uploads\/2026\/01\/My-Turn-360x200.jpg",360,200,true],"network-partner-icon":["https:\/\/www.anika-net.de\/wp-content\/uploads\/2026\/01\/My-Turn-100x100.jpg",100,100,true],"organiser-icon":["https:\/\/www.anika-net.de\/wp-content\/uploads\/2026\/01\/My-Turn-200x200.jpg",200,200,true],"gform-image-choice-sm":["https:\/\/www.anika-net.de\/wp-content\/uploads\/2026\/01\/My-Turn.jpg",300,153,false],"gform-image-choice-md":["https:\/\/www.anika-net.de\/wp-content\/uploads\/2026\/01\/My-Turn.jpg",400,204,false],"gform-image-choice-lg":["https:\/\/www.anika-net.de\/wp-content\/uploads\/2026\/01\/My-Turn.jpg",600,306,false]},"post_excerpt_stackable_v2":"<p>Kari\u00adjer\u00adna podr\u00ad\u0161ka za migran\u00adti\u00adce u Kar\u00adl\u00adsru\u00adheu My Turn \u2013 \u017dene i rad je pro\u00adgram podr\u00ad\u0161ke u kari\u00adje\u00adri za migran\u00adti\u00adce u Kar\u00adl\u00adsru\u00adheu i oko\u00adli\u00adci koje \u017eele (ponov\u00adno) u\u0107i na tr\u017ei\u00ad\u0161te rada u Nje\u00adma\u010d\u00adkoj. Jes\u00adte li \u017eena ro\u0111e\u00adna u dru\u00adgoj zem\u00adlji i do\u0161\u00adla u Nje\u00adma\u010d\u00adku?\u017deli\u00adte li stru\u010d\u00adno vod\u00adstvo i dugo\u00adro\u010d\u00adnu podr\u00ad\u0161ku za izgrad\u00adnju svo\u00adje kari\u00adje\u00adre? Mo\u017eda bis\u00adte \u017eelje\u00adli: pobolj\u00ad\u0161aj\u00adte svo\u00adje zna\u00adnje nje\u00adma\u010d\u00adkog jezi\u00adka zapo\u00ad\u010de\u00adti stru\u00adkov\u00adno ospo\u00adsob\u00adlja\u00adva\u00adnje ili dalj\u00adnje obra\u00adzo\u00adva\u00adnje pro\u00adna\u00ad\u0107i posao koji odgo\u00adva\u00adra va\u0161im vje\u00ad\u0161ti\u00adna\u00adma i inte\u00adre\u00adsi\u00adma zara\u00ad\u0111uj\u00adte sami dok isto\u00advre\u00adme\u00adno uskla\u00ad\u0111u\u00adje\u00adte posao i obi\u00adtelj\u00adski&nbsp;\u017eivot Podr\u00ad\u017ea\u00adva\u00admo migran\u00adti\u00adce&nbsp;sa: priz\u00adna\u00adva\u00adnje stra\u00adnih cer\u00adti\u00adfi\u00adka\u00adta i kva\u00adli\u00adfi\u00adka\u00adci\u00adja pro\u00adna\u00ad\u0107i odgo\u00adva\u00adra\u00adju\u00ad\u0107i te\u010daj nje\u00adma\u010d\u00adkog jezi\u00adka iden\u00adti\u00adfi\u00adci\u00adra\u00adnje pra\u00advog zani\u00adma\u00adnja ili strukovnog\u2026<\/p>\n","category_list_v2":"","author_info_v2":{"name":"Andrea Ramirez","url":"https:\/\/www.anika-net.de\/hr\/author\/andrea-ramirez\/"},"comments_num_v2":"0 comments","uagb_featured_image_src":{"full":["https:\/\/www.anika-net.de\/wp-content\/uploads\/2026\/01\/My-Turn.jpg",748,382,false],"thumbnail":["https:\/\/www.anika-net.de\/wp-content\/uploads\/2026\/01\/My-Turn-150x150.jpg",150,150,true],"medium":["https:\/\/www.anika-net.de\/wp-content\/uploads\/2026\/01\/My-Turn-300x153.jpg",300,153,true],"medium_large":["https:\/\/www.anika-net.de\/wp-content\/uploads\/2026\/01\/My-Turn.jpg",640,327,false],"large":["https:\/\/www.anika-net.de\/wp-content\/uploads\/2026\/01\/My-Turn.jpg",640,327,false],"1536x1536":["https:\/\/www.anika-net.de\/wp-content\/uploads\/2026\/01\/My-Turn.jpg",748,382,false],"2048x2048":["https:\/\/www.anika-net.de\/wp-content\/uploads\/2026\/01\/My-Turn.jpg",748,382,false],"event-overview":["https:\/\/www.anika-net.de\/wp-content\/uploads\/2026\/01\/My-Turn.jpg",748,382,false],"event-archive-thumb":["https:\/\/www.anika-net.de\/wp-content\/uploads\/2026\/01\/My-Turn-480x245.jpg",480,245,true],"grid-item-thumbnail":["https:\/\/www.anika-net.de\/wp-content\/uploads\/2026\/01\/My-Turn-360x200.jpg",360,200,true],"network-partner-icon":["https:\/\/www.anika-net.de\/wp-content\/uploads\/2026\/01\/My-Turn-100x100.jpg",100,100,true],"organiser-icon":["https:\/\/www.anika-net.de\/wp-content\/uploads\/2026\/01\/My-Turn-200x200.jpg",200,200,true],"gform-image-choice-sm":["https:\/\/www.anika-net.de\/wp-content\/uploads\/2026\/01\/My-Turn.jpg",300,153,false],"gform-image-choice-md":["https:\/\/www.anika-net.de\/wp-content\/uploads\/2026\/01\/My-Turn.jpg",400,204,false],"gform-image-choice-lg":["https:\/\/www.anika-net.de\/wp-content\/uploads\/2026\/01\/My-Turn.jpg",600,306,false]},"uagb_author_info":{"display_name":"Andrea Ramirez","author_link":"https:\/\/www.anika-net.de\/hr\/author\/andrea-ramirez\/"},"uagb_comment_info":0,"uagb_excerpt":"Kari\u00adjer\u00adna podr\u00ad\u0161ka za migran\u00adti\u00adce u Karlsruheu My Turn \u2013 \u017dene i rad je pro\u00adgram podr\u00ad\u0161ke u kari\u00adje\u00adri za migran\u00adti\u00adce u Kar\u00adl\u00adsru\u00adheu i oko\u00adli\u00adci koje \u017eele (ponov\u00adno) u\u0107i na tr\u017ei\u00ad\u0161te rada&nbsp;vidi vi\u0161e","_links":{"self":[{"href":"https:\/\/www.anika-net.de\/hr\/wp-json\/wp\/v2\/event\/118299","targetHints":{"allow":["GET"]}}],"collection":[{"href":"https:\/\/www.anika-net.de\/hr\/wp-json\/wp\/v2\/event"}],"about":[{"href":"https:\/\/www.anika-net.de\/hr\/wp-json\/wp\/v2\/types\/event"}],"author":[{"embeddable":true,"href":"https:\/\/www.anika-net.de\/hr\/wp-json\/wp\/v2\/users\/12"}],"version-history":[{"count":1,"href":"https:\/\/www.anika-net.de\/hr\/wp-json\/wp\/v2\/event\/118299\/revisions"}],"predecessor-version":[{"id":118300,"href":"https:\/\/www.anika-net.de\/hr\/wp-json\/wp\/v2\/event\/118299\/revisions\/118300"}],"acf:post":[{"embeddable":true,"href":"https:\/\/www.anika-net.de\/hr\/wp-json\/wp\/v2\/organiser\/16109"}],"acf:term":[{"embeddable":true,"taxonomy":"event_category","href":"https:\/\/www.anika-net.de\/hr\/wp-json\/wp\/v2\/event_category\/143"}],"wp:featuredmedia":[{"embeddable":true,"href":"https:\/\/www.anika-net.de\/hr\/wp-json\/wp\/v2\/media\/118298"}],"wp:attachment":[{"href":"https:\/\/www.anika-net.de\/hr\/wp-json\/wp\/v2\/media?parent=118299"}],"curies":[{"name":"wp","href":"https:\/\/api.w.org\/{rel}","templated":true}]}}