{"id":34660,"date":"2023-03-07T13:33:40","date_gmt":"2023-03-07T12:33:40","guid":{"rendered":"https:\/\/www.anika-net.de\/apprendre-lallemand\/cours-dallemand-avec-garde-denfants\/"},"modified":"2025-09-02T13:51:10","modified_gmt":"2025-09-02T11:51:10","slug":"cours-dallemand-avec-garde-denfants","status":"publish","type":"page","link":"https:\/\/www.anika-net.de\/fr\/apprendre-lallemand\/cours-dallemand-avec-garde-denfants\/","title":{"rendered":"Cours d\u2019al\u00adle\u00admand avec garde d\u2019enfants"},"content":{"rendered":"\n<h2 class=\"wp-block-heading\"><span style=\"color: #e59b06;\" class=\"stk-highlight\">Actua\u00adli\u00adt\u00e9s<\/span><\/h2>\n\n\n\n<details class=\"wp-block-stackable-accordion stk-block-accordion stk-inner-blocks stk-block-content stk-block stk-586a212 is-style-default\" data-block-id=\"586a212\">\n<summary class=\"wp-block-stackable-column stk-block-column stk-column stk-block stk-b82b200 stk--container-small stk-block-accordion__heading\" data-v=\"4\" data-block-id=\"b82b200\"><div class=\"stk-column-wrapper stk-block-column__content stk-container stk-b82b200-container stk-hover-parent\"><div class=\"stk-block-content stk-inner-blocks stk-b82b200-inner-blocks\">\n<div class=\"wp-block-stackable-icon-label stk-block-icon-label stk-block stk-adc16ac\" data-block-id=\"adc16ac\"><div class=\"stk-row stk-inner-blocks stk-block-content\">\n<div class=\"wp-block-stackable-heading stk-block-heading stk-block-heading--v2 stk-block stk-3e53cec\" id=\"parents-meeting-and-childrens-language-course\" data-block-id=\"3e53cec\"><h4 class=\"stk-block-heading__text\">R\u00e9union des parents et cours de langue pour enfants<\/h4><\/div>\n\n\n\n<div class=\"wp-block-stackable-icon stk-block-icon stk-block stk-ec26a2c\" data-block-id=\"ec26a2c\"><span class=\"stk--svg-wrapper\"><div class=\"stk--inner-svg\"><svg style=\"height:0;width:0\"><defs><linearGradient id=\"linear-gradient-ec26a2c\" x1=\"0\" x2=\"100%\" y1=\"0\" y2=\"0\"><stop offset=\"0%\" style=\"stop-opacity:1;stop-color:var(--linear-gradient-ec-26-a-2-c-color-1)\" \/><stop offset=\"100%\" style=\"stop-opacity:1;stop-color:var(--linear-gradient-ec-26-a-2-c-color-2)\" \/><\/linearGradient><\/defs><\/svg><svg data-prefix=\"fas\" data-icon=\"chevron-down\" class=\"svg-inline--fa fa-chevron-down fa-w-14\" viewBox=\"0 0 448 512\" aria-hidden=\"true\" width=\"32\" height=\"32\"><path fill=\"currentColor\" d=\"M207.029 381.476L12.686 187.132c-9.373-9.373-9.373-24.569 0-33.941l22.667-22.667c9.357-9.357 24.522-9.375 33.901-.04L224 284.505l154.745-154.021c9.379-9.335 24.544-9.317 33.901.04l22.667 22.667c9.373 9.373 9.373 24.569 0 33.941L240.971 381.476c-9.373 9.372-24.569 9.372-33.942 0z\" \/><\/svg><\/div><\/span><\/div>\n<\/div><\/div>\n<\/div><\/div><\/summary>\n\n\n\n<div class=\"wp-block-stackable-column stk-block-column stk-column stk-block stk-5156b07 stk-block-accordion__content\" data-v=\"4\" data-block-id=\"5156b07\"><div class=\"stk-column-wrapper stk-block-column__content stk-container stk-5156b07-container stk--no-background stk--no-padding\"><div class=\"stk-block-content stk-inner-blocks stk-5156b07-inner-blocks\">\n<div class=\"wp-block-stackable-text stk-block-text stk-block stk-538f2fb\" data-block-id=\"538f2fb\"><p class=\"stk-block-text__text\">En coop\u00e9\u00adra\u00adtion avec l\u2019A\u00adWO Karls\u00adruhe, l\u2019Of\u00adfice pour l\u2019in\u00adt\u00e9\u00adgra\u00adtion pro\u00adpose un pro\u00adjet pilote visant \u00e0 pro\u00admou\u00advoir les com\u00adp\u00e9\u00adtences en langue alle\u00admande pour les enfants n\u2019ayant pas de place en mater\u00adnelle, avec une r\u00e9union paral\u00adl\u00e8le pour les parents.<br>Qui peut par\u00adti\u00adci\u00adper&nbsp;: les (nou\u00adveaux) parents immi\u00adgr\u00e9s et leurs enfants \u00e2g\u00e9s de quatre \u00e0 six ans qui n\u2019ont pas encore de place en mater\u00adnelle.<br><br><strong>Horaires des cours&nbsp;:<\/strong> L\u2019ins\u00adcrip\u00adtion est pos\u00adsible \u00e0 tout moment dans la limite des places dis\u00adpo\u00adnibles. Dans le cas contraire, nous tenons une liste d\u2019at\u00adtente et vous serez contac\u00adt\u00e9 d\u00e8s qu\u2019une place se lib\u00e8re. <br><br>\ud83d\udccdBleichs\u00adtra\u00dfe 9, 76227 Karls\u00adruhe<br><strong>Orga\u00adni\u00adsa\u00adteur du cours&nbsp;:<\/strong> AWO Karls\u00adruhe gGmbH, Gritz\u00adners\u00adtra\u00dfe 8, 76227 Karls\u00adruhe<br><br><strong>Per\u00adsonnes de contact&nbsp;:<\/strong> Silke Telt\u00adscher et Sami\u00adra Ahmed<br>\ud83d\udcde 0171 68 13 739<br>\ud83d\udcde 0171 62 86 094<br>\ud83d\udce7 s.teltscher@awo-karlsruhe.de<br>\ud83d\udce7 s.ahmed@awo-karlsruhe.de<br><br><strong>Ins\u00adcrip\u00adtion et consul\u00adta\u00adtion per\u00adson\u00adnelle sur ren\u00addez-vous uni\u00adque\u00adment<\/strong><br>Le ser\u00advice est finan\u00adc\u00e9 par le Land de Baden-W\u00fcrt\u00adtem\u00adberg et l\u2019Of\u00adfice pour l\u2019int\u00e9gration.<\/p><\/div>\n<\/div><\/div><\/div>\n<\/details>\n\n\n\n<div class=\"wp-block-stackable-divider stk-block-divider stk-block stk-3a50b18\" data-block-id=\"3a50b18\"><hr class=\"stk-block-divider__hr\"><\/div>\n\n\n\n<h2 class=\"wp-block-heading\"><span style=\"color: #059c83;\" class=\"stk-highlight\">Cours d\u2019al\u00adle\u00admand avec garde d\u2019enfants<\/span><\/h2>\n\n\n\n<p>Les per\u00adsonnes qui ne sont pas \u00e9li\u00adgibles aux cours d\u2019in\u00adt\u00e9\u00adgra\u00adtion ou qui sont phy\u00adsi\u00adque\u00adment inca\u00adpables de suivre ces cours peuvent par\u00adti\u00adci\u00adper aux cours en ver\u00adtu du r\u00e8gle\u00adment admi\u00adnis\u00adtra\u00adtif <em>(Ver\u00adwal\u00adtungs\u00advor\u00adschrift<\/em> VwV) allemand.<\/p>\n\n\n\n<p><strong><span style=\"color: #078c88;\" class=\"stk-highlight\">Groupe cible<\/span><\/strong><br>Les parents peuvent par\u00adti\u00adci\u00adper au cours d\u2019al\u00adle\u00admand en gar\u00addant leurs enfants,<\/p>\n\n\n\n<ul class=\"wp-block-list\">\n<li>qui ont des enfants en bas \u00e2ge mais n\u2019ont pas de struc\u00adture d\u2019ac\u00adcueil et ne peuvent donc pas par\u00adti\u00adci\u00adper \u00e0 un cours d\u2019int\u00e9gration.<\/li>\n<\/ul>\n\n\n\n<ul class=\"wp-block-list\">\n<li>qui n\u2019ont pas de per\u00admis de s\u00e9jour et ne peuvent donc pas par\u00adti\u00adci\u00adper \u00e0 un cours d\u2019int\u00e9gration.<\/li>\n<\/ul>\n\n\n\n<p><strong><span style=\"color: #078c88;\" class=\"stk-highlight\">Quand<\/span><\/strong><br>Matin et apr\u00e8s-midi<\/p>\n\n\n\n<p><strong><span style=\"color: #078c88;\" class=\"stk-highlight\">Pres\u00adta\u00adtaires de cours et ins\u00adcrip\u00adtion<\/span><\/strong><br>Pour vous ins\u00adcrire \u00e0 un cours d\u2019al\u00adle\u00admand avec garde d\u2019en\u00adfants, veuillez contac\u00adter direc\u00adte\u00adment les orga\u00adnismes de cours de langue suivants&nbsp;:<\/p>\n\n\n\n<p>\ud83c\udf10<strong><a href=\"https:\/\/www.aaw.de\/sprach-und-integrationskurse\" rel=\"noopener\">AAW Karls\u00adruhe<\/a><\/strong><br>\ud83d\udccd Gries\u00adbachs\u00adtra\u00dfe 12, 76185 Karls\u00adruhe<br>\ud83d\udcde 0157 3392 7304 ou 0721 850290<br>\ud83d\udce7 kibe.karlsruhe@aaw.de<br><strong>O\u00f9&nbsp;:<\/strong> <strong><a href=\"https:\/\/www.anika-net.de\/wp-content\/uploads\/2021\/10\/20_07_Flyer_Deutschkurse_mit_Kinderbetreuung.pdf\">ibz Karls\u00adruhe<\/a><\/strong> <br>\ud83d\udccdKai\u00adse\u00adral\u00adlee 12 d, 76133 Karlsruhe<\/p>\n\n\n\n<p>\ud83c\udf10 <strong><a href=\"https:\/\/future-gate.eu\/\" rel=\"noopener\">Future Gate Bil\u00addung und Trai\u00adning<\/a><\/strong><br>\ud83d\udccd Kai\u00adsers\u00adtra\u00dfe 156, 76133 Karls\u00adruhe<br>\ud83d\udcde 0721 6697 1359<br>\ud83d\udce7 info@future-gate.eu<br><strong>O\u00f9<\/strong>&nbsp;: <a href=\"https:\/\/future-gate.eu\/\" rel=\"noopener\"><strong>Future Gate<\/strong><\/a><br>\ud83d\udccd Kai\u00adsers\u00adtra\u00dfe 156, 76133 Karlsruhe<\/p>\n\n\n\n<p>Les cours d\u2019in\u00adt\u00e9\u00adgra\u00adtion avec garde d\u2019en\u00adfants sont finan\u00adc\u00e9s dans le cadre du pro\u00adgramme f\u00e9d\u00e9\u00adral \u2197 \u00ab&nbsp;<a href=\"https:\/\/www.fruehe-chancen.de\/themen\/integration-und-inklusion\/bundesprogramm-integrationskurs-mit-kind\" rel=\"noopener\"><strong>Cours d\u2019in\u00adt\u00e9\u00adgra\u00adtion avec enfant<\/strong><\/a>\u00ab&nbsp;du minis\u00adt\u00e8re f\u00e9d\u00e9\u00adral de la famille, des per\u00adsonnes \u00e2g\u00e9es, des femmes et de la jeu\u00adnesse (BMFSFJ). L\u2019offre est sou\u00adte\u00adnue par l\u2019Of\u00adfice pour l\u2019in\u00adt\u00e9\u00adgra\u00adtion et le ser\u00advice de garde d\u2019en\u00adfants de la ville de Karls\u00adruhe. <br><br>Les cours d\u2019al\u00adle\u00admand VwV sont finan\u00adc\u00e9s par le Land de Bade-Wur\u00adtem\u00adberg et la ville de Karls\u00adruhe. L\u2019offre est orga\u00adni\u00ads\u00e9e en coop\u00e9\u00adra\u00adtion avec le \u2197<strong> <a href=\"https:\/\/www.aaw.de\/\" rel=\"noopener\">Arbeits\u00adkreis f\u00fcr Aus- und Wei\u00adter\u00adbil\u00addung Karls\u00adruhe (AAW)<\/a><\/strong> et l\u2019U\u00adni\u00adver\u00adsi\u00adt\u00e9 de <strong> Karls\u00adruhe<\/strong>. \u2197<strong> <a href=\"https:\/\/www.ibz-karlsruhe.de\/\" rel=\"noopener\">Centre de ren\u00adcontre inter\u00adna\u00adtio\u00adnal de Karls\u00adruhe e. V. (ibz) <\/a><\/strong> ain\u00adsi qu\u2019a\u00advec l\u2019ai\u00admable sou\u00adtien du \u2197<strong> <a href=\"https:\/\/www.jobcenter-stadt-karlsruhe.de\/\" rel=\"noopener\">Job\u00adcen\u00adter Karlsruhe.<\/a><\/strong><\/p>\n","protected":false},"excerpt":{"rendered":"<p>Actua\u00adli\u00adt\u00e9s R\u00e9union des parents et cours de langue pour enfants En coop\u00e9\u00adra\u00adtion avec l\u2019A\u00adWO Karls\u00adruhe, l\u2019Of\u00adfice pour l\u2019in\u00adt\u00e9\u00adgra\u00adtion pro\u00adpose un pro\u00adjet pilote visant \u00e0 pro\u00admou\u00advoir les com\u00adp\u00e9\u00adtences en langue alle\u00admande&nbsp;<a class=\"moretag\" href=\"https:\/\/www.anika-net.de\/fr\/apprendre-lallemand\/cours-dallemand-avec-garde-denfants\/\">lire plus<\/a><\/p>\n","protected":false},"author":12,"featured_media":37366,"parent":34529,"menu_order":20,"comment_status":"closed","ping_status":"closed","template":"","meta":{"_acf_changed":false,"inline_featured_image":false,"_uag_custom_page_level_css":"","wp_typography_post_enhancements_disabled":false,"footnotes":""},"class_list":["post-34660","page","type-page","status-publish","has-post-thumbnail","hentry"],"acf":[],"featured_image_urls_v2":{"full":["https:\/\/www.anika-net.de\/wp-content\/uploads\/2023\/04\/Kinderbetreuung-05n-05.png",2000,1111,false],"thumbnail":["https:\/\/www.anika-net.de\/wp-content\/uploads\/2023\/04\/Kinderbetreuung-05n-05-150x150.png",150,150,true],"medium":["https:\/\/www.anika-net.de\/wp-content\/uploads\/2023\/04\/Kinderbetreuung-05n-05-300x167.png",300,167,true],"medium_large":["https:\/\/www.anika-net.de\/wp-content\/uploads\/2023\/04\/Kinderbetreuung-05n-05-768x427.png",640,356,true],"large":["https:\/\/www.anika-net.de\/wp-content\/uploads\/2023\/04\/Kinderbetreuung-05n-05-1024x569.png",640,356,true],"1536x1536":["https:\/\/www.anika-net.de\/wp-content\/uploads\/2023\/04\/Kinderbetreuung-05n-05-1536x853.png",1536,853,true],"2048x2048":["https:\/\/www.anika-net.de\/wp-content\/uploads\/2023\/04\/Kinderbetreuung-05n-05.png",2000,1111,false],"event-overview":["https:\/\/www.anika-net.de\/wp-content\/uploads\/2023\/04\/Kinderbetreuung-05n-05-960x640.png",960,640,true],"event-archive-thumb":["https:\/\/www.anika-net.de\/wp-content\/uploads\/2023\/04\/Kinderbetreuung-05n-05-480x267.png",480,267,true],"grid-item-thumbnail":["https:\/\/www.anika-net.de\/wp-content\/uploads\/2023\/04\/Kinderbetreuung-05n-05-360x200.png",360,200,true],"network-partner-icon":["https:\/\/www.anika-net.de\/wp-content\/uploads\/2023\/04\/Kinderbetreuung-05n-05-100x100.png",100,100,true],"organiser-icon":["https:\/\/www.anika-net.de\/wp-content\/uploads\/2023\/04\/Kinderbetreuung-05n-05-200x200.png",200,200,true],"gform-image-choice-sm":["https:\/\/www.anika-net.de\/wp-content\/uploads\/2023\/04\/Kinderbetreuung-05n-05.png",300,167,false],"gform-image-choice-md":["https:\/\/www.anika-net.de\/wp-content\/uploads\/2023\/04\/Kinderbetreuung-05n-05.png",400,222,false],"gform-image-choice-lg":["https:\/\/www.anika-net.de\/wp-content\/uploads\/2023\/04\/Kinderbetreuung-05n-05.png",600,333,false]},"post_excerpt_stackable_v2":"<p>Actua\u00adli\u00adt\u00e9s R\u00e9union des parents et cours de langue pour enfants En coop\u00e9\u00adra\u00adtion avec l\u2019A\u00adWO Karls\u00adruhe, l\u2019Of\u00adfice pour l\u2019in\u00adt\u00e9\u00adgra\u00adtion pro\u00adpose un pro\u00adjet pilote visant \u00e0 pro\u00admou\u00advoir les com\u00adp\u00e9\u00adtences en langue alle\u00admande pour les enfants n\u2019ayant pas de place en mater\u00adnelle, avec une r\u00e9union paral\u00adl\u00e8le pour les parents.Qui peut par\u00adti\u00adci\u00adper&nbsp;: les (nou\u00adveaux) parents immi\u00adgr\u00e9s et leurs enfants \u00e2g\u00e9s de quatre \u00e0 six ans qui n\u2019ont pas encore de place en mater\u00adnelle.Horaires des cours&nbsp;: L\u2019ins\u00adcrip\u00adtion est pos\u00adsible \u00e0 tout moment dans la limite des places dis\u00adpo\u00adnibles. Dans le cas contraire, nous tenons une liste d\u2019at\u00adtente et vous serez contac\u00adt\u00e9 d\u00e8s qu\u2019une place&nbsp;se\u2026<\/p>\n","category_list_v2":"","author_info_v2":{"name":"Andrea Ramirez","url":"https:\/\/www.anika-net.de\/fr\/author\/andrea-ramirez\/"},"comments_num_v2":"0 commentaire","uagb_featured_image_src":{"full":["https:\/\/www.anika-net.de\/wp-content\/uploads\/2023\/04\/Kinderbetreuung-05n-05.png",2000,1111,false],"thumbnail":["https:\/\/www.anika-net.de\/wp-content\/uploads\/2023\/04\/Kinderbetreuung-05n-05-150x150.png",150,150,true],"medium":["https:\/\/www.anika-net.de\/wp-content\/uploads\/2023\/04\/Kinderbetreuung-05n-05-300x167.png",300,167,true],"medium_large":["https:\/\/www.anika-net.de\/wp-content\/uploads\/2023\/04\/Kinderbetreuung-05n-05-768x427.png",640,356,true],"large":["https:\/\/www.anika-net.de\/wp-content\/uploads\/2023\/04\/Kinderbetreuung-05n-05-1024x569.png",640,356,true],"1536x1536":["https:\/\/www.anika-net.de\/wp-content\/uploads\/2023\/04\/Kinderbetreuung-05n-05-1536x853.png",1536,853,true],"2048x2048":["https:\/\/www.anika-net.de\/wp-content\/uploads\/2023\/04\/Kinderbetreuung-05n-05.png",2000,1111,false],"event-overview":["https:\/\/www.anika-net.de\/wp-content\/uploads\/2023\/04\/Kinderbetreuung-05n-05-960x640.png",960,640,true],"event-archive-thumb":["https:\/\/www.anika-net.de\/wp-content\/uploads\/2023\/04\/Kinderbetreuung-05n-05-480x267.png",480,267,true],"grid-item-thumbnail":["https:\/\/www.anika-net.de\/wp-content\/uploads\/2023\/04\/Kinderbetreuung-05n-05-360x200.png",360,200,true],"network-partner-icon":["https:\/\/www.anika-net.de\/wp-content\/uploads\/2023\/04\/Kinderbetreuung-05n-05-100x100.png",100,100,true],"organiser-icon":["https:\/\/www.anika-net.de\/wp-content\/uploads\/2023\/04\/Kinderbetreuung-05n-05-200x200.png",200,200,true],"gform-image-choice-sm":["https:\/\/www.anika-net.de\/wp-content\/uploads\/2023\/04\/Kinderbetreuung-05n-05.png",300,167,false],"gform-image-choice-md":["https:\/\/www.anika-net.de\/wp-content\/uploads\/2023\/04\/Kinderbetreuung-05n-05.png",400,222,false],"gform-image-choice-lg":["https:\/\/www.anika-net.de\/wp-content\/uploads\/2023\/04\/Kinderbetreuung-05n-05.png",600,333,false]},"uagb_author_info":{"display_name":"Andrea Ramirez","author_link":"https:\/\/www.anika-net.de\/fr\/author\/andrea-ramirez\/"},"uagb_comment_info":0,"uagb_excerpt":"Actua\u00adli\u00adt\u00e9s R\u00e9union des parents et cours de langue pour enfants En coop\u00e9\u00adra\u00adtion avec l\u2019A\u00adWO Karls\u00adruhe, l\u2019Of\u00adfice pour l\u2019in\u00adt\u00e9\u00adgra\u00adtion pro\u00adpose un pro\u00adjet pilote visant \u00e0 pro\u00admou\u00advoir les com\u00adp\u00e9\u00adtences en langue alle\u00admande&nbsp;lire plus","_links":{"self":[{"href":"https:\/\/www.anika-net.de\/fr\/wp-json\/wp\/v2\/pages\/34660","targetHints":{"allow":["GET"]}}],"collection":[{"href":"https:\/\/www.anika-net.de\/fr\/wp-json\/wp\/v2\/pages"}],"about":[{"href":"https:\/\/www.anika-net.de\/fr\/wp-json\/wp\/v2\/types\/page"}],"author":[{"embeddable":true,"href":"https:\/\/www.anika-net.de\/fr\/wp-json\/wp\/v2\/users\/12"}],"replies":[{"embeddable":true,"href":"https:\/\/www.anika-net.de\/fr\/wp-json\/wp\/v2\/comments?post=34660"}],"version-history":[{"count":5,"href":"https:\/\/www.anika-net.de\/fr\/wp-json\/wp\/v2\/pages\/34660\/revisions"}],"predecessor-version":[{"id":64564,"href":"https:\/\/www.anika-net.de\/fr\/wp-json\/wp\/v2\/pages\/34660\/revisions\/64564"}],"up":[{"embeddable":true,"href":"https:\/\/www.anika-net.de\/fr\/wp-json\/wp\/v2\/pages\/34529"}],"wp:featuredmedia":[{"embeddable":true,"href":"https:\/\/www.anika-net.de\/fr\/wp-json\/wp\/v2\/media\/37366"}],"wp:attachment":[{"href":"https:\/\/www.anika-net.de\/fr\/wp-json\/wp\/v2\/media?parent=34660"}],"curies":[{"name":"wp","href":"https:\/\/api.w.org\/{rel}","templated":true}]}}