{"id":1584,"date":"2021-07-06T12:37:54","date_gmt":"2021-07-06T10:37:54","guid":{"rendered":"https:\/\/www.anika-net.de\/child-benefit\/"},"modified":"2025-05-26T11:08:54","modified_gmt":"2025-05-26T09:08:54","slug":"prestations-pour-les-familles-avec-enfants","status":"publish","type":"page","link":"https:\/\/www.anika-net.de\/fr\/arriver\/les-enfants-et-la-famille\/prestations-pour-les-familles-avec-enfants\/","title":{"rendered":"Pres\u00adta\u00adtions pour les familles avec enfants"},"content":{"rendered":"\n<p>Les familles avec enfants ont besoin de bonnes struc\u00adtures d\u2019ac\u00adcueil et de la pos\u00adsi\u00adbi\u00adli\u00adt\u00e9 de com\u00adbi\u00adner famille et car\u00adri\u00e8re, ain\u00adsi que d\u2019un sou\u00adtien finan\u00adcier. Diverses pres\u00adta\u00adtions sont dis\u00adpo\u00adnibles pour sou\u00adla\u00adger et sou\u00adte\u00adnir finan\u00adci\u00e8\u00adre\u00adment votre famille.&nbsp;<\/p>\n\n<p>Vous trou\u00adve\u00adrez ici un aper\u00ad\u00e7u des pres\u00adta\u00adtions offertes aux familles avec enfants \u00e0 Karlsruhe.<\/p>\n\n<details class=\"wp-block-stackable-accordion stk-block-accordion stk-inner-blocks stk-block-content stk-block stk-5203917 is-style-default\" data-block-id=\"5203917\">\n<summary class=\"wp-block-stackable-column stk-block-column stk-column stk-block stk-68b61e2 stk--container-small stk-block-accordion__heading\" data-v=\"4\" data-block-id=\"68b61e2\"><div class=\"stk-column-wrapper stk-block-column__content stk-container stk-68b61e2-container stk-hover-parent\"><div class=\"stk-block-content stk-inner-blocks stk-68b61e2-inner-blocks\">\n<div class=\"wp-block-stackable-icon-label stk-block-icon-label stk-block stk-a05511f\" data-block-id=\"a05511f\"><div class=\"stk-row stk-inner-blocks stk-block-content\">\n<div class=\"wp-block-stackable-heading stk-block-heading stk-block-heading--v2 stk-block stk-5c0203e\" id=\"span-style-color-10967-f-class-stk-highlight-child-benefit-span\" data-block-id=\"5c0203e\"><style>.stk-5c0203e .stk-block-heading__text{font-family:system-ui, sans-serif !important;}<\/style><h4 class=\"stk-block-heading__text\"><span style=\"color: #10967f;\" class=\"stk-highlight\">PRESTATIONS POUR ENFANTS<\/span><\/h4><\/div>\n\n\n\n<div class=\"wp-block-stackable-icon stk-block-icon stk-block stk-20810a5\" data-block-id=\"20810a5\"><span class=\"stk--svg-wrapper\"><div class=\"stk--inner-svg\"><svg style=\"height:0;width:0\"><defs><linearGradient id=\"linear-gradient-20810a5\" x1=\"0\" x2=\"100%\" y1=\"0\" y2=\"0\"><stop offset=\"0%\" style=\"stop-opacity:1;stop-color:var(--linear-gradient-20810-a-5-color-1)\" \/><stop offset=\"100%\" style=\"stop-opacity:1;stop-color:var(--linear-gradient-20810-a-5-color-2)\" \/><\/linearGradient><\/defs><\/svg><svg data-prefix=\"fas\" data-icon=\"chevron-down\" class=\"svg-inline--fa fa-chevron-down fa-w-14\" viewBox=\"0 0 448 512\" aria-hidden=\"true\" width=\"32\" height=\"32\"><path fill=\"currentColor\" d=\"M207.029 381.476L12.686 187.132c-9.373-9.373-9.373-24.569 0-33.941l22.667-22.667c9.357-9.357 24.522-9.375 33.901-.04L224 284.505l154.745-154.021c9.379-9.335 24.544-9.317 33.901.04l22.667 22.667c9.373 9.373 9.373 24.569 0 33.941L240.971 381.476c-9.373 9.372-24.569 9.372-33.942 0z\" \/><\/svg><\/div><\/span><\/div>\n<\/div><\/div>\n<\/div><\/div><\/summary>\n\n\n\n<div class=\"wp-block-stackable-column stk-block-column stk-column stk-block stk-b236af7 stk-block-accordion__content\" data-v=\"4\" data-block-id=\"b236af7\"><div class=\"stk-column-wrapper stk-block-column__content stk-container stk-b236af7-container stk--no-background stk--no-padding\"><div class=\"stk-block-content stk-inner-blocks stk-b236af7-inner-blocks\">\n<div class=\"wp-block-stackable-text stk-block-text stk-block stk-eb8bd83\" data-block-id=\"eb8bd83\"><p class=\"stk-block-text__text\">Tous les parents d\u2019en\u00adfants r\u00e9si\u00addant de mani\u00e8re per\u00adma\u00adnente en Alle\u00admagne ont droit \u00e0 des allo\u00adca\u00adtions fami\u00adliales.<br>Vous rece\u00advez <strong>255 euros d\u201d<\/strong> allo\u00adca\u00adtions fami\u00adliales par mois et par enfant.<br>Les allo\u00adca\u00adtions fami\u00adliales sont ver\u00ads\u00e9es <strong>jus\u00adqu\u2019\u00e0 ce que l\u2019en\u00adfant atteigne l\u2019\u00e2ge de 18 ans <\/strong>ou <strong>jus\u00adqu\u2019\u00e0 ce qu\u2019il atteigne l\u2019\u00e2ge de 25 ans<\/strong> s\u2019il suit une <strong>for\u00adma\u00adtion, \u00e9tu\u00addie ou effec\u00adtue un ser\u00advice volon\u00adtaire<\/strong>.<br>Vous d\u00e9po\u00adsez votre demande d\u2019al\u00adlo\u00adca\u00adtions fami\u00adliales aupr\u00e8s de la caisse d\u2019al\u00adlo\u00adca\u00adtions fami\u00adliales<em>(Fami\u00adlien\u00adkasse<\/em>).<br><br>\ud83c\udf10 <strong><a href=\"https:\/\/www.arbeitsagentur.de\/vor-ort\/familienkasse\/familienkasse-baden-wuerttemberg-west-karlsruhe.html\" rel=\"noopener\">Fami\u00adlien\u00adkasse Baden-W\u00fcrt\u00adtem\u00adberg West Karls\u00adruhe<\/a><\/strong><br>\ud83d\udccd Her\u00admann-Veit-Stra\u00dfe 6, 76135 Karls\u00adruhe \u260e 0800 45 555 30  familienkasse-baden-wuerttemberg-west@arbeitsagentur.de<br><br>\ud83d\udce7 <\/p><\/div>\n<\/div><\/div><\/div>\n<\/details>\n\n<div class=\"wp-block-ugb-button ugb-button-wrapper ugb-1b6300f ugb-main-block\"><style>.ugb-1b6300f .ugb-button1 .ugb-button--inner{color:#119c81 !important}.ugb-1b6300f .ugb-button1{border-color:#119c81 !important}.ugb-1b6300f .ugb-button1:hover .ugb-button--inner{color:#119c81 !important}<\/style><div class=\"ugb-inner-block\"><div class=\"ugb-block-content\"><div class=\"ugb-button-container\"><a class=\"ugb-button1 ugb-button ugb-button--size-normal ugb-button--design-ghost\" href=\"https:\/\/www.arbeitsagentur.de\/familie-und-kinder\/infos-rund-um-kindergeld\/kindergeld-anspruch-hoehe-dauer\/kindergeld-antrag-starten\" rel=\"noopener\" title><span class=\"ugb-button--inner\"><strong>Demande d\u2019al\u00adlo\u00adca\u00adtions fami\u00adliales en&nbsp;ligne<\/strong><\/span><\/a><\/div><\/div><\/div><\/div>\n\n<details class=\"wp-block-stackable-accordion stk-block-accordion stk-inner-blocks stk-block-content stk-block stk-fcfa711 is-style-default\" data-block-id=\"fcfa711\">\n<summary class=\"wp-block-stackable-column stk-block-column stk-column stk-block stk-89c0bdb stk--container-small stk-block-accordion__heading\" data-v=\"4\" data-block-id=\"89c0bdb\"><div class=\"stk-column-wrapper stk-block-column__content stk-container stk-89c0bdb-container stk-hover-parent\"><div class=\"stk-block-content stk-inner-blocks stk-89c0bdb-inner-blocks\">\n<div class=\"wp-block-stackable-icon-label stk-block-icon-label stk-block stk-5ce0034\" data-block-id=\"5ce0034\"><div class=\"stk-row stk-inner-blocks stk-block-content\">\n<div class=\"wp-block-stackable-heading stk-block-heading stk-block-heading--v2 stk-block stk-90f1501\" id=\"span-style-color-10967-f-class-stk-highlight-child-benefit-supplement-span\" data-block-id=\"90f1501\"><h4 class=\"stk-block-heading__text\"><span style=\"color: #10967f;\" class=\"stk-highlight\">SUPPL\u00c9MENT AUX ALLOCATIONS FAMILIALES<\/span><\/h4><\/div>\n\n\n\n<div class=\"wp-block-stackable-icon stk-block-icon stk-block stk-5c41f1c\" data-block-id=\"5c41f1c\"><span class=\"stk--svg-wrapper\"><div class=\"stk--inner-svg\"><svg style=\"height:0;width:0\"><defs><linearGradient id=\"linear-gradient-5c41f1c\" x1=\"0\" x2=\"100%\" y1=\"0\" y2=\"0\"><stop offset=\"0%\" style=\"stop-opacity:1;stop-color:var(--linear-gradient-5-c-41-f-1-c-color-1)\" \/><stop offset=\"100%\" style=\"stop-opacity:1;stop-color:var(--linear-gradient-5-c-41-f-1-c-color-2)\" \/><\/linearGradient><\/defs><\/svg><svg data-prefix=\"fas\" data-icon=\"chevron-down\" class=\"svg-inline--fa fa-chevron-down fa-w-14\" viewBox=\"0 0 448 512\" aria-hidden=\"true\" width=\"32\" height=\"32\"><path fill=\"currentColor\" d=\"M207.029 381.476L12.686 187.132c-9.373-9.373-9.373-24.569 0-33.941l22.667-22.667c9.357-9.357 24.522-9.375 33.901-.04L224 284.505l154.745-154.021c9.379-9.335 24.544-9.317 33.901.04l22.667 22.667c9.373 9.373 9.373 24.569 0 33.941L240.971 381.476c-9.373 9.372-24.569 9.372-33.942 0z\" \/><\/svg><\/div><\/span><\/div>\n<\/div><\/div>\n<\/div><\/div><\/summary>\n\n\n\n<div class=\"wp-block-stackable-column stk-block-column stk-column stk-block stk-b0f1c45 stk-block-accordion__content\" data-v=\"4\" data-block-id=\"b0f1c45\"><div class=\"stk-column-wrapper stk-block-column__content stk-container stk-b0f1c45-container stk--no-background stk--no-padding\"><div class=\"stk-block-content stk-inner-blocks stk-b0f1c45-inner-blocks\">\n<div class=\"wp-block-stackable-text stk-block-text stk-block stk-3eef997\" data-block-id=\"3eef997\"><p class=\"stk-block-text__text\">Si vous avez de faibles reve\u00adnus, vous pou\u00advez deman\u00adder \u00e0 la Fami\u00adlien\u00adkasse un Kin\u00adder\u00adzu\u00adschlag (sup\u00adpl\u00e9\u00adment aux allo\u00adca\u00adtions fami\u00adliales) en plus des allo\u00adca\u00adtions fami\u00adliales ordi\u00adnaires.<br><br><strong>Que faut-il appor\u00adter&nbsp;?<\/strong><br>\u2611\ufe0f Carte d\u2019i\u00adden\u00adti\u00adt\u00e9<br>\u2611\ufe0f Gebur\u00adtur\u00adkunde<br>\u2611\ufe0f Antrag pour les allo\u00adca\u00adtions fami\u00adliales et \u00e9ven\u00adtuel\u00adle\u00adment cer\u00adti\u00adfi\u00adcat de sco\u00adla\u00adri\u00adt\u00e9, cer\u00adti\u00adfi\u00adcat de for\u00adma\u00adtion, cer\u00adti\u00adfi\u00adcat d\u2019\u00e9\u00adtudes.<br>\u2611\ufe0f Demande de sup\u00adpl\u00e9\u00adment pour enfant, jus\u00adti\u00adfi\u00adca\u00adtif de loge\u00adment et de chauf\u00adfage, reve\u00adnus et patri\u00admoine, moda\u00adli\u00adt\u00e9s d\u2019en\u00adtre\u00adtien.<br><br>\ud83c\udf10 <strong><a href=\"https:\/\/www.arbeitsagentur.de\/vor-ort\/familienkasse\/familienkasse-baden-wuerttemberg-west-karlsruhe.html\" rel=\"noopener\">Fami\u00adlien\u00adkasse Baden-W\u00fcrt\u00adtem\u00adberg West Karls\u00adruhe<\/a><\/strong><br>\ud83d\udccd Her\u00admann-Veit-Stra\u00dfe 6, 76135 Karls\u00adruhe<br>\u260e 0800 45 555 30<br>\ud83d\udce7 familienkasse-baden-wuerttemberg-west@arbeitsagentur.de<\/p><\/div>\n<\/div><\/div><\/div>\n<\/details>\n\n<div class=\"wp-block-ugb-button ugb-button-wrapper ugb-cd7366d ugb-main-block\"><style>.ugb-cd7366d .ugb-button1 .ugb-button--inner{color:#119c81 !important}.ugb-cd7366d .ugb-button1{border-color:#119c81 !important}.ugb-cd7366d .ugb-button1:hover .ugb-button--inner{color:#119c81 !important}<\/style><div class=\"ugb-inner-block\"><div class=\"ugb-block-content\"><div class=\"ugb-button-container\"><a class=\"ugb-button1 ugb-button ugb-button--size-normal ugb-button--design-ghost\" href=\"https:\/\/web.arbeitsagentur.de\/kiz\/ui\/start\" rel=\"noopener\" title><span class=\"ugb-button--inner\"><strong>Demande de sup\u00adpl\u00e9\u00adment pour enfant en&nbsp;ligne<\/strong><\/span><\/a><\/div><\/div><\/div><\/div>\n\n<div class=\"wp-block-stackable-columns stk-block-columns stk-block stk-ceacb89\" data-block-id=\"ceacb89\"><div class=\"stk-row stk-inner-blocks stk-block-content stk-content-align stk-ceacb89-column\">\n<div class=\"wp-block-stackable-column stk-block-column stk-column stk-block stk-9391cf6\" data-v=\"4\" data-block-id=\"9391cf6\"><style>@media screen and (min-width:901px){.stk-9391cf6 {flex:var(--stk-flex-grow, 1) 1 calc(25% - var(--stk-column-gap, 0px) * 1 \/ 2 ) !important;}}<\/style><div class=\"stk-column-wrapper stk-block-column__content stk-container stk-9391cf6-container stk--no-background stk--no-padding\"><div class=\"stk-block-content stk-inner-blocks stk-9391cf6-inner-blocks\">\n<figure class=\"wp-block-image size-full is-resized\"><img decoding=\"async\" src=\"https:\/\/www.anika-net.de\/wp-content\/uploads\/2025\/05\/Kita_bezahlen.svg\" alt class=\"wp-image-61608\" style=\"aspect-ratio:1;width:206px;height:auto\"><\/figure>\n<\/div><\/div><\/div>\n\n\n\n<div class=\"wp-block-stackable-column stk-block-column stk-column stk-block stk-16b7db6\" data-v=\"4\" data-block-id=\"16b7db6\"><style>@media screen and (min-width:901px){.stk-16b7db6 {flex:var(--stk-flex-grow, 1) 1 calc(75% - var(--stk-column-gap, 0px) * 1 \/ 2 ) !important;}}<\/style><div class=\"stk-column-wrapper stk-block-column__content stk-container stk-16b7db6-container stk--no-background stk--no-padding\"><div class=\"stk-block-content stk-inner-blocks stk-16b7db6-inner-blocks\"><\/div><\/div><\/div>\n<\/div><\/div>\n\n<details class=\"wp-block-stackable-accordion stk-block-accordion stk-inner-blocks stk-block-content stk-block stk-3456315 is-style-default\" data-block-id=\"3456315\">\n<summary class=\"wp-block-stackable-column stk-block-column stk-column stk-block stk-9eec8e8 stk--container-small stk-block-accordion__heading\" data-v=\"4\" data-block-id=\"9eec8e8\"><div class=\"stk-column-wrapper stk-block-column__content stk-container stk-9eec8e8-container stk-hover-parent\"><div class=\"stk-block-content stk-inner-blocks stk-9eec8e8-inner-blocks\">\n<div class=\"wp-block-stackable-icon-label stk-block-icon-label stk-block stk-93946fe\" data-block-id=\"93946fe\"><div class=\"stk-row stk-inner-blocks stk-block-content\">\n<div class=\"wp-block-stackable-heading stk-block-heading stk-block-heading--v2 stk-block stk-1fabb59\" id=\"span-style-color-10967-f-class-stk-highlight-subsidy-for-childcare-cost-span\" data-block-id=\"1fabb59\"><h4 class=\"stk-block-heading__text\"><span style=\"color: #10967f;\" class=\"stk-highlight\">SUBVENTION POUR LES FRAIS DE GARDE D\u2019ENFANTS<\/span><\/h4><\/div>\n\n\n\n<div class=\"wp-block-stackable-icon stk-block-icon stk-block stk-15c263a\" data-block-id=\"15c263a\"><span class=\"stk--svg-wrapper\"><div class=\"stk--inner-svg\"><svg style=\"height:0;width:0\"><defs><linearGradient id=\"linear-gradient-15c263a\" x1=\"0\" x2=\"100%\" y1=\"0\" y2=\"0\"><stop offset=\"0%\" style=\"stop-opacity:1;stop-color:var(--linear-gradient-15-c-263-a-color-1)\" \/><stop offset=\"100%\" style=\"stop-opacity:1;stop-color:var(--linear-gradient-15-c-263-a-color-2)\" \/><\/linearGradient><\/defs><\/svg><svg data-prefix=\"fas\" data-icon=\"chevron-down\" class=\"svg-inline--fa fa-chevron-down fa-w-14\" viewBox=\"0 0 448 512\" aria-hidden=\"true\" width=\"32\" height=\"32\"><path fill=\"currentColor\" d=\"M207.029 381.476L12.686 187.132c-9.373-9.373-9.373-24.569 0-33.941l22.667-22.667c9.357-9.357 24.522-9.375 33.901-.04L224 284.505l154.745-154.021c9.379-9.335 24.544-9.317 33.901.04l22.667 22.667c9.373 9.373 9.373 24.569 0 33.941L240.971 381.476c-9.373 9.372-24.569 9.372-33.942 0z\" \/><\/svg><\/div><\/span><\/div>\n<\/div><\/div>\n<\/div><\/div><\/summary>\n\n\n\n<div class=\"wp-block-stackable-column stk-block-column stk-column stk-block stk-48e9d82 stk-block-accordion__content\" data-v=\"4\" data-block-id=\"48e9d82\"><div class=\"stk-column-wrapper stk-block-column__content stk-container stk-48e9d82-container stk--no-background stk--no-padding\"><div class=\"stk-block-content stk-inner-blocks stk-48e9d82-inner-blocks\">\n<div class=\"wp-block-stackable-text stk-block-text stk-block stk-2727679\" data-block-id=\"2727679\"><p class=\"stk-block-text__text\">La ville de Karls\u00adruhe pro\u00adpose aux familles dif\u00adf\u00e9\u00adrents ser\u00advices de garde d\u2019en\u00adfants. L\u2019u\u00adti\u00adli\u00adsa\u00adtion de ces ser\u00advices est sou\u00admise \u00e0 des frais d\u2019u\u00adti\u00adli\u00adsa\u00adtion. Afin d\u2019al\u00adl\u00e9\u00adger la charge des familles ayant plu\u00adsieurs enfants, Karls\u00adruhe accorde une r\u00e9duc\u00adtion des frais ou le rem\u00adbour\u00adse\u00adment des frais pour les fr\u00e8res et s\u0153urs.  <br><br>\ud83c\udf10 <strong><a href=\"https:\/\/www.karlsruhe.de\/bildung-soziales\/kinderbetreuung\/gebuehren-fuer-kindertagesbetreuung\" rel=\"noopener\">Stadt Karls\u00adruhe \u2013 Sozial- und Jugend\u00adbeh\u00f6rde (ville de Karls\u00adruhe)<\/a><\/strong><br>Fach\u00adbe\u00adreich Kin\u00adder\u00adta\u00adges\u00adbe\u00adtreuung<br>\ud83d\udccd Ernst-Frey-Stra\u00dfe 10, 76135 Karls\u00adruhe<br>\u260e 0721 133 5189<br>\ud83d\udce7 kibe-zuschuss@sjb.karlsruhe.de<\/p><\/div>\n<\/div><\/div><\/div>\n<\/details>\n\n<details class=\"wp-block-stackable-accordion stk-block-accordion stk-inner-blocks stk-block-content stk-block stk-caed5db is-style-default\" data-block-id=\"caed5db\">\n<summary class=\"wp-block-stackable-column stk-block-column stk-column stk-block stk-ed812ad stk--container-small stk-block-accordion__heading\" data-v=\"4\" data-block-id=\"ed812ad\"><div class=\"stk-column-wrapper stk-block-column__content stk-container stk-ed812ad-container stk-hover-parent\"><div class=\"stk-block-content stk-inner-blocks stk-ed812ad-inner-blocks\">\n<div class=\"wp-block-stackable-icon-label stk-block-icon-label stk-block stk-83ce512\" data-block-id=\"83ce512\"><div class=\"stk-row stk-inner-blocks stk-block-content\">\n<div class=\"wp-block-stackable-heading stk-block-heading stk-block-heading--v2 stk-block stk-78f45f3\" id=\"strong-span-style-color-0-b-8274-class-stk-highlight-parental-allowance-span-strong\" data-block-id=\"78f45f3\"><h4 class=\"stk-block-heading__text\"><strong><span style=\"color: #0b8274;\" class=\"stk-highlight\">ALLOCATION PARENTALE<\/span><\/strong><\/h4><\/div>\n\n\n\n<div class=\"wp-block-stackable-icon stk-block-icon stk-block stk-76c2b69\" data-block-id=\"76c2b69\"><span class=\"stk--svg-wrapper\"><div class=\"stk--inner-svg\"><svg style=\"height:0;width:0\"><defs><linearGradient id=\"linear-gradient-76c2b69\" x1=\"0\" x2=\"100%\" y1=\"0\" y2=\"0\"><stop offset=\"0%\" style=\"stop-opacity:1;stop-color:var(--linear-gradient-76-c-2-b-69-color-1)\" \/><stop offset=\"100%\" style=\"stop-opacity:1;stop-color:var(--linear-gradient-76-c-2-b-69-color-2)\" \/><\/linearGradient><\/defs><\/svg><svg data-prefix=\"fas\" data-icon=\"chevron-down\" class=\"svg-inline--fa fa-chevron-down fa-w-14\" viewBox=\"0 0 448 512\" aria-hidden=\"true\" width=\"32\" height=\"32\"><path fill=\"currentColor\" d=\"M207.029 381.476L12.686 187.132c-9.373-9.373-9.373-24.569 0-33.941l22.667-22.667c9.357-9.357 24.522-9.375 33.901-.04L224 284.505l154.745-154.021c9.379-9.335 24.544-9.317 33.901.04l22.667 22.667c9.373 9.373 9.373 24.569 0 33.941L240.971 381.476c-9.373 9.372-24.569 9.372-33.942 0z\" \/><\/svg><\/div><\/span><\/div>\n<\/div><\/div>\n<\/div><\/div><\/summary>\n\n\n\n<div class=\"wp-block-stackable-column stk-block-column stk-column stk-block stk-9919268 stk-block-accordion__content\" data-v=\"4\" data-block-id=\"9919268\"><div class=\"stk-column-wrapper stk-block-column__content stk-container stk-9919268-container stk--no-background stk--no-padding\"><div class=\"stk-block-content stk-inner-blocks stk-9919268-inner-blocks\">\n<div class=\"wp-block-stackable-text stk-block-text stk-block stk-2e16455\" data-block-id=\"2e16455\"><p class=\"stk-block-text__text\"><strong> <\/strong>L\u2019<em>Eltern\u00adgeld<\/em> (allo\u00adca\u00adtion paren\u00adtale) est accor\u00add\u00e9e aux <strong>m\u00e8res ou aux p\u00e8res apr\u00e8s la nais\u00adsance de leur enfant.<\/strong><br>La meilleure fa\u00e7on de deman\u00adder l\u2019al\u00adlo\u00adca\u00adtion paren\u00adtale est de le faire en ligne \u2013 c\u2019est le moyen le plus rapide.<br>Vous pou\u00advez pr\u00e9\u00adpa\u00adrer votre demande d\u2019al\u00adlo\u00adca\u00adtion paren\u00adtale avant la nais\u00adsance.<br><br>L\u2019al\u00adlo\u00adca\u00adtion paren\u00adtale com\u00adpense un manque de reve\u00adnus si les parents veulent \u00eatre pr\u00e9\u00adsents pour leur enfant apr\u00e8s la nais\u00adsance et, par cons\u00e9\u00adquent, inter\u00adrompre ou r\u00e9duire leur travail.<\/p><\/div>\n\n\n\n<p><strong>Quels sont les docu\u00adments dont j\u2019ai besoin&nbsp;?<\/strong><br>\u2705 Acte de nais\u00adsance (en ori\u00adgi\u00adnal)  Preuve de vos reve\u00adnus  Veuillez nous contac\u00adter par t\u00e9l\u00e9\u00adphone pour tout autre docu\u00adment dont vous pour\u00adriez avoir besoin Il existe dif\u00adf\u00e9\u00adrents types d\u2019al\u00adlo\u00adca\u00adtions paren\u00adtales&nbsp;:<br>\u2705<br>\u2705<br><br><\/p>\n\n\n\n<h3 class=\"wp-block-heading\">Allo\u00adca\u00adtion paren\u00adtale de base \u2013 <em><strong>Basi\u00adsel\u00adtern\u00adgeld<\/strong><\/em><\/h3>\n\n\n\n<ul class=\"wp-block-list\">\n<li>Jus\u00adqu\u2019\u00e0 12 mois possibles.<\/li>\n\n\n\n<li>En tant que couple, vous pou\u00advez rece\u00advoir jus\u00adqu\u2019\u00e0 14 mois ensemble.<\/li>\n\n\n\n<li>Les parents iso\u00adl\u00e9s peuvent \u00e9ga\u00adle\u00adment b\u00e9n\u00e9\u00adfi\u00adcier de 14 mois d\u2019al\u00adlo\u00adca\u00adtion paren\u00adtale de&nbsp;base.<\/li>\n\n\n\n<li>R\u00e9par\u00adtis\u00adsez les mois d\u2019al\u00adlo\u00adca\u00adtion paren\u00adtale entre vous. Pour les nais\u00adsances \u00e0 par\u00adtir du 01.04.2024 <strong>, <\/strong><a href=\"https:\/\/www.l-bank.de\/elterngeld-hilfe\/voraussetzungen_elterngeld.html#e52b9eff-d0c6-47b4-a551-a25c53d54948\" rel=\"noopener\"><strong>le b\u00e9n\u00e9\u00adfice simul\u00adta\u00adn\u00e9 de l\u2019al\u00adlo\u00adca\u00adtion paren\u00adtale de base<\/strong><\/a> n\u2019est pos\u00adsible que pen\u00addant un mois de vie avant le pre\u00admier anni\u00adver\u00adsaire de l\u2019enfant.&nbsp;<\/li>\n\n\n\n<li>Pour les enfants n\u00e9s par\u00adti\u00adcu\u00adli\u00e8\u00adre\u00adment t\u00f4t \u00e0 par\u00adtir du 01.09.2021 <strong>,<\/strong> <a href=\"https:\/\/www.l-bank.de\/elterngeld-hilfe\/voraussetzungen_elterngeld.html#cb3c747b-a7bf-48ad-ae03-c18d0d8e35b2\" rel=\"noopener\"><strong>vous pou\u00advez pro\u00adlon\u00adger la per\u00adcep\u00adtion de l\u2019al\u00adlo\u00adca\u00adtion paren\u00adtale de&nbsp;base.<\/strong><\/a><\/li>\n<\/ul>\n\n\n\n<h3 class=\"wp-block-heading\">Allo\u00adca\u00adtion paren\u00adtale plus \u2013 <strong><em>Eltern\u00adgeld&nbsp;Plus<\/em><\/strong><\/h3>\n\n\n\n<ul class=\"wp-block-list\">\n<li>\u00c9chan\u00adgez 1 mois d\u2019al\u00adlo\u00adca\u00adtion paren\u00adtale de base contre 2 mois d\u2019al\u00adlo\u00adca\u00adtion paren\u00adtale plus.<br>Vous obte\u00adnez ain\u00adsi jus\u00adqu\u2019\u00e0 24 mois d\u2019al\u00adlo\u00adca\u00adtion paren\u00adtale&nbsp;plus.<\/li>\n\n\n\n<li>En tant que couple, vous pou\u00advez b\u00e9n\u00e9\u00adfi\u00adcier jus\u00adqu\u2019\u00e0 28 mois ensemble.<\/li>\n\n\n\n<li>Les parents iso\u00adl\u00e9s peuvent \u00e9ga\u00adle\u00adment b\u00e9n\u00e9\u00adfi\u00adcier de 28&nbsp;mois.<\/li>\n\n\n\n<li>Vous rece\u00advrez au maxi\u00admum la moi\u00adti\u00e9 de l\u2019al\u00adlo\u00adca\u00adtion paren\u00adtale de base par&nbsp;mois.<\/li>\n<\/ul>\n\n\n\n<h3 class=\"wp-block-heading\">Mois de bonus de par\u00adte\u00adna\u00adriat \u2013 <em><strong>Mois de bonus de partenariat<\/strong><\/em><\/h3>\n\n\n\n<ul class=\"wp-block-list\">\n<li>En tant que couple, vous pou\u00advez rece\u00advoir cha\u00adcun jus\u00adqu\u2019\u00e0 4 mois sup\u00adpl\u00e9\u00admen\u00adtaires d\u2019al\u00adlo\u00adca\u00adtion paren\u00adtale&nbsp;Plus.<\/li>\n\n\n\n<li>La condi\u00adtion pr\u00e9a\u00adlable est que vous tra\u00advailliez tous les deux \u00e0 temps par\u00adtiel pen\u00addant cette p\u00e9riode. Si votre enfant na\u00eet \u00e0 par\u00adtir du 01.09.2021, vous devez tra\u00advailler entre 24 et 32 heures par semaine.&nbsp;<\/li>\n\n\n\n<li>Vous pou\u00advez \u00e9ga\u00adle\u00adment b\u00e9n\u00e9\u00adfi\u00adcier de cette offre ensemble si vous et l\u2019autre parent \u00e9le\u00advez votre enfant s\u00e9pa\u00adr\u00e9\u00adment. Si vous \u00eates parent iso\u00adl\u00e9, vous pou\u00advez b\u00e9n\u00e9\u00adfi\u00adcier de l\u2019offre seul.&nbsp;<\/li>\n<\/ul>\n\n\n\n<p>\ud83c\udf10 <strong><a href=\"https:\/\/www.karlsruhe.de\/bildung-soziales\/kinderbetreuung\/gebuehren-fuer-kindertagesbetreuung\" rel=\"noopener\"><\/a><a href=\"http:\/\/www.l-bank.de\/produkte\/familienfoerderung\/elterngeld.html\" rel=\"noopener\"><strong>L\u2011Bank<\/strong> <strong>Aide \u00e0 la famille<\/strong><\/a><\/strong><br>\ud83d\udccd 76131 Karls\u00adruhe<br>\u260e 0800 664 5471<br>\ud83d\udce7 familienfoerderung@l\u2011bank.de<\/p>\n<\/div><\/div><\/div>\n<\/details>\n\n<div class=\"wp-block-ugb-columns ugb-columns ugb-ae34cc6 ugb-columns--design-plain ugb-columns--columns-2 ugb-main-block\"><div class=\"ugb-inner-block\"><div class=\"ugb-block-content\"><div class=\"ugb-columns__item ugb-ae34cc6-content-wrapper\">\n<div class=\"wp-block-ugb-column ugb-column ugb-0370a18 ugb-column--design-plain ugb-main-block\"><div class=\"ugb-inner-block\"><div class=\"ugb-block-content\"><div class=\"ugb-column__item ugb-0370a18-column-wrapper\"><div class=\"ugb-column__content-wrapper\"><\/div><\/div><\/div><\/div><\/div>\n\n\n\n<div class=\"wp-block-ugb-column ugb-column ugb-173140f ugb-column--design-plain ugb-main-block\"><div class=\"ugb-inner-block\"><div class=\"ugb-block-content\"><div class=\"ugb-column__item ugb-173140f-column-wrapper\"><div class=\"ugb-column__content-wrapper\"><\/div><\/div><\/div><\/div><\/div>\n<\/div><\/div><\/div><\/div>\n\n<div class=\"wp-block-stackable-separator alignfull stk-block-separator stk--no-padding stk-block stk-ca39704\" data-block-id=\"ca39704\"><style>.stk-ca39704 {margin-bottom:0px !important;}.stk-ca39704 .stk-block-separator__inner{height:54px !important;}<\/style><div class=\"stk-block-separator__inner\"><svg viewBox=\"0 0 1600 200\" class=\"stk-separator__layer-1\" preserveAspectRatio=\"none\" aria-hidden=\"true\"><path class=\"wave-1_svg__st2\" d=\"M1341.4 48.9c-182.4 0-254.2 80.4-429.4 80.4-117.8 0-209.7-67.5-393.5-67.5-142.2 0-212.6 38.8-324.6 38.8S-10 64.7-10 64.7V210h1620V102c-110.6-40.2-181-53.1-268.6-53.1z\" \/><\/svg><\/div><\/div>\n\n<details class=\"wp-block-stackable-accordion stk-block-accordion stk-inner-blocks stk-block-content stk-block stk-31e901f is-style-default\" data-block-id=\"31e901f\">\n<summary class=\"wp-block-stackable-column stk-block-column stk-column stk-block stk-0b78aef stk--container-small stk-block-accordion__heading\" data-v=\"4\" data-block-id=\"0b78aef\"><div class=\"stk-column-wrapper stk-block-column__content stk-container stk-0b78aef-container stk-hover-parent\"><div class=\"stk-block-content stk-inner-blocks stk-0b78aef-inner-blocks\">\n<div class=\"wp-block-stackable-icon-label stk-block-icon-label stk-block stk-2b13fcd\" data-block-id=\"2b13fcd\"><div class=\"stk-row stk-inner-blocks stk-block-content\">\n<div class=\"wp-block-stackable-heading stk-block-heading stk-block-heading--v2 stk-block stk-15d3d9a\" id=\"span-style-color-0-b-8274-class-stk-highlight-karlsruher-kinderpass-karlsruher-pass-karlsruher-pass-60-span\" data-block-id=\"15d3d9a\"><h4 class=\"stk-block-heading__text\"><span style=\"color: #0b8274;\" class=\"stk-highlight\">KARLSRUHER KINDERPASS \/ Karls\u00adru\u00adher Pass\/ Karls\u00adru\u00adher Pass&nbsp;60+<\/span><\/h4><\/div>\n\n\n\n<div class=\"wp-block-stackable-icon stk-block-icon stk-block stk-b5c3f8b\" data-block-id=\"b5c3f8b\"><span class=\"stk--svg-wrapper\"><div class=\"stk--inner-svg\"><svg style=\"height:0;width:0\"><defs><linearGradient id=\"linear-gradient-b5c3f8b\" x1=\"0\" x2=\"100%\" y1=\"0\" y2=\"0\"><stop offset=\"0%\" style=\"stop-opacity:1;stop-color:var(--linear-gradient-b-5-c-3-f-8-b-color-1)\" \/><stop offset=\"100%\" style=\"stop-opacity:1;stop-color:var(--linear-gradient-b-5-c-3-f-8-b-color-2)\" \/><\/linearGradient><\/defs><\/svg><svg data-prefix=\"fas\" data-icon=\"chevron-down\" class=\"svg-inline--fa fa-chevron-down fa-w-14\" viewBox=\"0 0 448 512\" aria-hidden=\"true\" width=\"32\" height=\"32\"><path fill=\"currentColor\" d=\"M207.029 381.476L12.686 187.132c-9.373-9.373-9.373-24.569 0-33.941l22.667-22.667c9.357-9.357 24.522-9.375 33.901-.04L224 284.505l154.745-154.021c9.379-9.335 24.544-9.317 33.901.04l22.667 22.667c9.373 9.373 9.373 24.569 0 33.941L240.971 381.476c-9.373 9.372-24.569 9.372-33.942 0z\" \/><\/svg><\/div><\/span><\/div>\n<\/div><\/div>\n<\/div><\/div><\/summary>\n\n\n\n<div class=\"wp-block-stackable-column stk-block-column stk-column stk-block stk-1f04f97 stk-block-accordion__content\" data-v=\"4\" data-block-id=\"1f04f97\"><div class=\"stk-column-wrapper stk-block-column__content stk-container stk-1f04f97-container stk--no-background stk--no-padding\"><div class=\"stk-block-content stk-inner-blocks stk-1f04f97-inner-blocks\">\n<div class=\"wp-block-stackable-text stk-block-text stk-block stk-55a51eb\" data-block-id=\"55a51eb\"><p class=\"stk-block-text__text\">Le Karls\u00adru\u00adher<strong> Kin\u00adder\u00adpass \/ Karls\u00adru\u00adher Pass \/ Karls\u00adru\u00adher Pass 60+<\/strong> sont des cartes sp\u00e9\u00adciales qui donnent g\u00e9n\u00e9\u00adra\u00adle\u00adment droit \u00e0 des entr\u00e9es gra\u00adtuites, des r\u00e9duc\u00adtions ou des bons dans les domaines des loi\u00adsirs, du sport, de la culture, de l\u2019\u00e9\u00addu\u00adca\u00adtion et de la mobi\u00adli\u00adt\u00e9 aux citoyens de Karls\u00adruhe qui ont un reve\u00adnu plus faible ou qui b\u00e9n\u00e9\u00adfi\u00adcient de pres\u00adta\u00adtions sociales.  <br><br>Il s\u2019a\u00adgit, par exemple, d\u2019une r\u00e9duc\u00adtion allant jus\u00adqu\u2019\u00e0 50 % sur les billets de trans\u00adport ven\u00addus par le Karls\u00adru\u00adher Ver\u00adkehrs\u00adver\u00adbund (KVV) et sur l\u2019ac\u00adc\u00e8s aux pis\u00adcines ext\u00e9rieures\/int\u00e9rieures, de pro\u00adgrammes d\u2019ac\u00adti\u00advi\u00adt\u00e9s de vacances sub\u00adven\u00adtion\u00adn\u00e9s, de ch\u00e8ques-\u00e9du\u00adca\u00adtion, d\u2019en\u00adtr\u00e9es gra\u00adtuites ou de r\u00e9duc\u00adtions dans les mus\u00e9es de Karls\u00adruhe et de la r\u00e9gion.<br><br>Les offres varient en fonc\u00adtion de la carte. Vous trou\u00adve\u00adrez plus d\u2019in\u00adfor\u00adma\u00adtions <strong>\u00e0 l\u2019a\u00addresse sui\u00advante<\/strong> <a href=\"about:blank\"><strong>https:\/\/karlsruher-pass.de\/<\/strong><\/a> <br><br><strong>Que dois-je empor\u00adter&nbsp;?<\/strong><br>\u2611\ufe0f Une pho\u00adto d\u2019i\u00adden\u00adti\u00adt\u00e9 r\u00e9cente<br>\u2611\ufe0f Carte d\u2019i\u00adden\u00adti\u00adt\u00e9 en cours de vali\u00addi\u00adt\u00e9 ou autres docu\u00adments d\u2019i\u00adden\u00adti\u00adfi\u00adca\u00adtion<br>\u2611\ufe0f Preuves selon votre cas&nbsp;: noti\u00adfi\u00adca\u00adtion des pres\u00adta\u00adtions sociales, carte d\u2019i\u00adden\u00adti\u00adt\u00e9 de per\u00adsonne gra\u00adve\u00adment han\u00addi\u00adca\u00adp\u00e9e, actes de nais\u00adsance, cer\u00adti\u00adfi\u00adcats d\u2019en\u00adre\u00adgis\u00adtre\u00adment ou registre fami\u00adlial (pour les familles comp\u00adtant cinq enfants mineurs ou plus), pour les familles \u00e0 faible reve\u00adnu&nbsp;: Docu\u00adments pour le cal\u00adcul.<br><br><strong>Stadt\u00adju\u00adgen\u00addaus\u00adschuss e.V. Karls\u00adruhe \u2013 stja<\/strong><br><strong>Jugend\u2011, Frei\u00adzeit- und Bildungswerk(jfbw) (Centre pour la jeu\u00adnesse, la liber\u00adt\u00e9 et l\u2019\u00e9\u00addu\u00adca\u00adtion)<\/strong><br>\ud83d\udccd B\u00fcr\u00adgers\u00adtr. 16, 76133 Karls\u00adruhe<br>\u260e 0721 133\u20115671<br>\ud83d\udce7 jfbw@stja.de<br>\ud83c\udf10 <a href=\"https:\/\/karlsruher-pass.de\/\" rel=\"noopener\"><strong>Inter\u00adnet<\/strong><\/a> <\/p><\/div>\n<\/div><\/div><\/div>\n<\/details>\n\n<div class=\"wp-block-stackable-columns stk-block-columns stk-block stk-1b04cbc\" data-block-id=\"1b04cbc\"><div class=\"stk-row stk-inner-blocks stk-block-content stk-content-align stk-1b04cbc-column\">\n<div class=\"wp-block-stackable-column stk-block-column stk-column stk-block stk-c3b00e4\" data-v=\"4\" data-block-id=\"c3b00e4\"><style>@media screen and (min-width:901px){.stk-c3b00e4 {flex:var(--stk-flex-grow, 1) 1 calc(25% - var(--stk-column-gap, 0px) * 1 \/ 2 ) !important;}}<\/style><div class=\"stk-column-wrapper stk-block-column__content stk-container stk-c3b00e4-container stk--no-background stk--no-padding\"><div class=\"stk-block-content stk-inner-blocks stk-c3b00e4-inner-blocks\">\n<figure class=\"wp-block-image size-large is-resized\"><img decoding=\"async\" src=\"https:\/\/www.anika-net.de\/wp-content\/uploads\/2025\/05\/Karlsruher_Pass.svg\" alt=\"Col de l'enfant de Karlsruhe\" class=\"wp-image-61587\" style=\"aspect-ratio:1;width:159px;height:auto\"><\/figure>\n<\/div><\/div><\/div>\n\n\n\n<div class=\"wp-block-stackable-column stk-block-column stk-column stk-block stk-195e73f\" data-v=\"4\" data-block-id=\"195e73f\"><style>@media screen and (min-width:901px){.stk-195e73f {flex:var(--stk-flex-grow, 1) 1 calc(75% - var(--stk-column-gap, 0px) * 1 \/ 2 ) !important;}}<\/style><div class=\"stk-column-wrapper stk-block-column__content stk-container stk-195e73f-container stk--no-background stk--no-padding\"><div class=\"stk-block-content stk-inner-blocks stk-195e73f-inner-blocks\">\n<p><strong><span style=\"color: #6c0d94;\" class=\"stk-highlight\">Puis-je b\u00e9n\u00e9\u00adfi\u00adcier du Karls\u00adru\u00adher Pass\/ Karls\u00adru\u00adher Kin\u00adder\u00adpass&nbsp;?<\/span><\/strong><br><strong> <strong><a href=\"https:\/\/karlsruher-pass.de\/onlinerechner\/\" rel=\"noopener\">Cal\u00adcu\u00adla\u00adteur en&nbsp;ligne<\/a><\/strong><\/strong><\/p>\n<\/div><\/div><\/div>\n<\/div><\/div>\n\n<div class=\"wp-block-ugb-columns ugb-columns ugb-27e6d19 ugb-columns--design-plain ugb-columns--columns-2 ugb-main-block\"><div class=\"ugb-inner-block\"><div class=\"ugb-block-content\"><div class=\"ugb-columns__item ugb-27e6d19-content-wrapper\">\n<div class=\"wp-block-ugb-column ugb-column ugb-4797194 ugb-column--design-plain ugb-main-block\"><div class=\"ugb-inner-block\"><div class=\"ugb-block-content\"><div class=\"ugb-column__item ugb-4797194-column-wrapper\"><div class=\"ugb-column__content-wrapper\"><\/div><\/div><\/div><\/div><\/div>\n\n\n\n<div class=\"wp-block-ugb-column ugb-column ugb-861d1a2 ugb-column--design-plain ugb-main-block\"><div class=\"ugb-inner-block\"><div class=\"ugb-block-content\"><div class=\"ugb-column__item ugb-861d1a2-column-wrapper\"><div class=\"ugb-column__content-wrapper\"><\/div><\/div><\/div><\/div><\/div>\n<\/div><\/div><\/div><\/div>\n\n<h2 class=\"wp-block-heading\"><span style=\"color: #0b8274;\" class=\"stk-highlight\">Pen\u00adsion ali\u00admen\u00adtaire pour enfants<\/span><\/h2>\n\n<p>Vous pou\u00advez r\u00e9cla\u00admer \u00e0 l\u2019autre parent de l\u2019argent \ud83d\udcb6 (pen\u00adsion ali\u00admen\u00adtaire) pour votre enfant mineur.<br>Il y a deux fa\u00e7ons de pro\u00adc\u00e9\u00adder&nbsp;:<br><br>1. une pro\u00adc\u00e9\u00addure nor\u00admale devant le tri\u00adbu\u00adnal des affaires fami\u00adliales.<br>2. une pro\u00adc\u00e9\u00addure plus simple et plus rapide \u2013 la \u00ab&nbsp;pro\u00adc\u00e9\u00addure simplifi\u00e9e&nbsp;\u00bb.<\/p>\n\n<p>Pour la pro\u00adc\u00e9\u00addure sim\u00adpli\u00adfi\u00e9e, vous devez rem\u00adplir et sou\u00admettre un formulaire&nbsp;\ud83d\udccb.<\/p>\n\n<p>Cette pro\u00adc\u00e9\u00addure est sou\u00advent plus rapide et moins co\u00fb\u00adteuse que la pro\u00adc\u00e9\u00addure nor\u00admale.<br>A la fin, vous rece\u00advrez un docu\u00adment offi\u00adciel que vous pour\u00adrez uti\u00adli\u00adser pour deman\u00adder des ali\u00adments.<br><br>Il est impor\u00adtant que vous vous adres\u00adsiez au pr\u00e9a\u00adlable \u00e0 un avo\u00adcat ( \u2696\ufe0f ) ou au bureau d\u2019aide sociale \u00e0 la jeu\u00adnesse. Ils vous diront si cette pro\u00adc\u00e9\u00addure vous convient.&nbsp;<\/p>\n\n<p>\ud83d\udca1<strong>Conseil&nbsp;:<\/strong> Le per\u00adson\u00adnel du Bureau de la pro\u00adtec\u00adtion de la jeu\u00adnesse <em><strong>(Jugen\u00addamt)<\/strong><\/em> est l\u00e0 pour aider les m\u00e8res et les p\u00e8res c\u00e9li\u00adba\u00adtaires \u00e0 r\u00e9gler les pro\u00adbl\u00e8mes de pen\u00adsion ali\u00admen\u00adtaire et \u00e0 faire valoir leurs droits. <strong>Ces conseils sont gratuits.<\/strong><\/p>\n\n<details class=\"wp-block-stackable-accordion stk-block-accordion stk-inner-blocks stk-block-content stk-block stk-77f004b is-style-default\" data-block-id=\"77f004b\">\n<summary class=\"wp-block-stackable-column stk-block-column stk-column stk-block stk-6308eba stk--container-small stk-block-accordion__heading\" data-v=\"4\" data-block-id=\"6308eba\"><div class=\"stk-column-wrapper stk-block-column__content stk-container stk-6308eba-container stk-hover-parent\"><div class=\"stk-block-content stk-inner-blocks stk-6308eba-inner-blocks\">\n<div class=\"wp-block-stackable-icon-label stk-block-icon-label stk-block stk-ddf001f\" data-block-id=\"ddf001f\"><div class=\"stk-row stk-inner-blocks stk-block-content\">\n<div class=\"wp-block-stackable-heading stk-block-heading stk-block-heading--v2 stk-block stk-8625e95\" id=\"competent-authority\" data-block-id=\"8625e95\"><h4 class=\"stk-block-heading__text\">Auto\u00adri\u00adt\u00e9 comp\u00e9tente<\/h4><\/div>\n\n\n\n<div class=\"wp-block-stackable-icon stk-block-icon stk-block stk-f91977e\" data-block-id=\"f91977e\"><span class=\"stk--svg-wrapper\"><div class=\"stk--inner-svg\"><svg style=\"height:0;width:0\"><defs><linearGradient id=\"linear-gradient-f91977e\" x1=\"0\" x2=\"100%\" y1=\"0\" y2=\"0\"><stop offset=\"0%\" style=\"stop-opacity:1;stop-color:var(--linear-gradient-f-91977-e-color-1)\" \/><stop offset=\"100%\" style=\"stop-opacity:1;stop-color:var(--linear-gradient-f-91977-e-color-2)\" \/><\/linearGradient><\/defs><\/svg><svg data-prefix=\"fas\" data-icon=\"chevron-down\" class=\"svg-inline--fa fa-chevron-down fa-w-14\" viewBox=\"0 0 448 512\" aria-hidden=\"true\" width=\"32\" height=\"32\"><path fill=\"currentColor\" d=\"M207.029 381.476L12.686 187.132c-9.373-9.373-9.373-24.569 0-33.941l22.667-22.667c9.357-9.357 24.522-9.375 33.901-.04L224 284.505l154.745-154.021c9.379-9.335 24.544-9.317 33.901.04l22.667 22.667c9.373 9.373 9.373 24.569 0 33.941L240.971 381.476c-9.373 9.372-24.569 9.372-33.942 0z\" \/><\/svg><\/div><\/span><\/div>\n<\/div><\/div>\n<\/div><\/div><\/summary>\n\n\n\n<div class=\"wp-block-stackable-column stk-block-column stk-column stk-block stk-40361c1 stk-block-accordion__content\" data-v=\"4\" data-block-id=\"40361c1\"><div class=\"stk-column-wrapper stk-block-column__content stk-container stk-40361c1-container stk--no-background stk--no-padding\"><div class=\"stk-block-content stk-inner-blocks stk-40361c1-inner-blocks\">\n<div class=\"wp-block-stackable-text stk-block-text stk-block stk-a402e19\" data-block-id=\"a402e19\"><p class=\"stk-block-text__text\">- <strong> <a href=\"https:\/\/web1.karlsruhe.de\/service\/Buergerdienste\/organisation.php?id=6012363\" rel=\"noopener\">Karls\u00adruhe Local Court<\/a><br><\/strong> \u2013 <strong> <a href=\"https:\/\/web1.karlsruhe.de\/service\/Buergerdienste\/organisation.php?id=6012367\" rel=\"noopener\">Local Court Karls\u00adruhe-Dur\u00adlach<\/a><\/strong><br>le tri\u00adbu\u00adnal local (tri\u00adbu\u00adnal des affaires fami\u00adliales) dans le dis\u00adtrict duquel l\u2019en\u00adfant ou le parent repr\u00e9\u00adsen\u00adtant l\u2019en\u00adfant r\u00e9side habituellement.<\/p><\/div>\n<\/div><\/div><\/div>\n<\/details>\n\n<details class=\"wp-block-stackable-accordion stk-block-accordion stk-inner-blocks stk-block-content stk-block stk-50411d3 is-style-default\" data-block-id=\"50411d3\">\n<summary class=\"wp-block-stackable-column stk-block-column stk-column stk-block stk-ba9e4b3 stk--container-small stk-block-accordion__heading\" data-v=\"4\" data-block-id=\"ba9e4b3\"><div class=\"stk-column-wrapper stk-block-column__content stk-container stk-ba9e4b3-container stk-hover-parent\"><div class=\"stk-block-content stk-inner-blocks stk-ba9e4b3-inner-blocks\">\n<div class=\"wp-block-stackable-icon-label stk-block-icon-label stk-block stk-f250675\" data-block-id=\"f250675\"><div class=\"stk-row stk-inner-blocks stk-block-content\">\n<div class=\"wp-block-stackable-heading stk-block-heading stk-block-heading--v2 stk-block stk-d84cc7d\" id=\"requirements\" data-block-id=\"d84cc7d\"><h4 class=\"stk-block-heading__text\">Exi\u00adgences<\/h4><\/div>\n\n\n\n<div class=\"wp-block-stackable-icon stk-block-icon stk-block stk-1635b8d\" data-block-id=\"1635b8d\"><span class=\"stk--svg-wrapper\"><div class=\"stk--inner-svg\"><svg style=\"height:0;width:0\"><defs><linearGradient id=\"linear-gradient-1635b8d\" x1=\"0\" x2=\"100%\" y1=\"0\" y2=\"0\"><stop offset=\"0%\" style=\"stop-opacity:1;stop-color:var(--linear-gradient-1635-b-8-d-color-1)\" \/><stop offset=\"100%\" style=\"stop-opacity:1;stop-color:var(--linear-gradient-1635-b-8-d-color-2)\" \/><\/linearGradient><\/defs><\/svg><svg data-prefix=\"fas\" data-icon=\"chevron-down\" class=\"svg-inline--fa fa-chevron-down fa-w-14\" viewBox=\"0 0 448 512\" aria-hidden=\"true\" width=\"32\" height=\"32\"><path fill=\"currentColor\" d=\"M207.029 381.476L12.686 187.132c-9.373-9.373-9.373-24.569 0-33.941l22.667-22.667c9.357-9.357 24.522-9.375 33.901-.04L224 284.505l154.745-154.021c9.379-9.335 24.544-9.317 33.901.04l22.667 22.667c9.373 9.373 9.373 24.569 0 33.941L240.971 381.476c-9.373 9.372-24.569 9.372-33.942 0z\" \/><\/svg><\/div><\/span><\/div>\n<\/div><\/div>\n<\/div><\/div><\/summary>\n\n\n\n<div class=\"wp-block-stackable-column stk-block-column stk-column stk-block stk-bd11082 stk-block-accordion__content\" data-v=\"4\" data-block-id=\"bd11082\"><div class=\"stk-column-wrapper stk-block-column__content stk-container stk-bd11082-container stk--no-background stk--no-padding\"><div class=\"stk-block-content stk-inner-blocks stk-bd11082-inner-blocks\">\n<div class=\"wp-block-stackable-text stk-block-text stk-block stk-195a185\" data-block-id=\"195a185\"><p class=\"stk-block-text__text\">\u2714\ufe0f Il s\u2019a\u00adgit d\u2019une pen\u00adsion ali\u00admen\u00adtaire&nbsp;:<br>- pour un enfant mineur ou<br>- pour un enfant majeur pour la p\u00e9riode de mino\u00adri\u00adt\u00e9 \u00e9cou\u00adl\u00e9e.<br>\u2714\ufe0f La juri\u00addic\u00adtion n\u2019a pas encore enga\u00adg\u00e9 de pro\u00adc\u00e9\u00addure en mati\u00e8re d\u2019a\u00adli\u00adments.<br>\u2714\ufe0f Aucune autre juri\u00addic\u00adtion n\u2019a encore sta\u00adtu\u00e9 sur la demande d\u2019a\u00adli\u00adments.<br>\u2714\ufe0f Il n\u2019existe pas encore de titre ex\u00e9\u00adcu\u00adtoire en mati\u00e8re d\u2019a\u00adli\u00adments (par exemple, un cer\u00adti\u00adfi\u00adcat du bureau d\u2019aide sociale \u00e0 la jeu\u00adnesse).<br>\u2714\ufe0f La pen\u00adsion ali\u00admen\u00adtaire deman\u00add\u00e9e pour l\u2019en\u00adfant n\u2019est pas sup\u00e9\u00adrieure \u00e0 1,2 fois la pen\u00adsion ali\u00admen\u00adtaire mini\u00admale.<br><br>\u2714\ufe0f Vous avez le droit de faire valoir la demande d\u2019a\u00adli\u00adments en tant que<br>- parent gar\u00addien avec lequel l\u2019en\u00adfant mineur vit, ou<br>- la per\u00adsonne ou l\u2019or\u00adga\u00adnisme qui repr\u00e9\u00adsente l\u00e9ga\u00adle\u00adment l\u2019enfant.<\/p><\/div>\n<\/div><\/div><\/div>\n<\/details>\n\n<details class=\"wp-block-stackable-accordion stk-block-accordion stk-inner-blocks stk-block-content stk-block stk-42edbff is-style-default\" data-block-id=\"42edbff\">\n<summary class=\"wp-block-stackable-column stk-block-column stk-column stk-block stk-3f32a23 stk--container-small stk-block-accordion__heading\" data-v=\"4\" data-block-id=\"3f32a23\"><div class=\"stk-column-wrapper stk-block-column__content stk-container stk-3f32a23-container stk-hover-parent\"><div class=\"stk-block-content stk-inner-blocks stk-3f32a23-inner-blocks\">\n<div class=\"wp-block-stackable-icon-label stk-block-icon-label stk-block stk-0ddeb27\" data-block-id=\"0ddeb27\"><div class=\"stk-row stk-inner-blocks stk-block-content\">\n<div class=\"wp-block-stackable-heading stk-block-heading stk-block-heading--v2 stk-block stk-5aa06a8\" id=\"forms-and-other-offers\" data-block-id=\"5aa06a8\"><h4 class=\"stk-block-heading__text\">For\u00admu\u00adlaires et autres offres<\/h4><\/div>\n\n\n\n<div class=\"wp-block-stackable-icon stk-block-icon stk-block stk-75c1d3c\" data-block-id=\"75c1d3c\"><span class=\"stk--svg-wrapper\"><div class=\"stk--inner-svg\"><svg style=\"height:0;width:0\"><defs><linearGradient id=\"linear-gradient-75c1d3c\" x1=\"0\" x2=\"100%\" y1=\"0\" y2=\"0\"><stop offset=\"0%\" style=\"stop-opacity:1;stop-color:var(--linear-gradient-75-c-1-d-3-c-color-1)\" \/><stop offset=\"100%\" style=\"stop-opacity:1;stop-color:var(--linear-gradient-75-c-1-d-3-c-color-2)\" \/><\/linearGradient><\/defs><\/svg><svg data-prefix=\"fas\" data-icon=\"chevron-down\" class=\"svg-inline--fa fa-chevron-down fa-w-14\" viewBox=\"0 0 448 512\" aria-hidden=\"true\" width=\"32\" height=\"32\"><path fill=\"currentColor\" d=\"M207.029 381.476L12.686 187.132c-9.373-9.373-9.373-24.569 0-33.941l22.667-22.667c9.357-9.357 24.522-9.375 33.901-.04L224 284.505l154.745-154.021c9.379-9.335 24.544-9.317 33.901.04l22.667 22.667c9.373 9.373 9.373 24.569 0 33.941L240.971 381.476c-9.373 9.372-24.569 9.372-33.942 0z\" \/><\/svg><\/div><\/span><\/div>\n<\/div><\/div>\n<\/div><\/div><\/summary>\n\n\n\n<div class=\"wp-block-stackable-column stk-block-column stk-column stk-block stk-c6b8cf0 stk-block-accordion__content\" data-v=\"4\" data-block-id=\"c6b8cf0\"><div class=\"stk-column-wrapper stk-block-column__content stk-container stk-c6b8cf0-container stk--no-background stk--no-padding\"><div class=\"stk-block-content stk-inner-blocks stk-c6b8cf0-inner-blocks\">\n<div class=\"wp-block-stackable-text stk-block-text stk-block stk-07a09d0\" data-block-id=\"07a09d0\"><p class=\"stk-block-text__text\"><strong><a href=\"https:\/\/justiz.de\/service\/formular\/dateien\/festsetzung_unterhalt_ab_01_01_17.pdf\" rel=\"noopener\">Demande de fixa\u00adtion d\u2019a\u00adli\u00adments des\u00adti\u00adn\u00e9s aux enfants \u2013 pro\u00adc\u00e9\u00addure sim\u00adpli\u00adfi\u00e9e (PDF)<\/a><br><a href=\"https:\/\/justiz.de\/service\/formular\/dateien\/einwendungen_festsetzung_unterhalt_ab_01_01_18.pdf\" rel=\"noopener\">Objec\u00adtions \u00e0 la demande de fixa\u00adtion d\u2019a\u00adli\u00adments (PDF)<\/a><\/strong><\/p><\/div>\n<\/div><\/div><\/div>\n<\/details>\n\n<p><\/p>\n","protected":false},"excerpt":{"rendered":"<p>Les familles avec enfants ont besoin de bonnes struc\u00adtures d\u2019ac\u00adcueil et de la pos\u00adsi\u00adbi\u00adli\u00adt\u00e9 de com\u00adbi\u00adner famille et car\u00adri\u00e8re, ain\u00adsi que d\u2019un sou\u00adtien finan\u00adcier. Diverses pres\u00adta\u00adtions sont dis\u00adpo\u00adnibles pour sou\u00adla\u00adger&nbsp;<a class=\"moretag\" href=\"https:\/\/www.anika-net.de\/fr\/arriver\/les-enfants-et-la-famille\/prestations-pour-les-familles-avec-enfants\/\">lire plus<\/a><\/p>\n","protected":false},"author":3,"featured_media":0,"parent":2344,"menu_order":31,"comment_status":"closed","ping_status":"closed","template":"","meta":{"_acf_changed":false,"inline_featured_image":false,"_uag_custom_page_level_css":"","wp_typography_post_enhancements_disabled":false,"footnotes":""},"class_list":["post-1584","page","type-page","status-publish","hentry"],"acf":[],"featured_image_urls_v2":{"full":"","thumbnail":"","medium":"","medium_large":"","large":"","1536x1536":"","2048x2048":"","event-overview":"","event-archive-thumb":"","grid-item-thumbnail":"","network-partner-icon":"","organiser-icon":"","gform-image-choice-sm":"","gform-image-choice-md":"","gform-image-choice-lg":""},"post_excerpt_stackable_v2":"<p>Les familles avec enfants ont besoin de bonnes struc\u00adtures d\u2019ac\u00adcueil et de la pos\u00adsi\u00adbi\u00adli\u00adt\u00e9 de com\u00adbi\u00adner famille et car\u00adri\u00e8re, ain\u00adsi que d\u2019un sou\u00adtien finan\u00adcier. Diverses pres\u00adta\u00adtions sont dis\u00adpo\u00adnibles pour sou\u00adla\u00adger et sou\u00adte\u00adnir finan\u00adci\u00e8\u00adre\u00adment votre famille.&nbsp; Vous trou\u00adve\u00adrez ici un aper\u00ad\u00e7u des pres\u00adta\u00adtions offertes aux familles avec enfants \u00e0 Karls\u00adruhe. PRESTATIONS POUR ENFANTS Tous les parents d\u2019en\u00adfants r\u00e9si\u00addant de mani\u00e8re per\u00adma\u00adnente en Alle\u00admagne ont droit \u00e0 des allo\u00adca\u00adtions fami\u00adliales.Vous rece\u00advez 255 euros d\u201d allo\u00adca\u00adtions fami\u00adliales par mois et par enfant.Les allo\u00adca\u00adtions fami\u00adliales sont ver\u00ads\u00e9es jus\u00adqu\u2019\u00e0 ce que l\u2019en\u00adfant atteigne l\u2019\u00e2ge de 18 ans ou jus\u00adqu\u2019\u00e0 ce qu\u2019il atteigne l\u2019\u00e2ge de&nbsp;25\u2026<\/p>\n","category_list_v2":"","author_info_v2":{"name":"Eva Geerken","url":"https:\/\/www.anika-net.de\/fr\/author\/egeerken\/"},"comments_num_v2":"0 commentaire","uagb_featured_image_src":{"full":false,"thumbnail":false,"medium":false,"medium_large":false,"large":false,"1536x1536":false,"2048x2048":false,"event-overview":false,"event-archive-thumb":false,"grid-item-thumbnail":false,"network-partner-icon":false,"organiser-icon":false,"gform-image-choice-sm":false,"gform-image-choice-md":false,"gform-image-choice-lg":false},"uagb_author_info":{"display_name":"Eva Geerken","author_link":"https:\/\/www.anika-net.de\/fr\/author\/egeerken\/"},"uagb_comment_info":0,"uagb_excerpt":"Les familles avec enfants ont besoin de bonnes struc\u00adtures d\u2019ac\u00adcueil et de la pos\u00adsi\u00adbi\u00adli\u00adt\u00e9 de com\u00adbi\u00adner famille et car\u00adri\u00e8re, ain\u00adsi que d\u2019un sou\u00adtien finan\u00adcier. Diverses pres\u00adta\u00adtions sont dis\u00adpo\u00adnibles pour sou\u00adla\u00adger&nbsp;lire plus","_links":{"self":[{"href":"https:\/\/www.anika-net.de\/fr\/wp-json\/wp\/v2\/pages\/1584","targetHints":{"allow":["GET"]}}],"collection":[{"href":"https:\/\/www.anika-net.de\/fr\/wp-json\/wp\/v2\/pages"}],"about":[{"href":"https:\/\/www.anika-net.de\/fr\/wp-json\/wp\/v2\/types\/page"}],"author":[{"embeddable":true,"href":"https:\/\/www.anika-net.de\/fr\/wp-json\/wp\/v2\/users\/3"}],"replies":[{"embeddable":true,"href":"https:\/\/www.anika-net.de\/fr\/wp-json\/wp\/v2\/comments?post=1584"}],"version-history":[{"count":2,"href":"https:\/\/www.anika-net.de\/fr\/wp-json\/wp\/v2\/pages\/1584\/revisions"}],"predecessor-version":[{"id":61724,"href":"https:\/\/www.anika-net.de\/fr\/wp-json\/wp\/v2\/pages\/1584\/revisions\/61724"}],"up":[{"embeddable":true,"href":"https:\/\/www.anika-net.de\/fr\/wp-json\/wp\/v2\/pages\/2344"}],"wp:attachment":[{"href":"https:\/\/www.anika-net.de\/fr\/wp-json\/wp\/v2\/media?parent=1584"}],"curies":[{"name":"wp","href":"https:\/\/api.w.org\/{rel}","templated":true}]}}