{"id":1540,"date":"2021-05-21T14:16:52","date_gmt":"2021-05-21T12:16:52","guid":{"rendered":"https:\/\/www.anika-net.de\/childcare-for-pre-school-children\/"},"modified":"2023-05-24T12:25:05","modified_gmt":"2023-05-24T10:25:05","slug":"childcare-for-pre-school-children","status":"publish","type":"page","link":"https:\/\/www.anika-net.de\/fr\/arriver\/les-enfants-et-la-famille\/childcare-for-pre-school-children\/","title":{"rendered":"Parents d\u2019en\u00adfants jus\u00adqu\u2019\u00e0 six&nbsp;ans"},"content":{"rendered":"\n<p>Les <strong>\n  <a href=\"https:\/\/www.karlsruhe.de\/securedl\/sdl-eyJ0eXAiOiJKV1QiLCJhbGciOiJIUzI1NiJ9.eyJpYXQiOjE2NzkzOTcyNjIsImV4cCI6MzMyMTc2MjY0NTYsInVzZXIiOjAsImdyb3VwcyI6WzAsLTFdLCJmaWxlIjoiZmlsZWFkbWluL3VzZXJfdXBsb2FkLzAyX0JpbGR1bmdfU296aWFsZXMvT0VBX1NKQl9QREZfRGF0ZWllbi9CdVAvS2lCdWUvU3RhZHRfS2FybHNydWhlX0ZhbHRibGF0dF9TdGFydHB1bmt0X0VsdGVybmNhZmVzLnBkZiIsInBhZ2UiOjEwMDl9.oydYQ-_-RKo7nKf3qMMZN819l5lvkyF7mlOvUO5C6rk\/Stadt_Karlsruhe_Faltblatt_Startpunkt_Elterncafes.pdf\" rel=\"noopener\">Start\u00adpunkt-Eltern\u00adca\u00adf\u00e9s<\/a>\n<\/strong> offrent un <strong>caf\u00e9 ouvert aux parents pour tous les futurs parents et les familles avec des b\u00e9b\u00e9s et des enfants en bas \u00e2ge<\/strong>. Vous pour\u00adrez y ren\u00adcon\u00adtrer d\u2019autres parents et des sp\u00e9\u00adcia\u00adlistes de l\u2019\u00e9\u00addu\u00adca\u00adtion et vous ren\u00adsei\u00adgner sur les acti\u00advi\u00adt\u00e9s et les ser\u00advices des\u00adti\u00adn\u00e9s aux b\u00e9b\u00e9s et aux enfants en bas&nbsp;\u00e2ge.<\/p>\n\n<p><strong>Garde d\u2019en\u00adfants d\u2019\u00e2ge pr\u00e9scolaire<\/strong><\/p>\n\n<p>En Alle\u00admagne, la loi n\u2019o\u00adblige pas les enfants \u00e0 fr\u00e9\u00adquen\u00adter <strong>une cr\u00e8che (en abr\u00e9\u00adg\u00e9&nbsp;: Kita)<\/strong>. Cepen\u00addant, il est for\u00adte\u00adment recom\u00adman\u00add\u00e9 de le faire, car votre enfant appren\u00addra la langue beau\u00adcoup plus rapi\u00adde\u00adment. Vous trou\u00adve\u00adrez un aper\u00ad\u00e7u des struc\u00adtures d\u2019ac\u00adcueil pour les enfants de 1 \u00e0 6 ans sur le por\u00adtail Karls\u00adruhe Kita <a href=\"https:\/\/kitaportal.karlsruhe.de\/\" target=\"_blank\" rel=\"noreferrer noopener\">: https:\/\/kitaportal.karlsruhe.de\/<\/a><\/p>\n\n<p>Actuel\u00adle\u00adment, vous devez payer une <strong>contri\u00adbu\u00adtion paren\u00adtale<\/strong> si votre enfant fr\u00e9\u00adquente un Kita. Cette contri\u00adbu\u00adtion d\u00e9pend de vos revenus.<\/p>\n\n<p><strong>Pour toute ques\u00adtion concer\u00adnant l\u2019ins\u00adcrip\u00adtion de votre enfant dans une Kita<\/strong>, veuillez vous adres\u00adser \u00e0 la <em>Ser\u00advi\u00adces\u00adtelle Kin\u00adder\u00adta\u00adges\u00adbe\u00adtreuung<\/em> (centre de ser\u00advices de garde d\u2019<em>enfants<\/em> ) :<\/p>\n\n<p><strong>Ser\u00advi\u00adces\u00adtelle Kin\u00adder\u00adta\u00adges\u00adbe\u00adtreuung<\/strong><br>T\u00e9l&nbsp;: +49 (0)721 133 \u20115566<br>Heures de consul\u00adta\u00adtion t\u00e9l\u00e9\u00adpho\u00adnique&nbsp;: Lun\u00addi 09:00 \u2013 12:00, Mer\u00adcre\u00addi 09:00 \u2013 12:00<br><a href=\"mailto:service@kita.karlsruhe.de\" data-type=\"URL\" target=\"_blank\" rel=\"noreferrer noopener\">service@kita.karlsruhe.de<\/a><\/p>\n\n<p>Vous ne gagnez pas assez pour payer la contri\u00adbu\u00adtion paren\u00adtale&nbsp;? Si c\u2019est le cas, vous pou\u00advez <strong>deman\u00adder une sub\u00adven\u00adtion pour votre contri\u00adbu\u00adtion<\/strong>. Pour en savoir plus <a href=\"https:\/\/www.karlsruhe.de\/b3\/soziales\/einrichtungen\/wjh\/wjh_foerderung.de\" target=\"_blank\" data-type=\"URL\" data-id=\"https:\/\/www.karlsruhe.de\/b3\/soziales\/einrichtungen\/wjh\/wjh_foerderung.de\" rel=\"noreferrer noopener\">: https:\/\/www.karlsruhe.de\/b3\/soziales\/einrichtungen\/wjh\/wjh_foerderung.de<\/a><\/p>\n\n<p><strong>Conseils sur la garde d\u2019en\u00adfants en bas&nbsp;\u00e2ge<\/strong><\/p>\n\n<p>Le <strong>pro\u00adgramme d\u2019en\u00adtr\u00e9e dans Kita (Kita-Eins\u00adtieg<\/strong> ) conseille et informe les parents sur la garde d\u2019en\u00adfants et l\u2019ins\u00adcrip\u00adtion des enfants dans un Kita <a href=\"https:\/\/www.karlsruhe.de\/b3\/soziales\/einrichtungen\/kinderbuero\/kita-einstieg.de\" target=\"_blank\" rel=\"noreferrer noopener\">: https:\/\/www.karlsruhe.de\/b3\/soziales\/einrichtungen\/kinderbuero\/kita-einstieg.de<\/a><\/p>\n\n<p>Des <strong>guides K<\/strong> ita mul\u00adti\u00adlingues <strong>(Kita-Lot\u00adsin\u00adnen<\/strong> ) sont \u00e0 votre dis\u00adpo\u00adsi\u00adtion pour vous aider \u00e0 ins\u00adcrire votre\/vos enfant(s) \u00e0 un Kita et vous mettre en contact avec d\u2019autres acti\u00advi\u00adt\u00e9s et ser\u00advices <a href=\"https:\/\/www.karlsruhe.de\/b3\/soziales\/einrichtungen\/kindertagesstaetten\/info-service.de\" target=\"_blank\" rel=\"noreferrer noopener\">: https:\/\/www.karlsruhe.de\/b3\/soziales\/einrichtungen\/kindertagesstaetten\/info-service.de<\/a><\/p>\n","protected":false},"excerpt":{"rendered":"<p>Les Start\u00ad\u00adpunkt-Eltern\u00ad\u00adca\u00ad\u00adf\u00e9s offrent un caf\u00e9 ouvert aux parents pour tous les futurs parents et les familles avec des b\u00e9b\u00e9s et des enfants en bas \u00e2ge. Vous pour\u00adrez y ren\u00adcon\u00adtrer d\u2019autres&nbsp;<a class=\"moretag\" href=\"https:\/\/www.anika-net.de\/fr\/arriver\/les-enfants-et-la-famille\/childcare-for-pre-school-children\/\">lire plus<\/a><\/p>\n","protected":false},"author":1,"featured_media":0,"parent":2344,"menu_order":0,"comment_status":"closed","ping_status":"closed","template":"","meta":{"_acf_changed":false,"inline_featured_image":false,"_uag_custom_page_level_css":"","wp_typography_post_enhancements_disabled":false,"footnotes":""},"class_list":["post-1540","page","type-page","status-publish","hentry"],"acf":[],"featured_image_urls_v2":{"full":"","thumbnail":"","medium":"","medium_large":"","large":"","1536x1536":"","2048x2048":"","event-overview":"","event-archive-thumb":"","grid-item-thumbnail":"","network-partner-icon":"","organiser-icon":"","gform-image-choice-sm":"","gform-image-choice-md":"","gform-image-choice-lg":""},"post_excerpt_stackable_v2":"<p>Les Start\u00ad\u00adpunkt-Eltern\u00ad\u00adca\u00ad\u00adf\u00e9s offrent un caf\u00e9 ouvert aux parents pour tous les futurs parents et les familles avec des b\u00e9b\u00e9s et des enfants en bas \u00e2ge. Vous pour\u00adrez y ren\u00adcon\u00adtrer d\u2019autres parents et des sp\u00e9\u00adcia\u00adlistes de l\u2019\u00e9\u00addu\u00adca\u00adtion et vous ren\u00adsei\u00adgner sur les acti\u00advi\u00adt\u00e9s et les ser\u00advices des\u00adti\u00adn\u00e9s aux b\u00e9b\u00e9s et aux enfants en bas&nbsp;\u00e2ge. Garde d\u2019en\u00adfants d\u2019\u00e2ge pr\u00e9\u00adsco\u00adlaire En Alle\u00admagne, la loi n\u2019o\u00adblige pas les enfants \u00e0 fr\u00e9\u00adquen\u00adter une cr\u00e8che (en abr\u00e9\u00adg\u00e9&nbsp;: Kita). Cepen\u00addant, il est for\u00adte\u00adment recom\u00adman\u00add\u00e9 de le faire, car votre enfant appren\u00addra la langue beau\u00adcoup plus rapi\u00adde\u00adment. Vous trou\u00adve\u00adrez un aper\u00ad\u00e7u des struc\u00adtures d\u2019ac\u00adcueil pour les enfants de\u2026<\/p>\n","category_list_v2":"","author_info_v2":{"name":"saasweb-admin","url":"https:\/\/www.anika-net.de\/fr\/author\/saasweb-admin\/"},"comments_num_v2":"0 commentaire","uagb_featured_image_src":{"full":false,"thumbnail":false,"medium":false,"medium_large":false,"large":false,"1536x1536":false,"2048x2048":false,"event-overview":false,"event-archive-thumb":false,"grid-item-thumbnail":false,"network-partner-icon":false,"organiser-icon":false,"gform-image-choice-sm":false,"gform-image-choice-md":false,"gform-image-choice-lg":false},"uagb_author_info":{"display_name":"saasweb-admin","author_link":"https:\/\/www.anika-net.de\/fr\/author\/saasweb-admin\/"},"uagb_comment_info":0,"uagb_excerpt":"Les Start\u00adpunkt-Eltern\u00adca\u00adf\u00e9s offrent un caf\u00e9 ouvert aux parents pour tous les futurs parents et les familles avec des b\u00e9b\u00e9s et des enfants en bas \u00e2ge. Vous pour\u00adrez y ren\u00adcon\u00adtrer d\u2019autres&nbsp;lire plus","_links":{"self":[{"href":"https:\/\/www.anika-net.de\/fr\/wp-json\/wp\/v2\/pages\/1540","targetHints":{"allow":["GET"]}}],"collection":[{"href":"https:\/\/www.anika-net.de\/fr\/wp-json\/wp\/v2\/pages"}],"about":[{"href":"https:\/\/www.anika-net.de\/fr\/wp-json\/wp\/v2\/types\/page"}],"author":[{"embeddable":true,"href":"https:\/\/www.anika-net.de\/fr\/wp-json\/wp\/v2\/users\/1"}],"replies":[{"embeddable":true,"href":"https:\/\/www.anika-net.de\/fr\/wp-json\/wp\/v2\/comments?post=1540"}],"version-history":[{"count":0,"href":"https:\/\/www.anika-net.de\/fr\/wp-json\/wp\/v2\/pages\/1540\/revisions"}],"up":[{"embeddable":true,"href":"https:\/\/www.anika-net.de\/fr\/wp-json\/wp\/v2\/pages\/2344"}],"wp:attachment":[{"href":"https:\/\/www.anika-net.de\/fr\/wp-json\/wp\/v2\/media?parent=1540"}],"curies":[{"name":"wp","href":"https:\/\/api.w.org\/{rel}","templated":true}]}}