{"id":1501,"date":"2021-05-21T14:11:25","date_gmt":"2021-05-21T12:11:25","guid":{"rendered":"https:\/\/www.anika-net.de\/registering-for-tv-and-radio-licence-fee\/"},"modified":"2021-10-25T12:30:08","modified_gmt":"2021-10-25T10:30:08","slug":"registering-for-tv-and-radio-licence-fee","status":"publish","type":"page","link":"https:\/\/www.anika-net.de\/fr\/arriver\/habiter\/registering-for-tv-and-radio-licence-fee\/","title":{"rendered":"Abon\u00adne\u00adment \u00e0 la rede\u00advance audiovisuelle"},"content":{"rendered":"\n<p><strong>De quoi s\u2019agit-il&nbsp;? <\/strong>En Alle\u00admagne, les citoyennes et citoyens de plus de 18&nbsp;ans pos\u00ads\u00e9\u00addant une radio, une t\u00e9l\u00e9\u00advi\u00adsion ou un ordi\u00adna\u00adteur sont rede\u00advables de <strong>la rede\u00advance audio\u00advi\u00adsuelle<\/strong> (<em>Rund\u00adfunk\u00adbei\u00adtrag<\/em>). Cette rede\u00advance per\u00admet de sou\u00adte\u00adnir les pro\u00adgrammes de ser\u00advice public \u00e0 la radio et la t\u00e9l\u00e9vision.<\/p>\n\n\n\n<p class=\"has-black-color has-light-green-cyan-background-color has-text-color has-background\">Entre autres dif\u00adfu\u00adseurs du ser\u00advice public figurent notam\u00adment ARD, ZDF ou SWR. Ceux-ci sont tenus de pro\u00adpo\u00adser une cou\u00adver\u00adture m\u00e9dia\u00adtique ind\u00e9\u00adpen\u00addante, objec\u00adtive et poli\u00adti\u00adque\u00adment neutre. La rede\u00advance audio\u00advi\u00adsuelle sou\u00adtient donc une presse libre, un \u00e9l\u00e9\u00adment essen\u00adtiel pour notre d\u00e9mocratie.<\/p>\n\n\n\n<p><strong>Quel est son mon\u00adtant&nbsp;? <\/strong>La rede\u00advance audio\u00advi\u00adsuelle s\u2019\u00e9l\u00e8ve actuel\u00adle\u00adment \u00e0 18,36 euros par mois ou 55,08 euros par tri\u00admestre par loge\u00adment, et ce, quel que soit le nombre de per\u00adsonnes qui y vivent ou le nombre d\u2019appareils qui s\u2019y trouvent. Vous devez payer la rede\u00advance audio\u00advi\u00adsuelle \u00e0 comp\u00adter du pre\u00admier mois de votre inscription.<\/p>\n\n\n\n<p>Cer\u00adtains groupes de per\u00adsonnes, par exemple les per\u00adsonnes b\u00e9n\u00e9\u00adfi\u00adciant de pres\u00adta\u00adtions sociales, ou celles souf\u00adfrant d\u2019un han\u00addi\u00adcap, n\u2019ont pas \u00e0 payer de rede\u00advance audio\u00advi\u00adsuelle<em>, <\/em>ou ont droit \u00e0 une r\u00e9duc\u00adtion. Si c\u2019est le cas, faites-vous conseiller&nbsp;!<\/p>\n\n\n\n<p><strong>Com\u00adment m\u2019inscrire&nbsp;? <\/strong>Vous trou\u00adve\u00adrez le for\u00admu\u00adlaire d\u2019inscription en ligne sur <a href=\"http:\/\/www.rundfunkbeitrag.de\" target=\"_blank\" rel=\"noreferrer noopener\">www.rundfunkbeitrag.de<\/a>. Veuillez envoyer le docu\u00adment rem\u00adpli et sign\u00e9 avec les jus\u00adti\u00adfi\u00adca\u00adtifs n\u00e9ces\u00adsaires \u00e0 \u00ab&nbsp;<strong>ARD ZDF Deut\u00adschlan\u00addra\u00addio, Bei\u00adtrag\u00adsser\u00advice<\/strong>, 50656 Cologne&nbsp;\u00bb.<\/p>\n","protected":false},"excerpt":{"rendered":"<p>De quoi s\u2019agit-il&nbsp;? En Alle\u00admagne, les citoyennes et citoyens de plus de 18&nbsp;ans pos\u00ads\u00e9\u00addant une radio, une t\u00e9l\u00e9\u00advi\u00adsion ou un ordi\u00adna\u00adteur sont rede\u00advables de la rede\u00advance audio\u00advi\u00adsuelle (Rund\u00adfunk\u00adbei\u00adtrag). Cette rede\u00advance&nbsp;<a class=\"moretag\" href=\"https:\/\/www.anika-net.de\/fr\/arriver\/habiter\/registering-for-tv-and-radio-licence-fee\/\">lire plus<\/a><\/p>\n","protected":false},"author":1,"featured_media":0,"parent":2321,"menu_order":43,"comment_status":"closed","ping_status":"closed","template":"","meta":{"_acf_changed":false,"inline_featured_image":false,"_uag_custom_page_level_css":"","wp_typography_post_enhancements_disabled":false,"footnotes":""},"class_list":["post-1501","page","type-page","status-publish","hentry"],"acf":[],"featured_image_urls_v2":{"full":"","thumbnail":"","medium":"","medium_large":"","large":"","1536x1536":"","2048x2048":"","event-overview":"","event-archive-thumb":"","grid-item-thumbnail":"","network-partner-icon":"","organiser-icon":"","gform-image-choice-sm":"","gform-image-choice-md":"","gform-image-choice-lg":""},"post_excerpt_stackable_v2":"<p>De quoi s\u2019agit-il&nbsp;? En Alle\u00admagne, les citoyennes et citoyens de plus de 18&nbsp;ans pos\u00ads\u00e9\u00addant une radio, une t\u00e9l\u00e9\u00advi\u00adsion ou un ordi\u00adna\u00adteur sont rede\u00advables de la rede\u00advance audio\u00advi\u00adsuelle (Rund\u00adfunk\u00adbei\u00adtrag). Cette rede\u00advance per\u00admet de sou\u00adte\u00adnir les pro\u00adgrammes de ser\u00advice public \u00e0 la radio et la t\u00e9l\u00e9\u00advi\u00adsion. Entre autres dif\u00adfu\u00adseurs du ser\u00advice public figurent notam\u00adment ARD, ZDF ou SWR. Ceux-ci sont tenus de pro\u00adpo\u00adser une cou\u00adver\u00adture m\u00e9dia\u00adtique ind\u00e9\u00adpen\u00addante, objec\u00adtive et poli\u00adti\u00adque\u00adment neutre. La rede\u00advance audio\u00advi\u00adsuelle sou\u00adtient donc une presse libre, un \u00e9l\u00e9\u00adment essen\u00adtiel pour notre d\u00e9mo\u00adcra\u00adtie. Quel est son mon\u00adtant&nbsp;? La rede\u00advance audio\u00advi\u00adsuelle s\u2019\u00e9l\u00e8ve actuel\u00adle\u00adment \u00e0 18,36 euros par mois ou 55,08&nbsp;euros\u2026<\/p>\n","category_list_v2":"","author_info_v2":{"name":"saasweb-admin","url":"https:\/\/www.anika-net.de\/fr\/author\/saasweb-admin\/"},"comments_num_v2":"0 commentaire","uagb_featured_image_src":{"full":false,"thumbnail":false,"medium":false,"medium_large":false,"large":false,"1536x1536":false,"2048x2048":false,"event-overview":false,"event-archive-thumb":false,"grid-item-thumbnail":false,"network-partner-icon":false,"organiser-icon":false,"gform-image-choice-sm":false,"gform-image-choice-md":false,"gform-image-choice-lg":false},"uagb_author_info":{"display_name":"saasweb-admin","author_link":"https:\/\/www.anika-net.de\/fr\/author\/saasweb-admin\/"},"uagb_comment_info":0,"uagb_excerpt":"De quoi s\u2019agit-il&nbsp;? En Alle\u00admagne, les citoyennes et citoyens de plus de 18&nbsp;ans pos\u00ads\u00e9\u00addant une radio, une t\u00e9l\u00e9\u00advi\u00adsion ou un ordi\u00adna\u00adteur sont rede\u00advables de la rede\u00advance audio\u00advi\u00adsuelle (Rund\u00adfunk\u00adbei\u00adtrag). Cette rede\u00advance&nbsp;lire plus","_links":{"self":[{"href":"https:\/\/www.anika-net.de\/fr\/wp-json\/wp\/v2\/pages\/1501","targetHints":{"allow":["GET"]}}],"collection":[{"href":"https:\/\/www.anika-net.de\/fr\/wp-json\/wp\/v2\/pages"}],"about":[{"href":"https:\/\/www.anika-net.de\/fr\/wp-json\/wp\/v2\/types\/page"}],"author":[{"embeddable":true,"href":"https:\/\/www.anika-net.de\/fr\/wp-json\/wp\/v2\/users\/1"}],"replies":[{"embeddable":true,"href":"https:\/\/www.anika-net.de\/fr\/wp-json\/wp\/v2\/comments?post=1501"}],"version-history":[{"count":0,"href":"https:\/\/www.anika-net.de\/fr\/wp-json\/wp\/v2\/pages\/1501\/revisions"}],"up":[{"embeddable":true,"href":"https:\/\/www.anika-net.de\/fr\/wp-json\/wp\/v2\/pages\/2321"}],"wp:attachment":[{"href":"https:\/\/www.anika-net.de\/fr\/wp-json\/wp\/v2\/media?parent=1501"}],"curies":[{"name":"wp","href":"https:\/\/api.w.org\/{rel}","templated":true}]}}