{"id":1498,"date":"2021-05-21T14:11:02","date_gmt":"2021-05-21T12:11:02","guid":{"rendered":"https:\/\/www.anika-net.de\/applying-for-housing-benefits\/"},"modified":"2025-07-15T13:26:03","modified_gmt":"2025-07-15T11:26:03","slug":"allocation-de-logement","status":"publish","type":"page","link":"https:\/\/www.anika-net.de\/fr\/arriver\/habiter\/allocation-de-logement\/","title":{"rendered":"Demande d\u2019aide au logement"},"content":{"rendered":"\n<h4 class=\"wp-block-heading\"><strong><em>\ud83c\udfe0<\/em><\/strong> <strong><em>Aide au loyer pour les per\u00adsonnes \u00e0 faibles revenus<\/em><\/strong><\/h4>\n\n<p>Les per\u00adsonnes \u00e0 faibles reve\u00adnus peuvent deman\u00adder une <strong>aide au loge\u00adment (<strong><em>Wohn\u00adgeld<\/em>)<\/strong><\/strong>. Il s\u2019a\u00adgit d\u2019un paie\u00adment qui <strong>sub\u00adven\u00adtionne votre loyer<\/strong>.<br>Vous rece\u00advez une aide au loge\u00adment si vous ne dis\u00adpo\u00adsez pas de reve\u00adnus suf\u00adfi\u00adsants pour payer votre loge\u00adment. L\u2019aide au loge\u00adment pour les loca\u00adtaires est appe\u00adl\u00e9e aide au loyer, l\u2019aide au loge\u00adment pour les pro\u00adpri\u00e9\u00adtaires d\u2019un loge\u00adment occu\u00adp\u00e9 par le pro\u00adpri\u00e9\u00adtaire est appe\u00adl\u00e9e aide \u00e0 la charge.&nbsp;<\/p>\n\n<p><strong>Mon\u00adtant&nbsp;:<\/strong><br>D\u00e9pend du cas indi\u00advi\u00adduel.<br>Il est bas\u00e9 sur la taille du m\u00e9nage, le reve\u00adnu et le loyer ou les charges.<\/p>\n\n<p><strong>Dur\u00e9e&nbsp;:<\/strong><br>G\u00e9n\u00e9\u00adra\u00adle\u00adment pour 12&nbsp;mois.<\/p>\n\n<p>Dans cer\u00adtains cas, cette p\u00e9riode peut \u00eatre plus longue ou plus courte.<br>Si vous sou\u00adhai\u00adtez conti\u00adnuer \u00e0 b\u00e9n\u00e9\u00adfi\u00adcier de l\u2019aide au loge\u00adment apr\u00e8s cette p\u00e9riode, vous devez en faire la demande \u00e0 nouveau.<\/p>\n\n<details class=\"wp-block-stackable-accordion stk-block-accordion stk-inner-blocks stk-block-content stk-block stk-97401e7 is-style-default\" data-block-id=\"97401e7\">\n<summary class=\"wp-block-stackable-column stk-block-column stk-column stk-block stk-ec3d4c4 stk--container-small stk-block-accordion__heading\" data-v=\"4\" data-block-id=\"ec3d4c4\"><div class=\"stk-column-wrapper stk-block-column__content stk-container stk-ec3d4c4-container stk-hover-parent\"><div class=\"stk-block-content stk-inner-blocks stk-ec3d4c4-inner-blocks\">\n<div class=\"wp-block-stackable-icon-label stk-block-icon-label stk-block stk-061f3bd\" data-block-id=\"061f3bd\"><div class=\"stk-row stk-inner-blocks stk-block-content\">\n<div class=\"wp-block-stackable-heading stk-block-heading stk-block-heading--v2 stk-block stk-41c071a\" id=\"span-style-color-158-b-83-class-stk-highlight-prerequisites-span\" data-block-id=\"41c071a\"><h4 class=\"stk-block-heading__text\"><span style=\"color: #158b83;\" class=\"stk-highlight\">Condi\u00adtions pr\u00e9alables<\/span><\/h4><\/div>\n\n\n\n<div class=\"wp-block-stackable-icon stk-block-icon stk-block stk-ad14b10\" data-block-id=\"ad14b10\"><span class=\"stk--svg-wrapper\"><div class=\"stk--inner-svg\"><svg style=\"height:0;width:0\"><defs><linearGradient id=\"linear-gradient-ad14b10\" x1=\"0\" x2=\"100%\" y1=\"0\" y2=\"0\"><stop offset=\"0%\" style=\"stop-opacity:1;stop-color:var(--linear-gradient-ad-14-b-10-color-1)\" \/><stop offset=\"100%\" style=\"stop-opacity:1;stop-color:var(--linear-gradient-ad-14-b-10-color-2)\" \/><\/linearGradient><\/defs><\/svg><svg data-prefix=\"fas\" data-icon=\"chevron-down\" class=\"svg-inline--fa fa-chevron-down fa-w-14\" viewBox=\"0 0 448 512\" aria-hidden=\"true\" width=\"32\" height=\"32\"><path fill=\"currentColor\" d=\"M207.029 381.476L12.686 187.132c-9.373-9.373-9.373-24.569 0-33.941l22.667-22.667c9.357-9.357 24.522-9.375 33.901-.04L224 284.505l154.745-154.021c9.379-9.335 24.544-9.317 33.901.04l22.667 22.667c9.373 9.373 9.373 24.569 0 33.941L240.971 381.476c-9.373 9.372-24.569 9.372-33.942 0z\" \/><\/svg><\/div><\/span><\/div>\n<\/div><\/div>\n<\/div><\/div><\/summary>\n\n\n\n<div class=\"wp-block-stackable-column stk-block-column stk-column stk-block stk-d453f4a stk-block-accordion__content\" data-v=\"4\" data-block-id=\"d453f4a\"><div class=\"stk-column-wrapper stk-block-column__content stk-container stk-d453f4a-container stk--no-background stk--no-padding\"><div class=\"stk-block-content stk-inner-blocks stk-d453f4a-inner-blocks\">\n<div class=\"wp-block-stackable-text stk-block-text stk-block stk-17a8b1c\" data-block-id=\"17a8b1c\"><p class=\"stk-block-text__text\">\ud83c\udfe0 Vous pou\u00advez b\u00e9n\u00e9\u00adfi\u00adcier d\u2019une aide au loge\u00adment&nbsp;si<\/p><\/div>\n\n\n\n<ul class=\"wp-block-list\">\n<li>Votre <strong>reve\u00adnu total<\/strong> n\u2019est pas trop&nbsp;\u00e9lev\u00e9.<\/li>\n\n\n\n<li>Le reve\u00adnu est cal\u00adcu\u00adl\u00e9 confor\u00adm\u00e9\u00adment \u00e0 la <strong>loi rela\u00adtive \u00e0 l\u2019im\u00adp\u00f4t sur le reve\u00adnu<\/strong>. L\u2019im\u00adpor\u00adtant est de savoir quel est votre <strong>reve\u00adnu impo\u00adsable<\/strong>. Cer\u00adtains <strong>reve\u00adnus non impo\u00adsables<\/strong> sont \u00e9ga\u00adle\u00adment pris en compte.&nbsp;<\/li>\n\n\n\n<li>Vous payez vous-m\u00eame votre loyer. Si quel\u00adqu\u2019un d\u2019autre (par exemple un bureau) paie votre loyer, vous ne rece\u00advrez pas d\u2019aide au logement.&nbsp;<\/li>\n<\/ul>\n\n\n\n<p>\u274c <strong>Qui ne re\u00e7oit pas d\u2019aide au loge\u00adment&nbsp;?<\/strong><br>Les per\u00adsonnes qui b\u00e9n\u00e9\u00adfi\u00adcient d\u00e9j\u00e0 d\u2019autres aides publiques, par exemple, ne re\u00e7oivent pas d\u2019aide au logement&nbsp;:<\/p>\n\n\n\n<ul class=\"wp-block-list\">\n<li><strong>Allo\u00adca\u00adtion de citoyen\u00adne\u00adt\u00e9<\/strong> \u2013 <em>B\u00fcr\u00adger\u00adgeld<\/em> (ancien\u00adne\u00adment allo\u00adca\u00adtion de ch\u00f4\u00admage II ou allo\u00adca\u00adtion sociale)<\/li>\n\n\n\n<li>L\u2019al\u00adlo\u00adca\u00adtion tran\u00adsi\u00adtoire ou l\u2019al\u00adlo\u00adca\u00adtion pour pr\u00e9\u00adju\u00addice, d\u2019un mon\u00adtant \u00e9gal \u00e0 celui de l\u2019al\u00adlo\u00adca\u00adtion de citoyennet\u00e9.<\/li>\n\n\n\n<li><strong>Sub\u00adven\u00adtions au loyer<\/strong> pour les sta\u00adgiaires ou les \u00e9tudiants<\/li>\n\n\n\n<li><strong>Sou\u00adtien au reve\u00adnu de base pen\u00addant la vieillesse<\/strong> ou en cas de capa\u00adci\u00adt\u00e9 de gain r\u00e9duite<\/li>\n\n\n\n<li><strong>Aide aux frais de subsistance<\/strong><\/li>\n\n\n\n<li><strong>Aide dans les mai\u00adsons de soins<\/strong> si la nour\u00adri\u00adture et l\u2019h\u00e9\u00adber\u00adge\u00adment y sont&nbsp;pay\u00e9s<\/li>\n\n\n\n<li>Pres\u00adta\u00adtions au titre de la loi sur les pres\u00adta\u00adtions aux deman\u00addeurs d\u2019a\u00adsile (Asy\u00adlum See\u00adkers Bene\u00adfits&nbsp;Act)<\/li>\n\n\n\n<li><strong>Pro\u00adtec\u00adtion de l\u2019en\u00adfance et de la jeu\u00adnesse<\/strong>, si seules ces per\u00adsonnes vivent dans le m\u00e9nage.<\/li>\n<\/ul>\n<\/div><\/div><\/div>\n<\/details>\n\n<h2 class=\"wp-block-heading\">\ud83d\udcdd Demande en ligne \u2013 <span style=\"color: #158b83;\" class=\"stk-highlight\">Demande d\u2019aide au logement<\/span><\/h2>\n\n<p><strong> <a href=\"https:\/\/www.service-bw.de\/onlineantraege\/onlineantrag?prozessKey=m40191.wgeld&amp;regionIds=1919&amp;regionName=Karlsruhe&amp;ags=08212000&amp;leistungId=96&amp;processIntegrationName=karlsruhe\" rel=\"noopener\">Demande d\u2019aide au loge\u00adment (allo\u00adca\u00adtion loge\u00adment) avec aide pour rem\u00adplir le for\u00admu\u00adlaire (demande en ligne)<\/a><\/strong><br>Demande en ligne, le for\u00admu\u00adlaire <strong>ne doit pas \u00eatre envoy\u00e9 par la poste<\/strong>.<\/p>\n\n<p><strong><a href=\"https:\/\/pdf.form-solutions.net:443\/metaform\/Form-Solutions\/sid\/assistant\/565c2cc50cf2c8af88350bdf\" rel=\"noopener\">Demande d\u2019aide au loge\u00adment (aide au loyer) avec aide au rem\u00adplis\u00adsage (for\u00admu\u00adlaire \u00e0 impri\u00admer)<\/a><\/strong><br>Le for\u00admu\u00adlaire <strong>doit \u00eatre sign\u00e9 et envoy\u00e9 par la poste<\/strong>.<\/p>\n\n<div class=\"wp-block-stackable-spacer stk-block-spacer stk--no-padding stk-block stk-781be68\" data-block-id=\"781be68\"><style>.stk-781be68 {height:30px !important;}<\/style><\/div>\n\n<h3 class=\"wp-block-heading\">Docu\u00adments requis<\/h3>\n\n<ul class=\"wp-block-list\">\n<li>Preuve du nombre de membres du m\u00e9nage.<\/li>\n\n\n\n<li>Preuve de loyer (<strong> <a href=\"https:\/\/pdf.form-solutions.net\/metaform\/Form-Solutions\/?2&amp;releaseUserId=08212000-0001-0000&amp;releaseID=565c35410cf2c8af88350be2&amp;releaseOrganizationID=08212000-0001&amp;assistant=AS_BW620004&amp;translation=false&amp;storable=false&amp;fileUrl=https%253A%252F%252Fpdf.form-solutions.net%252Fmetaform%252FForm-Solutions%252Fsid%252Fassistant%252F565c35410cf2c8af88350be2%253Fconsent_type%253DNONE&amp;oID=22222222-2222&amp;consent_type=NONE&amp;kdnr=08212000-0001\" rel=\"noopener\">cer\u00adti\u00adfi\u00adcat de loyer<\/a><\/strong>) ou de charge (contrat de&nbsp;pr\u00eat).<\/li>\n\n\n\n<li>Preuve du reve\u00adnu total du m\u00e9nage \u2013 <strong> <a href=\"https:\/\/pdf.form-solutions.net\/metaform\/Form-Solutions\/?5&amp;releaseUserId=08212000-0001-0000&amp;releaseID=565c31e50cf2c8af88350be1&amp;releaseOrganizationID=08212000-0001&amp;assistant=AS_BW620005&amp;translation=false&amp;storable=false&amp;fileUrl=https%253A%252F%252Fpdf.form-solutions.net%252Fmetaform%252FForm-Solutions%252Fsid%252Fassistant%252F565c31e50cf2c8af88350be1&amp;oID=22222222-2222&amp;kdnr=08212000-0001\" rel=\"noopener\">attes\u00adta\u00adtion de reve\u00adnus<\/a><\/strong> <br>(reve\u00adnus du tra\u00advail, pen\u00adsion, allo\u00adca\u00adtions familiales).<\/li>\n<\/ul>\n\n<details class=\"wp-block-stackable-accordion stk-block-accordion stk-inner-blocks stk-block-content stk-block stk-07d4c15 is-style-default\" data-block-id=\"07d4c15\">\n<summary class=\"wp-block-stackable-column stk-block-column stk-column stk-block stk-e65c357 stk--container-small stk-block-accordion__heading\" data-v=\"4\" data-block-id=\"e65c357\"><div class=\"stk-column-wrapper stk-block-column__content stk-container stk-e65c357-container stk-hover-parent\"><div class=\"stk-block-content stk-inner-blocks stk-e65c357-inner-blocks\">\n<div class=\"wp-block-stackable-icon-label stk-block-icon-label stk-block stk-0499bc5\" data-block-id=\"0499bc5\"><div class=\"stk-row stk-inner-blocks stk-block-content\">\n<div class=\"wp-block-stackable-heading stk-block-heading stk-block-heading--v2 stk-block stk-9669a49\" id=\"responsible-office\" data-block-id=\"9669a49\"><h4 class=\"stk-block-heading__text\">Bureau res\u00adpon\u00adsable<\/h4><\/div>\n\n\n\n<div class=\"wp-block-stackable-icon stk-block-icon stk-block stk-726ee53\" data-block-id=\"726ee53\"><span class=\"stk--svg-wrapper\"><div class=\"stk--inner-svg\"><svg style=\"height:0;width:0\"><defs><linearGradient id=\"linear-gradient-726ee53\" x1=\"0\" x2=\"100%\" y1=\"0\" y2=\"0\"><stop offset=\"0%\" style=\"stop-opacity:1;stop-color:var(--linear-gradient-726-ee-53-color-1)\" \/><stop offset=\"100%\" style=\"stop-opacity:1;stop-color:var(--linear-gradient-726-ee-53-color-2)\" \/><\/linearGradient><\/defs><\/svg><svg data-prefix=\"fas\" data-icon=\"chevron-down\" class=\"svg-inline--fa fa-chevron-down fa-w-14\" viewBox=\"0 0 448 512\" aria-hidden=\"true\" width=\"32\" height=\"32\"><path fill=\"currentColor\" d=\"M207.029 381.476L12.686 187.132c-9.373-9.373-9.373-24.569 0-33.941l22.667-22.667c9.357-9.357 24.522-9.375 33.901-.04L224 284.505l154.745-154.021c9.379-9.335 24.544-9.317 33.901.04l22.667 22.667c9.373 9.373 9.373 24.569 0 33.941L240.971 381.476c-9.373 9.372-24.569 9.372-33.942 0z\" \/><\/svg><\/div><\/span><\/div>\n<\/div><\/div>\n<\/div><\/div><\/summary>\n\n\n\n<div class=\"wp-block-stackable-column stk-block-column stk-column stk-block stk-1d68d55 stk-block-accordion__content\" data-v=\"4\" data-block-id=\"1d68d55\"><div class=\"stk-column-wrapper stk-block-column__content stk-container stk-1d68d55-container stk--no-background stk--no-padding\"><div class=\"stk-block-content stk-inner-blocks stk-1d68d55-inner-blocks\">\n<div class=\"wp-block-stackable-text stk-block-text stk-block stk-fe682b6\" data-block-id=\"fe682b6\"><p class=\"stk-block-text__text\">\ud83c\udf10<strong><a href=\"https:\/\/web1.karlsruhe.de\/service\/Buergerdienste\/leistung.php?id=6002515\" rel=\"noopener\">Wohn\u00adgeld\u00adstelle<\/a><\/strong> (Caisse d\u2019al\u00adlo\u00adca\u00adtions fami\u00adliales)<br>\ud83d\udccd Lamm\u00adstra\u00dfe 7 a, room E 219 \u2013 E 223, 76133 <strong>Karls\u00adruhe<\/strong><br>\u260e 0721 133 6470<br>\ud83d\udce7 wohngeld@la.karlsruhe.de<\/p><\/div>\n<\/div><\/div><\/div>\n<\/details>\n","protected":false},"excerpt":{"rendered":"<p>\ud83c\udfe0 Aide au loyer pour les per\u00adsonnes \u00e0 faibles reve\u00adnus Les per\u00adsonnes \u00e0 faibles reve\u00adnus peuvent deman\u00adder une aide au loge\u00adment (Wohn\u00adgeld). Il s\u2019a\u00adgit d\u2019un paie\u00adment qui sub\u00adven\u00adtionne votre loyer.Vous&nbsp;<a class=\"moretag\" href=\"https:\/\/www.anika-net.de\/fr\/arriver\/habiter\/allocation-de-logement\/\">lire plus<\/a><\/p>\n","protected":false},"author":12,"featured_media":0,"parent":2321,"menu_order":41,"comment_status":"closed","ping_status":"closed","template":"","meta":{"_acf_changed":false,"inline_featured_image":false,"_uag_custom_page_level_css":"","wp_typography_post_enhancements_disabled":false,"footnotes":""},"class_list":["post-1498","page","type-page","status-publish","hentry"],"acf":[],"featured_image_urls_v2":{"full":"","thumbnail":"","medium":"","medium_large":"","large":"","1536x1536":"","2048x2048":"","event-overview":"","event-archive-thumb":"","grid-item-thumbnail":"","network-partner-icon":"","organiser-icon":"","gform-image-choice-sm":"","gform-image-choice-md":"","gform-image-choice-lg":""},"post_excerpt_stackable_v2":"<p>\ud83c\udfe0 Aide au loyer pour les per\u00adsonnes \u00e0 faibles reve\u00adnus Les per\u00adsonnes \u00e0 faibles reve\u00adnus peuvent deman\u00adder une aide au loge\u00adment (Wohn\u00adgeld). Il s\u2019a\u00adgit d\u2019un paie\u00adment qui sub\u00adven\u00adtionne votre loyer.Vous rece\u00advez une aide au loge\u00adment si vous ne dis\u00adpo\u00adsez pas de reve\u00adnus suf\u00adfi\u00adsants pour payer votre loge\u00adment. L\u2019aide au loge\u00adment pour les loca\u00adtaires est appe\u00adl\u00e9e aide au loyer, l\u2019aide au loge\u00adment pour les pro\u00adpri\u00e9\u00adtaires d\u2019un loge\u00adment occu\u00adp\u00e9 par le pro\u00adpri\u00e9\u00adtaire est appe\u00adl\u00e9e aide \u00e0 la charge.&nbsp; Mon\u00adtant&nbsp;:D\u00e9pend du cas indi\u00advi\u00adduel.Il est bas\u00e9 sur la taille du m\u00e9nage, le reve\u00adnu et le loyer ou les charges. Dur\u00e9e&nbsp;:G\u00e9n\u00e9\u00adra\u00adle\u00adment pour 12&nbsp;mois. Dans certains\u2026<\/p>\n","category_list_v2":"","author_info_v2":{"name":"Andrea Ramirez","url":"https:\/\/www.anika-net.de\/fr\/author\/andrea-ramirez\/"},"comments_num_v2":"0 commentaire","uagb_featured_image_src":{"full":false,"thumbnail":false,"medium":false,"medium_large":false,"large":false,"1536x1536":false,"2048x2048":false,"event-overview":false,"event-archive-thumb":false,"grid-item-thumbnail":false,"network-partner-icon":false,"organiser-icon":false,"gform-image-choice-sm":false,"gform-image-choice-md":false,"gform-image-choice-lg":false},"uagb_author_info":{"display_name":"Andrea Ramirez","author_link":"https:\/\/www.anika-net.de\/fr\/author\/andrea-ramirez\/"},"uagb_comment_info":0,"uagb_excerpt":"\ud83c\udfe0 Aide au loyer pour les per\u00adsonnes \u00e0 faibles revenus Les per\u00adsonnes \u00e0 faibles reve\u00adnus peuvent deman\u00adder une aide au loge\u00adment (Wohn\u00adgeld). Il s\u2019a\u00adgit d\u2019un paie\u00adment qui sub\u00adven\u00adtionne votre loyer.Vous&nbsp;lire plus","_links":{"self":[{"href":"https:\/\/www.anika-net.de\/fr\/wp-json\/wp\/v2\/pages\/1498","targetHints":{"allow":["GET"]}}],"collection":[{"href":"https:\/\/www.anika-net.de\/fr\/wp-json\/wp\/v2\/pages"}],"about":[{"href":"https:\/\/www.anika-net.de\/fr\/wp-json\/wp\/v2\/types\/page"}],"author":[{"embeddable":true,"href":"https:\/\/www.anika-net.de\/fr\/wp-json\/wp\/v2\/users\/12"}],"replies":[{"embeddable":true,"href":"https:\/\/www.anika-net.de\/fr\/wp-json\/wp\/v2\/comments?post=1498"}],"version-history":[{"count":2,"href":"https:\/\/www.anika-net.de\/fr\/wp-json\/wp\/v2\/pages\/1498\/revisions"}],"predecessor-version":[{"id":61768,"href":"https:\/\/www.anika-net.de\/fr\/wp-json\/wp\/v2\/pages\/1498\/revisions\/61768"}],"up":[{"embeddable":true,"href":"https:\/\/www.anika-net.de\/fr\/wp-json\/wp\/v2\/pages\/2321"}],"wp:attachment":[{"href":"https:\/\/www.anika-net.de\/fr\/wp-json\/wp\/v2\/media?parent=1498"}],"curies":[{"name":"wp","href":"https:\/\/api.w.org\/{rel}","templated":true}]}}