{"id":64493,"date":"2025-09-02T12:16:44","date_gmt":"2025-09-02T10:16:44","guid":{"rendered":"https:\/\/www.anika-net.de\/event\/le-jour-de-la-race-le-12-octobre-et-la-memoire-contestee-en-amerique-latine\/"},"modified":"2025-09-02T12:16:46","modified_gmt":"2025-09-02T10:16:46","slug":"le-jour-de-la-race-le-12-octobre-et-la-memoire-contestee-en-amerique-latine","status":"publish","type":"event","link":"https:\/\/www.anika-net.de\/fr\/event\/le-jour-de-la-race-le-12-octobre-et-la-memoire-contestee-en-amerique-latine\/","title":{"rendered":"\u00ab&nbsp;Le jour de la \u201crace\u201d ? \u2013 Le 12 octobre et la m\u00e9moire contes\u00adt\u00e9e en Am\u00e9\u00adrique latine"},"content":{"rendered":"\n<p><strong>Conf\u00e9\u00adrence avec le Dr. Andrea Acle-Kreysing<\/strong><\/p>\n\n<p>Le jour de la course&nbsp;: cette conf\u00e9\u00adrence explore l\u2019his\u00adtoire du 12 octobre et illustre, \u00e0 l\u2019aide d\u2019exemples tir\u00e9s de divers pays d\u2019A\u00adm\u00e9\u00adrique latine, com\u00adment la signi\u00adfi\u00adca\u00adtion de cette date a \u00e9vo\u00adlu\u00e9 au fil du temps, pas\u00adsant d\u2019une f\u00eate natio\u00adnale d\u2019ins\u00adpi\u00adra\u00adtion colo\u00adniale \u00e0 une pla\u00adte\u00adforme de cri\u00adtique d\u00e9co\u00adlo\u00adniale, d\u2019af\u00adfir\u00adma\u00adtion de soi des indi\u00adg\u00e8nes et de recon\u00adnais\u00adsance de la diver\u00adsi\u00adt\u00e9 culturelle.<\/p>\n\n<p>L\u2019ex\u00adpo\u00ads\u00e9 met \u00e9ga\u00adle\u00adment en lumi\u00e8re l\u2019his\u00adtoire com\u00adplexe des migra\u00adtions en Am\u00e9\u00adrique latine&nbsp;: Qui a fa\u00e7on\u00adn\u00e9 la mosa\u00efque sociale de la r\u00e9gion&nbsp;? Quelles voix ont \u00e9t\u00e9 igno\u00adr\u00e9es pen\u00addant trop long\u00adtemps&nbsp;? Et com\u00adment la m\u00e9moire col\u00adlec\u00adtive peut-elle \u00eatre r\u00e9ima\u00adgi\u00adn\u00e9e aujourd\u2019\u00adhui de mani\u00e8re plus inclu\u00adsive et plus&nbsp;juste&nbsp;?&nbsp;<\/p>\n\n<p><\/p>\n","protected":false},"author":12,"featured_media":58589,"template":"","class_list":["post-64493","event","type-event","status-publish","has-post-thumbnail","hentry","event_category-loisirs"],"acf":{"event-recurring":false,"event-category":50,"event-is-language-course":false,"event-recurring-still-active":true,"event-display-details":true,"event-schedules-recurring":null,"event-schedules-calendar":[{"event-calendar-day":"20251030","event-calendar-time":"18:30","event-calendar-time-text":""}],"event-is-online":false,"event-online-url":"","event-location-building":"ibz, EG, Gro\u00dfer Saal","event-location-street":"Kaiserallee 12 d","event-location-zip":"76133","event-location-city":"Karlsruhe","event-location-contact-person":"Lina Duarte \/ La\u00eds Alves","event-location-phone":"072189333710 (ibz)","event-location-phone-2":"","event-location-mail":"","event-location-mail-2":"","event-location-website":"https:\/\/www.ibz-karlsruhe.de\/programm\/#","event-target-group":[{"target-group":"all"}],"event-target-group-comment":"","event-free":true,"event-organiser":[55493,11462],"event-header-copyright-overlay":true,"event-copyright-note-description-end":false},"featured_image_urls_v2":{"full":["https:\/\/www.anika-net.de\/wp-content\/uploads\/2024\/11\/Alma.png",300,300,false],"thumbnail":["https:\/\/www.anika-net.de\/wp-content\/uploads\/2024\/11\/Alma-150x150.png",150,150,true],"medium":["https:\/\/www.anika-net.de\/wp-content\/uploads\/2024\/11\/Alma.png",300,300,false],"medium_large":["https:\/\/www.anika-net.de\/wp-content\/uploads\/2024\/11\/Alma.png",300,300,false],"large":["https:\/\/www.anika-net.de\/wp-content\/uploads\/2024\/11\/Alma.png",300,300,false],"1536x1536":["https:\/\/www.anika-net.de\/wp-content\/uploads\/2024\/11\/Alma.png",300,300,false],"2048x2048":["https:\/\/www.anika-net.de\/wp-content\/uploads\/2024\/11\/Alma.png",300,300,false],"event-overview":["https:\/\/www.anika-net.de\/wp-content\/uploads\/2024\/11\/Alma.png",300,300,false],"event-archive-thumb":["https:\/\/www.anika-net.de\/wp-content\/uploads\/2024\/11\/Alma.png",300,300,false],"grid-item-thumbnail":["https:\/\/www.anika-net.de\/wp-content\/uploads\/2024\/11\/Alma-300x200.png",300,200,true],"network-partner-icon":["https:\/\/www.anika-net.de\/wp-content\/uploads\/2024\/11\/Alma-100x100.png",100,100,true],"organiser-icon":["https:\/\/www.anika-net.de\/wp-content\/uploads\/2024\/11\/Alma-200x200.png",200,200,true],"gform-image-choice-sm":["https:\/\/www.anika-net.de\/wp-content\/uploads\/2024\/11\/Alma.png",300,300,false],"gform-image-choice-md":["https:\/\/www.anika-net.de\/wp-content\/uploads\/2024\/11\/Alma.png",300,300,false],"gform-image-choice-lg":["https:\/\/www.anika-net.de\/wp-content\/uploads\/2024\/11\/Alma.png",300,300,false]},"post_excerpt_stackable_v2":"<p>Conf\u00e9\u00adrence avec le Dr. Andrea Acle-Krey\u00adsing Le jour de la course&nbsp;: cette conf\u00e9\u00adrence explore l\u2019his\u00adtoire du 12 octobre et illustre, \u00e0 l\u2019aide d\u2019exemples tir\u00e9s de divers pays d\u2019A\u00adm\u00e9\u00adrique latine, com\u00adment la signi\u00adfi\u00adca\u00adtion de cette date a \u00e9vo\u00adlu\u00e9 au fil du temps, pas\u00adsant d\u2019une f\u00eate natio\u00adnale d\u2019ins\u00adpi\u00adra\u00adtion colo\u00adniale \u00e0 une pla\u00adte\u00adforme de cri\u00adtique d\u00e9co\u00adlo\u00adniale, d\u2019af\u00adfir\u00adma\u00adtion de soi des indi\u00adg\u00e8nes et de recon\u00adnais\u00adsance de la diver\u00adsi\u00adt\u00e9 cultu\u00adrelle. L\u2019ex\u00adpo\u00ads\u00e9 met \u00e9ga\u00adle\u00adment en lumi\u00e8re l\u2019his\u00adtoire com\u00adplexe des migra\u00adtions en Am\u00e9\u00adrique latine&nbsp;: Qui a fa\u00e7on\u00adn\u00e9 la mosa\u00efque sociale de la r\u00e9gion&nbsp;? Quelles voix ont \u00e9t\u00e9 igno\u00adr\u00e9es pen\u00addant trop long\u00adtemps&nbsp;? Et com\u00adment la m\u00e9moire col\u00adlec\u00adtive peut-elle\u2026<\/p>\n","category_list_v2":"","author_info_v2":{"name":"Andrea Ramirez","url":"https:\/\/www.anika-net.de\/fr\/author\/andrea-ramirez\/"},"comments_num_v2":"0 commentaire","uagb_featured_image_src":{"full":["https:\/\/www.anika-net.de\/wp-content\/uploads\/2024\/11\/Alma.png",300,300,false],"thumbnail":["https:\/\/www.anika-net.de\/wp-content\/uploads\/2024\/11\/Alma-150x150.png",150,150,true],"medium":["https:\/\/www.anika-net.de\/wp-content\/uploads\/2024\/11\/Alma.png",300,300,false],"medium_large":["https:\/\/www.anika-net.de\/wp-content\/uploads\/2024\/11\/Alma.png",300,300,false],"large":["https:\/\/www.anika-net.de\/wp-content\/uploads\/2024\/11\/Alma.png",300,300,false],"1536x1536":["https:\/\/www.anika-net.de\/wp-content\/uploads\/2024\/11\/Alma.png",300,300,false],"2048x2048":["https:\/\/www.anika-net.de\/wp-content\/uploads\/2024\/11\/Alma.png",300,300,false],"event-overview":["https:\/\/www.anika-net.de\/wp-content\/uploads\/2024\/11\/Alma.png",300,300,false],"event-archive-thumb":["https:\/\/www.anika-net.de\/wp-content\/uploads\/2024\/11\/Alma.png",300,300,false],"grid-item-thumbnail":["https:\/\/www.anika-net.de\/wp-content\/uploads\/2024\/11\/Alma-300x200.png",300,200,true],"network-partner-icon":["https:\/\/www.anika-net.de\/wp-content\/uploads\/2024\/11\/Alma-100x100.png",100,100,true],"organiser-icon":["https:\/\/www.anika-net.de\/wp-content\/uploads\/2024\/11\/Alma-200x200.png",200,200,true],"gform-image-choice-sm":["https:\/\/www.anika-net.de\/wp-content\/uploads\/2024\/11\/Alma.png",300,300,false],"gform-image-choice-md":["https:\/\/www.anika-net.de\/wp-content\/uploads\/2024\/11\/Alma.png",300,300,false],"gform-image-choice-lg":["https:\/\/www.anika-net.de\/wp-content\/uploads\/2024\/11\/Alma.png",300,300,false]},"uagb_author_info":{"display_name":"Andrea Ramirez","author_link":"https:\/\/www.anika-net.de\/fr\/author\/andrea-ramirez\/"},"uagb_comment_info":0,"uagb_excerpt":"Conf\u00e9\u00adrence avec le Dr. Andrea Acle-Kreysing Le jour de la course&nbsp;: cette conf\u00e9\u00adrence explore l\u2019his\u00adtoire du 12 octobre et illustre, \u00e0 l\u2019aide d\u2019exemples tir\u00e9s de divers pays d\u2019A\u00adm\u00e9\u00adrique latine, com\u00adment&nbsp;lire plus","_links":{"self":[{"href":"https:\/\/www.anika-net.de\/fr\/wp-json\/wp\/v2\/event\/64493","targetHints":{"allow":["GET"]}}],"collection":[{"href":"https:\/\/www.anika-net.de\/fr\/wp-json\/wp\/v2\/event"}],"about":[{"href":"https:\/\/www.anika-net.de\/fr\/wp-json\/wp\/v2\/types\/event"}],"author":[{"embeddable":true,"href":"https:\/\/www.anika-net.de\/fr\/wp-json\/wp\/v2\/users\/12"}],"version-history":[{"count":1,"href":"https:\/\/www.anika-net.de\/fr\/wp-json\/wp\/v2\/event\/64493\/revisions"}],"predecessor-version":[{"id":64494,"href":"https:\/\/www.anika-net.de\/fr\/wp-json\/wp\/v2\/event\/64493\/revisions\/64494"}],"acf:post":[{"embeddable":true,"href":"https:\/\/www.anika-net.de\/fr\/wp-json\/wp\/v2\/organiser\/11462"},{"embeddable":true,"href":"https:\/\/www.anika-net.de\/fr\/wp-json\/wp\/v2\/organiser\/55493"}],"acf:term":[{"embeddable":true,"taxonomy":"event_category","href":"https:\/\/www.anika-net.de\/fr\/wp-json\/wp\/v2\/event_category\/50"}],"wp:featuredmedia":[{"embeddable":true,"href":"https:\/\/www.anika-net.de\/fr\/wp-json\/wp\/v2\/media\/58589"}],"wp:attachment":[{"href":"https:\/\/www.anika-net.de\/fr\/wp-json\/wp\/v2\/media?parent=64493"}],"curies":[{"name":"wp","href":"https:\/\/api.w.org\/{rel}","templated":true}]}}