{"id":62848,"date":"2025-06-25T11:38:30","date_gmt":"2025-06-25T09:38:30","guid":{"rendered":"https:\/\/www.anika-net.de\/event\/mentoring-in-karlsruhe-obtenir-du-soutien-apprendre-se-connecter\/"},"modified":"2025-06-25T11:38:30","modified_gmt":"2025-06-25T09:38:30","slug":"mentoring-in-karlsruhe-obtenir-du-soutien-apprendre-se-connecter","status":"publish","type":"event","link":"https:\/\/www.anika-net.de\/fr\/event\/mentoring-in-karlsruhe-obtenir-du-soutien-apprendre-se-connecter\/","title":{"rendered":"Men\u00adto\u00adring in Karls\u00adruhe \u2013 Obte\u00adnir du sou\u00adtien, apprendre, se connecter"},"content":{"rendered":"<blockquote>\n<h3><em><span style=\"color: #666699;\">Vous cher\u00adchez des conseils, du sou\u00adtien ou quel\u00adqu\u2019un qui peut vous aider \u00e0 trou\u00adver votre che\u00admin \u00e0 Karlsruhe&nbsp;?<\/span><\/em><\/h3>\n<\/blockquote>\n<h1><span style=\"color: #ffcc00;\">Men\u00adto\u00adring in Karls\u00adruhe <span style=\"color: #008080;\">- Obte\u00adnir du sou\u00adtien, apprendre, se connecter<\/span><\/span><\/h1>\n<h3 data-start=\"295\" data-end=\"337\">Vous aider \u00e0 vous ins\u00adtal\u00adler, \u00e0 apprendre et \u00e0 vous d\u00e9velopper<\/h3>\n<p data-start=\"339\" data-end=\"539\">Vous venez d\u2019ar\u00adri\u00adver \u00e0 Karls\u00adruhe et vous avez besoin d\u2019aide, de conseils ou de contacts&nbsp;?<br data-start=\"413\" data-end=\"416\"><strong>Les pro\u00adgrammes de men\u00adto\u00adrat<\/strong> peuvent vous aider \u00e0 vous sen\u00adtir chez vous, \u00e0 apprendre la langue, \u00e0 nouer des ami\u00adti\u00e9s et \u00e0 vous d\u00e9ve\u00adlop\u00adper sur le plan pro\u00adfes\u00adsion\u00adnel ou personnel.<\/p>\n<p data-start=\"541\" data-end=\"737\">Sur cette page, vous trou\u00adve\u00adrez un aper\u00ad\u00e7u des ini\u00adtia\u00adtives de men\u00adto\u00adrat pro\u00adpo\u00ads\u00e9es par dif\u00adf\u00e9\u00adrentes orga\u00adni\u00adsa\u00adtions \u00e0 Karls\u00adruhe \u2013 pour les \u00e9tu\u00addiants, les nou\u00adveaux arri\u00advants, les migrants et tous ceux qui sou\u00adhaitent sou\u00adte\u00adnir ou \u00eatre soutenus.<\/p>\n<h2 data-start=\"541\" data-end=\"737\"><span style=\"color: #666699;\"><strong>Pro\u00adgrammes de men\u00adto\u00adrat<\/strong> <span style=\"color: #008080;\"><strong>\u00e0 Karls\u00adruhe<\/strong><\/span><\/span><\/h2>\n<h3 data-start=\"164\" data-end=\"219\"><strong data-start=\"168\" data-end=\"219\">\ud83d\udcd8 <span style=\"color: #008080;\">Sou\u00adtien indi\u00advi\u00adduel \u00e0 l\u2019ap\u00adpren\u00adtis\u00adsage de l\u2019allemand<\/span><\/strong><\/h3>\n<ul>\n<li data-start=\"223\" data-end=\"310\"><strong data-start=\"223\" data-end=\"240\">A qui s\u2019a\u00addresse-t-il&nbsp;?<\/strong> Les per\u00adsonnes qui ont du mal \u00e0 apprendre effi\u00adca\u00adce\u00adment dans les cours de langue standard.<\/li>\n<li data-start=\"223\" data-end=\"310\"><strong data-start=\"313\" data-end=\"332\">Ce qu\u2019il offre&nbsp;:<\/strong> Des cours d\u2019al\u00adle\u00admand indi\u00advi\u00adduels ou en petits groupes adap\u00adt\u00e9s \u00e0 vos besoins.<\/li>\n<li data-start=\"223\" data-end=\"310\"><strong data-start=\"399\" data-end=\"413\">Orga\u00adni\u00adsa\u00adteur&nbsp;:<\/strong> <strong data-start=\"600\" data-end=\"614\"><a href=\"https:\/\/www.awo-karlsruhe.de\/mitmachen\/ehrenamt\/\" rel=\"noopener\">AWO Karls\u00adruhe<\/a><\/strong><\/li>\n<li data-start=\"223\" data-end=\"310\"><strong data-start=\"430\" data-end=\"444\">Finan\u00adc\u00e9 par&nbsp;:<\/strong> BfI<\/li>\n<li data-start=\"223\" data-end=\"310\"><strong data-start=\"451\" data-end=\"470\">Per\u00adsonne de contact&nbsp;:<\/strong> Espe\u00adran\u00adza Del Real<br data-start=\"493\" data-end=\"496\">\ud83d\udcde 0721 35 007 \u2013 144<br data-start=\"518\" data-end=\"521\">\ud83d\udce7 <a class=\"cursor-pointer\" rel=\"noopener\" data-start=\"526\" data-end=\"560\">fluechtlingshilfe@awo-karlsruhe.de<\/a>&nbsp;<\/li>\n<li>\ud83d\udd17 <a href=\"https:\/\/www.anika-net.de\/fr\/event\/soutien-individuel-a-lapprentissage-de-lallemand\/\"><strong>Plus d\u2019in\u00adfor\u00adma\u00adtions<\/strong><\/a><\/li>\n<\/ul>\n<hr>\n<h3 data-start=\"123\" data-end=\"182\"><strong data-start=\"127\" data-end=\"182\">\ud83d\udde3\ufe0f <span style=\"color: #008080;\">Lan\u00adguage Tan\u00addem <span style=\"color: #666699;\">- Appre\u00adnez les langues en toute simplicit\u00e9&nbsp;!<\/span><\/span><\/strong><\/h3>\n<ul data-start=\"184\" data-end=\"587\">\n<li data-start=\"184\" data-end=\"272\">\n<p data-start=\"186\" data-end=\"272\"><strong data-start=\"186\" data-end=\"203\">A qui s\u2019a\u00addresse-t-il&nbsp;?<\/strong> Les \u00e9tu\u00addiants qui veulent apprendre ou am\u00e9\u00adlio\u00adrer l\u2019al\u00adle\u00admand ou toute autre langue.<\/p>\n<\/li>\n<li data-start=\"184\" data-end=\"272\">\n<p data-start=\"186\" data-end=\"272\"><strong data-start=\"275\" data-end=\"294\">Ce qu\u2019il offre&nbsp;:<\/strong> Trou\u00adver un par\u00adte\u00adnaire lin\u00adguis\u00adtique pour un appren\u00adtis\u00adsage mutuel \u2013 rapide, gra\u00adtuit et flexible&nbsp;!<br data-start=\"366\" data-end=\"369\">Vous pou\u00advez consul\u00adter les offres de tan\u00addem actuelles ou publier votre propre annonce.<\/p>\n<\/li>\n<li data-start=\"184\" data-end=\"272\">\n<p data-start=\"186\" data-end=\"272\"><strong data-start=\"432\" data-end=\"446\">Orga\u00adni\u00adsa\u00adteur&nbsp;: <\/strong>Centre inter\u00adna\u00adtio\u00adnal des \u00e9tu\u00addiants <strong data-start=\"600\" data-end=\"614\">-<\/strong> <a href=\"https:\/\/www.sw-ka.de\/de\/international\/tandem\/\" rel=\"noopener\"><strong>Stu\u00addie\u00adren\u00adden\u00adwerk<\/strong><\/a><\/p>\n<\/li>\n<li data-start=\"184\" data-end=\"272\">\n<p data-start=\"186\" data-end=\"272\"><strong data-start=\"523\" data-end=\"542\">Per\u00adsonne de contact&nbsp;:<\/strong> Lau\u00adra Liefke<br>\n\ud83d\udcde 0721 6909\u2013203<br data-start=\"576\" data-end=\"579\">\ud83d\udce7 l<a class=\"cursor-pointer\" rel=\"noopener\" data-start=\"584\" data-end=\"605\">aura.li<\/a>efke@sw-ka.de<\/p>\n<hr>\n<\/li>\n<\/ul>\n<h3 data-start=\"90\" data-end=\"146\"><strong data-start=\"94\" data-end=\"146\">\ud83c\udf0d <span style=\"color: #008080;\">Pers\u00adpek\u00adtive Now&nbsp;! <span style=\"color: #666699;\">- Appre\u00adnez l\u2019al\u00adle\u00admand et obte\u00adnez de l\u2019aide<\/span><\/span><\/strong><\/h3>\n<ul data-start=\"148\" data-end=\"614\">\n<li data-start=\"148\" data-end=\"204\">\n<p data-start=\"150\" data-end=\"204\"><strong data-start=\"150\" data-end=\"167\">\u00c0 qui s\u2019a\u00addresse-t-il&nbsp;?<\/strong> Les jeunes du monde entier<\/p>\n<\/li>\n<li data-start=\"148\" data-end=\"204\">\n<p data-start=\"150\" data-end=\"204\"><strong data-start=\"207\" data-end=\"226\">Ce qu\u2019il offre&nbsp;:<\/strong> Appre\u00adnez l\u2019al\u00adle\u00admand en tan\u00addem ou en groupe, et b\u00e9n\u00e9\u00adfi\u00adciez d\u2019un sou\u00adtien pour l\u2019\u00e9\u00adcole, la for\u00adma\u00adtion et les ques\u00adtions quotidiennes.<\/p>\n<\/li>\n<li data-start=\"331\" data-end=\"368\">\n<p data-start=\"333\" data-end=\"368\"><strong data-start=\"333\" data-end=\"342\">Quand&nbsp;:<\/strong> Les mer\u00adcre\u00addis, de 16h00 \u00e0&nbsp;18h00<\/p>\n<\/li>\n<li data-start=\"369\" data-end=\"409\">\n<p data-start=\"371\" data-end=\"409\"><strong data-start=\"371\" data-end=\"385\">Orga\u00adni\u00adsa\u00adteur&nbsp;:<\/strong> Pers\u00adpek\u00adtive Now \u2013&nbsp;ibz<br>\n<strong data-start=\"412\" data-end=\"426\">Finan\u00adc\u00e9 par&nbsp;:<\/strong> Ville de Karlsruhe<\/p>\n<\/li>\n<li data-start=\"447\" data-end=\"545\">\n<p data-start=\"449\" data-end=\"545\"><strong data-start=\"449\" data-end=\"468\">Per\u00adsonne de contact&nbsp;:<\/strong> Anni\u00adka Her\u00adtel<br data-start=\"482\" data-end=\"485\">\ud83d\udcde 0157 38182177<br data-start=\"503\" data-end=\"506\">\ud83d\udce7 <a class=\"cursor-pointer\" rel=\"noopener\" data-start=\"511\" data-end=\"543\">perspektive-now@ibz-karlsruhe.de<\/a><\/p>\n<\/li>\n<li data-start=\"546\" data-end=\"614\">\n<p data-start=\"548\" data-end=\"614\">\ud83d\udd17 <strong><a class href=\"https:\/\/www.anika-net.de\/fr\/event\/perspektive-now\/\" target=\"_new\" rel=\"noopener\" data-start=\"551\" data-end=\"614\">Plus d\u2019in\u00adfor\u00adma\u00adtions<\/a><\/strong><\/p>\n<hr>\n<\/li>\n<\/ul>\n<h3 data-start=\"130\" data-end=\"193\"><strong data-start=\"134\" data-end=\"193\">\ud83e\udd1d <span style=\"color: #800080;\">Pro\u00adgramme inter\u00adna\u00adtio\u00adnal de jume\u00adlage <span style=\"color: #666699;\">- Se ren\u00adcon\u00adtrer, se connec\u00adter, se soutenir<\/span><\/span><\/strong><\/h3>\n<ul data-start=\"195\" data-end=\"665\">\n<li data-start=\"195\" data-end=\"250\">\n<p data-start=\"197\" data-end=\"250\"><strong data-start=\"197\" data-end=\"214\">\u00c0 qui s\u2019a\u00addresse-t-il&nbsp;?<\/strong> Les nou\u00adveaux \u00e9tu\u00addiants inter\u00adna\u00adtio\u00adnaux du&nbsp;KIT<\/p>\n<\/li>\n<li data-start=\"251\" data-end=\"450\">\n<p data-start=\"253\" data-end=\"450\"><strong data-start=\"253\" data-end=\"272\">Ce qu\u2019il offre&nbsp;:<\/strong> Une pla\u00adte\u00adforme pour entrer en contact avec des \u00e9tu\u00addiants exp\u00e9\u00adri\u00admen\u00adt\u00e9s du KIT.<br data-start=\"325\" data-end=\"328\">Construi\u00adsez votre r\u00e9seau social, d\u00e9ve\u00adlop\u00adpez des com\u00adp\u00e9\u00adtences inter\u00adcul\u00adtu\u00adrelles et sou\u00adte\u00adnez les uns les autres gr\u00e2ce au par\u00adtage des connais\u00adsances et de l\u2019exp\u00e9rience.<\/p>\n<\/li>\n<li data-start=\"452\" data-end=\"497\">\n<p data-start=\"454\" data-end=\"497\"><strong data-start=\"454\" data-end=\"468\">Orga\u00adni\u00adsa\u00adteur&nbsp;: <\/strong> <a href=\"https:\/\/www.intl.kit.edu\/istudent\/10402.php\" rel=\"noopener\"><strong>Bureau inter\u00adna\u00adtio\u00adnal \u2013&nbsp;KIT<\/strong><\/a><\/p>\n<\/li>\n<li data-start=\"498\" data-end=\"520\"><strong data-start=\"523\" data-end=\"542\">Per\u00adsonne de contact&nbsp;:<\/strong> Annette Sei\u00adter (coor\u00addi\u00adna\u00adtrice)<br data-start=\"571\" data-end=\"574\">\ud83d\udce7 <a class=\"cursor-pointer\" rel=\"noopener\" data-start=\"579\" data-end=\"601\">annette.seiter@kit.edu<\/a><\/li>\n<li data-start=\"604\" data-end=\"665\">\n<p data-start=\"606\" data-end=\"665\">\ud83d\udd17 <a class href=\"https:\/\/www.intl.kit.edu\/istudent\/10402.php\" target=\"_new\" rel=\"noopener\" data-start=\"609\" data-end=\"665\"><strong>Plus d\u2019in\u00adfor\u00adma\u00adtions<\/strong><\/a><\/p>\n<\/li>\n<\/ul>\n<hr>\n<h3 data-start=\"129\" data-end=\"185\"><strong data-start=\"133\" data-end=\"185\">\ud83e\udded <span style=\"color: #800080;\">Bud\u00addy Sup\u00adport <span style=\"color: #666699;\">- Trou\u00adver un guide local en Allemagne<\/span><\/span><\/strong><\/h3>\n<ul data-start=\"187\" data-end=\"670\">\n<li data-start=\"187\" data-end=\"280\">\n<p data-start=\"189\" data-end=\"280\"><strong data-start=\"189\" data-end=\"206\">\u00c0 qui s\u2019a\u00addresse-t-il&nbsp;?<\/strong> Les nou\u00adveaux arri\u00advants \u00e0 la recherche d\u2019un accom\u00adpa\u00adgne\u00adment per\u00adson\u00adna\u00adli\u00ads\u00e9 pour leurs pre\u00admiers pas en Allemagne.<\/p>\n<\/li>\n<li data-start=\"281\" data-end=\"452\">\n<p data-start=\"283\" data-end=\"452\"><strong data-start=\"283\" data-end=\"302\">Ce qu\u2019il offre&nbsp;:<\/strong> Vous \u00eates jume\u00adl\u00e9 \u00e0 un \u00ab&nbsp;copain&nbsp;\u00bb local qui vous aide \u00e0 rele\u00adver les d\u00e9fis quo\u00adti\u00addiens, vous accom\u00adpagne \u00e0 vos ren\u00addez-vous et vous aide \u00e0 vous adap\u00adter \u00e0 votre nou\u00advelle&nbsp;vie.<\/p>\n<\/li>\n<li data-start=\"454\" data-end=\"520\">\n<p data-start=\"456\" data-end=\"520\"><strong data-start=\"456\" data-end=\"470\">Orga\u00adni\u00adsa\u00adteur&nbsp;:<\/strong> Centre inter\u00adna\u00adtio\u00adnal des \u00e9tu\u00addiants <strong data-start=\"600\" data-end=\"614\">-<\/strong> <a href=\"https:\/\/www.sw-ka.de\/de\/international\/paten\/\" rel=\"noopener\"><strong>Stu\u00addie\u00adren\u00adden\u00adwerk<\/strong><\/a><\/p>\n<\/li>\n<li data-start=\"521\" data-end=\"607\">\n<p data-start=\"523\" data-end=\"607\"><strong data-start=\"523\" data-end=\"542\">Per\u00adsonne de contact&nbsp;:<\/strong> Lau\u00adra Liefke<br data-start=\"555\" data-end=\"558\">\ud83d\udcde 0721 6909\u2013203<br data-start=\"576\" data-end=\"579\">\ud83d\udce7 l<a class=\"cursor-pointer\" rel=\"noopener\" data-start=\"584\" data-end=\"605\">aura.li<\/a>efke@sw-ka.de<\/p>\n<\/li>\n<\/ul>\n<hr>\n<h3 data-start=\"146\" data-end=\"197\"><strong data-start=\"150\" data-end=\"197\">\ud83d\udc6d <span style=\"color: #800080;\">Pro\u00adjet Patin\u00adnen<\/span> <span style=\"color: #666699;\">- Les femmes sou\u00adtiennent les femmes<\/span><\/strong><\/h3>\n<ul data-start=\"199\" data-end=\"769\">\n<li data-start=\"199\" data-end=\"291\">\n<p data-start=\"201\" data-end=\"291\"><strong data-start=\"201\" data-end=\"218\">\u00c0 qui s\u2019a\u00addresse ce pro\u00adgramme&nbsp;?<\/strong> Femmes migrantes et locales int\u00e9\u00adres\u00ads\u00e9es par l\u2019\u00e9\u00adchange cultu\u00adrel et la cr\u00e9a\u00adtion de&nbsp;liens.<\/p>\n<\/li>\n<li data-start=\"292\" data-end=\"481\">\n<p data-start=\"294\" data-end=\"481\"><strong data-start=\"294\" data-end=\"313\">Ce qu\u2019il offre&nbsp;:<\/strong> Un espace s\u00fbr pour l\u2019a\u00admi\u00adti\u00e9 et l\u2019ap\u00adpren\u00adtis\u00adsage mutuel par le biais de tan\u00addems et de r\u00e9unions de groupe r\u00e9gu\u00adli\u00e8res.<br data-start=\"405\" data-end=\"408\">Appre\u00adnez \u00e0 conna\u00eetre le style de vie de cha\u00adcun et construi\u00adsez des rela\u00adtions de soutien.<\/p>\n<\/li>\n<li data-start=\"483\" data-end=\"519\">\n<p data-start=\"485\" data-end=\"519\"><strong data-start=\"485\" data-end=\"494\">Quand&nbsp;:<\/strong> Les jeu\u00addis, de 15h30 \u00e0&nbsp;17h30<\/p>\n<\/li>\n<li data-start=\"520\" data-end=\"560\">\n<p data-start=\"522\" data-end=\"560\"><strong data-start=\"522\" data-end=\"536\">Orga\u00adni\u00adsa\u00adteur&nbsp;:<\/strong> Patin\u00adnen\u00adPro\u00adjekt \u2013&nbsp;ibz<br>\n<strong data-start=\"563\" data-end=\"577\">Finan\u00adc\u00e9 par&nbsp;:<\/strong> Ville de Karlsruhe<\/p>\n<\/li>\n<li data-start=\"598\" data-end=\"700\">\n<p data-start=\"600\" data-end=\"700\"><strong data-start=\"600\" data-end=\"619\">Per\u00adsonne de contact&nbsp;:<\/strong> Andrea Ben\u00adgert<br data-start=\"634\" data-end=\"637\">\ud83d\udcde 0721 89 33 37 13<br data-start=\"658\" data-end=\"661\">\ud83d\udce7 <a class=\"cursor-pointer\" rel=\"noopener\" data-start=\"666\" data-end=\"698\">patinnenprojekt@ibz-karlsruhe.de<\/a><\/p>\n<\/li>\n<li data-start=\"701\" data-end=\"769\">\n<p data-start=\"703\" data-end=\"769\">\ud83d\udd17 <strong><a class href=\"https:\/\/www.anika-net.de\/fr\/event\/projet-de-marrainage\/\" target=\"_new\" rel=\"noopener\" data-start=\"706\" data-end=\"769\">Plus d\u2019in\u00adfor\u00adma\u00adtions<\/a><\/strong><\/p>\n<\/li>\n<\/ul>\n<hr>\n<h3 data-start=\"132\" data-end=\"198\"><strong data-start=\"136\" data-end=\"198\">\ud83d\udcbb<span style=\"color: #ff9900;\"> Edu\u00adRef Men\u00adto\u00adring <span style=\"color: #666699;\">- Appre\u00adnez \u00e0 coder avec un men\u00adtor personnel<\/span><\/span><\/strong><\/h3>\n<ul>\n<li data-start=\"200\" data-end=\"289\">\n<p data-start=\"202\" data-end=\"289\"><strong data-start=\"202\" data-end=\"219\">\u00c0 qui s\u2019a\u00addresse ce cours&nbsp;?<\/strong> Toute per\u00adsonne sou\u00adhai\u00adtant appro\u00adfon\u00addir ses com\u00adp\u00e9\u00adtences en mati\u00e8re de d\u00e9ve\u00adlop\u00adpe\u00adment de logiciels.<\/p>\n<\/li>\n<li data-start=\"290\" data-end=\"471\">\n<p data-start=\"292\" data-end=\"471\"><strong data-start=\"292\" data-end=\"311\">Ce qu\u2019il offre&nbsp;:<\/strong> Un pro\u00adgramme de men\u00adto\u00adrat per\u00adson\u00adna\u00adli\u00ads\u00e9 de 6 mois avec des ses\u00adsions heb\u00addo\u00adma\u00addaires et un tra\u00advail de pro\u00adjet ind\u00e9\u00adpen\u00addant entre les deux.<br data-start=\"414\" data-end=\"417\">Le rythme, le conte\u00adnu et l\u2019o\u00adrien\u00adta\u00adtion sont adap\u00adt\u00e9s \u00e0 vos objectifs.<\/p>\n<\/li>\n<li data-start=\"473\" data-end=\"596\">\n<p data-start=\"475\" data-end=\"596\"><strong data-start=\"475\" data-end=\"503\">Sujets de pro\u00adjet pos\u00adsibles&nbsp;:<\/strong><br data-start=\"503\" data-end=\"506\">- Votre propre site web<br data-start=\"526\" data-end=\"529\">- Une appli\u00adca\u00adtion mobile<br data-start=\"545\" data-end=\"548\">- Un jeu vid\u00e9o<br data-start=\"564\" data-end=\"567\" data-is-only-node>- L\u2019in\u00adtel\u00adli\u00adgence artificielle<\/p>\n<\/li>\n<li data-start=\"598\" data-end=\"623\">\n<p data-start=\"600\" data-end=\"623\"><strong data-start=\"600\" data-end=\"614\">Orga\u00adni\u00adsa\u00adteur&nbsp;: <a href=\"https:\/\/www.eduref.eu\/\" rel=\"noopener\">Edu\u00adRef<\/a><\/strong><\/p>\n<\/li>\n<li><strong data-start=\"626\" data-end=\"645\">Per\u00adsonne de contact&nbsp;:<\/strong> Yan\u00adnick Nocus<br data-start=\"659\" data-end=\"662\">\ud83d\udce7 <a class=\"cursor-pointer\" rel=\"noopener\" data-start=\"667\" data-end=\"681\">info@eduref.eu\n<p><\/p><\/a><\/li>\n<li>\ud83d\udd17 <strong><a class href=\"https:\/\/www.eduref.eu\/mentoring\" target=\"_new\" rel=\"noopener\" data-start=\"689\" data-end=\"733\">Plus d\u2019in\u00adfor\u00adma\u00adtions<\/a><\/strong><\/li>\n<\/ul>\n<hr>\n<h2 style=\"text-align: center;\" data-start=\"128\" data-end=\"407\"><span style=\"color: #008080;\"><strong data-start=\"128\" data-end=\"178\">Pro\u00adpo\u00adsez-vous un pro\u00adgramme de men\u00adto\u00adrat \u00e0 Karlsruhe&nbsp;?<\/strong><\/span><\/h2>\n<p style=\"text-align: center;\" data-start=\"128\" data-end=\"407\">Si votre pro\u00adgramme s\u2019a\u00addresse \u00e0 un<strong> public inter\u00adna\u00adtio\u00adnal<\/strong> et qu\u2019il est <strong>gra\u00adtuit<\/strong>, nous serions ravis de vous entendre&nbsp;!<br data-start=\"285\" data-end=\"288\">Rem\u00adplis\u00adsez sim\u00adple\u00adment <strong data-start=\"600\" data-end=\"614\">ce<\/strong> <a href=\"https:\/\/docs.google.com\/forms\/d\/e\/1FAIpQLSc5gnLGoQjAsCr3UyiIxWPokWLyHopaEWd43vUP1cWp9AcyIA\/viewform?usp=sf_link\" rel=\"noopener\"><strong>for\u00admu\u00adlaire<\/strong><\/a> \u2013 cela ne prend que 2 minutes, et nous publie\u00adrons gra\u00adtui\u00adte\u00adment votre pro\u00adgramme de men\u00adto\u00adrat ou de tandem.<\/p>\n","protected":false},"author":12,"featured_media":63259,"template":"","class_list":["post-62848","event","type-event","status-publish","has-post-thumbnail","hentry","event_category-counselling-assistance-services"],"acf":{"event-recurring":true,"event-category":48,"event-is-language-course":false,"event-recurring-still-active":true,"event-display-details":true,"event-schedules-recurring":null,"event-schedules-calendar":null,"event-is-online":false,"event-online-url":"","event-location-building":"","event-location-street":"","event-location-zip":"","event-location-city":"Karlsruhe","event-location-contact-person":"","event-location-phone":"","event-location-phone-2":"","event-location-mail":"","event-location-mail-2":"","event-location-website":"","event-target-group":null,"event-target-group-comment":"Migrants, nouveaux arrivants et b\u00e9n\u00e9voles","event-free":true,"event-organiser":[63994],"event-header-copyright-overlay":true,"event-copyright-note-description-end":false},"featured_image_urls_v2":{"full":["https:\/\/www.anika-net.de\/wp-content\/uploads\/2025\/06\/AdobeStock_1241585829-scaled.jpeg",2560,1152,false],"thumbnail":["https:\/\/www.anika-net.de\/wp-content\/uploads\/2025\/06\/AdobeStock_1241585829-150x150.jpeg",150,150,true],"medium":["https:\/\/www.anika-net.de\/wp-content\/uploads\/2025\/06\/AdobeStock_1241585829-300x135.jpeg",300,135,true],"medium_large":["https:\/\/www.anika-net.de\/wp-content\/uploads\/2025\/06\/AdobeStock_1241585829-768x346.jpeg",640,288,true],"large":["https:\/\/www.anika-net.de\/wp-content\/uploads\/2025\/06\/AdobeStock_1241585829-1024x461.jpeg",640,288,true],"1536x1536":["https:\/\/www.anika-net.de\/wp-content\/uploads\/2025\/06\/AdobeStock_1241585829-1536x691.jpeg",1536,691,true],"2048x2048":["https:\/\/www.anika-net.de\/wp-content\/uploads\/2025\/06\/AdobeStock_1241585829-2048x922.jpeg",2048,922,true],"event-overview":["https:\/\/www.anika-net.de\/wp-content\/uploads\/2025\/06\/AdobeStock_1241585829-960x640.jpeg",960,640,true],"event-archive-thumb":["https:\/\/www.anika-net.de\/wp-content\/uploads\/2025\/06\/AdobeStock_1241585829-480x216.jpeg",480,216,true],"grid-item-thumbnail":["https:\/\/www.anika-net.de\/wp-content\/uploads\/2025\/06\/AdobeStock_1241585829-360x200.jpeg",360,200,true],"network-partner-icon":["https:\/\/www.anika-net.de\/wp-content\/uploads\/2025\/06\/AdobeStock_1241585829-100x100.jpeg",100,100,true],"organiser-icon":["https:\/\/www.anika-net.de\/wp-content\/uploads\/2025\/06\/AdobeStock_1241585829-200x200.jpeg",200,200,true],"gform-image-choice-sm":["https:\/\/www.anika-net.de\/wp-content\/uploads\/2025\/06\/AdobeStock_1241585829-scaled.jpeg",300,135,false],"gform-image-choice-md":["https:\/\/www.anika-net.de\/wp-content\/uploads\/2025\/06\/AdobeStock_1241585829-scaled.jpeg",400,180,false],"gform-image-choice-lg":["https:\/\/www.anika-net.de\/wp-content\/uploads\/2025\/06\/AdobeStock_1241585829-scaled.jpeg",600,270,false]},"post_excerpt_stackable_v2":"<p>Vous cher\u00adchez des conseils, du sou\u00adtien ou quel\u00adqu\u2019un qui peut vous aider \u00e0 trou\u00adver votre che\u00admin \u00e0 Karls\u00adruhe&nbsp;? Men\u00adto\u00adring in Karls\u00adruhe \u2013 Obte\u00adnir du sou\u00adtien, apprendre, se connec\u00adter Vous aider \u00e0 vous ins\u00adtal\u00adler, \u00e0 apprendre et \u00e0 vous d\u00e9ve\u00adlop\u00adper Vous venez d\u2019ar\u00adri\u00adver \u00e0 Karls\u00adruhe et vous avez besoin d\u2019aide, de conseils ou de contacts&nbsp;?Les pro\u00adgrammes de men\u00adto\u00adrat peuvent vous aider \u00e0 vous sen\u00adtir chez vous, \u00e0 apprendre la langue, \u00e0 nouer des ami\u00adti\u00e9s et \u00e0 vous d\u00e9ve\u00adlop\u00adper sur le plan pro\u00adfes\u00adsion\u00adnel ou per\u00adson\u00adnel. Sur cette page, vous trou\u00adve\u00adrez un aper\u00ad\u00e7u des ini\u00adtia\u00adtives de men\u00adto\u00adrat pro\u00adpo\u00ads\u00e9es par dif\u00adf\u00e9\u00adrentes orga\u00adni\u00adsa\u00adtions \u00e0 Karlsruhe\u2026<\/p>\n","category_list_v2":"","author_info_v2":{"name":"Andrea Ramirez","url":"https:\/\/www.anika-net.de\/fr\/author\/andrea-ramirez\/"},"comments_num_v2":"0 commentaire","uagb_featured_image_src":{"full":["https:\/\/www.anika-net.de\/wp-content\/uploads\/2025\/06\/AdobeStock_1241585829-scaled.jpeg",2560,1152,false],"thumbnail":["https:\/\/www.anika-net.de\/wp-content\/uploads\/2025\/06\/AdobeStock_1241585829-150x150.jpeg",150,150,true],"medium":["https:\/\/www.anika-net.de\/wp-content\/uploads\/2025\/06\/AdobeStock_1241585829-300x135.jpeg",300,135,true],"medium_large":["https:\/\/www.anika-net.de\/wp-content\/uploads\/2025\/06\/AdobeStock_1241585829-768x346.jpeg",640,288,true],"large":["https:\/\/www.anika-net.de\/wp-content\/uploads\/2025\/06\/AdobeStock_1241585829-1024x461.jpeg",640,288,true],"1536x1536":["https:\/\/www.anika-net.de\/wp-content\/uploads\/2025\/06\/AdobeStock_1241585829-1536x691.jpeg",1536,691,true],"2048x2048":["https:\/\/www.anika-net.de\/wp-content\/uploads\/2025\/06\/AdobeStock_1241585829-2048x922.jpeg",2048,922,true],"event-overview":["https:\/\/www.anika-net.de\/wp-content\/uploads\/2025\/06\/AdobeStock_1241585829-960x640.jpeg",960,640,true],"event-archive-thumb":["https:\/\/www.anika-net.de\/wp-content\/uploads\/2025\/06\/AdobeStock_1241585829-480x216.jpeg",480,216,true],"grid-item-thumbnail":["https:\/\/www.anika-net.de\/wp-content\/uploads\/2025\/06\/AdobeStock_1241585829-360x200.jpeg",360,200,true],"network-partner-icon":["https:\/\/www.anika-net.de\/wp-content\/uploads\/2025\/06\/AdobeStock_1241585829-100x100.jpeg",100,100,true],"organiser-icon":["https:\/\/www.anika-net.de\/wp-content\/uploads\/2025\/06\/AdobeStock_1241585829-200x200.jpeg",200,200,true],"gform-image-choice-sm":["https:\/\/www.anika-net.de\/wp-content\/uploads\/2025\/06\/AdobeStock_1241585829-scaled.jpeg",300,135,false],"gform-image-choice-md":["https:\/\/www.anika-net.de\/wp-content\/uploads\/2025\/06\/AdobeStock_1241585829-scaled.jpeg",400,180,false],"gform-image-choice-lg":["https:\/\/www.anika-net.de\/wp-content\/uploads\/2025\/06\/AdobeStock_1241585829-scaled.jpeg",600,270,false]},"uagb_author_info":{"display_name":"Andrea Ramirez","author_link":"https:\/\/www.anika-net.de\/fr\/author\/andrea-ramirez\/"},"uagb_comment_info":0,"uagb_excerpt":"Vous cher\u00adchez des conseils, du sou\u00adtien ou quel\u00adqu\u2019un qui peut vous aider \u00e0 trou\u00adver votre che\u00admin \u00e0 Karlsruhe&nbsp;? Men\u00adto\u00adring in Karls\u00adruhe - Obte\u00adnir du sou\u00adtien, apprendre, se connecter Vous aider&nbsp;lire plus","_links":{"self":[{"href":"https:\/\/www.anika-net.de\/fr\/wp-json\/wp\/v2\/event\/62848","targetHints":{"allow":["GET"]}}],"collection":[{"href":"https:\/\/www.anika-net.de\/fr\/wp-json\/wp\/v2\/event"}],"about":[{"href":"https:\/\/www.anika-net.de\/fr\/wp-json\/wp\/v2\/types\/event"}],"author":[{"embeddable":true,"href":"https:\/\/www.anika-net.de\/fr\/wp-json\/wp\/v2\/users\/12"}],"version-history":[{"count":0,"href":"https:\/\/www.anika-net.de\/fr\/wp-json\/wp\/v2\/event\/62848\/revisions"}],"acf:post":[{"embeddable":true,"href":"https:\/\/www.anika-net.de\/fr\/wp-json\/wp\/v2\/organiser\/63994"}],"acf:term":[{"embeddable":true,"taxonomy":"event_category","href":"https:\/\/www.anika-net.de\/fr\/wp-json\/wp\/v2\/event_category\/48"}],"wp:featuredmedia":[{"embeddable":true,"href":"https:\/\/www.anika-net.de\/fr\/wp-json\/wp\/v2\/media\/63259"}],"wp:attachment":[{"href":"https:\/\/www.anika-net.de\/fr\/wp-json\/wp\/v2\/media?parent=62848"}],"curies":[{"name":"wp","href":"https:\/\/api.w.org\/{rel}","templated":true}]}}