{"id":61511,"date":"2025-05-20T12:13:05","date_gmt":"2025-05-20T10:13:05","guid":{"rendered":"https:\/\/www.anika-net.de\/event\/preparation-a-laccouchement-ventre-a-ventre-pour-les-adolescentes-enceintes\/"},"modified":"2025-05-20T12:13:05","modified_gmt":"2025-05-20T10:13:05","slug":"preparation-a-laccouchement-ventre-a-ventre-pour-les-adolescentes-enceintes","status":"publish","type":"event","link":"https:\/\/www.anika-net.de\/fr\/event\/preparation-a-laccouchement-ventre-a-ventre-pour-les-adolescentes-enceintes\/","title":{"rendered":"Pr\u00e9\u00adpa\u00adra\u00adtion \u00e0 l\u2019ac\u00adcou\u00adche\u00adment \u00ab&nbsp;ventre \u00e0 ventre&nbsp;\u00bb pour les ado\u00adles\u00adcentes enceintes"},"content":{"rendered":"<h3><span style=\"color: #666699;\">pro fami\u00adlia<\/span><\/h3>\n<h1><span style=\"color: #ffcc00;\">Pr\u00e9\u00adpa\u00adra\u00adtion \u00e0 l\u2019ac\u00adcou\u00adche\u00adment \u00ab&nbsp;ventre \u00e0 ventre&nbsp;\u00bb pour les ado\u00adles\u00adcentes enceintes<br>\n<\/span><\/h1>\n<p>Le cours <strong>\u00ab&nbsp;Bel\u00adly to Bel\u00adly&nbsp;\u00bb<\/strong> est pro\u00adpo\u00ads\u00e9 sp\u00e9\u00adcia\u00adle\u00adment aux jeunes femmes enceintes qui sou\u00adhaitent \u00eatre accom\u00adpa\u00adgn\u00e9es et sou\u00adte\u00adnues pen\u00addant leur grossesse.<br>\nNous vou\u00adlons nous pr\u00e9\u00adpa\u00adrer inten\u00adsi\u00adve\u00adment \u00e0 la nais\u00adsance, tout en tenant compte de la situa\u00adtion par\u00adti\u00adcu\u00adli\u00e8re des adolescents.<\/p>\n<p><strong>Le cours est ani\u00adm\u00e9 par une sage-femme et une assis\u00adtante sociale.<\/strong><\/p>\n<p><strong><span style=\"color: #008080;\">La pr\u00e9\u00adpa\u00adra\u00adtion \u00e0 l\u2019ac\u00adcou\u00adche\u00adment comprend<\/span><\/strong><\/p>\n<ul>\n<li>Infor\u00adma\u00adtions sur la naissance<\/li>\n<li>M\u00e9thodes de relaxation<\/li>\n<li>Tech\u00adniques de respiration<\/li>\n<li>Recon\u00adna\u00eetre les signaux du&nbsp;corps<\/li>\n<li>Soins aux&nbsp;b\u00e9b\u00e9s<\/li>\n<\/ul>\n<p><span style=\"color: #008080;\"><strong>Autres sujets importants&nbsp;:<\/strong><\/span><\/p>\n<ul>\n<li>  Ques\u00adtions sur la garde des enfants<\/li>\n<li>Aide finan\u00adci\u00e8re<\/li>\n<li>Droits et devoirs du futur&nbsp;p\u00e8re<\/li>\n<li>Effets sur les rela\u00adtions (par\u00adte\u00adnaires, parents)<\/li>\n<li>\u00ab&nbsp;Com\u00adment me vois-je en tant que&nbsp;m\u00e8re&nbsp;?<\/li>\n<\/ul>\n","protected":false},"author":12,"featured_media":61496,"template":"","class_list":["post-61511","event","type-event","status-publish","has-post-thumbnail","hentry","event_category-counselling-assistance-services"],"acf":{"event-recurring":false,"event-category":48,"event-is-language-course":false,"event-recurring-still-active":true,"event-display-details":true,"event-schedules-recurring":null,"event-schedules-calendar":[{"event-calendar-day":"20250714","event-calendar-time":"16:00 \u2013 18:00","event-calendar-time-text":""},{"event-calendar-day":"20250721","event-calendar-time":"16:00 \u2013 18:00","event-calendar-time-text":""},{"event-calendar-day":"20250728","event-calendar-time":"16:00 \u2013 18:00","event-calendar-time-text":""},{"event-calendar-day":"20250804","event-calendar-time":"16:00 \u2013 18:00","event-calendar-time-text":""},{"event-calendar-day":"20250811","event-calendar-time":"16:00 \u2013 18:00","event-calendar-time-text":""},{"event-calendar-day":"20250818","event-calendar-time":"16:00 \u2013 18:00","event-calendar-time-text":""},{"event-calendar-day":"20250825","event-calendar-time":"16:00 \u2013 18:00","event-calendar-time-text":""}],"event-is-online":false,"event-online-url":"","event-location-building":"Pro familia","event-location-street":" Leopoldstr. 5","event-location-zip":"76133","event-location-city":"Karlsruhe","event-location-contact-person":"Familienhebamme Birgit Kr\u00e4nzler-Haas \/ Sabine Wei\u00df","event-location-phone":"01575 1059005","event-location-phone-2":"","event-location-mail":"birgit.kraenzler-haas@profamilia.de","event-location-mail-2":"sabine.weiss@profamilia.de","event-location-website":"https:\/\/www.profamilia.de\/angebote-vor-ort\/baden-wuerttemberg\/beratungsstelle-karlsruhe","event-target-group":null,"event-target-group-comment":"pour les femmes enceintes adolescentes","event-free":true,"event-organiser":[11365],"event-header-copyright-overlay":true,"event-copyright-note-description-end":false},"featured_image_urls_v2":{"full":["https:\/\/www.anika-net.de\/wp-content\/uploads\/2025\/05\/bauch-an-bauch.png",461,395,false],"thumbnail":["https:\/\/www.anika-net.de\/wp-content\/uploads\/2025\/05\/bauch-an-bauch-150x150.png",150,150,true],"medium":["https:\/\/www.anika-net.de\/wp-content\/uploads\/2025\/05\/bauch-an-bauch-300x257.png",300,257,true],"medium_large":["https:\/\/www.anika-net.de\/wp-content\/uploads\/2025\/05\/bauch-an-bauch.png",461,395,false],"large":["https:\/\/www.anika-net.de\/wp-content\/uploads\/2025\/05\/bauch-an-bauch.png",461,395,false],"1536x1536":["https:\/\/www.anika-net.de\/wp-content\/uploads\/2025\/05\/bauch-an-bauch.png",461,395,false],"2048x2048":["https:\/\/www.anika-net.de\/wp-content\/uploads\/2025\/05\/bauch-an-bauch.png",461,395,false],"event-overview":["https:\/\/www.anika-net.de\/wp-content\/uploads\/2025\/05\/bauch-an-bauch.png",461,395,false],"event-archive-thumb":["https:\/\/www.anika-net.de\/wp-content\/uploads\/2025\/05\/bauch-an-bauch.png",461,395,false],"grid-item-thumbnail":["https:\/\/www.anika-net.de\/wp-content\/uploads\/2025\/05\/bauch-an-bauch-360x200.png",360,200,true],"network-partner-icon":["https:\/\/www.anika-net.de\/wp-content\/uploads\/2025\/05\/bauch-an-bauch-100x100.png",100,100,true],"organiser-icon":["https:\/\/www.anika-net.de\/wp-content\/uploads\/2025\/05\/bauch-an-bauch-200x200.png",200,200,true],"gform-image-choice-sm":["https:\/\/www.anika-net.de\/wp-content\/uploads\/2025\/05\/bauch-an-bauch.png",300,257,false],"gform-image-choice-md":["https:\/\/www.anika-net.de\/wp-content\/uploads\/2025\/05\/bauch-an-bauch.png",400,343,false],"gform-image-choice-lg":["https:\/\/www.anika-net.de\/wp-content\/uploads\/2025\/05\/bauch-an-bauch.png",461,395,false]},"post_excerpt_stackable_v2":"<p>pro fami\u00adlia Pr\u00e9\u00adpa\u00adra\u00adtion \u00e0 l\u2019ac\u00adcou\u00adche\u00adment \u00ab&nbsp;ventre \u00e0 ventre&nbsp;\u00bb pour les ado\u00adles\u00adcentes enceintes Le cours \u00ab&nbsp;Bel\u00adly to Bel\u00adly&nbsp;\u00bb est pro\u00adpo\u00ads\u00e9 sp\u00e9\u00adcia\u00adle\u00adment aux jeunes femmes enceintes qui sou\u00adhaitent \u00eatre accom\u00adpa\u00adgn\u00e9es et sou\u00adte\u00adnues pen\u00addant leur gros\u00adsesse. Nous vou\u00adlons nous pr\u00e9\u00adpa\u00adrer inten\u00adsi\u00adve\u00adment \u00e0 la nais\u00adsance, tout en tenant compte de la situa\u00adtion par\u00adti\u00adcu\u00adli\u00e8re des ado\u00adles\u00adcents. Le cours est ani\u00adm\u00e9 par une sage-femme et une assis\u00adtante sociale. La pr\u00e9\u00adpa\u00adra\u00adtion \u00e0 l\u2019ac\u00adcou\u00adche\u00adment com\u00adprend Infor\u00adma\u00adtions sur la nais\u00adsance M\u00e9thodes de relaxa\u00adtion Tech\u00adniques de res\u00adpi\u00adra\u00adtion Recon\u00adna\u00eetre les signaux du&nbsp;corps Soins aux&nbsp;b\u00e9b\u00e9s Autres sujets impor\u00adtants&nbsp;: Ques\u00adtions sur la garde des enfants Aide finan\u00adci\u00e8re Droits et devoirs du futur&nbsp;p\u00e8re Effets\u2026<\/p>\n","category_list_v2":"","author_info_v2":{"name":"Andrea Ramirez","url":"https:\/\/www.anika-net.de\/fr\/author\/andrea-ramirez\/"},"comments_num_v2":"0 commentaire","uagb_featured_image_src":{"full":["https:\/\/www.anika-net.de\/wp-content\/uploads\/2025\/05\/bauch-an-bauch.png",461,395,false],"thumbnail":["https:\/\/www.anika-net.de\/wp-content\/uploads\/2025\/05\/bauch-an-bauch-150x150.png",150,150,true],"medium":["https:\/\/www.anika-net.de\/wp-content\/uploads\/2025\/05\/bauch-an-bauch-300x257.png",300,257,true],"medium_large":["https:\/\/www.anika-net.de\/wp-content\/uploads\/2025\/05\/bauch-an-bauch.png",461,395,false],"large":["https:\/\/www.anika-net.de\/wp-content\/uploads\/2025\/05\/bauch-an-bauch.png",461,395,false],"1536x1536":["https:\/\/www.anika-net.de\/wp-content\/uploads\/2025\/05\/bauch-an-bauch.png",461,395,false],"2048x2048":["https:\/\/www.anika-net.de\/wp-content\/uploads\/2025\/05\/bauch-an-bauch.png",461,395,false],"event-overview":["https:\/\/www.anika-net.de\/wp-content\/uploads\/2025\/05\/bauch-an-bauch.png",461,395,false],"event-archive-thumb":["https:\/\/www.anika-net.de\/wp-content\/uploads\/2025\/05\/bauch-an-bauch.png",461,395,false],"grid-item-thumbnail":["https:\/\/www.anika-net.de\/wp-content\/uploads\/2025\/05\/bauch-an-bauch-360x200.png",360,200,true],"network-partner-icon":["https:\/\/www.anika-net.de\/wp-content\/uploads\/2025\/05\/bauch-an-bauch-100x100.png",100,100,true],"organiser-icon":["https:\/\/www.anika-net.de\/wp-content\/uploads\/2025\/05\/bauch-an-bauch-200x200.png",200,200,true],"gform-image-choice-sm":["https:\/\/www.anika-net.de\/wp-content\/uploads\/2025\/05\/bauch-an-bauch.png",300,257,false],"gform-image-choice-md":["https:\/\/www.anika-net.de\/wp-content\/uploads\/2025\/05\/bauch-an-bauch.png",400,343,false],"gform-image-choice-lg":["https:\/\/www.anika-net.de\/wp-content\/uploads\/2025\/05\/bauch-an-bauch.png",461,395,false]},"uagb_author_info":{"display_name":"Andrea Ramirez","author_link":"https:\/\/www.anika-net.de\/fr\/author\/andrea-ramirez\/"},"uagb_comment_info":0,"uagb_excerpt":"pro fami\u00adlia Pr\u00e9\u00adpa\u00adra\u00adtion \u00e0 l\u2019ac\u00adcou\u00adche\u00adment \u00ab&nbsp;ventre \u00e0 ventre&nbsp;\u00bb pour les ado\u00adles\u00adcentes enceintes Le cours \u00ab&nbsp;Bel\u00adly to Bel\u00adly&nbsp;\u00bb est pro\u00adpo\u00ads\u00e9 sp\u00e9\u00adcia\u00adle\u00adment aux jeunes femmes enceintes qui sou\u00adhaitent \u00eatre accom\u00adpa\u00adgn\u00e9es et sou\u00adte\u00adnues&nbsp;lire plus","_links":{"self":[{"href":"https:\/\/www.anika-net.de\/fr\/wp-json\/wp\/v2\/event\/61511","targetHints":{"allow":["GET"]}}],"collection":[{"href":"https:\/\/www.anika-net.de\/fr\/wp-json\/wp\/v2\/event"}],"about":[{"href":"https:\/\/www.anika-net.de\/fr\/wp-json\/wp\/v2\/types\/event"}],"author":[{"embeddable":true,"href":"https:\/\/www.anika-net.de\/fr\/wp-json\/wp\/v2\/users\/12"}],"version-history":[{"count":0,"href":"https:\/\/www.anika-net.de\/fr\/wp-json\/wp\/v2\/event\/61511\/revisions"}],"acf:post":[{"embeddable":true,"href":"https:\/\/www.anika-net.de\/fr\/wp-json\/wp\/v2\/organiser\/11365"}],"acf:term":[{"embeddable":true,"taxonomy":"event_category","href":"https:\/\/www.anika-net.de\/fr\/wp-json\/wp\/v2\/event_category\/48"}],"wp:featuredmedia":[{"embeddable":true,"href":"https:\/\/www.anika-net.de\/fr\/wp-json\/wp\/v2\/media\/61496"}],"wp:attachment":[{"href":"https:\/\/www.anika-net.de\/fr\/wp-json\/wp\/v2\/media?parent=61511"}],"curies":[{"name":"wp","href":"https:\/\/api.w.org\/{rel}","templated":true}]}}