{"id":61315,"date":"2025-05-15T13:16:08","date_gmt":"2025-05-15T11:16:08","guid":{"rendered":"https:\/\/www.anika-net.de\/event\/cours-de-langue-pour-apprentis\/"},"modified":"2025-05-15T13:16:08","modified_gmt":"2025-05-15T11:16:08","slug":"cours-de-langue-pour-apprentis","status":"publish","type":"event","link":"https:\/\/www.anika-net.de\/fr\/event\/cours-de-langue-pour-apprentis\/","title":{"rendered":"Cours de langue pour apprentis"},"content":{"rendered":"<h3><span style=\"color: #666699;\">\u00c0 l\u2019u\u00adni\u00adver\u00adsi\u00adt\u00e9 popu\u00adlaire de Karlsruhe<\/span><\/h3>\n<h1><span style=\"color: #ff9900;\">Cours de langue pour apprentis<\/span><\/h1>\n<blockquote><p><span style=\"color: #808080;\"><em><strong>Accom\u00adpa\u00adgner ou pr\u00e9\u00adpa\u00adrer une for\u00adma\u00adtion, 70 \u00e0 150 le\u00e7ons<\/strong><\/em><\/span><\/p><\/blockquote>\n<ul>\n<li><strong>Temps d\u2019en\u00adsei\u00adgne\u00adment&nbsp;:<\/strong> en concer\u00adta\u00adtion avec l\u2019\u00e9\u00adcole pro\u00adfes\u00adsion\u00adnelle, <strong>deux ou trois fois par semaine<\/strong>.<\/li>\n<li>Pas de cours pen\u00addant les vacances<\/li>\n<li> <strong> Lieu du cours&nbsp;:<\/strong> \u00e0 l\u2019\u00e9\u00adcole pro\u00adfes\u00adsion\u00adnelle de langues ou \u00e0 l\u2019\u00e9\u00adcole de langues de Karlsruhe.<\/li>\n<\/ul>\n<p><strong><span style=\"color: #008080;\">Pr\u00e9\u00adre\u00adquis<\/span><\/strong><\/p>\n<ul>\n<li>Les par\u00adti\u00adci\u00adpants ont besoin d\u2019un contrat de for\u00adma\u00adtion pour prendre part au BSK pour sta\u00adgiaires avant la formation.<\/li>\n<li>La for\u00adma\u00adtion d\u2019ac\u00adcom\u00adpa\u00adgne\u00adment des sta\u00adgiaires-BSK s\u2019a\u00addresse aux sta\u00adgiaires d\u2019une ann\u00e9e de for\u00adma\u00adtion et d\u2019un m\u00e9tier sp\u00e9cifiques.<\/li>\n<\/ul>\n<p><strong><span style=\"color: #008080;\">Vos avan\u00adtages<\/span><\/strong><\/p>\n<ul>\n<li>Le vhs Karls\u00adruhe sou\u00admet les demandes n\u00e9ces\u00adsaires au&nbsp;BAMF<\/li>\n<li>Une atmo\u00adsph\u00e8re d\u2019ap\u00adpren\u00adtis\u00adsage agr\u00e9able et des for\u00adma\u00adteurs exp\u00e9riment\u00e9s<\/li>\n<li>Les par\u00adti\u00adci\u00adpants cor\u00adrigent leurs d\u00e9fi\u00adcits lin\u00adguis\u00adtiques et acqui\u00e8rent des com\u00adp\u00e9\u00adtences cl\u00e9s pour les cours de l\u2019\u00e9\u00adcole professionnelle.<\/li>\n<\/ul>\n<p><span style=\"color: #800080;\"><strong>Si vous \u00eates int\u00e9ress\u00e9(e), contactez-nous&nbsp;!<\/strong><\/span><\/p>\n","protected":false},"author":12,"featured_media":6346,"template":"","class_list":["post-61315","event","type-event","status-publish","has-post-thumbnail","hentry","event_category-education"],"acf":{"event-recurring":false,"event-category":49,"event-is-language-course":false,"event-recurring-still-active":true,"event-display-details":true,"event-schedules-recurring":null,"event-schedules-calendar":[{"event-calendar-day":"20250602","event-calendar-time":"","event-calendar-time-text":""}],"event-is-online":false,"event-online-url":"","event-location-building":"Berufsprachschule oder an der vhs","event-location-street":"Kaiserallee 12e","event-location-zip":"76133","event-location-city":"Karlsruhe","event-location-contact-person":"","event-location-phone":"0721 \/ 985-75-19","event-location-phone-2":"","event-location-mail":"ursulescu@vhs-karlsruhe.de","event-location-mail-2":"","event-location-website":"","event-target-group":[{"target-group":"all"}],"event-target-group-comment":"","event-free":true,"event-organiser":[11329],"event-header-copyright-overlay":true,"event-copyright-note-description-end":false},"featured_image_urls_v2":{"full":["https:\/\/www.anika-net.de\/wp-content\/uploads\/2021\/05\/VHS_Logo.png",151,112,false],"thumbnail":["https:\/\/www.anika-net.de\/wp-content\/uploads\/2021\/05\/VHS_Logo.png",150,111,false],"medium":["https:\/\/www.anika-net.de\/wp-content\/uploads\/2021\/05\/VHS_Logo.png",151,112,false],"medium_large":["https:\/\/www.anika-net.de\/wp-content\/uploads\/2021\/05\/VHS_Logo.png",151,112,false],"large":["https:\/\/www.anika-net.de\/wp-content\/uploads\/2021\/05\/VHS_Logo.png",151,112,false],"1536x1536":["https:\/\/www.anika-net.de\/wp-content\/uploads\/2021\/05\/VHS_Logo.png",151,112,false],"2048x2048":["https:\/\/www.anika-net.de\/wp-content\/uploads\/2021\/05\/VHS_Logo.png",151,112,false],"event-overview":["https:\/\/www.anika-net.de\/wp-content\/uploads\/2021\/05\/VHS_Logo.png",151,112,false],"event-archive-thumb":["https:\/\/www.anika-net.de\/wp-content\/uploads\/2021\/05\/VHS_Logo.png",151,112,false],"grid-item-thumbnail":["https:\/\/www.anika-net.de\/wp-content\/uploads\/2021\/05\/VHS_Logo.png",151,112,false],"network-partner-icon":["https:\/\/www.anika-net.de\/wp-content\/uploads\/2021\/05\/VHS_Logo-100x100.png",100,100,true],"organiser-icon":["https:\/\/www.anika-net.de\/wp-content\/uploads\/2021\/05\/VHS_Logo.png",151,112,false],"gform-image-choice-sm":["https:\/\/www.anika-net.de\/wp-content\/uploads\/2021\/05\/VHS_Logo.png",151,112,false],"gform-image-choice-md":["https:\/\/www.anika-net.de\/wp-content\/uploads\/2021\/05\/VHS_Logo.png",151,112,false],"gform-image-choice-lg":["https:\/\/www.anika-net.de\/wp-content\/uploads\/2021\/05\/VHS_Logo.png",151,112,false]},"post_excerpt_stackable_v2":"<p>\u00c0 l\u2019u\u00adni\u00adver\u00adsi\u00adt\u00e9 popu\u00adlaire de Karls\u00adruhe Cours de langue pour appren\u00adtis Accom\u00adpa\u00adgner ou pr\u00e9\u00adpa\u00adrer une for\u00adma\u00adtion, 70 \u00e0 150 le\u00e7ons Temps d\u2019en\u00adsei\u00adgne\u00adment&nbsp;: en concer\u00adta\u00adtion avec l\u2019\u00e9\u00adcole pro\u00adfes\u00adsion\u00adnelle, deux ou trois fois par semaine. Pas de cours pen\u00addant les vacances Lieu du cours&nbsp;: \u00e0 l\u2019\u00e9\u00adcole pro\u00adfes\u00adsion\u00adnelle de langues ou \u00e0 l\u2019\u00e9\u00adcole de langues de Karls\u00adruhe. Pr\u00e9\u00adre\u00adquis Les par\u00adti\u00adci\u00adpants ont besoin d\u2019un contrat de for\u00adma\u00adtion pour prendre part au BSK pour sta\u00adgiaires avant la for\u00adma\u00adtion. La for\u00adma\u00adtion d\u2019ac\u00adcom\u00adpa\u00adgne\u00adment des sta\u00ad\u00adgiaires-BSK s\u2019a\u00addresse aux sta\u00adgiaires d\u2019une ann\u00e9e de for\u00adma\u00adtion et d\u2019un m\u00e9tier sp\u00e9\u00adci\u00adfiques. Vos avan\u00adtages Le vhs Karls\u00adruhe sou\u00admet les demandes n\u00e9ces\u00adsaires au&nbsp;BAMF Une atmosph\u00e8re\u2026<\/p>\n","category_list_v2":"","author_info_v2":{"name":"Andrea Ramirez","url":"https:\/\/www.anika-net.de\/fr\/author\/andrea-ramirez\/"},"comments_num_v2":"0 commentaire","uagb_featured_image_src":{"full":["https:\/\/www.anika-net.de\/wp-content\/uploads\/2021\/05\/VHS_Logo.png",151,112,false],"thumbnail":["https:\/\/www.anika-net.de\/wp-content\/uploads\/2021\/05\/VHS_Logo.png",150,111,false],"medium":["https:\/\/www.anika-net.de\/wp-content\/uploads\/2021\/05\/VHS_Logo.png",151,112,false],"medium_large":["https:\/\/www.anika-net.de\/wp-content\/uploads\/2021\/05\/VHS_Logo.png",151,112,false],"large":["https:\/\/www.anika-net.de\/wp-content\/uploads\/2021\/05\/VHS_Logo.png",151,112,false],"1536x1536":["https:\/\/www.anika-net.de\/wp-content\/uploads\/2021\/05\/VHS_Logo.png",151,112,false],"2048x2048":["https:\/\/www.anika-net.de\/wp-content\/uploads\/2021\/05\/VHS_Logo.png",151,112,false],"event-overview":["https:\/\/www.anika-net.de\/wp-content\/uploads\/2021\/05\/VHS_Logo.png",151,112,false],"event-archive-thumb":["https:\/\/www.anika-net.de\/wp-content\/uploads\/2021\/05\/VHS_Logo.png",151,112,false],"grid-item-thumbnail":["https:\/\/www.anika-net.de\/wp-content\/uploads\/2021\/05\/VHS_Logo.png",151,112,false],"network-partner-icon":["https:\/\/www.anika-net.de\/wp-content\/uploads\/2021\/05\/VHS_Logo-100x100.png",100,100,true],"organiser-icon":["https:\/\/www.anika-net.de\/wp-content\/uploads\/2021\/05\/VHS_Logo.png",151,112,false],"gform-image-choice-sm":["https:\/\/www.anika-net.de\/wp-content\/uploads\/2021\/05\/VHS_Logo.png",151,112,false],"gform-image-choice-md":["https:\/\/www.anika-net.de\/wp-content\/uploads\/2021\/05\/VHS_Logo.png",151,112,false],"gform-image-choice-lg":["https:\/\/www.anika-net.de\/wp-content\/uploads\/2021\/05\/VHS_Logo.png",151,112,false]},"uagb_author_info":{"display_name":"Andrea Ramirez","author_link":"https:\/\/www.anika-net.de\/fr\/author\/andrea-ramirez\/"},"uagb_comment_info":0,"uagb_excerpt":"\u00c0 l\u2019u\u00adni\u00adver\u00adsi\u00adt\u00e9 popu\u00adlaire de Karlsruhe Cours de langue pour apprentis Accom\u00adpa\u00adgner ou pr\u00e9\u00adpa\u00adrer une for\u00adma\u00adtion, 70 \u00e0 150 le\u00e7ons Temps d\u2019en\u00adsei\u00adgne\u00adment&nbsp;: en concer\u00adta\u00adtion avec l\u2019\u00e9\u00adcole pro\u00adfes\u00adsion\u00adnelle, deux ou trois fois&nbsp;lire plus","_links":{"self":[{"href":"https:\/\/www.anika-net.de\/fr\/wp-json\/wp\/v2\/event\/61315","targetHints":{"allow":["GET"]}}],"collection":[{"href":"https:\/\/www.anika-net.de\/fr\/wp-json\/wp\/v2\/event"}],"about":[{"href":"https:\/\/www.anika-net.de\/fr\/wp-json\/wp\/v2\/types\/event"}],"author":[{"embeddable":true,"href":"https:\/\/www.anika-net.de\/fr\/wp-json\/wp\/v2\/users\/12"}],"version-history":[{"count":0,"href":"https:\/\/www.anika-net.de\/fr\/wp-json\/wp\/v2\/event\/61315\/revisions"}],"acf:post":[{"embeddable":true,"href":"https:\/\/www.anika-net.de\/fr\/wp-json\/wp\/v2\/organiser\/11329"}],"acf:term":[{"embeddable":true,"taxonomy":"event_category","href":"https:\/\/www.anika-net.de\/fr\/wp-json\/wp\/v2\/event_category\/49"}],"wp:featuredmedia":[{"embeddable":true,"href":"https:\/\/www.anika-net.de\/fr\/wp-json\/wp\/v2\/media\/6346"}],"wp:attachment":[{"href":"https:\/\/www.anika-net.de\/fr\/wp-json\/wp\/v2\/media?parent=61315"}],"curies":[{"name":"wp","href":"https:\/\/api.w.org\/{rel}","templated":true}]}}