{"id":59891,"date":"2025-03-17T12:20:11","date_gmt":"2025-03-17T11:20:11","guid":{"rendered":"https:\/\/www.anika-net.de\/event\/cours-en-ligne-preparation-aux-etudes-stem\/"},"modified":"2025-03-17T12:20:11","modified_gmt":"2025-03-17T11:20:11","slug":"cours-en-ligne-preparation-aux-etudes-stem","status":"publish","type":"event","link":"https:\/\/www.anika-net.de\/fr\/event\/cours-en-ligne-preparation-aux-etudes-stem\/","title":{"rendered":"Cours en ligne&nbsp;: Pr\u00e9\u00adpa\u00adra\u00adtion aux \u00e9tudes STEM"},"content":{"rendered":"<p><strong><span style=\"color: #666699;\">VORs\u00adprung \u2013&nbsp;DAAD<\/span><\/strong><\/p>\n<h1><span style=\"color: #ff9900;\">Cours en ligne&nbsp;: Pr\u00e9\u00adpa\u00adra\u00adtion aux \u00e9tudes STEM<\/span><\/h1>\n<blockquote><p><span style=\"color: #808080;\"><em>VORs\u00adprung est un cours en ligne qui vous aide \u00e0 pr\u00e9\u00adpa\u00adrer des \u00e9tudes scien\u00adti\u00adfiques et tech\u00adniques (MINT) en Allemagne.<\/em><\/span><\/p><\/blockquote>\n<p>Avec le nou\u00adveau pro\u00adgramme de pr\u00e9\u00adpa\u00adra\u00adtion aux \u00e9tudes VORs\u00adprung \u2013 Pr\u00e9\u00adpa\u00adra\u00adtion num\u00e9\u00adrique aux \u00e9tudes STIM, nous offrons aux futurs \u00e9tu\u00addiants inter\u00adna\u00adtio\u00adnaux et aux r\u00e9fu\u00adgi\u00e9s en Alle\u00admagne la pos\u00adsi\u00adbi\u00adli\u00adt\u00e9 de se pr\u00e9\u00adpa\u00adrer pro\u00adfes\u00adsion\u00adnel\u00adle\u00adment et lin\u00adguis\u00adti\u00adque\u00adment aux \u00e9tudes scien\u00adti\u00adfiques et tech\u00adniques en Alle\u00admagne. Le cours en ligne de 6 \u00e0 8 mois est gra\u00adtuit pour les participants.&nbsp;<\/p>\n<h3><span style=\"color: #008080;\">Por\u00adtail de candidature<\/span><\/h3>\n<ul>\n<li>Vous avez des com\u00adp\u00e9\u00adtences lin\u00adguis\u00adtiques en alle\u00admand d\u2019au moins niveau B1.2&nbsp;?<\/li>\n<li>Avez-vous un dipl\u00f4me de fin d\u2019\u00e9\u00adtudes qui vous per\u00admet d\u2019\u00e9\u00adtu\u00addier dans une uni\u00adver\u00adsi\u00adt\u00e9 de votre pays d\u2019origine&nbsp;?<\/li>\n<li>Avez-vous un cer\u00adti\u00adfi\u00adcat de fin d\u2019\u00e9\u00adtudes qui vous per\u00admet\u00adtrait de vous ins\u00adcrire dans un \u00e9ta\u00adblis\u00adse\u00adment d\u2019en\u00adsei\u00adgne\u00adment sup\u00e9\u00adrieur en Allemagne&nbsp;?<\/li>\n<\/ul>\n<h3><span style=\"color: #ff9900;\"><em>Alors posez votre can\u00addi\u00adda\u00adture \u00e0 VORsprung&nbsp;!<\/em><\/span><\/h3>\n<p>Cli\u00adquez ici pour le site \u2197\ufe0f  <a href=\"https:\/\/www.daad.de\/surveys\/255647?lang=de\" rel=\"noopener\"><span style=\"color: #008080;\"><strong>por\u00adtail de candidature<\/strong><\/span><\/a><\/p>\n<p><strong>\ud83d\udcc6 Le por\u00adtail de can\u00addi\u00adda\u00adture est ouvert jus\u00adqu\u2019au 30.6.2025<\/strong> \/ 23:59&nbsp;h.<br>\nCen\u00adtral Euro\u00adpean Time (CET\/MEZ).<\/p>\n<p>\ud83d\udcbb Les par\u00adti\u00adci\u00adpants doivent dis\u00adpo\u00adser d\u2019un PC\/ordinateur por\u00adtable et d\u2019une connexion Inter\u00adnet stable.<br>\n\ud83c\udf93 Les dipl\u00f4\u00adm\u00e9s de VORs\u00adprung obtiennent ensuite une qua\u00adli\u00adfi\u00adca\u00adtion d\u2019en\u00adtr\u00e9e \u00e0 l\u2019u\u00adni\u00adver\u00adsi\u00adt\u00e9 pour cer\u00adtains cours de STEM dans nos uni\u00adver\u00adsi\u00adt\u00e9s partenaires.<\/p>\n<p><strong>\ud83d\udcce <a href=\"https:\/\/www.anika-net.de\/wp-content\/uploads\/2025\/03\/DAAD_VORsprung_Flyer_web.pdf\">Flyer<\/a><\/strong><\/p>\n<hr>\n<h3><span style=\"color: #008080;\">Test<\/span><\/h3>\n<p>Les par\u00adti\u00adci\u00adpants au cours pas\u00adse\u00adront le <strong>Tes\u00adtAS<\/strong> et le <strong> Test\u00adDaF<\/strong> \u00e0 la fin du pro\u00adgramme et auront ensuite acc\u00e8s \u00e0 des cours s\u00e9lec\u00adtion\u00adn\u00e9s dans une uni\u00adver\u00adsi\u00adt\u00e9 allemande.&nbsp;<\/p>\n","protected":false},"author":12,"featured_media":59856,"template":"","class_list":["post-59891","event","type-event","status-publish","has-post-thumbnail","hentry","event_category-education"],"acf":{"event-recurring":false,"event-category":49,"event-is-language-course":false,"event-recurring-still-active":true,"event-display-details":true,"event-schedules-recurring":null,"event-schedules-calendar":[{"event-calendar-day":"20250630","event-calendar-time":"","event-calendar-time-text":"Date limite"}],"event-is-online":true,"event-online-url":"https:\/\/www.daad.de\/surveys\/255647?lang=de","event-location-building":"","event-location-street":"","event-location-zip":"","event-location-city":"","event-location-contact-person":"DAAD","event-location-phone":"","event-location-phone-2":"","event-location-mail":"vorsprung@daad.de","event-location-mail-2":"","event-location-website":"https:\/\/www.daad.de\/de\/der-daad\/querschnittsdimensionen-themen\/digitalisierung\/vorsprung\/","event-target-group":[{"target-group":"students"}],"event-target-group-comment":"","event-free":true,"event-organiser":[59852],"event-header-copyright-overlay":true,"event-copyright-note-description-end":false},"featured_image_urls_v2":{"full":["https:\/\/www.anika-net.de\/wp-content\/uploads\/2025\/03\/Deutscher_Akademischer_Austauschdienst_logo.svg.png",2051,2049,false],"thumbnail":["https:\/\/www.anika-net.de\/wp-content\/uploads\/2025\/03\/Deutscher_Akademischer_Austauschdienst_logo.svg-150x150.png",150,150,true],"medium":["https:\/\/www.anika-net.de\/wp-content\/uploads\/2025\/03\/Deutscher_Akademischer_Austauschdienst_logo.svg-300x300.png",300,300,true],"medium_large":["https:\/\/www.anika-net.de\/wp-content\/uploads\/2025\/03\/Deutscher_Akademischer_Austauschdienst_logo.svg-768x767.png",640,639,true],"large":["https:\/\/www.anika-net.de\/wp-content\/uploads\/2025\/03\/Deutscher_Akademischer_Austauschdienst_logo.svg-1024x1024.png",640,640,true],"1536x1536":["https:\/\/www.anika-net.de\/wp-content\/uploads\/2025\/03\/Deutscher_Akademischer_Austauschdienst_logo.svg-1536x1536.png",1536,1536,true],"2048x2048":["https:\/\/www.anika-net.de\/wp-content\/uploads\/2025\/03\/Deutscher_Akademischer_Austauschdienst_logo.svg-2048x2046.png",2048,2046,true],"event-overview":["https:\/\/www.anika-net.de\/wp-content\/uploads\/2025\/03\/Deutscher_Akademischer_Austauschdienst_logo.svg-960x640.png",960,640,true],"event-archive-thumb":["https:\/\/www.anika-net.de\/wp-content\/uploads\/2025\/03\/Deutscher_Akademischer_Austauschdienst_logo.svg-480x480.png",480,480,true],"grid-item-thumbnail":["https:\/\/www.anika-net.de\/wp-content\/uploads\/2025\/03\/Deutscher_Akademischer_Austauschdienst_logo.svg-360x200.png",360,200,true],"network-partner-icon":["https:\/\/www.anika-net.de\/wp-content\/uploads\/2025\/03\/Deutscher_Akademischer_Austauschdienst_logo.svg-100x100.png",100,100,true],"organiser-icon":["https:\/\/www.anika-net.de\/wp-content\/uploads\/2025\/03\/Deutscher_Akademischer_Austauschdienst_logo.svg-200x200.png",200,200,true],"gform-image-choice-sm":["https:\/\/www.anika-net.de\/wp-content\/uploads\/2025\/03\/Deutscher_Akademischer_Austauschdienst_logo.svg.png",300,300,false],"gform-image-choice-md":["https:\/\/www.anika-net.de\/wp-content\/uploads\/2025\/03\/Deutscher_Akademischer_Austauschdienst_logo.svg.png",400,400,false],"gform-image-choice-lg":["https:\/\/www.anika-net.de\/wp-content\/uploads\/2025\/03\/Deutscher_Akademischer_Austauschdienst_logo.svg.png",600,600,false]},"post_excerpt_stackable_v2":"<p>VORs\u00adprung \u2013&nbsp;DAAD Cours en ligne&nbsp;: Pr\u00e9\u00adpa\u00adra\u00adtion aux \u00e9tudes STEM VORs\u00adprung est un cours en ligne qui vous aide \u00e0 pr\u00e9\u00adpa\u00adrer des \u00e9tudes scien\u00adti\u00adfiques et tech\u00adniques (MINT) en Alle\u00admagne. Avec le nou\u00adveau pro\u00adgramme de pr\u00e9\u00adpa\u00adra\u00adtion aux \u00e9tudes VORs\u00adprung \u2013 Pr\u00e9\u00adpa\u00adra\u00adtion num\u00e9\u00adrique aux \u00e9tudes STIM, nous offrons aux futurs \u00e9tu\u00addiants inter\u00adna\u00adtio\u00adnaux et aux r\u00e9fu\u00adgi\u00e9s en Alle\u00admagne la pos\u00adsi\u00adbi\u00adli\u00adt\u00e9 de se pr\u00e9\u00adpa\u00adrer pro\u00adfes\u00adsion\u00adnel\u00adle\u00adment et lin\u00adguis\u00adti\u00adque\u00adment aux \u00e9tudes scien\u00adti\u00adfiques et tech\u00adniques en Alle\u00admagne. Le cours en ligne de 6 \u00e0 8 mois est gra\u00adtuit pour les par\u00adti\u00adci\u00adpants.&nbsp; Por\u00adtail de can\u00addi\u00adda\u00adture Vous avez des com\u00adp\u00e9\u00adtences lin\u00adguis\u00adtiques en alle\u00admand d\u2019au moins niveau B1.2&nbsp;? Avez-vous un dipl\u00f4me\u2026<\/p>\n","category_list_v2":"","author_info_v2":{"name":"Andrea Ramirez","url":"https:\/\/www.anika-net.de\/fr\/author\/andrea-ramirez\/"},"comments_num_v2":"0 commentaire","uagb_featured_image_src":{"full":["https:\/\/www.anika-net.de\/wp-content\/uploads\/2025\/03\/Deutscher_Akademischer_Austauschdienst_logo.svg.png",2051,2049,false],"thumbnail":["https:\/\/www.anika-net.de\/wp-content\/uploads\/2025\/03\/Deutscher_Akademischer_Austauschdienst_logo.svg-150x150.png",150,150,true],"medium":["https:\/\/www.anika-net.de\/wp-content\/uploads\/2025\/03\/Deutscher_Akademischer_Austauschdienst_logo.svg-300x300.png",300,300,true],"medium_large":["https:\/\/www.anika-net.de\/wp-content\/uploads\/2025\/03\/Deutscher_Akademischer_Austauschdienst_logo.svg-768x767.png",640,639,true],"large":["https:\/\/www.anika-net.de\/wp-content\/uploads\/2025\/03\/Deutscher_Akademischer_Austauschdienst_logo.svg-1024x1024.png",640,640,true],"1536x1536":["https:\/\/www.anika-net.de\/wp-content\/uploads\/2025\/03\/Deutscher_Akademischer_Austauschdienst_logo.svg-1536x1536.png",1536,1536,true],"2048x2048":["https:\/\/www.anika-net.de\/wp-content\/uploads\/2025\/03\/Deutscher_Akademischer_Austauschdienst_logo.svg-2048x2046.png",2048,2046,true],"event-overview":["https:\/\/www.anika-net.de\/wp-content\/uploads\/2025\/03\/Deutscher_Akademischer_Austauschdienst_logo.svg-960x640.png",960,640,true],"event-archive-thumb":["https:\/\/www.anika-net.de\/wp-content\/uploads\/2025\/03\/Deutscher_Akademischer_Austauschdienst_logo.svg-480x480.png",480,480,true],"grid-item-thumbnail":["https:\/\/www.anika-net.de\/wp-content\/uploads\/2025\/03\/Deutscher_Akademischer_Austauschdienst_logo.svg-360x200.png",360,200,true],"network-partner-icon":["https:\/\/www.anika-net.de\/wp-content\/uploads\/2025\/03\/Deutscher_Akademischer_Austauschdienst_logo.svg-100x100.png",100,100,true],"organiser-icon":["https:\/\/www.anika-net.de\/wp-content\/uploads\/2025\/03\/Deutscher_Akademischer_Austauschdienst_logo.svg-200x200.png",200,200,true],"gform-image-choice-sm":["https:\/\/www.anika-net.de\/wp-content\/uploads\/2025\/03\/Deutscher_Akademischer_Austauschdienst_logo.svg.png",300,300,false],"gform-image-choice-md":["https:\/\/www.anika-net.de\/wp-content\/uploads\/2025\/03\/Deutscher_Akademischer_Austauschdienst_logo.svg.png",400,400,false],"gform-image-choice-lg":["https:\/\/www.anika-net.de\/wp-content\/uploads\/2025\/03\/Deutscher_Akademischer_Austauschdienst_logo.svg.png",600,600,false]},"uagb_author_info":{"display_name":"Andrea Ramirez","author_link":"https:\/\/www.anika-net.de\/fr\/author\/andrea-ramirez\/"},"uagb_comment_info":0,"uagb_excerpt":"VORs\u00adprung \u2013&nbsp;DAAD Cours en ligne&nbsp;: Pr\u00e9\u00adpa\u00adra\u00adtion aux \u00e9tudes STEM VORs\u00adprung est un cours en ligne qui vous aide \u00e0 pr\u00e9\u00adpa\u00adrer des \u00e9tudes scien\u00adti\u00adfiques et tech\u00adniques (MINT) en Allemagne. Avec le&nbsp;lire plus","_links":{"self":[{"href":"https:\/\/www.anika-net.de\/fr\/wp-json\/wp\/v2\/event\/59891","targetHints":{"allow":["GET"]}}],"collection":[{"href":"https:\/\/www.anika-net.de\/fr\/wp-json\/wp\/v2\/event"}],"about":[{"href":"https:\/\/www.anika-net.de\/fr\/wp-json\/wp\/v2\/types\/event"}],"author":[{"embeddable":true,"href":"https:\/\/www.anika-net.de\/fr\/wp-json\/wp\/v2\/users\/12"}],"version-history":[{"count":0,"href":"https:\/\/www.anika-net.de\/fr\/wp-json\/wp\/v2\/event\/59891\/revisions"}],"acf:post":[{"embeddable":true,"href":"https:\/\/www.anika-net.de\/fr\/wp-json\/wp\/v2\/organiser\/59852"}],"acf:term":[{"embeddable":true,"taxonomy":"event_category","href":"https:\/\/www.anika-net.de\/fr\/wp-json\/wp\/v2\/event_category\/49"}],"wp:featuredmedia":[{"embeddable":true,"href":"https:\/\/www.anika-net.de\/fr\/wp-json\/wp\/v2\/media\/59856"}],"wp:attachment":[{"href":"https:\/\/www.anika-net.de\/fr\/wp-json\/wp\/v2\/media?parent=59891"}],"curies":[{"name":"wp","href":"https:\/\/api.w.org\/{rel}","templated":true}]}}