{"id":59208,"date":"2025-03-03T13:04:55","date_gmt":"2025-03-03T12:04:55","guid":{"rendered":"https:\/\/www.anika-net.de\/event\/conseils-et-soutien-de-freunde-fur-fremde-e-v\/"},"modified":"2025-03-03T13:04:55","modified_gmt":"2025-03-03T12:04:55","slug":"conseils-et-soutien-de-freunde-fur-fremde-e-v","status":"publish","type":"event","link":"https:\/\/www.anika-net.de\/fr\/event\/conseils-et-soutien-de-freunde-fur-fremde-e-v\/","title":{"rendered":"Conseils et sou\u00adtien de Freunde f\u00fcr Fremde e.V."},"content":{"rendered":"<h3><span style=\"color: #666699;\"><em>Aide pour les ques\u00adtions d\u2019im\u00admi\u00adgra\u00adtion, les d\u00e9marches aupr\u00e8s des auto\u00adri\u00adt\u00e9s, la recherche d\u2019un emploi et d\u2019un loge\u00adment et les par\u00adte\u00adna\u00adriats biculturels<\/em><\/span><\/h3>\n<h1><span style=\"color: #ffcc00;\">Conseils et sou\u00adtien de Freunde f\u00fcr Fremde e.V.<\/span><\/h1>\n<p>L\u2019as\u00adso\u00adcia\u00adtion <em>Freunde f\u00fcr Fremde e.V.<\/em> \u00e0 Karls\u00adruhe encou\u00adrage les ren\u00adcontres entre Alle\u00admands et per\u00adsonnes d\u2019autres cultures afin de faci\u00adli\u00adter la bonne coexistence.<\/p>\n<h4><strong>Nos tra\u00advaux s\u2019ar\u00adti\u00adculent autour des axes suivants&nbsp;:<\/strong><\/h4>\n<p><span style=\"color: #008080;\"><strong>1. consul\u00adta\u00adtions&nbsp;sur&nbsp;:<\/strong><\/span><\/p>\n<ul>\n<li>Ques\u00adtions juri\u00addiques concer\u00adnant les \u00e9trangers<\/li>\n<li>Trai\u00adter avec les autorit\u00e9s<\/li>\n<li>Trou\u00adver un emploi ou un logement<\/li>\n<li>Ques\u00adtions rela\u00adtives au par\u00adte\u00adna\u00adriat bicul\u00adtu\u00adrel ou autres pro\u00adbl\u00e8mes sus\u00adcep\u00adtibles de se&nbsp;poser<\/li>\n<\/ul>\n<p><strong>Ren\u00addez-vous&nbsp;:<\/strong><br>\n\ud83d\udcc6 Jeu\u00addi de 10 h \u00e0 13 h et sur ren\u00addez-vous t\u00e9l\u00e9phonique&nbsp;\ud83d\udcde&nbsp;<\/p>\n<hr>\n<p><span style=\"color: #008080;\"><strong>2. Cours d\u2019allemand<\/strong><\/span><br>\nNous pro\u00adpo\u00adsons des cours indi\u00advi\u00adduels et collectifs&nbsp;:<\/p>\n<ul>\n<li>qui n\u2019ont pas droit \u00e0 un cours d\u2019int\u00e9gration,<\/li>\n<li>ne sont pas en mesure d\u2019as\u00adsis\u00adter \u00e0 la r\u00e9union en rai\u00adson de leur situa\u00adtion per\u00adson\u00adnelle&nbsp;ou<\/li>\n<li>attendent un cours d\u2019allemand.<\/li>\n<\/ul>\n<p><strong>Ins\u00adcrip\u00adtion&nbsp;:<\/strong><br>\n\ud83d\udcc6 Les lun\u00addis \u00e0 10 heures.<\/p>\n<hr>\n<p><strong><span style=\"color: #008080;\">3. Intro\u00adduc\u00adtion au mar\u00adch\u00e9 du travail<\/span><\/strong><\/p>\n<p>Vous rece\u00advrez des infor\u00adma\u00adtions et un sou\u00adtien sp\u00e9\u00adci\u00adfiques pour l\u2019in\u00adtro\u00adduc\u00adtion au mar\u00adch\u00e9 du tra\u00advail et au sec\u00adteur de la formation.<\/p>\n<hr>\n<p><span style=\"color: #008080;\"><strong>4. Sou\u00adtien aux per\u00adsonnes paral\u00adl\u00e8\u00adle\u00adment \u00e0 la formation<\/strong><\/span><\/p>\n<p>Si vous avez besoin d\u2019un sou\u00adtien sco\u00adlaire dans une \u00e9cole pro\u00adfes\u00adsion\u00adnelle ou pour pr\u00e9\u00adpa\u00adrer des exa\u00admens, n\u2019h\u00e9\u00adsi\u00adtez pas \u00e0 nous contacter.<\/p>\n<hr>\n<p><span style=\"color: #008080;\"><strong>5. Conseils en mati\u00e8re de&nbsp;sant\u00e9<\/strong><\/span><\/p>\n<p>Pour de nom\u00adbreuses per\u00adsonnes, le sys\u00adt\u00e8me de san\u00adt\u00e9 alle\u00admand est nou\u00adveau et dif\u00adfi\u00adcile \u00e0 com\u00adprendre. Nous vous aidons \u00e0 r\u00e9pondre \u00e0 vos ques\u00adtions m\u00e9dicales.&nbsp;<\/p>\n<p><strong>Nous pou\u00advons vous appor\u00adter des r\u00e9ponses \u00e0 ces questions&nbsp;:<\/strong><\/p>\n<ul>\n<li>Ques\u00adtions sur le sys\u00adt\u00e8me de&nbsp;sant\u00e9<\/li>\n<li>Quels m\u00e9de\u00adcins sont res\u00adpon\u00adsables de&nbsp;quoi&nbsp;?<\/li>\n<li>Com\u00adment trou\u00adver le bon m\u00e9decin&nbsp;?<\/li>\n<\/ul>\n<p>Un m\u00e9de\u00adcin, membre de notre asso\u00adcia\u00adtion Freunde f\u00fcr Fremde e.V., r\u00e9pon\u00addra \u00e0 vos questions.<\/p>\n<p>Cette consul\u00adta\u00adtion est gra\u00adtuite et l\u2019as\u00adsu\u00adrance mala\u00addie n\u2019est pas requise.<\/p>\n<p><strong>Ren\u00addez-vous sur inscription&nbsp;:<\/strong><br>\n\ud83d\udcc6 Du lun\u00addi au ven\u00addre\u00addi de 9h00 \u00e0&nbsp;12h00<\/p>\n","protected":false},"author":12,"featured_media":26509,"template":"","class_list":["post-59208","event","type-event","status-publish","has-post-thumbnail","hentry","event_category-counselling-assistance-services"],"acf":{"event-recurring":true,"event-category":48,"event-is-language-course":false,"event-recurring-still-active":true,"event-display-details":true,"event-schedules-recurring":[{"event-recurring-week-day":"1","event-recurring-time":"15:30 - 17:00","event-recurring-time-text":""},{"event-recurring-week-day":"3","event-recurring-time":"10:00 - 13:00","event-recurring-time-text":""}],"event-schedules-calendar":null,"event-is-online":false,"event-online-url":"","event-location-building":"ibz, 1st floor","event-location-street":"Kaiserallee 12 d","event-location-zip":"76133","event-location-city":"Karlsruhe","event-location-contact-person":"","event-location-phone":"0721\/ 84 53 41","event-location-phone-2":"","event-location-mail":"freunde.fuer.fremde@gmx.de","event-location-mail-2":"","event-location-website":"https:\/\/freunde-fuer-fremde.de\/arbeitsbereiche","event-target-group":[{"target-group":"all"}],"event-target-group-comment":"","event-free":true,"event-organiser":[11351],"event-header-copyright-overlay":true,"event-copyright-note-description-end":false},"featured_image_urls_v2":{"full":["https:\/\/www.anika-net.de\/wp-content\/uploads\/2022\/09\/freunde-fuer-fremde-quadrat.png",368,368,false],"thumbnail":["https:\/\/www.anika-net.de\/wp-content\/uploads\/2022\/09\/freunde-fuer-fremde-quadrat-150x150.png",150,150,true],"medium":["https:\/\/www.anika-net.de\/wp-content\/uploads\/2022\/09\/freunde-fuer-fremde-quadrat-300x300.png",300,300,true],"medium_large":["https:\/\/www.anika-net.de\/wp-content\/uploads\/2022\/09\/freunde-fuer-fremde-quadrat.png",368,368,false],"large":["https:\/\/www.anika-net.de\/wp-content\/uploads\/2022\/09\/freunde-fuer-fremde-quadrat.png",368,368,false],"1536x1536":["https:\/\/www.anika-net.de\/wp-content\/uploads\/2022\/09\/freunde-fuer-fremde-quadrat.png",368,368,false],"2048x2048":["https:\/\/www.anika-net.de\/wp-content\/uploads\/2022\/09\/freunde-fuer-fremde-quadrat.png",368,368,false],"event-overview":["https:\/\/www.anika-net.de\/wp-content\/uploads\/2022\/09\/freunde-fuer-fremde-quadrat.png",368,368,false],"event-archive-thumb":["https:\/\/www.anika-net.de\/wp-content\/uploads\/2022\/09\/freunde-fuer-fremde-quadrat.png",368,368,false],"grid-item-thumbnail":["https:\/\/www.anika-net.de\/wp-content\/uploads\/2022\/09\/freunde-fuer-fremde-quadrat-360x200.png",360,200,true],"network-partner-icon":["https:\/\/www.anika-net.de\/wp-content\/uploads\/2022\/09\/freunde-fuer-fremde-quadrat-100x100.png",100,100,true],"organiser-icon":["https:\/\/www.anika-net.de\/wp-content\/uploads\/2022\/09\/freunde-fuer-fremde-quadrat-200x200.png",200,200,true],"gform-image-choice-sm":["https:\/\/www.anika-net.de\/wp-content\/uploads\/2022\/09\/freunde-fuer-fremde-quadrat.png",300,300,false],"gform-image-choice-md":["https:\/\/www.anika-net.de\/wp-content\/uploads\/2022\/09\/freunde-fuer-fremde-quadrat.png",368,368,false],"gform-image-choice-lg":["https:\/\/www.anika-net.de\/wp-content\/uploads\/2022\/09\/freunde-fuer-fremde-quadrat.png",368,368,false]},"post_excerpt_stackable_v2":"<p>Aide pour les ques\u00adtions d\u2019im\u00admi\u00adgra\u00adtion, les d\u00e9marches aupr\u00e8s des auto\u00adri\u00adt\u00e9s, la recherche d\u2019un emploi et d\u2019un loge\u00adment et les par\u00adte\u00adna\u00adriats bicul\u00adtu\u00adrels Conseils et sou\u00adtien de Freunde f\u00fcr Fremde e.V. L\u2019as\u00adso\u00adcia\u00adtion Freunde f\u00fcr Fremde e.V. \u00e0 Karls\u00adruhe encou\u00adrage les ren\u00adcontres entre Alle\u00admands et per\u00adsonnes d\u2019autres cultures afin de faci\u00adli\u00adter la bonne coexis\u00adtence. Nos tra\u00advaux s\u2019ar\u00adti\u00adculent autour des axes sui\u00advants&nbsp;: 1. consul\u00adta\u00adtions&nbsp;sur&nbsp;: Ques\u00adtions juri\u00addiques concer\u00adnant les \u00e9tran\u00adgers Trai\u00adter avec les auto\u00adri\u00adt\u00e9s Trou\u00adver un emploi ou un loge\u00adment Ques\u00adtions rela\u00adtives au par\u00adte\u00adna\u00adriat bicul\u00adtu\u00adrel ou autres pro\u00adbl\u00e8mes sus\u00adcep\u00adtibles de se&nbsp;poser Ren\u00ad\u00addez-vous&nbsp;: \ud83d\udcc6 Jeu\u00addi de 10 h \u00e0 13 h et sur ren\u00ad\u00addez-vous t\u00e9l\u00e9\u00adpho\u00adnique&nbsp;\ud83d\udcde&nbsp; 2.\u2026<\/p>\n","category_list_v2":"","author_info_v2":{"name":"Andrea Ramirez","url":"https:\/\/www.anika-net.de\/fr\/author\/andrea-ramirez\/"},"comments_num_v2":"0 commentaire","uagb_featured_image_src":{"full":["https:\/\/www.anika-net.de\/wp-content\/uploads\/2022\/09\/freunde-fuer-fremde-quadrat.png",368,368,false],"thumbnail":["https:\/\/www.anika-net.de\/wp-content\/uploads\/2022\/09\/freunde-fuer-fremde-quadrat-150x150.png",150,150,true],"medium":["https:\/\/www.anika-net.de\/wp-content\/uploads\/2022\/09\/freunde-fuer-fremde-quadrat-300x300.png",300,300,true],"medium_large":["https:\/\/www.anika-net.de\/wp-content\/uploads\/2022\/09\/freunde-fuer-fremde-quadrat.png",368,368,false],"large":["https:\/\/www.anika-net.de\/wp-content\/uploads\/2022\/09\/freunde-fuer-fremde-quadrat.png",368,368,false],"1536x1536":["https:\/\/www.anika-net.de\/wp-content\/uploads\/2022\/09\/freunde-fuer-fremde-quadrat.png",368,368,false],"2048x2048":["https:\/\/www.anika-net.de\/wp-content\/uploads\/2022\/09\/freunde-fuer-fremde-quadrat.png",368,368,false],"event-overview":["https:\/\/www.anika-net.de\/wp-content\/uploads\/2022\/09\/freunde-fuer-fremde-quadrat.png",368,368,false],"event-archive-thumb":["https:\/\/www.anika-net.de\/wp-content\/uploads\/2022\/09\/freunde-fuer-fremde-quadrat.png",368,368,false],"grid-item-thumbnail":["https:\/\/www.anika-net.de\/wp-content\/uploads\/2022\/09\/freunde-fuer-fremde-quadrat-360x200.png",360,200,true],"network-partner-icon":["https:\/\/www.anika-net.de\/wp-content\/uploads\/2022\/09\/freunde-fuer-fremde-quadrat-100x100.png",100,100,true],"organiser-icon":["https:\/\/www.anika-net.de\/wp-content\/uploads\/2022\/09\/freunde-fuer-fremde-quadrat-200x200.png",200,200,true],"gform-image-choice-sm":["https:\/\/www.anika-net.de\/wp-content\/uploads\/2022\/09\/freunde-fuer-fremde-quadrat.png",300,300,false],"gform-image-choice-md":["https:\/\/www.anika-net.de\/wp-content\/uploads\/2022\/09\/freunde-fuer-fremde-quadrat.png",368,368,false],"gform-image-choice-lg":["https:\/\/www.anika-net.de\/wp-content\/uploads\/2022\/09\/freunde-fuer-fremde-quadrat.png",368,368,false]},"uagb_author_info":{"display_name":"Andrea Ramirez","author_link":"https:\/\/www.anika-net.de\/fr\/author\/andrea-ramirez\/"},"uagb_comment_info":0,"uagb_excerpt":"Aide pour les ques\u00adtions d\u2019im\u00admi\u00adgra\u00adtion, les d\u00e9marches aupr\u00e8s des auto\u00adri\u00adt\u00e9s, la recherche d\u2019un emploi et d\u2019un loge\u00adment et les par\u00adte\u00adna\u00adriats biculturels Conseils et sou\u00adtien de Freunde f\u00fcr Fremde e.V. L\u2019as\u00adso\u00adcia\u00adtion&nbsp;lire plus","_links":{"self":[{"href":"https:\/\/www.anika-net.de\/fr\/wp-json\/wp\/v2\/event\/59208","targetHints":{"allow":["GET"]}}],"collection":[{"href":"https:\/\/www.anika-net.de\/fr\/wp-json\/wp\/v2\/event"}],"about":[{"href":"https:\/\/www.anika-net.de\/fr\/wp-json\/wp\/v2\/types\/event"}],"author":[{"embeddable":true,"href":"https:\/\/www.anika-net.de\/fr\/wp-json\/wp\/v2\/users\/12"}],"version-history":[{"count":0,"href":"https:\/\/www.anika-net.de\/fr\/wp-json\/wp\/v2\/event\/59208\/revisions"}],"acf:post":[{"embeddable":true,"href":"https:\/\/www.anika-net.de\/fr\/wp-json\/wp\/v2\/organiser\/11351"}],"acf:term":[{"embeddable":true,"taxonomy":"event_category","href":"https:\/\/www.anika-net.de\/fr\/wp-json\/wp\/v2\/event_category\/48"}],"wp:featuredmedia":[{"embeddable":true,"href":"https:\/\/www.anika-net.de\/fr\/wp-json\/wp\/v2\/media\/26509"}],"wp:attachment":[{"href":"https:\/\/www.anika-net.de\/fr\/wp-json\/wp\/v2\/media?parent=59208"}],"curies":[{"name":"wp","href":"https:\/\/api.w.org\/{rel}","templated":true}]}}