{"id":58064,"date":"2025-02-04T10:15:59","date_gmt":"2025-02-04T09:15:59","guid":{"rendered":"https:\/\/www.anika-net.de\/event\/journee-de-rencontre-pour-les-refugies-interesses-par-une-formation\/"},"modified":"2025-02-04T10:15:59","modified_gmt":"2025-02-04T09:15:59","slug":"journee-de-rencontre-pour-les-refugies-interesses-par-une-formation","status":"publish","type":"event","link":"https:\/\/www.anika-net.de\/fr\/event\/journee-de-rencontre-pour-les-refugies-interesses-par-une-formation\/","title":{"rendered":"Jour\u00adn\u00e9e de ren\u00adcontre pour les r\u00e9fu\u00adgi\u00e9s int\u00e9\u00adres\u00ads\u00e9s par une formation"},"content":{"rendered":"<h3><span style=\"color: #666699;\">Vous avez quit\u00adt\u00e9 votre pays d\u2019o\u00adri\u00adgine et vous vous \u00eates d\u00e9j\u00e0 bien ins\u00adtal\u00adl\u00e9 en Alle\u00admagne et \u00e0 Karls\u00adruhe&nbsp;? Vous \u00eates int\u00e9ress\u00e9(e) par un appren\u00adtis\u00adsage&nbsp;?  Vous \u00eates au bon endroit&nbsp;!&nbsp;<\/span><\/h3>\n<h1><span style=\"color: #ff9900;\">Jour\u00adn\u00e9e de ren\u00adcontre pour les r\u00e9fu\u00adgi\u00e9s int\u00e9\u00adres\u00ads\u00e9s par une formation<\/span><\/h1>\n<p>Le 26 f\u00e9vrier 2025, les portes s\u2019ou\u00advri\u00adront \u00e0 nou\u00adveau pour notre grande jour\u00adn\u00e9e \u00ab&nbsp;Faire connais\u00adsance&nbsp;\u00bb. Nous esp\u00e9\u00adrons de nom\u00adbreuses ren\u00adcontres et de bonnes conver\u00adsa\u00adtions. Nous pro\u00adpo\u00adsons un large \u00e9ven\u00adtail de m\u00e9tiers de for\u00adma\u00adtion dans les\u00adquels les r\u00e9fu\u00adgi\u00e9s peuvent acqu\u00e9\u00adrir une pre\u00admi\u00e8re exp\u00e9\u00adrience pro\u00adfes\u00adsion\u00adnelle par le biais de stages ou se pro\u00adpo\u00adser pour une for\u00adma\u00adtion professionnelle.&nbsp;<\/p>\n<h3><span style=\"color: #800080;\"><strong>Ins\u00adcri\u00advez-vous d\u00e8s maintenant&nbsp;!<\/strong><\/span><\/h3>\n<p>&nbsp;<\/p>\n","protected":false},"author":12,"featured_media":58050,"template":"","class_list":["post-58064","event","type-event","status-publish","has-post-thumbnail","hentry","event_category-education"],"acf":{"event-recurring":false,"event-category":49,"event-is-language-course":false,"event-recurring-still-active":true,"event-display-details":true,"event-schedules-recurring":null,"event-schedules-calendar":[{"event-calendar-day":"20250226","event-calendar-time":"09:00 - 12:30","event-calendar-time-text":""}],"event-is-online":false,"event-online-url":"","event-location-building":"Exotenhaus des Zoologischen Stadtgarten","event-location-street":"Ettlinger Stra\u00dfe 4b","event-location-zip":"76137","event-location-city":"Karlsruhe","event-location-contact-person":"","event-location-phone":"0721 133 1802","event-location-phone-2":"","event-location-mail":"jochen.wagner@poa.karlsruhe.de","event-location-mail-2":"alexander.immisch@poa.karlsruhe.de","event-location-website":"https:\/\/www.karlsruhe.de\/stadt-rathaus\/karriere-ausbildung\/ausbildung-studium-stadt-karlsruhe\/ausbildung-gefluechtete","event-target-group":null,"event-target-group-comment":"  les r\u00e9fugi\u00e9s int\u00e9ress\u00e9s par une formation","event-free":true,"event-organiser":[11477],"event-header-copyright-overlay":true,"event-copyright-note-description-end":false},"featured_image_urls_v2":{"full":["https:\/\/www.anika-net.de\/wp-content\/uploads\/2025\/01\/students-6779002_1280.jpg",1280,826,false],"thumbnail":["https:\/\/www.anika-net.de\/wp-content\/uploads\/2025\/01\/students-6779002_1280-150x150.jpg",150,150,true],"medium":["https:\/\/www.anika-net.de\/wp-content\/uploads\/2025\/01\/students-6779002_1280-300x194.jpg",300,194,true],"medium_large":["https:\/\/www.anika-net.de\/wp-content\/uploads\/2025\/01\/students-6779002_1280-768x496.jpg",640,413,true],"large":["https:\/\/www.anika-net.de\/wp-content\/uploads\/2025\/01\/students-6779002_1280-1024x661.jpg",640,413,true],"1536x1536":["https:\/\/www.anika-net.de\/wp-content\/uploads\/2025\/01\/students-6779002_1280.jpg",1280,826,false],"2048x2048":["https:\/\/www.anika-net.de\/wp-content\/uploads\/2025\/01\/students-6779002_1280.jpg",1280,826,false],"event-overview":["https:\/\/www.anika-net.de\/wp-content\/uploads\/2025\/01\/students-6779002_1280-960x640.jpg",960,640,true],"event-archive-thumb":["https:\/\/www.anika-net.de\/wp-content\/uploads\/2025\/01\/students-6779002_1280-480x310.jpg",480,310,true],"grid-item-thumbnail":["https:\/\/www.anika-net.de\/wp-content\/uploads\/2025\/01\/students-6779002_1280-360x200.jpg",360,200,true],"network-partner-icon":["https:\/\/www.anika-net.de\/wp-content\/uploads\/2025\/01\/students-6779002_1280-100x100.jpg",100,100,true],"organiser-icon":["https:\/\/www.anika-net.de\/wp-content\/uploads\/2025\/01\/students-6779002_1280-200x200.jpg",200,200,true],"gform-image-choice-sm":["https:\/\/www.anika-net.de\/wp-content\/uploads\/2025\/01\/students-6779002_1280-300x300.jpg",300,300,true],"gform-image-choice-md":["https:\/\/www.anika-net.de\/wp-content\/uploads\/2025\/01\/students-6779002_1280-400x400.jpg",400,400,true],"gform-image-choice-lg":["https:\/\/www.anika-net.de\/wp-content\/uploads\/2025\/01\/students-6779002_1280-600x600.jpg",600,600,true]},"post_excerpt_stackable_v2":"<p>Vous avez quit\u00adt\u00e9 votre pays d\u2019o\u00adri\u00adgine et vous vous \u00eates d\u00e9j\u00e0 bien ins\u00adtal\u00adl\u00e9 en Alle\u00admagne et \u00e0 Karls\u00adruhe&nbsp;? Vous \u00eates int\u00e9ress\u00e9(e) par un appren\u00adtis\u00adsage&nbsp;? Vous \u00eates au bon endroit&nbsp;!&nbsp; Jour\u00adn\u00e9e de ren\u00adcontre pour les r\u00e9fu\u00adgi\u00e9s int\u00e9\u00adres\u00ads\u00e9s par une for\u00adma\u00adtion Le 26 f\u00e9vrier 2025, les portes s\u2019ou\u00advri\u00adront \u00e0 nou\u00adveau pour notre grande jour\u00adn\u00e9e \u00ab&nbsp;Faire connais\u00adsance&nbsp;\u00bb. Nous esp\u00e9\u00adrons de nom\u00adbreuses ren\u00adcontres et de bonnes conver\u00adsa\u00adtions. Nous pro\u00adpo\u00adsons un large \u00e9ven\u00adtail de m\u00e9tiers de for\u00adma\u00adtion dans les\u00adquels les r\u00e9fu\u00adgi\u00e9s peuvent acqu\u00e9\u00adrir une pre\u00admi\u00e8re exp\u00e9\u00adrience pro\u00adfes\u00adsion\u00adnelle par le biais de stages ou se pro\u00adpo\u00adser pour une for\u00adma\u00adtion pro\u00adfes\u00adsion\u00adnelle.&nbsp; Ins\u00ad\u00adcri\u00ad\u00advez-vous d\u00e8s maintenant&nbsp;!&nbsp;<\/p>\n","category_list_v2":"","author_info_v2":{"name":"Andrea Ramirez","url":"https:\/\/www.anika-net.de\/fr\/author\/andrea-ramirez\/"},"comments_num_v2":"0 commentaire","uagb_featured_image_src":{"full":["https:\/\/www.anika-net.de\/wp-content\/uploads\/2025\/01\/students-6779002_1280.jpg",1280,826,false],"thumbnail":["https:\/\/www.anika-net.de\/wp-content\/uploads\/2025\/01\/students-6779002_1280-150x150.jpg",150,150,true],"medium":["https:\/\/www.anika-net.de\/wp-content\/uploads\/2025\/01\/students-6779002_1280-300x194.jpg",300,194,true],"medium_large":["https:\/\/www.anika-net.de\/wp-content\/uploads\/2025\/01\/students-6779002_1280-768x496.jpg",640,413,true],"large":["https:\/\/www.anika-net.de\/wp-content\/uploads\/2025\/01\/students-6779002_1280-1024x661.jpg",640,413,true],"1536x1536":["https:\/\/www.anika-net.de\/wp-content\/uploads\/2025\/01\/students-6779002_1280.jpg",1280,826,false],"2048x2048":["https:\/\/www.anika-net.de\/wp-content\/uploads\/2025\/01\/students-6779002_1280.jpg",1280,826,false],"event-overview":["https:\/\/www.anika-net.de\/wp-content\/uploads\/2025\/01\/students-6779002_1280-960x640.jpg",960,640,true],"event-archive-thumb":["https:\/\/www.anika-net.de\/wp-content\/uploads\/2025\/01\/students-6779002_1280-480x310.jpg",480,310,true],"grid-item-thumbnail":["https:\/\/www.anika-net.de\/wp-content\/uploads\/2025\/01\/students-6779002_1280-360x200.jpg",360,200,true],"network-partner-icon":["https:\/\/www.anika-net.de\/wp-content\/uploads\/2025\/01\/students-6779002_1280-100x100.jpg",100,100,true],"organiser-icon":["https:\/\/www.anika-net.de\/wp-content\/uploads\/2025\/01\/students-6779002_1280-200x200.jpg",200,200,true],"gform-image-choice-sm":["https:\/\/www.anika-net.de\/wp-content\/uploads\/2025\/01\/students-6779002_1280-300x300.jpg",300,300,true],"gform-image-choice-md":["https:\/\/www.anika-net.de\/wp-content\/uploads\/2025\/01\/students-6779002_1280-400x400.jpg",400,400,true],"gform-image-choice-lg":["https:\/\/www.anika-net.de\/wp-content\/uploads\/2025\/01\/students-6779002_1280-600x600.jpg",600,600,true]},"uagb_author_info":{"display_name":"Andrea Ramirez","author_link":"https:\/\/www.anika-net.de\/fr\/author\/andrea-ramirez\/"},"uagb_comment_info":0,"uagb_excerpt":"Vous avez quit\u00adt\u00e9 votre pays d\u2019o\u00adri\u00adgine et vous vous \u00eates d\u00e9j\u00e0 bien ins\u00adtal\u00adl\u00e9 en Alle\u00admagne et \u00e0 Karls\u00adruhe&nbsp;? Vous \u00eates int\u00e9ress\u00e9(e) par un appren\u00adtis\u00adsage&nbsp;? Vous \u00eates au bon endroit&nbsp;!&nbsp; Jour\u00adn\u00e9e&nbsp;lire plus","_links":{"self":[{"href":"https:\/\/www.anika-net.de\/fr\/wp-json\/wp\/v2\/event\/58064","targetHints":{"allow":["GET"]}}],"collection":[{"href":"https:\/\/www.anika-net.de\/fr\/wp-json\/wp\/v2\/event"}],"about":[{"href":"https:\/\/www.anika-net.de\/fr\/wp-json\/wp\/v2\/types\/event"}],"author":[{"embeddable":true,"href":"https:\/\/www.anika-net.de\/fr\/wp-json\/wp\/v2\/users\/12"}],"version-history":[{"count":0,"href":"https:\/\/www.anika-net.de\/fr\/wp-json\/wp\/v2\/event\/58064\/revisions"}],"acf:post":[{"embeddable":true,"href":"https:\/\/www.anika-net.de\/fr\/wp-json\/wp\/v2\/organiser\/11477"}],"acf:term":[{"embeddable":true,"taxonomy":"event_category","href":"https:\/\/www.anika-net.de\/fr\/wp-json\/wp\/v2\/event_category\/49"}],"wp:featuredmedia":[{"embeddable":true,"href":"https:\/\/www.anika-net.de\/fr\/wp-json\/wp\/v2\/media\/58050"}],"wp:attachment":[{"href":"https:\/\/www.anika-net.de\/fr\/wp-json\/wp\/v2\/media?parent=58064"}],"curies":[{"name":"wp","href":"https:\/\/api.w.org\/{rel}","templated":true}]}}