{"id":55566,"date":"2024-11-21T10:51:08","date_gmt":"2024-11-21T09:51:08","guid":{"rendered":"https:\/\/www.anika-net.de\/event\/waldklassenzimmer\/"},"modified":"2024-11-21T10:51:08","modified_gmt":"2024-11-21T09:51:08","slug":"waldklassenzimmer","status":"publish","type":"event","link":"https:\/\/www.anika-net.de\/fr\/event\/waldklassenzimmer\/","title":{"rendered":"Waldk\u00adlas\u00adsen\u00adzim\u00admer"},"content":{"rendered":"<p>Les <a href=\"https:\/\/www.waldpaedagogik-karlsruhe.de\/aktuelles\/\" rel=\"noopener\"><em><strong><span style=\"color: #008080;\">Waldk\u00adlas\u00adsen\u00adzim\u00admer<\/span> <\/strong><\/em><\/a>Depuis 1996, la Waldk\u00adlas\u00adsen\u00adzim\u00admer (salle de classe fores\u00adti\u00e8re) sert de point de contact pour les acti\u00advi\u00adt\u00e9s d\u2019\u00e9\u00addu\u00adca\u00adtion foresti\u00e8re.<br>\nElle ne peut \u00eatre uti\u00adli\u00ads\u00e9e que sur ren\u00addez-vous ou lors des jour\u00adn\u00e9es de d\u00e9cou\u00adverte et de bri\u00adco\u00adlage pr\u00e9\u00advues dans le pro\u00adgramme annuel. <span style=\"color: #666699;\"><strong>Zone d\u2019ac\u00adti\u00advi\u00adt\u00e9s&nbsp;:<\/strong><\/span> Ici, les enfants peuvent satis\u00adfaire leur besoin natu\u00adrel de mou\u00adve\u00adment et grim\u00adper, s\u2019\u00e9\u00adqui\u00adli\u00adbrer, cou\u00adrir, s\u2019\u00e9\u00adbattre et d\u00e9ve\u00adlop\u00adper leur motri\u00adci\u00adt\u00e9. Qu\u2019il s\u2019a\u00adgisse du laby\u00adrinthe d\u2019arbres, du ter\u00adrier de lapin, du par\u00adcours d\u2019a\u00adven\u00adture ou de la cabane dans les arbres, les enfants d\u00e9ve\u00adloppent rapi\u00adde\u00adment des id\u00e9es, des acti\u00advi\u00adt\u00e9s et des jeux de r\u00f4le qui ne sont pas pr\u00e9\u00add\u00e9\u00adter\u00admi\u00adn\u00e9s, mais issus de leur propre ima\u00adgi\u00adna\u00adtion. <strong><span style=\"color: #666699;\">Espace sen\u00adso\u00adriel&nbsp;:<\/span><\/strong> Dans la classe fores\u00adti\u00e8re, la nature n\u2019est pas seule\u00adment v\u00e9cue de mani\u00e8re cog\u00adni\u00adtive, mais aus\u00adsi avec tous les sens. Un par\u00adcours pieds nus, la cabane sonore et le sen\u00adtier sen\u00adso\u00adriel vous y invitent. <strong><span style=\"color: #666699;\">Zone de bio\u00adtopes&nbsp;:<\/span> <\/strong>L\u2019es\u00adpace bio\u00adtope com\u00adprend, entre autres, les \u00e9l\u00e9\u00adments sui\u00advants&nbsp;: \u00c9tang, ver\u00adger, mur de pierres s\u00e8ches ou jar\u00addin (pro\u00adjet de coop\u00e9\u00adra\u00adtion avec&nbsp;BUND).<br>\nCes habi\u00adtats se pr\u00eatent \u00e0 une com\u00adpa\u00adrai\u00adson avec l\u2019\u00e9\u00adco\u00adsys\u00adt\u00e8me fores\u00adtier. A l\u2019aide du mur des abeilles sau\u00advages ou du Tier-WG, des mesures de pro\u00adtec\u00adtion des esp\u00e8ces appli\u00adqu\u00e9es sont pr\u00e9sent\u00e9es.<\/p>\n<h3><strong><span style=\"color: #008080;\">Pro\u00adgramme annuel \u2013 Waldklassenzimmer<br>\n<\/span><\/strong><\/h3>\n<p>Le pro\u00adgramme <a href=\"https:\/\/www.waldpaedagogik-karlsruhe.de\/jahresprogramm\/\" rel=\"noopener\"><strong>pro\u00adgramme annuel<\/strong><\/a> s\u2019a\u00addresse aux familles et aux adultes qui s\u2019in\u00adt\u00e9\u00adressent \u00e0 la for\u00eat, \u00e0 la nature et aux ques\u00adtions envi\u00adron\u00adne\u00admen\u00adtales pen\u00addant leur temps libre et qui appr\u00e9\u00adcient les exp\u00e9\u00adriences par\u00adta\u00adg\u00e9es au sein d\u2019un groupe. Nous avons plu\u00adsieurs acti\u00advi\u00adt\u00e9s de vacances pour les enfants dans notre programme.<\/p>\n<h3><span style=\"color: #800080;\">Familles en balade dans la&nbsp;for\u00eat<\/span><\/h3>\n<p>Vous y trou\u00adve\u00adrez <strong><a href=\"https:\/\/www.waldpaedagogik-karlsruhe.de\/weitere-angebote\/auf-eigene-faust-im-wald-unterwegs\/\" rel=\"noopener\">diverses acti\u00advi\u00adt\u00e9s pour les familles<\/a><\/strong> qui peuvent \u00eatre r\u00e9a\u00adli\u00ads\u00e9es en toute auto\u00adno\u00admie, sans enca\u00addre\u00adment. Vous aurez un aper\u00ad\u00e7u des ter\u00adrains de jeux en for\u00eat et des sen\u00adtiers d\u2019a\u00adven\u00adture en for\u00eat dans les envi\u00adrons. Nous avons \u00e9ga\u00adle\u00adment con\u00e7u pour vous dif\u00adf\u00e9\u00adrents rallyes.<\/p>\n<h4><span style=\"color: #008080;\">Direc\u00adtions<\/span><\/h4>\n<p>La classe fores\u00adti\u00e8re est situ\u00e9e au milieu de la for\u00eat de Hardt\u00adwald, sur le Kanal\u00adweg, entre Lin\u00adken\u00adhei\u00admer Allee et Gra\u00adbe\u00adner Allee. Le centre fores\u00adtier voi\u00adsin se trouve \u00e0 envi\u00adron 200 m\u00e8tres et est acces\u00adsible \u00e0 pied par le R\u00e4t\u00adsel\u00adwald. <strong><a href=\"https:\/\/www.waldpaedagogik-karlsruhe.de\/home\/kontakt\/\" rel=\"noopener\">Plan du&nbsp;site<\/a><\/strong><\/p>\n","protected":false},"author":12,"featured_media":55550,"template":"","class_list":["post-55566","event","type-event","status-publish","has-post-thumbnail","hentry","event_category-loisirs"],"acf":{"event-recurring":true,"event-category":50,"event-is-language-course":false,"event-recurring-still-active":true,"event-display-details":true,"event-schedules-recurring":[{"event-recurring-week-day":false,"event-recurring-time":"9:00 - 11:00","event-recurring-time-text":""},{"event-recurring-week-day":"1","event-recurring-time":"14:00 - 16:00","event-recurring-time-text":""},{"event-recurring-week-day":"2","event-recurring-time":"14:00 - 16:00","event-recurring-time-text":""}],"event-schedules-calendar":null,"event-is-online":false,"event-online-url":"","event-location-building":"Waldklassenzimmer","event-location-street":"Linkenheimer Allee 10","event-location-zip":"76131","event-location-city":"Karlsruhe","event-location-contact-person":"","event-location-phone":"0721\/ 1337354","event-location-phone-2":"","event-location-mail":"waldpaedagogik@fa.karlsruhe.de","event-location-mail-2":"","event-location-website":"","event-target-group":[{"target-group":"families"},{"target-group":"teens"},{"target-group":"children"}],"event-target-group-comment":"","event-free":false,"event-organiser":[55526],"event-header-copyright-overlay":true,"event-copyright-note-description-end":false},"featured_image_urls_v2":{"full":["https:\/\/www.anika-net.de\/wp-content\/uploads\/2024\/11\/Waldklassenzimmer-Karlsruhe-scaled.jpg",2560,1707,false],"thumbnail":["https:\/\/www.anika-net.de\/wp-content\/uploads\/2024\/11\/Waldklassenzimmer-Karlsruhe-150x150.jpg",150,150,true],"medium":["https:\/\/www.anika-net.de\/wp-content\/uploads\/2024\/11\/Waldklassenzimmer-Karlsruhe-300x200.jpg",300,200,true],"medium_large":["https:\/\/www.anika-net.de\/wp-content\/uploads\/2024\/11\/Waldklassenzimmer-Karlsruhe-768x512.jpg",640,427,true],"large":["https:\/\/www.anika-net.de\/wp-content\/uploads\/2024\/11\/Waldklassenzimmer-Karlsruhe-1024x683.jpg",640,427,true],"1536x1536":["https:\/\/www.anika-net.de\/wp-content\/uploads\/2024\/11\/Waldklassenzimmer-Karlsruhe-1536x1024.jpg",1536,1024,true],"2048x2048":["https:\/\/www.anika-net.de\/wp-content\/uploads\/2024\/11\/Waldklassenzimmer-Karlsruhe-2048x1365.jpg",2048,1365,true],"event-overview":["https:\/\/www.anika-net.de\/wp-content\/uploads\/2024\/11\/Waldklassenzimmer-Karlsruhe-960x640.jpg",960,640,true],"event-archive-thumb":["https:\/\/www.anika-net.de\/wp-content\/uploads\/2024\/11\/Waldklassenzimmer-Karlsruhe-480x320.jpg",480,320,true],"grid-item-thumbnail":["https:\/\/www.anika-net.de\/wp-content\/uploads\/2024\/11\/Waldklassenzimmer-Karlsruhe-360x200.jpg",360,200,true],"network-partner-icon":["https:\/\/www.anika-net.de\/wp-content\/uploads\/2024\/11\/Waldklassenzimmer-Karlsruhe-100x100.jpg",100,100,true],"organiser-icon":["https:\/\/www.anika-net.de\/wp-content\/uploads\/2024\/11\/Waldklassenzimmer-Karlsruhe-200x200.jpg",200,200,true],"gform-image-choice-sm":["https:\/\/www.anika-net.de\/wp-content\/uploads\/2024\/11\/Waldklassenzimmer-Karlsruhe-300x300.jpg",300,300,true],"gform-image-choice-md":["https:\/\/www.anika-net.de\/wp-content\/uploads\/2024\/11\/Waldklassenzimmer-Karlsruhe-400x400.jpg",400,400,true],"gform-image-choice-lg":["https:\/\/www.anika-net.de\/wp-content\/uploads\/2024\/11\/Waldklassenzimmer-Karlsruhe-600x600.jpg",600,600,true]},"post_excerpt_stackable_v2":"<p>Les Waldk\u00adlas\u00adsen\u00adzim\u00admer Depuis 1996, la Waldk\u00adlas\u00adsen\u00adzim\u00admer (salle de classe fores\u00adti\u00e8re) sert de point de contact pour les acti\u00advi\u00adt\u00e9s d\u2019\u00e9\u00addu\u00adca\u00adtion fores\u00adti\u00e8re. Elle ne peut \u00eatre uti\u00adli\u00ads\u00e9e que sur ren\u00ad\u00addez-vous ou lors des jour\u00adn\u00e9es de d\u00e9cou\u00adverte et de bri\u00adco\u00adlage pr\u00e9\u00advues dans le pro\u00adgramme annuel. Zone d\u2019ac\u00adti\u00advi\u00adt\u00e9s&nbsp;: Ici, les enfants peuvent satis\u00adfaire leur besoin natu\u00adrel de mou\u00adve\u00adment et grim\u00adper, s\u2019\u00e9\u00adqui\u00adli\u00adbrer, cou\u00adrir, s\u2019\u00e9\u00adbattre et d\u00e9ve\u00adlop\u00adper leur motri\u00adci\u00adt\u00e9. Qu\u2019il s\u2019a\u00adgisse du laby\u00adrinthe d\u2019arbres, du ter\u00adrier de lapin, du par\u00adcours d\u2019a\u00adven\u00adture ou de la cabane dans les arbres, les enfants d\u00e9ve\u00adloppent rapi\u00adde\u00adment des id\u00e9es, des acti\u00advi\u00adt\u00e9s et des jeux de r\u00f4le qui ne sont pas pr\u00e9d\u00e9termin\u00e9s,\u2026<\/p>\n","category_list_v2":"","author_info_v2":{"name":"Andrea Ramirez","url":"https:\/\/www.anika-net.de\/fr\/author\/andrea-ramirez\/"},"comments_num_v2":"0 commentaire","uagb_featured_image_src":{"full":["https:\/\/www.anika-net.de\/wp-content\/uploads\/2024\/11\/Waldklassenzimmer-Karlsruhe-scaled.jpg",2560,1707,false],"thumbnail":["https:\/\/www.anika-net.de\/wp-content\/uploads\/2024\/11\/Waldklassenzimmer-Karlsruhe-150x150.jpg",150,150,true],"medium":["https:\/\/www.anika-net.de\/wp-content\/uploads\/2024\/11\/Waldklassenzimmer-Karlsruhe-300x200.jpg",300,200,true],"medium_large":["https:\/\/www.anika-net.de\/wp-content\/uploads\/2024\/11\/Waldklassenzimmer-Karlsruhe-768x512.jpg",640,427,true],"large":["https:\/\/www.anika-net.de\/wp-content\/uploads\/2024\/11\/Waldklassenzimmer-Karlsruhe-1024x683.jpg",640,427,true],"1536x1536":["https:\/\/www.anika-net.de\/wp-content\/uploads\/2024\/11\/Waldklassenzimmer-Karlsruhe-1536x1024.jpg",1536,1024,true],"2048x2048":["https:\/\/www.anika-net.de\/wp-content\/uploads\/2024\/11\/Waldklassenzimmer-Karlsruhe-2048x1365.jpg",2048,1365,true],"event-overview":["https:\/\/www.anika-net.de\/wp-content\/uploads\/2024\/11\/Waldklassenzimmer-Karlsruhe-960x640.jpg",960,640,true],"event-archive-thumb":["https:\/\/www.anika-net.de\/wp-content\/uploads\/2024\/11\/Waldklassenzimmer-Karlsruhe-480x320.jpg",480,320,true],"grid-item-thumbnail":["https:\/\/www.anika-net.de\/wp-content\/uploads\/2024\/11\/Waldklassenzimmer-Karlsruhe-360x200.jpg",360,200,true],"network-partner-icon":["https:\/\/www.anika-net.de\/wp-content\/uploads\/2024\/11\/Waldklassenzimmer-Karlsruhe-100x100.jpg",100,100,true],"organiser-icon":["https:\/\/www.anika-net.de\/wp-content\/uploads\/2024\/11\/Waldklassenzimmer-Karlsruhe-200x200.jpg",200,200,true],"gform-image-choice-sm":["https:\/\/www.anika-net.de\/wp-content\/uploads\/2024\/11\/Waldklassenzimmer-Karlsruhe-300x300.jpg",300,300,true],"gform-image-choice-md":["https:\/\/www.anika-net.de\/wp-content\/uploads\/2024\/11\/Waldklassenzimmer-Karlsruhe-400x400.jpg",400,400,true],"gform-image-choice-lg":["https:\/\/www.anika-net.de\/wp-content\/uploads\/2024\/11\/Waldklassenzimmer-Karlsruhe-600x600.jpg",600,600,true]},"uagb_author_info":{"display_name":"Andrea Ramirez","author_link":"https:\/\/www.anika-net.de\/fr\/author\/andrea-ramirez\/"},"uagb_comment_info":0,"uagb_excerpt":"Les Waldk\u00adlas\u00adsen\u00adzim\u00admer Depuis 1996, la Waldk\u00adlas\u00adsen\u00adzim\u00admer (salle de classe fores\u00adti\u00e8re) sert de point de contact pour les acti\u00advi\u00adt\u00e9s d\u2019\u00e9\u00addu\u00adca\u00adtion foresti\u00e8re. Elle ne peut \u00eatre uti\u00adli\u00ads\u00e9e que sur ren\u00addez-vous ou lors&nbsp;lire plus","_links":{"self":[{"href":"https:\/\/www.anika-net.de\/fr\/wp-json\/wp\/v2\/event\/55566","targetHints":{"allow":["GET"]}}],"collection":[{"href":"https:\/\/www.anika-net.de\/fr\/wp-json\/wp\/v2\/event"}],"about":[{"href":"https:\/\/www.anika-net.de\/fr\/wp-json\/wp\/v2\/types\/event"}],"author":[{"embeddable":true,"href":"https:\/\/www.anika-net.de\/fr\/wp-json\/wp\/v2\/users\/12"}],"version-history":[{"count":0,"href":"https:\/\/www.anika-net.de\/fr\/wp-json\/wp\/v2\/event\/55566\/revisions"}],"acf:post":[{"embeddable":true,"href":"https:\/\/www.anika-net.de\/fr\/wp-json\/wp\/v2\/organiser\/55526"}],"acf:term":[{"embeddable":true,"taxonomy":"event_category","href":"https:\/\/www.anika-net.de\/fr\/wp-json\/wp\/v2\/event_category\/50"}],"wp:featuredmedia":[{"embeddable":true,"href":"https:\/\/www.anika-net.de\/fr\/wp-json\/wp\/v2\/media\/55550"}],"wp:attachment":[{"href":"https:\/\/www.anika-net.de\/fr\/wp-json\/wp\/v2\/media?parent=55566"}],"curies":[{"name":"wp","href":"https:\/\/api.w.org\/{rel}","templated":true}]}}