{"id":53631,"date":"2024-09-18T13:45:31","date_gmt":"2024-09-18T11:45:31","guid":{"rendered":"https:\/\/www.anika-net.de\/event\/journee-de-lemploi-karlsruhe-2024\/"},"modified":"2024-09-18T13:45:31","modified_gmt":"2024-09-18T11:45:31","slug":"journee-de-lemploi-karlsruhe-2024","status":"publish","type":"event","link":"https:\/\/www.anika-net.de\/fr\/event\/journee-de-lemploi-karlsruhe-2024\/","title":{"rendered":"Jour\u00adn\u00e9e de l\u2019emploi Karls\u00adruhe&nbsp;2024"},"content":{"rendered":"<h1><span style=\"color: #333399;\">La Jour\u00adn\u00e9e de l\u2019emploi Karls\u00adruhe 2024 ouvre \u00e0 nou\u00adveau ses portes<\/span><\/h1>\n<p>  Le Career Day Karls\u00adruhe du jeu\u00addi 17 octobre 2024 vous per\u00admet\u00adtra de ren\u00adcon\u00adtrer un grand nombre de can\u00addi\u00addats poten\u00adtiels issus de tous les sec\u00adteurs et de toutes les professions.<br>\nDes \u00e9l\u00e8ves et des \u00e9tu\u00addiants aux sp\u00e9\u00adcia\u00adlistes et aux cadres&nbsp;: Vous trou\u00adve\u00adrez ici les employ\u00e9s qu\u2019il vous faut pour votre entreprise.&nbsp;<\/p>\n<h2><span style=\"color: #008080;\">Trou\u00advez votre nou\u00advel emploi <span style=\"color: #666699;\">gr\u00e2ce \u00e0 la Jour\u00adn\u00e9e de l\u2019emploi Karls\u00adruhe&nbsp;2024<\/span><br>\n<\/span><\/h2>\n<p>  Que vous soyez sp\u00e9\u00adcia\u00adliste, cadre, dipl\u00f4\u00adm\u00e9, \u00e9tu\u00addiant, jeune pro\u00adfes\u00adsion\u00adnel ou que vous chan\u00adgiez de car\u00adri\u00e8re, vous pou\u00advez vous adres\u00adser direc\u00adte\u00adment aux res\u00adpon\u00adsables des res\u00adsources humaines.<br>\nVous pou\u00advez vous ren\u00adsei\u00adgner \u00e0 loi\u00adsir sur les pos\u00adsi\u00adbi\u00adli\u00adt\u00e9s d\u2019en\u00adtr\u00e9e de base, mais aus\u00adsi vous entre\u00adte\u00adnir direc\u00adte\u00adment avec des postes vacants sp\u00e9cifiques.&nbsp;<\/p>\n<h2><span style=\"color: #800080;\">\ud83c\udfab <\/span><a href=\"https:\/\/events.connfair.com\/de\/app\/events\/161092ae-3b2a-4442-b34b-7d321002d9af\" rel=\"noopener\"><span style=\"color: #800080;\">Pour les billets gratuits<\/span><\/a><\/h2>\n","protected":false},"author":12,"featured_media":53613,"template":"","class_list":["post-53631","event","type-event","status-publish","has-post-thumbnail","hentry","event_category-work"],"acf":{"event-recurring":false,"event-category":51,"event-is-language-course":false,"event-recurring-still-active":true,"event-display-details":true,"event-schedules-recurring":null,"event-schedules-calendar":[{"event-calendar-day":"20241017","event-calendar-time":"10:00 - 17:00","event-calendar-time-text":""}],"event-is-online":false,"event-online-url":"","event-location-building":"Schwarzwaldhalle","event-location-street":"Feldplatz 5","event-location-zip":"76137","event-location-city":"Karlsruhe","event-location-contact-person":"","event-location-phone":"+49 2211705098200","event-location-phone-2":"","event-location-mail":"info@karrieretag.org","event-location-mail-2":"","event-location-website":"https:\/\/www.karrieretag.org\/karlsruhe\/","event-target-group":[{"target-group":"all"}],"event-target-group-comment":"Candidats potentiels","event-free":true,"event-organiser":[53593],"event-header-copyright-overlay":true,"event-copyright-note-description-end":false},"featured_image_urls_v2":{"full":["https:\/\/www.anika-net.de\/wp-content\/uploads\/2024\/09\/Karrieretag_Largo.jpg",1334,621,false],"thumbnail":["https:\/\/www.anika-net.de\/wp-content\/uploads\/2024\/09\/Karrieretag_Largo-150x150.jpg",150,150,true],"medium":["https:\/\/www.anika-net.de\/wp-content\/uploads\/2024\/09\/Karrieretag_Largo-300x140.jpg",300,140,true],"medium_large":["https:\/\/www.anika-net.de\/wp-content\/uploads\/2024\/09\/Karrieretag_Largo-768x358.jpg",640,298,true],"large":["https:\/\/www.anika-net.de\/wp-content\/uploads\/2024\/09\/Karrieretag_Largo-1024x477.jpg",640,298,true],"1536x1536":["https:\/\/www.anika-net.de\/wp-content\/uploads\/2024\/09\/Karrieretag_Largo.jpg",1334,621,false],"2048x2048":["https:\/\/www.anika-net.de\/wp-content\/uploads\/2024\/09\/Karrieretag_Largo.jpg",1334,621,false],"event-overview":["https:\/\/www.anika-net.de\/wp-content\/uploads\/2024\/09\/Karrieretag_Largo-960x621.jpg",960,621,true],"event-archive-thumb":["https:\/\/www.anika-net.de\/wp-content\/uploads\/2024\/09\/Karrieretag_Largo-480x223.jpg",480,223,true],"grid-item-thumbnail":["https:\/\/www.anika-net.de\/wp-content\/uploads\/2024\/09\/Karrieretag_Largo-360x200.jpg",360,200,true],"network-partner-icon":["https:\/\/www.anika-net.de\/wp-content\/uploads\/2024\/09\/Karrieretag_Largo-100x100.jpg",100,100,true],"organiser-icon":["https:\/\/www.anika-net.de\/wp-content\/uploads\/2024\/09\/Karrieretag_Largo-200x200.jpg",200,200,true],"gform-image-choice-sm":["https:\/\/www.anika-net.de\/wp-content\/uploads\/2024\/09\/Karrieretag_Largo.jpg",300,140,false],"gform-image-choice-md":["https:\/\/www.anika-net.de\/wp-content\/uploads\/2024\/09\/Karrieretag_Largo.jpg",400,186,false],"gform-image-choice-lg":["https:\/\/www.anika-net.de\/wp-content\/uploads\/2024\/09\/Karrieretag_Largo.jpg",600,279,false]},"post_excerpt_stackable_v2":"<p>La Jour\u00adn\u00e9e de l\u2019emploi Karls\u00adruhe 2024 ouvre \u00e0 nou\u00adveau ses portes Le Career Day Karls\u00adruhe du jeu\u00addi 17 octobre 2024 vous per\u00admet\u00adtra de ren\u00adcon\u00adtrer un grand nombre de can\u00addi\u00addats poten\u00adtiels issus de tous les sec\u00adteurs et de toutes les pro\u00adfes\u00adsions. Des \u00e9l\u00e8ves et des \u00e9tu\u00addiants aux sp\u00e9\u00adcia\u00adlistes et aux cadres&nbsp;: Vous trou\u00adve\u00adrez ici les employ\u00e9s qu\u2019il vous faut pour votre entre\u00adprise.&nbsp; Trou\u00advez votre nou\u00advel emploi gr\u00e2ce \u00e0 la Jour\u00adn\u00e9e de l\u2019emploi Karls\u00adruhe&nbsp;2024 Que vous soyez sp\u00e9\u00adcia\u00adliste, cadre, dipl\u00f4\u00adm\u00e9, \u00e9tu\u00addiant, jeune pro\u00adfes\u00adsion\u00adnel ou que vous chan\u00adgiez de car\u00adri\u00e8re, vous pou\u00advez vous adres\u00adser direc\u00adte\u00adment aux res\u00adpon\u00adsables des res\u00adsources humaines. Vous pou\u00advez&nbsp;vous\u2026<\/p>\n","category_list_v2":"","author_info_v2":{"name":"Andrea Ramirez","url":"https:\/\/www.anika-net.de\/fr\/author\/andrea-ramirez\/"},"comments_num_v2":"0 commentaire","uagb_featured_image_src":{"full":["https:\/\/www.anika-net.de\/wp-content\/uploads\/2024\/09\/Karrieretag_Largo.jpg",1334,621,false],"thumbnail":["https:\/\/www.anika-net.de\/wp-content\/uploads\/2024\/09\/Karrieretag_Largo-150x150.jpg",150,150,true],"medium":["https:\/\/www.anika-net.de\/wp-content\/uploads\/2024\/09\/Karrieretag_Largo-300x140.jpg",300,140,true],"medium_large":["https:\/\/www.anika-net.de\/wp-content\/uploads\/2024\/09\/Karrieretag_Largo-768x358.jpg",640,298,true],"large":["https:\/\/www.anika-net.de\/wp-content\/uploads\/2024\/09\/Karrieretag_Largo-1024x477.jpg",640,298,true],"1536x1536":["https:\/\/www.anika-net.de\/wp-content\/uploads\/2024\/09\/Karrieretag_Largo.jpg",1334,621,false],"2048x2048":["https:\/\/www.anika-net.de\/wp-content\/uploads\/2024\/09\/Karrieretag_Largo.jpg",1334,621,false],"event-overview":["https:\/\/www.anika-net.de\/wp-content\/uploads\/2024\/09\/Karrieretag_Largo-960x621.jpg",960,621,true],"event-archive-thumb":["https:\/\/www.anika-net.de\/wp-content\/uploads\/2024\/09\/Karrieretag_Largo-480x223.jpg",480,223,true],"grid-item-thumbnail":["https:\/\/www.anika-net.de\/wp-content\/uploads\/2024\/09\/Karrieretag_Largo-360x200.jpg",360,200,true],"network-partner-icon":["https:\/\/www.anika-net.de\/wp-content\/uploads\/2024\/09\/Karrieretag_Largo-100x100.jpg",100,100,true],"organiser-icon":["https:\/\/www.anika-net.de\/wp-content\/uploads\/2024\/09\/Karrieretag_Largo-200x200.jpg",200,200,true],"gform-image-choice-sm":["https:\/\/www.anika-net.de\/wp-content\/uploads\/2024\/09\/Karrieretag_Largo.jpg",300,140,false],"gform-image-choice-md":["https:\/\/www.anika-net.de\/wp-content\/uploads\/2024\/09\/Karrieretag_Largo.jpg",400,186,false],"gform-image-choice-lg":["https:\/\/www.anika-net.de\/wp-content\/uploads\/2024\/09\/Karrieretag_Largo.jpg",600,279,false]},"uagb_author_info":{"display_name":"Andrea Ramirez","author_link":"https:\/\/www.anika-net.de\/fr\/author\/andrea-ramirez\/"},"uagb_comment_info":0,"uagb_excerpt":"La Jour\u00adn\u00e9e de l\u2019emploi Karls\u00adruhe 2024 ouvre \u00e0 nou\u00adveau ses portes Le Career Day Karls\u00adruhe du jeu\u00addi 17 octobre 2024 vous per\u00admet\u00adtra de ren\u00adcon\u00adtrer un grand nombre de can\u00addi\u00addats poten\u00adtiels&nbsp;lire plus","_links":{"self":[{"href":"https:\/\/www.anika-net.de\/fr\/wp-json\/wp\/v2\/event\/53631","targetHints":{"allow":["GET"]}}],"collection":[{"href":"https:\/\/www.anika-net.de\/fr\/wp-json\/wp\/v2\/event"}],"about":[{"href":"https:\/\/www.anika-net.de\/fr\/wp-json\/wp\/v2\/types\/event"}],"author":[{"embeddable":true,"href":"https:\/\/www.anika-net.de\/fr\/wp-json\/wp\/v2\/users\/12"}],"version-history":[{"count":0,"href":"https:\/\/www.anika-net.de\/fr\/wp-json\/wp\/v2\/event\/53631\/revisions"}],"acf:post":[{"embeddable":true,"href":"https:\/\/www.anika-net.de\/fr\/wp-json\/wp\/v2\/organiser\/53593"}],"acf:term":[{"embeddable":true,"taxonomy":"event_category","href":"https:\/\/www.anika-net.de\/fr\/wp-json\/wp\/v2\/event_category\/51"}],"wp:featuredmedia":[{"embeddable":true,"href":"https:\/\/www.anika-net.de\/fr\/wp-json\/wp\/v2\/media\/53613"}],"wp:attachment":[{"href":"https:\/\/www.anika-net.de\/fr\/wp-json\/wp\/v2\/media?parent=53631"}],"curies":[{"name":"wp","href":"https:\/\/api.w.org\/{rel}","templated":true}]}}