{"id":47891,"date":"2024-03-28T11:45:04","date_gmt":"2024-03-28T10:45:04","guid":{"rendered":"https:\/\/www.anika-net.de\/event\/quest-ce-que-lintelligence-artificielle\/"},"modified":"2024-03-28T11:45:04","modified_gmt":"2024-03-28T10:45:04","slug":"quest-ce-que-lintelligence-artificielle","status":"publish","type":"event","link":"https:\/\/www.anika-net.de\/fr\/event\/quest-ce-que-lintelligence-artificielle\/","title":{"rendered":"Qu\u2019est-ce que l\u2019in\u00adtel\u00adli\u00adgence artificielle&nbsp;?"},"content":{"rendered":"<h3><span style=\"color: #008080;\">Sonn\u00adtag\u00adsca\u00adf\u00e9<\/span><\/h3>\n<h2><span style=\"color: #3366ff;\">Qu\u2019est-ce que l\u2019in\u00adtel\u00adli\u00adgence artificielle&nbsp;?<\/span><\/h2>\n<p>Au cours de la conf\u00e9\u00adrence, nous ferons d\u2019a\u00adbord un bref voyage \u00e0 tra\u00advers l\u2019his\u00adtoire de l\u2019IA, de ses d\u00e9buts aux avan\u00adc\u00e9es actuelles, et nous pose\u00adrons la ques\u00adtion de savoir ce que \u00ab&nbsp;l\u2019in\u00adtel\u00adli\u00adgence arti\u00adfi\u00adcielle&nbsp;\u00bb signi\u00adfie r\u00e9el\u00adle\u00adment ou devrait signi\u00adfier pour&nbsp;nous.<\/p>\n<p>Nous dis\u00adcu\u00adte\u00adrons \u00e9ga\u00adle\u00adment des oppor\u00adtu\u00adni\u00adt\u00e9s pas\u00adsion\u00adnantes qui s\u2019ouvrent gr\u00e2ce \u00e0 l\u2019u\u00adti\u00adli\u00adsa\u00adtion de l\u2019IA. La conf\u00e9\u00adrence sera enri\u00adchie d\u2019exemples pra\u00adtiques illus\u00adtrant la mani\u00e8re dont l\u2019IA fa\u00e7onne d\u00e9j\u00e0 notre vie quo\u00adti\u00addienne et dont nous pou\u00advons nous-m\u00eames uti\u00adli\u00adser l\u201d&nbsp;&nbsp;\u00bbintel\u00adli\u00adgence arti\u00adfi\u00adcielle&nbsp;\u00bb dans notre vie de tous les&nbsp;jours.<\/p>\n<p><strong>Conf\u00e9\u00adren\u00adcier&nbsp;: Peter Bolch<\/strong> est infor\u00adma\u00adti\u00adcien. Il pos\u00ads\u00e8de une vaste exp\u00e9\u00adrience de plus de 15 ans dans le domaine des tech\u00adno\u00adlo\u00adgies de l\u2019information.<\/p>\n<p><strong>Admis\u00adsion&nbsp;:<\/strong> 10h30<\/p>\n","protected":false},"author":12,"featured_media":47876,"template":"","class_list":["post-47891","event","type-event","status-publish","has-post-thumbnail","hentry","event_category-education"],"acf":{"event-recurring":false,"event-category":49,"event-is-language-course":false,"event-recurring-still-active":true,"event-display-details":true,"event-schedules-recurring":null,"event-schedules-calendar":[{"event-calendar-day":"20240616","event-calendar-time":"11:00","event-calendar-time-text":""}],"event-is-online":false,"event-online-url":"","event-location-building":"ibz, EG, Gro\u00dfer Saal","event-location-street":"Kaiserallee 12d","event-location-zip":"76133","event-location-city":"Karlsruhe","event-location-contact-person":"","event-location-phone":"721\/ 89 33 37 10","event-location-phone-2":"","event-location-mail":"info@ibz-karlsruhe.de","event-location-mail-2":"","event-location-website":"https:\/\/www.ibz-karlsruhe.de\/events\/sonntagscafe-kuenstliche-intelligenz-was-ist-das\/","event-target-group":[{"target-group":"all"}],"event-target-group-comment":"","event-free":true,"event-organiser":[47823],"event-header-copyright-overlay":true,"event-copyright-note-description-end":false},"featured_image_urls_v2":{"full":["https:\/\/www.anika-net.de\/wp-content\/uploads\/2024\/03\/person-using-ai-tool-job-scaled.jpg",2560,1707,false],"thumbnail":["https:\/\/www.anika-net.de\/wp-content\/uploads\/2024\/03\/person-using-ai-tool-job-150x150.jpg",150,150,true],"medium":["https:\/\/www.anika-net.de\/wp-content\/uploads\/2024\/03\/person-using-ai-tool-job-300x200.jpg",300,200,true],"medium_large":["https:\/\/www.anika-net.de\/wp-content\/uploads\/2024\/03\/person-using-ai-tool-job-768x512.jpg",640,427,true],"large":["https:\/\/www.anika-net.de\/wp-content\/uploads\/2024\/03\/person-using-ai-tool-job-1024x683.jpg",640,427,true],"1536x1536":["https:\/\/www.anika-net.de\/wp-content\/uploads\/2024\/03\/person-using-ai-tool-job-1536x1024.jpg",1536,1024,true],"2048x2048":["https:\/\/www.anika-net.de\/wp-content\/uploads\/2024\/03\/person-using-ai-tool-job-2048x1365.jpg",2048,1365,true],"event-overview":["https:\/\/www.anika-net.de\/wp-content\/uploads\/2024\/03\/person-using-ai-tool-job-960x640.jpg",960,640,true],"event-archive-thumb":["https:\/\/www.anika-net.de\/wp-content\/uploads\/2024\/03\/person-using-ai-tool-job-480x320.jpg",480,320,true],"grid-item-thumbnail":["https:\/\/www.anika-net.de\/wp-content\/uploads\/2024\/03\/person-using-ai-tool-job-360x200.jpg",360,200,true],"network-partner-icon":["https:\/\/www.anika-net.de\/wp-content\/uploads\/2024\/03\/person-using-ai-tool-job-100x100.jpg",100,100,true],"organiser-icon":["https:\/\/www.anika-net.de\/wp-content\/uploads\/2024\/03\/person-using-ai-tool-job-200x200.jpg",200,200,true],"gform-image-choice-sm":["https:\/\/www.anika-net.de\/wp-content\/uploads\/2024\/03\/person-using-ai-tool-job-scaled.jpg",300,200,false],"gform-image-choice-md":["https:\/\/www.anika-net.de\/wp-content\/uploads\/2024\/03\/person-using-ai-tool-job-scaled.jpg",400,267,false],"gform-image-choice-lg":["https:\/\/www.anika-net.de\/wp-content\/uploads\/2024\/03\/person-using-ai-tool-job-scaled.jpg",600,400,false]},"post_excerpt_stackable_v2":"<p>Sonn\u00adtag\u00adsca\u00adf\u00e9 Qu\u2019est-ce que l\u2019in\u00adtel\u00adli\u00adgence arti\u00adfi\u00adcielle&nbsp;? Au cours de la conf\u00e9\u00adrence, nous ferons d\u2019a\u00adbord un bref voyage \u00e0 tra\u00advers l\u2019his\u00adtoire de l\u2019IA, de ses d\u00e9buts aux avan\u00adc\u00e9es actuelles, et nous pose\u00adrons la ques\u00adtion de savoir ce que \u00ab&nbsp;l\u2019in\u00adtel\u00adli\u00adgence arti\u00adfi\u00adcielle&nbsp;\u00bb signi\u00adfie r\u00e9el\u00adle\u00adment ou devrait signi\u00adfier pour&nbsp;nous. Nous dis\u00adcu\u00adte\u00adrons \u00e9ga\u00adle\u00adment des oppor\u00adtu\u00adni\u00adt\u00e9s pas\u00adsion\u00adnantes qui s\u2019ouvrent gr\u00e2ce \u00e0 l\u2019u\u00adti\u00adli\u00adsa\u00adtion de l\u2019IA. La conf\u00e9\u00adrence sera enri\u00adchie d\u2019exemples pra\u00adtiques illus\u00adtrant la mani\u00e8re dont l\u2019IA fa\u00e7onne d\u00e9j\u00e0 notre vie quo\u00adti\u00addienne et dont nous pou\u00advons nous-m\u00eames uti\u00adli\u00adser l\u201d&nbsp;&nbsp;\u00bbintel\u00adli\u00adgence arti\u00adfi\u00adcielle&nbsp;\u00bb dans notre vie de tous les&nbsp;jours. Conf\u00e9\u00adren\u00adcier&nbsp;: Peter Bolch est infor\u00adma\u00adti\u00adcien. Il pos\u00ads\u00e8de une vaste exp\u00e9\u00adrience de plus&nbsp;de\u2026<\/p>\n","category_list_v2":"","author_info_v2":{"name":"Andrea Ramirez","url":"https:\/\/www.anika-net.de\/fr\/author\/andrea-ramirez\/"},"comments_num_v2":"0 commentaire","uagb_featured_image_src":{"full":["https:\/\/www.anika-net.de\/wp-content\/uploads\/2024\/03\/person-using-ai-tool-job-scaled.jpg",2560,1707,false],"thumbnail":["https:\/\/www.anika-net.de\/wp-content\/uploads\/2024\/03\/person-using-ai-tool-job-150x150.jpg",150,150,true],"medium":["https:\/\/www.anika-net.de\/wp-content\/uploads\/2024\/03\/person-using-ai-tool-job-300x200.jpg",300,200,true],"medium_large":["https:\/\/www.anika-net.de\/wp-content\/uploads\/2024\/03\/person-using-ai-tool-job-768x512.jpg",640,427,true],"large":["https:\/\/www.anika-net.de\/wp-content\/uploads\/2024\/03\/person-using-ai-tool-job-1024x683.jpg",640,427,true],"1536x1536":["https:\/\/www.anika-net.de\/wp-content\/uploads\/2024\/03\/person-using-ai-tool-job-1536x1024.jpg",1536,1024,true],"2048x2048":["https:\/\/www.anika-net.de\/wp-content\/uploads\/2024\/03\/person-using-ai-tool-job-2048x1365.jpg",2048,1365,true],"event-overview":["https:\/\/www.anika-net.de\/wp-content\/uploads\/2024\/03\/person-using-ai-tool-job-960x640.jpg",960,640,true],"event-archive-thumb":["https:\/\/www.anika-net.de\/wp-content\/uploads\/2024\/03\/person-using-ai-tool-job-480x320.jpg",480,320,true],"grid-item-thumbnail":["https:\/\/www.anika-net.de\/wp-content\/uploads\/2024\/03\/person-using-ai-tool-job-360x200.jpg",360,200,true],"network-partner-icon":["https:\/\/www.anika-net.de\/wp-content\/uploads\/2024\/03\/person-using-ai-tool-job-100x100.jpg",100,100,true],"organiser-icon":["https:\/\/www.anika-net.de\/wp-content\/uploads\/2024\/03\/person-using-ai-tool-job-200x200.jpg",200,200,true],"gform-image-choice-sm":["https:\/\/www.anika-net.de\/wp-content\/uploads\/2024\/03\/person-using-ai-tool-job-scaled.jpg",300,200,false],"gform-image-choice-md":["https:\/\/www.anika-net.de\/wp-content\/uploads\/2024\/03\/person-using-ai-tool-job-scaled.jpg",400,267,false],"gform-image-choice-lg":["https:\/\/www.anika-net.de\/wp-content\/uploads\/2024\/03\/person-using-ai-tool-job-scaled.jpg",600,400,false]},"uagb_author_info":{"display_name":"Andrea Ramirez","author_link":"https:\/\/www.anika-net.de\/fr\/author\/andrea-ramirez\/"},"uagb_comment_info":0,"uagb_excerpt":"Sonn\u00adtag\u00adsca\u00adf\u00e9 Qu\u2019est-ce que l\u2019in\u00adtel\u00adli\u00adgence artificielle&nbsp;? Au cours de la conf\u00e9\u00adrence, nous ferons d\u2019a\u00adbord un bref voyage \u00e0 tra\u00advers l\u2019his\u00adtoire de l\u2019IA, de ses d\u00e9buts aux avan\u00adc\u00e9es actuelles, et nous pose\u00adrons&nbsp;lire plus","_links":{"self":[{"href":"https:\/\/www.anika-net.de\/fr\/wp-json\/wp\/v2\/event\/47891","targetHints":{"allow":["GET"]}}],"collection":[{"href":"https:\/\/www.anika-net.de\/fr\/wp-json\/wp\/v2\/event"}],"about":[{"href":"https:\/\/www.anika-net.de\/fr\/wp-json\/wp\/v2\/types\/event"}],"author":[{"embeddable":true,"href":"https:\/\/www.anika-net.de\/fr\/wp-json\/wp\/v2\/users\/12"}],"version-history":[{"count":0,"href":"https:\/\/www.anika-net.de\/fr\/wp-json\/wp\/v2\/event\/47891\/revisions"}],"acf:post":[{"embeddable":true,"href":"https:\/\/www.anika-net.de\/fr\/wp-json\/wp\/v2\/organiser\/47823"}],"acf:term":[{"embeddable":true,"taxonomy":"event_category","href":"https:\/\/www.anika-net.de\/fr\/wp-json\/wp\/v2\/event_category\/49"}],"wp:featuredmedia":[{"embeddable":true,"href":"https:\/\/www.anika-net.de\/fr\/wp-json\/wp\/v2\/media\/47876"}],"wp:attachment":[{"href":"https:\/\/www.anika-net.de\/fr\/wp-json\/wp\/v2\/media?parent=47891"}],"curies":[{"name":"wp","href":"https:\/\/api.w.org\/{rel}","templated":true}]}}