{"id":47392,"date":"2024-03-13T13:10:13","date_gmt":"2024-03-13T12:10:13","guid":{"rendered":"https:\/\/www.anika-net.de\/event\/trouver-des-moyens-de-financer-votre-projet\/"},"modified":"2024-03-13T13:10:13","modified_gmt":"2024-03-13T12:10:13","slug":"trouver-des-moyens-de-financer-votre-projet","status":"publish","type":"event","link":"https:\/\/www.anika-net.de\/fr\/event\/trouver-des-moyens-de-financer-votre-projet\/","title":{"rendered":"Trou\u00adver des moyens de finan\u00adcer votre projet"},"content":{"rendered":"<h3><strong>Labo\u00adra\u00adtoire d\u2019i\u00add\u00e9es \u2013&nbsp;LiNK<\/strong><\/h3>\n<h1><span style=\"color: #008080;\">Trou\u00adver des moyens de finan\u00adcer votre projet<\/span><\/h1>\n<ul>\n<li><em>Repas, trans\u00adport et h\u00e9ber\u00adge\u00adment inclus<\/em><\/li>\n<\/ul>\n<p>Pen\u00addant ces deux jours, nous en appren\u00addrons plus sur le finan\u00adce\u00adment des pro\u00adjets sociaux&nbsp;:<br>\nQuelles sont les oppor\u00adtu\u00adni\u00adt\u00e9s en France, en Alle\u00admagne et en Europe&nbsp;? Qu\u2019est-ce qui pour\u00adrait conve\u00adnir \u00e0 votre projet&nbsp;?<\/p>\n<p><strong><span style=\"color: #ff6600;\">Objec\u00adtifs et programme<\/span><\/strong><\/p>\n<ul>\n<li>En savoir plus sur le finan\u00adce\u00adment des pro\u00adjets sociaux&nbsp;: crowd\u00adfun\u00adding, appels \u00e0 pro\u00adjets et microcr\u00e9dits<\/li>\n<li>Avec des experts et des per\u00adsonnes par\u00adta\u00adgeant leur exp\u00e9rience<\/li>\n<li>D\u00e9ve\u00adlop\u00adpez votre propre stra\u00adt\u00e9\u00adgie pour r\u00e9us\u00adsir votre pro\u00adchain financement<\/li>\n<li>Mise en r\u00e9seau avec des per\u00adsonnes internationales<\/li>\n<li>D\u00e9cou\u00advrir Stras\u00adbourg par une visite<\/li>\n<\/ul>\n<p><strong><span style=\"color: #ff6600;\">Pour vous&nbsp;si<\/span><\/strong><\/p>\n<ul>\n<li>Vous avez d\u00e9j\u00e0 ou vous \u00eates dans un pro\u00adjet social ou enga\u00adg\u00e9 tel que&nbsp;: une ini\u00adtia\u00adtive, une asso\u00adcia\u00adtion, une star\u00adtup sociale qui tra\u00advaille sur<br>\ndes th\u00e8mes sociaux ou \u00e9cologiques.<\/li>\n<li>Vous habi\u00adtez \u00e0 ou pr\u00e8s de Stras\u00adbourg, <strong>Karls\u00adruhe<\/strong>, Stutt\u00adgart<\/li>\n<li>Vous com\u00adpre\u00adnez l\u2019anglais<\/li>\n<\/ul>\n<p><span style=\"color: #ff6600;\"><strong>Ce que vous aurez \u00e0 la&nbsp;fin<\/strong><\/span><\/p>\n<ol>\n<li>Une stra\u00adt\u00e9\u00adgie pour votre pro\u00adchaine recherche de finan\u00adce\u00adment ou pour par\u00adti\u00adci\u00adper \u00e0 un appel \u00e0 projets<\/li>\n<li>La pos\u00adsi\u00adbi\u00adli\u00adt\u00e9 de par\u00adti\u00adci\u00adper \u00e0 des s\u00e9ances de coa\u00adching individuel.<\/li>\n<li>De nou\u00adveaux contacts&nbsp;!<\/li>\n<\/ol>\n<p><strong><span style=\"color: #008080;\">PROC\u00c9DURE D\u2019ENREGISTREMENT<\/span><\/strong><\/p>\n<ol>\n<li><strong><span style=\"color: #008080;\">Ins\u00adcri\u00advez-vous avant le 1er avril \u2013 ESPACES LIMIT\u00c9ES&nbsp;!<\/span><\/strong><\/li>\n<li><span style=\"color: #008080;\">Nous vous appel\u00adle\u00adrons pour en savoir plus sur votre projet.<\/span><\/li>\n<li><span style=\"color: #008080;\">Si votre pro\u00adjet s\u2019y pr\u00eate, vous en faites partie&nbsp;!<\/span><\/li>\n<\/ol>\n<p>\ud83d\ude85\ud83c\udfec Les <strong>frais de voyage et d\u2019h\u00f4\u00adtel<\/strong> sont pris en charge par&nbsp;nous.<br>\nLangue de tra\u00advail&nbsp;:  <strong>En anglais. Tra\u00adduc\u00adtions en alle\u00admand et en fran\u00ad\u00e7ais<\/strong>  sont possibles.<\/p>\n","protected":false},"author":12,"featured_media":47377,"template":"","class_list":["post-47392","event","type-event","status-publish","has-post-thumbnail","hentry","event_category-work"],"acf":{"event-recurring":false,"event-category":51,"event-is-language-course":false,"event-recurring-still-active":true,"event-display-details":true,"event-schedules-recurring":null,"event-schedules-calendar":[{"event-calendar-day":"20240412","event-calendar-time":"15 - 19 h","event-calendar-time-text":""},{"event-calendar-day":"20240413","event-calendar-time":"9 - 17 h","event-calendar-time-text":""}],"event-is-online":false,"event-online-url":"","event-location-building":"Impact Hub Karlsruhe","event-location-street":"Kaiserstr. 97","event-location-zip":"76133","event-location-city":"Strasbourg","event-location-contact-person":"Juliette & Tom","event-location-phone":"","event-location-phone-2":"","event-location-mail":"karlsruhe@singa-deutschland.de","event-location-mail-2":"","event-location-website":"","event-target-group":null,"event-target-group-comment":"Toute personne ayant un projet social ou une initiative sociale","event-free":true,"event-organiser":[46781],"event-header-copyright-overlay":true,"event-copyright-note-description-end":false},"featured_image_urls_v2":{"full":["https:\/\/www.anika-net.de\/wp-content\/uploads\/2024\/03\/Banner-LiNK-Idea-Lab.png",1920,1080,false],"thumbnail":["https:\/\/www.anika-net.de\/wp-content\/uploads\/2024\/03\/Banner-LiNK-Idea-Lab-150x150.png",150,150,true],"medium":["https:\/\/www.anika-net.de\/wp-content\/uploads\/2024\/03\/Banner-LiNK-Idea-Lab-300x169.png",300,169,true],"medium_large":["https:\/\/www.anika-net.de\/wp-content\/uploads\/2024\/03\/Banner-LiNK-Idea-Lab-768x432.png",640,360,true],"large":["https:\/\/www.anika-net.de\/wp-content\/uploads\/2024\/03\/Banner-LiNK-Idea-Lab-1024x576.png",640,360,true],"1536x1536":["https:\/\/www.anika-net.de\/wp-content\/uploads\/2024\/03\/Banner-LiNK-Idea-Lab-1536x864.png",1536,864,true],"2048x2048":["https:\/\/www.anika-net.de\/wp-content\/uploads\/2024\/03\/Banner-LiNK-Idea-Lab.png",1920,1080,false],"event-overview":["https:\/\/www.anika-net.de\/wp-content\/uploads\/2024\/03\/Banner-LiNK-Idea-Lab-960x640.png",960,640,true],"event-archive-thumb":["https:\/\/www.anika-net.de\/wp-content\/uploads\/2024\/03\/Banner-LiNK-Idea-Lab-480x270.png",480,270,true],"grid-item-thumbnail":["https:\/\/www.anika-net.de\/wp-content\/uploads\/2024\/03\/Banner-LiNK-Idea-Lab-360x200.png",360,200,true],"network-partner-icon":["https:\/\/www.anika-net.de\/wp-content\/uploads\/2024\/03\/Banner-LiNK-Idea-Lab-100x100.png",100,100,true],"organiser-icon":["https:\/\/www.anika-net.de\/wp-content\/uploads\/2024\/03\/Banner-LiNK-Idea-Lab-200x200.png",200,200,true],"gform-image-choice-sm":["https:\/\/www.anika-net.de\/wp-content\/uploads\/2024\/03\/Banner-LiNK-Idea-Lab.png",300,169,false],"gform-image-choice-md":["https:\/\/www.anika-net.de\/wp-content\/uploads\/2024\/03\/Banner-LiNK-Idea-Lab.png",400,225,false],"gform-image-choice-lg":["https:\/\/www.anika-net.de\/wp-content\/uploads\/2024\/03\/Banner-LiNK-Idea-Lab.png",600,338,false]},"post_excerpt_stackable_v2":"<p>Labo\u00adra\u00adtoire d\u2019i\u00add\u00e9es \u2013&nbsp;LiNK Trou\u00adver des moyens de finan\u00adcer votre pro\u00adjet Repas, trans\u00adport et h\u00e9ber\u00adge\u00adment inclus Pen\u00addant ces deux jours, nous en appren\u00addrons plus sur le finan\u00adce\u00adment des pro\u00adjets sociaux&nbsp;: Quelles sont les oppor\u00adtu\u00adni\u00adt\u00e9s en France, en Alle\u00admagne et en Europe&nbsp;? Qu\u2019est-ce qui pour\u00adrait conve\u00adnir \u00e0 votre pro\u00adjet&nbsp;? Objec\u00adtifs et pro\u00adgramme En savoir plus sur le finan\u00adce\u00adment des pro\u00adjets sociaux&nbsp;: crowd\u00adfun\u00adding, appels \u00e0 pro\u00adjets et micro\u00adcr\u00e9\u00addits Avec des experts et des per\u00adsonnes par\u00adta\u00adgeant leur exp\u00e9\u00adrience D\u00e9ve\u00adlop\u00adpez votre propre stra\u00adt\u00e9\u00adgie pour r\u00e9us\u00adsir votre pro\u00adchain finan\u00adce\u00adment Mise en r\u00e9seau avec des per\u00adsonnes inter\u00adna\u00adtio\u00adnales D\u00e9cou\u00advrir Stras\u00adbourg par une visite Pour vous&nbsp;si Vous avez&nbsp;d\u00e9j\u00e0\u2026<\/p>\n","category_list_v2":"","author_info_v2":{"name":"Andrea Ramirez","url":"https:\/\/www.anika-net.de\/fr\/author\/andrea-ramirez\/"},"comments_num_v2":"0 commentaire","uagb_featured_image_src":{"full":["https:\/\/www.anika-net.de\/wp-content\/uploads\/2024\/03\/Banner-LiNK-Idea-Lab.png",1920,1080,false],"thumbnail":["https:\/\/www.anika-net.de\/wp-content\/uploads\/2024\/03\/Banner-LiNK-Idea-Lab-150x150.png",150,150,true],"medium":["https:\/\/www.anika-net.de\/wp-content\/uploads\/2024\/03\/Banner-LiNK-Idea-Lab-300x169.png",300,169,true],"medium_large":["https:\/\/www.anika-net.de\/wp-content\/uploads\/2024\/03\/Banner-LiNK-Idea-Lab-768x432.png",640,360,true],"large":["https:\/\/www.anika-net.de\/wp-content\/uploads\/2024\/03\/Banner-LiNK-Idea-Lab-1024x576.png",640,360,true],"1536x1536":["https:\/\/www.anika-net.de\/wp-content\/uploads\/2024\/03\/Banner-LiNK-Idea-Lab-1536x864.png",1536,864,true],"2048x2048":["https:\/\/www.anika-net.de\/wp-content\/uploads\/2024\/03\/Banner-LiNK-Idea-Lab.png",1920,1080,false],"event-overview":["https:\/\/www.anika-net.de\/wp-content\/uploads\/2024\/03\/Banner-LiNK-Idea-Lab-960x640.png",960,640,true],"event-archive-thumb":["https:\/\/www.anika-net.de\/wp-content\/uploads\/2024\/03\/Banner-LiNK-Idea-Lab-480x270.png",480,270,true],"grid-item-thumbnail":["https:\/\/www.anika-net.de\/wp-content\/uploads\/2024\/03\/Banner-LiNK-Idea-Lab-360x200.png",360,200,true],"network-partner-icon":["https:\/\/www.anika-net.de\/wp-content\/uploads\/2024\/03\/Banner-LiNK-Idea-Lab-100x100.png",100,100,true],"organiser-icon":["https:\/\/www.anika-net.de\/wp-content\/uploads\/2024\/03\/Banner-LiNK-Idea-Lab-200x200.png",200,200,true],"gform-image-choice-sm":["https:\/\/www.anika-net.de\/wp-content\/uploads\/2024\/03\/Banner-LiNK-Idea-Lab.png",300,169,false],"gform-image-choice-md":["https:\/\/www.anika-net.de\/wp-content\/uploads\/2024\/03\/Banner-LiNK-Idea-Lab.png",400,225,false],"gform-image-choice-lg":["https:\/\/www.anika-net.de\/wp-content\/uploads\/2024\/03\/Banner-LiNK-Idea-Lab.png",600,338,false]},"uagb_author_info":{"display_name":"Andrea Ramirez","author_link":"https:\/\/www.anika-net.de\/fr\/author\/andrea-ramirez\/"},"uagb_comment_info":0,"uagb_excerpt":"Labo\u00adra\u00adtoire d\u2019i\u00add\u00e9es \u2013&nbsp;LiNK Trou\u00adver des moyens de finan\u00adcer votre projet Repas, trans\u00adport et h\u00e9ber\u00adge\u00adment inclus Pen\u00addant ces deux jours, nous en appren\u00addrons plus sur le finan\u00adce\u00adment des pro\u00adjets sociaux&nbsp;: Quelles&nbsp;lire plus","_links":{"self":[{"href":"https:\/\/www.anika-net.de\/fr\/wp-json\/wp\/v2\/event\/47392","targetHints":{"allow":["GET"]}}],"collection":[{"href":"https:\/\/www.anika-net.de\/fr\/wp-json\/wp\/v2\/event"}],"about":[{"href":"https:\/\/www.anika-net.de\/fr\/wp-json\/wp\/v2\/types\/event"}],"author":[{"embeddable":true,"href":"https:\/\/www.anika-net.de\/fr\/wp-json\/wp\/v2\/users\/12"}],"version-history":[{"count":0,"href":"https:\/\/www.anika-net.de\/fr\/wp-json\/wp\/v2\/event\/47392\/revisions"}],"acf:post":[{"embeddable":true,"href":"https:\/\/www.anika-net.de\/fr\/wp-json\/wp\/v2\/organiser\/46781"}],"acf:term":[{"embeddable":true,"taxonomy":"event_category","href":"https:\/\/www.anika-net.de\/fr\/wp-json\/wp\/v2\/event_category\/51"}],"wp:featuredmedia":[{"embeddable":true,"href":"https:\/\/www.anika-net.de\/fr\/wp-json\/wp\/v2\/media\/47377"}],"wp:attachment":[{"href":"https:\/\/www.anika-net.de\/fr\/wp-json\/wp\/v2\/media?parent=47392"}],"curies":[{"name":"wp","href":"https:\/\/api.w.org\/{rel}","templated":true}]}}