{"id":47190,"date":"2024-03-11T10:53:40","date_gmt":"2024-03-11T09:53:40","guid":{"rendered":"https:\/\/www.anika-net.de\/event\/semaines-internationales-contre-le-racisme-karlsruhe-2024\/"},"modified":"2026-03-10T10:53:22","modified_gmt":"2026-03-10T09:53:22","slug":"semaines-internationales-contre-le-racisme-karlsruhe-2024","status":"publish","type":"event","link":"https:\/\/www.anika-net.de\/fr\/event\/semaines-internationales-contre-le-racisme-karlsruhe-2024\/","title":{"rendered":"Semaines inter\u00adna\u00adtio\u00adnales contre le racisme Karls\u00adruhe&nbsp;2026"},"content":{"rendered":"\n<h2 class=\"wp-block-heading\">100% digni\u00adt\u00e9 humaine. Ensemble contre le racisme et l\u2019ex\u00adtr\u00e9\u00admisme de droite.&nbsp;<\/h2>\n<div>\n<blockquote>\n<h3 class=\"c-h2\"><span dir=\"auto\"><span class dir=\"auto\">Karls\u00adruhe doit prendre posi\u00adtion \u2013 pas de coupes.<\/span><\/span><\/h3>\n<h1><span style=\"color: #800080;\">Semaines inter\u00adna\u00adtio\u00adnales contre le racisme Karls\u00adruhe&nbsp;2026<\/span><\/h1>\n<\/blockquote>\n<p>La <strong>Jour\u00adn\u00e9e inter\u00adna\u00adtio\u00adnale contre le racisme<\/strong> est c\u00e9l\u00e9\u00adbr\u00e9e chaque ann\u00e9e le 21 mars et a \u00e9t\u00e9 pro\u00adcla\u00adm\u00e9e par les Nations unies en 1966. Ces der\u00adni\u00e8res ann\u00e9es, des semaines inter\u00adna\u00adtio\u00adnales contre le racisme ont \u00e9ga\u00adle\u00adment \u00e9t\u00e9 orga\u00adni\u00ads\u00e9es \u00e0 Karls\u00adruhe pour mar\u00adquer cette jour\u00adn\u00e9e. Plus de 40 asso\u00adcia\u00adtions, ini\u00adtia\u00adtives et orga\u00adni\u00adsa\u00adtions ain\u00adsi que des par\u00adti\u00adcu\u00adliers de tous les sec\u00adteurs de la soci\u00e9\u00adt\u00e9 de Karls\u00adruhe y participent.<\/p>\n<p><span dir=\"auto\"><span class dir=\"auto\">L\u2019ob\u00adjec\u00adtif com\u00admun est de sen\u00adsi\u00adbi\u00adli\u00adser au tra\u00advail anti\u00adra\u00adciste.  <strong>La ques\u00adtion du racisme doit res\u00adter en per\u00adma\u00adnence \u00e0 l\u2019ordre du jour de la soci\u00e9\u00adt\u00e9 de la ville afin que les gens soient sen\u00adsi\u00adbi\u00adli\u00ads\u00e9s et mobi\u00adli\u00ads\u00e9s contre ce ph\u00e9\u00adno\u00adm\u00e8ne.<\/strong>  Ces semaines contri\u00adbuent \u00e0 cet effort.<\/span><\/span><\/p>\n<h3><strong>\ud83d\udcce <\/strong><a href=\"https:\/\/www.iwgr-ka.de\/events\/liste\/\" rel=\"noopener\"><strong>Au pro\u00adgramme 2026<\/strong><\/a><\/h3>\n<\/div>\n\n<h3 class=\"wp-block-heading\"><strong><a href=\"https:\/\/www.iwgr-ka.de\/event\/eroeffnungsveranstaltung-in-der-stadtkirche-the-cage-am-15-3-20261800-uhr\/\" rel=\"noopener\">\u00c9v\u00e9\u00adne\u00adment d\u2019ou\u00adver\u00adture IWGR&nbsp;2026<\/a><\/strong><\/h3>\n\n<p><strong>15. Mars 2026<\/strong> \/ 18:00 \u2013 20:00 h<br><strong>The Cage \/ Evan\u00adge\u00adli\u00adcal City Church Karls\u00adruhe<\/strong><br>City Church Mar\u00adket Square<br>76131 Karls\u00adruhe<br><strong>Gra\u00adtuit<\/strong><\/p>\n\n<blockquote class=\"wp-block-stackable-blockquote stk-block-blockquote stk-block stk-811ad2a is-style-default\" data-v=\"2\" data-block-id=\"811ad2a\"><div class=\"has-text-align-left stk-block-blockquote__content stk-container stk-811ad2a-container stk-hover-parent\"><div class=\"stk-block-content stk-inner-blocks\">\n<div class=\"wp-block-stackable-icon stk-block-icon stk-block stk-1922173\" data-block-id=\"1922173\"><span class=\"stk--svg-wrapper\"><div class=\"stk--inner-svg\"><svg style=\"height:0;width:0\"><defs><linearGradient id=\"linear-gradient-1922173\" x1=\"0\" x2=\"100%\" y1=\"0\" y2=\"0\"><stop offset=\"0%\" style=\"stop-opacity:1;stop-color:var(--linear-gradient-1922173-color-1)\" \/><stop offset=\"100%\" style=\"stop-opacity:1;stop-color:var(--linear-gradient-1922173-color-2)\" \/><\/linearGradient><\/defs><\/svg><svg viewBox=\"0 0 50 50\" aria-hidden=\"true\" width=\"32\" height=\"32\"><path d=\"M19.8 9.3C10.5 11.8 4.6 17 2.1 24.8c2.3-3.6 5.6-5.4 9.9-5.4 3.3 0 6 1.1 8.3 3.3 2.2 2.2 3.4 5 3.4 8.3 0 3.2-1.1 5.8-3.3 8-2.2 2.2-5.1 3.2-8.7 3.2-3.7 0-6.5-1.2-8.6-3.5C1 36.3 0 33.1 0 29 0 18.3 6.5 11.2 19.6 7.9l.2 1.4zm26.4 0C36.9 11.9 31 17 28.5 24.8c2.2-3.6 5.5-5.4 9.8-5.4 3.2 0 6 1.1 8.3 3.2 2.3 2.2 3.4 4.9 3.4 8.3 0 3.1-1.1 5.8-3.3 7.9-2.2 2.2-5.1 3.3-8.6 3.3-3.7 0-6.6-1.1-8.6-3.4-2.1-2.3-3.1-5.5-3.1-9.7 0-10.7 6.6-17.8 19.7-21.1l.1 1.4z\" \/><\/svg><\/div><\/span><\/div>\n\n\n<\/div><\/div><\/blockquote>\n","protected":false},"author":12,"featured_media":119743,"template":"","class_list":["post-47190","event","type-event","status-publish","has-post-thumbnail","hentry","event_category-loisirs"],"acf":{"event-recurring":false,"event-category":50,"event-is-language-course":false,"event-recurring-still-active":true,"event-display-details":true,"event-schedules-recurring":null,"event-schedules-calendar":[{"event-calendar-day":"20260315","event-calendar-time":"","event-calendar-time-text":""},{"event-calendar-day":"20260329","event-calendar-time":"","event-calendar-time-text":""}],"event-is-online":false,"event-online-url":"","event-location-building":"","event-location-street":"","event-location-zip":"","event-location-city":"Verschiedene Orte- Karlsruhe","event-location-contact-person":"","event-location-phone":"","event-location-phone-2":"","event-location-mail":"kontakt@iwgr-ka.de","event-location-mail-2":"","event-location-website":"https:\/\/www.iwgr-ka.de\/","event-target-group":[{"target-group":"all"}],"event-target-group-comment":"Semaines internationales contre le racisme Karlsruhe 2024","event-free":true,"event-organiser":[31892,11198],"event-header-copyright-overlay":true,"event-copyright-note-description-end":false},"featured_image_urls_v2":{"full":["https:\/\/www.anika-net.de\/wp-content\/uploads\/2024\/03\/Logo_IWgR_2026.webp",1600,1600,false],"thumbnail":["https:\/\/www.anika-net.de\/wp-content\/uploads\/2024\/03\/Logo_IWgR_2026-150x150.webp",150,150,true],"medium":["https:\/\/www.anika-net.de\/wp-content\/uploads\/2024\/03\/Logo_IWgR_2026-300x300.webp",300,300,true],"medium_large":["https:\/\/www.anika-net.de\/wp-content\/uploads\/2024\/03\/Logo_IWgR_2026-768x768.webp",640,640,true],"large":["https:\/\/www.anika-net.de\/wp-content\/uploads\/2024\/03\/Logo_IWgR_2026-1024x1024.webp",640,640,true],"1536x1536":["https:\/\/www.anika-net.de\/wp-content\/uploads\/2024\/03\/Logo_IWgR_2026-1536x1536.webp",1536,1536,true],"2048x2048":["https:\/\/www.anika-net.de\/wp-content\/uploads\/2024\/03\/Logo_IWgR_2026.webp",1600,1600,false],"event-overview":["https:\/\/www.anika-net.de\/wp-content\/uploads\/2024\/03\/Logo_IWgR_2026-960x640.webp",960,640,true],"event-archive-thumb":["https:\/\/www.anika-net.de\/wp-content\/uploads\/2024\/03\/Logo_IWgR_2026-480x480.webp",480,480,true],"grid-item-thumbnail":["https:\/\/www.anika-net.de\/wp-content\/uploads\/2024\/03\/Logo_IWgR_2026-360x200.webp",360,200,true],"network-partner-icon":["https:\/\/www.anika-net.de\/wp-content\/uploads\/2024\/03\/Logo_IWgR_2026-100x100.webp",100,100,true],"organiser-icon":["https:\/\/www.anika-net.de\/wp-content\/uploads\/2024\/03\/Logo_IWgR_2026-200x200.webp",200,200,true],"gform-image-choice-sm":["https:\/\/www.anika-net.de\/wp-content\/uploads\/2024\/03\/Logo_IWgR_2026.webp",300,300,false],"gform-image-choice-md":["https:\/\/www.anika-net.de\/wp-content\/uploads\/2024\/03\/Logo_IWgR_2026.webp",400,400,false],"gform-image-choice-lg":["https:\/\/www.anika-net.de\/wp-content\/uploads\/2024\/03\/Logo_IWgR_2026.webp",600,600,false]},"post_excerpt_stackable_v2":"<p>100% digni\u00adt\u00e9 humaine. Ensemble contre le racisme et l\u2019ex\u00adtr\u00e9\u00admisme de droite.&nbsp; Karls\u00adruhe doit prendre posi\u00adtion \u2013 pas de coupes. Semaines inter\u00adna\u00adtio\u00adnales contre le racisme Karls\u00adruhe&nbsp;2026 La Jour\u00adn\u00e9e inter\u00adna\u00adtio\u00adnale contre le racisme est c\u00e9l\u00e9\u00adbr\u00e9e chaque ann\u00e9e le 21 mars et a \u00e9t\u00e9 pro\u00adcla\u00adm\u00e9e par les Nations unies en 1966. Ces der\u00adni\u00e8res ann\u00e9es, des semaines inter\u00adna\u00adtio\u00adnales contre le racisme ont \u00e9ga\u00adle\u00adment \u00e9t\u00e9 orga\u00adni\u00ads\u00e9es \u00e0 Karls\u00adruhe pour mar\u00adquer cette jour\u00adn\u00e9e. Plus de 40 asso\u00adcia\u00adtions, ini\u00adtia\u00adtives et orga\u00adni\u00adsa\u00adtions ain\u00adsi que des par\u00adti\u00adcu\u00adliers de tous les sec\u00adteurs de la soci\u00e9\u00adt\u00e9 de Karls\u00adruhe y par\u00adti\u00adcipent. L\u2019ob\u00adjec\u00adtif com\u00admun est de sen\u00adsi\u00adbi\u00adli\u00adser au tra\u00advail anti\u00adra\u00adciste. La ques\u00adtion&nbsp;du\u2026<\/p>\n","category_list_v2":"","author_info_v2":{"name":"Andrea Ramirez","url":"https:\/\/www.anika-net.de\/fr\/author\/andrea-ramirez\/"},"comments_num_v2":"0 commentaire","uagb_featured_image_src":{"full":["https:\/\/www.anika-net.de\/wp-content\/uploads\/2024\/03\/Logo_IWgR_2026.webp",1600,1600,false],"thumbnail":["https:\/\/www.anika-net.de\/wp-content\/uploads\/2024\/03\/Logo_IWgR_2026-150x150.webp",150,150,true],"medium":["https:\/\/www.anika-net.de\/wp-content\/uploads\/2024\/03\/Logo_IWgR_2026-300x300.webp",300,300,true],"medium_large":["https:\/\/www.anika-net.de\/wp-content\/uploads\/2024\/03\/Logo_IWgR_2026-768x768.webp",640,640,true],"large":["https:\/\/www.anika-net.de\/wp-content\/uploads\/2024\/03\/Logo_IWgR_2026-1024x1024.webp",640,640,true],"1536x1536":["https:\/\/www.anika-net.de\/wp-content\/uploads\/2024\/03\/Logo_IWgR_2026-1536x1536.webp",1536,1536,true],"2048x2048":["https:\/\/www.anika-net.de\/wp-content\/uploads\/2024\/03\/Logo_IWgR_2026.webp",1600,1600,false],"event-overview":["https:\/\/www.anika-net.de\/wp-content\/uploads\/2024\/03\/Logo_IWgR_2026-960x640.webp",960,640,true],"event-archive-thumb":["https:\/\/www.anika-net.de\/wp-content\/uploads\/2024\/03\/Logo_IWgR_2026-480x480.webp",480,480,true],"grid-item-thumbnail":["https:\/\/www.anika-net.de\/wp-content\/uploads\/2024\/03\/Logo_IWgR_2026-360x200.webp",360,200,true],"network-partner-icon":["https:\/\/www.anika-net.de\/wp-content\/uploads\/2024\/03\/Logo_IWgR_2026-100x100.webp",100,100,true],"organiser-icon":["https:\/\/www.anika-net.de\/wp-content\/uploads\/2024\/03\/Logo_IWgR_2026-200x200.webp",200,200,true],"gform-image-choice-sm":["https:\/\/www.anika-net.de\/wp-content\/uploads\/2024\/03\/Logo_IWgR_2026.webp",300,300,false],"gform-image-choice-md":["https:\/\/www.anika-net.de\/wp-content\/uploads\/2024\/03\/Logo_IWgR_2026.webp",400,400,false],"gform-image-choice-lg":["https:\/\/www.anika-net.de\/wp-content\/uploads\/2024\/03\/Logo_IWgR_2026.webp",600,600,false]},"uagb_author_info":{"display_name":"Andrea Ramirez","author_link":"https:\/\/www.anika-net.de\/fr\/author\/andrea-ramirez\/"},"uagb_comment_info":0,"uagb_excerpt":"100% digni\u00adt\u00e9 humaine. Ensemble contre le racisme et l\u2019ex\u00adtr\u00e9\u00admisme de droite.&nbsp; Karls\u00adruhe doit prendre posi\u00adtion \u2013 pas de coupes. Semaines inter\u00adna\u00adtio\u00adnales contre le racisme Karls\u00adruhe&nbsp;2026 La Jour\u00adn\u00e9e inter\u00adna\u00adtio\u00adnale contre le&nbsp;lire plus","_links":{"self":[{"href":"https:\/\/www.anika-net.de\/fr\/wp-json\/wp\/v2\/event\/47190","targetHints":{"allow":["GET"]}}],"collection":[{"href":"https:\/\/www.anika-net.de\/fr\/wp-json\/wp\/v2\/event"}],"about":[{"href":"https:\/\/www.anika-net.de\/fr\/wp-json\/wp\/v2\/types\/event"}],"author":[{"embeddable":true,"href":"https:\/\/www.anika-net.de\/fr\/wp-json\/wp\/v2\/users\/12"}],"version-history":[{"count":3,"href":"https:\/\/www.anika-net.de\/fr\/wp-json\/wp\/v2\/event\/47190\/revisions"}],"predecessor-version":[{"id":119759,"href":"https:\/\/www.anika-net.de\/fr\/wp-json\/wp\/v2\/event\/47190\/revisions\/119759"}],"acf:post":[{"embeddable":true,"href":"https:\/\/www.anika-net.de\/fr\/wp-json\/wp\/v2\/organiser\/11198"},{"embeddable":true,"href":"https:\/\/www.anika-net.de\/fr\/wp-json\/wp\/v2\/organiser\/31892"}],"acf:term":[{"embeddable":true,"taxonomy":"event_category","href":"https:\/\/www.anika-net.de\/fr\/wp-json\/wp\/v2\/event_category\/50"}],"wp:featuredmedia":[{"embeddable":true,"href":"https:\/\/www.anika-net.de\/fr\/wp-json\/wp\/v2\/media\/119743"}],"wp:attachment":[{"href":"https:\/\/www.anika-net.de\/fr\/wp-json\/wp\/v2\/media?parent=47190"}],"curies":[{"name":"wp","href":"https:\/\/api.w.org\/{rel}","templated":true}]}}