{"id":46984,"date":"2024-02-26T14:02:33","date_gmt":"2024-02-26T13:02:33","guid":{"rendered":"https:\/\/www.anika-net.de\/event\/mondo-2024-une-fete-pour-tous\/"},"modified":"2026-04-28T13:58:05","modified_gmt":"2026-04-28T11:58:05","slug":"mondo-2024-une-fete-pour-tous","status":"publish","type":"event","link":"https:\/\/www.anika-net.de\/fr\/event\/mondo-2024-une-fete-pour-tous\/","title":{"rendered":"MONDO 2026"},"content":{"rendered":"<div>\n<blockquote>\n<h3><span style=\"color: #666699;\"><em>MONDO signi\u00adfie \u00ab&nbsp;monde&nbsp;\u00bb.<br>\nLe fes\u00adti\u00adval met en valeur la diver\u00adsi\u00adt\u00e9 cultu\u00adrelle des habi\u00adtants de Karls\u00adruhe du monde entier.&nbsp;<\/em><\/span><\/h3>\n<\/blockquote>\n<h1><span style=\"color: #800080;\">MONDO 2026, un fes\u00adti\u00adval pour&nbsp;tous<br>\n<\/span><\/h1>\n<blockquote><p><em>Le same\u00addi 11 juillet 2026, nous c\u00e9l\u00e9\u00adbre\u00adrons MONDO \u2013 un fes\u00adti\u00adval pour tous, le fes\u00adti\u00adval inter\u00adcul\u00adtu\u00adrel de Karls\u00adruhe \u2013 sur le Bildungscampus<\/em><\/p><\/blockquote>\n<p>Des asso\u00adcia\u00adtions et ins\u00adti\u00adtu\u00adtions ger\u00adma\u00adno-\u00e9tran\u00adg\u00e8res se pr\u00e9\u00adsentent avec des stands et un pro\u00adgramme cultu\u00adrel vari\u00e9. Ils four\u00adnissent des infor\u00adma\u00adtions sur les pro\u00adjets, les acti\u00advi\u00adt\u00e9s et les \u00e9v\u00e9\u00adne\u00adments actuels li\u00e9s au tra\u00advail inter\u00adcul\u00adtu\u00adrel et inter\u00adna\u00adtio\u00adnal \u00e0 Karls\u00adruhe. Des sp\u00e9\u00adcia\u00adli\u00adt\u00e9s du monde entier sont pro\u00adpo\u00ads\u00e9es par\u00adtout. Les b\u00e9n\u00e9\u00advoles des asso\u00adcia\u00adtions sont res\u00adpon\u00adsables des plats et garan\u00adtissent ain\u00adsi une authen\u00adti\u00adci\u00adt\u00e9 dif\u00adfi\u00adcile \u00e0 trou\u00adver dans d\u2019autres festivals.<\/p>\n<p>La diver\u00adsi\u00adt\u00e9 et les cou\u00adleurs de Karls\u00adruhe peuvent \u00eatre exp\u00e9\u00adri\u00admen\u00adt\u00e9es avec tous les sens \u00e0 MONDO&nbsp;2026.<\/p>\n<p>Face aux conflits et aux guerres dans le monde entier, mais aus\u00adsi au c\u0153ur de l\u2019Eu\u00adrope, la coexis\u00adtence paci\u00adfique et la c\u00e9l\u00e9\u00adbra\u00adtion com\u00admune des dif\u00adf\u00e9\u00adrentes cultures \u00e0 Karls\u00adruhe sont un signal d\u2019espoir.<\/p>\n<h3><span style=\"color: #008080;\"><strong>Vou\u00adlez-vous par\u00adti\u00adci\u00adper avec votre&nbsp;stand&nbsp;?<\/strong><\/span><\/h3>\n<\/div>\n<p>Nous serions ravis que vous et vos groupes puis\u00adsiez par\u00adti\u00adci\u00adper cette ann\u00e9e, soit avec un stand d\u2019in\u00adfor\u00adma\u00adtion, un stand de nour\u00adri\u00adture, sur sc\u00e8ne avec des chants, des danses, des per\u00adfor\u00admances ou une acti\u00advi\u00adt\u00e9 sur l\u2019une de nos \u00eeles d\u2019action\/de rencontre.<\/p>\n<p>Venez nous voir avec vos id\u00e9es, le fes\u00adti\u00adval doit \u00eatre colo\u00adr\u00e9 et s\u2019a\u00addres\u00adser \u00e0&nbsp;tous.<\/p>\n","protected":false},"author":12,"featured_media":58928,"template":"","class_list":["post-46984","event","type-event","status-publish","has-post-thumbnail","hentry","event_category-loisirs"],"acf":{"event-recurring":false,"event-category":50,"event-is-language-course":false,"event-recurring-still-active":true,"event-display-details":true,"event-schedules-recurring":null,"event-schedules-calendar":[{"event-calendar-day":"20260711","event-calendar-time":"14:00 - 19:00","event-calendar-time-text":""}],"event-is-online":false,"event-online-url":"","event-location-building":"Bildungscampus","event-location-street":"Kaiseralle 12 d","event-location-zip":"76133","event-location-city":"Karlsruhe","event-location-contact-person":"","event-location-phone":"0721 \u2013 89 333 710","event-location-phone-2":"","event-location-mail":"info@ibz-karlsruhe.de","event-location-mail-2":"","event-location-website":"https:\/\/www.ibz-karlsruhe.de\/","event-target-group":[{"target-group":"all"}],"event-target-group-comment":"","event-free":true,"event-organiser":[11462,34261],"event-header-copyright-overlay":true,"event-copyright-note-description-end":false},"featured_image_urls_v2":{"full":["https:\/\/www.anika-net.de\/wp-content\/uploads\/2024\/02\/MONDO_instagram_feed_leer_gelb_NEU.jpg",1080,287,false],"thumbnail":["https:\/\/www.anika-net.de\/wp-content\/uploads\/2024\/02\/MONDO_instagram_feed_leer_gelb_NEU-150x150.jpg",150,150,true],"medium":["https:\/\/www.anika-net.de\/wp-content\/uploads\/2024\/02\/MONDO_instagram_feed_leer_gelb_NEU-300x80.jpg",300,80,true],"medium_large":["https:\/\/www.anika-net.de\/wp-content\/uploads\/2024\/02\/MONDO_instagram_feed_leer_gelb_NEU-768x204.jpg",640,170,true],"large":["https:\/\/www.anika-net.de\/wp-content\/uploads\/2024\/02\/MONDO_instagram_feed_leer_gelb_NEU-1024x272.jpg",640,170,true],"1536x1536":["https:\/\/www.anika-net.de\/wp-content\/uploads\/2024\/02\/MONDO_instagram_feed_leer_gelb_NEU.jpg",1080,287,false],"2048x2048":["https:\/\/www.anika-net.de\/wp-content\/uploads\/2024\/02\/MONDO_instagram_feed_leer_gelb_NEU.jpg",1080,287,false],"event-overview":["https:\/\/www.anika-net.de\/wp-content\/uploads\/2024\/02\/MONDO_instagram_feed_leer_gelb_NEU-960x287.jpg",960,287,true],"event-archive-thumb":["https:\/\/www.anika-net.de\/wp-content\/uploads\/2024\/02\/MONDO_instagram_feed_leer_gelb_NEU-480x128.jpg",480,128,true],"grid-item-thumbnail":["https:\/\/www.anika-net.de\/wp-content\/uploads\/2024\/02\/MONDO_instagram_feed_leer_gelb_NEU-360x200.jpg",360,200,true],"network-partner-icon":["https:\/\/www.anika-net.de\/wp-content\/uploads\/2024\/02\/MONDO_instagram_feed_leer_gelb_NEU-100x100.jpg",100,100,true],"organiser-icon":["https:\/\/www.anika-net.de\/wp-content\/uploads\/2024\/02\/MONDO_instagram_feed_leer_gelb_NEU-200x200.jpg",200,200,true],"gform-image-choice-sm":["https:\/\/www.anika-net.de\/wp-content\/uploads\/2024\/02\/MONDO_instagram_feed_leer_gelb_NEU.jpg",300,80,false],"gform-image-choice-md":["https:\/\/www.anika-net.de\/wp-content\/uploads\/2024\/02\/MONDO_instagram_feed_leer_gelb_NEU.jpg",400,106,false],"gform-image-choice-lg":["https:\/\/www.anika-net.de\/wp-content\/uploads\/2024\/02\/MONDO_instagram_feed_leer_gelb_NEU.jpg",600,159,false]},"post_excerpt_stackable_v2":"<p>MONDO signi\u00adfie \u00ab&nbsp;monde&nbsp;\u00bb. Le fes\u00adti\u00adval met en valeur la diver\u00adsi\u00adt\u00e9 cultu\u00adrelle des habi\u00adtants de Karls\u00adruhe du monde entier.&nbsp; MONDO 2026, un fes\u00adti\u00adval pour&nbsp;tous Le same\u00addi 11 juillet 2026, nous c\u00e9l\u00e9\u00adbre\u00adrons MONDO \u2013 un fes\u00adti\u00adval pour tous, le fes\u00adti\u00adval inter\u00adcul\u00adtu\u00adrel de Karls\u00adruhe \u2013 sur le Bil\u00addung\u00adscam\u00adpus Des asso\u00adcia\u00adtions et ins\u00adti\u00adtu\u00adtions ger\u00ad\u00adma\u00ad\u00adno-\u00e9tran\u00ad\u00adg\u00e8res se pr\u00e9\u00adsentent avec des stands et un pro\u00adgramme cultu\u00adrel vari\u00e9. Ils four\u00adnissent des infor\u00adma\u00adtions sur les pro\u00adjets, les acti\u00advi\u00adt\u00e9s et les \u00e9v\u00e9\u00adne\u00adments actuels li\u00e9s au tra\u00advail inter\u00adcul\u00adtu\u00adrel et inter\u00adna\u00adtio\u00adnal \u00e0 Karls\u00adruhe. Des sp\u00e9\u00adcia\u00adli\u00adt\u00e9s du monde entier sont pro\u00adpo\u00ads\u00e9es par\u00adtout. Les b\u00e9n\u00e9\u00advoles des asso\u00adcia\u00adtions sont res\u00adpon\u00adsables des plats et garan\u00adtissent ainsi\u2026<\/p>\n","category_list_v2":"","author_info_v2":{"name":"Andrea Ramirez","url":"https:\/\/www.anika-net.de\/fr\/author\/andrea-ramirez\/"},"comments_num_v2":"0 commentaire","uagb_featured_image_src":{"full":["https:\/\/www.anika-net.de\/wp-content\/uploads\/2024\/02\/MONDO_instagram_feed_leer_gelb_NEU.jpg",1080,287,false],"thumbnail":["https:\/\/www.anika-net.de\/wp-content\/uploads\/2024\/02\/MONDO_instagram_feed_leer_gelb_NEU-150x150.jpg",150,150,true],"medium":["https:\/\/www.anika-net.de\/wp-content\/uploads\/2024\/02\/MONDO_instagram_feed_leer_gelb_NEU-300x80.jpg",300,80,true],"medium_large":["https:\/\/www.anika-net.de\/wp-content\/uploads\/2024\/02\/MONDO_instagram_feed_leer_gelb_NEU-768x204.jpg",640,170,true],"large":["https:\/\/www.anika-net.de\/wp-content\/uploads\/2024\/02\/MONDO_instagram_feed_leer_gelb_NEU-1024x272.jpg",640,170,true],"1536x1536":["https:\/\/www.anika-net.de\/wp-content\/uploads\/2024\/02\/MONDO_instagram_feed_leer_gelb_NEU.jpg",1080,287,false],"2048x2048":["https:\/\/www.anika-net.de\/wp-content\/uploads\/2024\/02\/MONDO_instagram_feed_leer_gelb_NEU.jpg",1080,287,false],"event-overview":["https:\/\/www.anika-net.de\/wp-content\/uploads\/2024\/02\/MONDO_instagram_feed_leer_gelb_NEU-960x287.jpg",960,287,true],"event-archive-thumb":["https:\/\/www.anika-net.de\/wp-content\/uploads\/2024\/02\/MONDO_instagram_feed_leer_gelb_NEU-480x128.jpg",480,128,true],"grid-item-thumbnail":["https:\/\/www.anika-net.de\/wp-content\/uploads\/2024\/02\/MONDO_instagram_feed_leer_gelb_NEU-360x200.jpg",360,200,true],"network-partner-icon":["https:\/\/www.anika-net.de\/wp-content\/uploads\/2024\/02\/MONDO_instagram_feed_leer_gelb_NEU-100x100.jpg",100,100,true],"organiser-icon":["https:\/\/www.anika-net.de\/wp-content\/uploads\/2024\/02\/MONDO_instagram_feed_leer_gelb_NEU-200x200.jpg",200,200,true],"gform-image-choice-sm":["https:\/\/www.anika-net.de\/wp-content\/uploads\/2024\/02\/MONDO_instagram_feed_leer_gelb_NEU.jpg",300,80,false],"gform-image-choice-md":["https:\/\/www.anika-net.de\/wp-content\/uploads\/2024\/02\/MONDO_instagram_feed_leer_gelb_NEU.jpg",400,106,false],"gform-image-choice-lg":["https:\/\/www.anika-net.de\/wp-content\/uploads\/2024\/02\/MONDO_instagram_feed_leer_gelb_NEU.jpg",600,159,false]},"uagb_author_info":{"display_name":"Andrea Ramirez","author_link":"https:\/\/www.anika-net.de\/fr\/author\/andrea-ramirez\/"},"uagb_comment_info":0,"uagb_excerpt":"MONDO signi\u00adfie \u00ab&nbsp;monde&nbsp;\u00bb. Le fes\u00adti\u00adval met en valeur la diver\u00adsi\u00adt\u00e9 cultu\u00adrelle des habi\u00adtants de Karls\u00adruhe du monde entier.&nbsp; MONDO 2026, un fes\u00adti\u00adval pour&nbsp;tous Le same\u00addi 11 juillet 2026, nous c\u00e9l\u00e9\u00adbre\u00adrons&nbsp;lire plus","_links":{"self":[{"href":"https:\/\/www.anika-net.de\/fr\/wp-json\/wp\/v2\/event\/46984","targetHints":{"allow":["GET"]}}],"collection":[{"href":"https:\/\/www.anika-net.de\/fr\/wp-json\/wp\/v2\/event"}],"about":[{"href":"https:\/\/www.anika-net.de\/fr\/wp-json\/wp\/v2\/types\/event"}],"author":[{"embeddable":true,"href":"https:\/\/www.anika-net.de\/fr\/wp-json\/wp\/v2\/users\/12"}],"version-history":[{"count":2,"href":"https:\/\/www.anika-net.de\/fr\/wp-json\/wp\/v2\/event\/46984\/revisions"}],"predecessor-version":[{"id":121471,"href":"https:\/\/www.anika-net.de\/fr\/wp-json\/wp\/v2\/event\/46984\/revisions\/121471"}],"acf:post":[{"embeddable":true,"href":"https:\/\/www.anika-net.de\/fr\/wp-json\/wp\/v2\/organiser\/34261"},{"embeddable":true,"href":"https:\/\/www.anika-net.de\/fr\/wp-json\/wp\/v2\/organiser\/11462"}],"acf:term":[{"embeddable":true,"taxonomy":"event_category","href":"https:\/\/www.anika-net.de\/fr\/wp-json\/wp\/v2\/event_category\/50"}],"wp:featuredmedia":[{"embeddable":true,"href":"https:\/\/www.anika-net.de\/fr\/wp-json\/wp\/v2\/media\/58928"}],"wp:attachment":[{"href":"https:\/\/www.anika-net.de\/fr\/wp-json\/wp\/v2\/media?parent=46984"}],"curies":[{"name":"wp","href":"https:\/\/api.w.org\/{rel}","templated":true}]}}